{"id":8025,"date":"2022-06-21T20:33:28","date_gmt":"2022-06-21T20:33:28","guid":{"rendered":"https:\/\/wwwcenmncl.com\/?page_id=8025"},"modified":"2025-01-09T21:11:12","modified_gmt":"2025-01-09T21:11:12","slug":"tunel-y-caracola-sur-del-velodromo","status":"publish","type":"page","link":"https:\/\/www.memoriaestadionacional.cl\/en\/tunel-y-caracola-sur-del-velodromo\/","title":{"rendered":"T\u00fanel y caracola sur del vel\u00f3dromo"},"content":{"rendered":"<div class=\"wpb-content-wrapper\"><div class=\"vc-row-container vc-row-container--stretch-content-no-spaces\"><div data-vc-full-width=\"true\"  data-vc-full-width-init=\"false\" data-vc-stretch-content=\"true\" class=\"vc_row wpb_row vc_row-fluid vc_row-no-padding\"><div class=\"wpb_column vc_column_container vc_col-sm-12\"><div class=\"vc_column-inner\"><div class=\"wpb_wrapper\">\n\t\t\t<!-- START T\u00fanel y caracola sur del vel\u00f3dromo REVOLUTION SLIDER 6.7.41 --><p class=\"rs-p-wp-fix\"><\/p>\n\t\t\t<rs-module-wrap id=\"rev_slider_10_1_wrapper\" data-source=\"gallery\" style=\"visibility:hidden;background:transparent;padding:0;margin:0px auto;margin-top:0;margin-bottom:0;\">\n\t\t\t\t<rs-module id=\"rev_slider_10_1\" style=\"\" data-version=\"6.7.41\">\n\t\t\t\t\t<rs-slides style=\"overflow: hidden; position: absolute;\">\n\t\t\t\t\t\t<rs-slide style=\"position: absolute;\" data-key=\"rs-11\" data-title=\"Slide\" data-thumb=\"\/\/www.memoriaestadionacional.cl\/wp-content\/uploads\/2022\/11\/tunel-velodromo-scaled-50x100.jpg\" data-in=\"o:0;\" data-out=\"a:false;\">\n\t\t\t\t\t\t\t<img decoding=\"async\" src=\"\/\/www.memoriaestadionacional.cl\/wp-content\/plugins\/revslider\/sr6\/assets\/assets\/dummy.png\" alt=\"\" title=\"tunel velodromo\" width=\"2560\" height=\"1441\" class=\"rev-slidebg tp-rs-img rs-lazyload\" data-lazyload=\"\/\/www.memoriaestadionacional.cl\/wp-content\/uploads\/2022\/11\/tunel-velodromo-scaled.jpg\" data-no-retina>\n<!--\n\t\t\t\t\t\t\t--><rs-layer\n\t\t\t\t\t\t\t\tid=\"slider-10-slide-11-layer-3\" \n\t\t\t\t\t\t\t\tdata-type=\"text\"\n\t\t\t\t\t\t\t\tdata-color=\"#fff\"\n\t\t\t\t\t\t\t\tdata-rsp_ch=\"on\"\n\t\t\t\t\t\t\t\tdata-xy=\"x:c;y:m;yo:53px,53px,53px,50px;\"\n\t\t\t\t\t\t\t\tdata-text=\"w:normal;s:50,50,50,32;l:60,60,60,36;ls:1px,1px,1px,0px;fw:500;a:left,left,left,center;\"\n\t\t\t\t\t\t\t\tdata-dim=\"minh:0px,0px,0px,none;\"\n\t\t\t\t\t\t\t\tdata-frame_999=\"o:0;st:w;\"\n\t\t\t\t\t\t\t\tstyle=\"z-index:7;font-family:'Roboto';text-transform:uppercase;\"\n\t\t\t\t\t\t\t>T\u00fanel y caracola sur del vel\u00f3dromo \n\t\t\t\t\t\t\t<\/rs-layer><!--\n\n\t\t\t\t\t\t\t--><rs-layer\n\t\t\t\t\t\t\t\tid=\"slider-10-slide-11-layer-4\" \n\t\t\t\t\t\t\t\tdata-type=\"text\"\n\t\t\t\t\t\t\t\tdata-color=\"#fff\"\n\t\t\t\t\t\t\t\tdata-rsp_ch=\"on\"\n\t\t\t\t\t\t\t\tdata-xy=\"x:c;y:m;yo:-33px,-33px,-33px,-30px;\"\n\t\t\t\t\t\t\t\tdata-text=\"w:normal;s:25,25,25,18;l:35,35,35,22;ls:1px,1px,1px,0px;fw:700;\"\n\t\t\t\t\t\t\t\tdata-dim=\"minh:0px,0px,0px,none;\"\n\t\t\t\t\t\t\t\tdata-frame_999=\"o:0;st:w;\"\n\t\t\t\t\t\t\t\tstyle=\"z-index:9;font-family:'Roboto';text-transform:uppercase;\"\n\t\t\t\t\t\t\t><div style=\"letter-spacing: 1px;\"><span style=\"color: #ffab00; font-size: 18px;\">[<\/span>SITIOS DE MEMORIA<span style=\"color: #ffab00; font-size: 18px;\">]<\/span><br \/>\n<\/div> \n\t\t\t\t\t\t\t<\/rs-layer><!--\n\n\t\t\t\t\t\t\t--><rs-layer\n\t\t\t\t\t\t\t\tid=\"slider-10-slide-11-layer-5\" \n\t\t\t\t\t\t\t\tdata-type=\"shape\"\n\t\t\t\t\t\t\t\tdata-rsp_ch=\"on\"\n\t\t\t\t\t\t\t\tdata-xy=\"x:c;y:m;\"\n\t\t\t\t\t\t\t\tdata-text=\"w:normal;s:20,20,20,7;l:0,0,0,9;\"\n\t\t\t\t\t\t\t\tdata-dim=\"w:180px,180px,180px,69px;h:5px,5px,5px,1px;\"\n\t\t\t\t\t\t\t\tdata-frame_999=\"o:0;st:w;\"\n\t\t\t\t\t\t\t\tstyle=\"z-index:8;background-color:#ffab00;\"\n\t\t\t\t\t\t\t> \n\t\t\t\t\t\t\t<\/rs-layer><!--\n\n\t\t\t\t\t\t\t--><rs-layer\n\t\t\t\t\t\t\t\tid=\"slider-10-slide-11-layer-6\" \n\t\t\t\t\t\t\t\tdata-type=\"shape\"\n\t\t\t\t\t\t\t\tdata-rsp_ch=\"on\"\n\t\t\t\t\t\t\t\tdata-text=\"w:normal;s:20,20,20,7;l:0,0,0,9;\"\n\t\t\t\t\t\t\t\tdata-dim=\"w:100%;h:100%;\"\n\t\t\t\t\t\t\t\tdata-basealign=\"slide\"\n\t\t\t\t\t\t\t\tdata-frame_999=\"o:0;st:w;\"\n\t\t\t\t\t\t\t\tstyle=\"z-index:6;background-color:rgba(0,0,0,0.5);\"\n\t\t\t\t\t\t\t> \n\t\t\t\t\t\t\t<\/rs-layer><!--\n-->\t\t\t\t\t<\/rs-slide>\n\t\t\t\t\t\t<rs-slide style=\"position: absolute;\" data-key=\"rs-12\" data-title=\"Slide\" data-thumb=\"\/\/www.memoriaestadionacional.cl\/wp-content\/uploads\/2022\/11\/tunel-y-caracola-scaled-50x100.jpg\" data-in=\"o:0;\" data-out=\"a:false;\">\n\t\t\t\t\t\t\t<img decoding=\"async\" src=\"\/\/www.memoriaestadionacional.cl\/wp-content\/plugins\/revslider\/sr6\/assets\/assets\/dummy.png\" alt=\"\" title=\"tunel y caracola\" width=\"2560\" height=\"1441\" class=\"rev-slidebg tp-rs-img rs-lazyload\" data-lazyload=\"\/\/www.memoriaestadionacional.cl\/wp-content\/uploads\/2022\/11\/tunel-y-caracola-scaled.jpg\" data-no-retina>\n<!--\n\t\t\t\t\t\t\t--><rs-layer\n\t\t\t\t\t\t\t\tid=\"slider-10-slide-12-layer-3\" \n\t\t\t\t\t\t\t\tdata-type=\"text\"\n\t\t\t\t\t\t\t\tdata-color=\"#fff\"\n\t\t\t\t\t\t\t\tdata-rsp_ch=\"on\"\n\t\t\t\t\t\t\t\tdata-xy=\"x:c;y:m;yo:53px,53px,53px,19px;\"\n\t\t\t\t\t\t\t\tdata-text=\"w:normal;s:50,50,50,19;l:60,60,60,22;ls:1px,1px,1px,0px;fw:500;\"\n\t\t\t\t\t\t\t\tdata-dim=\"minh:0px,0px,0px,none;\"\n\t\t\t\t\t\t\t\tdata-frame_999=\"o:0;st:w;\"\n\t\t\t\t\t\t\t\tstyle=\"z-index:7;font-family:'Poppins';text-transform:uppercase;\"\n\t\t\t\t\t\t\t>T\u00fanel y caracola sur del vel\u00f3dromo \n\t\t\t\t\t\t\t<\/rs-layer><!--\n\n\t\t\t\t\t\t\t--><rs-layer\n\t\t\t\t\t\t\t\tid=\"slider-10-slide-12-layer-4\" \n\t\t\t\t\t\t\t\tdata-type=\"text\"\n\t\t\t\t\t\t\t\tdata-color=\"#fff\"\n\t\t\t\t\t\t\t\tdata-rsp_ch=\"on\"\n\t\t\t\t\t\t\t\tdata-xy=\"x:c;y:m;yo:-33px,-33px,-33px,-12px;\"\n\t\t\t\t\t\t\t\tdata-text=\"w:normal;s:25,25,25,9;l:35,35,35,12;ls:1px,1px,1px,0px;fw:700;\"\n\t\t\t\t\t\t\t\tdata-dim=\"minh:0px,0px,0px,none;\"\n\t\t\t\t\t\t\t\tdata-frame_999=\"o:0;st:w;\"\n\t\t\t\t\t\t\t\tstyle=\"z-index:9;font-family:'Nunito';text-transform:uppercase;\"\n\t\t\t\t\t\t\t><div style=\"letter-spacing: 1px;\"><span style=\"color: #ffab00; font-size: 30px;\">[<\/span>SITIOS DE MEMORIA<span style=\"color: #ffab00; font-size: 30px;\">]<\/span<br \/>\n<\/div> \n\t\t\t\t\t\t\t<\/rs-layer><!--\n\n\t\t\t\t\t\t\t--><rs-layer\n\t\t\t\t\t\t\t\tid=\"slider-10-slide-12-layer-5\" \n\t\t\t\t\t\t\t\tdata-type=\"shape\"\n\t\t\t\t\t\t\t\tdata-rsp_ch=\"on\"\n\t\t\t\t\t\t\t\tdata-xy=\"x:c;y:m;\"\n\t\t\t\t\t\t\t\tdata-text=\"w:normal;s:20,20,20,7;l:0,0,0,9;\"\n\t\t\t\t\t\t\t\tdata-dim=\"w:180px,180px,180px,69px;h:5px,5px,5px,1px;\"\n\t\t\t\t\t\t\t\tdata-frame_999=\"o:0;st:w;\"\n\t\t\t\t\t\t\t\tstyle=\"z-index:8;background-color:#ffab00;\"\n\t\t\t\t\t\t\t> \n\t\t\t\t\t\t\t<\/rs-layer><!--\n\n\t\t\t\t\t\t\t--><rs-layer\n\t\t\t\t\t\t\t\tid=\"slider-10-slide-12-layer-6\" \n\t\t\t\t\t\t\t\tdata-type=\"shape\"\n\t\t\t\t\t\t\t\tdata-rsp_ch=\"on\"\n\t\t\t\t\t\t\t\tdata-text=\"w:normal;s:20,20,20,7;l:0,0,0,9;\"\n\t\t\t\t\t\t\t\tdata-dim=\"w:100%;h:100%;\"\n\t\t\t\t\t\t\t\tdata-basealign=\"slide\"\n\t\t\t\t\t\t\t\tdata-frame_999=\"o:0;st:w;\"\n\t\t\t\t\t\t\t\tstyle=\"z-index:6;background-color:rgba(0,0,0,0.5);\"\n\t\t\t\t\t\t\t> \n\t\t\t\t\t\t\t<\/rs-layer><!--\n-->\t\t\t\t\t<\/rs-slide>\n\t\t\t\t\t<\/rs-slides>\n\t\t\t\t<\/rs-module>\n\t\t\t\t<script>\n\t\t\t\t\tsetREVStartSize({c: 'rev_slider_10_1',rl:[1240,1240,1240,480],el:[800,800,800,480],gw:[1240,1240,1240,480],gh:[800,800,800,480],type:'standard',justify:'',layout:'fullwidth',mh:\"0\"});if (window.RS_MODULES!==undefined && window.RS_MODULES.modules!==undefined && window.RS_MODULES.modules[\"revslider101\"]!==undefined) {window.RS_MODULES.modules[\"revslider101\"].once = false;window.revapi10 = undefined;if (window.RS_MODULES.checkMinimal!==undefined) window.RS_MODULES.checkMinimal()}\n\t\t\t\t<\/script>\n\t\t\t<\/rs-module-wrap>\n\t\t\t<!-- END REVOLUTION SLIDER -->\n<\/div><\/div><\/div><\/div><\/div><div class=\"vc-row-container container\"><div class=\"vc_row wpb_row vc_row-fluid\"><div class=\"wpb_column vc_column_container vc_col-sm-12\"><div class=\"vc_column-inner\"><div class=\"wpb_wrapper\"><div class=\"vc_empty_space\"   style=\"height: 100px\"><span class=\"vc_empty_space_inner\"><\/span><\/div><\/div><\/div><\/div><\/div><\/div><div class=\"vc-row-container container\"><div class=\"vc_row wpb_row vc_row-fluid\"><div class=\"wpb_column vc_column_container vc_col-sm-12\"><div class=\"vc_column-inner\"><div class=\"wpb_wrapper\">\n\t<div class=\"wpb_text_column wpb_content_element\" >\n\t\t<div class=\"wpb_wrapper\">\n\t\t\t<p>Una vez en el vel\u00f3dromo, los detenidos eran subidos a las grader\u00edas. Ah\u00ed deb\u00edan esperar para ser llamados a sus respectivos interrogatorios. Los llamados ven\u00edan de los altoparlantes y se asignaba un nombre de chapa al equipo de interrogadores que les corresponder\u00eda.<\/p>\n<p>Cuando escuchaban sus nombres, los detenidos deb\u00edan bajar hacia el t\u00fanel de acceso, a\u00fan encapuchado. Pasaba por ese t\u00fanel a punta de culatazos, golpes e insultos. Ah\u00ed, en la antesala de sus propias torturas, militares, detectives y civiles los golpeaban, los lanzaban de cabeza contra las paredes, y de vez en cuando, les preguntaban algo.<\/p>\n<p>Hay testimonios de ex prisioneras y prisioneros que relatan haber sufrido simulacros de fusilamiento en estos t\u00faneles. Muchas de las ejecuciones efectivas que se realizaron ocurrieron en los alrededores del vel\u00f3dromo.<\/p>\n<p>Luego, eran trasladados a uno de los dos caracoles -construcciones en piedra que, antes de ser convertidos en salas de tortura, eran los ba\u00f1os-. Ah\u00ed, a\u00fan con la frazada cubriendo la cabeza, vendados los ojos o encapuchados con sacos de g\u00e9nero o papel, decenas de prisioneros ser\u00edan torturados simult\u00e1neamente por distintos equipos de interrogadores.<\/p>\n<p>A menudo, despu\u00e9s de arrancadas sus ropas, sufrir\u00edan la aplicaci\u00f3n de electricidad en partes sensibles del cuerpo, golpes, colgamientos, agresiones sexuales, quemaduras y el procedimiento conocido como el \u201csubmarino\u201d (ahogar a la persona sumergiendo su cabeza en agua u otros l\u00edquidos), entre otros tormentos. La tortura ten\u00eda como objetivo no s\u00f3lo extraer informaci\u00f3n, sino tambi\u00e9n castigar, ablandar, humillar, someter y desmoralizar a la v\u00edctima.<\/p>\n<p>Estos apremios, al igual que las preguntas, no eran sofisticadas. Consist\u00edan en patadas, culatazos y golpes en todo el cuerpo, preferentemente en el est\u00f3mago, test\u00edculos y cabeza; corriente el\u00e9ctrica en distintas partes: genitales, sienes, lengua, senos, p\u00e1rpados, axilas, recto, o\u00eddos; simulacros de fusilamientos; introducci\u00f3n de agua u objetos en la boca, ano, o vagina; quemaduras; colgamientos; golpes contra la pared; latigazos; arrancamiento de u\u00f1as; violaciones individuales y grupales; inyecci\u00f3n de drogas; sumergimiento de la cabeza en agua sucia; privaci\u00f3n de sue\u00f1o y alimento; y presiones sicol\u00f3gicas, entre otras. A menudo se utilizaban palos de goma para golpear y as\u00ed no dejar huellas visibles.<\/p>\n<p>Las secuelas f\u00edsicas, sicol\u00f3gicas y emocionales de las torturas pueden manifestarse durante toda la vida. Hoy, cuando las v\u00edctimas de tortura de este periodo han pasado los 60 a\u00f1os, muchos han comenzado a sufrir las consecuencias de largo plazo de toda la violencia descargada sobre sus cuerpos.<\/p>\n<p>Algunos detenidos fueron interrogados y torturados una sola vez. Otros fueron\u00a0 interrogados y torturados m\u00faltiples veces por distintos equipos y en diferentes sectores del estadio.<\/p>\n<p>Los que ca\u00edda la tarde a\u00fan esperaban su turno en las grader\u00edas del vel\u00f3dromo, tendr\u00edan que regresar al d\u00eda siguiente, ya que los torturadores respetaban su horario de trabajo.<\/p>\n\n\t\t<\/div>\n\t<\/div>\n<\/div><\/div><\/div><\/div><\/div><div class=\"vc-row-container container\"><div class=\"vc_row wpb_row vc_row-fluid\"><div class=\"wpb_column vc_column_container vc_col-sm-12\"><div class=\"vc_column-inner\"><div class=\"wpb_wrapper\"><div class=\"vc_empty_space\"   style=\"height: 50px\"><span class=\"vc_empty_space_inner\"><\/span><\/div><div class=\"vc_btn3-container vc_btn3-center vc_do_btn\" ><a style=\"background-color:#ffab00; color:#ffffff;\" class=\"vc_general vc_btn3 vc_btn3-size-md vc_btn3-shape-square vc_btn3-style-custom\" href=\"https:\/\/www.memoriaestadionacional.cl\/sitios\/\" title=\"\">VOLVER<\/a><\/div><div class=\"vc_empty_space\"   style=\"height: 50px\"><span class=\"vc_empty_space_inner\"><\/span><\/div><\/div><\/div><\/div><\/div><\/div>\n<\/div>","protected":false},"excerpt":{"rendered":"T\u00fanel y caracola sur del vel\u00f3dromo [SITIOS DE MEMORIA] T\u00fanel y caracola sur del vel\u00f3dromo [SITIOS DE MEMORIA]","protected":false},"author":1,"featured_media":0,"parent":0,"menu_order":0,"comment_status":"closed","ping_status":"closed","template":"","meta":{"_acf_changed":false,"footnotes":""},"class_list":["post-8025","page","type-page","status-publish","hentry"],"acf":[],"aioseo_notices":[],"_links":{"self":[{"href":"https:\/\/www.memoriaestadionacional.cl\/en\/wp-json\/wp\/v2\/pages\/8025","targetHints":{"allow":["GET"]}}],"collection":[{"href":"https:\/\/www.memoriaestadionacional.cl\/en\/wp-json\/wp\/v2\/pages"}],"about":[{"href":"https:\/\/www.memoriaestadionacional.cl\/en\/wp-json\/wp\/v2\/types\/page"}],"author":[{"embeddable":true,"href":"https:\/\/www.memoriaestadionacional.cl\/en\/wp-json\/wp\/v2\/users\/1"}],"replies":[{"embeddable":true,"href":"https:\/\/www.memoriaestadionacional.cl\/en\/wp-json\/wp\/v2\/comments?post=8025"}],"version-history":[{"count":1,"href":"https:\/\/www.memoriaestadionacional.cl\/en\/wp-json\/wp\/v2\/pages\/8025\/revisions"}],"predecessor-version":[{"id":15335,"href":"https:\/\/www.memoriaestadionacional.cl\/en\/wp-json\/wp\/v2\/pages\/8025\/revisions\/15335"}],"wp:attachment":[{"href":"https:\/\/www.memoriaestadionacional.cl\/en\/wp-json\/wp\/v2\/media?parent=8025"}],"curies":[{"name":"wp","href":"https:\/\/api.w.org\/{rel}","templated":true}]}}