{"id":7,"date":"2022-11-07T20:45:13","date_gmt":"2022-11-07T20:45:13","guid":{"rendered":"https:\/\/www.estadiomemoria.bucle.io\/?page_id=7"},"modified":"2026-03-03T13:28:12","modified_gmt":"2026-03-03T13:28:12","slug":"inicio","status":"publish","type":"page","link":"https:\/\/www.memoriaestadionacional.cl\/en\/","title":{"rendered":"Inicio"},"content":{"rendered":"<div class=\"wpb-content-wrapper\"><div class=\"vc-row-container vc-row-container--stretch-content\"><div data-vc-full-width=\"true\"  data-vc-full-width-init=\"false\" data-vc-stretch-content=\"true\" class=\"vc_row wpb_row vc_row-fluid\"><div class=\"wpb_column vc_column_container vc_col-sm-12\"><div class=\"vc_column-inner\"><div class=\"wpb_wrapper\">\n\t\t\t<!-- START Slider Home  Prueba REVOLUTION SLIDER 6.7.41 --><p class=\"rs-p-wp-fix\"><\/p>\n\t\t\t<rs-module-wrap id=\"rev_slider_54_1_wrapper\" data-source=\"gallery\" style=\"visibility:hidden;background:transparent;padding:0;\">\n\t\t\t\t<rs-module id=\"rev_slider_54_1\" style=\"\" data-version=\"6.7.41\">\n\t\t\t\t\t<rs-slides style=\"overflow: hidden; position: absolute;\">\n\t\t\t\t\t\t<rs-slide style=\"position: absolute;\" data-key=\"rs-501\" data-title=\"Slide\" data-in=\"o:0;\" data-out=\"a:false;\" data-sloop=\"s:340;e:3000;\">\n\t\t\t\t\t\t\t<img decoding=\"async\" src=\"\/\/www.memoriaestadionacional.cl\/wp-content\/plugins\/revslider\/sr6\/assets\/assets\/dummy.png\" alt=\"\" title=\"Inicio\" class=\"rev-slidebg tp-rs-img rs-lazyload\" data-lazyload=\"\/\/www.memoriaestadionacional.cl\/wp-content\/plugins\/revslider\/sr6\/assets\/assets\/transparent.png\" data-no-retina>\n\t\t\t\t\t\t\t<rs-bgvideo \n\t\t\t\t\t\t\t\tdata-video=\"vc:none;w:100%;h:100%;nse:false;l:true;ptimer:false;\"\n\t\t\t\t\t\t\t\tdata-ytid=\"lL5V5ZXAMGA\"\n\t\t\t\t\t\t\t\tdata-vatr=\"version=3&amp;enablejsapi=1&amp;html5=1&amp;hd=1&amp;wmode=opaque&amp;showinfo=0&amp;rel=0&amp;origin=https:\/\/www.memoriaestadionacional.cl;\"\n\t\t\t\t\t\t\t><\/rs-bgvideo>\n<!--\n\t\t\t\t\t\t\t--><rs-layer\n\t\t\t\t\t\t\t\tid=\"slider-54-slide-501-layer-0\" \n\t\t\t\t\t\t\t\tdata-type=\"text\"\n\t\t\t\t\t\t\t\tdata-color=\"#fff\"\n\t\t\t\t\t\t\t\tdata-rsp_ch=\"on\"\n\t\t\t\t\t\t\t\tdata-xy=\"x:c;y:m;yo:-150px,-150px,-150px,-57px;\"\n\t\t\t\t\t\t\t\tdata-text=\"w:normal;s:35,35,35,30;l:50,50,50,40;fw:900;a:left,left,left,center;\"\n\t\t\t\t\t\t\t\tdata-dim=\"w:auto,auto,auto,90%;minh:0px,0px,0px,none;\"\n\t\t\t\t\t\t\t\tdata-frame_999=\"o:0;st:w;\"\n\t\t\t\t\t\t\t\tstyle=\"z-index:8;font-family:'Roboto';text-transform:uppercase;\"\n\t\t\t\t\t\t\t>VISITAS GUIADAS A LOS SITIOS DE MEMORIA \n\t\t\t\t\t\t\t<\/rs-layer><!--\n\n\t\t\t\t\t\t\t--><rs-layer\n\t\t\t\t\t\t\t\tid=\"slider-54-slide-501-layer-1\" \n\t\t\t\t\t\t\t\tdata-type=\"text\"\n\t\t\t\t\t\t\t\tdata-color=\"#fff\"\n\t\t\t\t\t\t\t\tdata-rsp_ch=\"on\"\n\t\t\t\t\t\t\t\tdata-xy=\"x:c;y:m;yo:-50px,-50px,-50px,40px;\"\n\t\t\t\t\t\t\t\tdata-text=\"w:normal;s:16,16,16,20;l:24,24,24,30;ls:1,1,1,0;a:center;\"\n\t\t\t\t\t\t\t\tdata-dim=\"w:450px,450px,450px,80%;minh:0px,0px,0px,none;\"\n\t\t\t\t\t\t\t\tdata-frame_999=\"o:0;st:w;\"\n\t\t\t\t\t\t\t\tstyle=\"z-index:9;font-family:'Roboto';\"\n\t\t\t\t\t\t\t>Agenda tu visita para conocer los Sitios de Memoria del Estadio Nacional \n\t\t\t\t\t\t\t<\/rs-layer><!--\n\n\t\t\t\t\t\t\t--><a\n\t\t\t\t\t\t\t\tid=\"slider-54-slide-501-layer-4\" \n\t\t\t\t\t\t\t\tclass=\"rs-layer rev-btn\"\n\t\t\t\t\t\t\t\thref=\"https:\/\/www.memoriaestadionacional.cl\/visitanos\/\" target=\"_self\"\n\t\t\t\t\t\t\t\tdata-type=\"button\"\n\t\t\t\t\t\t\t\tdata-rsp_ch=\"on\"\n\t\t\t\t\t\t\t\tdata-xy=\"x:c;y:m;yo:50px,50px,50px,135px;\"\n\t\t\t\t\t\t\t\tdata-text=\"w:normal;s:17,17,17,20;l:40,40,40,50;fw:500;\"\n\t\t\t\t\t\t\t\tdata-dim=\"minh:0px,0px,0px,none;\"\n\t\t\t\t\t\t\t\tdata-padding=\"r:25,25,25,10;l:25,25,25,10;\"\n\t\t\t\t\t\t\t\tdata-border=\"bos:solid;boc:rgba(255,255,255,0.35);bow:1px,1px,1px,1px;\"\n\t\t\t\t\t\t\t\tdata-frame_999=\"o:0;st:w;\"\n\t\t\t\t\t\t\t\tdata-frame_hover=\"bgc:rgba(0,0,0,0);boc:rgba(255,255,255,0.75);bor:0px,0px,0px,0px;bos:solid;bow:1px,1px,1px,1px;e:power1.inOut;\"\n\t\t\t\t\t\t\t\tstyle=\"z-index:10;background-color:rgba(0,0,0,0);font-family:'Roboto';\"\n\t\t\t\t\t\t\t>AGENDAR VISITA \n\t\t\t\t\t\t\t<\/a><!--\n\n\t\t\t\t\t\t\t--><rs-layer\n\t\t\t\t\t\t\t\tid=\"slider-54-slide-501-layer-5\" \n\t\t\t\t\t\t\t\tdata-type=\"image\"\n\t\t\t\t\t\t\t\tdata-rsp_ch=\"on\"\n\t\t\t\t\t\t\t\tdata-xy=\"x:c;y:b;yo:10px,10px,10px,3px;\"\n\t\t\t\t\t\t\t\tdata-text=\"w:normal;s:20,20,20,7;l:0,0,0,9;\"\n\t\t\t\t\t\t\t\tdata-dim=\"w:50px,50px,50px,19px;h:50px,50px,50px,19px;\"\n\t\t\t\t\t\t\t\tdata-frame_0=\"y:-50,-50,-50,-19;\"\n\t\t\t\t\t\t\t\tdata-frame_1=\"sp:1000;\"\n\t\t\t\t\t\t\t\tdata-frame_999=\"o:0;st:w;sR:7000;\"\n\t\t\t\t\t\t\t\tstyle=\"z-index:7;\"\n\t\t\t\t\t\t\t><img decoding=\"async\" src=\"\/\/www.memoriaestadionacional.cl\/wp-content\/plugins\/revslider\/sr6\/assets\/assets\/dummy.png\" alt=\"\" class=\"tp-rs-img rs-lazyload\" width=\"200\" height=\"200\" data-lazyload=\"\/\/www.memoriaestadionacional.cl\/wp-content\/uploads\/2024\/08\/noun-arrow-1058451.png\" data-no-retina> \n\t\t\t\t\t\t\t<\/rs-layer><!--\n\n\t\t\t\t\t\t\t--><rs-layer\n\t\t\t\t\t\t\t\tid=\"slider-54-slide-501-layer-6\" \n\t\t\t\t\t\t\t\tdata-type=\"shape\"\n\t\t\t\t\t\t\t\tdata-rsp_ch=\"on\"\n\t\t\t\t\t\t\t\tdata-xy=\"x:c;y:m;\"\n\t\t\t\t\t\t\t\tdata-text=\"w:normal;s:20,20,20,7;l:0,0,0,9;\"\n\t\t\t\t\t\t\t\tdata-dim=\"w:100%;h:100%;\"\n\t\t\t\t\t\t\t\tdata-basealign=\"slide\"\n\t\t\t\t\t\t\t\tdata-frame_999=\"o:0;st:w;\"\n\t\t\t\t\t\t\t\tstyle=\"z-index:6;background-color:rgba(0,0,0,0.5);\"\n\t\t\t\t\t\t\t> \n\t\t\t\t\t\t\t<\/rs-layer><!--\n-->\t\t\t\t\t<\/rs-slide>\n\t\t\t\t\t<\/rs-slides>\n\t\t\t\t<\/rs-module>\n\t\t\t\t<script>\n\t\t\t\t\tsetREVStartSize({c: 'rev_slider_54_1',rl:[1240,1240,1240,480],el:[900,900,900,720],gw:[1240,1240,1240,480],gh:[900,900,900,720],type:'hero',justify:'',layout:'fullscreen',offsetContainer:'',offset:'',mh:\"0\"});if (window.RS_MODULES!==undefined && window.RS_MODULES.modules!==undefined && window.RS_MODULES.modules[\"revslider541\"]!==undefined) {window.RS_MODULES.modules[\"revslider541\"].once = false;window.revapi54 = undefined;if (window.RS_MODULES.checkMinimal!==undefined) window.RS_MODULES.checkMinimal()}\n\t\t\t\t<\/script>\n\t\t\t<\/rs-module-wrap>\n\t\t\t<!-- END REVOLUTION SLIDER -->\n<\/div><\/div><\/div><\/div><\/div><div class=\"vc-row-container container\"><div class=\"vc_row wpb_row vc_row-fluid vc_custom_1668089197277\"><div class=\"wpb_column vc_column_container vc_col-sm-12\"><div class=\"vc_column-inner\"><div class=\"wpb_wrapper\"><h1 style=\"text-align: center\" class=\"vc_custom_heading vc_do_custom_heading titulos\" >Noticias<\/h1><div class=\"vc_separator wpb_content_element vc_separator_align_center vc_sep_width_10 vc_sep_border_width_5 vc_sep_pos_align_center vc_separator_no_text vc_custom_1668089172309 wpb_content_element  vc_custom_1668089172309 wpb_content_element\" ><span class=\"vc_sep_holder vc_sep_holder_l\"><span style=\"border-color:#e79e47;\" class=\"vc_sep_line\"><\/span><\/span><span class=\"vc_sep_holder vc_sep_holder_r\"><span style=\"border-color:#e79e47;\" class=\"vc_sep_line\"><\/span><\/span>\n<\/div><div class=\"kalium-wpb-blog-posts\"><style data-inline-style>#blog-posts-wpb-1{--k-post-item-border-width: 1px;--k-post-item-border-style: solid;--k-post-item-border-color: var(--k-color-8);--k-post-item-padding: var(--k-content-spacing-2);}<\/style>\n<style data-inline-style>.blog-posts-wpb-1{--k-post-item-image-placeholder-bg: var(--k-border-color);--k-custom-aspect-ratio: 16\/9;--k-post-item-hover-layer-bg: #cc893d80;--k-post-item-hover-layer-offset: 0px;}<\/style>\n<ul id=\"blog-posts-wpb-1\" class=\"blog-posts grid blog-posts-wpb-1 columns-lg-4 columns-md-2 columns-1 blog-posts--grid blog-posts--boundless-image\">\n\t\n\t\t\t\t<li id=\"post-16268\" class=\"post post-16268 type-post status-publish format-standard has-post-thumbnail hentry category-noticias\">\n\n\t\t\t\t<article class=\"post-item\">\n\n\t<div class=\"post-thumbnail\">\n\t\n\t\n\t\t\t\t<a href=\"https:\/\/www.memoriaestadionacional.cl\/en\/la-cultura-urbana-se-hace-presente-en-los-sitios-de-memoria\/\" target=\"\" aria-label=\"La cultura urbana se hace presente en los Sitios de Memoria\">\n\t\t\t\t<span class=\"image-placeholder\" style=\"--k-ratio:1.796491\"><img loading=\"lazy\" decoding=\"async\" width=\"1024\" height=\"570\" src=\"https:\/\/www.memoriaestadionacional.cl\/wp-content\/uploads\/2026\/04\/WhatsApp-Image-2026-03-23-at-18.33.31-1-1024x570.jpeg\" class=\"attachment-large size-large\" alt=\"\" srcset=\"https:\/\/www.memoriaestadionacional.cl\/wp-content\/uploads\/2026\/04\/WhatsApp-Image-2026-03-23-at-18.33.31-1-1024x570.jpeg 1024w, https:\/\/www.memoriaestadionacional.cl\/wp-content\/uploads\/2026\/04\/WhatsApp-Image-2026-03-23-at-18.33.31-1-300x167.jpeg 300w, https:\/\/www.memoriaestadionacional.cl\/wp-content\/uploads\/2026\/04\/WhatsApp-Image-2026-03-23-at-18.33.31-1-768x428.jpeg 768w, https:\/\/www.memoriaestadionacional.cl\/wp-content\/uploads\/2026\/04\/WhatsApp-Image-2026-03-23-at-18.33.31-1-1536x855.jpeg 1536w, https:\/\/www.memoriaestadionacional.cl\/wp-content\/uploads\/2026\/04\/WhatsApp-Image-2026-03-23-at-18.33.31-1-18x10.jpeg 18w, https:\/\/www.memoriaestadionacional.cl\/wp-content\/uploads\/2026\/04\/WhatsApp-Image-2026-03-23-at-18.33.31-1-600x334.jpeg 600w, https:\/\/www.memoriaestadionacional.cl\/wp-content\/uploads\/2026\/04\/WhatsApp-Image-2026-03-23-at-18.33.31-1.jpeg 1600w\" sizes=\"auto, (max-width: 1024px) 100vw, 1024px\" \/><\/span>\t\t\t<\/a>\n\t\t\t\t\n\t<div class=\"post-hover\">\n\t\n\t<span class=\"hover-icon basic\"><i class=\"kalium-icon-eye\"><\/i><\/span>\t\n<\/div>\n\t\n<\/div>\n\n\t\t<div class=\"post-details\">\n\n\t\t\t<h3 class=\"entry-title post-title link-plain\"><a href=\"https:\/\/www.memoriaestadionacional.cl\/en\/la-cultura-urbana-se-hace-presente-en-los-sitios-de-memoria\/\" target=\"\" rel=\"bookmark\">La cultura urbana se hace presente en los Sitios de Memoria<\/a><\/h3><div class=\"entry-meta\"><\/div>\n\t\t<\/div>\n\t\t\n<\/article>\n\n\t\t\t<\/li>\n\t\t\t\t\t\t<li id=\"post-16265\" class=\"post post-16265 type-post status-publish format-standard has-post-thumbnail hentry category-noticias\">\n\n\t\t\t\t<article class=\"post-item\">\n\n\t<div class=\"post-thumbnail\">\n\t\n\t\n\t\t\t\t<a href=\"https:\/\/www.memoriaestadionacional.cl\/en\/8m-2026-el-arte-y-la-resistencia-se-hacen-presentes-en-los-sitios-de-memoria\/\" target=\"\" aria-label=\"8M | El arte y la resistencia se hacen presentes en los Sitios de Memoria\">\n\t\t\t\t<span class=\"image-placeholder\" style=\"--k-ratio:1.990234\"><img loading=\"lazy\" decoding=\"async\" width=\"1019\" height=\"512\" src=\"https:\/\/www.memoriaestadionacional.cl\/wp-content\/uploads\/2026\/04\/conmemoracion-8M-1.jpg\" class=\"attachment-large size-large\" alt=\"\" srcset=\"https:\/\/www.memoriaestadionacional.cl\/wp-content\/uploads\/2026\/04\/conmemoracion-8M-1.jpg 1019w, https:\/\/www.memoriaestadionacional.cl\/wp-content\/uploads\/2026\/04\/conmemoracion-8M-1-300x151.jpg 300w, https:\/\/www.memoriaestadionacional.cl\/wp-content\/uploads\/2026\/04\/conmemoracion-8M-1-768x386.jpg 768w, https:\/\/www.memoriaestadionacional.cl\/wp-content\/uploads\/2026\/04\/conmemoracion-8M-1-18x9.jpg 18w, https:\/\/www.memoriaestadionacional.cl\/wp-content\/uploads\/2026\/04\/conmemoracion-8M-1-600x301.jpg 600w\" sizes=\"auto, (max-width: 1019px) 100vw, 1019px\" \/><\/span>\t\t\t<\/a>\n\t\t\t\t\n\t<div class=\"post-hover\">\n\t\n\t<span class=\"hover-icon basic\"><i class=\"kalium-icon-eye\"><\/i><\/span>\t\n<\/div>\n\t\n<\/div>\n\n\t\t<div class=\"post-details\">\n\n\t\t\t<h3 class=\"entry-title post-title link-plain\"><a href=\"https:\/\/www.memoriaestadionacional.cl\/en\/8m-2026-el-arte-y-la-resistencia-se-hacen-presentes-en-los-sitios-de-memoria\/\" target=\"\" rel=\"bookmark\">8M | El arte y la resistencia se hacen presentes en los Sitios de Memoria<\/a><\/h3><div class=\"entry-meta\"><\/div>\n\t\t<\/div>\n\t\t\n<\/article>\n\n\t\t\t<\/li>\n\t\t\t\t\t\t<li id=\"post-16240\" class=\"post post-16240 type-post status-publish format-standard has-post-thumbnail hentry category-noticias\">\n\n\t\t\t\t<article class=\"post-item\">\n\n\t<div class=\"post-thumbnail\">\n\t\n\t\n\t\t\t\t<a href=\"https:\/\/www.memoriaestadionacional.cl\/en\/una-emotiva-jornada-en-el-primer-dia-de-los-patrimonios-en-verano\/\" target=\"\" aria-label=\"Una emotiva jornada en el primer D\u00eda de los Patrimonios en verano\">\n\t\t\t\t<span class=\"image-placeholder\" style=\"--k-ratio:1.484058\"><img loading=\"lazy\" decoding=\"async\" width=\"1024\" height=\"690\" src=\"https:\/\/www.memoriaestadionacional.cl\/wp-content\/uploads\/2026\/02\/dia-patrimonios-2026.png\" class=\"attachment-large size-large\" alt=\"\" srcset=\"https:\/\/www.memoriaestadionacional.cl\/wp-content\/uploads\/2026\/02\/dia-patrimonios-2026.png 1024w, https:\/\/www.memoriaestadionacional.cl\/wp-content\/uploads\/2026\/02\/dia-patrimonios-2026-300x202.png 300w, https:\/\/www.memoriaestadionacional.cl\/wp-content\/uploads\/2026\/02\/dia-patrimonios-2026-768x518.png 768w, https:\/\/www.memoriaestadionacional.cl\/wp-content\/uploads\/2026\/02\/dia-patrimonios-2026-18x12.png 18w, https:\/\/www.memoriaestadionacional.cl\/wp-content\/uploads\/2026\/02\/dia-patrimonios-2026-600x404.png 600w\" sizes=\"auto, (max-width: 1024px) 100vw, 1024px\" \/><\/span>\t\t\t<\/a>\n\t\t\t\t\n\t<div class=\"post-hover\">\n\t\n\t<span class=\"hover-icon basic\"><i class=\"kalium-icon-eye\"><\/i><\/span>\t\n<\/div>\n\t\n<\/div>\n\n\t\t<div class=\"post-details\">\n\n\t\t\t<h3 class=\"entry-title post-title link-plain\"><a href=\"https:\/\/www.memoriaestadionacional.cl\/en\/una-emotiva-jornada-en-el-primer-dia-de-los-patrimonios-en-verano\/\" target=\"\" rel=\"bookmark\">Una emotiva jornada en el primer D\u00eda de los Patrimonios en verano<\/a><\/h3><div class=\"entry-meta\"><\/div>\n\t\t<\/div>\n\t\t\n<\/article>\n\n\t\t\t<\/li>\n\t\t\t\t\t\t<li id=\"post-16215\" class=\"post post-16215 type-post status-publish format-standard has-post-thumbnail hentry category-noticias\">\n\n\t\t\t\t<article class=\"post-item\">\n\n\t<div class=\"post-thumbnail\">\n\t\n\t\n\t\t\t\t<a href=\"https:\/\/www.memoriaestadionacional.cl\/en\/luis-alberto-corvalan-50-anos-de-su-partida\/\" target=\"\" aria-label=\"Luis Alberto Corval\u00e1n, 50 a\u00f1os de su partida\">\n\t\t\t\t<span class=\"image-placeholder\" style=\"--k-ratio:1.464950\"><img loading=\"lazy\" decoding=\"async\" width=\"1024\" height=\"699\" src=\"https:\/\/www.memoriaestadionacional.cl\/wp-content\/uploads\/2026\/01\/Foto-principal-1024x699.jpeg\" class=\"attachment-large size-large\" alt=\"\" srcset=\"https:\/\/www.memoriaestadionacional.cl\/wp-content\/uploads\/2026\/01\/Foto-principal-1024x699.jpeg 1024w, https:\/\/www.memoriaestadionacional.cl\/wp-content\/uploads\/2026\/01\/Foto-principal-300x205.jpeg 300w, https:\/\/www.memoriaestadionacional.cl\/wp-content\/uploads\/2026\/01\/Foto-principal-768x524.jpeg 768w, https:\/\/www.memoriaestadionacional.cl\/wp-content\/uploads\/2026\/01\/Foto-principal-18x12.jpeg 18w, https:\/\/www.memoriaestadionacional.cl\/wp-content\/uploads\/2026\/01\/Foto-principal-600x410.jpeg 600w, https:\/\/www.memoriaestadionacional.cl\/wp-content\/uploads\/2026\/01\/Foto-principal.jpeg 1500w\" sizes=\"auto, (max-width: 1024px) 100vw, 1024px\" \/><\/span>\t\t\t<\/a>\n\t\t\t\t\n\t<div class=\"post-hover\">\n\t\n\t<span class=\"hover-icon basic\"><i class=\"kalium-icon-eye\"><\/i><\/span>\t\n<\/div>\n\t\n<\/div>\n\n\t\t<div class=\"post-details\">\n\n\t\t\t<h3 class=\"entry-title post-title link-plain\"><a href=\"https:\/\/www.memoriaestadionacional.cl\/en\/luis-alberto-corvalan-50-anos-de-su-partida\/\" target=\"\" rel=\"bookmark\">Luis Alberto Corval\u00e1n, 50 a\u00f1os de su partida<\/a><\/h3><div class=\"entry-meta\"><\/div>\n\t\t<\/div>\n\t\t\n<\/article>\n\n\t\t\t<\/li>\n\t\t\t\t\n<\/ul>\n<\/div><div class=\"vc_empty_space\"   style=\"height: 32px\"><span class=\"vc_empty_space_inner\"><\/span><\/div><div class=\"vc_btn3-container vc_btn3-center vc_do_btn\" ><a style=\"background-color:#e79e47; color:#ffffff;\" class=\"vc_general vc_btn3 vc_btn3-size-md vc_btn3-shape-square vc_btn3-style-custom\" href=\"https:\/\/www.memoriaestadionacional.cl\/noticias\/\" title=\"Noticias\">Ver m\u00e1s noticias<\/a><\/div><\/div><\/div><\/div><\/div><\/div><div class=\"vc-row-container container\"><div class=\"vc_row wpb_row vc_row-fluid\"><div class=\"wpb_column vc_column_container vc_col-sm-12\"><div class=\"vc_column-inner\"><div class=\"wpb_wrapper\"><div class=\"vc_empty_space\"   style=\"height: 100px\"><span class=\"vc_empty_space_inner\"><\/span><\/div><\/div><\/div><\/div><\/div><\/div><div class=\"vc-row-container row-stretch parent--seccion-sitios\"><div data-vc-full-width=\"true\"  data-vc-full-width-init=\"false\" class=\"vc_row wpb_row vc_row-fluid seccion-sitios vc_custom_1668093215099 vc_row-has-fill vc_row-o-content-middle vc_row-flex\"><div class=\"wpb_column vc_column_container vc_col-sm-12\"><div class=\"vc_column-inner\"><div class=\"wpb_wrapper\"><div class=\"vc_separator wpb_content_element vc_separator_align_center vc_sep_width_10 vc_sep_border_width_5 vc_sep_pos_align_center vc_separator_no_text vc_custom_1668089172309 wpb_content_element  vc_custom_1668089172309 wpb_content_element\" ><span class=\"vc_sep_holder vc_sep_holder_l\"><span style=\"border-color:#e79e47;\" class=\"vc_sep_line\"><\/span><\/span><span class=\"vc_sep_holder vc_sep_holder_r\"><span style=\"border-color:#e79e47;\" class=\"vc_sep_line\"><\/span><\/span>\n<\/div><h1 style=\"color: #ffffff;text-align: center\" class=\"vc_custom_heading vc_do_custom_heading titulos\" >Sitios de memoria<\/h1>\n\t<div class=\"wpb_text_column wpb_content_element\" >\n\t\t<div class=\"wpb_wrapper\">\n\t\t\t<p style=\"text-align: center;\"><span style=\"color: #ffffff;\">El Estadio Nacional es un lugar con mucha historia que te invitamos a conocer<\/span><\/p>\n\n\t\t<\/div>\n\t<\/div>\n<div class=\"vc_empty_space\"   style=\"height: 50px\"><span class=\"vc_empty_space_inner\"><\/span><\/div><div class=\"vc_row wpb_row vc_inner vc_row-fluid vc_custom_1702311664549\"><div class=\"wpb_column vc_column_container vc_col-sm-1\/5\"><div class=\"vc_column-inner\"><div class=\"wpb_wrapper\">\n\t<div  class=\"wpb_single_image wpb_content_element vc_align_center wpb_content_element\">\n\t\t\n\t\t<figure class=\"wpb_wrapper vc_figure\">\n\t\t\t<a href=\"https:\/\/www.memoriaestadionacional.cl\/mural-50-anos\/\" target=\"_self\" class=\"vc_single_image-wrapper   vc_box_border_grey\"><img loading=\"lazy\" decoding=\"async\" width=\"150\" height=\"150\" src=\"https:\/\/www.memoriaestadionacional.cl\/wp-content\/uploads\/2023\/12\/mural-50-anos-150x150.png\" class=\"vc_single_image-img attachment-thumbnail\" alt=\"\" title=\"mural 50 an\u0303os\" srcset=\"https:\/\/www.memoriaestadionacional.cl\/wp-content\/uploads\/2023\/12\/mural-50-anos-150x150.png 150w, https:\/\/www.memoriaestadionacional.cl\/wp-content\/uploads\/2023\/12\/mural-50-anos.png 200w\" sizes=\"auto, (max-width: 150px) 100vw, 150px\" \/><\/a>\n\t\t<\/figure>\n\t<\/div>\n<p style=\"color: #ffffff;text-align: center\" class=\"vc_custom_heading vc_do_custom_heading sitios-home\" ><a href=\"https:\/\/www.memoriaestadionacional.cl\/mural-50-anos\/\" title=\"Mural 50 a\u00f1os\">Mural 50 A\u00f1os<\/a><\/p><\/div><\/div><\/div><div class=\"wpb_column vc_column_container vc_col-sm-1\/5\"><div class=\"vc_column-inner\"><div class=\"wpb_wrapper\">\n\t<div  class=\"wpb_single_image wpb_content_element vc_align_center wpb_content_element\">\n\t\t\n\t\t<figure class=\"wpb_wrapper vc_figure\">\n\t\t\t<a href=\"https:\/\/www.memoriaestadionacional.cl\/memorial-grecia\/\" target=\"_self\" class=\"vc_single_image-wrapper   vc_box_border_grey\"><img loading=\"lazy\" decoding=\"async\" width=\"150\" height=\"150\" src=\"https:\/\/www.memoriaestadionacional.cl\/wp-content\/uploads\/2023\/12\/memorial-grecia-150x150.png\" class=\"vc_single_image-img attachment-thumbnail\" alt=\"\" title=\"memorial grecia\" srcset=\"https:\/\/www.memoriaestadionacional.cl\/wp-content\/uploads\/2023\/12\/memorial-grecia-150x150.png 150w, https:\/\/www.memoriaestadionacional.cl\/wp-content\/uploads\/2023\/12\/memorial-grecia.png 200w\" sizes=\"auto, (max-width: 150px) 100vw, 150px\" \/><\/a>\n\t\t<\/figure>\n\t<\/div>\n<p style=\"color: #ffffff;text-align: center\" class=\"vc_custom_heading vc_do_custom_heading sitios-home\" ><a href=\"https:\/\/www.memoriaestadionacional.cl\/memorial-grecia\/\" title=\"Memorial Grecia\">Memorial Grecia<\/a><\/p><\/div><\/div><\/div><div class=\"wpb_column vc_column_container vc_col-sm-1\/5\"><div class=\"vc_column-inner\"><div class=\"wpb_wrapper\">\n\t<div  class=\"wpb_single_image wpb_content_element vc_align_center wpb_content_element\">\n\t\t\n\t\t<figure class=\"wpb_wrapper vc_figure\">\n\t\t\t<a href=\"https:\/\/www.memoriaestadionacional.cl\/escotilla-8\/\" target=\"_self\" class=\"vc_single_image-wrapper   vc_box_border_grey\"><img loading=\"lazy\" decoding=\"async\" width=\"150\" height=\"150\" src=\"https:\/\/www.memoriaestadionacional.cl\/wp-content\/uploads\/2023\/12\/escotilla-8-150x150.png\" class=\"vc_single_image-img attachment-thumbnail\" alt=\"\" title=\"escotilla 8\" srcset=\"https:\/\/www.memoriaestadionacional.cl\/wp-content\/uploads\/2023\/12\/escotilla-8-150x150.png 150w, https:\/\/www.memoriaestadionacional.cl\/wp-content\/uploads\/2023\/12\/escotilla-8.png 200w\" sizes=\"auto, (max-width: 150px) 100vw, 150px\" \/><\/a>\n\t\t<\/figure>\n\t<\/div>\n<p style=\"color: #ffffff;text-align: center\" class=\"vc_custom_heading vc_do_custom_heading sitios-home\" ><a href=\"https:\/\/www.memoriaestadionacional.cl\/escotilla-8\/\" title=\"Escotilla 8\">Escotilla 8<\/a><\/p><\/div><\/div><\/div><div class=\"wpb_column vc_column_container vc_col-sm-1\/5\"><div class=\"vc_column-inner\"><div class=\"wpb_wrapper\">\n\t<div  class=\"wpb_single_image wpb_content_element vc_align_center wpb_content_element\">\n\t\t\n\t\t<figure class=\"wpb_wrapper vc_figure\">\n\t\t\t<a href=\"https:\/\/www.memoriaestadionacional.cl\/tunel-y-caracola-sur-del-velodromo\/\" target=\"_self\" class=\"vc_single_image-wrapper   vc_box_border_grey\"><img loading=\"lazy\" decoding=\"async\" width=\"150\" height=\"150\" src=\"https:\/\/www.memoriaestadionacional.cl\/wp-content\/uploads\/2023\/12\/caracola-y-tunel-150x150.png\" class=\"vc_single_image-img attachment-thumbnail\" alt=\"\" title=\"caracola y tunel\" srcset=\"https:\/\/www.memoriaestadionacional.cl\/wp-content\/uploads\/2023\/12\/caracola-y-tunel-150x150.png 150w, https:\/\/www.memoriaestadionacional.cl\/wp-content\/uploads\/2023\/12\/caracola-y-tunel.png 200w\" sizes=\"auto, (max-width: 150px) 100vw, 150px\" \/><\/a>\n\t\t<\/figure>\n\t<\/div>\n<p style=\"color: #ffffff;text-align: center\" class=\"vc_custom_heading vc_do_custom_heading sitios-home\" ><a href=\"https:\/\/www.memoriaestadionacional.cl\/tunel-y-caracola-sur-del-velodromo\/\" title=\"T\u00fanel y Caracola sur del Vel\u00f3dromo\">T\u00fanel y Caracola sur del Vel\u00f3dromo<\/a><\/p><\/div><\/div><\/div><div class=\"wpb_column vc_column_container vc_col-sm-1\/5\"><div class=\"vc_column-inner\"><div class=\"wpb_wrapper\">\n\t<div  class=\"wpb_single_image wpb_content_element vc_align_center wpb_content_element\">\n\t\t\n\t\t<figure class=\"wpb_wrapper vc_figure\">\n\t\t\t<a href=\"https:\/\/www.memoriaestadionacional.cl\/graderias\/\" target=\"_self\" class=\"vc_single_image-wrapper   vc_box_border_grey\"><img loading=\"lazy\" decoding=\"async\" width=\"150\" height=\"150\" src=\"https:\/\/www.memoriaestadionacional.cl\/wp-content\/uploads\/2023\/12\/graderias-150x150.png\" class=\"vc_single_image-img attachment-thumbnail\" alt=\"\" title=\"graderi\u0301as\" srcset=\"https:\/\/www.memoriaestadionacional.cl\/wp-content\/uploads\/2023\/12\/graderias-150x150.png 150w, https:\/\/www.memoriaestadionacional.cl\/wp-content\/uploads\/2023\/12\/graderias.png 200w\" sizes=\"auto, (max-width: 150px) 100vw, 150px\" \/><\/a>\n\t\t<\/figure>\n\t<\/div>\n<p style=\"color: #ffffff;text-align: center\" class=\"vc_custom_heading vc_do_custom_heading sitios-home\" ><a href=\"https:\/\/www.memoriaestadionacional.cl\/graderias\/\" title=\"Grader\u00edas\">Grader\u00edas<\/a><\/p><\/div><\/div><\/div><\/div><div class=\"vc_empty_space\"   style=\"height: 50px\"><span class=\"vc_empty_space_inner\"><\/span><\/div><div class=\"vc_row wpb_row vc_inner vc_row-fluid vc_custom_1702311684297\"><div class=\"wpb_column vc_column_container vc_col-sm-1\/5\"><div class=\"vc_column-inner\"><div class=\"wpb_wrapper\">\n\t<div  class=\"wpb_single_image wpb_content_element vc_align_center wpb_content_element\">\n\t\t\n\t\t<figure class=\"wpb_wrapper vc_figure\">\n\t\t\t<a href=\"https:\/\/www.memoriaestadionacional.cl\/pasillo-y-camarines\/\" target=\"_self\" class=\"vc_single_image-wrapper   vc_box_border_grey\"><img loading=\"lazy\" decoding=\"async\" width=\"150\" height=\"150\" src=\"https:\/\/www.memoriaestadionacional.cl\/wp-content\/uploads\/2023\/12\/pasillo-y-camarines-150x150.png\" class=\"vc_single_image-img attachment-thumbnail\" alt=\"\" title=\"pasillo y camarines\" srcset=\"https:\/\/www.memoriaestadionacional.cl\/wp-content\/uploads\/2023\/12\/pasillo-y-camarines-150x150.png 150w, https:\/\/www.memoriaestadionacional.cl\/wp-content\/uploads\/2023\/12\/pasillo-y-camarines.png 200w\" sizes=\"auto, (max-width: 150px) 100vw, 150px\" \/><\/a>\n\t\t<\/figure>\n\t<\/div>\n<p style=\"color: #ffffff;text-align: center\" class=\"vc_custom_heading vc_do_custom_heading sitios-home\" ><a href=\"https:\/\/www.memoriaestadionacional.cl\/pasillo-y-camarines\/\" title=\"Pasillo y camarines\">Pasillo y camarines<\/a><\/p><\/div><\/div><\/div><div class=\"wpb_column vc_column_container vc_col-sm-1\/5\"><div class=\"vc_column-inner\"><div class=\"wpb_wrapper\">\n\t<div  class=\"wpb_single_image wpb_content_element vc_align_center wpb_content_element\">\n\t\t\n\t\t<figure class=\"wpb_wrapper vc_figure\">\n\t\t\t<a href=\"https:\/\/www.memoriaestadionacional.cl\/camino-de-la-memoria\/\" target=\"_self\" class=\"vc_single_image-wrapper   vc_box_border_grey\"><img loading=\"lazy\" decoding=\"async\" width=\"150\" height=\"150\" src=\"https:\/\/www.memoriaestadionacional.cl\/wp-content\/uploads\/2023\/12\/camino-de-la-memoria-150x150.png\" class=\"vc_single_image-img attachment-thumbnail\" alt=\"\" title=\"camino de la memoria\" srcset=\"https:\/\/www.memoriaestadionacional.cl\/wp-content\/uploads\/2023\/12\/camino-de-la-memoria-150x150.png 150w, https:\/\/www.memoriaestadionacional.cl\/wp-content\/uploads\/2023\/12\/camino-de-la-memoria.png 200w\" sizes=\"auto, (max-width: 150px) 100vw, 150px\" \/><\/a>\n\t\t<\/figure>\n\t<\/div>\n<p style=\"color: #ffffff;text-align: center\" class=\"vc_custom_heading vc_do_custom_heading sitios-home\" ><a href=\"https:\/\/www.memoriaestadionacional.cl\/camino-de-la-memoria\/\" title=\"Camino de la Memoria\">Camino de la Memoria<\/a><\/p><\/div><\/div><\/div><div class=\"wpb_column vc_column_container vc_col-sm-1\/5\"><div class=\"vc_column-inner\"><div class=\"wpb_wrapper\">\n\t<div  class=\"wpb_single_image wpb_content_element vc_align_center wpb_content_element\">\n\t\t\n\t\t<figure class=\"wpb_wrapper vc_figure\">\n\t\t\t<a href=\"https:\/\/www.memoriaestadionacional.cl\/memorial-pedro-valdivia\/\" target=\"_self\" class=\"vc_single_image-wrapper   vc_box_border_grey\"><img loading=\"lazy\" decoding=\"async\" width=\"150\" height=\"150\" src=\"https:\/\/www.memoriaestadionacional.cl\/wp-content\/uploads\/2023\/12\/memorial-pedro-de-valdivia-150x150.png\" class=\"vc_single_image-img attachment-thumbnail\" alt=\"\" title=\"memorial pedro de valdivia\" srcset=\"https:\/\/www.memoriaestadionacional.cl\/wp-content\/uploads\/2023\/12\/memorial-pedro-de-valdivia-150x150.png 150w, https:\/\/www.memoriaestadionacional.cl\/wp-content\/uploads\/2023\/12\/memorial-pedro-de-valdivia.png 200w\" sizes=\"auto, (max-width: 150px) 100vw, 150px\" \/><\/a>\n\t\t<\/figure>\n\t<\/div>\n<p style=\"color: #ffffff;text-align: center\" class=\"vc_custom_heading vc_do_custom_heading sitios-home\" ><a href=\"https:\/\/www.memoriaestadionacional.cl\/memorial-pedro-valdivia\/\" title=\"Memorial Av. Pedro de Valdivia\">Memorial Av. Pedro de Valdivia<\/a><\/p><\/div><\/div><\/div><div class=\"wpb_column vc_column_container vc_col-sm-1\/5\"><div class=\"vc_column-inner\"><div class=\"wpb_wrapper\">\n\t<div  class=\"wpb_single_image wpb_content_element vc_align_center wpb_content_element\">\n\t\t\n\t\t<figure class=\"wpb_wrapper vc_figure\">\n\t\t\t<a href=\"https:\/\/www.memoriaestadionacional.cl\/camarin-norte\/\" target=\"_self\" class=\"vc_single_image-wrapper   vc_box_border_grey\"><img loading=\"lazy\" decoding=\"async\" width=\"150\" height=\"150\" src=\"https:\/\/www.memoriaestadionacional.cl\/wp-content\/uploads\/2023\/12\/camarin-de-mujeres-150x150.png\" class=\"vc_single_image-img attachment-thumbnail\" alt=\"\" title=\"camarin de mujeres\" srcset=\"https:\/\/www.memoriaestadionacional.cl\/wp-content\/uploads\/2023\/12\/camarin-de-mujeres-150x150.png 150w, https:\/\/www.memoriaestadionacional.cl\/wp-content\/uploads\/2023\/12\/camarin-de-mujeres.png 200w\" sizes=\"auto, (max-width: 150px) 100vw, 150px\" \/><\/a>\n\t\t<\/figure>\n\t<\/div>\n<p style=\"color: #ffffff;text-align: center\" class=\"vc_custom_heading vc_do_custom_heading sitios-home\" ><a href=\"https:\/\/www.memoriaestadionacional.cl\/camarin-norte\/\" title=\"Camar\u00edn de Mujeres\">Camar\u00edn de Mujeres<\/a><\/p><\/div><\/div><\/div><div class=\"wpb_column vc_column_container vc_col-sm-1\/5\"><div class=\"vc_column-inner\"><div class=\"wpb_wrapper\">\n\t<div  class=\"wpb_single_image wpb_content_element vc_align_center wpb_content_element\">\n\t\t\n\t\t<figure class=\"wpb_wrapper vc_figure\">\n\t\t\t<a href=\"https:\/\/www.memoriaestadionacional.cl\/galeria-permanente-andes-sur-2\/\" target=\"_self\" class=\"vc_single_image-wrapper   vc_box_border_grey\"><img loading=\"lazy\" decoding=\"async\" width=\"150\" height=\"150\" src=\"https:\/\/www.memoriaestadionacional.cl\/wp-content\/uploads\/2023\/12\/bajo-andes-150x150.png\" class=\"vc_single_image-img attachment-thumbnail\" alt=\"\" title=\"bajo andes\" srcset=\"https:\/\/www.memoriaestadionacional.cl\/wp-content\/uploads\/2023\/12\/bajo-andes-150x150.png 150w, https:\/\/www.memoriaestadionacional.cl\/wp-content\/uploads\/2023\/12\/bajo-andes.png 200w\" sizes=\"auto, (max-width: 150px) 100vw, 150px\" \/><\/a>\n\t\t<\/figure>\n\t<\/div>\n<p style=\"color: #ffffff;text-align: center\" class=\"vc_custom_heading vc_do_custom_heading sitios-home\" ><a href=\"https:\/\/www.memoriaestadionacional.cl\/galeria-permanente-andes-sur-2\/\" title=\"Galer\u00eda permanente Andes Norte\">Galer\u00eda permanente Andes Norte<\/a><\/p><\/div><\/div><\/div><\/div><div class=\"vc_empty_space\"   style=\"height: 100px\"><span class=\"vc_empty_space_inner\"><\/span><\/div><\/div><\/div><\/div><\/div><\/div><div class=\"vc-row-container container\"><div class=\"vc_row wpb_row vc_row-fluid\"><div class=\"wpb_column vc_column_container vc_col-sm-12\"><div class=\"vc_column-inner\"><div class=\"wpb_wrapper\"><div class=\"vc_empty_space\"   style=\"height: 100px\"><span class=\"vc_empty_space_inner\"><\/span><\/div><\/div><\/div><\/div><\/div><\/div><div class=\"vc-row-container container\"><div class=\"vc_row wpb_row vc_row-fluid vc_custom_1668089197277\"><div class=\"wpb_column vc_column_container vc_col-sm-12\"><div class=\"vc_column-inner\"><div class=\"wpb_wrapper\"><h1 style=\"text-align: center\" class=\"vc_custom_heading vc_do_custom_heading titulos\" >Instagram<\/h1><div class=\"vc_separator wpb_content_element vc_separator_align_center vc_sep_width_10 vc_sep_border_width_5 vc_sep_pos_align_center vc_separator_no_text vc_custom_1668089172309 wpb_content_element  vc_custom_1668089172309 wpb_content_element\" ><span class=\"vc_sep_holder vc_sep_holder_l\"><span style=\"border-color:#e79e47;\" class=\"vc_sep_line\"><\/span><\/span><span class=\"vc_sep_holder vc_sep_holder_r\"><span style=\"border-color:#e79e47;\" class=\"vc_sep_line\"><\/span><\/span>\n<\/div>\n\t<div class=\"wpb_raw_code wpb_raw_html wpb_content_element\" >\n\t\t<div class=\"wpb_wrapper\">\n\t\t\t\n<div id=\"sb_instagram\"  class=\"sbi sbi_mob_col_1 sbi_tab_col_2 sbi_col_4 sbi_width_resp\" style=\"padding-bottom: 10px;\"\t data-feedid=\"*2\"  data-res=\"auto\" data-cols=\"4\" data-colsmobile=\"1\" data-colstablet=\"2\" data-num=\"8\" data-nummobile=\"4\" data-item-padding=\"5\"\t data-shortcode-atts=\"{&quot;feed&quot;:&quot;2&quot;}\"  data-postid=\"16268\" data-locatornonce=\"fd8f94179d\" data-imageaspectratio=\"3:4\" data-sbi-flags=\"favorLocal\">\n\t<div class=\"sb_instagram_header  sbi_medium\"   >\n\t<a class=\"sbi_header_link\" target=\"_blank\"\n\t   rel=\"nofollow noopener\" href=\"https:\/\/www.instagram.com\/estadio_memoria\/\" title=\"@estadio_memoria\">\n\t\t<div class=\"sbi_header_text\">\n\t\t\t<div class=\"sbi_header_img\"  data-avatar-url=\"https:\/\/scontent-iad3-2.xx.fbcdn.net\/v\/t51.2885-15\/457622252_1183948666228795_5155360498643497627_n.jpg?_nc_cat=105&amp;ccb=1-7&amp;_nc_sid=7d201b&amp;_nc_eui2=AeG0JX5oYp0PI_AvTxhDU3VPCcKZ950EpBAJwpn3nQSkEI9Juo10XQsqt3JSvmuAFIY&amp;_nc_ohc=kUkrVJ3lCrAQ7kNvwFR6olP&amp;_nc_oc=AdrjmNicgXvM-Yfhw08pqKLcwRw1fRw5eGuhNPrsmK9IINbS9wYff4q_R18UgSC_J4TlSlC-IXIYE8scLK1jooKS&amp;_nc_zt=23&amp;_nc_ht=scontent-iad3-2.xx&amp;edm=AL-3X8kEAAAA&amp;oh=00_Af47V_6fS7kBxETLA3lN9sdxIe5LaST5mvbauCnVXiOYxA&amp;oe=69FC7F97\">\n\t\t\t\t\t\t\t\t\t<div class=\"sbi_header_img_hover\"  ><svg class=\"sbi_new_logo fa-instagram fa-w-14\" aria-hidden=\"true\" data-fa-processed=\"\" aria-label=\"Instagram\" data-prefix=\"fab\" data-icon=\"instagram\" role=\"img\" viewBox=\"0 0 448 512\">\n                    <path fill=\"currentColor\" d=\"M224.1 141c-63.6 0-114.9 51.3-114.9 114.9s51.3 114.9 114.9 114.9S339 319.5 339 255.9 287.7 141 224.1 141zm0 189.6c-41.1 0-74.7-33.5-74.7-74.7s33.5-74.7 74.7-74.7 74.7 33.5 74.7 74.7-33.6 74.7-74.7 74.7zm146.4-194.3c0 14.9-12 26.8-26.8 26.8-14.9 0-26.8-12-26.8-26.8s12-26.8 26.8-26.8 26.8 12 26.8 26.8zm76.1 27.2c-1.7-35.9-9.9-67.7-36.2-93.9-26.2-26.2-58-34.4-93.9-36.2-37-2.1-147.9-2.1-184.9 0-35.8 1.7-67.6 9.9-93.9 36.1s-34.4 58-36.2 93.9c-2.1 37-2.1 147.9 0 184.9 1.7 35.9 9.9 67.7 36.2 93.9s58 34.4 93.9 36.2c37 2.1 147.9 2.1 184.9 0 35.9-1.7 67.7-9.9 93.9-36.2 26.2-26.2 34.4-58 36.2-93.9 2.1-37 2.1-147.8 0-184.8zM398.8 388c-7.8 19.6-22.9 34.7-42.6 42.6-29.5 11.7-99.5 9-132.1 9s-102.7 2.6-132.1-9c-19.6-7.8-34.7-22.9-42.6-42.6-11.7-29.5-9-99.5-9-132.1s-2.6-102.7 9-132.1c7.8-19.6 22.9-34.7 42.6-42.6 29.5-11.7 99.5-9 132.1-9s102.7-2.6 132.1 9c19.6 7.8 34.7 22.9 42.6 42.6 11.7 29.5 9 99.5 9 132.1s2.7 102.7-9 132.1z\"><\/path>\n                <\/svg><\/div>\n\t\t\t\t\t<img loading=\"lazy\" decoding=\"async\"  src=\"https:\/\/www.memoriaestadionacional.cl\/wp-content\/uploads\/sb-instagram-feed-images\/estadio_memoria.webp\" alt=\"\" width=\"50\" height=\"50\">\n\t\t\t\t\n\t\t\t\t\t\t\t<\/div>\n\n\t\t\t<div class=\"sbi_feedtheme_header_text\">\n\t\t\t\t<h3>estadio_memoria<\/h3>\n\t\t\t\t\t\t\t\t\t<p class=\"sbi_bio\">Sitios de Memoria Estadio Nacional<br>\nAgenda Recorrido de la Memoria | S\u00e1bado 10 am p\u00fablico general | L a V colegios y organizaciones <br>\nInscr\u00edbete en link<\/p>\n\t\t\t\t\t\t\t<\/div>\n\t\t<\/div>\n\t<\/a>\n<\/div>\n\n\t<div id=\"sbi_images\"  style=\"gap: 10px;\">\n\t\t<div class=\"sbi_item sbi_type_carousel sbi_new sbi_transition\"\n\tid=\"sbi_18168946705419867\" data-date=\"1777677665\">\n\t<div class=\"sbi_photo_wrap\">\n\t\t<a class=\"sbi_photo\" href=\"https:\/\/www.instagram.com\/p\/DX0HTXdDmho\/\" target=\"_blank\" rel=\"noopener nofollow\"\n\t\t\tdata-full-res=\"https:\/\/scontent-iad3-2.cdninstagram.com\/v\/t51.82787-15\/681848230_18460468696106956_5779139484861951351_n.webp?stp=dst-jpg_e35_tt6&#038;_nc_cat=105&#038;ccb=7-5&#038;_nc_sid=18de74&#038;efg=eyJlZmdfdGFnIjoiQ0FST1VTRUxfSVRFTS5iZXN0X2ltYWdlX3VybGdlbi5DMyJ9&#038;_nc_eui2=AeE7Pmu9vKrLQQQzck72OnSQZJizyY_FEGhkmLPJj8UQaFhtyH8z6WuX_jRcP32DSWs&#038;_nc_ohc=UuW-w-7ai2wQ7kNvwFzYqxZ&#038;_nc_oc=Adq0FvnpMDLMVslaZnZ4Nu6oV66fhVlJyZgxQkOKUC063Nt8KpnPKH1JVWCd-kdkL67zuC2ACnJRpkJM1g_-aaYz&#038;_nc_zt=23&#038;_nc_ht=scontent-iad3-2.cdninstagram.com&#038;edm=AM6HXa8EAAAA&#038;_nc_gid=2pmYga4EIHiC-WNPpILVFw&#038;oh=00_Af6GpDFi5hEarYl7MN-UKQYCCeQ1SfZ5zfjfzq4aNneNHA&#038;oe=69FC8843\"\n\t\t\tdata-img-src-set=\"{&quot;d&quot;:&quot;https:\\\/\\\/scontent-iad3-2.cdninstagram.com\\\/v\\\/t51.82787-15\\\/681848230_18460468696106956_5779139484861951351_n.webp?stp=dst-jpg_e35_tt6&amp;_nc_cat=105&amp;ccb=7-5&amp;_nc_sid=18de74&amp;efg=eyJlZmdfdGFnIjoiQ0FST1VTRUxfSVRFTS5iZXN0X2ltYWdlX3VybGdlbi5DMyJ9&amp;_nc_eui2=AeE7Pmu9vKrLQQQzck72OnSQZJizyY_FEGhkmLPJj8UQaFhtyH8z6WuX_jRcP32DSWs&amp;_nc_ohc=UuW-w-7ai2wQ7kNvwFzYqxZ&amp;_nc_oc=Adq0FvnpMDLMVslaZnZ4Nu6oV66fhVlJyZgxQkOKUC063Nt8KpnPKH1JVWCd-kdkL67zuC2ACnJRpkJM1g_-aaYz&amp;_nc_zt=23&amp;_nc_ht=scontent-iad3-2.cdninstagram.com&amp;edm=AM6HXa8EAAAA&amp;_nc_gid=2pmYga4EIHiC-WNPpILVFw&amp;oh=00_Af6GpDFi5hEarYl7MN-UKQYCCeQ1SfZ5zfjfzq4aNneNHA&amp;oe=69FC8843&quot;,&quot;150&quot;:&quot;https:\\\/\\\/scontent-iad3-2.cdninstagram.com\\\/v\\\/t51.82787-15\\\/681848230_18460468696106956_5779139484861951351_n.webp?stp=dst-jpg_e35_tt6&amp;_nc_cat=105&amp;ccb=7-5&amp;_nc_sid=18de74&amp;efg=eyJlZmdfdGFnIjoiQ0FST1VTRUxfSVRFTS5iZXN0X2ltYWdlX3VybGdlbi5DMyJ9&amp;_nc_eui2=AeE7Pmu9vKrLQQQzck72OnSQZJizyY_FEGhkmLPJj8UQaFhtyH8z6WuX_jRcP32DSWs&amp;_nc_ohc=UuW-w-7ai2wQ7kNvwFzYqxZ&amp;_nc_oc=Adq0FvnpMDLMVslaZnZ4Nu6oV66fhVlJyZgxQkOKUC063Nt8KpnPKH1JVWCd-kdkL67zuC2ACnJRpkJM1g_-aaYz&amp;_nc_zt=23&amp;_nc_ht=scontent-iad3-2.cdninstagram.com&amp;edm=AM6HXa8EAAAA&amp;_nc_gid=2pmYga4EIHiC-WNPpILVFw&amp;oh=00_Af6GpDFi5hEarYl7MN-UKQYCCeQ1SfZ5zfjfzq4aNneNHA&amp;oe=69FC8843&quot;,&quot;320&quot;:&quot;https:\\\/\\\/scontent-iad3-2.cdninstagram.com\\\/v\\\/t51.82787-15\\\/681848230_18460468696106956_5779139484861951351_n.webp?stp=dst-jpg_e35_tt6&amp;_nc_cat=105&amp;ccb=7-5&amp;_nc_sid=18de74&amp;efg=eyJlZmdfdGFnIjoiQ0FST1VTRUxfSVRFTS5iZXN0X2ltYWdlX3VybGdlbi5DMyJ9&amp;_nc_eui2=AeE7Pmu9vKrLQQQzck72OnSQZJizyY_FEGhkmLPJj8UQaFhtyH8z6WuX_jRcP32DSWs&amp;_nc_ohc=UuW-w-7ai2wQ7kNvwFzYqxZ&amp;_nc_oc=Adq0FvnpMDLMVslaZnZ4Nu6oV66fhVlJyZgxQkOKUC063Nt8KpnPKH1JVWCd-kdkL67zuC2ACnJRpkJM1g_-aaYz&amp;_nc_zt=23&amp;_nc_ht=scontent-iad3-2.cdninstagram.com&amp;edm=AM6HXa8EAAAA&amp;_nc_gid=2pmYga4EIHiC-WNPpILVFw&amp;oh=00_Af6GpDFi5hEarYl7MN-UKQYCCeQ1SfZ5zfjfzq4aNneNHA&amp;oe=69FC8843&quot;,&quot;640&quot;:&quot;https:\\\/\\\/scontent-iad3-2.cdninstagram.com\\\/v\\\/t51.82787-15\\\/681848230_18460468696106956_5779139484861951351_n.webp?stp=dst-jpg_e35_tt6&amp;_nc_cat=105&amp;ccb=7-5&amp;_nc_sid=18de74&amp;efg=eyJlZmdfdGFnIjoiQ0FST1VTRUxfSVRFTS5iZXN0X2ltYWdlX3VybGdlbi5DMyJ9&amp;_nc_eui2=AeE7Pmu9vKrLQQQzck72OnSQZJizyY_FEGhkmLPJj8UQaFhtyH8z6WuX_jRcP32DSWs&amp;_nc_ohc=UuW-w-7ai2wQ7kNvwFzYqxZ&amp;_nc_oc=Adq0FvnpMDLMVslaZnZ4Nu6oV66fhVlJyZgxQkOKUC063Nt8KpnPKH1JVWCd-kdkL67zuC2ACnJRpkJM1g_-aaYz&amp;_nc_zt=23&amp;_nc_ht=scontent-iad3-2.cdninstagram.com&amp;edm=AM6HXa8EAAAA&amp;_nc_gid=2pmYga4EIHiC-WNPpILVFw&amp;oh=00_Af6GpDFi5hEarYl7MN-UKQYCCeQ1SfZ5zfjfzq4aNneNHA&amp;oe=69FC8843&quot;}\">\n\t\t\t<span class=\"sbi-screenreader\">Hoy en el Memorial a los Cordones Industriales jun<\/span>\n\t\t\t<svg class=\"svg-inline--fa fa-clone fa-w-16 sbi_lightbox_carousel_icon\" aria-hidden=\"true\" aria-label=\"Clone\" data-fa-pro\u0192cessed=\"\" data-prefix=\"far\" data-icon=\"clone\" role=\"img\" xmlns=\"http:\/\/www.w3.org\/2000\/svg\" viewBox=\"0 0 512 512\">\n                    <path fill=\"currentColor\" d=\"M464 0H144c-26.51 0-48 21.49-48 48v48H48c-26.51 0-48 21.49-48 48v320c0 26.51 21.49 48 48 48h320c26.51 0 48-21.49 48-48v-48h48c26.51 0 48-21.49 48-48V48c0-26.51-21.49-48-48-48zM362 464H54a6 6 0 0 1-6-6V150a6 6 0 0 1 6-6h42v224c0 26.51 21.49 48 48 48h224v42a6 6 0 0 1-6 6zm96-96H150a6 6 0 0 1-6-6V54a6 6 0 0 1 6-6h308a6 6 0 0 1 6 6v308a6 6 0 0 1-6 6z\"><\/path>\n                <\/svg>\t\t\t\t\t\t<img decoding=\"async\" src=\"https:\/\/www.memoriaestadionacional.cl\/wp-content\/plugins\/instagram-feed\/img\/placeholder.png\" alt=\"Hoy en el Memorial a los Cordones Industriales junto a Marcelo Acevedo, presidente de la Corporaci\u00f3n Estadio Nacional Memoria Nacional, exprisioneros del Estadio Nacional y representantes de la Organizaci\u00f3n 99 A\u00f1os.\" aria-hidden=\"true\">\n\t\t<\/a>\n\t<\/div>\n<\/div><div class=\"sbi_item sbi_type_carousel sbi_new sbi_transition\"\n\tid=\"sbi_17888327025497150\" data-date=\"1777641987\">\n\t<div class=\"sbi_photo_wrap\">\n\t\t<a class=\"sbi_photo\" href=\"https:\/\/www.instagram.com\/p\/DXzDQJyjqkQ\/\" target=\"_blank\" rel=\"noopener nofollow\"\n\t\t\tdata-full-res=\"https:\/\/scontent-iad6-1.cdninstagram.com\/v\/t51.82787-15\/682041783_18460386214106956_9042238316845396574_n.jpg?stp=dst-jpg_e35_tt6&#038;_nc_cat=106&#038;ccb=7-5&#038;_nc_sid=18de74&#038;efg=eyJlZmdfdGFnIjoiQ0FST1VTRUxfSVRFTS5iZXN0X2ltYWdlX3VybGdlbi5DMyJ9&#038;_nc_eui2=AeEAlBFRMgqP8eALPTc_gy3OGQ16NSky6HYZDXo1KTLodnIn6tE1zoyetfQ1AzKaYTw&#038;_nc_ohc=OkXdnPjmU3wQ7kNvwEt1Ab5&#038;_nc_oc=AdoRnWccv13kWcqHvFAVwNP2KSnqaE8sd4v3F1O5Rxk0RAUCrPtAW5nVyh8l1nR2EtIRpbWRtWruoHokQuZrYp3p&#038;_nc_zt=23&#038;_nc_ht=scontent-iad6-1.cdninstagram.com&#038;edm=AM6HXa8EAAAA&#038;_nc_gid=2pmYga4EIHiC-WNPpILVFw&#038;oh=00_Af4Mu_OkI-6okas3pztUWfQJlRaF1wW81Oz7arPVqW8Z-g&#038;oe=69FC676D\"\n\t\t\tdata-img-src-set=\"{&quot;d&quot;:&quot;https:\\\/\\\/scontent-iad6-1.cdninstagram.com\\\/v\\\/t51.82787-15\\\/682041783_18460386214106956_9042238316845396574_n.jpg?stp=dst-jpg_e35_tt6&amp;_nc_cat=106&amp;ccb=7-5&amp;_nc_sid=18de74&amp;efg=eyJlZmdfdGFnIjoiQ0FST1VTRUxfSVRFTS5iZXN0X2ltYWdlX3VybGdlbi5DMyJ9&amp;_nc_eui2=AeEAlBFRMgqP8eALPTc_gy3OGQ16NSky6HYZDXo1KTLodnIn6tE1zoyetfQ1AzKaYTw&amp;_nc_ohc=OkXdnPjmU3wQ7kNvwEt1Ab5&amp;_nc_oc=AdoRnWccv13kWcqHvFAVwNP2KSnqaE8sd4v3F1O5Rxk0RAUCrPtAW5nVyh8l1nR2EtIRpbWRtWruoHokQuZrYp3p&amp;_nc_zt=23&amp;_nc_ht=scontent-iad6-1.cdninstagram.com&amp;edm=AM6HXa8EAAAA&amp;_nc_gid=2pmYga4EIHiC-WNPpILVFw&amp;oh=00_Af4Mu_OkI-6okas3pztUWfQJlRaF1wW81Oz7arPVqW8Z-g&amp;oe=69FC676D&quot;,&quot;150&quot;:&quot;https:\\\/\\\/scontent-iad6-1.cdninstagram.com\\\/v\\\/t51.82787-15\\\/682041783_18460386214106956_9042238316845396574_n.jpg?stp=dst-jpg_e35_tt6&amp;_nc_cat=106&amp;ccb=7-5&amp;_nc_sid=18de74&amp;efg=eyJlZmdfdGFnIjoiQ0FST1VTRUxfSVRFTS5iZXN0X2ltYWdlX3VybGdlbi5DMyJ9&amp;_nc_eui2=AeEAlBFRMgqP8eALPTc_gy3OGQ16NSky6HYZDXo1KTLodnIn6tE1zoyetfQ1AzKaYTw&amp;_nc_ohc=OkXdnPjmU3wQ7kNvwEt1Ab5&amp;_nc_oc=AdoRnWccv13kWcqHvFAVwNP2KSnqaE8sd4v3F1O5Rxk0RAUCrPtAW5nVyh8l1nR2EtIRpbWRtWruoHokQuZrYp3p&amp;_nc_zt=23&amp;_nc_ht=scontent-iad6-1.cdninstagram.com&amp;edm=AM6HXa8EAAAA&amp;_nc_gid=2pmYga4EIHiC-WNPpILVFw&amp;oh=00_Af4Mu_OkI-6okas3pztUWfQJlRaF1wW81Oz7arPVqW8Z-g&amp;oe=69FC676D&quot;,&quot;320&quot;:&quot;https:\\\/\\\/scontent-iad6-1.cdninstagram.com\\\/v\\\/t51.82787-15\\\/682041783_18460386214106956_9042238316845396574_n.jpg?stp=dst-jpg_e35_tt6&amp;_nc_cat=106&amp;ccb=7-5&amp;_nc_sid=18de74&amp;efg=eyJlZmdfdGFnIjoiQ0FST1VTRUxfSVRFTS5iZXN0X2ltYWdlX3VybGdlbi5DMyJ9&amp;_nc_eui2=AeEAlBFRMgqP8eALPTc_gy3OGQ16NSky6HYZDXo1KTLodnIn6tE1zoyetfQ1AzKaYTw&amp;_nc_ohc=OkXdnPjmU3wQ7kNvwEt1Ab5&amp;_nc_oc=AdoRnWccv13kWcqHvFAVwNP2KSnqaE8sd4v3F1O5Rxk0RAUCrPtAW5nVyh8l1nR2EtIRpbWRtWruoHokQuZrYp3p&amp;_nc_zt=23&amp;_nc_ht=scontent-iad6-1.cdninstagram.com&amp;edm=AM6HXa8EAAAA&amp;_nc_gid=2pmYga4EIHiC-WNPpILVFw&amp;oh=00_Af4Mu_OkI-6okas3pztUWfQJlRaF1wW81Oz7arPVqW8Z-g&amp;oe=69FC676D&quot;,&quot;640&quot;:&quot;https:\\\/\\\/scontent-iad6-1.cdninstagram.com\\\/v\\\/t51.82787-15\\\/682041783_18460386214106956_9042238316845396574_n.jpg?stp=dst-jpg_e35_tt6&amp;_nc_cat=106&amp;ccb=7-5&amp;_nc_sid=18de74&amp;efg=eyJlZmdfdGFnIjoiQ0FST1VTRUxfSVRFTS5iZXN0X2ltYWdlX3VybGdlbi5DMyJ9&amp;_nc_eui2=AeEAlBFRMgqP8eALPTc_gy3OGQ16NSky6HYZDXo1KTLodnIn6tE1zoyetfQ1AzKaYTw&amp;_nc_ohc=OkXdnPjmU3wQ7kNvwEt1Ab5&amp;_nc_oc=AdoRnWccv13kWcqHvFAVwNP2KSnqaE8sd4v3F1O5Rxk0RAUCrPtAW5nVyh8l1nR2EtIRpbWRtWruoHokQuZrYp3p&amp;_nc_zt=23&amp;_nc_ht=scontent-iad6-1.cdninstagram.com&amp;edm=AM6HXa8EAAAA&amp;_nc_gid=2pmYga4EIHiC-WNPpILVFw&amp;oh=00_Af4Mu_OkI-6okas3pztUWfQJlRaF1wW81Oz7arPVqW8Z-g&amp;oe=69FC676D&quot;}\">\n\t\t\t<span class=\"sbi-screenreader\">Como cada a\u00f1o, como Corporaci\u00f3n Estadio Nacional M<\/span>\n\t\t\t<svg class=\"svg-inline--fa fa-clone fa-w-16 sbi_lightbox_carousel_icon\" aria-hidden=\"true\" aria-label=\"Clone\" data-fa-pro\u0192cessed=\"\" data-prefix=\"far\" data-icon=\"clone\" role=\"img\" xmlns=\"http:\/\/www.w3.org\/2000\/svg\" viewBox=\"0 0 512 512\">\n                    <path fill=\"currentColor\" d=\"M464 0H144c-26.51 0-48 21.49-48 48v48H48c-26.51 0-48 21.49-48 48v320c0 26.51 21.49 48 48 48h320c26.51 0 48-21.49 48-48v-48h48c26.51 0 48-21.49 48-48V48c0-26.51-21.49-48-48-48zM362 464H54a6 6 0 0 1-6-6V150a6 6 0 0 1 6-6h42v224c0 26.51 21.49 48 48 48h224v42a6 6 0 0 1-6 6zm96-96H150a6 6 0 0 1-6-6V54a6 6 0 0 1 6-6h308a6 6 0 0 1 6 6v308a6 6 0 0 1-6 6z\"><\/path>\n                <\/svg>\t\t\t\t\t\t<img decoding=\"async\" src=\"https:\/\/www.memoriaestadionacional.cl\/wp-content\/plugins\/instagram-feed\/img\/placeholder.png\" alt=\"Como cada a\u00f1o, como Corporaci\u00f3n Estadio Nacional Memoria Nacional rendimos homenaje a las y los trabajadores de nuestro pa\u00eds, dejando una ofrenda en el Memorial Pedro de Valdivia. Sitio que recuerda el poder de la clase obrera organizada, que fue capaz de asegurar el abastecimiento de la poblaci\u00f3n en medio de la crisis de 1972, y que reforz\u00f3 los cordones industriales en Chile.\n\nSaludamos a todas y todos las y los trabajadores que luchan por un trabajo justo y digno,.en especial a aquell@s que fueron v\u00edctimas de apremio durante la dictadura civil y militar, y fueron detenidos en este mismo recinto.\" aria-hidden=\"true\">\n\t\t<\/a>\n\t<\/div>\n<\/div><div class=\"sbi_item sbi_type_carousel sbi_new sbi_transition\"\n\tid=\"sbi_18129043933587967\" data-date=\"1777638610\">\n\t<div class=\"sbi_photo_wrap\">\n\t\t<a class=\"sbi_photo\" href=\"https:\/\/www.instagram.com\/p\/DXy8z6llFLA\/\" target=\"_blank\" rel=\"noopener nofollow\"\n\t\t\tdata-full-res=\"https:\/\/scontent-iad3-1.cdninstagram.com\/v\/t39.30808-6\/684930382_1286406130357200_6590030774196819674_n.jpg?stp=dst-jpg_e35_tt6&#038;_nc_cat=104&#038;ccb=7-5&#038;_nc_sid=18de74&#038;efg=eyJlZmdfdGFnIjoiQ0FST1VTRUxfSVRFTS5iZXN0X2ltYWdlX3VybGdlbi5DMyJ9&#038;_nc_eui2=AeHshXpH1h15fLJxgkzk4_st_CEY5G9vW-L8IRjkb29b4iYUAFxJUeD0mNr020-A4E4&#038;_nc_ohc=15FtH6l0eHgQ7kNvwG4Tns-&#038;_nc_oc=AdpRdcP2r_NmbXtooTcKsKFke0WdzpveoOIq29mf499PVGxST1lAlua5LpEwggoGtQF01njAGFB0JdhfYluTXe3P&#038;_nc_zt=23&#038;_nc_ht=scontent-iad3-1.cdninstagram.com&#038;edm=AM6HXa8EAAAA&#038;_nc_gid=2pmYga4EIHiC-WNPpILVFw&#038;oh=00_Af6YvkMPnaf7Xo7Ecc8dvpIRV1_GmOuurxRRGoemwg2P1A&#038;oe=69FC7F3E\"\n\t\t\tdata-img-src-set=\"{&quot;d&quot;:&quot;https:\\\/\\\/scontent-iad3-1.cdninstagram.com\\\/v\\\/t39.30808-6\\\/684930382_1286406130357200_6590030774196819674_n.jpg?stp=dst-jpg_e35_tt6&amp;_nc_cat=104&amp;ccb=7-5&amp;_nc_sid=18de74&amp;efg=eyJlZmdfdGFnIjoiQ0FST1VTRUxfSVRFTS5iZXN0X2ltYWdlX3VybGdlbi5DMyJ9&amp;_nc_eui2=AeHshXpH1h15fLJxgkzk4_st_CEY5G9vW-L8IRjkb29b4iYUAFxJUeD0mNr020-A4E4&amp;_nc_ohc=15FtH6l0eHgQ7kNvwG4Tns-&amp;_nc_oc=AdpRdcP2r_NmbXtooTcKsKFke0WdzpveoOIq29mf499PVGxST1lAlua5LpEwggoGtQF01njAGFB0JdhfYluTXe3P&amp;_nc_zt=23&amp;_nc_ht=scontent-iad3-1.cdninstagram.com&amp;edm=AM6HXa8EAAAA&amp;_nc_gid=2pmYga4EIHiC-WNPpILVFw&amp;oh=00_Af6YvkMPnaf7Xo7Ecc8dvpIRV1_GmOuurxRRGoemwg2P1A&amp;oe=69FC7F3E&quot;,&quot;150&quot;:&quot;https:\\\/\\\/scontent-iad3-1.cdninstagram.com\\\/v\\\/t39.30808-6\\\/684930382_1286406130357200_6590030774196819674_n.jpg?stp=dst-jpg_e35_tt6&amp;_nc_cat=104&amp;ccb=7-5&amp;_nc_sid=18de74&amp;efg=eyJlZmdfdGFnIjoiQ0FST1VTRUxfSVRFTS5iZXN0X2ltYWdlX3VybGdlbi5DMyJ9&amp;_nc_eui2=AeHshXpH1h15fLJxgkzk4_st_CEY5G9vW-L8IRjkb29b4iYUAFxJUeD0mNr020-A4E4&amp;_nc_ohc=15FtH6l0eHgQ7kNvwG4Tns-&amp;_nc_oc=AdpRdcP2r_NmbXtooTcKsKFke0WdzpveoOIq29mf499PVGxST1lAlua5LpEwggoGtQF01njAGFB0JdhfYluTXe3P&amp;_nc_zt=23&amp;_nc_ht=scontent-iad3-1.cdninstagram.com&amp;edm=AM6HXa8EAAAA&amp;_nc_gid=2pmYga4EIHiC-WNPpILVFw&amp;oh=00_Af6YvkMPnaf7Xo7Ecc8dvpIRV1_GmOuurxRRGoemwg2P1A&amp;oe=69FC7F3E&quot;,&quot;320&quot;:&quot;https:\\\/\\\/scontent-iad3-1.cdninstagram.com\\\/v\\\/t39.30808-6\\\/684930382_1286406130357200_6590030774196819674_n.jpg?stp=dst-jpg_e35_tt6&amp;_nc_cat=104&amp;ccb=7-5&amp;_nc_sid=18de74&amp;efg=eyJlZmdfdGFnIjoiQ0FST1VTRUxfSVRFTS5iZXN0X2ltYWdlX3VybGdlbi5DMyJ9&amp;_nc_eui2=AeHshXpH1h15fLJxgkzk4_st_CEY5G9vW-L8IRjkb29b4iYUAFxJUeD0mNr020-A4E4&amp;_nc_ohc=15FtH6l0eHgQ7kNvwG4Tns-&amp;_nc_oc=AdpRdcP2r_NmbXtooTcKsKFke0WdzpveoOIq29mf499PVGxST1lAlua5LpEwggoGtQF01njAGFB0JdhfYluTXe3P&amp;_nc_zt=23&amp;_nc_ht=scontent-iad3-1.cdninstagram.com&amp;edm=AM6HXa8EAAAA&amp;_nc_gid=2pmYga4EIHiC-WNPpILVFw&amp;oh=00_Af6YvkMPnaf7Xo7Ecc8dvpIRV1_GmOuurxRRGoemwg2P1A&amp;oe=69FC7F3E&quot;,&quot;640&quot;:&quot;https:\\\/\\\/scontent-iad3-1.cdninstagram.com\\\/v\\\/t39.30808-6\\\/684930382_1286406130357200_6590030774196819674_n.jpg?stp=dst-jpg_e35_tt6&amp;_nc_cat=104&amp;ccb=7-5&amp;_nc_sid=18de74&amp;efg=eyJlZmdfdGFnIjoiQ0FST1VTRUxfSVRFTS5iZXN0X2ltYWdlX3VybGdlbi5DMyJ9&amp;_nc_eui2=AeHshXpH1h15fLJxgkzk4_st_CEY5G9vW-L8IRjkb29b4iYUAFxJUeD0mNr020-A4E4&amp;_nc_ohc=15FtH6l0eHgQ7kNvwG4Tns-&amp;_nc_oc=AdpRdcP2r_NmbXtooTcKsKFke0WdzpveoOIq29mf499PVGxST1lAlua5LpEwggoGtQF01njAGFB0JdhfYluTXe3P&amp;_nc_zt=23&amp;_nc_ht=scontent-iad3-1.cdninstagram.com&amp;edm=AM6HXa8EAAAA&amp;_nc_gid=2pmYga4EIHiC-WNPpILVFw&amp;oh=00_Af6YvkMPnaf7Xo7Ecc8dvpIRV1_GmOuurxRRGoemwg2P1A&amp;oe=69FC7F3E&quot;}\">\n\t\t\t<span class=\"sbi-screenreader\">En el D\u00eda de las y los Trabajadores, conmemoramos <\/span>\n\t\t\t<svg class=\"svg-inline--fa fa-clone fa-w-16 sbi_lightbox_carousel_icon\" aria-hidden=\"true\" aria-label=\"Clone\" data-fa-pro\u0192cessed=\"\" data-prefix=\"far\" data-icon=\"clone\" role=\"img\" xmlns=\"http:\/\/www.w3.org\/2000\/svg\" viewBox=\"0 0 512 512\">\n                    <path fill=\"currentColor\" d=\"M464 0H144c-26.51 0-48 21.49-48 48v48H48c-26.51 0-48 21.49-48 48v320c0 26.51 21.49 48 48 48h320c26.51 0 48-21.49 48-48v-48h48c26.51 0 48-21.49 48-48V48c0-26.51-21.49-48-48-48zM362 464H54a6 6 0 0 1-6-6V150a6 6 0 0 1 6-6h42v224c0 26.51 21.49 48 48 48h224v42a6 6 0 0 1-6 6zm96-96H150a6 6 0 0 1-6-6V54a6 6 0 0 1 6-6h308a6 6 0 0 1 6 6v308a6 6 0 0 1-6 6z\"><\/path>\n                <\/svg>\t\t\t\t\t\t<img decoding=\"async\" src=\"https:\/\/www.memoriaestadionacional.cl\/wp-content\/plugins\/instagram-feed\/img\/placeholder.png\" alt=\"En el D\u00eda de las y los Trabajadores, conmemoramos a las mujeres y hombres trabajadores que fueron v\u00edctimas de la dictadura civil y militar de 1973. \nQueremos honrar muy especialmente a las y los trabajadores de los Cordones Industriales y a toda la clase obrera, quienes organizados lucharon para combatir el bloqueo econ\u00f3mico en contra del gobierno de la Unidad Popular.\n\nDentro de nuestros Sitios de Memoria contamos con el Memorial de Pedro de Valdivia y el Camar\u00edn 1, espacios de homenaje a los casi mil trabajadores de los cordones que estuvieron detenidos en el Estadio Nacional.\n\nHoy, como en cada recorrido por los Sitios de Memoria del Estadio Nacional, recordamos su lucha y resistencia.\" aria-hidden=\"true\">\n\t\t<\/a>\n\t<\/div>\n<\/div><div class=\"sbi_item sbi_type_image sbi_new sbi_transition\"\n\tid=\"sbi_18394427029155293\" data-date=\"1777552212\">\n\t<div class=\"sbi_photo_wrap\">\n\t\t<a class=\"sbi_photo\" href=\"https:\/\/www.instagram.com\/p\/DXwYBP0DU-H\/\" target=\"_blank\" rel=\"noopener nofollow\"\n\t\t\tdata-full-res=\"https:\/\/scontent-iad6-1.cdninstagram.com\/v\/t39.30808-6\/683299567_1285696017094878_5218003482463618836_n.jpg?stp=dst-jpg_e35_tt6&#038;_nc_cat=100&#038;ccb=7-5&#038;_nc_sid=18de74&#038;efg=eyJlZmdfdGFnIjoiRkVFRC5iZXN0X2ltYWdlX3VybGdlbi5DMyJ9&#038;_nc_eui2=AeE4UIG9xkCyY8KsALcBoGfu8fH-YLI9fD_x8f5gsj18PzB_a35g9ozttTcN0RAC3RI&#038;_nc_ohc=35215xmeFBwQ7kNvwEuqKtY&#038;_nc_oc=Adr2B1AaQidD9h3WsP9SPGKWYtmsfajJDzly0qF0L-hxIiuB3SgRAkRuLZ7m-ZXI19fHC-n0WTTinVrelLTwULK1&#038;_nc_zt=23&#038;_nc_ht=scontent-iad6-1.cdninstagram.com&#038;edm=AM6HXa8EAAAA&#038;_nc_gid=2pmYga4EIHiC-WNPpILVFw&#038;oh=00_Af5jKGLcKB8GyhUQ5yq-jt3T5_djXOYLe9xuGnDJ-bQxEg&#038;oe=69FC8860\"\n\t\t\tdata-img-src-set=\"{&quot;d&quot;:&quot;https:\\\/\\\/scontent-iad6-1.cdninstagram.com\\\/v\\\/t39.30808-6\\\/683299567_1285696017094878_5218003482463618836_n.jpg?stp=dst-jpg_e35_tt6&amp;_nc_cat=100&amp;ccb=7-5&amp;_nc_sid=18de74&amp;efg=eyJlZmdfdGFnIjoiRkVFRC5iZXN0X2ltYWdlX3VybGdlbi5DMyJ9&amp;_nc_eui2=AeE4UIG9xkCyY8KsALcBoGfu8fH-YLI9fD_x8f5gsj18PzB_a35g9ozttTcN0RAC3RI&amp;_nc_ohc=35215xmeFBwQ7kNvwEuqKtY&amp;_nc_oc=Adr2B1AaQidD9h3WsP9SPGKWYtmsfajJDzly0qF0L-hxIiuB3SgRAkRuLZ7m-ZXI19fHC-n0WTTinVrelLTwULK1&amp;_nc_zt=23&amp;_nc_ht=scontent-iad6-1.cdninstagram.com&amp;edm=AM6HXa8EAAAA&amp;_nc_gid=2pmYga4EIHiC-WNPpILVFw&amp;oh=00_Af5jKGLcKB8GyhUQ5yq-jt3T5_djXOYLe9xuGnDJ-bQxEg&amp;oe=69FC8860&quot;,&quot;150&quot;:&quot;https:\\\/\\\/scontent-iad6-1.cdninstagram.com\\\/v\\\/t39.30808-6\\\/683299567_1285696017094878_5218003482463618836_n.jpg?stp=dst-jpg_e35_tt6&amp;_nc_cat=100&amp;ccb=7-5&amp;_nc_sid=18de74&amp;efg=eyJlZmdfdGFnIjoiRkVFRC5iZXN0X2ltYWdlX3VybGdlbi5DMyJ9&amp;_nc_eui2=AeE4UIG9xkCyY8KsALcBoGfu8fH-YLI9fD_x8f5gsj18PzB_a35g9ozttTcN0RAC3RI&amp;_nc_ohc=35215xmeFBwQ7kNvwEuqKtY&amp;_nc_oc=Adr2B1AaQidD9h3WsP9SPGKWYtmsfajJDzly0qF0L-hxIiuB3SgRAkRuLZ7m-ZXI19fHC-n0WTTinVrelLTwULK1&amp;_nc_zt=23&amp;_nc_ht=scontent-iad6-1.cdninstagram.com&amp;edm=AM6HXa8EAAAA&amp;_nc_gid=2pmYga4EIHiC-WNPpILVFw&amp;oh=00_Af5jKGLcKB8GyhUQ5yq-jt3T5_djXOYLe9xuGnDJ-bQxEg&amp;oe=69FC8860&quot;,&quot;320&quot;:&quot;https:\\\/\\\/scontent-iad6-1.cdninstagram.com\\\/v\\\/t39.30808-6\\\/683299567_1285696017094878_5218003482463618836_n.jpg?stp=dst-jpg_e35_tt6&amp;_nc_cat=100&amp;ccb=7-5&amp;_nc_sid=18de74&amp;efg=eyJlZmdfdGFnIjoiRkVFRC5iZXN0X2ltYWdlX3VybGdlbi5DMyJ9&amp;_nc_eui2=AeE4UIG9xkCyY8KsALcBoGfu8fH-YLI9fD_x8f5gsj18PzB_a35g9ozttTcN0RAC3RI&amp;_nc_ohc=35215xmeFBwQ7kNvwEuqKtY&amp;_nc_oc=Adr2B1AaQidD9h3WsP9SPGKWYtmsfajJDzly0qF0L-hxIiuB3SgRAkRuLZ7m-ZXI19fHC-n0WTTinVrelLTwULK1&amp;_nc_zt=23&amp;_nc_ht=scontent-iad6-1.cdninstagram.com&amp;edm=AM6HXa8EAAAA&amp;_nc_gid=2pmYga4EIHiC-WNPpILVFw&amp;oh=00_Af5jKGLcKB8GyhUQ5yq-jt3T5_djXOYLe9xuGnDJ-bQxEg&amp;oe=69FC8860&quot;,&quot;640&quot;:&quot;https:\\\/\\\/scontent-iad6-1.cdninstagram.com\\\/v\\\/t39.30808-6\\\/683299567_1285696017094878_5218003482463618836_n.jpg?stp=dst-jpg_e35_tt6&amp;_nc_cat=100&amp;ccb=7-5&amp;_nc_sid=18de74&amp;efg=eyJlZmdfdGFnIjoiRkVFRC5iZXN0X2ltYWdlX3VybGdlbi5DMyJ9&amp;_nc_eui2=AeE4UIG9xkCyY8KsALcBoGfu8fH-YLI9fD_x8f5gsj18PzB_a35g9ozttTcN0RAC3RI&amp;_nc_ohc=35215xmeFBwQ7kNvwEuqKtY&amp;_nc_oc=Adr2B1AaQidD9h3WsP9SPGKWYtmsfajJDzly0qF0L-hxIiuB3SgRAkRuLZ7m-ZXI19fHC-n0WTTinVrelLTwULK1&amp;_nc_zt=23&amp;_nc_ht=scontent-iad6-1.cdninstagram.com&amp;edm=AM6HXa8EAAAA&amp;_nc_gid=2pmYga4EIHiC-WNPpILVFw&amp;oh=00_Af5jKGLcKB8GyhUQ5yq-jt3T5_djXOYLe9xuGnDJ-bQxEg&amp;oe=69FC8860&quot;}\">\n\t\t\t<span class=\"sbi-screenreader\">El 30 de abril de 1977, 14 mujeres se reunieron en<\/span>\n\t\t\t\t\t\t\t\t\t<img decoding=\"async\" src=\"https:\/\/www.memoriaestadionacional.cl\/wp-content\/plugins\/instagram-feed\/img\/placeholder.png\" alt=\"El 30 de abril de 1977, 14 mujeres se reunieron en la Plaza de Mayo de Buenos Aires exigiendo la aparici\u00f3n de sus hijos desaparecidos durante la dictadura civil y militar. Surgiendo en ese momento uno de los movimientos m\u00e1s hist\u00f3ricos en la defensa de los DDHH en Argentina: Movimiento de las Madres de Plaza de Mayo.\n\nComenzaron catorce madres, y lleg\u00f3 a forjarse un movimiento de m\u00e1s de 400 mujeres en busca de sus hijos e hijas v\u00edctimas de desaparici\u00f3n forzada, tortura y asesinato. Ese d\u00eda realizaron su primera ronda pidiendo Memoria, Verdad y Justicia. Cuando se declar\u00f3 el estado de sitio, fueron expulsadas por la polic\u00eda y perseguidas. En octubre de ese a\u00f1o decidieron identificarse con un pa\u00f1uelo blanco colocado como pa\u00f1oleta en la cabeza.\n\n\u201cLa \u00fanica lucha que se pierde es la que se abandona\u201d, dice una de sus consignas m\u00e1s famosas\u2026 \nEllas nunca abandonar\u00e1n. Su legado seguir\u00e1 a la par del rescate de la memoria hist\u00f3rica\u2026 Y cada jueves, como siempre, madres circulando danzar\u00e1n su solidaridad.\" aria-hidden=\"true\">\n\t\t<\/a>\n\t<\/div>\n<\/div><div class=\"sbi_item sbi_type_image sbi_new sbi_transition\"\n\tid=\"sbi_17866042152654725\" data-date=\"1777468252\">\n\t<div class=\"sbi_photo_wrap\">\n\t\t<a class=\"sbi_photo\" href=\"https:\/\/www.instagram.com\/p\/DXt34EHDqoX\/\" target=\"_blank\" rel=\"noopener nofollow\"\n\t\t\tdata-full-res=\"https:\/\/scontent-iad3-1.cdninstagram.com\/v\/t51.82787-15\/683489310_18460040986106956_3232023412963697733_n.webp?stp=dst-jpg_e35_tt6&#038;_nc_cat=108&#038;ccb=7-5&#038;_nc_sid=18de74&#038;efg=eyJlZmdfdGFnIjoiRkVFRC5iZXN0X2ltYWdlX3VybGdlbi5DMyJ9&#038;_nc_eui2=AeHIJ9eH3a8SVvYdsoVjNuvHoU2NHBly4hyhTY0cGXLiHC9Vl2dJkrzcy0t6VmAgFJ4&#038;_nc_ohc=38qlVmwmq6oQ7kNvwFPBxMe&#038;_nc_oc=Adpm7ugC7sfYyNsMurR6eFeQ4IH0Iyu3FMsZKzLpJ5BYDUkdYHrGJohCbvNaI-SjClJdLF0DrziUxuoOgOpkAzRj&#038;_nc_zt=23&#038;_nc_ht=scontent-iad3-1.cdninstagram.com&#038;edm=AM6HXa8EAAAA&#038;_nc_gid=2pmYga4EIHiC-WNPpILVFw&#038;oh=00_Af5fa4inj42h8PdhnuyxtWfWQJKOvNy5BaHKJob6m0DFxw&#038;oe=69FC5B96\"\n\t\t\tdata-img-src-set=\"{&quot;d&quot;:&quot;https:\\\/\\\/scontent-iad3-1.cdninstagram.com\\\/v\\\/t51.82787-15\\\/683489310_18460040986106956_3232023412963697733_n.webp?stp=dst-jpg_e35_tt6&amp;_nc_cat=108&amp;ccb=7-5&amp;_nc_sid=18de74&amp;efg=eyJlZmdfdGFnIjoiRkVFRC5iZXN0X2ltYWdlX3VybGdlbi5DMyJ9&amp;_nc_eui2=AeHIJ9eH3a8SVvYdsoVjNuvHoU2NHBly4hyhTY0cGXLiHC9Vl2dJkrzcy0t6VmAgFJ4&amp;_nc_ohc=38qlVmwmq6oQ7kNvwFPBxMe&amp;_nc_oc=Adpm7ugC7sfYyNsMurR6eFeQ4IH0Iyu3FMsZKzLpJ5BYDUkdYHrGJohCbvNaI-SjClJdLF0DrziUxuoOgOpkAzRj&amp;_nc_zt=23&amp;_nc_ht=scontent-iad3-1.cdninstagram.com&amp;edm=AM6HXa8EAAAA&amp;_nc_gid=2pmYga4EIHiC-WNPpILVFw&amp;oh=00_Af5fa4inj42h8PdhnuyxtWfWQJKOvNy5BaHKJob6m0DFxw&amp;oe=69FC5B96&quot;,&quot;150&quot;:&quot;https:\\\/\\\/scontent-iad3-1.cdninstagram.com\\\/v\\\/t51.82787-15\\\/683489310_18460040986106956_3232023412963697733_n.webp?stp=dst-jpg_e35_tt6&amp;_nc_cat=108&amp;ccb=7-5&amp;_nc_sid=18de74&amp;efg=eyJlZmdfdGFnIjoiRkVFRC5iZXN0X2ltYWdlX3VybGdlbi5DMyJ9&amp;_nc_eui2=AeHIJ9eH3a8SVvYdsoVjNuvHoU2NHBly4hyhTY0cGXLiHC9Vl2dJkrzcy0t6VmAgFJ4&amp;_nc_ohc=38qlVmwmq6oQ7kNvwFPBxMe&amp;_nc_oc=Adpm7ugC7sfYyNsMurR6eFeQ4IH0Iyu3FMsZKzLpJ5BYDUkdYHrGJohCbvNaI-SjClJdLF0DrziUxuoOgOpkAzRj&amp;_nc_zt=23&amp;_nc_ht=scontent-iad3-1.cdninstagram.com&amp;edm=AM6HXa8EAAAA&amp;_nc_gid=2pmYga4EIHiC-WNPpILVFw&amp;oh=00_Af5fa4inj42h8PdhnuyxtWfWQJKOvNy5BaHKJob6m0DFxw&amp;oe=69FC5B96&quot;,&quot;320&quot;:&quot;https:\\\/\\\/scontent-iad3-1.cdninstagram.com\\\/v\\\/t51.82787-15\\\/683489310_18460040986106956_3232023412963697733_n.webp?stp=dst-jpg_e35_tt6&amp;_nc_cat=108&amp;ccb=7-5&amp;_nc_sid=18de74&amp;efg=eyJlZmdfdGFnIjoiRkVFRC5iZXN0X2ltYWdlX3VybGdlbi5DMyJ9&amp;_nc_eui2=AeHIJ9eH3a8SVvYdsoVjNuvHoU2NHBly4hyhTY0cGXLiHC9Vl2dJkrzcy0t6VmAgFJ4&amp;_nc_ohc=38qlVmwmq6oQ7kNvwFPBxMe&amp;_nc_oc=Adpm7ugC7sfYyNsMurR6eFeQ4IH0Iyu3FMsZKzLpJ5BYDUkdYHrGJohCbvNaI-SjClJdLF0DrziUxuoOgOpkAzRj&amp;_nc_zt=23&amp;_nc_ht=scontent-iad3-1.cdninstagram.com&amp;edm=AM6HXa8EAAAA&amp;_nc_gid=2pmYga4EIHiC-WNPpILVFw&amp;oh=00_Af5fa4inj42h8PdhnuyxtWfWQJKOvNy5BaHKJob6m0DFxw&amp;oe=69FC5B96&quot;,&quot;640&quot;:&quot;https:\\\/\\\/scontent-iad3-1.cdninstagram.com\\\/v\\\/t51.82787-15\\\/683489310_18460040986106956_3232023412963697733_n.webp?stp=dst-jpg_e35_tt6&amp;_nc_cat=108&amp;ccb=7-5&amp;_nc_sid=18de74&amp;efg=eyJlZmdfdGFnIjoiRkVFRC5iZXN0X2ltYWdlX3VybGdlbi5DMyJ9&amp;_nc_eui2=AeHIJ9eH3a8SVvYdsoVjNuvHoU2NHBly4hyhTY0cGXLiHC9Vl2dJkrzcy0t6VmAgFJ4&amp;_nc_ohc=38qlVmwmq6oQ7kNvwFPBxMe&amp;_nc_oc=Adpm7ugC7sfYyNsMurR6eFeQ4IH0Iyu3FMsZKzLpJ5BYDUkdYHrGJohCbvNaI-SjClJdLF0DrziUxuoOgOpkAzRj&amp;_nc_zt=23&amp;_nc_ht=scontent-iad3-1.cdninstagram.com&amp;edm=AM6HXa8EAAAA&amp;_nc_gid=2pmYga4EIHiC-WNPpILVFw&amp;oh=00_Af5fa4inj42h8PdhnuyxtWfWQJKOvNy5BaHKJob6m0DFxw&amp;oe=69FC5B96&quot;}\">\n\t\t\t<span class=\"sbi-screenreader\">Hoy se conmemora el D\u00eda Internacional de la Danza,<\/span>\n\t\t\t\t\t\t\t\t\t<img decoding=\"async\" src=\"https:\/\/www.memoriaestadionacional.cl\/wp-content\/plugins\/instagram-feed\/img\/placeholder.png\" alt=\"Hoy se conmemora el D\u00eda Internacional de la Danza, un arte universal que cruza barreras pol\u00edticas, culturas y \u00e9tnicas y une a las personas bajo un lenguaje com\u00fan.\nFijado por\u00a0UNESCO en 1982 para poner en agenda internacional la importancia de la danza, en este d\u00eda se recuerda el nacimiento de Jean-Georges Noverre, un trabajador de la danza franc\u00e9s, considerado el creador del Ballet Moderno.\n\nCelebramos hoy a quienes a trav\u00e9s de la danza expresan emociones que muchas veces no se pueden decir con palabras. A quienes enriquecen la cultura y fortalecen lazos a trav\u00e9s de la danza.\" aria-hidden=\"true\">\n\t\t<\/a>\n\t<\/div>\n<\/div><div class=\"sbi_item sbi_type_carousel sbi_new sbi_transition\"\n\tid=\"sbi_17879349846565315\" data-date=\"1777399770\">\n\t<div class=\"sbi_photo_wrap\">\n\t\t<a class=\"sbi_photo\" href=\"https:\/\/www.instagram.com\/p\/DXr1QqDDtt8\/\" target=\"_blank\" rel=\"noopener nofollow\"\n\t\t\tdata-full-res=\"https:\/\/scontent-iad6-1.cdninstagram.com\/v\/t51.82787-15\/685921953_18459909547106956_3271123319977719974_n.webp?stp=dst-jpg_e35_tt6&#038;_nc_cat=106&#038;ccb=7-5&#038;_nc_sid=18de74&#038;efg=eyJlZmdfdGFnIjoiQ0FST1VTRUxfSVRFTS5iZXN0X2ltYWdlX3VybGdlbi5DMyJ9&#038;_nc_eui2=AeFklT2dMztLD38V5x1tu84UTdTC9pOt9IRN1ML2k630hK4lAnWCYDUu5khj0oxrQbY&#038;_nc_ohc=nwfXnvvp1zcQ7kNvwFsXCVe&#038;_nc_oc=AdqDW3T0aVJKFp7m0oEVBM0c6to3WWl6ga-gsu9y-71T24M7BduXZp5XA7dLvPpxUSh-qW0RXIuOj6D2SQhaLmk3&#038;_nc_zt=23&#038;_nc_ht=scontent-iad6-1.cdninstagram.com&#038;edm=AM6HXa8EAAAA&#038;_nc_gid=2pmYga4EIHiC-WNPpILVFw&#038;oh=00_Af6bvMlHH7fu9PDSaX77QS3ZjYGHrqlBjloWW_3U8cfOyg&#038;oe=69FC8D12\"\n\t\t\tdata-img-src-set=\"{&quot;d&quot;:&quot;https:\\\/\\\/scontent-iad6-1.cdninstagram.com\\\/v\\\/t51.82787-15\\\/685921953_18459909547106956_3271123319977719974_n.webp?stp=dst-jpg_e35_tt6&amp;_nc_cat=106&amp;ccb=7-5&amp;_nc_sid=18de74&amp;efg=eyJlZmdfdGFnIjoiQ0FST1VTRUxfSVRFTS5iZXN0X2ltYWdlX3VybGdlbi5DMyJ9&amp;_nc_eui2=AeFklT2dMztLD38V5x1tu84UTdTC9pOt9IRN1ML2k630hK4lAnWCYDUu5khj0oxrQbY&amp;_nc_ohc=nwfXnvvp1zcQ7kNvwFsXCVe&amp;_nc_oc=AdqDW3T0aVJKFp7m0oEVBM0c6to3WWl6ga-gsu9y-71T24M7BduXZp5XA7dLvPpxUSh-qW0RXIuOj6D2SQhaLmk3&amp;_nc_zt=23&amp;_nc_ht=scontent-iad6-1.cdninstagram.com&amp;edm=AM6HXa8EAAAA&amp;_nc_gid=2pmYga4EIHiC-WNPpILVFw&amp;oh=00_Af6bvMlHH7fu9PDSaX77QS3ZjYGHrqlBjloWW_3U8cfOyg&amp;oe=69FC8D12&quot;,&quot;150&quot;:&quot;https:\\\/\\\/scontent-iad6-1.cdninstagram.com\\\/v\\\/t51.82787-15\\\/685921953_18459909547106956_3271123319977719974_n.webp?stp=dst-jpg_e35_tt6&amp;_nc_cat=106&amp;ccb=7-5&amp;_nc_sid=18de74&amp;efg=eyJlZmdfdGFnIjoiQ0FST1VTRUxfSVRFTS5iZXN0X2ltYWdlX3VybGdlbi5DMyJ9&amp;_nc_eui2=AeFklT2dMztLD38V5x1tu84UTdTC9pOt9IRN1ML2k630hK4lAnWCYDUu5khj0oxrQbY&amp;_nc_ohc=nwfXnvvp1zcQ7kNvwFsXCVe&amp;_nc_oc=AdqDW3T0aVJKFp7m0oEVBM0c6to3WWl6ga-gsu9y-71T24M7BduXZp5XA7dLvPpxUSh-qW0RXIuOj6D2SQhaLmk3&amp;_nc_zt=23&amp;_nc_ht=scontent-iad6-1.cdninstagram.com&amp;edm=AM6HXa8EAAAA&amp;_nc_gid=2pmYga4EIHiC-WNPpILVFw&amp;oh=00_Af6bvMlHH7fu9PDSaX77QS3ZjYGHrqlBjloWW_3U8cfOyg&amp;oe=69FC8D12&quot;,&quot;320&quot;:&quot;https:\\\/\\\/scontent-iad6-1.cdninstagram.com\\\/v\\\/t51.82787-15\\\/685921953_18459909547106956_3271123319977719974_n.webp?stp=dst-jpg_e35_tt6&amp;_nc_cat=106&amp;ccb=7-5&amp;_nc_sid=18de74&amp;efg=eyJlZmdfdGFnIjoiQ0FST1VTRUxfSVRFTS5iZXN0X2ltYWdlX3VybGdlbi5DMyJ9&amp;_nc_eui2=AeFklT2dMztLD38V5x1tu84UTdTC9pOt9IRN1ML2k630hK4lAnWCYDUu5khj0oxrQbY&amp;_nc_ohc=nwfXnvvp1zcQ7kNvwFsXCVe&amp;_nc_oc=AdqDW3T0aVJKFp7m0oEVBM0c6to3WWl6ga-gsu9y-71T24M7BduXZp5XA7dLvPpxUSh-qW0RXIuOj6D2SQhaLmk3&amp;_nc_zt=23&amp;_nc_ht=scontent-iad6-1.cdninstagram.com&amp;edm=AM6HXa8EAAAA&amp;_nc_gid=2pmYga4EIHiC-WNPpILVFw&amp;oh=00_Af6bvMlHH7fu9PDSaX77QS3ZjYGHrqlBjloWW_3U8cfOyg&amp;oe=69FC8D12&quot;,&quot;640&quot;:&quot;https:\\\/\\\/scontent-iad6-1.cdninstagram.com\\\/v\\\/t51.82787-15\\\/685921953_18459909547106956_3271123319977719974_n.webp?stp=dst-jpg_e35_tt6&amp;_nc_cat=106&amp;ccb=7-5&amp;_nc_sid=18de74&amp;efg=eyJlZmdfdGFnIjoiQ0FST1VTRUxfSVRFTS5iZXN0X2ltYWdlX3VybGdlbi5DMyJ9&amp;_nc_eui2=AeFklT2dMztLD38V5x1tu84UTdTC9pOt9IRN1ML2k630hK4lAnWCYDUu5khj0oxrQbY&amp;_nc_ohc=nwfXnvvp1zcQ7kNvwFsXCVe&amp;_nc_oc=AdqDW3T0aVJKFp7m0oEVBM0c6to3WWl6ga-gsu9y-71T24M7BduXZp5XA7dLvPpxUSh-qW0RXIuOj6D2SQhaLmk3&amp;_nc_zt=23&amp;_nc_ht=scontent-iad6-1.cdninstagram.com&amp;edm=AM6HXa8EAAAA&amp;_nc_gid=2pmYga4EIHiC-WNPpILVFw&amp;oh=00_Af6bvMlHH7fu9PDSaX77QS3ZjYGHrqlBjloWW_3U8cfOyg&amp;oe=69FC8D12&quot;}\">\n\t\t\t<span class=\"sbi-screenreader\">Comenzando una nueva semana de visitas guiadas a c<\/span>\n\t\t\t<svg class=\"svg-inline--fa fa-clone fa-w-16 sbi_lightbox_carousel_icon\" aria-hidden=\"true\" aria-label=\"Clone\" data-fa-pro\u0192cessed=\"\" data-prefix=\"far\" data-icon=\"clone\" role=\"img\" xmlns=\"http:\/\/www.w3.org\/2000\/svg\" viewBox=\"0 0 512 512\">\n                    <path fill=\"currentColor\" d=\"M464 0H144c-26.51 0-48 21.49-48 48v48H48c-26.51 0-48 21.49-48 48v320c0 26.51 21.49 48 48 48h320c26.51 0 48-21.49 48-48v-48h48c26.51 0 48-21.49 48-48V48c0-26.51-21.49-48-48-48zM362 464H54a6 6 0 0 1-6-6V150a6 6 0 0 1 6-6h42v224c0 26.51 21.49 48 48 48h224v42a6 6 0 0 1-6 6zm96-96H150a6 6 0 0 1-6-6V54a6 6 0 0 1 6-6h308a6 6 0 0 1 6 6v308a6 6 0 0 1-6 6z\"><\/path>\n                <\/svg>\t\t\t\t\t\t<img decoding=\"async\" src=\"https:\/\/www.memoriaestadionacional.cl\/wp-content\/plugins\/instagram-feed\/img\/placeholder.png\" alt=\"Comenzando una nueva semana de visitas guiadas a colegios, recibimos a l@s estudiantes del Colegio O&#039;Higgins de Melipilla. \nLa visita estuvo a cargo de Daniela Romero, parte del equipo de gu\u00edas de la Corporaci\u00f3n Estadio Nacional Memoria Nacional.\" aria-hidden=\"true\">\n\t\t<\/a>\n\t<\/div>\n<\/div><div class=\"sbi_item sbi_type_image sbi_new sbi_transition\"\n\tid=\"sbi_18099057626472698\" data-date=\"1777385432\">\n\t<div class=\"sbi_photo_wrap\">\n\t\t<a class=\"sbi_photo\" href=\"https:\/\/www.instagram.com\/p\/DXrZ6W3DroG\/\" target=\"_blank\" rel=\"noopener nofollow\"\n\t\t\tdata-full-res=\"https:\/\/scontent-iad6-1.cdninstagram.com\/v\/t39.30808-6\/684941469_1284405397223940_3592483283551737478_n.jpg?stp=dst-jpg_e35_tt6&#038;_nc_cat=100&#038;ccb=7-5&#038;_nc_sid=18de74&#038;efg=eyJlZmdfdGFnIjoiRkVFRC5iZXN0X2ltYWdlX3VybGdlbi5DMyJ9&#038;_nc_eui2=AeHSnD_gXKsrqgheLZDvu5rD0kFWd54YH2PSQVZ3nhgfY0GFBvYOLCnnE8U9bu0gtNI&#038;_nc_ohc=v0tnGbd3eMMQ7kNvwFTDs2X&#038;_nc_oc=AdqHj1ySrTuEDRO76wrJiZwxwQQufEv4mw7EVlMkzzQRDR2iz3QXkwrRDDBS06MRmBslAPssxsNH4xRRqj3OwHWh&#038;_nc_zt=23&#038;_nc_ht=scontent-iad6-1.cdninstagram.com&#038;edm=AM6HXa8EAAAA&#038;_nc_gid=2pmYga4EIHiC-WNPpILVFw&#038;oh=00_Af692o3uCNYZTFuqaZWTUCfIV7RD9Oi-fX4nfEP84rqIYw&#038;oe=69FC7C50\"\n\t\t\tdata-img-src-set=\"{&quot;d&quot;:&quot;https:\\\/\\\/scontent-iad6-1.cdninstagram.com\\\/v\\\/t39.30808-6\\\/684941469_1284405397223940_3592483283551737478_n.jpg?stp=dst-jpg_e35_tt6&amp;_nc_cat=100&amp;ccb=7-5&amp;_nc_sid=18de74&amp;efg=eyJlZmdfdGFnIjoiRkVFRC5iZXN0X2ltYWdlX3VybGdlbi5DMyJ9&amp;_nc_eui2=AeHSnD_gXKsrqgheLZDvu5rD0kFWd54YH2PSQVZ3nhgfY0GFBvYOLCnnE8U9bu0gtNI&amp;_nc_ohc=v0tnGbd3eMMQ7kNvwFTDs2X&amp;_nc_oc=AdqHj1ySrTuEDRO76wrJiZwxwQQufEv4mw7EVlMkzzQRDR2iz3QXkwrRDDBS06MRmBslAPssxsNH4xRRqj3OwHWh&amp;_nc_zt=23&amp;_nc_ht=scontent-iad6-1.cdninstagram.com&amp;edm=AM6HXa8EAAAA&amp;_nc_gid=2pmYga4EIHiC-WNPpILVFw&amp;oh=00_Af692o3uCNYZTFuqaZWTUCfIV7RD9Oi-fX4nfEP84rqIYw&amp;oe=69FC7C50&quot;,&quot;150&quot;:&quot;https:\\\/\\\/scontent-iad6-1.cdninstagram.com\\\/v\\\/t39.30808-6\\\/684941469_1284405397223940_3592483283551737478_n.jpg?stp=dst-jpg_e35_tt6&amp;_nc_cat=100&amp;ccb=7-5&amp;_nc_sid=18de74&amp;efg=eyJlZmdfdGFnIjoiRkVFRC5iZXN0X2ltYWdlX3VybGdlbi5DMyJ9&amp;_nc_eui2=AeHSnD_gXKsrqgheLZDvu5rD0kFWd54YH2PSQVZ3nhgfY0GFBvYOLCnnE8U9bu0gtNI&amp;_nc_ohc=v0tnGbd3eMMQ7kNvwFTDs2X&amp;_nc_oc=AdqHj1ySrTuEDRO76wrJiZwxwQQufEv4mw7EVlMkzzQRDR2iz3QXkwrRDDBS06MRmBslAPssxsNH4xRRqj3OwHWh&amp;_nc_zt=23&amp;_nc_ht=scontent-iad6-1.cdninstagram.com&amp;edm=AM6HXa8EAAAA&amp;_nc_gid=2pmYga4EIHiC-WNPpILVFw&amp;oh=00_Af692o3uCNYZTFuqaZWTUCfIV7RD9Oi-fX4nfEP84rqIYw&amp;oe=69FC7C50&quot;,&quot;320&quot;:&quot;https:\\\/\\\/scontent-iad6-1.cdninstagram.com\\\/v\\\/t39.30808-6\\\/684941469_1284405397223940_3592483283551737478_n.jpg?stp=dst-jpg_e35_tt6&amp;_nc_cat=100&amp;ccb=7-5&amp;_nc_sid=18de74&amp;efg=eyJlZmdfdGFnIjoiRkVFRC5iZXN0X2ltYWdlX3VybGdlbi5DMyJ9&amp;_nc_eui2=AeHSnD_gXKsrqgheLZDvu5rD0kFWd54YH2PSQVZ3nhgfY0GFBvYOLCnnE8U9bu0gtNI&amp;_nc_ohc=v0tnGbd3eMMQ7kNvwFTDs2X&amp;_nc_oc=AdqHj1ySrTuEDRO76wrJiZwxwQQufEv4mw7EVlMkzzQRDR2iz3QXkwrRDDBS06MRmBslAPssxsNH4xRRqj3OwHWh&amp;_nc_zt=23&amp;_nc_ht=scontent-iad6-1.cdninstagram.com&amp;edm=AM6HXa8EAAAA&amp;_nc_gid=2pmYga4EIHiC-WNPpILVFw&amp;oh=00_Af692o3uCNYZTFuqaZWTUCfIV7RD9Oi-fX4nfEP84rqIYw&amp;oe=69FC7C50&quot;,&quot;640&quot;:&quot;https:\\\/\\\/scontent-iad6-1.cdninstagram.com\\\/v\\\/t39.30808-6\\\/684941469_1284405397223940_3592483283551737478_n.jpg?stp=dst-jpg_e35_tt6&amp;_nc_cat=100&amp;ccb=7-5&amp;_nc_sid=18de74&amp;efg=eyJlZmdfdGFnIjoiRkVFRC5iZXN0X2ltYWdlX3VybGdlbi5DMyJ9&amp;_nc_eui2=AeHSnD_gXKsrqgheLZDvu5rD0kFWd54YH2PSQVZ3nhgfY0GFBvYOLCnnE8U9bu0gtNI&amp;_nc_ohc=v0tnGbd3eMMQ7kNvwFTDs2X&amp;_nc_oc=AdqHj1ySrTuEDRO76wrJiZwxwQQufEv4mw7EVlMkzzQRDR2iz3QXkwrRDDBS06MRmBslAPssxsNH4xRRqj3OwHWh&amp;_nc_zt=23&amp;_nc_ht=scontent-iad6-1.cdninstagram.com&amp;edm=AM6HXa8EAAAA&amp;_nc_gid=2pmYga4EIHiC-WNPpILVFw&amp;oh=00_Af692o3uCNYZTFuqaZWTUCfIV7RD9Oi-fX4nfEP84rqIYw&amp;oe=69FC7C50&quot;}\">\n\t\t\t<span class=\"sbi-screenreader\">La Corte de Apelaciones de Temuco confirm\u00f3 la sent<\/span>\n\t\t\t\t\t\t\t\t\t<img decoding=\"async\" src=\"https:\/\/www.memoriaestadionacional.cl\/wp-content\/plugins\/instagram-feed\/img\/placeholder.png\" alt=\"La Corte de Apelaciones de Temuco confirm\u00f3 la sentencia que conden\u00f3 a tres ex funcionarios de Carabineros por su responsabilidad en los delitos consumados de apremios ileg\u00edtimos y secuestro calificado de los hermanos H\u00e9ctor Alejandro Barr\u00eda Bassay y Guido Ricardo Barr\u00eda Bassay. Il\u00edcitos de lesa humanidad perpetrados en la localidad de Riachuelo, comuna de R\u00edo Negro, Regi\u00f3n de Los Lagos, el 16 de octubre de 1973.\nExigimos Verdad y Justicia!\n\nNoticia @resumen.cl\" aria-hidden=\"true\">\n\t\t<\/a>\n\t<\/div>\n<\/div><div class=\"sbi_item sbi_type_image sbi_new sbi_transition\"\n\tid=\"sbi_18323098717265497\" data-date=\"1777132874\">\n\t<div class=\"sbi_photo_wrap\">\n\t\t<a class=\"sbi_photo\" href=\"https:\/\/www.instagram.com\/p\/DXj4MlRjcW4\/\" target=\"_blank\" rel=\"noopener nofollow\"\n\t\t\tdata-full-res=\"https:\/\/scontent-iad3-1.cdninstagram.com\/v\/t39.30808-6\/680676799_1281443224186824_8399764751656017961_n.jpg?stp=dst-jpg_e35_tt6&#038;_nc_cat=104&#038;ccb=7-5&#038;_nc_sid=18de74&#038;efg=eyJlZmdfdGFnIjoiRkVFRC5iZXN0X2ltYWdlX3VybGdlbi5DMyJ9&#038;_nc_eui2=AeHXdaJ7l7hrAUJzEziykysMR6WOk_UVtbFHpY6T9RW1sSLi41UIdnpvT17HfMfwZZA&#038;_nc_ohc=3lRfLsUNiRsQ7kNvwFhqMym&#038;_nc_oc=Adogpjz8cTi0XadFAb3IJJyJD5Rkw3El4q0CrjKVhfwgnEvnWx3QnZMoL7Gfkj1yL6fpZEtQZE8oKsDni3pDLAv4&#038;_nc_zt=23&#038;_nc_ht=scontent-iad3-1.cdninstagram.com&#038;edm=AM6HXa8EAAAA&#038;_nc_gid=2pmYga4EIHiC-WNPpILVFw&#038;oh=00_Af6-DI0Z3EUYd94u_frPYDxLuw6Ay2DGHdpZyVxy0NufvQ&#038;oe=69FC6675\"\n\t\t\tdata-img-src-set=\"{&quot;d&quot;:&quot;https:\\\/\\\/scontent-iad3-1.cdninstagram.com\\\/v\\\/t39.30808-6\\\/680676799_1281443224186824_8399764751656017961_n.jpg?stp=dst-jpg_e35_tt6&amp;_nc_cat=104&amp;ccb=7-5&amp;_nc_sid=18de74&amp;efg=eyJlZmdfdGFnIjoiRkVFRC5iZXN0X2ltYWdlX3VybGdlbi5DMyJ9&amp;_nc_eui2=AeHXdaJ7l7hrAUJzEziykysMR6WOk_UVtbFHpY6T9RW1sSLi41UIdnpvT17HfMfwZZA&amp;_nc_ohc=3lRfLsUNiRsQ7kNvwFhqMym&amp;_nc_oc=Adogpjz8cTi0XadFAb3IJJyJD5Rkw3El4q0CrjKVhfwgnEvnWx3QnZMoL7Gfkj1yL6fpZEtQZE8oKsDni3pDLAv4&amp;_nc_zt=23&amp;_nc_ht=scontent-iad3-1.cdninstagram.com&amp;edm=AM6HXa8EAAAA&amp;_nc_gid=2pmYga4EIHiC-WNPpILVFw&amp;oh=00_Af6-DI0Z3EUYd94u_frPYDxLuw6Ay2DGHdpZyVxy0NufvQ&amp;oe=69FC6675&quot;,&quot;150&quot;:&quot;https:\\\/\\\/scontent-iad3-1.cdninstagram.com\\\/v\\\/t39.30808-6\\\/680676799_1281443224186824_8399764751656017961_n.jpg?stp=dst-jpg_e35_tt6&amp;_nc_cat=104&amp;ccb=7-5&amp;_nc_sid=18de74&amp;efg=eyJlZmdfdGFnIjoiRkVFRC5iZXN0X2ltYWdlX3VybGdlbi5DMyJ9&amp;_nc_eui2=AeHXdaJ7l7hrAUJzEziykysMR6WOk_UVtbFHpY6T9RW1sSLi41UIdnpvT17HfMfwZZA&amp;_nc_ohc=3lRfLsUNiRsQ7kNvwFhqMym&amp;_nc_oc=Adogpjz8cTi0XadFAb3IJJyJD5Rkw3El4q0CrjKVhfwgnEvnWx3QnZMoL7Gfkj1yL6fpZEtQZE8oKsDni3pDLAv4&amp;_nc_zt=23&amp;_nc_ht=scontent-iad3-1.cdninstagram.com&amp;edm=AM6HXa8EAAAA&amp;_nc_gid=2pmYga4EIHiC-WNPpILVFw&amp;oh=00_Af6-DI0Z3EUYd94u_frPYDxLuw6Ay2DGHdpZyVxy0NufvQ&amp;oe=69FC6675&quot;,&quot;320&quot;:&quot;https:\\\/\\\/scontent-iad3-1.cdninstagram.com\\\/v\\\/t39.30808-6\\\/680676799_1281443224186824_8399764751656017961_n.jpg?stp=dst-jpg_e35_tt6&amp;_nc_cat=104&amp;ccb=7-5&amp;_nc_sid=18de74&amp;efg=eyJlZmdfdGFnIjoiRkVFRC5iZXN0X2ltYWdlX3VybGdlbi5DMyJ9&amp;_nc_eui2=AeHXdaJ7l7hrAUJzEziykysMR6WOk_UVtbFHpY6T9RW1sSLi41UIdnpvT17HfMfwZZA&amp;_nc_ohc=3lRfLsUNiRsQ7kNvwFhqMym&amp;_nc_oc=Adogpjz8cTi0XadFAb3IJJyJD5Rkw3El4q0CrjKVhfwgnEvnWx3QnZMoL7Gfkj1yL6fpZEtQZE8oKsDni3pDLAv4&amp;_nc_zt=23&amp;_nc_ht=scontent-iad3-1.cdninstagram.com&amp;edm=AM6HXa8EAAAA&amp;_nc_gid=2pmYga4EIHiC-WNPpILVFw&amp;oh=00_Af6-DI0Z3EUYd94u_frPYDxLuw6Ay2DGHdpZyVxy0NufvQ&amp;oe=69FC6675&quot;,&quot;640&quot;:&quot;https:\\\/\\\/scontent-iad3-1.cdninstagram.com\\\/v\\\/t39.30808-6\\\/680676799_1281443224186824_8399764751656017961_n.jpg?stp=dst-jpg_e35_tt6&amp;_nc_cat=104&amp;ccb=7-5&amp;_nc_sid=18de74&amp;efg=eyJlZmdfdGFnIjoiRkVFRC5iZXN0X2ltYWdlX3VybGdlbi5DMyJ9&amp;_nc_eui2=AeHXdaJ7l7hrAUJzEziykysMR6WOk_UVtbFHpY6T9RW1sSLi41UIdnpvT17HfMfwZZA&amp;_nc_ohc=3lRfLsUNiRsQ7kNvwFhqMym&amp;_nc_oc=Adogpjz8cTi0XadFAb3IJJyJD5Rkw3El4q0CrjKVhfwgnEvnWx3QnZMoL7Gfkj1yL6fpZEtQZE8oKsDni3pDLAv4&amp;_nc_zt=23&amp;_nc_ht=scontent-iad3-1.cdninstagram.com&amp;edm=AM6HXa8EAAAA&amp;_nc_gid=2pmYga4EIHiC-WNPpILVFw&amp;oh=00_Af6-DI0Z3EUYd94u_frPYDxLuw6Ay2DGHdpZyVxy0NufvQ&amp;oe=69FC6675&quot;}\">\n\t\t\t<span class=\"sbi-screenreader\">El 25 de abril de 2006, en Lota, se produjo lo que<\/span>\n\t\t\t\t\t\t\t\t\t<img decoding=\"async\" src=\"https:\/\/www.memoriaestadionacional.cl\/wp-content\/plugins\/instagram-feed\/img\/placeholder.png\" alt=\"El 25 de abril de 2006, en Lota, se produjo lo que se conoce como la primera movilizaci\u00f3n de la revoluci\u00f3n ping\u00fcina: los alumnos del Liceo A-45 realizaron la primera toma porque se les llov\u00edan las salas, exigiendo dignidad.\nA fin de ese mes la mitad de los colegios y liceos del pa\u00eds paralizaron y el ministro de Educaci\u00f3n, Mart\u00edn Zilic, es forzado a renunciar. Poco a poco se comenzaron a sumar m\u00e1s organizaciones en apoyo a las demandas de &quot;los ping\u00fcinos&quot;: quienes protestaban contra la privatizaci\u00f3n del sistema educativo chileno, el lucro en la educaci\u00f3n y la falta de recursos para la educaci\u00f3n p\u00fablica.\n\nLa Asamblea Coordinadora de Estudiantes Secundarios (ACES) logr\u00f3 apoyo transversal y las movilizaciones continuaron todo el a\u00f1o. El 6 de diciembre, la ACES se retir\u00f3 del Consejo Asesor organizado por el Gobierno para llegar a acuerdos. Tres a\u00f1os despu\u00e9s, la LOCE ser\u00eda reemplazada por la Ley General de Educaci\u00f3n.\n\n\u00a1Aguante las y los estudiantes!\n\u00a1Que su legado de lucha nunca muera y prevalezca en las nuevas generaciones!\" aria-hidden=\"true\">\n\t\t<\/a>\n\t<\/div>\n<\/div>\t<\/div>\n\n\t<div id=\"sbi_load\" >\n\n\t\t\t<button class=\"sbi_load_btn\"\n\t\t\ttype=\"button\" >\n\t\t\t<span class=\"sbi_btn_text\" >Load More<\/span>\n\t\t\t<span class=\"sbi_loader sbi_hidden\" style=\"background-color: rgb(255, 255, 255);\" aria-hidden=\"true\"><\/span>\n\t\t<\/button>\n\t\n\t\t\t<span class=\"sbi_follow_btn sbi_custom\" >\n\t\t\t<a target=\"_blank\"\n\t\t\t\trel=\"nofollow noopener\"  href=\"https:\/\/www.instagram.com\/estadio_memoria\/\" style=\"background: rgb(64,139,209);\">\n\t\t\t\t<svg class=\"svg-inline--fa fa-instagram fa-w-14\" aria-hidden=\"true\" data-fa-processed=\"\" aria-label=\"Instagram\" data-prefix=\"fab\" data-icon=\"instagram\" role=\"img\" viewBox=\"0 0 448 512\">\n                    <path fill=\"currentColor\" d=\"M224.1 141c-63.6 0-114.9 51.3-114.9 114.9s51.3 114.9 114.9 114.9S339 319.5 339 255.9 287.7 141 224.1 141zm0 189.6c-41.1 0-74.7-33.5-74.7-74.7s33.5-74.7 74.7-74.7 74.7 33.5 74.7 74.7-33.6 74.7-74.7 74.7zm146.4-194.3c0 14.9-12 26.8-26.8 26.8-14.9 0-26.8-12-26.8-26.8s12-26.8 26.8-26.8 26.8 12 26.8 26.8zm76.1 27.2c-1.7-35.9-9.9-67.7-36.2-93.9-26.2-26.2-58-34.4-93.9-36.2-37-2.1-147.9-2.1-184.9 0-35.8 1.7-67.6 9.9-93.9 36.1s-34.4 58-36.2 93.9c-2.1 37-2.1 147.9 0 184.9 1.7 35.9 9.9 67.7 36.2 93.9s58 34.4 93.9 36.2c37 2.1 147.9 2.1 184.9 0 35.9-1.7 67.7-9.9 93.9-36.2 26.2-26.2 34.4-58 36.2-93.9 2.1-37 2.1-147.8 0-184.8zM398.8 388c-7.8 19.6-22.9 34.7-42.6 42.6-29.5 11.7-99.5 9-132.1 9s-102.7 2.6-132.1-9c-19.6-7.8-34.7-22.9-42.6-42.6-11.7-29.5-9-99.5-9-132.1s-2.6-102.7 9-132.1c7.8-19.6 22.9-34.7 42.6-42.6 29.5-11.7 99.5-9 132.1-9s102.7-2.6 132.1 9c19.6 7.8 34.7 22.9 42.6 42.6 11.7 29.5 9 99.5 9 132.1s2.7 102.7-9 132.1z\"><\/path>\n                <\/svg>\t\t\t\t<span>Follow on Instagram<\/span>\n\t\t\t<\/a>\n\t\t<\/span>\n\t\n<\/div>\n\t\t<span class=\"sbi_resized_image_data\" data-feed-id=\"*2\"\n\t\t  data-resized=\"{&quot;18323098717265497&quot;:{&quot;id&quot;:&quot;680676799_1281443224186824_8399764751656017961_n&quot;,&quot;ratio&quot;:&quot;0.80&quot;,&quot;sizes&quot;:{&quot;full&quot;:640,&quot;low&quot;:320,&quot;thumb&quot;:150},&quot;extension&quot;:&quot;.webp&quot;},&quot;17879349846565315&quot;:{&quot;id&quot;:&quot;685921953_18459909547106956_3271123319977719974_n&quot;,&quot;ratio&quot;:&quot;1.33&quot;,&quot;sizes&quot;:{&quot;full&quot;:640,&quot;low&quot;:320,&quot;thumb&quot;:150},&quot;extension&quot;:&quot;.webp&quot;},&quot;18099057626472698&quot;:{&quot;id&quot;:&quot;684941469_1284405397223940_3592483283551737478_n&quot;,&quot;ratio&quot;:&quot;0.80&quot;,&quot;sizes&quot;:{&quot;full&quot;:640,&quot;low&quot;:320,&quot;thumb&quot;:150},&quot;extension&quot;:&quot;.webp&quot;},&quot;17866042152654725&quot;:{&quot;id&quot;:&quot;683489310_18460040986106956_3232023412963697733_n&quot;,&quot;ratio&quot;:&quot;0.80&quot;,&quot;sizes&quot;:{&quot;full&quot;:640,&quot;low&quot;:320,&quot;thumb&quot;:150},&quot;extension&quot;:&quot;.webp&quot;},&quot;18394427029155293&quot;:{&quot;id&quot;:&quot;683299567_1285696017094878_5218003482463618836_n&quot;,&quot;ratio&quot;:&quot;0.80&quot;,&quot;sizes&quot;:{&quot;full&quot;:640,&quot;low&quot;:320,&quot;thumb&quot;:150},&quot;extension&quot;:&quot;.webp&quot;},&quot;18129043933587967&quot;:{&quot;id&quot;:&quot;684930382_1286406130357200_6590030774196819674_n&quot;,&quot;ratio&quot;:&quot;0.80&quot;,&quot;sizes&quot;:{&quot;full&quot;:640,&quot;low&quot;:320,&quot;thumb&quot;:150},&quot;extension&quot;:&quot;.webp&quot;},&quot;18168946705419867&quot;:{&quot;id&quot;:&quot;681848230_18460468696106956_5779139484861951351_n&quot;,&quot;ratio&quot;:&quot;0.75&quot;,&quot;sizes&quot;:{&quot;full&quot;:640,&quot;low&quot;:320,&quot;thumb&quot;:150},&quot;extension&quot;:&quot;.webp&quot;},&quot;17888327025497150&quot;:{&quot;id&quot;:&quot;682041783_18460386214106956_9042238316845396574_n&quot;,&quot;ratio&quot;:&quot;0.75&quot;,&quot;sizes&quot;:{&quot;full&quot;:640,&quot;low&quot;:320,&quot;thumb&quot;:150},&quot;extension&quot;:&quot;.webp&quot;}}\">\n\t<\/span>\n\t<\/div>\n\n\n\t\t<\/div>\n\t<\/div>\n<\/div><\/div><\/div><\/div><\/div><div class=\"vc-row-container container\"><div class=\"vc_row wpb_row vc_row-fluid\"><div class=\"wpb_column vc_column_container vc_col-sm-12\"><div class=\"vc_column-inner\"><div class=\"wpb_wrapper\"><div class=\"vc_empty_space\"   style=\"height: 100px\"><span class=\"vc_empty_space_inner\"><\/span><\/div><\/div><\/div><\/div><\/div><\/div><div class=\"vc-row-container row-stretch\"><div data-vc-full-width=\"true\"  data-vc-full-width-init=\"false\" class=\"vc_row wpb_row vc_row-fluid\"><div class=\"wpb_column vc_column_container vc_col-sm-6\"><div class=\"vc_column-inner\"><div class=\"wpb_wrapper\"><div class=\"vc_empty_space\"   style=\"height: 100px\"><span class=\"vc_empty_space_inner\"><\/span><\/div>\n\t<div class=\"wpb_text_column wpb_content_element\" >\n\t\t<div class=\"wpb_wrapper\">\n\t\t\t<h5><span style=\"color: #e79e47;\">[<\/span>LIBRO<span style=\"color: #e79e47;\">]<\/span><\/h5>\n\n\t\t<\/div>\n\t<\/div>\n<h2 style=\"text-align: left\" class=\"vc_custom_heading vc_do_custom_heading\" >Estadio y Memoria<\/h2><div class=\"vc_empty_space\"   style=\"height: 32px\"><span class=\"vc_empty_space_inner\"><\/span><\/div><p style=\"text-align: left\" class=\"vc_custom_heading vc_do_custom_heading\" >El libro \"Un pueblo sin memoria es un pueblo sin futuro\" es un trabajo realizado por el equipo de los Sitios de Memoria del Estadio Nacional, cuyo objetivo es informar sobre la historia del Estadio Nacional cuando oper\u00f3 como centro de prisi\u00f3n, tortura y exterminio inmediatamente despu\u00e9s del Golpe de Estado civil y militar de 1973.<\/p><div class=\"vc_empty_space\"   style=\"height: 100px\"><span class=\"vc_empty_space_inner\"><\/span><\/div><div class=\"vc_row wpb_row vc_inner vc_row-fluid\"><div class=\"wpb_column vc_column_container vc_col-sm-4\"><div class=\"vc_column-inner\"><div class=\"wpb_wrapper\"><div class=\"vc_btn3-container vc_btn3-left vc_do_btn\" id=\"leer-libro-online\" ><a style=\"background-color:#392182; color:#ffffff;\" class=\"vc_general vc_btn3 vc_btn3-size-md vc_btn3-shape-square vc_btn3-style-custom\" href=\"https:\/\/www.memoriaestadionacional.cl\/wp-content\/uploads\/2023\/12\/ENMN_Cuadernillo-Final.pdf?utm_source=sitioweb&#038;utm_medium=home&#038;utm_campaign=leer_online&#038;utm_id=libroestadioymemoria\" title=\"Noticias\" target=\"_blank\">Leer Online<\/a><\/div><\/div><\/div><\/div><div class=\"wpb_column vc_column_container vc_col-sm-4\"><div class=\"vc_column-inner\"><div class=\"wpb_wrapper\"><div class=\"vc_btn3-container vc_btn3-left vc_do_btn\" ><a style=\"background-color:#392182; color:#ffffff;\" class=\"vc_general vc_btn3 vc_btn3-size-md vc_btn3-shape-square vc_btn3-style-custom\" href=\"https:\/\/www.memoriaestadionacional.cl\/wp-content\/uploads\/2023\/12\/ENMN_Cuadernillo-Final.pdf.zip?utm_source=sitioweb&#038;utm_medium=home&#038;utm_campaign=descargar&#038;utm_id=libroestadioymemoria\" title=\"Descargar\" target=\"_blank\">Descargar<\/a><\/div><\/div><\/div><\/div><div class=\"wpb_column vc_column_container vc_col-sm-4\"><div class=\"vc_column-inner\"><div class=\"wpb_wrapper\"><\/div><\/div><\/div><\/div><\/div><\/div><\/div><div class=\"wpb_column vc_column_container vc_col-sm-6\"><div class=\"vc_column-inner\"><div class=\"wpb_wrapper\">\n\t<div  class=\"wpb_single_image wpb_content_element vc_align_left wpb_content_element\">\n\t\t\n\t\t<figure class=\"wpb_wrapper vc_figure\">\n\t\t\t<div class=\"vc_single_image-wrapper   vc_box_border_grey\"><img loading=\"lazy\" decoding=\"async\" width=\"1206\" height=\"1570\" src=\"https:\/\/www.memoriaestadionacional.cl\/wp-content\/uploads\/2024\/08\/portada-librillo-web.png\" class=\"vc_single_image-img attachment-full\" alt=\"\" title=\"portada-librillo-web\" srcset=\"https:\/\/www.memoriaestadionacional.cl\/wp-content\/uploads\/2024\/08\/portada-librillo-web.png 1206w, https:\/\/www.memoriaestadionacional.cl\/wp-content\/uploads\/2024\/08\/portada-librillo-web-230x300.png 230w, https:\/\/www.memoriaestadionacional.cl\/wp-content\/uploads\/2024\/08\/portada-librillo-web-787x1024.png 787w, https:\/\/www.memoriaestadionacional.cl\/wp-content\/uploads\/2024\/08\/portada-librillo-web-768x1000.png 768w, https:\/\/www.memoriaestadionacional.cl\/wp-content\/uploads\/2024\/08\/portada-librillo-web-1180x1536.png 1180w, https:\/\/www.memoriaestadionacional.cl\/wp-content\/uploads\/2024\/08\/portada-librillo-web-1116x1453.png 1116w, https:\/\/www.memoriaestadionacional.cl\/wp-content\/uploads\/2024\/08\/portada-librillo-web-806x1049.png 806w, https:\/\/www.memoriaestadionacional.cl\/wp-content\/uploads\/2024\/08\/portada-librillo-web-558x726.png 558w, https:\/\/www.memoriaestadionacional.cl\/wp-content\/uploads\/2024\/08\/portada-librillo-web-655x853.png 655w\" sizes=\"auto, (max-width: 1206px) 100vw, 1206px\" \/><\/div>\n\t\t<\/figure>\n\t<\/div>\n<\/div><\/div><\/div><\/div><!-- Row Backgrounds --><div class=\"upb_color\" data-bg-override=\"0\" data-bg-color=\"#e79e47\" data-fadeout=\"\" data-fadeout-percentage=\"30\" data-parallax-content=\"\" data-parallax-content-sense=\"30\" data-row-effect-mobile-disable=\"true\" data-img-parallax-mobile-disable=\"true\" data-rtl=\"false\"  data-custom-vc-row=\"\"  data-vc=\"8.7.2\"  data-is_old_vc=\"\"  data-theme-support=\"\"   data-overlay=\"false\" data-overlay-color=\"\" data-overlay-pattern=\"\" data-overlay-pattern-opacity=\"\" data-overlay-pattern-size=\"\"    ><\/div><\/div><div class=\"vc-row-container container\"><div class=\"vc_row wpb_row vc_row-fluid\"><div class=\"wpb_column vc_column_container vc_col-sm-12\"><div class=\"vc_column-inner\"><div class=\"wpb_wrapper\"><div class=\"vc_empty_space\"   style=\"height: 100px\"><span class=\"vc_empty_space_inner\"><\/span><\/div><\/div><\/div><\/div><\/div><\/div><div class=\"vc-row-container container\"><div class=\"vc_row wpb_row vc_row-fluid vc_column-gap-35 vc_row-o-content-middle vc_row-flex\"><div class=\"wpb_column vc_column_container vc_col-sm-6\"><div class=\"vc_column-inner\"><div class=\"wpb_wrapper\">\n\t<div  class=\"wpb_single_image wpb_content_element vc_align_left wpb_content_element\">\n\t\t\n\t\t<figure class=\"wpb_wrapper vc_figure\">\n\t\t\t<div class=\"vc_single_image-wrapper   vc_box_border_grey\"><img loading=\"lazy\" decoding=\"async\" width=\"600\" height=\"800\" src=\"https:\/\/www.memoriaestadionacional.cl\/wp-content\/uploads\/2022\/11\/image5-pobrlqck07nt5fmcmwj8b769ctg0u8cx6n6ah0r800.png\" class=\"vc_single_image-img attachment-full\" alt=\"\" title=\"image5-pobrlqck07nt5fmcmwj8b769ctg0u8cx6n6ah0r800\" srcset=\"https:\/\/www.memoriaestadionacional.cl\/wp-content\/uploads\/2022\/11\/image5-pobrlqck07nt5fmcmwj8b769ctg0u8cx6n6ah0r800.png 600w, https:\/\/www.memoriaestadionacional.cl\/wp-content\/uploads\/2022\/11\/image5-pobrlqck07nt5fmcmwj8b769ctg0u8cx6n6ah0r800-225x300.png 225w, https:\/\/www.memoriaestadionacional.cl\/wp-content\/uploads\/2022\/11\/image5-pobrlqck07nt5fmcmwj8b769ctg0u8cx6n6ah0r800-558x744.png 558w\" sizes=\"auto, (max-width: 600px) 100vw, 600px\" \/><\/div>\n\t\t<\/figure>\n\t<\/div>\n<\/div><\/div><\/div><div class=\"wpb_column vc_column_container vc_col-sm-6\"><div class=\"vc_column-inner\"><div class=\"wpb_wrapper\">\n\t<div class=\"wpb_text_column wpb_content_element\" >\n\t\t<div class=\"wpb_wrapper\">\n\t\t\t<h5><span style=\"color: #e79e47;\">[<\/span>CONOCE<span style=\"color: #e79e47;\">]<\/span><\/h5>\n\n\t\t<\/div>\n\t<\/div>\n<h1 style=\"font-size: 60px;text-align: left\" class=\"vc_custom_heading vc_do_custom_heading\" >Nuestra corporaci\u00f3n<\/h1><div class=\"vc_separator wpb_content_element vc_separator_align_center vc_sep_width_10 vc_sep_border_width_5 vc_sep_pos_align_left vc_separator_no_text vc_custom_1668090146747 wpb_content_element  vc_custom_1668090146747 wpb_content_element\" ><span class=\"vc_sep_holder vc_sep_holder_l\"><span style=\"border-color:#e79e47;\" class=\"vc_sep_line\"><\/span><\/span><span class=\"vc_sep_holder vc_sep_holder_r\"><span style=\"border-color:#e79e47;\" class=\"vc_sep_line\"><\/span><\/span>\n<\/div>\n\t<div class=\"wpb_text_column wpb_content_element\" >\n\t\t<div class=\"wpb_wrapper\">\n\t\t\t<p>El origen de nuestra Corporaci\u00f3n tiene lugar en las\u00a0<b>Agrupaci\u00f3n Metropolitana de ex Prisioneras y Prisioneros Pol\u00edticos<\/b>. La cual ten\u00eda como objetivo trabajar por la memoria y la reparaci\u00f3n para quienes fueron v\u00edctimas de prisi\u00f3n pol\u00edtica durante la dictadura c\u00edvico militar\u2026<\/p>\n\n\t\t<\/div>\n\t<\/div>\n<div class=\"vc_btn3-container vc_btn3-left vc_do_btn\" ><a style=\"background-color:#392182; color:#ffffff;\" class=\"vc_general vc_btn3 vc_btn3-size-md vc_btn3-shape-square vc_btn3-style-custom\" href=\"https:\/\/www.memoriaestadionacional.cl\/nosotros\/\" title=\"Nosotros\">M\u00e1s informaci\u00f3n<\/a><\/div><\/div><\/div><\/div><\/div><\/div><div class=\"vc-row-container container\"><div class=\"vc_row wpb_row vc_row-fluid\"><div class=\"wpb_column vc_column_container vc_col-sm-12\"><div class=\"vc_column-inner\"><div class=\"wpb_wrapper\"><div class=\"vc_empty_space\"   style=\"height: 100px\"><span class=\"vc_empty_space_inner\"><\/span><\/div><\/div><\/div><\/div><\/div><\/div><div class=\"vc-row-container container\"><\/div>\n<\/div>","protected":false},"excerpt":{"rendered":"La \u00faltima semana de marzo recibimos en los Sitios de Memoria del Estadio Nacional a la Coordinadora Social Shishigang, organizaci\u00f3n comunitaria en cuya fundaci\u00f3n participaron&hellip;","protected":false},"author":1,"featured_media":0,"parent":0,"menu_order":0,"comment_status":"closed","ping_status":"closed","template":"","meta":{"_acf_changed":false,"footnotes":""},"class_list":["post-7","page","type-page","status-publish","hentry"],"acf":[],"aioseo_notices":[],"_links":{"self":[{"href":"https:\/\/www.memoriaestadionacional.cl\/en\/wp-json\/wp\/v2\/pages\/7","targetHints":{"allow":["GET"]}}],"collection":[{"href":"https:\/\/www.memoriaestadionacional.cl\/en\/wp-json\/wp\/v2\/pages"}],"about":[{"href":"https:\/\/www.memoriaestadionacional.cl\/en\/wp-json\/wp\/v2\/types\/page"}],"author":[{"embeddable":true,"href":"https:\/\/www.memoriaestadionacional.cl\/en\/wp-json\/wp\/v2\/users\/1"}],"replies":[{"embeddable":true,"href":"https:\/\/www.memoriaestadionacional.cl\/en\/wp-json\/wp\/v2\/comments?post=7"}],"version-history":[{"count":10,"href":"https:\/\/www.memoriaestadionacional.cl\/en\/wp-json\/wp\/v2\/pages\/7\/revisions"}],"predecessor-version":[{"id":16261,"href":"https:\/\/www.memoriaestadionacional.cl\/en\/wp-json\/wp\/v2\/pages\/7\/revisions\/16261"}],"wp:attachment":[{"href":"https:\/\/www.memoriaestadionacional.cl\/en\/wp-json\/wp\/v2\/media?parent=7"}],"curies":[{"name":"wp","href":"https:\/\/api.w.org\/{rel}","templated":true}]}}