{"id":5592,"date":"2016-12-05T09:17:34","date_gmt":"2016-12-05T09:17:34","guid":{"rendered":"http:\/\/demo.wpzoom.com\/inspiro\/?page_id=5592"},"modified":"2023-12-20T18:31:20","modified_gmt":"2023-12-20T18:31:20","slug":"sitios","status":"publish","type":"page","link":"https:\/\/www.memoriaestadionacional.cl\/en\/sitios\/","title":{"rendered":"Sitios"},"content":{"rendered":"<div class=\"wpb-content-wrapper\"><div class=\"vc-row-container row-stretch\"><div data-vc-full-width=\"true\"  data-vc-full-width-init=\"false\" class=\"vc_row wpb_row vc_row-fluid\"><div class=\"wpb_column vc_column_container vc_col-sm-2\"><div class=\"vc_column-inner\"><div class=\"wpb_wrapper\"><\/div><\/div><\/div><div class=\"wpb_column vc_column_container vc_col-sm-8\"><div class=\"vc_column-inner\"><div class=\"wpb_wrapper\"><div class=\"vc_empty_space\"   style=\"height: 150px\"><span class=\"vc_empty_space_inner\"><\/span><\/div>\n\t<div class=\"wpb_text_column wpb_content_element\" >\n\t\t<div class=\"wpb_wrapper\">\n\t\t\t<h5 style=\"text-align: center;\"><span style=\"color: #e79e47;\">[<\/span>SITIOS DE MEMORIA<span style=\"color: #e79e47;\">]<\/span><\/h5>\n\n\t\t<\/div>\n\t<\/div>\n<h1 style=\"text-align: center\" class=\"vc_custom_heading vc_do_custom_heading\" >Sitios de memoria Estadio Nacional<\/h1><div class=\"vc_separator wpb_content_element vc_separator_align_center vc_sep_width_10 vc_sep_border_width_5 vc_sep_pos_align_center vc_separator_no_text wpb_content_element  wpb_content_element\" ><span class=\"vc_sep_holder vc_sep_holder_l\"><span style=\"border-color:#e79e47;\" class=\"vc_sep_line\"><\/span><\/span><span class=\"vc_sep_holder vc_sep_holder_r\"><span style=\"border-color:#e79e47;\" class=\"vc_sep_line\"><\/span><\/span>\n<\/div>\n\t<div class=\"wpb_text_column wpb_content_element\" >\n\t\t<div class=\"wpb_wrapper\">\n\t\t\t<p style=\"text-align: center;\">El 11 de septiembre del a\u00f1o 2003, El Estadio Nacional alberga 9 sitios de memoria, los que dan cuenta de la historia de las y los ex prisioneros tras el Golpe de Estado de 1973.<\/p>\n<p style=\"text-align: center;\">Dentro de los muchos argumentos bajo los cuales se nombra al Estadio Nacional como un Monumento Hist\u00f3rico, se consider\u00f3 relevante qu\u00e9: \u201cEl coliseo fue el centro m\u00e1s grande de detenci\u00f3n en Chile entre septiembre y noviembre del a\u00f1o 1973, donde a su vez, el camar\u00edn norte del Centro de Piscinas, el \u201ccaracol\u201d sur y el t\u00fanel sur poniente del Vel\u00f3dromo fueron lugares de reclusi\u00f3n de miles de detenidos pol\u00edticos, donde se realizaron interrogatorios, torturas y fusilamientos y todo tipo de vej\u00e1menes a la dignidad humana y a los derechos establecidos en la Constituci\u00f3n y las Convenciones Internacionales sobre la materia.\u201d<\/p>\n<p style=\"text-align: center;\">A lo que se agrega:<\/p>\n<p style=\"text-align: center;\">\u201cQue, al cumplirse treinta a\u00f1os de estos tristes acontecimientos se hace necesario recuperar ese trozo de memoria hist\u00f3rica de lo que all\u00ed ocurri\u00f3, y preservarlo como recuerdo para las futuras generaciones, constituyendo un punto de difusi\u00f3n y educaci\u00f3n de los Derechos Humanos\u201d<\/p>\n\n\t\t<\/div>\n\t<\/div>\n<div class=\"vc_empty_space\"   style=\"height: 150px\"><span class=\"vc_empty_space_inner\"><\/span><\/div><\/div><\/div><\/div><div class=\"wpb_column vc_column_container vc_col-sm-2\"><div class=\"vc_column-inner\"><div class=\"wpb_wrapper\"><\/div><\/div><\/div><\/div><\/div><div class=\"vc-row-container vc-row-container--stretch-content\"><div data-vc-full-width=\"true\"  data-vc-full-width-init=\"false\" data-vc-stretch-content=\"true\" class=\"vc_row wpb_row vc_row-fluid vc_column-gap-35\"><div class=\"wpb_column vc_column_container vc_col-sm-4 vc_col-has-fill\"><div class=\"vc_column-inner vc_custom_1668199041481\"><div class=\"wpb_wrapper\">\n\t<div  class=\"wpb_single_image wpb_content_element vc_align_center wpb_content_element vc_custom_1668438458937\">\n\t\t\n\t\t<figure class=\"wpb_wrapper vc_figure\">\n\t\t\t<div class=\"vc_single_image-wrapper   vc_box_border_grey\"><img decoding=\"async\" class=\"vc_single_image-img \" src=\"https:\/\/www.memoriaestadionacional.cl\/wp-content\/uploads\/2022\/11\/memorial-grecia-scaled-1-250x250.jpeg\" width=\"250\" height=\"250\" alt=\"memorial-grecia-scaled\" title=\"memorial-grecia-scaled\" loading=\"lazy\" \/><\/div>\n\t\t<\/figure>\n\t<\/div>\n\n\t<div class=\"wpb_text_column wpb_content_element\" >\n\t\t<div class=\"wpb_wrapper\">\n\t\t\t<h5 style=\"text-align: center;\"><span style=\"color: #e79e47;\">[<\/span><span style=\"color: #ffffff;\">SITIOS DE MEMORIA<\/span><span style=\"color: #e79e47;\">]<\/span><\/h5>\n\n\t\t<\/div>\n\t<\/div>\n<h1 style=\"font-size: 25px;color: #ffffff;text-align: center\" class=\"vc_custom_heading vc_do_custom_heading\" >Memorial Grecia<\/h1><div class=\"vc_separator wpb_content_element vc_separator_align_center vc_sep_width_10 vc_sep_border_width_5 vc_sep_pos_align_center vc_separator_no_text wpb_content_element  wpb_content_element\" ><span class=\"vc_sep_holder vc_sep_holder_l\"><span style=\"border-color:#e79e47;\" class=\"vc_sep_line\"><\/span><\/span><span class=\"vc_sep_holder vc_sep_holder_r\"><span style=\"border-color:#e79e47;\" class=\"vc_sep_line\"><\/span><\/span>\n<\/div>\n\t<div class=\"wpb_text_column wpb_content_element vc_custom_1668198950163\" >\n\t\t<div class=\"wpb_wrapper\">\n\t\t\t<p style=\"text-align: center;\"><span style=\"color: #ffffff;\">Este memorial fue dise\u00f1ado por el Premio Nacional de Artes, Guillermo N\u00fa\u00f1ez, ex prisionero pol\u00edtico. Este sitio de memoria rinde homenaje a los prisioneros y prisioneras pol\u00edticas de todo el pa\u00eds y fue inaugurado en marzo de 2014\u2026<\/span><\/p>\n\n\t\t<\/div>\n\t<\/div>\n<div class=\"vc_empty_space\"   style=\"height: 32px\"><span class=\"vc_empty_space_inner\"><\/span><\/div><div class=\"vc_btn3-container vc_btn3-center vc_do_btn\" ><a style=\"background-color:#e79e47; color:#ffffff;\" class=\"vc_general vc_btn3 vc_btn3-size-md vc_btn3-shape-square vc_btn3-style-custom\" href=\"https:\/\/www.memoriaestadionacional.cl\/memorial-grecia\/\" title=\"Memorial Grecia\">Leer m\u00e1s<\/a><\/div><\/div><\/div><\/div><div class=\"wpb_column vc_column_container vc_col-sm-4 vc_col-has-fill\"><div class=\"vc_column-inner vc_custom_1668199057113\"><div class=\"wpb_wrapper\">\n\t<div  class=\"wpb_single_image wpb_content_element vc_align_center wpb_content_element vc_custom_1668438476349\">\n\t\t\n\t\t<figure class=\"wpb_wrapper vc_figure\">\n\t\t\t<div class=\"vc_single_image-wrapper   vc_box_border_grey\"><img decoding=\"async\" class=\"vc_single_image-img \" src=\"https:\/\/www.memoriaestadionacional.cl\/wp-content\/uploads\/2022\/11\/Escotilla-8-scaled-250x250.jpg\" width=\"250\" height=\"250\" alt=\"Escotilla 8\" title=\"Escotilla 8\" loading=\"lazy\" \/><\/div>\n\t\t<\/figure>\n\t<\/div>\n\n\t<div class=\"wpb_text_column wpb_content_element\" >\n\t\t<div class=\"wpb_wrapper\">\n\t\t\t<h5 style=\"text-align: center;\"><span style=\"color: #e79e47;\">[<\/span><span style=\"color: #ffffff;\">SITIOS DE MEMORIA<\/span><span style=\"color: #e79e47;\">]<\/span><\/h5>\n\n\t\t<\/div>\n\t<\/div>\n<h1 style=\"font-size: 25px;color: #ffffff;text-align: center\" class=\"vc_custom_heading vc_do_custom_heading\" >Escotilla 8<\/h1><div class=\"vc_separator wpb_content_element vc_separator_align_center vc_sep_width_10 vc_sep_border_width_5 vc_sep_pos_align_center vc_separator_no_text wpb_content_element  wpb_content_element\" ><span class=\"vc_sep_holder vc_sep_holder_l\"><span style=\"border-color:#e79e47;\" class=\"vc_sep_line\"><\/span><\/span><span class=\"vc_sep_holder vc_sep_holder_r\"><span style=\"border-color:#e79e47;\" class=\"vc_sep_line\"><\/span><\/span>\n<\/div>\n\t<div class=\"wpb_text_column wpb_content_element vc_custom_1668199207176\" >\n\t\t<div class=\"wpb_wrapper\">\n\t\t\t<p style=\"text-align: center;\"><span style=\"color: #ffffff;\">El coliseo cuenta con ocho escotillas, las que fueron utilizadas en su totalidad como celdas colectivas, albergando cada una entre 300 y 400 detenidos. En los muros de estas celdas a\u00fan se distinguen los grabados hechos por los prisioneros con llaves \u2026<\/span><\/p>\n\n\t\t<\/div>\n\t<\/div>\n<div class=\"vc_empty_space\"   style=\"height: 32px\"><span class=\"vc_empty_space_inner\"><\/span><\/div><div class=\"vc_btn3-container vc_btn3-center vc_do_btn\" ><a style=\"background-color:#e79e47; color:#ffffff;\" class=\"vc_general vc_btn3 vc_btn3-size-md vc_btn3-shape-square vc_btn3-style-custom\" href=\"https:\/\/www.memoriaestadionacional.cl\/escotilla-8\/\" title=\"Escotilla 8\">Leer m\u00e1s<\/a><\/div><\/div><\/div><\/div><div class=\"wpb_column vc_column_container vc_col-sm-4 vc_col-has-fill\"><div class=\"vc_column-inner vc_custom_1668199064960\"><div class=\"wpb_wrapper\">\n\t<div  class=\"wpb_single_image wpb_content_element vc_align_center wpb_content_element vc_custom_1668438481828\">\n\t\t\n\t\t<figure class=\"wpb_wrapper vc_figure\">\n\t\t\t<div class=\"vc_single_image-wrapper   vc_box_border_grey\"><img decoding=\"async\" class=\"vc_single_image-img \" src=\"https:\/\/www.memoriaestadionacional.cl\/wp-content\/uploads\/2022\/11\/tunel-y-caracola-scaled-250x250.jpg\" width=\"250\" height=\"250\" alt=\"tunel y caracola\" title=\"tunel y caracola\" loading=\"lazy\" \/><\/div>\n\t\t<\/figure>\n\t<\/div>\n\n\t<div class=\"wpb_text_column wpb_content_element\" >\n\t\t<div class=\"wpb_wrapper\">\n\t\t\t<h5 style=\"text-align: center;\"><span style=\"color: #e79e47;\">[<\/span><span style=\"color: #ffffff;\">SITIOS DE MEMORIA<\/span><span style=\"color: #e79e47;\">]<\/span><\/h5>\n\n\t\t<\/div>\n\t<\/div>\n<h1 style=\"font-size: 25px;color: #ffffff;text-align: center\" class=\"vc_custom_heading vc_do_custom_heading\" >T\u00fanel y Caracola sur del Vel\u00f3dromo<\/h1><div class=\"vc_separator wpb_content_element vc_separator_align_center vc_sep_width_10 vc_sep_border_width_5 vc_sep_pos_align_center vc_separator_no_text wpb_content_element  wpb_content_element\" ><span class=\"vc_sep_holder vc_sep_holder_l\"><span style=\"border-color:#e79e47;\" class=\"vc_sep_line\"><\/span><\/span><span class=\"vc_sep_holder vc_sep_holder_r\"><span style=\"border-color:#e79e47;\" class=\"vc_sep_line\"><\/span><\/span>\n<\/div>\n\t<div class=\"wpb_text_column wpb_content_element vc_custom_1668198950163\" >\n\t\t<div class=\"wpb_wrapper\">\n\t\t\t<p style=\"text-align: center;\"><span style=\"color: #ffffff;\">Este memorial fue dise\u00f1ado por el Premio Nacional de Artes, Guillermo N\u00fa\u00f1ez, ex prisionero pol\u00edtico. Este sitio de memoria rinde homenaje a los prisioneros y prisioneras pol\u00edticas de todo el pa\u00eds y fue inaugurado en marzo de 2014\u2026<\/span><\/p>\n\n\t\t<\/div>\n\t<\/div>\n<div class=\"vc_empty_space\"   style=\"height: 32px\"><span class=\"vc_empty_space_inner\"><\/span><\/div><div class=\"vc_btn3-container vc_btn3-center vc_do_btn\" ><a style=\"background-color:#e79e47; color:#ffffff;\" class=\"vc_general vc_btn3 vc_btn3-size-md vc_btn3-shape-square vc_btn3-style-custom\" href=\"https:\/\/www.memoriaestadionacional.cl\/tunel-y-caracola-sur-del-velodromo\/\" title=\"T\u00fanel y Caracola del vel\u00f3dromo\">Leer m\u00e1s<\/a><\/div><\/div><\/div><\/div><\/div><\/div><div class=\"vc-row-container container\"><div class=\"vc_row wpb_row vc_row-fluid\"><div class=\"wpb_column vc_column_container vc_col-sm-12 vc_hidden-xs\"><div class=\"vc_column-inner\"><div class=\"wpb_wrapper\"><div class=\"vc_empty_space\"   style=\"height: 200px\"><span class=\"vc_empty_space_inner\"><\/span><\/div><\/div><\/div><\/div><\/div><\/div><div class=\"vc-row-container vc-row-container--stretch-content\"><div data-vc-full-width=\"true\"  data-vc-full-width-init=\"false\" data-vc-stretch-content=\"true\" class=\"vc_row wpb_row vc_row-fluid vc_column-gap-35\"><div class=\"wpb_column vc_column_container vc_col-sm-4 vc_col-has-fill\"><div class=\"vc_column-inner vc_custom_1668199041481\"><div class=\"wpb_wrapper\">\n\t<div  class=\"wpb_single_image wpb_content_element vc_align_center wpb_content_element vc_custom_1668438488312\">\n\t\t\n\t\t<figure class=\"wpb_wrapper vc_figure\">\n\t\t\t<div class=\"vc_single_image-wrapper   vc_box_border_grey\"><img decoding=\"async\" class=\"vc_single_image-img \" src=\"https:\/\/www.memoriaestadionacional.cl\/wp-content\/uploads\/2022\/11\/graderia-250x250.jpg\" width=\"250\" height=\"250\" alt=\"graderia\" title=\"graderia\" loading=\"lazy\" \/><\/div>\n\t\t<\/figure>\n\t<\/div>\n\n\t<div class=\"wpb_text_column wpb_content_element\" >\n\t\t<div class=\"wpb_wrapper\">\n\t\t\t<h5 style=\"text-align: center;\"><span style=\"color: #e79e47;\">[<\/span><span style=\"color: #ffffff;\">SITIOS DE MEMORIA<\/span><span style=\"color: #e79e47;\">]<\/span><\/h5>\n\n\t\t<\/div>\n\t<\/div>\n<h1 style=\"font-size: 25px;color: #ffffff;text-align: center\" class=\"vc_custom_heading vc_do_custom_heading\" >Grader\u00edas<\/h1><div class=\"vc_separator wpb_content_element vc_separator_align_center vc_sep_width_10 vc_sep_border_width_5 vc_sep_pos_align_center vc_separator_no_text wpb_content_element  wpb_content_element\" ><span class=\"vc_sep_holder vc_sep_holder_l\"><span style=\"border-color:#e79e47;\" class=\"vc_sep_line\"><\/span><\/span><span class=\"vc_sep_holder vc_sep_holder_r\"><span style=\"border-color:#e79e47;\" class=\"vc_sep_line\"><\/span><\/span>\n<\/div>\n\t<div class=\"wpb_text_column wpb_content_element vc_custom_1668199682344\" >\n\t\t<div class=\"wpb_wrapper\">\n\t\t\t<p style=\"text-align: center;\"><span style=\"color: #ffffff;\">A partir del 22 de septiembre, los militares comenzaron a llevar a los detenidos -encerrados en camarines y escotillas d\u00eda y noche- a las grader\u00edas del coliseo. Esta pr\u00e1ctica se constituy\u00f3 en una rutina de las primeras horas de la ma\u00f1ana y tambi\u00e9n de las tardes\u2026<\/span><\/p>\n\n\t\t<\/div>\n\t<\/div>\n<div class=\"vc_empty_space\"   style=\"height: 32px\"><span class=\"vc_empty_space_inner\"><\/span><\/div><div class=\"vc_btn3-container vc_btn3-center vc_do_btn\" ><a style=\"background-color:#e79e47; color:#ffffff;\" class=\"vc_general vc_btn3 vc_btn3-size-md vc_btn3-shape-square vc_btn3-style-custom\" href=\"https:\/\/www.memoriaestadionacional.cl\/graderias\/\" title=\"Grader\u00edas\">Leer m\u00e1s<\/a><\/div><\/div><\/div><\/div><div class=\"wpb_column vc_column_container vc_col-sm-4 vc_col-has-fill\"><div class=\"vc_column-inner vc_custom_1668199057113\"><div class=\"wpb_wrapper\">\n\t<div  class=\"wpb_single_image wpb_content_element vc_align_center wpb_content_element vc_custom_1668438493787\">\n\t\t\n\t\t<figure class=\"wpb_wrapper vc_figure\">\n\t\t\t<div class=\"vc_single_image-wrapper   vc_box_border_grey\"><img decoding=\"async\" class=\"vc_single_image-img \" src=\"https:\/\/www.memoriaestadionacional.cl\/wp-content\/uploads\/2022\/11\/Pasillo-bajo-andes_-250x250.png\" width=\"250\" height=\"250\" alt=\"Pasillo bajo andes_\" title=\"Pasillo bajo andes_\" loading=\"lazy\" \/><\/div>\n\t\t<\/figure>\n\t<\/div>\n\n\t<div class=\"wpb_text_column wpb_content_element\" >\n\t\t<div class=\"wpb_wrapper\">\n\t\t\t<h5 style=\"text-align: center;\"><span style=\"color: #e79e47;\">[<\/span><span style=\"color: #ffffff;\">SITIOS DE MEMORIA<\/span><span style=\"color: #e79e47;\">]<\/span><\/h5>\n\n\t\t<\/div>\n\t<\/div>\n<h1 style=\"font-size: 25px;color: #ffffff;text-align: center\" class=\"vc_custom_heading vc_do_custom_heading\" >Pasillo y camarines<\/h1><div class=\"vc_separator wpb_content_element vc_separator_align_center vc_sep_width_10 vc_sep_border_width_5 vc_sep_pos_align_center vc_separator_no_text wpb_content_element  wpb_content_element\" ><span class=\"vc_sep_holder vc_sep_holder_l\"><span style=\"border-color:#e79e47;\" class=\"vc_sep_line\"><\/span><\/span><span class=\"vc_sep_holder vc_sep_holder_r\"><span style=\"border-color:#e79e47;\" class=\"vc_sep_line\"><\/span><\/span>\n<\/div>\n\t<div class=\"wpb_text_column wpb_content_element vc_custom_1668199709310\" >\n\t\t<div class=\"wpb_wrapper\">\n\t\t\t<p style=\"text-align: center;\"><span style=\"color: #ffffff;\">El coliseo est\u00e1 rodeado de pasillos que llevan a los distintos sectores de camarines, donde fueron recluidos la mayor\u00eda de los detenidos. Son 28 camarines y se estima que en cada uno se manten\u00eda a m\u00e1s de 100 hombres, absolutamente hacinados\u2026<\/span><\/p>\n\n\t\t<\/div>\n\t<\/div>\n<div class=\"vc_empty_space\"   style=\"height: 32px\"><span class=\"vc_empty_space_inner\"><\/span><\/div><div class=\"vc_btn3-container vc_btn3-center vc_do_btn\" ><a style=\"background-color:#e79e47; color:#ffffff;\" class=\"vc_general vc_btn3 vc_btn3-size-md vc_btn3-shape-square vc_btn3-style-custom\" href=\"https:\/\/www.memoriaestadionacional.cl\/pasillo-y-camarines\/\" title=\"Pasillo y Camarines\">Leer m\u00e1s<\/a><\/div><\/div><\/div><\/div><div class=\"wpb_column vc_column_container vc_col-sm-4 vc_col-has-fill\"><div class=\"vc_column-inner vc_custom_1668199064960\"><div class=\"wpb_wrapper\">\n\t<div  class=\"wpb_single_image wpb_content_element vc_align_center wpb_content_element vc_custom_1668438499149\">\n\t\t\n\t\t<figure class=\"wpb_wrapper vc_figure\">\n\t\t\t<div class=\"vc_single_image-wrapper   vc_box_border_grey\"><img decoding=\"async\" class=\"vc_single_image-img \" src=\"https:\/\/www.memoriaestadionacional.cl\/wp-content\/uploads\/2022\/11\/camino-de-la-memoria-scaled-250x250.jpg\" width=\"250\" height=\"250\" alt=\"camino de la memoria\" title=\"camino de la memoria\" loading=\"lazy\" \/><\/div>\n\t\t<\/figure>\n\t<\/div>\n\n\t<div class=\"wpb_text_column wpb_content_element\" >\n\t\t<div class=\"wpb_wrapper\">\n\t\t\t<h5 style=\"text-align: center;\"><span style=\"color: #e79e47;\">[<\/span><span style=\"color: #ffffff;\">SITIOS DE MEMORIA<\/span><span style=\"color: #e79e47;\">]<\/span><\/h5>\n\n\t\t<\/div>\n\t<\/div>\n<h1 style=\"font-size: 25px;color: #ffffff;text-align: center\" class=\"vc_custom_heading vc_do_custom_heading\" >Camino de la Memoria<\/h1><div class=\"vc_separator wpb_content_element vc_separator_align_center vc_sep_width_10 vc_sep_border_width_5 vc_sep_pos_align_center vc_separator_no_text wpb_content_element  wpb_content_element\" ><span class=\"vc_sep_holder vc_sep_holder_l\"><span style=\"border-color:#e79e47;\" class=\"vc_sep_line\"><\/span><\/span><span class=\"vc_sep_holder vc_sep_holder_r\"><span style=\"border-color:#e79e47;\" class=\"vc_sep_line\"><\/span><\/span>\n<\/div>\n\t<div class=\"wpb_text_column wpb_content_element vc_custom_1668199737360\" >\n\t\t<div class=\"wpb_wrapper\">\n\t\t\t<p style=\"text-align: center;\"><span style=\"color: #ffffff;\">Diariamente desde los camarines de la piscina y desde el coliseo llevaban a hombres y mujeres hacia el vel\u00f3dromo, a la pista de ciclismo ubicada a unos 200 metros del coliseo central. Grupos de 30, 50 o 100 conformaban una penosa procesi\u00f3n\u2026<\/span><\/p>\n\n\t\t<\/div>\n\t<\/div>\n<div class=\"vc_empty_space\"   style=\"height: 32px\"><span class=\"vc_empty_space_inner\"><\/span><\/div><div class=\"vc_btn3-container vc_btn3-center vc_do_btn\" ><a style=\"background-color:#e79e47; color:#ffffff;\" class=\"vc_general vc_btn3 vc_btn3-size-md vc_btn3-shape-square vc_btn3-style-custom\" href=\"https:\/\/www.memoriaestadionacional.cl\/camino-de-la-memoria\/\" title=\"Camino de la Memoria\">Leer m\u00e1s<\/a><\/div><\/div><\/div><\/div><\/div><\/div><div class=\"vc-row-container container\"><div class=\"vc_row wpb_row vc_row-fluid\"><div class=\"wpb_column vc_column_container vc_col-sm-12 vc_hidden-xs\"><div class=\"vc_column-inner\"><div class=\"wpb_wrapper\"><div class=\"vc_empty_space\"   style=\"height: 200px\"><span class=\"vc_empty_space_inner\"><\/span><\/div><\/div><\/div><\/div><\/div><\/div><div class=\"vc-row-container vc-row-container--stretch-content\"><div data-vc-full-width=\"true\"  data-vc-full-width-init=\"false\" data-vc-stretch-content=\"true\" class=\"vc_row wpb_row vc_row-fluid vc_column-gap-35\"><div class=\"wpb_column vc_column_container vc_col-sm-4 vc_col-has-fill\"><div class=\"vc_column-inner vc_custom_1668199041481\"><div class=\"wpb_wrapper\">\n\t<div  class=\"wpb_single_image wpb_content_element vc_align_center wpb_content_element vc_custom_1668438505033\">\n\t\t\n\t\t<figure class=\"wpb_wrapper vc_figure\">\n\t\t\t<div class=\"vc_single_image-wrapper   vc_box_border_grey\"><img decoding=\"async\" class=\"vc_single_image-img \" src=\"https:\/\/www.memoriaestadionacional.cl\/wp-content\/uploads\/2022\/11\/memorial-pedro-de-valdivia-250x250.jpg\" width=\"250\" height=\"250\" alt=\"memorial pedro de valdivia\" title=\"memorial pedro de valdivia\" loading=\"lazy\" \/><\/div>\n\t\t<\/figure>\n\t<\/div>\n\n\t<div class=\"wpb_text_column wpb_content_element\" >\n\t\t<div class=\"wpb_wrapper\">\n\t\t\t<h5 style=\"text-align: center;\"><span style=\"color: #e79e47;\">[<\/span><span style=\"color: #ffffff;\">SITIOS DE MEMORIA<\/span><span style=\"color: #e79e47;\">]<\/span><\/h5>\n\n\t\t<\/div>\n\t<\/div>\n<h1 style=\"font-size: 25px;color: #ffffff;text-align: center\" class=\"vc_custom_heading vc_do_custom_heading\" >Memorial Av. Pedro de Valdivia<\/h1><div class=\"vc_separator wpb_content_element vc_separator_align_center vc_sep_width_10 vc_sep_border_width_5 vc_sep_pos_align_center vc_separator_no_text wpb_content_element  wpb_content_element\" ><span class=\"vc_sep_holder vc_sep_holder_l\"><span style=\"border-color:#e79e47;\" class=\"vc_sep_line\"><\/span><\/span><span class=\"vc_sep_holder vc_sep_holder_r\"><span style=\"border-color:#e79e47;\" class=\"vc_sep_line\"><\/span><\/span>\n<\/div>\n\t<div class=\"wpb_text_column wpb_content_element vc_custom_1703097064780\" >\n\t\t<div class=\"wpb_wrapper\">\n\t\t\t<p style=\"text-align: center;\"><span style=\"color: #ffffff;\">En octubre de 1972, en pleno Gobierno del Presidente Salvador Allende y en v\u00edsperas de las elecciones parlamentarias de marzo de 1973, se paralizaron la producci\u00f3n y abastecimiento nacionales&#8230;<\/span><\/p>\n\n\t\t<\/div>\n\t<\/div>\n<div class=\"vc_empty_space\"   style=\"height: 32px\"><span class=\"vc_empty_space_inner\"><\/span><\/div><div class=\"vc_btn3-container vc_btn3-center vc_do_btn\" ><a style=\"background-color:#e79e47; color:#ffffff;\" class=\"vc_general vc_btn3 vc_btn3-size-md vc_btn3-shape-square vc_btn3-style-custom\" href=\"https:\/\/www.memoriaestadionacional.cl\/memorial-pedro-valdivia\/\" title=\"Memorial Grecia\">Leer m\u00e1s<\/a><\/div><\/div><\/div><\/div><div class=\"wpb_column vc_column_container vc_col-sm-4 vc_col-has-fill\"><div class=\"vc_column-inner vc_custom_1668199057113\"><div class=\"wpb_wrapper\">\n\t<div  class=\"wpb_single_image wpb_content_element vc_align_center wpb_content_element vc_custom_1668438510070\">\n\t\t\n\t\t<figure class=\"wpb_wrapper vc_figure\">\n\t\t\t<div class=\"vc_single_image-wrapper   vc_box_border_grey\"><img decoding=\"async\" class=\"vc_single_image-img \" src=\"https:\/\/www.memoriaestadionacional.cl\/wp-content\/uploads\/2022\/11\/Camarin-de-mujeres-scaled-250x250.jpg\" width=\"250\" height=\"250\" alt=\"Camar\u00edn de mujeres\" title=\"Camar\u00edn de mujeres\" loading=\"lazy\" \/><\/div>\n\t\t<\/figure>\n\t<\/div>\n\n\t<div class=\"wpb_text_column wpb_content_element\" >\n\t\t<div class=\"wpb_wrapper\">\n\t\t\t<h5 style=\"text-align: center;\"><span style=\"color: #e79e47;\">[<\/span><span style=\"color: #ffffff;\">SITIOS DE MEMORIA<\/span><span style=\"color: #e79e47;\">]<\/span><\/h5>\n\n\t\t<\/div>\n\t<\/div>\n<h1 style=\"font-size: 25px;color: #ffffff;text-align: center\" class=\"vc_custom_heading vc_do_custom_heading\" >Camar\u00edn de Mujeres<\/h1><div class=\"vc_separator wpb_content_element vc_separator_align_center vc_sep_width_10 vc_sep_border_width_5 vc_sep_pos_align_center vc_separator_no_text wpb_content_element  wpb_content_element\" ><span class=\"vc_sep_holder vc_sep_holder_l\"><span style=\"border-color:#e79e47;\" class=\"vc_sep_line\"><\/span><\/span><span class=\"vc_sep_holder vc_sep_holder_r\"><span style=\"border-color:#e79e47;\" class=\"vc_sep_line\"><\/span><\/span>\n<\/div>\n\t<div class=\"wpb_text_column wpb_content_element vc_custom_1668199797391\" >\n\t\t<div class=\"wpb_wrapper\">\n\t\t\t<p style=\"text-align: center;\"><span style=\"color: #ffffff;\">Las mujeres prisioneras en el Estadio Nacional fueron recluidas primero junto con los hombres en los camarines del coliseo central, pero el 26 de septiembre fueron trasladadas al sector de la piscina. Hab\u00eda dos camarines el sur y el \u2026<\/span><\/p>\n\n\t\t<\/div>\n\t<\/div>\n<div class=\"vc_empty_space\"   style=\"height: 32px\"><span class=\"vc_empty_space_inner\"><\/span><\/div><div class=\"vc_btn3-container vc_btn3-center vc_do_btn\" ><a style=\"background-color:#e79e47; color:#ffffff;\" class=\"vc_general vc_btn3 vc_btn3-size-md vc_btn3-shape-square vc_btn3-style-custom\" href=\"https:\/\/www.memoriaestadionacional.cl\/camarin-norte\/\" title=\"Camar\u00edn de Mujeres\">Leer m\u00e1s<\/a><\/div><\/div><\/div><\/div><div class=\"wpb_column vc_column_container vc_col-sm-4 vc_col-has-fill\"><div class=\"vc_column-inner vc_custom_1668199064960\"><div class=\"wpb_wrapper\">\n\t<div  class=\"wpb_single_image wpb_content_element vc_align_center wpb_content_element vc_custom_1668438516032\">\n\t\t\n\t\t<figure class=\"wpb_wrapper vc_figure\">\n\t\t\t<div class=\"vc_single_image-wrapper   vc_box_border_grey\"><img decoding=\"async\" class=\"vc_single_image-img \" src=\"https:\/\/www.memoriaestadionacional.cl\/wp-content\/uploads\/2022\/11\/Galeria-scaled-250x250.jpg\" width=\"250\" height=\"250\" alt=\"Galeria\" title=\"Galeria\" loading=\"lazy\" \/><\/div>\n\t\t<\/figure>\n\t<\/div>\n\n\t<div class=\"wpb_text_column wpb_content_element\" >\n\t\t<div class=\"wpb_wrapper\">\n\t\t\t<h5 style=\"text-align: center;\"><span style=\"color: #e79e47;\">[<\/span><span style=\"color: #ffffff;\">SITIOS DE MEMORIA<\/span><span style=\"color: #e79e47;\">]<\/span><\/h5>\n\n\t\t<\/div>\n\t<\/div>\n<h1 style=\"font-size: 25px;color: #ffffff;text-align: center\" class=\"vc_custom_heading vc_do_custom_heading\" >Galer\u00eda permanente Andes Norte<\/h1><div class=\"vc_separator wpb_content_element vc_separator_align_center vc_sep_width_10 vc_sep_border_width_5 vc_sep_pos_align_center vc_separator_no_text wpb_content_element  wpb_content_element\" ><span class=\"vc_sep_holder vc_sep_holder_l\"><span style=\"border-color:#e79e47;\" class=\"vc_sep_line\"><\/span><\/span><span class=\"vc_sep_holder vc_sep_holder_r\"><span style=\"border-color:#e79e47;\" class=\"vc_sep_line\"><\/span><\/span>\n<\/div>\n\t<div class=\"wpb_text_column wpb_content_element vc_custom_1668199824758\" >\n\t\t<div class=\"wpb_wrapper\">\n\t\t\t<p style=\"text-align: center;\"><span style=\"color: #ffffff;\">Esta Exposici\u00f3n fue realizada con el convenio Chile Celebra del Consejo Nacional de la Cultura y las Artes, la cual cuenta la historia de la Unidad Popular, el Golpe de Estado, los Prisioneros y Prisioneras en Estadio Nacional\u2026<\/span><\/p>\n\n\t\t<\/div>\n\t<\/div>\n<div class=\"vc_empty_space\"   style=\"height: 32px\"><span class=\"vc_empty_space_inner\"><\/span><\/div><div class=\"vc_btn3-container vc_btn3-center vc_do_btn\" ><a style=\"background-color:#e79e47; color:#ffffff;\" class=\"vc_general vc_btn3 vc_btn3-size-md vc_btn3-shape-square vc_btn3-style-custom\" href=\"https:\/\/www.memoriaestadionacional.cl\/galeria-permanente-andes-sur-2\/\" title=\"Galer\u00eda permanente Andes Norte\">Leer m\u00e1s<\/a><\/div><\/div><\/div><\/div><\/div><\/div><div class=\"vc-row-container container\"><div class=\"vc_row wpb_row vc_row-fluid\"><div class=\"wpb_column vc_column_container vc_col-sm-12\"><div class=\"vc_column-inner\"><div class=\"wpb_wrapper\"><div class=\"vc_empty_space\"   style=\"height: 200px\"><span class=\"vc_empty_space_inner\"><\/span><\/div><\/div><\/div><\/div><\/div><\/div><div class=\"vc-row-container vc-row-container--stretch-content\"><div data-vc-full-width=\"true\"  data-vc-full-width-init=\"false\" data-vc-stretch-content=\"true\" class=\"vc_row wpb_row vc_row-fluid vc_column-gap-35\"><div class=\"wpb_column vc_column_container vc_col-sm-4 vc_col-has-fill\"><div class=\"vc_column-inner vc_custom_1668199041481\"><div class=\"wpb_wrapper\">\n\t<div  class=\"wpb_single_image wpb_content_element vc_align_center wpb_content_element vc_custom_1702046853649\">\n\t\t\n\t\t<figure class=\"wpb_wrapper vc_figure\">\n\t\t\t<div class=\"vc_single_image-wrapper   vc_box_border_grey\"><img decoding=\"async\" class=\"vc_single_image-img \" src=\"https:\/\/www.memoriaestadionacional.cl\/wp-content\/uploads\/2023\/12\/MAR9433-250x250.jpg\" width=\"250\" height=\"250\" alt=\"_MAR9433\" title=\"_MAR9433\" loading=\"lazy\" \/><\/div>\n\t\t<\/figure>\n\t<\/div>\n\n\t<div class=\"wpb_text_column wpb_content_element\" >\n\t\t<div class=\"wpb_wrapper\">\n\t\t\t<h5 style=\"text-align: center;\"><span style=\"color: #e79e47;\">[<\/span><span style=\"color: #ffffff;\">SITIOS DE MEMORIA<\/span><span style=\"color: #e79e47;\">]<\/span><\/h5>\n\n\t\t<\/div>\n\t<\/div>\n<h1 style=\"font-size: 25px;color: #ffffff;text-align: center\" class=\"vc_custom_heading vc_do_custom_heading\" >Mural 50 A\u00f1os<\/h1><div class=\"vc_separator wpb_content_element vc_separator_align_center vc_sep_width_10 vc_sep_border_width_5 vc_sep_pos_align_center vc_separator_no_text wpb_content_element  wpb_content_element\" ><span class=\"vc_sep_holder vc_sep_holder_l\"><span style=\"border-color:#e79e47;\" class=\"vc_sep_line\"><\/span><\/span><span class=\"vc_sep_holder vc_sep_holder_r\"><span style=\"border-color:#e79e47;\" class=\"vc_sep_line\"><\/span><\/span>\n<\/div>\n\t<div class=\"wpb_text_column wpb_content_element vc_custom_1702046902842\" >\n\t\t<div class=\"wpb_wrapper\">\n\t\t\t<p style=\"text-align: center;\"><span style=\"color: #ffffff;\">Como primer hito de la conmemoraci\u00f3n de los 50 a\u00f1os del golpe de Estado civil y militar de 1973 de los sitios de memoria del Estadio Nacional, Mono Gonz\u00e1lez y Mon Laferte plasmaron un mural en homenaje a las y los prisioneros pol\u00edticos de la dictadura del recinto deportivo.<\/span><\/p>\n\n\t\t<\/div>\n\t<\/div>\n<div class=\"vc_empty_space\"   style=\"height: 32px\"><span class=\"vc_empty_space_inner\"><\/span><\/div><div class=\"vc_btn3-container vc_btn3-center vc_do_btn\" ><a style=\"background-color:#e79e47; color:#ffffff;\" class=\"vc_general vc_btn3 vc_btn3-size-md vc_btn3-shape-square vc_btn3-style-custom\" href=\"https:\/\/www.memoriaestadionacional.cl\/mural-50-anos\/\" title=\"Mural 50 A\u00f1os\">Leer m\u00e1s<\/a><\/div><\/div><\/div><\/div><div class=\"wpb_column vc_column_container vc_col-sm-4\"><div class=\"vc_column-inner\"><div class=\"wpb_wrapper\"><\/div><\/div><\/div><div class=\"wpb_column vc_column_container vc_col-sm-4\"><div class=\"vc_column-inner\"><div class=\"wpb_wrapper\"><\/div><\/div><\/div><\/div><\/div><div class=\"vc-row-container container\"><div class=\"vc_row wpb_row vc_row-fluid\"><div class=\"wpb_column vc_column_container vc_col-sm-12\"><div class=\"vc_column-inner\"><div class=\"wpb_wrapper\"><div class=\"vc_empty_space\"   style=\"height: 100px\"><span class=\"vc_empty_space_inner\"><\/span><\/div><\/div><\/div><\/div><\/div><\/div>\n<\/div>","protected":false},"excerpt":{"rendered":"[SITIOS DE MEMORIA] Sitios de memoria Estadio Nacional El 11 de septiembre del a\u00f1o 2003, El Estadio Nacional alberga 9 sitios de memoria, los que dan cuenta de la historia de las y los ex prisioneros tras el Golpe de Estado de 1973. Dentro de los muchos argumentos bajo los cuales se nombra al Estadio&hellip;","protected":false},"author":1,"featured_media":0,"parent":0,"menu_order":0,"comment_status":"closed","ping_status":"closed","template":"","meta":{"_acf_changed":false,"footnotes":""},"class_list":["post-5592","page","type-page","status-publish","hentry"],"acf":[],"aioseo_notices":[],"_links":{"self":[{"href":"https:\/\/www.memoriaestadionacional.cl\/en\/wp-json\/wp\/v2\/pages\/5592","targetHints":{"allow":["GET"]}}],"collection":[{"href":"https:\/\/www.memoriaestadionacional.cl\/en\/wp-json\/wp\/v2\/pages"}],"about":[{"href":"https:\/\/www.memoriaestadionacional.cl\/en\/wp-json\/wp\/v2\/types\/page"}],"author":[{"embeddable":true,"href":"https:\/\/www.memoriaestadionacional.cl\/en\/wp-json\/wp\/v2\/users\/1"}],"replies":[{"embeddable":true,"href":"https:\/\/www.memoriaestadionacional.cl\/en\/wp-json\/wp\/v2\/comments?post=5592"}],"version-history":[{"count":0,"href":"https:\/\/www.memoriaestadionacional.cl\/en\/wp-json\/wp\/v2\/pages\/5592\/revisions"}],"wp:attachment":[{"href":"https:\/\/www.memoriaestadionacional.cl\/en\/wp-json\/wp\/v2\/media?parent=5592"}],"curies":[{"name":"wp","href":"https:\/\/api.w.org\/{rel}","templated":true}]}}