{"id":5206,"date":"2014-08-06T08:40:48","date_gmt":"2014-08-06T08:40:48","guid":{"rendered":"http:\/\/demo.wpzoom.com\/inspiro\/?page_id=5206"},"modified":"2026-02-05T20:03:35","modified_gmt":"2026-02-05T20:03:35","slug":"galeria","status":"publish","type":"page","link":"https:\/\/www.memoriaestadionacional.cl\/en\/galeria\/","title":{"rendered":"Galer\u00eda"},"content":{"rendered":"<div class=\"wpb-content-wrapper\"><div class=\"vc-row-container row-stretch\"><div data-vc-full-width=\"true\"  data-vc-full-width-init=\"false\" class=\"vc_row wpb_row vc_row-fluid\"><div class=\"wpb_column vc_column_container vc_col-sm-12\"><div class=\"vc_column-inner\"><div class=\"wpb_wrapper\"><div class=\"vc_empty_space\"   style=\"height: 50px\"><span class=\"vc_empty_space_inner\"><\/span><\/div><\/div><\/div><\/div><\/div><\/div><div class=\"vc-row-container row-stretch\"><div data-vc-full-width=\"true\"  data-vc-full-width-init=\"false\" class=\"vc_row wpb_row vc_row-fluid\"><div class=\"wpb_column vc_column_container vc_col-sm-12\"><div class=\"vc_column-inner\"><div class=\"wpb_wrapper\">\n\t<div class=\"wpb_text_column wpb_content_element wpb_animate_when_almost_visible wpb_fadeIn fadeIn\" >\n\t\t<div class=\"wpb_wrapper\">\n\t\t\t<h5 style=\"text-align: center;\"><span style=\"color: #e79e47;\">[<\/span>GALER\u00cdA<span style=\"color: #e79e47;\">]<\/span><\/h5>\n\n\t\t<\/div>\n\t<\/div>\n<h1 style=\"text-align: center\" class=\"vc_custom_heading vc_do_custom_heading wpb_animate_when_almost_visible wpb_fadeIn fadeIn\" >D\u00eda de los Patrimonios en verano 2026<\/h1><div class=\"vc_separator wpb_content_element vc_separator_align_center vc_sep_width_10 vc_sep_border_width_5 vc_sep_pos_align_center vc_separator_no_text wpb_content_element  wpb_content_element wpb_animate_when_almost_visible wpb_fadeIn fadeIn wpb_animate_when_almost_visible wpb_fadeIn fadeIn\" ><span class=\"vc_sep_holder vc_sep_holder_l\"><span style=\"border-color:#e79e47;\" class=\"vc_sep_line\"><\/span><\/span><span class=\"vc_sep_holder vc_sep_holder_r\"><span style=\"border-color:#e79e47;\" class=\"vc_sep_line\"><\/span><\/span>\n<\/div><div class=\"vc_empty_space\"   style=\"height: 32px\"><span class=\"vc_empty_space_inner\"><\/span><\/div>\n\t\t\t<!-- START Dia patrimonios 2026 REVOLUTION SLIDER 6.7.41 --><p class=\"rs-p-wp-fix\"><\/p>\n\t\t\t<rs-module-wrap id=\"rev_slider_88_1_wrapper\" data-source=\"gallery\" style=\"visibility:hidden;background:transparent;padding:0;margin:0px auto;margin-top:0;margin-bottom:0;\">\n\t\t\t\t<rs-module id=\"rev_slider_88_1\" style=\"\" data-version=\"6.7.41\">\n\t\t\t\t\t<rs-slides style=\"overflow: hidden; position: absolute;\">\n\t\t\t\t\t\t<rs-slide style=\"position: absolute;\" data-key=\"rs-1422\" data-title=\"Slide\" data-thumb=\"\/\/www.memoriaestadionacional.cl\/wp-content\/uploads\/2026\/02\/Foto-1-carrusel-50x100.jpg\" data-in=\"o:0;\" data-out=\"a:false;\">\n\t\t\t\t\t\t\t<img decoding=\"async\" src=\"\/\/www.memoriaestadionacional.cl\/wp-content\/plugins\/revslider\/sr6\/assets\/assets\/dummy.png\" alt=\"\" title=\"Galer\u00eda\" class=\"rev-slidebg tp-rs-img rs-lazyload\" data-lazyload=\"\/\/www.memoriaestadionacional.cl\/wp-content\/uploads\/2026\/02\/Foto-1-carrusel.jpg\" data-no-retina>\n<!---->\t\t\t\t\t<\/rs-slide>\n\t\t\t\t\t\t<rs-slide style=\"position: absolute;\" data-key=\"rs-1408\" data-title=\"Slide\" data-thumb=\"\/\/www.memoriaestadionacional.cl\/wp-content\/uploads\/2026\/02\/Copia-de-Screenshot_2026-02-01-22-09-56-272_com.google.android.apps_.photos-50x100.jpg\" data-in=\"o:0;\" data-out=\"a:false;\">\n\t\t\t\t\t\t\t<img decoding=\"async\" src=\"\/\/www.memoriaestadionacional.cl\/wp-content\/plugins\/revslider\/sr6\/assets\/assets\/dummy.png\" alt=\"\" title=\"Galer\u00eda\" class=\"rev-slidebg tp-rs-img rs-lazyload\" data-lazyload=\"\/\/www.memoriaestadionacional.cl\/wp-content\/uploads\/2026\/02\/Copia-de-Screenshot_2026-02-01-22-09-56-272_com.google.android.apps_.photos.jpg\" data-bg=\"f:contain;\" data-no-retina>\n<!---->\t\t\t\t\t<\/rs-slide>\n\t\t\t\t\t\t<rs-slide style=\"position: absolute;\" data-key=\"rs-1409\" data-title=\"Slide\" data-thumb=\"\/\/www.memoriaestadionacional.cl\/wp-content\/uploads\/2026\/02\/Copia-de-Screenshot_2026-02-01-22-10-30-299_com.google.android.apps_.photos-50x100.jpg\" data-in=\"o:0;\" data-out=\"a:false;\">\n\t\t\t\t\t\t\t<img decoding=\"async\" src=\"\/\/www.memoriaestadionacional.cl\/wp-content\/plugins\/revslider\/sr6\/assets\/assets\/dummy.png\" alt=\"\" title=\"Galer\u00eda\" class=\"rev-slidebg tp-rs-img rs-lazyload\" data-lazyload=\"\/\/www.memoriaestadionacional.cl\/wp-content\/uploads\/2026\/02\/Copia-de-Screenshot_2026-02-01-22-10-30-299_com.google.android.apps_.photos.jpg\" data-bg=\"f:contain;\" data-no-retina>\n<!---->\t\t\t\t\t<\/rs-slide>\n\t\t\t\t\t\t<rs-slide style=\"position: absolute;\" data-key=\"rs-1410\" data-title=\"Slide\" data-thumb=\"\/\/www.memoriaestadionacional.cl\/wp-content\/uploads\/2026\/02\/Copia-de-IMG_20260131_100955-50x100.jpg\" data-in=\"o:0;\" data-out=\"a:false;\">\n\t\t\t\t\t\t\t<img decoding=\"async\" src=\"\/\/www.memoriaestadionacional.cl\/wp-content\/plugins\/revslider\/sr6\/assets\/assets\/dummy.png\" alt=\"\" title=\"Galer\u00eda\" class=\"rev-slidebg tp-rs-img rs-lazyload\" data-lazyload=\"\/\/www.memoriaestadionacional.cl\/wp-content\/uploads\/2026\/02\/Copia-de-IMG_20260131_100955.jpg\" data-bg=\"f:contain;\" data-no-retina>\n<!---->\t\t\t\t\t<\/rs-slide>\n\t\t\t\t\t\t<rs-slide style=\"position: absolute;\" data-key=\"rs-1411\" data-title=\"Slide\" data-thumb=\"\/\/www.memoriaestadionacional.cl\/wp-content\/uploads\/2026\/02\/Copia-de-IMG_20260131_111052-50x100.jpg\" data-in=\"o:0;\" data-out=\"a:false;\">\n\t\t\t\t\t\t\t<img decoding=\"async\" src=\"\/\/www.memoriaestadionacional.cl\/wp-content\/plugins\/revslider\/sr6\/assets\/assets\/dummy.png\" alt=\"\" title=\"Galer\u00eda\" class=\"rev-slidebg tp-rs-img rs-lazyload\" data-lazyload=\"\/\/www.memoriaestadionacional.cl\/wp-content\/uploads\/2026\/02\/Copia-de-IMG_20260131_111052.jpg\" data-bg=\"f:contain;\" data-no-retina>\n<!---->\t\t\t\t\t<\/rs-slide>\n\t\t\t\t\t\t<rs-slide style=\"position: absolute;\" data-key=\"rs-1412\" data-title=\"Slide\" data-thumb=\"\/\/www.memoriaestadionacional.cl\/wp-content\/uploads\/2026\/02\/Copia-de-IMG_20260131_111100-50x100.jpg\" data-in=\"o:0;\" data-out=\"a:false;\">\n\t\t\t\t\t\t\t<img decoding=\"async\" src=\"\/\/www.memoriaestadionacional.cl\/wp-content\/plugins\/revslider\/sr6\/assets\/assets\/dummy.png\" alt=\"\" title=\"Galer\u00eda\" class=\"rev-slidebg tp-rs-img rs-lazyload\" data-lazyload=\"\/\/www.memoriaestadionacional.cl\/wp-content\/uploads\/2026\/02\/Copia-de-IMG_20260131_111100.jpg\" data-bg=\"f:contain;\" data-no-retina>\n<!---->\t\t\t\t\t<\/rs-slide>\n\t\t\t\t\t\t<rs-slide style=\"position: absolute;\" data-key=\"rs-1413\" data-title=\"Slide\" data-thumb=\"\/\/www.memoriaestadionacional.cl\/wp-content\/uploads\/2026\/02\/Copia-de-IMG_20260131_111105-50x100.jpg\" data-in=\"o:0;\" data-out=\"a:false;\">\n\t\t\t\t\t\t\t<img decoding=\"async\" src=\"\/\/www.memoriaestadionacional.cl\/wp-content\/plugins\/revslider\/sr6\/assets\/assets\/dummy.png\" alt=\"\" title=\"Galer\u00eda\" class=\"rev-slidebg tp-rs-img rs-lazyload\" data-lazyload=\"\/\/www.memoriaestadionacional.cl\/wp-content\/uploads\/2026\/02\/Copia-de-IMG_20260131_111105.jpg\" data-bg=\"f:contain;\" data-no-retina>\n<!---->\t\t\t\t\t<\/rs-slide>\n\t\t\t\t\t\t<rs-slide style=\"position: absolute;\" data-key=\"rs-1414\" data-title=\"Slide\" data-thumb=\"\/\/www.memoriaestadionacional.cl\/wp-content\/uploads\/2026\/02\/Copia-de-IMG_20260131_111249-50x100.jpg\" data-in=\"o:0;\" data-out=\"a:false;\">\n\t\t\t\t\t\t\t<img decoding=\"async\" src=\"\/\/www.memoriaestadionacional.cl\/wp-content\/plugins\/revslider\/sr6\/assets\/assets\/dummy.png\" alt=\"\" title=\"Galer\u00eda\" class=\"rev-slidebg tp-rs-img rs-lazyload\" data-lazyload=\"\/\/www.memoriaestadionacional.cl\/wp-content\/uploads\/2026\/02\/Copia-de-IMG_20260131_111249.jpg\" data-bg=\"f:contain;\" data-no-retina>\n<!---->\t\t\t\t\t<\/rs-slide>\n\t\t\t\t\t\t<rs-slide style=\"position: absolute;\" data-key=\"rs-1415\" data-title=\"Slide\" data-thumb=\"\/\/www.memoriaestadionacional.cl\/wp-content\/uploads\/2026\/02\/Copia-de-IMG_20260131_115314-50x100.jpg\" data-in=\"o:0;\" data-out=\"a:false;\">\n\t\t\t\t\t\t\t<img decoding=\"async\" src=\"\/\/www.memoriaestadionacional.cl\/wp-content\/plugins\/revslider\/sr6\/assets\/assets\/dummy.png\" alt=\"\" title=\"Galer\u00eda\" class=\"rev-slidebg tp-rs-img rs-lazyload\" data-lazyload=\"\/\/www.memoriaestadionacional.cl\/wp-content\/uploads\/2026\/02\/Copia-de-IMG_20260131_115314.jpg\" data-bg=\"f:contain;\" data-no-retina>\n<!---->\t\t\t\t\t<\/rs-slide>\n\t\t\t\t\t\t<rs-slide style=\"position: absolute;\" data-key=\"rs-1416\" data-title=\"Slide\" data-thumb=\"\/\/www.memoriaestadionacional.cl\/wp-content\/uploads\/2026\/02\/Copia-de-IMG_20260131_115329-50x100.jpg\" data-in=\"o:0;\" data-out=\"a:false;\">\n\t\t\t\t\t\t\t<img decoding=\"async\" src=\"\/\/www.memoriaestadionacional.cl\/wp-content\/plugins\/revslider\/sr6\/assets\/assets\/dummy.png\" alt=\"\" title=\"Galer\u00eda\" class=\"rev-slidebg tp-rs-img rs-lazyload\" data-lazyload=\"\/\/www.memoriaestadionacional.cl\/wp-content\/uploads\/2026\/02\/Copia-de-IMG_20260131_115329.jpg\" data-bg=\"f:contain;\" data-no-retina>\n<!---->\t\t\t\t\t<\/rs-slide>\n\t\t\t\t\t\t<rs-slide style=\"position: absolute;\" data-key=\"rs-1417\" data-title=\"Slide\" data-thumb=\"\/\/www.memoriaestadionacional.cl\/wp-content\/uploads\/2026\/02\/Copia-de-IMG_20260131_115456-50x100.jpg\" data-in=\"o:0;\" data-out=\"a:false;\">\n\t\t\t\t\t\t\t<img decoding=\"async\" src=\"\/\/www.memoriaestadionacional.cl\/wp-content\/plugins\/revslider\/sr6\/assets\/assets\/dummy.png\" alt=\"\" title=\"Galer\u00eda\" class=\"rev-slidebg tp-rs-img rs-lazyload\" data-lazyload=\"\/\/www.memoriaestadionacional.cl\/wp-content\/uploads\/2026\/02\/Copia-de-IMG_20260131_115456.jpg\" data-bg=\"f:contain;\" data-no-retina>\n<!---->\t\t\t\t\t<\/rs-slide>\n\t\t\t\t\t\t<rs-slide style=\"position: absolute;\" data-key=\"rs-1418\" data-title=\"Slide\" data-thumb=\"\/\/www.memoriaestadionacional.cl\/wp-content\/uploads\/2026\/02\/Copia-de-IMG_20260131_115500-50x100.jpg\" data-in=\"o:0;\" data-out=\"a:false;\">\n\t\t\t\t\t\t\t<img decoding=\"async\" src=\"\/\/www.memoriaestadionacional.cl\/wp-content\/plugins\/revslider\/sr6\/assets\/assets\/dummy.png\" alt=\"\" title=\"Galer\u00eda\" class=\"rev-slidebg tp-rs-img rs-lazyload\" data-lazyload=\"\/\/www.memoriaestadionacional.cl\/wp-content\/uploads\/2026\/02\/Copia-de-IMG_20260131_115500.jpg\" data-bg=\"f:contain;\" data-no-retina>\n<!---->\t\t\t\t\t<\/rs-slide>\n\t\t\t\t\t\t<rs-slide style=\"position: absolute;\" data-key=\"rs-1419\" data-title=\"Slide\" data-thumb=\"\/\/www.memoriaestadionacional.cl\/wp-content\/uploads\/2026\/02\/Copia-de-IMG_20260131_115655-50x100.jpg\" data-in=\"o:0;\" data-out=\"a:false;\">\n\t\t\t\t\t\t\t<img decoding=\"async\" src=\"\/\/www.memoriaestadionacional.cl\/wp-content\/plugins\/revslider\/sr6\/assets\/assets\/dummy.png\" alt=\"\" title=\"Galer\u00eda\" class=\"rev-slidebg tp-rs-img rs-lazyload\" data-lazyload=\"\/\/www.memoriaestadionacional.cl\/wp-content\/uploads\/2026\/02\/Copia-de-IMG_20260131_115655.jpg\" data-bg=\"f:contain;\" data-no-retina>\n<!---->\t\t\t\t\t<\/rs-slide>\n\t\t\t\t\t\t<rs-slide style=\"position: absolute;\" data-key=\"rs-1420\" data-title=\"Slide\" data-thumb=\"\/\/www.memoriaestadionacional.cl\/wp-content\/uploads\/2026\/02\/Copia-de-IMG_20260131_115700-50x100.jpg\" data-in=\"o:0;\" data-out=\"a:false;\">\n\t\t\t\t\t\t\t<img decoding=\"async\" src=\"\/\/www.memoriaestadionacional.cl\/wp-content\/plugins\/revslider\/sr6\/assets\/assets\/dummy.png\" alt=\"\" title=\"Galer\u00eda\" class=\"rev-slidebg tp-rs-img rs-lazyload\" data-lazyload=\"\/\/www.memoriaestadionacional.cl\/wp-content\/uploads\/2026\/02\/Copia-de-IMG_20260131_115700.jpg\" data-bg=\"f:contain;\" data-no-retina>\n<!---->\t\t\t\t\t<\/rs-slide>\n\t\t\t\t\t\t<rs-slide style=\"position: absolute;\" data-key=\"rs-1421\" data-title=\"Slide\" data-thumb=\"\/\/www.memoriaestadionacional.cl\/wp-content\/uploads\/2026\/02\/Copia-de-IMG_20260131_115804-50x100.jpg\" data-in=\"o:0;\" data-out=\"a:false;\">\n\t\t\t\t\t\t\t<img decoding=\"async\" src=\"\/\/www.memoriaestadionacional.cl\/wp-content\/plugins\/revslider\/sr6\/assets\/assets\/dummy.png\" alt=\"\" title=\"Galer\u00eda\" class=\"rev-slidebg tp-rs-img rs-lazyload\" data-lazyload=\"\/\/www.memoriaestadionacional.cl\/wp-content\/uploads\/2026\/02\/Copia-de-IMG_20260131_115804.jpg\" data-bg=\"f:contain;\" data-no-retina>\n<!---->\t\t\t\t\t<\/rs-slide>\n\t\t\t\t\t<\/rs-slides>\n\t\t\t\t<\/rs-module>\n\t\t\t\t<script>\n\t\t\t\t\tsetREVStartSize({c: 'rev_slider_88_1',rl:[1240,1024,778,480],el:[900],gw:[1240],gh:[900],type:'carousel',justify:'',layout:'fullwidth',mh:\"0\"});if (window.RS_MODULES!==undefined && window.RS_MODULES.modules!==undefined && window.RS_MODULES.modules[\"revslider881\"]!==undefined) {window.RS_MODULES.modules[\"revslider881\"].once = false;window.revapi88 = undefined;if (window.RS_MODULES.checkMinimal!==undefined) window.RS_MODULES.checkMinimal()}\n\t\t\t\t<\/script>\n\t\t\t<\/rs-module-wrap>\n\t\t\t<!-- END REVOLUTION SLIDER -->\n<\/div><\/div><\/div><\/div><\/div><div class=\"vc-row-container row-stretch\"><div data-vc-full-width=\"true\"  data-vc-full-width-init=\"false\" class=\"vc_row wpb_row vc_row-fluid\"><div class=\"wpb_column vc_column_container vc_col-sm-12\"><div class=\"vc_column-inner\"><div class=\"wpb_wrapper\"><div class=\"vc_empty_space\"   style=\"height: 50px\"><span class=\"vc_empty_space_inner\"><\/span><\/div><\/div><\/div><\/div><\/div><\/div><div class=\"vc-row-container row-stretch\"><div data-vc-full-width=\"true\"  data-vc-full-width-init=\"false\" class=\"vc_row wpb_row vc_row-fluid\"><div class=\"wpb_column vc_column_container vc_col-sm-12\"><div class=\"vc_column-inner\"><div class=\"wpb_wrapper\">\n\t<div class=\"wpb_text_column wpb_content_element wpb_animate_when_almost_visible wpb_fadeIn fadeIn\" >\n\t\t<div class=\"wpb_wrapper\">\n\t\t\t<h5 style=\"text-align: center;\"><span style=\"color: #e79e47;\">[<\/span>GALER\u00cdA<span style=\"color: #e79e47;\">]<\/span><\/h5>\n\n\t\t<\/div>\n\t<\/div>\n<h1 style=\"text-align: center\" class=\"vc_custom_heading vc_do_custom_heading wpb_animate_when_almost_visible wpb_fadeIn fadeIn\" >Luis Alberto Corval\u00e1n Castillo -  A 50 a\u00f1os de su partida<\/h1><div class=\"vc_separator wpb_content_element vc_separator_align_center vc_sep_width_10 vc_sep_border_width_5 vc_sep_pos_align_center vc_separator_no_text wpb_content_element  wpb_content_element wpb_animate_when_almost_visible wpb_fadeIn fadeIn wpb_animate_when_almost_visible wpb_fadeIn fadeIn\" ><span class=\"vc_sep_holder vc_sep_holder_l\"><span style=\"border-color:#e79e47;\" class=\"vc_sep_line\"><\/span><\/span><span class=\"vc_sep_holder vc_sep_holder_r\"><span style=\"border-color:#e79e47;\" class=\"vc_sep_line\"><\/span><\/span>\n<\/div><div class=\"vc_empty_space\"   style=\"height: 32px\"><span class=\"vc_empty_space_inner\"><\/span><\/div>\n\t\t\t<!-- START Luis Corvalan REVOLUTION SLIDER 6.7.41 --><p class=\"rs-p-wp-fix\"><\/p>\n\t\t\t<rs-module-wrap id=\"rev_slider_87_2_wrapper\" data-source=\"gallery\" style=\"visibility:hidden;background:transparent;padding:0;margin:0px auto;margin-top:0;margin-bottom:0;\">\n\t\t\t\t<rs-module id=\"rev_slider_87_2\" style=\"\" data-version=\"6.7.41\">\n\t\t\t\t\t<rs-slides style=\"overflow: hidden; position: absolute;\">\n\t\t\t\t\t\t<rs-slide style=\"position: absolute;\" data-key=\"rs-1391\" data-title=\"Slide\" data-thumb=\"\/\/www.memoriaestadionacional.cl\/wp-content\/uploads\/2026\/01\/IMG_20260123_181257-50x100.jpg\" data-in=\"o:0;\" data-out=\"a:false;\">\n\t\t\t\t\t\t\t<img decoding=\"async\" src=\"\/\/www.memoriaestadionacional.cl\/wp-content\/plugins\/revslider\/sr6\/assets\/assets\/dummy.png\" alt=\"\" title=\"Galer\u00eda\" class=\"rev-slidebg tp-rs-img rs-lazyload\" data-lazyload=\"\/\/www.memoriaestadionacional.cl\/wp-content\/uploads\/2026\/01\/IMG_20260123_181257.jpg\" data-bg=\"f:contain;\" data-no-retina>\n<!---->\t\t\t\t\t<\/rs-slide>\n\t\t\t\t\t\t<rs-slide style=\"position: absolute;\" data-key=\"rs-1393\" data-title=\"Slide\" data-thumb=\"\/\/www.memoriaestadionacional.cl\/wp-content\/uploads\/2026\/01\/IMG_20260123_181319-50x100.jpg\" data-in=\"o:0;\" data-out=\"a:false;\">\n\t\t\t\t\t\t\t<img decoding=\"async\" src=\"\/\/www.memoriaestadionacional.cl\/wp-content\/plugins\/revslider\/sr6\/assets\/assets\/dummy.png\" alt=\"\" title=\"Galer\u00eda\" class=\"rev-slidebg tp-rs-img rs-lazyload\" data-lazyload=\"\/\/www.memoriaestadionacional.cl\/wp-content\/uploads\/2026\/01\/IMG_20260123_181319.jpg\" data-bg=\"f:contain;\" data-no-retina>\n<!---->\t\t\t\t\t<\/rs-slide>\n\t\t\t\t\t\t<rs-slide style=\"position: absolute;\" data-key=\"rs-1394\" data-title=\"Slide\" data-thumb=\"\/\/www.memoriaestadionacional.cl\/wp-content\/uploads\/2026\/01\/IMG_20260123_181327-50x100.jpg\" data-in=\"o:0;\" data-out=\"a:false;\">\n\t\t\t\t\t\t\t<img decoding=\"async\" src=\"\/\/www.memoriaestadionacional.cl\/wp-content\/plugins\/revslider\/sr6\/assets\/assets\/dummy.png\" alt=\"\" title=\"Galer\u00eda\" class=\"rev-slidebg tp-rs-img rs-lazyload\" data-lazyload=\"\/\/www.memoriaestadionacional.cl\/wp-content\/uploads\/2026\/01\/IMG_20260123_181327.jpg\" data-bg=\"f:contain;\" data-no-retina>\n<!---->\t\t\t\t\t<\/rs-slide>\n\t\t\t\t\t\t<rs-slide style=\"position: absolute;\" data-key=\"rs-1398\" data-title=\"Slide\" data-thumb=\"\/\/www.memoriaestadionacional.cl\/wp-content\/uploads\/2026\/01\/IMG_20260123_181837-50x100.jpg\" data-in=\"o:0;\" data-out=\"a:false;\">\n\t\t\t\t\t\t\t<img decoding=\"async\" src=\"\/\/www.memoriaestadionacional.cl\/wp-content\/plugins\/revslider\/sr6\/assets\/assets\/dummy.png\" alt=\"\" title=\"Galer\u00eda\" class=\"rev-slidebg tp-rs-img rs-lazyload\" data-lazyload=\"\/\/www.memoriaestadionacional.cl\/wp-content\/uploads\/2026\/01\/IMG_20260123_181837.jpg\" data-bg=\"f:contain;\" data-no-retina>\n<!---->\t\t\t\t\t<\/rs-slide>\n\t\t\t\t\t\t<rs-slide style=\"position: absolute;\" data-key=\"rs-1400\" data-title=\"Slide\" data-thumb=\"\/\/www.memoriaestadionacional.cl\/wp-content\/uploads\/2026\/01\/IMG_20260123_183404-50x100.jpg\" data-in=\"o:0;\" data-out=\"a:false;\">\n\t\t\t\t\t\t\t<img decoding=\"async\" src=\"\/\/www.memoriaestadionacional.cl\/wp-content\/plugins\/revslider\/sr6\/assets\/assets\/dummy.png\" alt=\"\" title=\"Galer\u00eda\" class=\"rev-slidebg tp-rs-img rs-lazyload\" data-lazyload=\"\/\/www.memoriaestadionacional.cl\/wp-content\/uploads\/2026\/01\/IMG_20260123_183404.jpg\" data-bg=\"f:contain;\" data-no-retina>\n<!---->\t\t\t\t\t<\/rs-slide>\n\t\t\t\t\t\t<rs-slide style=\"position: absolute;\" data-key=\"rs-1401\" data-title=\"Slide\" data-thumb=\"\/\/www.memoriaestadionacional.cl\/wp-content\/uploads\/2026\/01\/IMG_20260123_183411-50x100.jpg\" data-in=\"o:0;\" data-out=\"a:false;\">\n\t\t\t\t\t\t\t<img decoding=\"async\" src=\"\/\/www.memoriaestadionacional.cl\/wp-content\/plugins\/revslider\/sr6\/assets\/assets\/dummy.png\" alt=\"\" title=\"Galer\u00eda\" class=\"rev-slidebg tp-rs-img rs-lazyload\" data-lazyload=\"\/\/www.memoriaestadionacional.cl\/wp-content\/uploads\/2026\/01\/IMG_20260123_183411.jpg\" data-bg=\"f:contain;\" data-no-retina>\n<!---->\t\t\t\t\t<\/rs-slide>\n\t\t\t\t\t\t<rs-slide style=\"position: absolute;\" data-key=\"rs-1402\" data-title=\"Slide\" data-thumb=\"\/\/www.memoriaestadionacional.cl\/wp-content\/uploads\/2026\/01\/IMG_20260123_185213-50x100.jpg\" data-in=\"o:0;\" data-out=\"a:false;\">\n\t\t\t\t\t\t\t<img decoding=\"async\" src=\"\/\/www.memoriaestadionacional.cl\/wp-content\/plugins\/revslider\/sr6\/assets\/assets\/dummy.png\" alt=\"\" title=\"Galer\u00eda\" class=\"rev-slidebg tp-rs-img rs-lazyload\" data-lazyload=\"\/\/www.memoriaestadionacional.cl\/wp-content\/uploads\/2026\/01\/IMG_20260123_185213.jpg\" data-bg=\"f:contain;\" data-no-retina>\n<!---->\t\t\t\t\t<\/rs-slide>\n\t\t\t\t\t\t<rs-slide style=\"position: absolute;\" data-key=\"rs-1403\" data-title=\"Slide\" data-thumb=\"\/\/www.memoriaestadionacional.cl\/wp-content\/uploads\/2026\/01\/IMG_20260123_185227-50x100.jpg\" data-in=\"o:0;\" data-out=\"a:false;\">\n\t\t\t\t\t\t\t<img decoding=\"async\" src=\"\/\/www.memoriaestadionacional.cl\/wp-content\/plugins\/revslider\/sr6\/assets\/assets\/dummy.png\" alt=\"\" title=\"Galer\u00eda\" class=\"rev-slidebg tp-rs-img rs-lazyload\" data-lazyload=\"\/\/www.memoriaestadionacional.cl\/wp-content\/uploads\/2026\/01\/IMG_20260123_185227.jpg\" data-bg=\"f:contain;\" data-no-retina>\n<!---->\t\t\t\t\t<\/rs-slide>\n\t\t\t\t\t\t<rs-slide style=\"position: absolute;\" data-key=\"rs-1404\" data-title=\"Slide\" data-thumb=\"\/\/www.memoriaestadionacional.cl\/wp-content\/uploads\/2026\/01\/IMG_20260123_190126-50x100.jpg\" data-in=\"o:0;\" data-out=\"a:false;\">\n\t\t\t\t\t\t\t<img decoding=\"async\" src=\"\/\/www.memoriaestadionacional.cl\/wp-content\/plugins\/revslider\/sr6\/assets\/assets\/dummy.png\" alt=\"\" title=\"Galer\u00eda\" class=\"rev-slidebg tp-rs-img rs-lazyload\" data-lazyload=\"\/\/www.memoriaestadionacional.cl\/wp-content\/uploads\/2026\/01\/IMG_20260123_190126.jpg\" data-bg=\"f:contain;\" data-no-retina>\n<!---->\t\t\t\t\t<\/rs-slide>\n\t\t\t\t\t\t<rs-slide style=\"position: absolute;\" data-key=\"rs-1405\" data-title=\"Slide\" data-thumb=\"\/\/www.memoriaestadionacional.cl\/wp-content\/uploads\/2026\/01\/IMG_20260123_195907-50x100.jpg\" data-in=\"o:0;\" data-out=\"a:false;\">\n\t\t\t\t\t\t\t<img decoding=\"async\" src=\"\/\/www.memoriaestadionacional.cl\/wp-content\/plugins\/revslider\/sr6\/assets\/assets\/dummy.png\" alt=\"\" title=\"Galer\u00eda\" class=\"rev-slidebg tp-rs-img rs-lazyload\" data-lazyload=\"\/\/www.memoriaestadionacional.cl\/wp-content\/uploads\/2026\/01\/IMG_20260123_195907.jpg\" data-bg=\"f:contain;\" data-no-retina>\n<!---->\t\t\t\t\t<\/rs-slide>\n\t\t\t\t\t\t<rs-slide style=\"position: absolute;\" data-key=\"rs-1406\" data-title=\"Slide\" data-thumb=\"\/\/www.memoriaestadionacional.cl\/wp-content\/uploads\/2026\/01\/IMG_20260123_200122-50x100.jpg\" data-in=\"o:0;\" data-out=\"a:false;\">\n\t\t\t\t\t\t\t<img decoding=\"async\" src=\"\/\/www.memoriaestadionacional.cl\/wp-content\/plugins\/revslider\/sr6\/assets\/assets\/dummy.png\" alt=\"\" title=\"Galer\u00eda\" class=\"rev-slidebg tp-rs-img rs-lazyload\" data-lazyload=\"\/\/www.memoriaestadionacional.cl\/wp-content\/uploads\/2026\/01\/IMG_20260123_200122.jpg\" data-bg=\"f:contain;\" data-no-retina>\n<!---->\t\t\t\t\t<\/rs-slide>\n\t\t\t\t\t<\/rs-slides>\n\t\t\t\t<\/rs-module>\n\t\t\t\t<script>\n\t\t\t\t\tsetREVStartSize({c: 'rev_slider_87_2',rl:[1240,1024,778,480],el:[900],gw:[1240],gh:[900],type:'carousel',justify:'',layout:'fullwidth',mh:\"0\"});if (window.RS_MODULES!==undefined && window.RS_MODULES.modules!==undefined && window.RS_MODULES.modules[\"revslider872\"]!==undefined) {window.RS_MODULES.modules[\"revslider872\"].once = false;window.revapi87 = undefined;if (window.RS_MODULES.checkMinimal!==undefined) window.RS_MODULES.checkMinimal()}\n\t\t\t\t<\/script>\n\t\t\t<\/rs-module-wrap>\n\t\t\t<!-- END REVOLUTION SLIDER -->\n<\/div><\/div><\/div><\/div><\/div><div class=\"vc-row-container row-stretch\"><div data-vc-full-width=\"true\"  data-vc-full-width-init=\"false\" class=\"vc_row wpb_row vc_row-fluid\"><div class=\"wpb_column vc_column_container vc_col-sm-12\"><div class=\"vc_column-inner\"><div class=\"wpb_wrapper\"><div class=\"vc_empty_space\"   style=\"height: 100px\"><span class=\"vc_empty_space_inner\"><\/span><\/div><\/div><\/div><\/div><\/div><\/div><div class=\"vc-row-container row-stretch\"><div data-vc-full-width=\"true\"  data-vc-full-width-init=\"false\" class=\"vc_row wpb_row vc_row-fluid\"><div class=\"wpb_column vc_column_container vc_col-sm-12\"><div class=\"vc_column-inner\"><div class=\"wpb_wrapper\">\n\t<div class=\"wpb_text_column wpb_content_element wpb_animate_when_almost_visible wpb_fadeIn fadeIn\" >\n\t\t<div class=\"wpb_wrapper\">\n\t\t\t<h5 style=\"text-align: center;\"><span style=\"color: #e79e47;\">[<\/span>GALER\u00cdA<span style=\"color: #e79e47;\">]<\/span><\/h5>\n\n\t\t<\/div>\n\t<\/div>\n<h1 style=\"text-align: center\" class=\"vc_custom_heading vc_do_custom_heading wpb_animate_when_almost_visible wpb_fadeIn fadeIn\" >Evento Placa conmemorativa - Amnist\u00eda Internacional<\/h1><div class=\"vc_separator wpb_content_element vc_separator_align_center vc_sep_width_10 vc_sep_border_width_5 vc_sep_pos_align_center vc_separator_no_text wpb_content_element  wpb_content_element wpb_animate_when_almost_visible wpb_fadeIn fadeIn wpb_animate_when_almost_visible wpb_fadeIn fadeIn\" ><span class=\"vc_sep_holder vc_sep_holder_l\"><span style=\"border-color:#e79e47;\" class=\"vc_sep_line\"><\/span><\/span><span class=\"vc_sep_holder vc_sep_holder_r\"><span style=\"border-color:#e79e47;\" class=\"vc_sep_line\"><\/span><\/span>\n<\/div><div class=\"vc_empty_space\"   style=\"height: 32px\"><span class=\"vc_empty_space_inner\"><\/span><\/div>\n\t\t\t<!-- START Evento Placa conmemorativa  Amnist\u00eda Internacional REVOLUTION SLIDER 6.7.41 --><p class=\"rs-p-wp-fix\"><\/p>\n\t\t\t<rs-module-wrap id=\"rev_slider_80_3_wrapper\" data-source=\"gallery\" style=\"visibility:hidden;background:transparent;padding:0;margin:0px auto;margin-top:0;margin-bottom:0;\">\n\t\t\t\t<rs-module id=\"rev_slider_80_3\" style=\"\" data-version=\"6.7.41\">\n\t\t\t\t\t<rs-slides style=\"overflow: hidden; position: absolute;\">\n\t\t\t\t\t\t<rs-slide style=\"position: absolute;\" data-key=\"rs-1237\" data-title=\"Slide\" data-thumb=\"\/\/www.memoriaestadionacional.cl\/wp-content\/uploads\/2025\/06\/Copia-de-DSC03052-50x100.jpg\" data-in=\"o:0;\" data-out=\"a:false;\">\n\t\t\t\t\t\t\t<img decoding=\"async\" src=\"\/\/www.memoriaestadionacional.cl\/wp-content\/plugins\/revslider\/sr6\/assets\/assets\/dummy.png\" alt=\"\" title=\"Galer\u00eda\" class=\"rev-slidebg tp-rs-img rs-lazyload\" data-lazyload=\"\/\/www.memoriaestadionacional.cl\/wp-content\/uploads\/2025\/06\/Copia-de-DSC03052.jpg\" data-no-retina>\n<!---->\t\t\t\t\t<\/rs-slide>\n\t\t\t\t\t\t<rs-slide style=\"position: absolute;\" data-key=\"rs-1238\" data-title=\"Slide\" data-thumb=\"\/\/www.memoriaestadionacional.cl\/wp-content\/uploads\/2025\/06\/Copia-de-DSC03058-50x100.jpg\" data-in=\"o:0;\" data-out=\"a:false;\">\n\t\t\t\t\t\t\t<img decoding=\"async\" src=\"\/\/www.memoriaestadionacional.cl\/wp-content\/plugins\/revslider\/sr6\/assets\/assets\/dummy.png\" alt=\"\" title=\"Galer\u00eda\" class=\"rev-slidebg tp-rs-img rs-lazyload\" data-lazyload=\"\/\/www.memoriaestadionacional.cl\/wp-content\/uploads\/2025\/06\/Copia-de-DSC03058.jpg\" data-no-retina>\n<!---->\t\t\t\t\t<\/rs-slide>\n\t\t\t\t\t\t<rs-slide style=\"position: absolute;\" data-key=\"rs-1239\" data-title=\"Slide\" data-thumb=\"\/\/www.memoriaestadionacional.cl\/wp-content\/uploads\/2025\/06\/Copia-de-DSC03059-50x100.jpg\" data-in=\"o:0;\" data-out=\"a:false;\">\n\t\t\t\t\t\t\t<img decoding=\"async\" src=\"\/\/www.memoriaestadionacional.cl\/wp-content\/plugins\/revslider\/sr6\/assets\/assets\/dummy.png\" alt=\"\" title=\"Galer\u00eda\" class=\"rev-slidebg tp-rs-img rs-lazyload\" data-lazyload=\"\/\/www.memoriaestadionacional.cl\/wp-content\/uploads\/2025\/06\/Copia-de-DSC03059.jpg\" data-no-retina>\n<!---->\t\t\t\t\t<\/rs-slide>\n\t\t\t\t\t\t<rs-slide style=\"position: absolute;\" data-key=\"rs-1240\" data-title=\"Slide\" data-thumb=\"\/\/www.memoriaestadionacional.cl\/wp-content\/uploads\/2025\/06\/Copia-de-DSC03063-50x100.jpg\" data-in=\"o:0;\" data-out=\"a:false;\">\n\t\t\t\t\t\t\t<img decoding=\"async\" src=\"\/\/www.memoriaestadionacional.cl\/wp-content\/plugins\/revslider\/sr6\/assets\/assets\/dummy.png\" alt=\"\" title=\"Galer\u00eda\" class=\"rev-slidebg tp-rs-img rs-lazyload\" data-lazyload=\"\/\/www.memoriaestadionacional.cl\/wp-content\/uploads\/2025\/06\/Copia-de-DSC03063.jpg\" data-no-retina>\n<!---->\t\t\t\t\t<\/rs-slide>\n\t\t\t\t\t\t<rs-slide style=\"position: absolute;\" data-key=\"rs-1241\" data-title=\"Slide\" data-thumb=\"\/\/www.memoriaestadionacional.cl\/wp-content\/uploads\/2025\/06\/Copia-de-DSC03064-50x100.jpg\" data-in=\"o:0;\" data-out=\"a:false;\">\n\t\t\t\t\t\t\t<img decoding=\"async\" src=\"\/\/www.memoriaestadionacional.cl\/wp-content\/plugins\/revslider\/sr6\/assets\/assets\/dummy.png\" alt=\"\" title=\"Galer\u00eda\" class=\"rev-slidebg tp-rs-img rs-lazyload\" data-lazyload=\"\/\/www.memoriaestadionacional.cl\/wp-content\/uploads\/2025\/06\/Copia-de-DSC03064.jpg\" data-no-retina>\n<!---->\t\t\t\t\t<\/rs-slide>\n\t\t\t\t\t\t<rs-slide style=\"position: absolute;\" data-key=\"rs-1242\" data-title=\"Slide\" data-thumb=\"\/\/www.memoriaestadionacional.cl\/wp-content\/uploads\/2025\/06\/Copia-de-DSC03066-50x100.jpg\" data-in=\"o:0;\" data-out=\"a:false;\">\n\t\t\t\t\t\t\t<img decoding=\"async\" src=\"\/\/www.memoriaestadionacional.cl\/wp-content\/plugins\/revslider\/sr6\/assets\/assets\/dummy.png\" alt=\"\" title=\"Galer\u00eda\" class=\"rev-slidebg tp-rs-img rs-lazyload\" data-lazyload=\"\/\/www.memoriaestadionacional.cl\/wp-content\/uploads\/2025\/06\/Copia-de-DSC03066.jpg\" data-no-retina>\n<!---->\t\t\t\t\t<\/rs-slide>\n\t\t\t\t\t\t<rs-slide style=\"position: absolute;\" data-key=\"rs-1243\" data-title=\"Slide\" data-thumb=\"\/\/www.memoriaestadionacional.cl\/wp-content\/uploads\/2025\/06\/Copia-de-DSC03067-50x100.jpg\" data-in=\"o:0;\" data-out=\"a:false;\">\n\t\t\t\t\t\t\t<img decoding=\"async\" src=\"\/\/www.memoriaestadionacional.cl\/wp-content\/plugins\/revslider\/sr6\/assets\/assets\/dummy.png\" alt=\"\" title=\"Galer\u00eda\" class=\"rev-slidebg tp-rs-img rs-lazyload\" data-lazyload=\"\/\/www.memoriaestadionacional.cl\/wp-content\/uploads\/2025\/06\/Copia-de-DSC03067.jpg\" data-no-retina>\n<!---->\t\t\t\t\t<\/rs-slide>\n\t\t\t\t\t\t<rs-slide style=\"position: absolute;\" data-key=\"rs-1244\" data-title=\"Slide\" data-thumb=\"\/\/www.memoriaestadionacional.cl\/wp-content\/uploads\/2025\/06\/Copia-de-DSC03069-50x100.jpg\" data-in=\"o:0;\" data-out=\"a:false;\">\n\t\t\t\t\t\t\t<img decoding=\"async\" src=\"\/\/www.memoriaestadionacional.cl\/wp-content\/plugins\/revslider\/sr6\/assets\/assets\/dummy.png\" alt=\"\" title=\"Galer\u00eda\" class=\"rev-slidebg tp-rs-img rs-lazyload\" data-lazyload=\"\/\/www.memoriaestadionacional.cl\/wp-content\/uploads\/2025\/06\/Copia-de-DSC03069.jpg\" data-no-retina>\n<!---->\t\t\t\t\t<\/rs-slide>\n\t\t\t\t\t\t<rs-slide style=\"position: absolute;\" data-key=\"rs-1245\" data-title=\"Slide\" data-thumb=\"\/\/www.memoriaestadionacional.cl\/wp-content\/uploads\/2025\/06\/Copia-de-DSC03070-50x100.jpg\" data-in=\"o:0;\" data-out=\"a:false;\">\n\t\t\t\t\t\t\t<img decoding=\"async\" src=\"\/\/www.memoriaestadionacional.cl\/wp-content\/plugins\/revslider\/sr6\/assets\/assets\/dummy.png\" alt=\"\" title=\"Galer\u00eda\" class=\"rev-slidebg tp-rs-img rs-lazyload\" data-lazyload=\"\/\/www.memoriaestadionacional.cl\/wp-content\/uploads\/2025\/06\/Copia-de-DSC03070.jpg\" data-no-retina>\n<!---->\t\t\t\t\t<\/rs-slide>\n\t\t\t\t\t\t<rs-slide style=\"position: absolute;\" data-key=\"rs-1246\" data-title=\"Slide\" data-thumb=\"\/\/www.memoriaestadionacional.cl\/wp-content\/uploads\/2025\/06\/Copia-de-DSC03075-50x100.jpg\" data-in=\"o:0;\" data-out=\"a:false;\">\n\t\t\t\t\t\t\t<img decoding=\"async\" src=\"\/\/www.memoriaestadionacional.cl\/wp-content\/plugins\/revslider\/sr6\/assets\/assets\/dummy.png\" alt=\"\" title=\"Galer\u00eda\" class=\"rev-slidebg tp-rs-img rs-lazyload\" data-lazyload=\"\/\/www.memoriaestadionacional.cl\/wp-content\/uploads\/2025\/06\/Copia-de-DSC03075.jpg\" data-no-retina>\n<!---->\t\t\t\t\t<\/rs-slide>\n\t\t\t\t\t\t<rs-slide style=\"position: absolute;\" data-key=\"rs-1247\" data-title=\"Slide\" data-thumb=\"\/\/www.memoriaestadionacional.cl\/wp-content\/uploads\/2025\/06\/Copia-de-DSC03078-50x100.jpg\" data-in=\"o:0;\" data-out=\"a:false;\">\n\t\t\t\t\t\t\t<img decoding=\"async\" src=\"\/\/www.memoriaestadionacional.cl\/wp-content\/plugins\/revslider\/sr6\/assets\/assets\/dummy.png\" alt=\"\" title=\"Galer\u00eda\" class=\"rev-slidebg tp-rs-img rs-lazyload\" data-lazyload=\"\/\/www.memoriaestadionacional.cl\/wp-content\/uploads\/2025\/06\/Copia-de-DSC03078.jpg\" data-no-retina>\n<!---->\t\t\t\t\t<\/rs-slide>\n\t\t\t\t\t\t<rs-slide style=\"position: absolute;\" data-key=\"rs-1248\" data-title=\"Slide\" data-thumb=\"\/\/www.memoriaestadionacional.cl\/wp-content\/uploads\/2025\/06\/Copia-de-DSC03081-50x100.jpg\" data-in=\"o:0;\" data-out=\"a:false;\">\n\t\t\t\t\t\t\t<img decoding=\"async\" src=\"\/\/www.memoriaestadionacional.cl\/wp-content\/plugins\/revslider\/sr6\/assets\/assets\/dummy.png\" alt=\"\" title=\"Galer\u00eda\" class=\"rev-slidebg tp-rs-img rs-lazyload\" data-lazyload=\"\/\/www.memoriaestadionacional.cl\/wp-content\/uploads\/2025\/06\/Copia-de-DSC03081.jpg\" data-no-retina>\n<!---->\t\t\t\t\t<\/rs-slide>\n\t\t\t\t\t\t<rs-slide style=\"position: absolute;\" data-key=\"rs-1249\" data-title=\"Slide\" data-thumb=\"\/\/www.memoriaestadionacional.cl\/wp-content\/uploads\/2025\/06\/Copia-de-DSC03082-50x100.jpg\" data-in=\"o:0;\" data-out=\"a:false;\">\n\t\t\t\t\t\t\t<img decoding=\"async\" src=\"\/\/www.memoriaestadionacional.cl\/wp-content\/plugins\/revslider\/sr6\/assets\/assets\/dummy.png\" alt=\"\" title=\"Galer\u00eda\" class=\"rev-slidebg tp-rs-img rs-lazyload\" data-lazyload=\"\/\/www.memoriaestadionacional.cl\/wp-content\/uploads\/2025\/06\/Copia-de-DSC03082.jpg\" data-no-retina>\n<!---->\t\t\t\t\t<\/rs-slide>\n\t\t\t\t\t\t<rs-slide style=\"position: absolute;\" data-key=\"rs-1250\" data-title=\"Slide\" data-thumb=\"\/\/www.memoriaestadionacional.cl\/wp-content\/uploads\/2025\/06\/Copia-de-DSC03083-50x100.jpg\" data-in=\"o:0;\" data-out=\"a:false;\">\n\t\t\t\t\t\t\t<img decoding=\"async\" src=\"\/\/www.memoriaestadionacional.cl\/wp-content\/plugins\/revslider\/sr6\/assets\/assets\/dummy.png\" alt=\"\" title=\"Galer\u00eda\" class=\"rev-slidebg tp-rs-img rs-lazyload\" data-lazyload=\"\/\/www.memoriaestadionacional.cl\/wp-content\/uploads\/2025\/06\/Copia-de-DSC03083.jpg\" data-no-retina>\n<!---->\t\t\t\t\t<\/rs-slide>\n\t\t\t\t\t\t<rs-slide style=\"position: absolute;\" data-key=\"rs-1251\" data-title=\"Slide\" data-thumb=\"\/\/www.memoriaestadionacional.cl\/wp-content\/uploads\/2025\/06\/Copia-de-DSC03085-50x100.jpg\" data-in=\"o:0;\" data-out=\"a:false;\">\n\t\t\t\t\t\t\t<img decoding=\"async\" src=\"\/\/www.memoriaestadionacional.cl\/wp-content\/plugins\/revslider\/sr6\/assets\/assets\/dummy.png\" alt=\"\" title=\"Galer\u00eda\" class=\"rev-slidebg tp-rs-img rs-lazyload\" data-lazyload=\"\/\/www.memoriaestadionacional.cl\/wp-content\/uploads\/2025\/06\/Copia-de-DSC03085.jpg\" data-no-retina>\n<!---->\t\t\t\t\t<\/rs-slide>\n\t\t\t\t\t\t<rs-slide style=\"position: absolute;\" data-key=\"rs-1252\" data-title=\"Slide\" data-thumb=\"\/\/www.memoriaestadionacional.cl\/wp-content\/uploads\/2025\/06\/Copia-de-DSC03088-50x100.jpg\" data-in=\"o:0;\" data-out=\"a:false;\">\n\t\t\t\t\t\t\t<img decoding=\"async\" src=\"\/\/www.memoriaestadionacional.cl\/wp-content\/plugins\/revslider\/sr6\/assets\/assets\/dummy.png\" alt=\"\" title=\"Galer\u00eda\" class=\"rev-slidebg tp-rs-img rs-lazyload\" data-lazyload=\"\/\/www.memoriaestadionacional.cl\/wp-content\/uploads\/2025\/06\/Copia-de-DSC03088.jpg\" data-no-retina>\n<!---->\t\t\t\t\t<\/rs-slide>\n\t\t\t\t\t\t<rs-slide style=\"position: absolute;\" data-key=\"rs-1253\" data-title=\"Slide\" data-thumb=\"\/\/www.memoriaestadionacional.cl\/wp-content\/uploads\/2025\/06\/Copia-de-DSC03090-50x100.jpg\" data-in=\"o:0;\" data-out=\"a:false;\">\n\t\t\t\t\t\t\t<img decoding=\"async\" src=\"\/\/www.memoriaestadionacional.cl\/wp-content\/plugins\/revslider\/sr6\/assets\/assets\/dummy.png\" alt=\"\" title=\"Galer\u00eda\" class=\"rev-slidebg tp-rs-img rs-lazyload\" data-lazyload=\"\/\/www.memoriaestadionacional.cl\/wp-content\/uploads\/2025\/06\/Copia-de-DSC03090.jpg\" data-no-retina>\n<!---->\t\t\t\t\t<\/rs-slide>\n\t\t\t\t\t\t<rs-slide style=\"position: absolute;\" data-key=\"rs-1254\" data-title=\"Slide\" data-thumb=\"\/\/www.memoriaestadionacional.cl\/wp-content\/uploads\/2025\/06\/Copia-de-DSC03094-50x100.jpg\" data-in=\"o:0;\" data-out=\"a:false;\">\n\t\t\t\t\t\t\t<img decoding=\"async\" src=\"\/\/www.memoriaestadionacional.cl\/wp-content\/plugins\/revslider\/sr6\/assets\/assets\/dummy.png\" alt=\"\" title=\"Galer\u00eda\" class=\"rev-slidebg tp-rs-img rs-lazyload\" data-lazyload=\"\/\/www.memoriaestadionacional.cl\/wp-content\/uploads\/2025\/06\/Copia-de-DSC03094.jpg\" data-no-retina>\n<!---->\t\t\t\t\t<\/rs-slide>\n\t\t\t\t\t\t<rs-slide style=\"position: absolute;\" data-key=\"rs-1255\" data-title=\"Slide\" data-thumb=\"\/\/www.memoriaestadionacional.cl\/wp-content\/uploads\/2025\/06\/Copia-de-DSC03104-50x100.jpg\" data-in=\"o:0;\" data-out=\"a:false;\">\n\t\t\t\t\t\t\t<img decoding=\"async\" src=\"\/\/www.memoriaestadionacional.cl\/wp-content\/plugins\/revslider\/sr6\/assets\/assets\/dummy.png\" alt=\"\" title=\"Galer\u00eda\" class=\"rev-slidebg tp-rs-img rs-lazyload\" data-lazyload=\"\/\/www.memoriaestadionacional.cl\/wp-content\/uploads\/2025\/06\/Copia-de-DSC03104.jpg\" data-no-retina>\n<!---->\t\t\t\t\t<\/rs-slide>\n\t\t\t\t\t\t<rs-slide style=\"position: absolute;\" data-key=\"rs-1256\" data-title=\"Slide\" data-thumb=\"\/\/www.memoriaestadionacional.cl\/wp-content\/uploads\/2025\/06\/Copia-de-DSC03109-50x100.jpg\" data-in=\"o:0;\" data-out=\"a:false;\">\n\t\t\t\t\t\t\t<img decoding=\"async\" src=\"\/\/www.memoriaestadionacional.cl\/wp-content\/plugins\/revslider\/sr6\/assets\/assets\/dummy.png\" alt=\"\" title=\"Galer\u00eda\" class=\"rev-slidebg tp-rs-img rs-lazyload\" data-lazyload=\"\/\/www.memoriaestadionacional.cl\/wp-content\/uploads\/2025\/06\/Copia-de-DSC03109.jpg\" data-no-retina>\n<!---->\t\t\t\t\t<\/rs-slide>\n\t\t\t\t\t\t<rs-slide style=\"position: absolute;\" data-key=\"rs-1257\" data-title=\"Slide\" data-thumb=\"\/\/www.memoriaestadionacional.cl\/wp-content\/uploads\/2025\/06\/Copia-de-DSC03116-50x100.jpg\" data-in=\"o:0;\" data-out=\"a:false;\">\n\t\t\t\t\t\t\t<img decoding=\"async\" src=\"\/\/www.memoriaestadionacional.cl\/wp-content\/plugins\/revslider\/sr6\/assets\/assets\/dummy.png\" alt=\"\" title=\"Galer\u00eda\" class=\"rev-slidebg tp-rs-img rs-lazyload\" data-lazyload=\"\/\/www.memoriaestadionacional.cl\/wp-content\/uploads\/2025\/06\/Copia-de-DSC03116.jpg\" data-no-retina>\n<!---->\t\t\t\t\t<\/rs-slide>\n\t\t\t\t\t\t<rs-slide style=\"position: absolute;\" data-key=\"rs-1258\" data-title=\"Slide\" data-thumb=\"\/\/www.memoriaestadionacional.cl\/wp-content\/uploads\/2025\/06\/Copia-de-DSC03123-50x100.jpg\" data-in=\"o:0;\" data-out=\"a:false;\">\n\t\t\t\t\t\t\t<img decoding=\"async\" src=\"\/\/www.memoriaestadionacional.cl\/wp-content\/plugins\/revslider\/sr6\/assets\/assets\/dummy.png\" alt=\"\" title=\"Galer\u00eda\" class=\"rev-slidebg tp-rs-img rs-lazyload\" data-lazyload=\"\/\/www.memoriaestadionacional.cl\/wp-content\/uploads\/2025\/06\/Copia-de-DSC03123.jpg\" data-no-retina>\n<!---->\t\t\t\t\t<\/rs-slide>\n\t\t\t\t\t\t<rs-slide style=\"position: absolute;\" data-key=\"rs-1259\" data-title=\"Slide\" data-thumb=\"\/\/www.memoriaestadionacional.cl\/wp-content\/uploads\/2025\/06\/Copia-de-DSC03125-50x100.jpg\" data-in=\"o:0;\" data-out=\"a:false;\">\n\t\t\t\t\t\t\t<img decoding=\"async\" src=\"\/\/www.memoriaestadionacional.cl\/wp-content\/plugins\/revslider\/sr6\/assets\/assets\/dummy.png\" alt=\"\" title=\"Galer\u00eda\" class=\"rev-slidebg tp-rs-img rs-lazyload\" data-lazyload=\"\/\/www.memoriaestadionacional.cl\/wp-content\/uploads\/2025\/06\/Copia-de-DSC03125.jpg\" data-no-retina>\n<!---->\t\t\t\t\t<\/rs-slide>\n\t\t\t\t\t\t<rs-slide style=\"position: absolute;\" data-key=\"rs-1260\" data-title=\"Slide\" data-thumb=\"\/\/www.memoriaestadionacional.cl\/wp-content\/uploads\/2025\/06\/Copia-de-DSC03126-50x100.jpg\" data-in=\"o:0;\" data-out=\"a:false;\">\n\t\t\t\t\t\t\t<img decoding=\"async\" src=\"\/\/www.memoriaestadionacional.cl\/wp-content\/plugins\/revslider\/sr6\/assets\/assets\/dummy.png\" alt=\"\" title=\"Galer\u00eda\" class=\"rev-slidebg tp-rs-img rs-lazyload\" data-lazyload=\"\/\/www.memoriaestadionacional.cl\/wp-content\/uploads\/2025\/06\/Copia-de-DSC03126.jpg\" data-no-retina>\n<!---->\t\t\t\t\t<\/rs-slide>\n\t\t\t\t\t\t<rs-slide style=\"position: absolute;\" data-key=\"rs-1261\" data-title=\"Slide\" data-thumb=\"\/\/www.memoriaestadionacional.cl\/wp-content\/uploads\/2025\/06\/Copia-de-DSC03128-50x100.jpg\" data-in=\"o:0;\" data-out=\"a:false;\">\n\t\t\t\t\t\t\t<img decoding=\"async\" src=\"\/\/www.memoriaestadionacional.cl\/wp-content\/plugins\/revslider\/sr6\/assets\/assets\/dummy.png\" alt=\"\" title=\"Galer\u00eda\" class=\"rev-slidebg tp-rs-img rs-lazyload\" data-lazyload=\"\/\/www.memoriaestadionacional.cl\/wp-content\/uploads\/2025\/06\/Copia-de-DSC03128.jpg\" data-no-retina>\n<!---->\t\t\t\t\t<\/rs-slide>\n\t\t\t\t\t\t<rs-slide style=\"position: absolute;\" data-key=\"rs-1262\" data-title=\"Slide\" data-thumb=\"\/\/www.memoriaestadionacional.cl\/wp-content\/uploads\/2025\/06\/Copia-de-DSC03133-50x100.jpg\" data-in=\"o:0;\" data-out=\"a:false;\">\n\t\t\t\t\t\t\t<img decoding=\"async\" src=\"\/\/www.memoriaestadionacional.cl\/wp-content\/plugins\/revslider\/sr6\/assets\/assets\/dummy.png\" alt=\"\" title=\"Galer\u00eda\" class=\"rev-slidebg tp-rs-img rs-lazyload\" data-lazyload=\"\/\/www.memoriaestadionacional.cl\/wp-content\/uploads\/2025\/06\/Copia-de-DSC03133.jpg\" data-no-retina>\n<!---->\t\t\t\t\t<\/rs-slide>\n\t\t\t\t\t\t<rs-slide style=\"position: absolute;\" data-key=\"rs-1263\" data-title=\"Slide\" data-thumb=\"\/\/www.memoriaestadionacional.cl\/wp-content\/uploads\/2025\/06\/Copia-de-DSC03135-50x100.jpg\" data-in=\"o:0;\" data-out=\"a:false;\">\n\t\t\t\t\t\t\t<img decoding=\"async\" src=\"\/\/www.memoriaestadionacional.cl\/wp-content\/plugins\/revslider\/sr6\/assets\/assets\/dummy.png\" alt=\"\" title=\"Galer\u00eda\" class=\"rev-slidebg tp-rs-img rs-lazyload\" data-lazyload=\"\/\/www.memoriaestadionacional.cl\/wp-content\/uploads\/2025\/06\/Copia-de-DSC03135.jpg\" data-no-retina>\n<!---->\t\t\t\t\t<\/rs-slide>\n\t\t\t\t\t\t<rs-slide style=\"position: absolute;\" data-key=\"rs-1264\" data-title=\"Slide\" data-thumb=\"\/\/www.memoriaestadionacional.cl\/wp-content\/uploads\/2025\/06\/Copia-de-DSC03137-50x100.jpg\" data-in=\"o:0;\" data-out=\"a:false;\">\n\t\t\t\t\t\t\t<img decoding=\"async\" src=\"\/\/www.memoriaestadionacional.cl\/wp-content\/plugins\/revslider\/sr6\/assets\/assets\/dummy.png\" alt=\"\" title=\"Galer\u00eda\" class=\"rev-slidebg tp-rs-img rs-lazyload\" data-lazyload=\"\/\/www.memoriaestadionacional.cl\/wp-content\/uploads\/2025\/06\/Copia-de-DSC03137.jpg\" data-no-retina>\n<!---->\t\t\t\t\t<\/rs-slide>\n\t\t\t\t\t\t<rs-slide style=\"position: absolute;\" data-key=\"rs-1265\" data-title=\"Slide\" data-thumb=\"\/\/www.memoriaestadionacional.cl\/wp-content\/uploads\/2025\/06\/Copia-de-DSC03139-50x100.jpg\" data-in=\"o:0;\" data-out=\"a:false;\">\n\t\t\t\t\t\t\t<img decoding=\"async\" src=\"\/\/www.memoriaestadionacional.cl\/wp-content\/plugins\/revslider\/sr6\/assets\/assets\/dummy.png\" alt=\"\" title=\"Galer\u00eda\" class=\"rev-slidebg tp-rs-img rs-lazyload\" data-lazyload=\"\/\/www.memoriaestadionacional.cl\/wp-content\/uploads\/2025\/06\/Copia-de-DSC03139.jpg\" data-no-retina>\n<!---->\t\t\t\t\t<\/rs-slide>\n\t\t\t\t\t\t<rs-slide style=\"position: absolute;\" data-key=\"rs-1266\" data-title=\"Slide\" data-thumb=\"\/\/www.memoriaestadionacional.cl\/wp-content\/uploads\/2025\/06\/Copia-de-DSC03141-50x100.jpg\" data-in=\"o:0;\" data-out=\"a:false;\">\n\t\t\t\t\t\t\t<img decoding=\"async\" src=\"\/\/www.memoriaestadionacional.cl\/wp-content\/plugins\/revslider\/sr6\/assets\/assets\/dummy.png\" alt=\"\" title=\"Galer\u00eda\" class=\"rev-slidebg tp-rs-img rs-lazyload\" data-lazyload=\"\/\/www.memoriaestadionacional.cl\/wp-content\/uploads\/2025\/06\/Copia-de-DSC03141.jpg\" data-no-retina>\n<!---->\t\t\t\t\t<\/rs-slide>\n\t\t\t\t\t\t<rs-slide style=\"position: absolute;\" data-key=\"rs-1267\" data-title=\"Slide\" data-thumb=\"\/\/www.memoriaestadionacional.cl\/wp-content\/uploads\/2025\/06\/Copia-de-DSC03146-50x100.jpg\" data-in=\"o:0;\" data-out=\"a:false;\">\n\t\t\t\t\t\t\t<img decoding=\"async\" src=\"\/\/www.memoriaestadionacional.cl\/wp-content\/plugins\/revslider\/sr6\/assets\/assets\/dummy.png\" alt=\"\" title=\"Galer\u00eda\" class=\"rev-slidebg tp-rs-img rs-lazyload\" data-lazyload=\"\/\/www.memoriaestadionacional.cl\/wp-content\/uploads\/2025\/06\/Copia-de-DSC03146.jpg\" data-no-retina>\n<!---->\t\t\t\t\t<\/rs-slide>\n\t\t\t\t\t\t<rs-slide style=\"position: absolute;\" data-key=\"rs-1268\" data-title=\"Slide\" data-thumb=\"\/\/www.memoriaestadionacional.cl\/wp-content\/uploads\/2025\/06\/Copia-de-DSC03158-50x100.jpg\" data-in=\"o:0;\" data-out=\"a:false;\">\n\t\t\t\t\t\t\t<img decoding=\"async\" src=\"\/\/www.memoriaestadionacional.cl\/wp-content\/plugins\/revslider\/sr6\/assets\/assets\/dummy.png\" alt=\"\" title=\"Galer\u00eda\" class=\"rev-slidebg tp-rs-img rs-lazyload\" data-lazyload=\"\/\/www.memoriaestadionacional.cl\/wp-content\/uploads\/2025\/06\/Copia-de-DSC03158.jpg\" data-no-retina>\n<!---->\t\t\t\t\t<\/rs-slide>\n\t\t\t\t\t\t<rs-slide style=\"position: absolute;\" data-key=\"rs-1269\" data-title=\"Slide\" data-thumb=\"\/\/www.memoriaestadionacional.cl\/wp-content\/uploads\/2025\/06\/Copia-de-DSC03161-50x100.jpg\" data-in=\"o:0;\" data-out=\"a:false;\">\n\t\t\t\t\t\t\t<img decoding=\"async\" src=\"\/\/www.memoriaestadionacional.cl\/wp-content\/plugins\/revslider\/sr6\/assets\/assets\/dummy.png\" alt=\"\" title=\"Galer\u00eda\" class=\"rev-slidebg tp-rs-img rs-lazyload\" data-lazyload=\"\/\/www.memoriaestadionacional.cl\/wp-content\/uploads\/2025\/06\/Copia-de-DSC03161.jpg\" data-no-retina>\n<!---->\t\t\t\t\t<\/rs-slide>\n\t\t\t\t\t\t<rs-slide style=\"position: absolute;\" data-key=\"rs-1270\" data-title=\"Slide\" data-thumb=\"\/\/www.memoriaestadionacional.cl\/wp-content\/uploads\/2025\/06\/Copia-de-DSC03177-50x100.jpg\" data-in=\"o:0;\" data-out=\"a:false;\">\n\t\t\t\t\t\t\t<img decoding=\"async\" src=\"\/\/www.memoriaestadionacional.cl\/wp-content\/plugins\/revslider\/sr6\/assets\/assets\/dummy.png\" alt=\"\" title=\"Galer\u00eda\" class=\"rev-slidebg tp-rs-img rs-lazyload\" data-lazyload=\"\/\/www.memoriaestadionacional.cl\/wp-content\/uploads\/2025\/06\/Copia-de-DSC03177.jpg\" data-no-retina>\n<!---->\t\t\t\t\t<\/rs-slide>\n\t\t\t\t\t\t<rs-slide style=\"position: absolute;\" data-key=\"rs-1271\" data-title=\"Slide\" data-thumb=\"\/\/www.memoriaestadionacional.cl\/wp-content\/uploads\/2025\/06\/Copia-de-DSC03178-50x100.jpg\" data-in=\"o:0;\" data-out=\"a:false;\">\n\t\t\t\t\t\t\t<img decoding=\"async\" src=\"\/\/www.memoriaestadionacional.cl\/wp-content\/plugins\/revslider\/sr6\/assets\/assets\/dummy.png\" alt=\"\" title=\"Galer\u00eda\" class=\"rev-slidebg tp-rs-img rs-lazyload\" data-lazyload=\"\/\/www.memoriaestadionacional.cl\/wp-content\/uploads\/2025\/06\/Copia-de-DSC03178.jpg\" data-no-retina>\n<!---->\t\t\t\t\t<\/rs-slide>\n\t\t\t\t\t\t<rs-slide style=\"position: absolute;\" data-key=\"rs-1272\" data-title=\"Slide\" data-thumb=\"\/\/www.memoriaestadionacional.cl\/wp-content\/uploads\/2025\/06\/Copia-de-DSC03187-50x100.jpg\" data-in=\"o:0;\" data-out=\"a:false;\">\n\t\t\t\t\t\t\t<img decoding=\"async\" src=\"\/\/www.memoriaestadionacional.cl\/wp-content\/plugins\/revslider\/sr6\/assets\/assets\/dummy.png\" alt=\"\" title=\"Galer\u00eda\" class=\"rev-slidebg tp-rs-img rs-lazyload\" data-lazyload=\"\/\/www.memoriaestadionacional.cl\/wp-content\/uploads\/2025\/06\/Copia-de-DSC03187.jpg\" data-no-retina>\n<!---->\t\t\t\t\t<\/rs-slide>\n\t\t\t\t\t\t<rs-slide style=\"position: absolute;\" data-key=\"rs-1273\" data-title=\"Slide\" data-thumb=\"\/\/www.memoriaestadionacional.cl\/wp-content\/uploads\/2025\/06\/Copia-de-DSC03192-50x100.jpg\" data-in=\"o:0;\" data-out=\"a:false;\">\n\t\t\t\t\t\t\t<img decoding=\"async\" src=\"\/\/www.memoriaestadionacional.cl\/wp-content\/plugins\/revslider\/sr6\/assets\/assets\/dummy.png\" alt=\"\" title=\"Galer\u00eda\" class=\"rev-slidebg tp-rs-img rs-lazyload\" data-lazyload=\"\/\/www.memoriaestadionacional.cl\/wp-content\/uploads\/2025\/06\/Copia-de-DSC03192.jpg\" data-no-retina>\n<!---->\t\t\t\t\t<\/rs-slide>\n\t\t\t\t\t\t<rs-slide style=\"position: absolute;\" data-key=\"rs-1274\" data-title=\"Slide\" data-thumb=\"\/\/www.memoriaestadionacional.cl\/wp-content\/uploads\/2025\/06\/Copia-de-DSC03205-50x100.jpg\" data-in=\"o:0;\" data-out=\"a:false;\">\n\t\t\t\t\t\t\t<img decoding=\"async\" src=\"\/\/www.memoriaestadionacional.cl\/wp-content\/plugins\/revslider\/sr6\/assets\/assets\/dummy.png\" alt=\"\" title=\"Galer\u00eda\" class=\"rev-slidebg tp-rs-img rs-lazyload\" data-lazyload=\"\/\/www.memoriaestadionacional.cl\/wp-content\/uploads\/2025\/06\/Copia-de-DSC03205.jpg\" data-no-retina>\n<!---->\t\t\t\t\t<\/rs-slide>\n\t\t\t\t\t\t<rs-slide style=\"position: absolute;\" data-key=\"rs-1275\" data-title=\"Slide\" data-thumb=\"\/\/www.memoriaestadionacional.cl\/wp-content\/uploads\/2025\/06\/Copia-de-DSC03207-50x100.jpg\" data-in=\"o:0;\" data-out=\"a:false;\">\n\t\t\t\t\t\t\t<img decoding=\"async\" src=\"\/\/www.memoriaestadionacional.cl\/wp-content\/plugins\/revslider\/sr6\/assets\/assets\/dummy.png\" alt=\"\" title=\"Galer\u00eda\" class=\"rev-slidebg tp-rs-img rs-lazyload\" data-lazyload=\"\/\/www.memoriaestadionacional.cl\/wp-content\/uploads\/2025\/06\/Copia-de-DSC03207.jpg\" data-no-retina>\n<!---->\t\t\t\t\t<\/rs-slide>\n\t\t\t\t\t\t<rs-slide style=\"position: absolute;\" data-key=\"rs-1276\" data-title=\"Slide\" data-thumb=\"\/\/www.memoriaestadionacional.cl\/wp-content\/uploads\/2025\/06\/Copia-de-DSC03212-50x100.jpg\" data-in=\"o:0;\" data-out=\"a:false;\">\n\t\t\t\t\t\t\t<img decoding=\"async\" src=\"\/\/www.memoriaestadionacional.cl\/wp-content\/plugins\/revslider\/sr6\/assets\/assets\/dummy.png\" alt=\"\" title=\"Galer\u00eda\" class=\"rev-slidebg tp-rs-img rs-lazyload\" data-lazyload=\"\/\/www.memoriaestadionacional.cl\/wp-content\/uploads\/2025\/06\/Copia-de-DSC03212.jpg\" data-no-retina>\n<!---->\t\t\t\t\t<\/rs-slide>\n\t\t\t\t\t\t<rs-slide style=\"position: absolute;\" data-key=\"rs-1277\" data-title=\"Slide\" data-thumb=\"\/\/www.memoriaestadionacional.cl\/wp-content\/uploads\/2025\/06\/Copia-de-DSC03218-50x100.jpg\" data-in=\"o:0;\" data-out=\"a:false;\">\n\t\t\t\t\t\t\t<img decoding=\"async\" src=\"\/\/www.memoriaestadionacional.cl\/wp-content\/plugins\/revslider\/sr6\/assets\/assets\/dummy.png\" alt=\"\" title=\"Galer\u00eda\" class=\"rev-slidebg tp-rs-img rs-lazyload\" data-lazyload=\"\/\/www.memoriaestadionacional.cl\/wp-content\/uploads\/2025\/06\/Copia-de-DSC03218.jpg\" data-no-retina>\n<!---->\t\t\t\t\t<\/rs-slide>\n\t\t\t\t\t\t<rs-slide style=\"position: absolute;\" data-key=\"rs-1278\" data-title=\"Slide\" data-thumb=\"\/\/www.memoriaestadionacional.cl\/wp-content\/uploads\/2025\/06\/Copia-de-DSC03222-50x100.jpg\" data-in=\"o:0;\" data-out=\"a:false;\">\n\t\t\t\t\t\t\t<img decoding=\"async\" src=\"\/\/www.memoriaestadionacional.cl\/wp-content\/plugins\/revslider\/sr6\/assets\/assets\/dummy.png\" alt=\"\" title=\"Galer\u00eda\" class=\"rev-slidebg tp-rs-img rs-lazyload\" data-lazyload=\"\/\/www.memoriaestadionacional.cl\/wp-content\/uploads\/2025\/06\/Copia-de-DSC03222.jpg\" data-no-retina>\n<!---->\t\t\t\t\t<\/rs-slide>\n\t\t\t\t\t\t<rs-slide style=\"position: absolute;\" data-key=\"rs-1279\" data-title=\"Slide\" data-thumb=\"\/\/www.memoriaestadionacional.cl\/wp-content\/uploads\/2025\/06\/Copia-de-DSC03223-50x100.jpg\" data-in=\"o:0;\" data-out=\"a:false;\">\n\t\t\t\t\t\t\t<img decoding=\"async\" src=\"\/\/www.memoriaestadionacional.cl\/wp-content\/plugins\/revslider\/sr6\/assets\/assets\/dummy.png\" alt=\"\" title=\"Galer\u00eda\" class=\"rev-slidebg tp-rs-img rs-lazyload\" data-lazyload=\"\/\/www.memoriaestadionacional.cl\/wp-content\/uploads\/2025\/06\/Copia-de-DSC03223.jpg\" data-no-retina>\n<!---->\t\t\t\t\t<\/rs-slide>\n\t\t\t\t\t<\/rs-slides>\n\t\t\t\t<\/rs-module>\n\t\t\t\t<script>\n\t\t\t\t\tsetREVStartSize({c: 'rev_slider_80_3',rl:[1240,1024,778,480],el:[900],gw:[1240],gh:[900],type:'carousel',justify:'',layout:'fullwidth',mh:\"0\"});if (window.RS_MODULES!==undefined && window.RS_MODULES.modules!==undefined && window.RS_MODULES.modules[\"revslider803\"]!==undefined) {window.RS_MODULES.modules[\"revslider803\"].once = false;window.revapi80 = undefined;if (window.RS_MODULES.checkMinimal!==undefined) window.RS_MODULES.checkMinimal()}\n\t\t\t\t<\/script>\n\t\t\t<\/rs-module-wrap>\n\t\t\t<!-- END REVOLUTION SLIDER -->\n<\/div><\/div><\/div><\/div><\/div><div class=\"vc-row-container row-stretch\"><div data-vc-full-width=\"true\"  data-vc-full-width-init=\"false\" class=\"vc_row wpb_row vc_row-fluid\"><div class=\"wpb_column vc_column_container vc_col-sm-12\"><div class=\"vc_column-inner\"><div class=\"wpb_wrapper\"><div class=\"vc_empty_space\"   style=\"height: 100px\"><span class=\"vc_empty_space_inner\"><\/span><\/div><\/div><\/div><\/div><\/div><\/div><div class=\"vc-row-container row-stretch\"><div data-vc-full-width=\"true\"  data-vc-full-width-init=\"false\" class=\"vc_row wpb_row vc_row-fluid\"><div class=\"wpb_column vc_column_container vc_col-sm-12\"><div class=\"vc_column-inner\"><div class=\"wpb_wrapper\">\n\t<div class=\"wpb_text_column wpb_content_element wpb_animate_when_almost_visible wpb_fadeIn fadeIn\" >\n\t\t<div class=\"wpb_wrapper\">\n\t\t\t<h5 style=\"text-align: center;\"><span style=\"color: #e79e47;\">[<\/span>GALER\u00cdA<span style=\"color: #e79e47;\">]<\/span><\/h5>\n\n\t\t<\/div>\n\t<\/div>\n<h1 style=\"text-align: center\" class=\"vc_custom_heading vc_do_custom_heading wpb_animate_when_almost_visible wpb_fadeIn fadeIn\" >D\u00eda de los patrimonios 2025<\/h1><div class=\"vc_separator wpb_content_element vc_separator_align_center vc_sep_width_10 vc_sep_border_width_5 vc_sep_pos_align_center vc_separator_no_text wpb_content_element  wpb_content_element wpb_animate_when_almost_visible wpb_fadeIn fadeIn wpb_animate_when_almost_visible wpb_fadeIn fadeIn\" ><span class=\"vc_sep_holder vc_sep_holder_l\"><span style=\"border-color:#e79e47;\" class=\"vc_sep_line\"><\/span><\/span><span class=\"vc_sep_holder vc_sep_holder_r\"><span style=\"border-color:#e79e47;\" class=\"vc_sep_line\"><\/span><\/span>\n<\/div><div class=\"vc_empty_space\"   style=\"height: 32px\"><span class=\"vc_empty_space_inner\"><\/span><\/div>\n\t\t\t<!-- START D\u00eda de los patrimonios 2025 REVOLUTION SLIDER 6.7.41 --><p class=\"rs-p-wp-fix\"><\/p>\n\t\t\t<rs-module-wrap id=\"rev_slider_79_4_wrapper\" data-source=\"gallery\" style=\"visibility:hidden;background:transparent;padding:0;margin:0px auto;margin-top:0;margin-bottom:0;\">\n\t\t\t\t<rs-module id=\"rev_slider_79_4\" style=\"\" data-version=\"6.7.41\">\n\t\t\t\t\t<rs-slides style=\"overflow: hidden; position: absolute;\">\n\t\t\t\t\t\t<rs-slide style=\"position: absolute;\" data-key=\"rs-1154\" data-title=\"Slide\" data-thumb=\"\/\/www.memoriaestadionacional.cl\/wp-content\/uploads\/2025\/06\/1be9ce55-b425-4b13-95ca-c1b6bbff9f86-50x100.jpg\" data-in=\"o:0;\" data-out=\"a:false;\">\n\t\t\t\t\t\t\t<img decoding=\"async\" src=\"\/\/www.memoriaestadionacional.cl\/wp-content\/plugins\/revslider\/sr6\/assets\/assets\/dummy.png\" alt=\"\" title=\"Galer\u00eda\" class=\"rev-slidebg tp-rs-img rs-lazyload\" data-lazyload=\"\/\/www.memoriaestadionacional.cl\/wp-content\/uploads\/2025\/06\/1be9ce55-b425-4b13-95ca-c1b6bbff9f86.jpg\" data-no-retina>\n<!---->\t\t\t\t\t<\/rs-slide>\n\t\t\t\t\t\t<rs-slide style=\"position: absolute;\" data-key=\"rs-1155\" data-title=\"Slide\" data-thumb=\"\/\/www.memoriaestadionacional.cl\/wp-content\/uploads\/2025\/06\/IMG_2052-50x100.jpg\" data-in=\"o:0;\" data-out=\"a:false;\">\n\t\t\t\t\t\t\t<img decoding=\"async\" src=\"\/\/www.memoriaestadionacional.cl\/wp-content\/plugins\/revslider\/sr6\/assets\/assets\/dummy.png\" alt=\"\" title=\"Galer\u00eda\" class=\"rev-slidebg tp-rs-img rs-lazyload\" data-lazyload=\"\/\/www.memoriaestadionacional.cl\/wp-content\/uploads\/2025\/06\/IMG_2052.jpg\" data-no-retina>\n<!---->\t\t\t\t\t<\/rs-slide>\n\t\t\t\t\t\t<rs-slide style=\"position: absolute;\" data-key=\"rs-1156\" data-title=\"Slide\" data-thumb=\"\/\/www.memoriaestadionacional.cl\/wp-content\/uploads\/2025\/06\/IMG_2051-50x100.jpg\" data-in=\"o:0;\" data-out=\"a:false;\">\n\t\t\t\t\t\t\t<img decoding=\"async\" src=\"\/\/www.memoriaestadionacional.cl\/wp-content\/plugins\/revslider\/sr6\/assets\/assets\/dummy.png\" alt=\"\" title=\"Galer\u00eda\" class=\"rev-slidebg tp-rs-img rs-lazyload\" data-lazyload=\"\/\/www.memoriaestadionacional.cl\/wp-content\/uploads\/2025\/06\/IMG_2051.jpg\" data-no-retina>\n<!---->\t\t\t\t\t<\/rs-slide>\n\t\t\t\t\t\t<rs-slide style=\"position: absolute;\" data-key=\"rs-1157\" data-title=\"Slide\" data-thumb=\"\/\/www.memoriaestadionacional.cl\/wp-content\/uploads\/2025\/06\/IMG_2047-50x100.jpg\" data-in=\"o:0;\" data-out=\"a:false;\">\n\t\t\t\t\t\t\t<img decoding=\"async\" src=\"\/\/www.memoriaestadionacional.cl\/wp-content\/plugins\/revslider\/sr6\/assets\/assets\/dummy.png\" alt=\"\" title=\"Galer\u00eda\" class=\"rev-slidebg tp-rs-img rs-lazyload\" data-lazyload=\"\/\/www.memoriaestadionacional.cl\/wp-content\/uploads\/2025\/06\/IMG_2047.jpg\" data-no-retina>\n<!---->\t\t\t\t\t<\/rs-slide>\n\t\t\t\t\t\t<rs-slide style=\"position: absolute;\" data-key=\"rs-1158\" data-title=\"Slide\" data-thumb=\"\/\/www.memoriaestadionacional.cl\/wp-content\/uploads\/2025\/06\/IMG_2043-50x100.jpg\" data-in=\"o:0;\" data-out=\"a:false;\">\n\t\t\t\t\t\t\t<img decoding=\"async\" src=\"\/\/www.memoriaestadionacional.cl\/wp-content\/plugins\/revslider\/sr6\/assets\/assets\/dummy.png\" alt=\"\" title=\"Galer\u00eda\" class=\"rev-slidebg tp-rs-img rs-lazyload\" data-lazyload=\"\/\/www.memoriaestadionacional.cl\/wp-content\/uploads\/2025\/06\/IMG_2043.jpg\" data-no-retina>\n<!---->\t\t\t\t\t<\/rs-slide>\n\t\t\t\t\t\t<rs-slide style=\"position: absolute;\" data-key=\"rs-1159\" data-title=\"Slide\" data-thumb=\"\/\/www.memoriaestadionacional.cl\/wp-content\/uploads\/2025\/06\/IMG_2039-50x100.jpg\" data-in=\"o:0;\" data-out=\"a:false;\">\n\t\t\t\t\t\t\t<img decoding=\"async\" src=\"\/\/www.memoriaestadionacional.cl\/wp-content\/plugins\/revslider\/sr6\/assets\/assets\/dummy.png\" alt=\"\" title=\"Galer\u00eda\" class=\"rev-slidebg tp-rs-img rs-lazyload\" data-lazyload=\"\/\/www.memoriaestadionacional.cl\/wp-content\/uploads\/2025\/06\/IMG_2039.jpg\" data-no-retina>\n<!---->\t\t\t\t\t<\/rs-slide>\n\t\t\t\t\t\t<rs-slide style=\"position: absolute;\" data-key=\"rs-1160\" data-title=\"Slide\" data-thumb=\"\/\/www.memoriaestadionacional.cl\/wp-content\/uploads\/2025\/06\/IMG_2037-50x100.jpg\" data-in=\"o:0;\" data-out=\"a:false;\">\n\t\t\t\t\t\t\t<img decoding=\"async\" src=\"\/\/www.memoriaestadionacional.cl\/wp-content\/plugins\/revslider\/sr6\/assets\/assets\/dummy.png\" alt=\"\" title=\"Galer\u00eda\" class=\"rev-slidebg tp-rs-img rs-lazyload\" data-lazyload=\"\/\/www.memoriaestadionacional.cl\/wp-content\/uploads\/2025\/06\/IMG_2037.jpg\" data-no-retina>\n<!---->\t\t\t\t\t<\/rs-slide>\n\t\t\t\t\t\t<rs-slide style=\"position: absolute;\" data-key=\"rs-1161\" data-title=\"Slide\" data-thumb=\"\/\/www.memoriaestadionacional.cl\/wp-content\/uploads\/2025\/06\/IMG_2035-50x100.jpg\" data-in=\"o:0;\" data-out=\"a:false;\">\n\t\t\t\t\t\t\t<img decoding=\"async\" src=\"\/\/www.memoriaestadionacional.cl\/wp-content\/plugins\/revslider\/sr6\/assets\/assets\/dummy.png\" alt=\"\" title=\"Galer\u00eda\" class=\"rev-slidebg tp-rs-img rs-lazyload\" data-lazyload=\"\/\/www.memoriaestadionacional.cl\/wp-content\/uploads\/2025\/06\/IMG_2035.jpg\" data-no-retina>\n<!---->\t\t\t\t\t<\/rs-slide>\n\t\t\t\t\t\t<rs-slide style=\"position: absolute;\" data-key=\"rs-1162\" data-title=\"Slide\" data-thumb=\"\/\/www.memoriaestadionacional.cl\/wp-content\/uploads\/2025\/06\/IMG_2028-50x100.jpg\" data-in=\"o:0;\" data-out=\"a:false;\">\n\t\t\t\t\t\t\t<img decoding=\"async\" src=\"\/\/www.memoriaestadionacional.cl\/wp-content\/plugins\/revslider\/sr6\/assets\/assets\/dummy.png\" alt=\"\" title=\"Galer\u00eda\" class=\"rev-slidebg tp-rs-img rs-lazyload\" data-lazyload=\"\/\/www.memoriaestadionacional.cl\/wp-content\/uploads\/2025\/06\/IMG_2028.jpg\" data-no-retina>\n<!---->\t\t\t\t\t<\/rs-slide>\n\t\t\t\t\t\t<rs-slide style=\"position: absolute;\" data-key=\"rs-1163\" data-title=\"Slide\" data-thumb=\"\/\/www.memoriaestadionacional.cl\/wp-content\/uploads\/2025\/06\/IMG_2023-50x100.jpg\" data-in=\"o:0;\" data-out=\"a:false;\">\n\t\t\t\t\t\t\t<img decoding=\"async\" src=\"\/\/www.memoriaestadionacional.cl\/wp-content\/plugins\/revslider\/sr6\/assets\/assets\/dummy.png\" alt=\"\" title=\"Galer\u00eda\" class=\"rev-slidebg tp-rs-img rs-lazyload\" data-lazyload=\"\/\/www.memoriaestadionacional.cl\/wp-content\/uploads\/2025\/06\/IMG_2023.jpg\" data-no-retina>\n<!---->\t\t\t\t\t<\/rs-slide>\n\t\t\t\t\t\t<rs-slide style=\"position: absolute;\" data-key=\"rs-1164\" data-title=\"Slide\" data-thumb=\"\/\/www.memoriaestadionacional.cl\/wp-content\/uploads\/2025\/06\/IMG_2016-50x100.jpg\" data-in=\"o:0;\" data-out=\"a:false;\">\n\t\t\t\t\t\t\t<img decoding=\"async\" src=\"\/\/www.memoriaestadionacional.cl\/wp-content\/plugins\/revslider\/sr6\/assets\/assets\/dummy.png\" alt=\"\" title=\"Galer\u00eda\" class=\"rev-slidebg tp-rs-img rs-lazyload\" data-lazyload=\"\/\/www.memoriaestadionacional.cl\/wp-content\/uploads\/2025\/06\/IMG_2016.jpg\" data-no-retina>\n<!---->\t\t\t\t\t<\/rs-slide>\n\t\t\t\t\t\t<rs-slide style=\"position: absolute;\" data-key=\"rs-1165\" data-title=\"Slide\" data-thumb=\"\/\/www.memoriaestadionacional.cl\/wp-content\/uploads\/2025\/06\/IMG_2015-50x100.jpg\" data-in=\"o:0;\" data-out=\"a:false;\">\n\t\t\t\t\t\t\t<img decoding=\"async\" src=\"\/\/www.memoriaestadionacional.cl\/wp-content\/plugins\/revslider\/sr6\/assets\/assets\/dummy.png\" alt=\"\" title=\"Galer\u00eda\" class=\"rev-slidebg tp-rs-img rs-lazyload\" data-lazyload=\"\/\/www.memoriaestadionacional.cl\/wp-content\/uploads\/2025\/06\/IMG_2015.jpg\" data-no-retina>\n<!---->\t\t\t\t\t<\/rs-slide>\n\t\t\t\t\t\t<rs-slide style=\"position: absolute;\" data-key=\"rs-1166\" data-title=\"Slide\" data-thumb=\"\/\/www.memoriaestadionacional.cl\/wp-content\/uploads\/2025\/06\/IMG_2013-50x100.jpg\" data-in=\"o:0;\" data-out=\"a:false;\">\n\t\t\t\t\t\t\t<img decoding=\"async\" src=\"\/\/www.memoriaestadionacional.cl\/wp-content\/plugins\/revslider\/sr6\/assets\/assets\/dummy.png\" alt=\"\" title=\"Galer\u00eda\" class=\"rev-slidebg tp-rs-img rs-lazyload\" data-lazyload=\"\/\/www.memoriaestadionacional.cl\/wp-content\/uploads\/2025\/06\/IMG_2013.jpg\" data-no-retina>\n<!---->\t\t\t\t\t<\/rs-slide>\n\t\t\t\t\t\t<rs-slide style=\"position: absolute;\" data-key=\"rs-1167\" data-title=\"Slide\" data-thumb=\"\/\/www.memoriaestadionacional.cl\/wp-content\/uploads\/2025\/06\/IMG_2008-50x100.jpg\" data-in=\"o:0;\" data-out=\"a:false;\">\n\t\t\t\t\t\t\t<img decoding=\"async\" src=\"\/\/www.memoriaestadionacional.cl\/wp-content\/plugins\/revslider\/sr6\/assets\/assets\/dummy.png\" alt=\"\" title=\"Galer\u00eda\" class=\"rev-slidebg tp-rs-img rs-lazyload\" data-lazyload=\"\/\/www.memoriaestadionacional.cl\/wp-content\/uploads\/2025\/06\/IMG_2008.jpg\" data-no-retina>\n<!---->\t\t\t\t\t<\/rs-slide>\n\t\t\t\t\t\t<rs-slide style=\"position: absolute;\" data-key=\"rs-1168\" data-title=\"Slide\" data-thumb=\"\/\/www.memoriaestadionacional.cl\/wp-content\/uploads\/2025\/06\/IMG_2007-50x100.jpg\" data-in=\"o:0;\" data-out=\"a:false;\">\n\t\t\t\t\t\t\t<img decoding=\"async\" src=\"\/\/www.memoriaestadionacional.cl\/wp-content\/plugins\/revslider\/sr6\/assets\/assets\/dummy.png\" alt=\"\" title=\"Galer\u00eda\" class=\"rev-slidebg tp-rs-img rs-lazyload\" data-lazyload=\"\/\/www.memoriaestadionacional.cl\/wp-content\/uploads\/2025\/06\/IMG_2007.jpg\" data-no-retina>\n<!---->\t\t\t\t\t<\/rs-slide>\n\t\t\t\t\t\t<rs-slide style=\"position: absolute;\" data-key=\"rs-1169\" data-title=\"Slide\" data-thumb=\"\/\/www.memoriaestadionacional.cl\/wp-content\/uploads\/2025\/06\/IMG_1999-50x100.jpg\" data-in=\"o:0;\" data-out=\"a:false;\">\n\t\t\t\t\t\t\t<img decoding=\"async\" src=\"\/\/www.memoriaestadionacional.cl\/wp-content\/plugins\/revslider\/sr6\/assets\/assets\/dummy.png\" alt=\"\" title=\"Galer\u00eda\" class=\"rev-slidebg tp-rs-img rs-lazyload\" data-lazyload=\"\/\/www.memoriaestadionacional.cl\/wp-content\/uploads\/2025\/06\/IMG_1999.jpg\" data-no-retina>\n<!---->\t\t\t\t\t<\/rs-slide>\n\t\t\t\t\t\t<rs-slide style=\"position: absolute;\" data-key=\"rs-1170\" data-title=\"Slide\" data-thumb=\"\/\/www.memoriaestadionacional.cl\/wp-content\/uploads\/2025\/06\/IMG_1998-50x100.jpg\" data-in=\"o:0;\" data-out=\"a:false;\">\n\t\t\t\t\t\t\t<img decoding=\"async\" src=\"\/\/www.memoriaestadionacional.cl\/wp-content\/plugins\/revslider\/sr6\/assets\/assets\/dummy.png\" alt=\"\" title=\"Galer\u00eda\" class=\"rev-slidebg tp-rs-img rs-lazyload\" data-lazyload=\"\/\/www.memoriaestadionacional.cl\/wp-content\/uploads\/2025\/06\/IMG_1998.jpg\" data-no-retina>\n<!---->\t\t\t\t\t<\/rs-slide>\n\t\t\t\t\t\t<rs-slide style=\"position: absolute;\" data-key=\"rs-1171\" data-title=\"Slide\" data-thumb=\"\/\/www.memoriaestadionacional.cl\/wp-content\/uploads\/2025\/06\/IMG_1994-50x100.jpg\" data-in=\"o:0;\" data-out=\"a:false;\">\n\t\t\t\t\t\t\t<img decoding=\"async\" src=\"\/\/www.memoriaestadionacional.cl\/wp-content\/plugins\/revslider\/sr6\/assets\/assets\/dummy.png\" alt=\"\" title=\"Galer\u00eda\" class=\"rev-slidebg tp-rs-img rs-lazyload\" data-lazyload=\"\/\/www.memoriaestadionacional.cl\/wp-content\/uploads\/2025\/06\/IMG_1994.jpg\" data-no-retina>\n<!---->\t\t\t\t\t<\/rs-slide>\n\t\t\t\t\t\t<rs-slide style=\"position: absolute;\" data-key=\"rs-1172\" data-title=\"Slide\" data-thumb=\"\/\/www.memoriaestadionacional.cl\/wp-content\/uploads\/2025\/06\/IMG_1990-50x100.jpg\" data-in=\"o:0;\" data-out=\"a:false;\">\n\t\t\t\t\t\t\t<img decoding=\"async\" src=\"\/\/www.memoriaestadionacional.cl\/wp-content\/plugins\/revslider\/sr6\/assets\/assets\/dummy.png\" alt=\"\" title=\"Galer\u00eda\" class=\"rev-slidebg tp-rs-img rs-lazyload\" data-lazyload=\"\/\/www.memoriaestadionacional.cl\/wp-content\/uploads\/2025\/06\/IMG_1990.jpg\" data-no-retina>\n<!---->\t\t\t\t\t<\/rs-slide>\n\t\t\t\t\t\t<rs-slide style=\"position: absolute;\" data-key=\"rs-1173\" data-title=\"Slide\" data-thumb=\"\/\/www.memoriaestadionacional.cl\/wp-content\/uploads\/2025\/06\/IMG_1987-50x100.jpg\" data-in=\"o:0;\" data-out=\"a:false;\">\n\t\t\t\t\t\t\t<img decoding=\"async\" src=\"\/\/www.memoriaestadionacional.cl\/wp-content\/plugins\/revslider\/sr6\/assets\/assets\/dummy.png\" alt=\"\" title=\"Galer\u00eda\" class=\"rev-slidebg tp-rs-img rs-lazyload\" data-lazyload=\"\/\/www.memoriaestadionacional.cl\/wp-content\/uploads\/2025\/06\/IMG_1987.jpg\" data-no-retina>\n<!---->\t\t\t\t\t<\/rs-slide>\n\t\t\t\t\t\t<rs-slide style=\"position: absolute;\" data-key=\"rs-1174\" data-title=\"Slide\" data-thumb=\"\/\/www.memoriaestadionacional.cl\/wp-content\/uploads\/2025\/06\/IMG_1984-50x100.jpg\" data-in=\"o:0;\" data-out=\"a:false;\">\n\t\t\t\t\t\t\t<img decoding=\"async\" src=\"\/\/www.memoriaestadionacional.cl\/wp-content\/plugins\/revslider\/sr6\/assets\/assets\/dummy.png\" alt=\"\" title=\"Galer\u00eda\" class=\"rev-slidebg tp-rs-img rs-lazyload\" data-lazyload=\"\/\/www.memoriaestadionacional.cl\/wp-content\/uploads\/2025\/06\/IMG_1984.jpg\" data-no-retina>\n<!---->\t\t\t\t\t<\/rs-slide>\n\t\t\t\t\t\t<rs-slide style=\"position: absolute;\" data-key=\"rs-1175\" data-title=\"Slide\" data-thumb=\"\/\/www.memoriaestadionacional.cl\/wp-content\/uploads\/2025\/06\/IMG_1979-50x100.jpg\" data-in=\"o:0;\" data-out=\"a:false;\">\n\t\t\t\t\t\t\t<img decoding=\"async\" src=\"\/\/www.memoriaestadionacional.cl\/wp-content\/plugins\/revslider\/sr6\/assets\/assets\/dummy.png\" alt=\"\" title=\"Galer\u00eda\" class=\"rev-slidebg tp-rs-img rs-lazyload\" data-lazyload=\"\/\/www.memoriaestadionacional.cl\/wp-content\/uploads\/2025\/06\/IMG_1979.jpg\" data-no-retina>\n<!---->\t\t\t\t\t<\/rs-slide>\n\t\t\t\t\t\t<rs-slide style=\"position: absolute;\" data-key=\"rs-1176\" data-title=\"Slide\" data-thumb=\"\/\/www.memoriaestadionacional.cl\/wp-content\/uploads\/2025\/06\/IMG_1976-50x100.jpg\" data-in=\"o:0;\" data-out=\"a:false;\">\n\t\t\t\t\t\t\t<img decoding=\"async\" src=\"\/\/www.memoriaestadionacional.cl\/wp-content\/plugins\/revslider\/sr6\/assets\/assets\/dummy.png\" alt=\"\" title=\"Galer\u00eda\" class=\"rev-slidebg tp-rs-img rs-lazyload\" data-lazyload=\"\/\/www.memoriaestadionacional.cl\/wp-content\/uploads\/2025\/06\/IMG_1976.jpg\" data-no-retina>\n<!---->\t\t\t\t\t<\/rs-slide>\n\t\t\t\t\t\t<rs-slide style=\"position: absolute;\" data-key=\"rs-1177\" data-title=\"Slide\" data-thumb=\"\/\/www.memoriaestadionacional.cl\/wp-content\/uploads\/2025\/06\/IMG_1975-50x100.jpg\" data-in=\"o:0;\" data-out=\"a:false;\">\n\t\t\t\t\t\t\t<img decoding=\"async\" src=\"\/\/www.memoriaestadionacional.cl\/wp-content\/plugins\/revslider\/sr6\/assets\/assets\/dummy.png\" alt=\"\" title=\"Galer\u00eda\" class=\"rev-slidebg tp-rs-img rs-lazyload\" data-lazyload=\"\/\/www.memoriaestadionacional.cl\/wp-content\/uploads\/2025\/06\/IMG_1975.jpg\" data-no-retina>\n<!---->\t\t\t\t\t<\/rs-slide>\n\t\t\t\t\t\t<rs-slide style=\"position: absolute;\" data-key=\"rs-1178\" data-title=\"Slide\" data-thumb=\"\/\/www.memoriaestadionacional.cl\/wp-content\/uploads\/2025\/06\/IMG_1973-50x100.jpg\" data-in=\"o:0;\" data-out=\"a:false;\">\n\t\t\t\t\t\t\t<img decoding=\"async\" src=\"\/\/www.memoriaestadionacional.cl\/wp-content\/plugins\/revslider\/sr6\/assets\/assets\/dummy.png\" alt=\"\" title=\"Galer\u00eda\" class=\"rev-slidebg tp-rs-img rs-lazyload\" data-lazyload=\"\/\/www.memoriaestadionacional.cl\/wp-content\/uploads\/2025\/06\/IMG_1973.jpg\" data-no-retina>\n<!---->\t\t\t\t\t<\/rs-slide>\n\t\t\t\t\t\t<rs-slide style=\"position: absolute;\" data-key=\"rs-1179\" data-title=\"Slide\" data-thumb=\"\/\/www.memoriaestadionacional.cl\/wp-content\/uploads\/2025\/06\/IMG_1971-50x100.jpg\" data-in=\"o:0;\" data-out=\"a:false;\">\n\t\t\t\t\t\t\t<img decoding=\"async\" src=\"\/\/www.memoriaestadionacional.cl\/wp-content\/plugins\/revslider\/sr6\/assets\/assets\/dummy.png\" alt=\"\" title=\"Galer\u00eda\" class=\"rev-slidebg tp-rs-img rs-lazyload\" data-lazyload=\"\/\/www.memoriaestadionacional.cl\/wp-content\/uploads\/2025\/06\/IMG_1971.jpg\" data-no-retina>\n<!---->\t\t\t\t\t<\/rs-slide>\n\t\t\t\t\t\t<rs-slide style=\"position: absolute;\" data-key=\"rs-1180\" data-title=\"Slide\" data-thumb=\"\/\/www.memoriaestadionacional.cl\/wp-content\/uploads\/2025\/06\/IMG_1969-50x100.jpg\" data-in=\"o:0;\" data-out=\"a:false;\">\n\t\t\t\t\t\t\t<img decoding=\"async\" src=\"\/\/www.memoriaestadionacional.cl\/wp-content\/plugins\/revslider\/sr6\/assets\/assets\/dummy.png\" alt=\"\" title=\"Galer\u00eda\" class=\"rev-slidebg tp-rs-img rs-lazyload\" data-lazyload=\"\/\/www.memoriaestadionacional.cl\/wp-content\/uploads\/2025\/06\/IMG_1969.jpg\" data-no-retina>\n<!---->\t\t\t\t\t<\/rs-slide>\n\t\t\t\t\t\t<rs-slide style=\"position: absolute;\" data-key=\"rs-1181\" data-title=\"Slide\" data-thumb=\"\/\/www.memoriaestadionacional.cl\/wp-content\/uploads\/2025\/06\/IMG_1968-50x100.jpg\" data-in=\"o:0;\" data-out=\"a:false;\">\n\t\t\t\t\t\t\t<img decoding=\"async\" src=\"\/\/www.memoriaestadionacional.cl\/wp-content\/plugins\/revslider\/sr6\/assets\/assets\/dummy.png\" alt=\"\" title=\"Galer\u00eda\" class=\"rev-slidebg tp-rs-img rs-lazyload\" data-lazyload=\"\/\/www.memoriaestadionacional.cl\/wp-content\/uploads\/2025\/06\/IMG_1968.jpg\" data-no-retina>\n<!---->\t\t\t\t\t<\/rs-slide>\n\t\t\t\t\t\t<rs-slide style=\"position: absolute;\" data-key=\"rs-1182\" data-title=\"Slide\" data-thumb=\"\/\/www.memoriaestadionacional.cl\/wp-content\/uploads\/2025\/06\/IMG_1965-50x100.jpg\" data-in=\"o:0;\" data-out=\"a:false;\">\n\t\t\t\t\t\t\t<img decoding=\"async\" src=\"\/\/www.memoriaestadionacional.cl\/wp-content\/plugins\/revslider\/sr6\/assets\/assets\/dummy.png\" alt=\"\" title=\"Galer\u00eda\" class=\"rev-slidebg tp-rs-img rs-lazyload\" data-lazyload=\"\/\/www.memoriaestadionacional.cl\/wp-content\/uploads\/2025\/06\/IMG_1965.jpg\" data-no-retina>\n<!---->\t\t\t\t\t<\/rs-slide>\n\t\t\t\t\t\t<rs-slide style=\"position: absolute;\" data-key=\"rs-1183\" data-title=\"Slide\" data-thumb=\"\/\/www.memoriaestadionacional.cl\/wp-content\/uploads\/2025\/06\/IMG_1963-50x100.jpg\" data-in=\"o:0;\" data-out=\"a:false;\">\n\t\t\t\t\t\t\t<img decoding=\"async\" src=\"\/\/www.memoriaestadionacional.cl\/wp-content\/plugins\/revslider\/sr6\/assets\/assets\/dummy.png\" alt=\"\" title=\"Galer\u00eda\" class=\"rev-slidebg tp-rs-img rs-lazyload\" data-lazyload=\"\/\/www.memoriaestadionacional.cl\/wp-content\/uploads\/2025\/06\/IMG_1963.jpg\" data-no-retina>\n<!---->\t\t\t\t\t<\/rs-slide>\n\t\t\t\t\t\t<rs-slide style=\"position: absolute;\" data-key=\"rs-1184\" data-title=\"Slide\" data-thumb=\"\/\/www.memoriaestadionacional.cl\/wp-content\/uploads\/2025\/06\/IMG_1962-50x100.jpg\" data-in=\"o:0;\" data-out=\"a:false;\">\n\t\t\t\t\t\t\t<img decoding=\"async\" src=\"\/\/www.memoriaestadionacional.cl\/wp-content\/plugins\/revslider\/sr6\/assets\/assets\/dummy.png\" alt=\"\" title=\"Galer\u00eda\" class=\"rev-slidebg tp-rs-img rs-lazyload\" data-lazyload=\"\/\/www.memoriaestadionacional.cl\/wp-content\/uploads\/2025\/06\/IMG_1962.jpg\" data-no-retina>\n<!---->\t\t\t\t\t<\/rs-slide>\n\t\t\t\t\t\t<rs-slide style=\"position: absolute;\" data-key=\"rs-1185\" data-title=\"Slide\" data-thumb=\"\/\/www.memoriaestadionacional.cl\/wp-content\/uploads\/2025\/06\/IMG_1960-50x100.jpg\" data-in=\"o:0;\" data-out=\"a:false;\">\n\t\t\t\t\t\t\t<img decoding=\"async\" src=\"\/\/www.memoriaestadionacional.cl\/wp-content\/plugins\/revslider\/sr6\/assets\/assets\/dummy.png\" alt=\"\" title=\"Galer\u00eda\" class=\"rev-slidebg tp-rs-img rs-lazyload\" data-lazyload=\"\/\/www.memoriaestadionacional.cl\/wp-content\/uploads\/2025\/06\/IMG_1960.jpg\" data-no-retina>\n<!---->\t\t\t\t\t<\/rs-slide>\n\t\t\t\t\t\t<rs-slide style=\"position: absolute;\" data-key=\"rs-1186\" data-title=\"Slide\" data-thumb=\"\/\/www.memoriaestadionacional.cl\/wp-content\/uploads\/2025\/06\/IMG_1958-50x100.jpg\" data-in=\"o:0;\" data-out=\"a:false;\">\n\t\t\t\t\t\t\t<img decoding=\"async\" src=\"\/\/www.memoriaestadionacional.cl\/wp-content\/plugins\/revslider\/sr6\/assets\/assets\/dummy.png\" alt=\"\" title=\"Galer\u00eda\" class=\"rev-slidebg tp-rs-img rs-lazyload\" data-lazyload=\"\/\/www.memoriaestadionacional.cl\/wp-content\/uploads\/2025\/06\/IMG_1958.jpg\" data-no-retina>\n<!---->\t\t\t\t\t<\/rs-slide>\n\t\t\t\t\t\t<rs-slide style=\"position: absolute;\" data-key=\"rs-1187\" data-title=\"Slide\" data-thumb=\"\/\/www.memoriaestadionacional.cl\/wp-content\/uploads\/2025\/06\/IMG_1952-50x100.jpg\" data-in=\"o:0;\" data-out=\"a:false;\">\n\t\t\t\t\t\t\t<img decoding=\"async\" src=\"\/\/www.memoriaestadionacional.cl\/wp-content\/plugins\/revslider\/sr6\/assets\/assets\/dummy.png\" alt=\"\" title=\"Galer\u00eda\" class=\"rev-slidebg tp-rs-img rs-lazyload\" data-lazyload=\"\/\/www.memoriaestadionacional.cl\/wp-content\/uploads\/2025\/06\/IMG_1952.jpg\" data-no-retina>\n<!---->\t\t\t\t\t<\/rs-slide>\n\t\t\t\t\t\t<rs-slide style=\"position: absolute;\" data-key=\"rs-1188\" data-title=\"Slide\" data-thumb=\"\/\/www.memoriaestadionacional.cl\/wp-content\/uploads\/2025\/06\/IMG_1951-50x100.jpg\" data-in=\"o:0;\" data-out=\"a:false;\">\n\t\t\t\t\t\t\t<img decoding=\"async\" src=\"\/\/www.memoriaestadionacional.cl\/wp-content\/plugins\/revslider\/sr6\/assets\/assets\/dummy.png\" alt=\"\" title=\"Galer\u00eda\" class=\"rev-slidebg tp-rs-img rs-lazyload\" data-lazyload=\"\/\/www.memoriaestadionacional.cl\/wp-content\/uploads\/2025\/06\/IMG_1951.jpg\" data-no-retina>\n<!---->\t\t\t\t\t<\/rs-slide>\n\t\t\t\t\t\t<rs-slide style=\"position: absolute;\" data-key=\"rs-1189\" data-title=\"Slide\" data-thumb=\"\/\/www.memoriaestadionacional.cl\/wp-content\/uploads\/2025\/06\/c05258a9-a63b-4c83-8430-1f2139700e56-50x100.jpg\" data-in=\"o:0;\" data-out=\"a:false;\">\n\t\t\t\t\t\t\t<img decoding=\"async\" src=\"\/\/www.memoriaestadionacional.cl\/wp-content\/plugins\/revslider\/sr6\/assets\/assets\/dummy.png\" alt=\"\" title=\"Galer\u00eda\" class=\"rev-slidebg tp-rs-img rs-lazyload\" data-lazyload=\"\/\/www.memoriaestadionacional.cl\/wp-content\/uploads\/2025\/06\/c05258a9-a63b-4c83-8430-1f2139700e56.jpg\" data-no-retina>\n<!---->\t\t\t\t\t<\/rs-slide>\n\t\t\t\t\t\t<rs-slide style=\"position: absolute;\" data-key=\"rs-1190\" data-title=\"Slide\" data-thumb=\"\/\/www.memoriaestadionacional.cl\/wp-content\/uploads\/2025\/06\/b5350618-fc3e-450f-a047-e4d25dc43c83-50x100.jpg\" data-in=\"o:0;\" data-out=\"a:false;\">\n\t\t\t\t\t\t\t<img decoding=\"async\" src=\"\/\/www.memoriaestadionacional.cl\/wp-content\/plugins\/revslider\/sr6\/assets\/assets\/dummy.png\" alt=\"\" title=\"Galer\u00eda\" class=\"rev-slidebg tp-rs-img rs-lazyload\" data-lazyload=\"\/\/www.memoriaestadionacional.cl\/wp-content\/uploads\/2025\/06\/b5350618-fc3e-450f-a047-e4d25dc43c83.jpg\" data-no-retina>\n<!---->\t\t\t\t\t<\/rs-slide>\n\t\t\t\t\t\t<rs-slide style=\"position: absolute;\" data-key=\"rs-1191\" data-title=\"Slide\" data-thumb=\"\/\/www.memoriaestadionacional.cl\/wp-content\/uploads\/2025\/06\/b2c9346f-4140-4f1a-9284-9a75ce31c02c-50x100.jpg\" data-in=\"o:0;\" data-out=\"a:false;\">\n\t\t\t\t\t\t\t<img decoding=\"async\" src=\"\/\/www.memoriaestadionacional.cl\/wp-content\/plugins\/revslider\/sr6\/assets\/assets\/dummy.png\" alt=\"\" title=\"Galer\u00eda\" class=\"rev-slidebg tp-rs-img rs-lazyload\" data-lazyload=\"\/\/www.memoriaestadionacional.cl\/wp-content\/uploads\/2025\/06\/b2c9346f-4140-4f1a-9284-9a75ce31c02c.jpg\" data-no-retina>\n<!---->\t\t\t\t\t<\/rs-slide>\n\t\t\t\t\t\t<rs-slide style=\"position: absolute;\" data-key=\"rs-1192\" data-title=\"Slide\" data-thumb=\"\/\/www.memoriaestadionacional.cl\/wp-content\/uploads\/2025\/06\/ae03864b-caf2-43e8-b7a5-4afb79fe7130-50x100.jpg\" data-in=\"o:0;\" data-out=\"a:false;\">\n\t\t\t\t\t\t\t<img decoding=\"async\" src=\"\/\/www.memoriaestadionacional.cl\/wp-content\/plugins\/revslider\/sr6\/assets\/assets\/dummy.png\" alt=\"\" title=\"Galer\u00eda\" class=\"rev-slidebg tp-rs-img rs-lazyload\" data-lazyload=\"\/\/www.memoriaestadionacional.cl\/wp-content\/uploads\/2025\/06\/ae03864b-caf2-43e8-b7a5-4afb79fe7130.jpg\" data-no-retina>\n<!---->\t\t\t\t\t<\/rs-slide>\n\t\t\t\t\t\t<rs-slide style=\"position: absolute;\" data-key=\"rs-1193\" data-title=\"Slide\" data-thumb=\"\/\/www.memoriaestadionacional.cl\/wp-content\/uploads\/2025\/06\/6141f270-5c09-4d7f-9bdf-bfd1801b11fa-50x100.jpg\" data-in=\"o:0;\" data-out=\"a:false;\">\n\t\t\t\t\t\t\t<img decoding=\"async\" src=\"\/\/www.memoriaestadionacional.cl\/wp-content\/plugins\/revslider\/sr6\/assets\/assets\/dummy.png\" alt=\"\" title=\"Galer\u00eda\" class=\"rev-slidebg tp-rs-img rs-lazyload\" data-lazyload=\"\/\/www.memoriaestadionacional.cl\/wp-content\/uploads\/2025\/06\/6141f270-5c09-4d7f-9bdf-bfd1801b11fa.jpg\" data-no-retina>\n<!---->\t\t\t\t\t<\/rs-slide>\n\t\t\t\t\t\t<rs-slide style=\"position: absolute;\" data-key=\"rs-1194\" data-title=\"Slide\" data-thumb=\"\/\/www.memoriaestadionacional.cl\/wp-content\/uploads\/2025\/06\/922de758-734f-462f-a364-8bbdfd3c949e-50x100.jpg\" data-in=\"o:0;\" data-out=\"a:false;\">\n\t\t\t\t\t\t\t<img decoding=\"async\" src=\"\/\/www.memoriaestadionacional.cl\/wp-content\/plugins\/revslider\/sr6\/assets\/assets\/dummy.png\" alt=\"\" title=\"Galer\u00eda\" class=\"rev-slidebg tp-rs-img rs-lazyload\" data-lazyload=\"\/\/www.memoriaestadionacional.cl\/wp-content\/uploads\/2025\/06\/922de758-734f-462f-a364-8bbdfd3c949e.jpg\" data-no-retina>\n<!---->\t\t\t\t\t<\/rs-slide>\n\t\t\t\t\t\t<rs-slide style=\"position: absolute;\" data-key=\"rs-1195\" data-title=\"Slide\" data-thumb=\"\/\/www.memoriaestadionacional.cl\/wp-content\/uploads\/2025\/06\/95c6b22b-249c-4cdd-b05b-260bd6b0577f-50x100.jpg\" data-in=\"o:0;\" data-out=\"a:false;\">\n\t\t\t\t\t\t\t<img decoding=\"async\" src=\"\/\/www.memoriaestadionacional.cl\/wp-content\/plugins\/revslider\/sr6\/assets\/assets\/dummy.png\" alt=\"\" title=\"Galer\u00eda\" class=\"rev-slidebg tp-rs-img rs-lazyload\" data-lazyload=\"\/\/www.memoriaestadionacional.cl\/wp-content\/uploads\/2025\/06\/95c6b22b-249c-4cdd-b05b-260bd6b0577f.jpg\" data-no-retina>\n<!---->\t\t\t\t\t<\/rs-slide>\n\t\t\t\t\t\t<rs-slide style=\"position: absolute;\" data-key=\"rs-1196\" data-title=\"Slide\" data-thumb=\"\/\/www.memoriaestadionacional.cl\/wp-content\/uploads\/2025\/06\/39b88e4a-0617-4a24-9352-d1299a592db6-50x100.jpg\" data-in=\"o:0;\" data-out=\"a:false;\">\n\t\t\t\t\t\t\t<img decoding=\"async\" src=\"\/\/www.memoriaestadionacional.cl\/wp-content\/plugins\/revslider\/sr6\/assets\/assets\/dummy.png\" alt=\"\" title=\"Galer\u00eda\" class=\"rev-slidebg tp-rs-img rs-lazyload\" data-lazyload=\"\/\/www.memoriaestadionacional.cl\/wp-content\/uploads\/2025\/06\/39b88e4a-0617-4a24-9352-d1299a592db6.jpg\" data-no-retina>\n<!---->\t\t\t\t\t<\/rs-slide>\n\t\t\t\t\t\t<rs-slide style=\"position: absolute;\" data-key=\"rs-1197\" data-title=\"Slide\" data-thumb=\"\/\/www.memoriaestadionacional.cl\/wp-content\/uploads\/2025\/06\/9ef00914-a793-4a03-b3e9-089e3bb04c23-50x100.jpg\" data-in=\"o:0;\" data-out=\"a:false;\">\n\t\t\t\t\t\t\t<img decoding=\"async\" src=\"\/\/www.memoriaestadionacional.cl\/wp-content\/plugins\/revslider\/sr6\/assets\/assets\/dummy.png\" alt=\"\" title=\"Galer\u00eda\" class=\"rev-slidebg tp-rs-img rs-lazyload\" data-lazyload=\"\/\/www.memoriaestadionacional.cl\/wp-content\/uploads\/2025\/06\/9ef00914-a793-4a03-b3e9-089e3bb04c23.jpg\" data-no-retina>\n<!---->\t\t\t\t\t<\/rs-slide>\n\t\t\t\t\t\t<rs-slide style=\"position: absolute;\" data-key=\"rs-1198\" data-title=\"Slide\" data-thumb=\"\/\/www.memoriaestadionacional.cl\/wp-content\/uploads\/2025\/06\/9de203b3-39ca-45a2-9adc-56134f1f1cbc-50x100.jpg\" data-in=\"o:0;\" data-out=\"a:false;\">\n\t\t\t\t\t\t\t<img decoding=\"async\" src=\"\/\/www.memoriaestadionacional.cl\/wp-content\/plugins\/revslider\/sr6\/assets\/assets\/dummy.png\" alt=\"\" title=\"Galer\u00eda\" class=\"rev-slidebg tp-rs-img rs-lazyload\" data-lazyload=\"\/\/www.memoriaestadionacional.cl\/wp-content\/uploads\/2025\/06\/9de203b3-39ca-45a2-9adc-56134f1f1cbc.jpg\" data-no-retina>\n<!---->\t\t\t\t\t<\/rs-slide>\n\t\t\t\t\t\t<rs-slide style=\"position: absolute;\" data-key=\"rs-1199\" data-title=\"Slide\" data-thumb=\"\/\/www.memoriaestadionacional.cl\/wp-content\/uploads\/2025\/06\/8c0a32ec-f0a3-483e-9c9d-711a74bb174a-50x100.jpg\" data-in=\"o:0;\" data-out=\"a:false;\">\n\t\t\t\t\t\t\t<img decoding=\"async\" src=\"\/\/www.memoriaestadionacional.cl\/wp-content\/plugins\/revslider\/sr6\/assets\/assets\/dummy.png\" alt=\"\" title=\"Galer\u00eda\" class=\"rev-slidebg tp-rs-img rs-lazyload\" data-lazyload=\"\/\/www.memoriaestadionacional.cl\/wp-content\/uploads\/2025\/06\/8c0a32ec-f0a3-483e-9c9d-711a74bb174a.jpg\" data-no-retina>\n<!---->\t\t\t\t\t<\/rs-slide>\n\t\t\t\t\t\t<rs-slide style=\"position: absolute;\" data-key=\"rs-1200\" data-title=\"Slide\" data-thumb=\"\/\/www.memoriaestadionacional.cl\/wp-content\/uploads\/2025\/06\/IMG_2053-50x100.jpg\" data-in=\"o:0;\" data-out=\"a:false;\">\n\t\t\t\t\t\t\t<img decoding=\"async\" src=\"\/\/www.memoriaestadionacional.cl\/wp-content\/plugins\/revslider\/sr6\/assets\/assets\/dummy.png\" alt=\"\" title=\"Galer\u00eda\" class=\"rev-slidebg tp-rs-img rs-lazyload\" data-lazyload=\"\/\/www.memoriaestadionacional.cl\/wp-content\/uploads\/2025\/06\/IMG_2053.jpg\" data-no-retina>\n<!---->\t\t\t\t\t<\/rs-slide>\n\t\t\t\t\t\t<rs-slide style=\"position: absolute;\" data-key=\"rs-1201\" data-title=\"Slide\" data-thumb=\"\/\/www.memoriaestadionacional.cl\/wp-content\/uploads\/2025\/06\/IMG_9490-50x100.jpg\" data-in=\"o:0;\" data-out=\"a:false;\">\n\t\t\t\t\t\t\t<img decoding=\"async\" src=\"\/\/www.memoriaestadionacional.cl\/wp-content\/plugins\/revslider\/sr6\/assets\/assets\/dummy.png\" alt=\"\" title=\"Galer\u00eda\" class=\"rev-slidebg tp-rs-img rs-lazyload\" data-lazyload=\"\/\/www.memoriaestadionacional.cl\/wp-content\/uploads\/2025\/06\/IMG_9490.jpg\" data-no-retina>\n<!---->\t\t\t\t\t<\/rs-slide>\n\t\t\t\t\t\t<rs-slide style=\"position: absolute;\" data-key=\"rs-1202\" data-title=\"Slide\" data-thumb=\"\/\/www.memoriaestadionacional.cl\/wp-content\/uploads\/2025\/06\/IMG_94891-50x100.jpg\" data-in=\"o:0;\" data-out=\"a:false;\">\n\t\t\t\t\t\t\t<img decoding=\"async\" src=\"\/\/www.memoriaestadionacional.cl\/wp-content\/plugins\/revslider\/sr6\/assets\/assets\/dummy.png\" alt=\"\" title=\"Galer\u00eda\" class=\"rev-slidebg tp-rs-img rs-lazyload\" data-lazyload=\"\/\/www.memoriaestadionacional.cl\/wp-content\/uploads\/2025\/06\/IMG_94891.jpg\" data-no-retina>\n<!---->\t\t\t\t\t<\/rs-slide>\n\t\t\t\t\t\t<rs-slide style=\"position: absolute;\" data-key=\"rs-1203\" data-title=\"Slide\" data-thumb=\"\/\/www.memoriaestadionacional.cl\/wp-content\/uploads\/2025\/06\/IMG_9488-50x100.jpg\" data-in=\"o:0;\" data-out=\"a:false;\">\n\t\t\t\t\t\t\t<img decoding=\"async\" src=\"\/\/www.memoriaestadionacional.cl\/wp-content\/plugins\/revslider\/sr6\/assets\/assets\/dummy.png\" alt=\"\" title=\"Galer\u00eda\" class=\"rev-slidebg tp-rs-img rs-lazyload\" data-lazyload=\"\/\/www.memoriaestadionacional.cl\/wp-content\/uploads\/2025\/06\/IMG_9488.jpg\" data-no-retina>\n<!---->\t\t\t\t\t<\/rs-slide>\n\t\t\t\t\t\t<rs-slide style=\"position: absolute;\" data-key=\"rs-1204\" data-title=\"Slide\" data-thumb=\"\/\/www.memoriaestadionacional.cl\/wp-content\/uploads\/2025\/06\/IMG_9487-50x100.jpg\" data-in=\"o:0;\" data-out=\"a:false;\">\n\t\t\t\t\t\t\t<img decoding=\"async\" src=\"\/\/www.memoriaestadionacional.cl\/wp-content\/plugins\/revslider\/sr6\/assets\/assets\/dummy.png\" alt=\"\" title=\"Galer\u00eda\" class=\"rev-slidebg tp-rs-img rs-lazyload\" data-lazyload=\"\/\/www.memoriaestadionacional.cl\/wp-content\/uploads\/2025\/06\/IMG_9487.jpg\" data-no-retina>\n<!---->\t\t\t\t\t<\/rs-slide>\n\t\t\t\t\t\t<rs-slide style=\"position: absolute;\" data-key=\"rs-1205\" data-title=\"Slide\" data-thumb=\"\/\/www.memoriaestadionacional.cl\/wp-content\/uploads\/2025\/06\/IMG_94841-50x100.jpg\" data-in=\"o:0;\" data-out=\"a:false;\">\n\t\t\t\t\t\t\t<img decoding=\"async\" src=\"\/\/www.memoriaestadionacional.cl\/wp-content\/plugins\/revslider\/sr6\/assets\/assets\/dummy.png\" alt=\"\" title=\"Galer\u00eda\" class=\"rev-slidebg tp-rs-img rs-lazyload\" data-lazyload=\"\/\/www.memoriaestadionacional.cl\/wp-content\/uploads\/2025\/06\/IMG_94841.jpg\" data-no-retina>\n<!---->\t\t\t\t\t<\/rs-slide>\n\t\t\t\t\t\t<rs-slide style=\"position: absolute;\" data-key=\"rs-1206\" data-title=\"Slide\" data-thumb=\"\/\/www.memoriaestadionacional.cl\/wp-content\/uploads\/2025\/06\/IMG_9483-50x100.jpg\" data-in=\"o:0;\" data-out=\"a:false;\">\n\t\t\t\t\t\t\t<img decoding=\"async\" src=\"\/\/www.memoriaestadionacional.cl\/wp-content\/plugins\/revslider\/sr6\/assets\/assets\/dummy.png\" alt=\"\" title=\"Galer\u00eda\" class=\"rev-slidebg tp-rs-img rs-lazyload\" data-lazyload=\"\/\/www.memoriaestadionacional.cl\/wp-content\/uploads\/2025\/06\/IMG_9483.jpg\" data-no-retina>\n<!---->\t\t\t\t\t<\/rs-slide>\n\t\t\t\t\t\t<rs-slide style=\"position: absolute;\" data-key=\"rs-1207\" data-title=\"Slide\" data-thumb=\"\/\/www.memoriaestadionacional.cl\/wp-content\/uploads\/2025\/06\/IMG_9482-50x100.jpg\" data-in=\"o:0;\" data-out=\"a:false;\">\n\t\t\t\t\t\t\t<img decoding=\"async\" src=\"\/\/www.memoriaestadionacional.cl\/wp-content\/plugins\/revslider\/sr6\/assets\/assets\/dummy.png\" alt=\"\" title=\"Galer\u00eda\" class=\"rev-slidebg tp-rs-img rs-lazyload\" data-lazyload=\"\/\/www.memoriaestadionacional.cl\/wp-content\/uploads\/2025\/06\/IMG_9482.jpg\" data-no-retina>\n<!---->\t\t\t\t\t<\/rs-slide>\n\t\t\t\t\t\t<rs-slide style=\"position: absolute;\" data-key=\"rs-1208\" data-title=\"Slide\" data-thumb=\"\/\/www.memoriaestadionacional.cl\/wp-content\/uploads\/2025\/06\/IMG_94811-50x100.jpg\" data-in=\"o:0;\" data-out=\"a:false;\">\n\t\t\t\t\t\t\t<img decoding=\"async\" src=\"\/\/www.memoriaestadionacional.cl\/wp-content\/plugins\/revslider\/sr6\/assets\/assets\/dummy.png\" alt=\"\" title=\"Galer\u00eda\" class=\"rev-slidebg tp-rs-img rs-lazyload\" data-lazyload=\"\/\/www.memoriaestadionacional.cl\/wp-content\/uploads\/2025\/06\/IMG_94811.jpg\" data-no-retina>\n<!---->\t\t\t\t\t<\/rs-slide>\n\t\t\t\t\t\t<rs-slide style=\"position: absolute;\" data-key=\"rs-1209\" data-title=\"Slide\" data-thumb=\"\/\/www.memoriaestadionacional.cl\/wp-content\/uploads\/2025\/06\/IMG_9478-50x100.jpg\" data-in=\"o:0;\" data-out=\"a:false;\">\n\t\t\t\t\t\t\t<img decoding=\"async\" src=\"\/\/www.memoriaestadionacional.cl\/wp-content\/plugins\/revslider\/sr6\/assets\/assets\/dummy.png\" alt=\"\" title=\"Galer\u00eda\" class=\"rev-slidebg tp-rs-img rs-lazyload\" data-lazyload=\"\/\/www.memoriaestadionacional.cl\/wp-content\/uploads\/2025\/06\/IMG_9478.jpg\" data-no-retina>\n<!---->\t\t\t\t\t<\/rs-slide>\n\t\t\t\t\t\t<rs-slide style=\"position: absolute;\" data-key=\"rs-1210\" data-title=\"Slide\" data-thumb=\"\/\/www.memoriaestadionacional.cl\/wp-content\/uploads\/2025\/06\/IMG_9474-50x100.jpg\" data-in=\"o:0;\" data-out=\"a:false;\">\n\t\t\t\t\t\t\t<img decoding=\"async\" src=\"\/\/www.memoriaestadionacional.cl\/wp-content\/plugins\/revslider\/sr6\/assets\/assets\/dummy.png\" alt=\"\" title=\"Galer\u00eda\" class=\"rev-slidebg tp-rs-img rs-lazyload\" data-lazyload=\"\/\/www.memoriaestadionacional.cl\/wp-content\/uploads\/2025\/06\/IMG_9474.jpg\" data-no-retina>\n<!---->\t\t\t\t\t<\/rs-slide>\n\t\t\t\t\t\t<rs-slide style=\"position: absolute;\" data-key=\"rs-1211\" data-title=\"Slide\" data-thumb=\"\/\/www.memoriaestadionacional.cl\/wp-content\/uploads\/2025\/06\/IMG_94731-50x100.jpg\" data-in=\"o:0;\" data-out=\"a:false;\">\n\t\t\t\t\t\t\t<img decoding=\"async\" src=\"\/\/www.memoriaestadionacional.cl\/wp-content\/plugins\/revslider\/sr6\/assets\/assets\/dummy.png\" alt=\"\" title=\"Galer\u00eda\" class=\"rev-slidebg tp-rs-img rs-lazyload\" data-lazyload=\"\/\/www.memoriaestadionacional.cl\/wp-content\/uploads\/2025\/06\/IMG_94731.jpg\" data-no-retina>\n<!---->\t\t\t\t\t<\/rs-slide>\n\t\t\t\t\t\t<rs-slide style=\"position: absolute;\" data-key=\"rs-1212\" data-title=\"Slide\" data-thumb=\"\/\/www.memoriaestadionacional.cl\/wp-content\/uploads\/2025\/06\/IMG_94701-50x100.jpg\" data-in=\"o:0;\" data-out=\"a:false;\">\n\t\t\t\t\t\t\t<img decoding=\"async\" src=\"\/\/www.memoriaestadionacional.cl\/wp-content\/plugins\/revslider\/sr6\/assets\/assets\/dummy.png\" alt=\"\" title=\"Galer\u00eda\" class=\"rev-slidebg tp-rs-img rs-lazyload\" data-lazyload=\"\/\/www.memoriaestadionacional.cl\/wp-content\/uploads\/2025\/06\/IMG_94701.jpg\" data-no-retina>\n<!---->\t\t\t\t\t<\/rs-slide>\n\t\t\t\t\t\t<rs-slide style=\"position: absolute;\" data-key=\"rs-1213\" data-title=\"Slide\" data-thumb=\"\/\/www.memoriaestadionacional.cl\/wp-content\/uploads\/2025\/06\/IMG_9470-50x100.jpg\" data-in=\"o:0;\" data-out=\"a:false;\">\n\t\t\t\t\t\t\t<img decoding=\"async\" src=\"\/\/www.memoriaestadionacional.cl\/wp-content\/plugins\/revslider\/sr6\/assets\/assets\/dummy.png\" alt=\"\" title=\"Galer\u00eda\" class=\"rev-slidebg tp-rs-img rs-lazyload\" data-lazyload=\"\/\/www.memoriaestadionacional.cl\/wp-content\/uploads\/2025\/06\/IMG_9470.jpg\" data-no-retina>\n<!---->\t\t\t\t\t<\/rs-slide>\n\t\t\t\t\t\t<rs-slide style=\"position: absolute;\" data-key=\"rs-1214\" data-title=\"Slide\" data-thumb=\"\/\/www.memoriaestadionacional.cl\/wp-content\/uploads\/2025\/06\/IMG_9469-50x100.jpg\" data-in=\"o:0;\" data-out=\"a:false;\">\n\t\t\t\t\t\t\t<img decoding=\"async\" src=\"\/\/www.memoriaestadionacional.cl\/wp-content\/plugins\/revslider\/sr6\/assets\/assets\/dummy.png\" alt=\"\" title=\"Galer\u00eda\" class=\"rev-slidebg tp-rs-img rs-lazyload\" data-lazyload=\"\/\/www.memoriaestadionacional.cl\/wp-content\/uploads\/2025\/06\/IMG_9469.jpg\" data-no-retina>\n<!---->\t\t\t\t\t<\/rs-slide>\n\t\t\t\t\t\t<rs-slide style=\"position: absolute;\" data-key=\"rs-1215\" data-title=\"Slide\" data-thumb=\"\/\/www.memoriaestadionacional.cl\/wp-content\/uploads\/2025\/06\/IMG_9463-50x100.jpg\" data-in=\"o:0;\" data-out=\"a:false;\">\n\t\t\t\t\t\t\t<img decoding=\"async\" src=\"\/\/www.memoriaestadionacional.cl\/wp-content\/plugins\/revslider\/sr6\/assets\/assets\/dummy.png\" alt=\"\" title=\"Galer\u00eda\" class=\"rev-slidebg tp-rs-img rs-lazyload\" data-lazyload=\"\/\/www.memoriaestadionacional.cl\/wp-content\/uploads\/2025\/06\/IMG_9463.jpg\" data-no-retina>\n<!---->\t\t\t\t\t<\/rs-slide>\n\t\t\t\t\t\t<rs-slide style=\"position: absolute;\" data-key=\"rs-1216\" data-title=\"Slide\" data-thumb=\"\/\/www.memoriaestadionacional.cl\/wp-content\/uploads\/2025\/06\/IMG_9462-50x100.jpg\" data-in=\"o:0;\" data-out=\"a:false;\">\n\t\t\t\t\t\t\t<img decoding=\"async\" src=\"\/\/www.memoriaestadionacional.cl\/wp-content\/plugins\/revslider\/sr6\/assets\/assets\/dummy.png\" alt=\"\" title=\"Galer\u00eda\" class=\"rev-slidebg tp-rs-img rs-lazyload\" data-lazyload=\"\/\/www.memoriaestadionacional.cl\/wp-content\/uploads\/2025\/06\/IMG_9462.jpg\" data-no-retina>\n<!---->\t\t\t\t\t<\/rs-slide>\n\t\t\t\t\t\t<rs-slide style=\"position: absolute;\" data-key=\"rs-1217\" data-title=\"Slide\" data-thumb=\"\/\/www.memoriaestadionacional.cl\/wp-content\/uploads\/2025\/06\/IMG_9461-50x100.jpg\" data-in=\"o:0;\" data-out=\"a:false;\">\n\t\t\t\t\t\t\t<img decoding=\"async\" src=\"\/\/www.memoriaestadionacional.cl\/wp-content\/plugins\/revslider\/sr6\/assets\/assets\/dummy.png\" alt=\"\" title=\"Galer\u00eda\" class=\"rev-slidebg tp-rs-img rs-lazyload\" data-lazyload=\"\/\/www.memoriaestadionacional.cl\/wp-content\/uploads\/2025\/06\/IMG_9461.jpg\" data-no-retina>\n<!---->\t\t\t\t\t<\/rs-slide>\n\t\t\t\t\t\t<rs-slide style=\"position: absolute;\" data-key=\"rs-1218\" data-title=\"Slide\" data-thumb=\"\/\/www.memoriaestadionacional.cl\/wp-content\/uploads\/2025\/06\/IMG_9460-50x100.jpg\" data-in=\"o:0;\" data-out=\"a:false;\">\n\t\t\t\t\t\t\t<img decoding=\"async\" src=\"\/\/www.memoriaestadionacional.cl\/wp-content\/plugins\/revslider\/sr6\/assets\/assets\/dummy.png\" alt=\"\" title=\"Galer\u00eda\" class=\"rev-slidebg tp-rs-img rs-lazyload\" data-lazyload=\"\/\/www.memoriaestadionacional.cl\/wp-content\/uploads\/2025\/06\/IMG_9460.jpg\" data-no-retina>\n<!---->\t\t\t\t\t<\/rs-slide>\n\t\t\t\t\t\t<rs-slide style=\"position: absolute;\" data-key=\"rs-1219\" data-title=\"Slide\" data-thumb=\"\/\/www.memoriaestadionacional.cl\/wp-content\/uploads\/2025\/06\/IMG_9459-50x100.jpg\" data-in=\"o:0;\" data-out=\"a:false;\">\n\t\t\t\t\t\t\t<img decoding=\"async\" src=\"\/\/www.memoriaestadionacional.cl\/wp-content\/plugins\/revslider\/sr6\/assets\/assets\/dummy.png\" alt=\"\" title=\"Galer\u00eda\" class=\"rev-slidebg tp-rs-img rs-lazyload\" data-lazyload=\"\/\/www.memoriaestadionacional.cl\/wp-content\/uploads\/2025\/06\/IMG_9459.jpg\" data-no-retina>\n<!---->\t\t\t\t\t<\/rs-slide>\n\t\t\t\t\t\t<rs-slide style=\"position: absolute;\" data-key=\"rs-1220\" data-title=\"Slide\" data-thumb=\"\/\/www.memoriaestadionacional.cl\/wp-content\/uploads\/2025\/06\/IMG_9458-50x100.jpg\" data-in=\"o:0;\" data-out=\"a:false;\">\n\t\t\t\t\t\t\t<img decoding=\"async\" src=\"\/\/www.memoriaestadionacional.cl\/wp-content\/plugins\/revslider\/sr6\/assets\/assets\/dummy.png\" alt=\"\" title=\"Galer\u00eda\" class=\"rev-slidebg tp-rs-img rs-lazyload\" data-lazyload=\"\/\/www.memoriaestadionacional.cl\/wp-content\/uploads\/2025\/06\/IMG_9458.jpg\" data-no-retina>\n<!---->\t\t\t\t\t<\/rs-slide>\n\t\t\t\t\t\t<rs-slide style=\"position: absolute;\" data-key=\"rs-1221\" data-title=\"Slide\" data-thumb=\"\/\/www.memoriaestadionacional.cl\/wp-content\/uploads\/2025\/06\/IMG_9457-50x100.jpg\" data-in=\"o:0;\" data-out=\"a:false;\">\n\t\t\t\t\t\t\t<img decoding=\"async\" src=\"\/\/www.memoriaestadionacional.cl\/wp-content\/plugins\/revslider\/sr6\/assets\/assets\/dummy.png\" alt=\"\" title=\"Galer\u00eda\" class=\"rev-slidebg tp-rs-img rs-lazyload\" data-lazyload=\"\/\/www.memoriaestadionacional.cl\/wp-content\/uploads\/2025\/06\/IMG_9457.jpg\" data-no-retina>\n<!---->\t\t\t\t\t<\/rs-slide>\n\t\t\t\t\t\t<rs-slide style=\"position: absolute;\" data-key=\"rs-1222\" data-title=\"Slide\" data-thumb=\"\/\/www.memoriaestadionacional.cl\/wp-content\/uploads\/2025\/06\/IMG_9455-50x100.jpg\" data-in=\"o:0;\" data-out=\"a:false;\">\n\t\t\t\t\t\t\t<img decoding=\"async\" src=\"\/\/www.memoriaestadionacional.cl\/wp-content\/plugins\/revslider\/sr6\/assets\/assets\/dummy.png\" alt=\"\" title=\"Galer\u00eda\" class=\"rev-slidebg tp-rs-img rs-lazyload\" data-lazyload=\"\/\/www.memoriaestadionacional.cl\/wp-content\/uploads\/2025\/06\/IMG_9455.jpg\" data-no-retina>\n<!---->\t\t\t\t\t<\/rs-slide>\n\t\t\t\t\t\t<rs-slide style=\"position: absolute;\" data-key=\"rs-1223\" data-title=\"Slide\" data-thumb=\"\/\/www.memoriaestadionacional.cl\/wp-content\/uploads\/2025\/06\/IMG_94541-50x100.jpg\" data-in=\"o:0;\" data-out=\"a:false;\">\n\t\t\t\t\t\t\t<img decoding=\"async\" src=\"\/\/www.memoriaestadionacional.cl\/wp-content\/plugins\/revslider\/sr6\/assets\/assets\/dummy.png\" alt=\"\" title=\"Galer\u00eda\" class=\"rev-slidebg tp-rs-img rs-lazyload\" data-lazyload=\"\/\/www.memoriaestadionacional.cl\/wp-content\/uploads\/2025\/06\/IMG_94541.jpg\" data-no-retina>\n<!---->\t\t\t\t\t<\/rs-slide>\n\t\t\t\t\t\t<rs-slide style=\"position: absolute;\" data-key=\"rs-1224\" data-title=\"Slide\" data-thumb=\"\/\/www.memoriaestadionacional.cl\/wp-content\/uploads\/2025\/06\/IMG_9453-50x100.jpg\" data-in=\"o:0;\" data-out=\"a:false;\">\n\t\t\t\t\t\t\t<img decoding=\"async\" src=\"\/\/www.memoriaestadionacional.cl\/wp-content\/plugins\/revslider\/sr6\/assets\/assets\/dummy.png\" alt=\"\" title=\"Galer\u00eda\" class=\"rev-slidebg tp-rs-img rs-lazyload\" data-lazyload=\"\/\/www.memoriaestadionacional.cl\/wp-content\/uploads\/2025\/06\/IMG_9453.jpg\" data-no-retina>\n<!---->\t\t\t\t\t<\/rs-slide>\n\t\t\t\t\t\t<rs-slide style=\"position: absolute;\" data-key=\"rs-1225\" data-title=\"Slide\" data-thumb=\"\/\/www.memoriaestadionacional.cl\/wp-content\/uploads\/2025\/06\/IMG_2079-50x100.jpg\" data-in=\"o:0;\" data-out=\"a:false;\">\n\t\t\t\t\t\t\t<img decoding=\"async\" src=\"\/\/www.memoriaestadionacional.cl\/wp-content\/plugins\/revslider\/sr6\/assets\/assets\/dummy.png\" alt=\"\" title=\"Galer\u00eda\" class=\"rev-slidebg tp-rs-img rs-lazyload\" data-lazyload=\"\/\/www.memoriaestadionacional.cl\/wp-content\/uploads\/2025\/06\/IMG_2079.jpg\" data-no-retina>\n<!---->\t\t\t\t\t<\/rs-slide>\n\t\t\t\t\t\t<rs-slide style=\"position: absolute;\" data-key=\"rs-1226\" data-title=\"Slide\" data-thumb=\"\/\/www.memoriaestadionacional.cl\/wp-content\/uploads\/2025\/06\/IMG_2078-50x100.jpg\" data-in=\"o:0;\" data-out=\"a:false;\">\n\t\t\t\t\t\t\t<img decoding=\"async\" src=\"\/\/www.memoriaestadionacional.cl\/wp-content\/plugins\/revslider\/sr6\/assets\/assets\/dummy.png\" alt=\"\" title=\"Galer\u00eda\" class=\"rev-slidebg tp-rs-img rs-lazyload\" data-lazyload=\"\/\/www.memoriaestadionacional.cl\/wp-content\/uploads\/2025\/06\/IMG_2078.jpg\" data-no-retina>\n<!---->\t\t\t\t\t<\/rs-slide>\n\t\t\t\t\t\t<rs-slide style=\"position: absolute;\" data-key=\"rs-1227\" data-title=\"Slide\" data-thumb=\"\/\/www.memoriaestadionacional.cl\/wp-content\/uploads\/2025\/06\/IMG_2077-50x100.jpg\" data-in=\"o:0;\" data-out=\"a:false;\">\n\t\t\t\t\t\t\t<img decoding=\"async\" src=\"\/\/www.memoriaestadionacional.cl\/wp-content\/plugins\/revslider\/sr6\/assets\/assets\/dummy.png\" alt=\"\" title=\"Galer\u00eda\" class=\"rev-slidebg tp-rs-img rs-lazyload\" data-lazyload=\"\/\/www.memoriaestadionacional.cl\/wp-content\/uploads\/2025\/06\/IMG_2077.jpg\" data-no-retina>\n<!---->\t\t\t\t\t<\/rs-slide>\n\t\t\t\t\t\t<rs-slide style=\"position: absolute;\" data-key=\"rs-1228\" data-title=\"Slide\" data-thumb=\"\/\/www.memoriaestadionacional.cl\/wp-content\/uploads\/2025\/06\/IMG_2076-50x100.jpg\" data-in=\"o:0;\" data-out=\"a:false;\">\n\t\t\t\t\t\t\t<img decoding=\"async\" src=\"\/\/www.memoriaestadionacional.cl\/wp-content\/plugins\/revslider\/sr6\/assets\/assets\/dummy.png\" alt=\"\" title=\"Galer\u00eda\" class=\"rev-slidebg tp-rs-img rs-lazyload\" data-lazyload=\"\/\/www.memoriaestadionacional.cl\/wp-content\/uploads\/2025\/06\/IMG_2076.jpg\" data-no-retina>\n<!---->\t\t\t\t\t<\/rs-slide>\n\t\t\t\t\t\t<rs-slide style=\"position: absolute;\" data-key=\"rs-1229\" data-title=\"Slide\" data-thumb=\"\/\/www.memoriaestadionacional.cl\/wp-content\/uploads\/2025\/06\/IMG_2075-50x100.jpg\" data-in=\"o:0;\" data-out=\"a:false;\">\n\t\t\t\t\t\t\t<img decoding=\"async\" src=\"\/\/www.memoriaestadionacional.cl\/wp-content\/plugins\/revslider\/sr6\/assets\/assets\/dummy.png\" alt=\"\" title=\"Galer\u00eda\" class=\"rev-slidebg tp-rs-img rs-lazyload\" data-lazyload=\"\/\/www.memoriaestadionacional.cl\/wp-content\/uploads\/2025\/06\/IMG_2075.jpg\" data-no-retina>\n<!---->\t\t\t\t\t<\/rs-slide>\n\t\t\t\t\t\t<rs-slide style=\"position: absolute;\" data-key=\"rs-1230\" data-title=\"Slide\" data-thumb=\"\/\/www.memoriaestadionacional.cl\/wp-content\/uploads\/2025\/06\/IMG_2074-50x100.jpg\" data-in=\"o:0;\" data-out=\"a:false;\">\n\t\t\t\t\t\t\t<img decoding=\"async\" src=\"\/\/www.memoriaestadionacional.cl\/wp-content\/plugins\/revslider\/sr6\/assets\/assets\/dummy.png\" alt=\"\" title=\"Galer\u00eda\" class=\"rev-slidebg tp-rs-img rs-lazyload\" data-lazyload=\"\/\/www.memoriaestadionacional.cl\/wp-content\/uploads\/2025\/06\/IMG_2074.jpg\" data-no-retina>\n<!---->\t\t\t\t\t<\/rs-slide>\n\t\t\t\t\t\t<rs-slide style=\"position: absolute;\" data-key=\"rs-1231\" data-title=\"Slide\" data-thumb=\"\/\/www.memoriaestadionacional.cl\/wp-content\/uploads\/2025\/06\/IMG_2073-50x100.jpg\" data-in=\"o:0;\" data-out=\"a:false;\">\n\t\t\t\t\t\t\t<img decoding=\"async\" src=\"\/\/www.memoriaestadionacional.cl\/wp-content\/plugins\/revslider\/sr6\/assets\/assets\/dummy.png\" alt=\"\" title=\"Galer\u00eda\" class=\"rev-slidebg tp-rs-img rs-lazyload\" data-lazyload=\"\/\/www.memoriaestadionacional.cl\/wp-content\/uploads\/2025\/06\/IMG_2073.jpg\" data-no-retina>\n<!---->\t\t\t\t\t<\/rs-slide>\n\t\t\t\t\t\t<rs-slide style=\"position: absolute;\" data-key=\"rs-1232\" data-title=\"Slide\" data-thumb=\"\/\/www.memoriaestadionacional.cl\/wp-content\/uploads\/2025\/06\/IMG_2068-50x100.jpg\" data-in=\"o:0;\" data-out=\"a:false;\">\n\t\t\t\t\t\t\t<img decoding=\"async\" src=\"\/\/www.memoriaestadionacional.cl\/wp-content\/plugins\/revslider\/sr6\/assets\/assets\/dummy.png\" alt=\"\" title=\"Galer\u00eda\" class=\"rev-slidebg tp-rs-img rs-lazyload\" data-lazyload=\"\/\/www.memoriaestadionacional.cl\/wp-content\/uploads\/2025\/06\/IMG_2068.jpg\" data-no-retina>\n<!---->\t\t\t\t\t<\/rs-slide>\n\t\t\t\t\t\t<rs-slide style=\"position: absolute;\" data-key=\"rs-1233\" data-title=\"Slide\" data-thumb=\"\/\/www.memoriaestadionacional.cl\/wp-content\/uploads\/2025\/06\/IMG_2065-50x100.jpg\" data-in=\"o:0;\" data-out=\"a:false;\">\n\t\t\t\t\t\t\t<img decoding=\"async\" src=\"\/\/www.memoriaestadionacional.cl\/wp-content\/plugins\/revslider\/sr6\/assets\/assets\/dummy.png\" alt=\"\" title=\"Galer\u00eda\" class=\"rev-slidebg tp-rs-img rs-lazyload\" data-lazyload=\"\/\/www.memoriaestadionacional.cl\/wp-content\/uploads\/2025\/06\/IMG_2065.jpg\" data-no-retina>\n<!---->\t\t\t\t\t<\/rs-slide>\n\t\t\t\t\t\t<rs-slide style=\"position: absolute;\" data-key=\"rs-1234\" data-title=\"Slide\" data-thumb=\"\/\/www.memoriaestadionacional.cl\/wp-content\/uploads\/2025\/06\/IMG_2055-50x100.jpg\" data-in=\"o:0;\" data-out=\"a:false;\">\n\t\t\t\t\t\t\t<img decoding=\"async\" src=\"\/\/www.memoriaestadionacional.cl\/wp-content\/plugins\/revslider\/sr6\/assets\/assets\/dummy.png\" alt=\"\" title=\"Galer\u00eda\" class=\"rev-slidebg tp-rs-img rs-lazyload\" data-lazyload=\"\/\/www.memoriaestadionacional.cl\/wp-content\/uploads\/2025\/06\/IMG_2055.jpg\" data-no-retina>\n<!---->\t\t\t\t\t<\/rs-slide>\n\t\t\t\t\t\t<rs-slide style=\"position: absolute;\" data-key=\"rs-1235\" data-title=\"Slide\" data-thumb=\"\/\/www.memoriaestadionacional.cl\/wp-content\/uploads\/2025\/06\/IMG_2054-50x100.jpg\" data-in=\"o:0;\" data-out=\"a:false;\">\n\t\t\t\t\t\t\t<img decoding=\"async\" src=\"\/\/www.memoriaestadionacional.cl\/wp-content\/plugins\/revslider\/sr6\/assets\/assets\/dummy.png\" alt=\"\" title=\"Galer\u00eda\" class=\"rev-slidebg tp-rs-img rs-lazyload\" data-lazyload=\"\/\/www.memoriaestadionacional.cl\/wp-content\/uploads\/2025\/06\/IMG_2054.jpg\" data-no-retina>\n<!---->\t\t\t\t\t<\/rs-slide>\n\t\t\t\t\t<\/rs-slides>\n\t\t\t\t<\/rs-module>\n\t\t\t\t<script>\n\t\t\t\t\tsetREVStartSize({c: 'rev_slider_79_4',rl:[1240,1024,778,480],el:[900],gw:[1240],gh:[900],type:'carousel',justify:'',layout:'fullwidth',mh:\"0\"});if (window.RS_MODULES!==undefined && window.RS_MODULES.modules!==undefined && window.RS_MODULES.modules[\"revslider794\"]!==undefined) {window.RS_MODULES.modules[\"revslider794\"].once = false;window.revapi79 = undefined;if (window.RS_MODULES.checkMinimal!==undefined) window.RS_MODULES.checkMinimal()}\n\t\t\t\t<\/script>\n\t\t\t<\/rs-module-wrap>\n\t\t\t<!-- END REVOLUTION SLIDER -->\n<\/div><\/div><\/div><\/div><\/div><div class=\"vc-row-container row-stretch\"><div data-vc-full-width=\"true\"  data-vc-full-width-init=\"false\" class=\"vc_row wpb_row vc_row-fluid\"><div class=\"wpb_column vc_column_container vc_col-sm-12\"><div class=\"vc_column-inner\"><div class=\"wpb_wrapper\"><div class=\"vc_empty_space\"   style=\"height: 100px\"><span class=\"vc_empty_space_inner\"><\/span><\/div><\/div><\/div><\/div><\/div><\/div><div class=\"vc-row-container row-stretch\"><div data-vc-full-width=\"true\"  data-vc-full-width-init=\"false\" class=\"vc_row wpb_row vc_row-fluid\"><div class=\"wpb_column vc_column_container vc_col-sm-12\"><div class=\"vc_column-inner\"><div class=\"wpb_wrapper\">\n\t<div class=\"wpb_text_column wpb_content_element wpb_animate_when_almost_visible wpb_fadeIn fadeIn\" >\n\t\t<div class=\"wpb_wrapper\">\n\t\t\t<h5 style=\"text-align: center;\"><span style=\"color: #e79e47;\">[<\/span>GALER\u00cdA<span style=\"color: #e79e47;\">]<\/span><\/h5>\n\n\t\t<\/div>\n\t<\/div>\n<h1 style=\"text-align: center\" class=\"vc_custom_heading vc_do_custom_heading wpb_animate_when_almost_visible wpb_fadeIn fadeIn\" >Acto de conmemoraci\u00f3n de la Nakba - Palestina Resiste<\/h1><div class=\"vc_separator wpb_content_element vc_separator_align_center vc_sep_width_10 vc_sep_border_width_5 vc_sep_pos_align_center vc_separator_no_text wpb_content_element  wpb_content_element wpb_animate_when_almost_visible wpb_fadeIn fadeIn wpb_animate_when_almost_visible wpb_fadeIn fadeIn\" ><span class=\"vc_sep_holder vc_sep_holder_l\"><span style=\"border-color:#e79e47;\" class=\"vc_sep_line\"><\/span><\/span><span class=\"vc_sep_holder vc_sep_holder_r\"><span style=\"border-color:#e79e47;\" class=\"vc_sep_line\"><\/span><\/span>\n<\/div><div class=\"vc_empty_space\"   style=\"height: 32px\"><span class=\"vc_empty_space_inner\"><\/span><\/div>\n\t\t\t<!-- START Acto Conmemoracio\u0301n de la Nakba  Palestina Resiste REVOLUTION SLIDER 6.7.41 --><p class=\"rs-p-wp-fix\"><\/p>\n\t\t\t<rs-module-wrap id=\"rev_slider_78_5_wrapper\" data-source=\"gallery\" style=\"visibility:hidden;background:transparent;padding:0;margin:0px auto;margin-top:0;margin-bottom:0;\">\n\t\t\t\t<rs-module id=\"rev_slider_78_5\" style=\"\" data-version=\"6.7.41\">\n\t\t\t\t\t<rs-slides style=\"overflow: hidden; position: absolute;\">\n\t\t\t\t\t\t<rs-slide style=\"position: absolute;\" data-key=\"rs-1134\" data-title=\"Slide\" data-thumb=\"\/\/www.memoriaestadionacional.cl\/wp-content\/uploads\/2025\/06\/WhatsApp-Image-2025-05-20-at-10.21.03-1-2-50x100.jpeg\" data-in=\"o:0;\" data-out=\"a:false;\">\n\t\t\t\t\t\t\t<img decoding=\"async\" src=\"\/\/www.memoriaestadionacional.cl\/wp-content\/plugins\/revslider\/sr6\/assets\/assets\/dummy.png\" alt=\"\" title=\"Galer\u00eda\" class=\"rev-slidebg tp-rs-img rs-lazyload\" data-lazyload=\"\/\/www.memoriaestadionacional.cl\/wp-content\/uploads\/2025\/06\/WhatsApp-Image-2025-05-20-at-10.21.03-1-2.jpeg\" data-no-retina>\n<!---->\t\t\t\t\t<\/rs-slide>\n\t\t\t\t\t\t<rs-slide style=\"position: absolute;\" data-key=\"rs-1135\" data-title=\"Slide\" data-thumb=\"\/\/www.memoriaestadionacional.cl\/wp-content\/uploads\/2025\/06\/WhatsApp-Image-2025-05-20-at-10.21.06-2-50x100.jpeg\" data-in=\"o:0;\" data-out=\"a:false;\">\n\t\t\t\t\t\t\t<img decoding=\"async\" src=\"\/\/www.memoriaestadionacional.cl\/wp-content\/plugins\/revslider\/sr6\/assets\/assets\/dummy.png\" alt=\"\" title=\"Galer\u00eda\" class=\"rev-slidebg tp-rs-img rs-lazyload\" data-lazyload=\"\/\/www.memoriaestadionacional.cl\/wp-content\/uploads\/2025\/06\/WhatsApp-Image-2025-05-20-at-10.21.06-2.jpeg\" data-no-retina>\n<!---->\t\t\t\t\t<\/rs-slide>\n\t\t\t\t\t\t<rs-slide style=\"position: absolute;\" data-key=\"rs-1136\" data-title=\"Slide\" data-thumb=\"\/\/www.memoriaestadionacional.cl\/wp-content\/uploads\/2025\/06\/WhatsApp-Image-2025-05-20-at-10.21.08-2-50x100.jpeg\" data-in=\"o:0;\" data-out=\"a:false;\">\n\t\t\t\t\t\t\t<img decoding=\"async\" src=\"\/\/www.memoriaestadionacional.cl\/wp-content\/plugins\/revslider\/sr6\/assets\/assets\/dummy.png\" alt=\"\" title=\"Galer\u00eda\" class=\"rev-slidebg tp-rs-img rs-lazyload\" data-lazyload=\"\/\/www.memoriaestadionacional.cl\/wp-content\/uploads\/2025\/06\/WhatsApp-Image-2025-05-20-at-10.21.08-2.jpeg\" data-no-retina>\n<!---->\t\t\t\t\t<\/rs-slide>\n\t\t\t\t\t\t<rs-slide style=\"position: absolute;\" data-key=\"rs-1137\" data-title=\"Slide\" data-thumb=\"\/\/www.memoriaestadionacional.cl\/wp-content\/uploads\/2025\/06\/WhatsApp-Image-2025-05-20-at-10.22.46-2-scaled-50x100.jpeg\" data-in=\"o:0;\" data-out=\"a:false;\">\n\t\t\t\t\t\t\t<img decoding=\"async\" src=\"\/\/www.memoriaestadionacional.cl\/wp-content\/plugins\/revslider\/sr6\/assets\/assets\/dummy.png\" alt=\"\" title=\"Galer\u00eda\" class=\"rev-slidebg tp-rs-img rs-lazyload\" data-lazyload=\"\/\/www.memoriaestadionacional.cl\/wp-content\/uploads\/2025\/06\/WhatsApp-Image-2025-05-20-at-10.22.46-2-scaled.jpeg\" data-no-retina>\n<!---->\t\t\t\t\t<\/rs-slide>\n\t\t\t\t\t\t<rs-slide style=\"position: absolute;\" data-key=\"rs-1138\" data-title=\"Slide\" data-thumb=\"\/\/www.memoriaestadionacional.cl\/wp-content\/uploads\/2025\/06\/WhatsApp-Image-2025-05-20-at-10.22.53-2-scaled-50x100.jpeg\" data-in=\"o:0;\" data-out=\"a:false;\">\n\t\t\t\t\t\t\t<img decoding=\"async\" src=\"\/\/www.memoriaestadionacional.cl\/wp-content\/plugins\/revslider\/sr6\/assets\/assets\/dummy.png\" alt=\"\" title=\"Galer\u00eda\" class=\"rev-slidebg tp-rs-img rs-lazyload\" data-lazyload=\"\/\/www.memoriaestadionacional.cl\/wp-content\/uploads\/2025\/06\/WhatsApp-Image-2025-05-20-at-10.22.53-2-scaled.jpeg\" data-no-retina>\n<!---->\t\t\t\t\t<\/rs-slide>\n\t\t\t\t\t\t<rs-slide style=\"position: absolute;\" data-key=\"rs-1139\" data-title=\"Slide\" data-thumb=\"\/\/www.memoriaestadionacional.cl\/wp-content\/uploads\/2025\/06\/WhatsApp-Image-2025-05-20-at-10.22.56-2-scaled-50x100.jpeg\" data-in=\"o:0;\" data-out=\"a:false;\">\n\t\t\t\t\t\t\t<img decoding=\"async\" src=\"\/\/www.memoriaestadionacional.cl\/wp-content\/plugins\/revslider\/sr6\/assets\/assets\/dummy.png\" alt=\"\" title=\"Galer\u00eda\" class=\"rev-slidebg tp-rs-img rs-lazyload\" data-lazyload=\"\/\/www.memoriaestadionacional.cl\/wp-content\/uploads\/2025\/06\/WhatsApp-Image-2025-05-20-at-10.22.56-2-scaled.jpeg\" data-no-retina>\n<!---->\t\t\t\t\t<\/rs-slide>\n\t\t\t\t\t\t<rs-slide style=\"position: absolute;\" data-key=\"rs-1140\" data-title=\"Slide\" data-thumb=\"\/\/www.memoriaestadionacional.cl\/wp-content\/uploads\/2025\/06\/WhatsApp-Image-2025-05-20-at-10.23.26-1-2-scaled-50x100.jpeg\" data-in=\"o:0;\" data-out=\"a:false;\">\n\t\t\t\t\t\t\t<img decoding=\"async\" src=\"\/\/www.memoriaestadionacional.cl\/wp-content\/plugins\/revslider\/sr6\/assets\/assets\/dummy.png\" alt=\"\" title=\"Galer\u00eda\" class=\"rev-slidebg tp-rs-img rs-lazyload\" data-lazyload=\"\/\/www.memoriaestadionacional.cl\/wp-content\/uploads\/2025\/06\/WhatsApp-Image-2025-05-20-at-10.23.26-1-2-scaled.jpeg\" data-no-retina>\n<!---->\t\t\t\t\t<\/rs-slide>\n\t\t\t\t\t\t<rs-slide style=\"position: absolute;\" data-key=\"rs-1141\" data-title=\"Slide\" data-thumb=\"\/\/www.memoriaestadionacional.cl\/wp-content\/uploads\/2025\/06\/WhatsApp-Image-2025-05-20-at-10.23.26-2-scaled-50x100.jpeg\" data-in=\"o:0;\" data-out=\"a:false;\">\n\t\t\t\t\t\t\t<img decoding=\"async\" src=\"\/\/www.memoriaestadionacional.cl\/wp-content\/plugins\/revslider\/sr6\/assets\/assets\/dummy.png\" alt=\"\" title=\"Galer\u00eda\" class=\"rev-slidebg tp-rs-img rs-lazyload\" data-lazyload=\"\/\/www.memoriaestadionacional.cl\/wp-content\/uploads\/2025\/06\/WhatsApp-Image-2025-05-20-at-10.23.26-2-scaled.jpeg\" data-no-retina>\n<!---->\t\t\t\t\t<\/rs-slide>\n\t\t\t\t\t\t<rs-slide style=\"position: absolute;\" data-key=\"rs-1142\" data-title=\"Slide\" data-thumb=\"\/\/www.memoriaestadionacional.cl\/wp-content\/uploads\/2025\/06\/WhatsApp-Image-2025-05-20-at-10.23.27-2-scaled-50x100.jpeg\" data-in=\"o:0;\" data-out=\"a:false;\">\n\t\t\t\t\t\t\t<img decoding=\"async\" src=\"\/\/www.memoriaestadionacional.cl\/wp-content\/plugins\/revslider\/sr6\/assets\/assets\/dummy.png\" alt=\"\" title=\"Galer\u00eda\" class=\"rev-slidebg tp-rs-img rs-lazyload\" data-lazyload=\"\/\/www.memoriaestadionacional.cl\/wp-content\/uploads\/2025\/06\/WhatsApp-Image-2025-05-20-at-10.23.27-2-scaled.jpeg\" data-no-retina>\n<!---->\t\t\t\t\t<\/rs-slide>\n\t\t\t\t\t\t<rs-slide style=\"position: absolute;\" data-key=\"rs-1143\" data-title=\"Slide\" data-thumb=\"\/\/www.memoriaestadionacional.cl\/wp-content\/uploads\/2025\/06\/WhatsApp-Image-2025-05-20-at-10.23.28-2-scaled-50x100.jpeg\" data-in=\"o:0;\" data-out=\"a:false;\">\n\t\t\t\t\t\t\t<img decoding=\"async\" src=\"\/\/www.memoriaestadionacional.cl\/wp-content\/plugins\/revslider\/sr6\/assets\/assets\/dummy.png\" alt=\"\" title=\"Galer\u00eda\" class=\"rev-slidebg tp-rs-img rs-lazyload\" data-lazyload=\"\/\/www.memoriaestadionacional.cl\/wp-content\/uploads\/2025\/06\/WhatsApp-Image-2025-05-20-at-10.23.28-2-scaled.jpeg\" data-no-retina>\n<!---->\t\t\t\t\t<\/rs-slide>\n\t\t\t\t\t\t<rs-slide style=\"position: absolute;\" data-key=\"rs-1144\" data-title=\"Slide\" data-thumb=\"\/\/www.memoriaestadionacional.cl\/wp-content\/uploads\/2025\/06\/WhatsApp-Image-2025-05-20-at-10.23.29-2-scaled-50x100.jpeg\" data-in=\"o:0;\" data-out=\"a:false;\">\n\t\t\t\t\t\t\t<img decoding=\"async\" src=\"\/\/www.memoriaestadionacional.cl\/wp-content\/plugins\/revslider\/sr6\/assets\/assets\/dummy.png\" alt=\"\" title=\"Galer\u00eda\" class=\"rev-slidebg tp-rs-img rs-lazyload\" data-lazyload=\"\/\/www.memoriaestadionacional.cl\/wp-content\/uploads\/2025\/06\/WhatsApp-Image-2025-05-20-at-10.23.29-2-scaled.jpeg\" data-no-retina>\n<!---->\t\t\t\t\t<\/rs-slide>\n\t\t\t\t\t\t<rs-slide style=\"position: absolute;\" data-key=\"rs-1145\" data-title=\"Slide\" data-thumb=\"\/\/www.memoriaestadionacional.cl\/wp-content\/uploads\/2025\/06\/WhatsApp-Image-2025-05-20-at-10.23.45-2-scaled-50x100.jpeg\" data-in=\"o:0;\" data-out=\"a:false;\">\n\t\t\t\t\t\t\t<img decoding=\"async\" src=\"\/\/www.memoriaestadionacional.cl\/wp-content\/plugins\/revslider\/sr6\/assets\/assets\/dummy.png\" alt=\"\" title=\"Galer\u00eda\" class=\"rev-slidebg tp-rs-img rs-lazyload\" data-lazyload=\"\/\/www.memoriaestadionacional.cl\/wp-content\/uploads\/2025\/06\/WhatsApp-Image-2025-05-20-at-10.23.45-2-scaled.jpeg\" data-no-retina>\n<!---->\t\t\t\t\t<\/rs-slide>\n\t\t\t\t\t\t<rs-slide style=\"position: absolute;\" data-key=\"rs-1146\" data-title=\"Slide\" data-thumb=\"\/\/www.memoriaestadionacional.cl\/wp-content\/uploads\/2025\/06\/WhatsApp-Image-2025-05-20-at-10.23.46-2-scaled-50x100.jpeg\" data-in=\"o:0;\" data-out=\"a:false;\">\n\t\t\t\t\t\t\t<img decoding=\"async\" src=\"\/\/www.memoriaestadionacional.cl\/wp-content\/plugins\/revslider\/sr6\/assets\/assets\/dummy.png\" alt=\"\" title=\"Galer\u00eda\" class=\"rev-slidebg tp-rs-img rs-lazyload\" data-lazyload=\"\/\/www.memoriaestadionacional.cl\/wp-content\/uploads\/2025\/06\/WhatsApp-Image-2025-05-20-at-10.23.46-2-scaled.jpeg\" data-no-retina>\n<!---->\t\t\t\t\t<\/rs-slide>\n\t\t\t\t\t\t<rs-slide style=\"position: absolute;\" data-key=\"rs-1147\" data-title=\"Slide\" data-thumb=\"\/\/www.memoriaestadionacional.cl\/wp-content\/uploads\/2025\/06\/WhatsApp-Image-2025-05-20-at-10.23.52-2-scaled-50x100.jpeg\" data-in=\"o:0;\" data-out=\"a:false;\">\n\t\t\t\t\t\t\t<img decoding=\"async\" src=\"\/\/www.memoriaestadionacional.cl\/wp-content\/plugins\/revslider\/sr6\/assets\/assets\/dummy.png\" alt=\"\" title=\"Galer\u00eda\" class=\"rev-slidebg tp-rs-img rs-lazyload\" data-lazyload=\"\/\/www.memoriaestadionacional.cl\/wp-content\/uploads\/2025\/06\/WhatsApp-Image-2025-05-20-at-10.23.52-2-scaled.jpeg\" data-no-retina>\n<!---->\t\t\t\t\t<\/rs-slide>\n\t\t\t\t\t\t<rs-slide style=\"position: absolute;\" data-key=\"rs-1148\" data-title=\"Slide\" data-thumb=\"\/\/www.memoriaestadionacional.cl\/wp-content\/uploads\/2025\/06\/WhatsApp-Image-2025-05-20-at-10.23.53-2-scaled-50x100.jpeg\" data-in=\"o:0;\" data-out=\"a:false;\">\n\t\t\t\t\t\t\t<img decoding=\"async\" src=\"\/\/www.memoriaestadionacional.cl\/wp-content\/plugins\/revslider\/sr6\/assets\/assets\/dummy.png\" alt=\"\" title=\"Galer\u00eda\" class=\"rev-slidebg tp-rs-img rs-lazyload\" data-lazyload=\"\/\/www.memoriaestadionacional.cl\/wp-content\/uploads\/2025\/06\/WhatsApp-Image-2025-05-20-at-10.23.53-2-scaled.jpeg\" data-bg=\"f:contain;\" data-no-retina>\n<!---->\t\t\t\t\t<\/rs-slide>\n\t\t\t\t\t\t<rs-slide style=\"position: absolute;\" data-key=\"rs-1149\" data-title=\"Slide\" data-thumb=\"\/\/www.memoriaestadionacional.cl\/wp-content\/uploads\/2025\/06\/WhatsApp-Image-2025-05-20-at-10.24.02-1-2-scaled-50x100.jpeg\" data-in=\"o:0;\" data-out=\"a:false;\">\n\t\t\t\t\t\t\t<img decoding=\"async\" src=\"\/\/www.memoriaestadionacional.cl\/wp-content\/plugins\/revslider\/sr6\/assets\/assets\/dummy.png\" alt=\"\" title=\"Galer\u00eda\" class=\"rev-slidebg tp-rs-img rs-lazyload\" data-lazyload=\"\/\/www.memoriaestadionacional.cl\/wp-content\/uploads\/2025\/06\/WhatsApp-Image-2025-05-20-at-10.24.02-1-2-scaled.jpeg\" data-no-retina>\n<!---->\t\t\t\t\t<\/rs-slide>\n\t\t\t\t\t\t<rs-slide style=\"position: absolute;\" data-key=\"rs-1150\" data-title=\"Slide\" data-thumb=\"\/\/www.memoriaestadionacional.cl\/wp-content\/uploads\/2025\/06\/WhatsApp-Image-2025-05-20-at-10.24.02-2-scaled-50x100.jpeg\" data-in=\"o:0;\" data-out=\"a:false;\">\n\t\t\t\t\t\t\t<img decoding=\"async\" src=\"\/\/www.memoriaestadionacional.cl\/wp-content\/plugins\/revslider\/sr6\/assets\/assets\/dummy.png\" alt=\"\" title=\"Galer\u00eda\" class=\"rev-slidebg tp-rs-img rs-lazyload\" data-lazyload=\"\/\/www.memoriaestadionacional.cl\/wp-content\/uploads\/2025\/06\/WhatsApp-Image-2025-05-20-at-10.24.02-2-scaled.jpeg\" data-no-retina>\n<!---->\t\t\t\t\t<\/rs-slide>\n\t\t\t\t\t\t<rs-slide style=\"position: absolute;\" data-key=\"rs-1151\" data-title=\"Slide\" data-thumb=\"\/\/www.memoriaestadionacional.cl\/wp-content\/uploads\/2025\/06\/WhatsApp-Image-2025-05-20-at-10.24.08-1-2-scaled-50x100.jpeg\" data-in=\"o:0;\" data-out=\"a:false;\">\n\t\t\t\t\t\t\t<img decoding=\"async\" src=\"\/\/www.memoriaestadionacional.cl\/wp-content\/plugins\/revslider\/sr6\/assets\/assets\/dummy.png\" alt=\"\" title=\"Galer\u00eda\" class=\"rev-slidebg tp-rs-img rs-lazyload\" data-lazyload=\"\/\/www.memoriaestadionacional.cl\/wp-content\/uploads\/2025\/06\/WhatsApp-Image-2025-05-20-at-10.24.08-1-2-scaled.jpeg\" data-no-retina>\n<!---->\t\t\t\t\t<\/rs-slide>\n\t\t\t\t\t\t<rs-slide style=\"position: absolute;\" data-key=\"rs-1152\" data-title=\"Slide\" data-thumb=\"\/\/www.memoriaestadionacional.cl\/wp-content\/uploads\/2025\/06\/WhatsApp-Image-2025-05-20-at-10.24.08-2-scaled-50x100.jpeg\" data-in=\"o:0;\" data-out=\"a:false;\">\n\t\t\t\t\t\t\t<img decoding=\"async\" src=\"\/\/www.memoriaestadionacional.cl\/wp-content\/plugins\/revslider\/sr6\/assets\/assets\/dummy.png\" alt=\"\" title=\"Galer\u00eda\" class=\"rev-slidebg tp-rs-img rs-lazyload\" data-lazyload=\"\/\/www.memoriaestadionacional.cl\/wp-content\/uploads\/2025\/06\/WhatsApp-Image-2025-05-20-at-10.24.08-2-scaled.jpeg\" data-no-retina>\n<!---->\t\t\t\t\t<\/rs-slide>\n\t\t\t\t\t<\/rs-slides>\n\t\t\t\t<\/rs-module>\n\t\t\t\t<script>\n\t\t\t\t\tsetREVStartSize({c: 'rev_slider_78_5',rl:[1240,1024,778,480],el:[900],gw:[1240],gh:[900],type:'carousel',justify:'',layout:'fullwidth',mh:\"0\"});if (window.RS_MODULES!==undefined && window.RS_MODULES.modules!==undefined && window.RS_MODULES.modules[\"revslider785\"]!==undefined) {window.RS_MODULES.modules[\"revslider785\"].once = false;window.revapi78 = undefined;if (window.RS_MODULES.checkMinimal!==undefined) window.RS_MODULES.checkMinimal()}\n\t\t\t\t<\/script>\n\t\t\t<\/rs-module-wrap>\n\t\t\t<!-- END REVOLUTION SLIDER -->\n<\/div><\/div><\/div><\/div><\/div><div class=\"vc-row-container row-stretch\"><div data-vc-full-width=\"true\"  data-vc-full-width-init=\"false\" class=\"vc_row wpb_row vc_row-fluid\"><div class=\"wpb_column vc_column_container vc_col-sm-12\"><div class=\"vc_column-inner\"><div class=\"wpb_wrapper\"><div class=\"vc_empty_space\"   style=\"height: 100px\"><span class=\"vc_empty_space_inner\"><\/span><\/div><\/div><\/div><\/div><\/div><\/div><div class=\"vc-row-container row-stretch\"><div data-vc-full-width=\"true\"  data-vc-full-width-init=\"false\" class=\"vc_row wpb_row vc_row-fluid\"><div class=\"wpb_column vc_column_container vc_col-sm-12\"><div class=\"vc_column-inner\"><div class=\"wpb_wrapper\">\n\t<div class=\"wpb_text_column wpb_content_element wpb_animate_when_almost_visible wpb_fadeIn fadeIn\" >\n\t\t<div class=\"wpb_wrapper\">\n\t\t\t<h5 style=\"text-align: center;\"><span style=\"color: #e79e47;\">[<\/span>GALER\u00cdA<span style=\"color: #e79e47;\">]<\/span><\/h5>\n\n\t\t<\/div>\n\t<\/div>\n<h1 style=\"text-align: center\" class=\"vc_custom_heading vc_do_custom_heading wpb_animate_when_almost_visible wpb_fadeIn fadeIn\" >Taller \u201cMemorias en resistencia: taller de creaci\u00f3n colectiva de archivos visuales\u201d<\/h1><div class=\"vc_separator wpb_content_element vc_separator_align_center vc_sep_width_10 vc_sep_border_width_5 vc_sep_pos_align_center vc_separator_no_text wpb_content_element  wpb_content_element wpb_animate_when_almost_visible wpb_fadeIn fadeIn wpb_animate_when_almost_visible wpb_fadeIn fadeIn\" ><span class=\"vc_sep_holder vc_sep_holder_l\"><span style=\"border-color:#e79e47;\" class=\"vc_sep_line\"><\/span><\/span><span class=\"vc_sep_holder vc_sep_holder_r\"><span style=\"border-color:#e79e47;\" class=\"vc_sep_line\"><\/span><\/span>\n<\/div><div class=\"vc_empty_space\"   style=\"height: 32px\"><span class=\"vc_empty_space_inner\"><\/span><\/div>\n\t\t\t<!-- START Taller Memorias en resistencias Expo 8M REVOLUTION SLIDER 6.7.41 --><p class=\"rs-p-wp-fix\"><\/p>\n\t\t\t<rs-module-wrap id=\"rev_slider_77_6_wrapper\" data-source=\"gallery\" style=\"visibility:hidden;background:transparent;padding:0;margin:0px auto;margin-top:0;margin-bottom:0;\">\n\t\t\t\t<rs-module id=\"rev_slider_77_6\" style=\"\" data-version=\"6.7.41\">\n\t\t\t\t\t<rs-slides style=\"overflow: hidden; position: absolute;\">\n\t\t\t\t\t\t<rs-slide style=\"position: absolute;\" data-key=\"rs-1120\" data-title=\"Slide\" data-thumb=\"\/\/www.memoriaestadionacional.cl\/wp-content\/uploads\/2025\/06\/5029d5ae-f4ed-4908-93d3-170be37dc5ba-50x100.jpg\" data-in=\"o:0;\" data-out=\"a:false;\">\n\t\t\t\t\t\t\t<img decoding=\"async\" src=\"\/\/www.memoriaestadionacional.cl\/wp-content\/plugins\/revslider\/sr6\/assets\/assets\/dummy.png\" alt=\"\" title=\"Galer\u00eda\" class=\"rev-slidebg tp-rs-img rs-lazyload\" data-lazyload=\"\/\/www.memoriaestadionacional.cl\/wp-content\/uploads\/2025\/06\/5029d5ae-f4ed-4908-93d3-170be37dc5ba.jpg\" data-bg=\"f:contain;\" data-no-retina>\n<!---->\t\t\t\t\t<\/rs-slide>\n\t\t\t\t\t\t<rs-slide style=\"position: absolute;\" data-key=\"rs-1121\" data-title=\"Slide\" data-thumb=\"\/\/www.memoriaestadionacional.cl\/wp-content\/uploads\/2025\/06\/8725cb3e-d344-4bec-b7e9-4ac9048eb943-50x100.jpg\" data-in=\"o:0;\" data-out=\"a:false;\">\n\t\t\t\t\t\t\t<img decoding=\"async\" src=\"\/\/www.memoriaestadionacional.cl\/wp-content\/plugins\/revslider\/sr6\/assets\/assets\/dummy.png\" alt=\"\" title=\"Galer\u00eda\" class=\"rev-slidebg tp-rs-img rs-lazyload\" data-lazyload=\"\/\/www.memoriaestadionacional.cl\/wp-content\/uploads\/2025\/06\/8725cb3e-d344-4bec-b7e9-4ac9048eb943.jpg\" data-bg=\"f:contain;\" data-no-retina>\n<!---->\t\t\t\t\t<\/rs-slide>\n\t\t\t\t\t\t<rs-slide style=\"position: absolute;\" data-key=\"rs-1122\" data-title=\"Slide\" data-thumb=\"\/\/www.memoriaestadionacional.cl\/wp-content\/uploads\/2025\/06\/59182618-343a-4c48-8f6d-00f36f9521e5-50x100.jpg\" data-in=\"o:0;\" data-out=\"a:false;\">\n\t\t\t\t\t\t\t<img decoding=\"async\" src=\"\/\/www.memoriaestadionacional.cl\/wp-content\/plugins\/revslider\/sr6\/assets\/assets\/dummy.png\" alt=\"\" title=\"Galer\u00eda\" class=\"rev-slidebg tp-rs-img rs-lazyload\" data-lazyload=\"\/\/www.memoriaestadionacional.cl\/wp-content\/uploads\/2025\/06\/59182618-343a-4c48-8f6d-00f36f9521e5.jpg\" data-no-retina>\n<!---->\t\t\t\t\t<\/rs-slide>\n\t\t\t\t\t\t<rs-slide style=\"position: absolute;\" data-key=\"rs-1123\" data-title=\"Slide\" data-thumb=\"\/\/www.memoriaestadionacional.cl\/wp-content\/uploads\/2025\/06\/ef6dea11-dea1-41f6-b57e-705c7d71ba5f-50x100.jpg\" data-in=\"o:0;\" data-out=\"a:false;\">\n\t\t\t\t\t\t\t<img decoding=\"async\" src=\"\/\/www.memoriaestadionacional.cl\/wp-content\/plugins\/revslider\/sr6\/assets\/assets\/dummy.png\" alt=\"\" title=\"Galer\u00eda\" class=\"rev-slidebg tp-rs-img rs-lazyload\" data-lazyload=\"\/\/www.memoriaestadionacional.cl\/wp-content\/uploads\/2025\/06\/ef6dea11-dea1-41f6-b57e-705c7d71ba5f.jpg\" data-bg=\"f:contain;\" data-no-retina>\n<!---->\t\t\t\t\t<\/rs-slide>\n\t\t\t\t\t\t<rs-slide style=\"position: absolute;\" data-key=\"rs-1124\" data-title=\"Slide\" data-thumb=\"\/\/www.memoriaestadionacional.cl\/wp-content\/uploads\/2025\/06\/ffa6d16a-0dee-4fb6-94ea-ffe1a0061b10-50x100.jpg\" data-in=\"o:0;\" data-out=\"a:false;\">\n\t\t\t\t\t\t\t<img decoding=\"async\" src=\"\/\/www.memoriaestadionacional.cl\/wp-content\/plugins\/revslider\/sr6\/assets\/assets\/dummy.png\" alt=\"\" title=\"Galer\u00eda\" class=\"rev-slidebg tp-rs-img rs-lazyload\" data-lazyload=\"\/\/www.memoriaestadionacional.cl\/wp-content\/uploads\/2025\/06\/ffa6d16a-0dee-4fb6-94ea-ffe1a0061b10.jpg\" data-bg=\"f:contain;\" data-no-retina>\n<!---->\t\t\t\t\t<\/rs-slide>\n\t\t\t\t\t\t<rs-slide style=\"position: absolute;\" data-key=\"rs-1125\" data-title=\"Slide\" data-thumb=\"\/\/www.memoriaestadionacional.cl\/wp-content\/uploads\/2025\/06\/IMG_1839-50x100.jpg\" data-in=\"o:0;\" data-out=\"a:false;\">\n\t\t\t\t\t\t\t<img decoding=\"async\" src=\"\/\/www.memoriaestadionacional.cl\/wp-content\/plugins\/revslider\/sr6\/assets\/assets\/dummy.png\" alt=\"\" title=\"Galer\u00eda\" class=\"rev-slidebg tp-rs-img rs-lazyload\" data-lazyload=\"\/\/www.memoriaestadionacional.cl\/wp-content\/uploads\/2025\/06\/IMG_1839.jpg\" data-no-retina>\n<!---->\t\t\t\t\t<\/rs-slide>\n\t\t\t\t\t\t<rs-slide style=\"position: absolute;\" data-key=\"rs-1126\" data-title=\"Slide\" data-thumb=\"\/\/www.memoriaestadionacional.cl\/wp-content\/uploads\/2025\/06\/IMG_1840-50x100.jpg\" data-in=\"o:0;\" data-out=\"a:false;\">\n\t\t\t\t\t\t\t<img decoding=\"async\" src=\"\/\/www.memoriaestadionacional.cl\/wp-content\/plugins\/revslider\/sr6\/assets\/assets\/dummy.png\" alt=\"\" title=\"Galer\u00eda\" class=\"rev-slidebg tp-rs-img rs-lazyload\" data-lazyload=\"\/\/www.memoriaestadionacional.cl\/wp-content\/uploads\/2025\/06\/IMG_1840.jpg\" data-no-retina>\n<!---->\t\t\t\t\t<\/rs-slide>\n\t\t\t\t\t\t<rs-slide style=\"position: absolute;\" data-key=\"rs-1127\" data-title=\"Slide\" data-thumb=\"\/\/www.memoriaestadionacional.cl\/wp-content\/uploads\/2025\/06\/IMG_1841-50x100.jpg\" data-in=\"o:0;\" data-out=\"a:false;\">\n\t\t\t\t\t\t\t<img decoding=\"async\" src=\"\/\/www.memoriaestadionacional.cl\/wp-content\/plugins\/revslider\/sr6\/assets\/assets\/dummy.png\" alt=\"\" title=\"Galer\u00eda\" class=\"rev-slidebg tp-rs-img rs-lazyload\" data-lazyload=\"\/\/www.memoriaestadionacional.cl\/wp-content\/uploads\/2025\/06\/IMG_1841.jpg\" data-no-retina>\n<!---->\t\t\t\t\t<\/rs-slide>\n\t\t\t\t\t\t<rs-slide style=\"position: absolute;\" data-key=\"rs-1128\" data-title=\"Slide\" data-thumb=\"\/\/www.memoriaestadionacional.cl\/wp-content\/uploads\/2025\/06\/IMG_1849-50x100.jpg\" data-in=\"o:0;\" data-out=\"a:false;\">\n\t\t\t\t\t\t\t<img decoding=\"async\" src=\"\/\/www.memoriaestadionacional.cl\/wp-content\/plugins\/revslider\/sr6\/assets\/assets\/dummy.png\" alt=\"\" title=\"Galer\u00eda\" class=\"rev-slidebg tp-rs-img rs-lazyload\" data-lazyload=\"\/\/www.memoriaestadionacional.cl\/wp-content\/uploads\/2025\/06\/IMG_1849.jpg\" data-no-retina>\n<!---->\t\t\t\t\t<\/rs-slide>\n\t\t\t\t\t\t<rs-slide style=\"position: absolute;\" data-key=\"rs-1129\" data-title=\"Slide\" data-thumb=\"\/\/www.memoriaestadionacional.cl\/wp-content\/uploads\/2025\/06\/IMG_1850-50x100.jpg\" data-in=\"o:0;\" data-out=\"a:false;\">\n\t\t\t\t\t\t\t<img decoding=\"async\" src=\"\/\/www.memoriaestadionacional.cl\/wp-content\/plugins\/revslider\/sr6\/assets\/assets\/dummy.png\" alt=\"\" title=\"Galer\u00eda\" class=\"rev-slidebg tp-rs-img rs-lazyload\" data-lazyload=\"\/\/www.memoriaestadionacional.cl\/wp-content\/uploads\/2025\/06\/IMG_1850.jpg\" data-no-retina>\n<!---->\t\t\t\t\t<\/rs-slide>\n\t\t\t\t\t\t<rs-slide style=\"position: absolute;\" data-key=\"rs-1130\" data-title=\"Slide\" data-thumb=\"\/\/www.memoriaestadionacional.cl\/wp-content\/uploads\/2025\/06\/IMG_1853-50x100.jpg\" data-in=\"o:0;\" data-out=\"a:false;\">\n\t\t\t\t\t\t\t<img decoding=\"async\" src=\"\/\/www.memoriaestadionacional.cl\/wp-content\/plugins\/revslider\/sr6\/assets\/assets\/dummy.png\" alt=\"\" title=\"Galer\u00eda\" class=\"rev-slidebg tp-rs-img rs-lazyload\" data-lazyload=\"\/\/www.memoriaestadionacional.cl\/wp-content\/uploads\/2025\/06\/IMG_1853.jpg\" data-no-retina>\n<!---->\t\t\t\t\t<\/rs-slide>\n\t\t\t\t\t\t<rs-slide style=\"position: absolute;\" data-key=\"rs-1131\" data-title=\"Slide\" data-thumb=\"\/\/www.memoriaestadionacional.cl\/wp-content\/uploads\/2025\/06\/IMG_1858-50x100.jpg\" data-in=\"o:0;\" data-out=\"a:false;\">\n\t\t\t\t\t\t\t<img decoding=\"async\" src=\"\/\/www.memoriaestadionacional.cl\/wp-content\/plugins\/revslider\/sr6\/assets\/assets\/dummy.png\" alt=\"\" title=\"Galer\u00eda\" class=\"rev-slidebg tp-rs-img rs-lazyload\" data-lazyload=\"\/\/www.memoriaestadionacional.cl\/wp-content\/uploads\/2025\/06\/IMG_1858.jpg\" data-no-retina>\n<!---->\t\t\t\t\t<\/rs-slide>\n\t\t\t\t\t\t<rs-slide style=\"position: absolute;\" data-key=\"rs-1132\" data-title=\"Slide\" data-thumb=\"\/\/www.memoriaestadionacional.cl\/wp-content\/uploads\/2025\/06\/IMG_1860-50x100.jpg\" data-in=\"o:0;\" data-out=\"a:false;\">\n\t\t\t\t\t\t\t<img decoding=\"async\" src=\"\/\/www.memoriaestadionacional.cl\/wp-content\/plugins\/revslider\/sr6\/assets\/assets\/dummy.png\" alt=\"\" title=\"Galer\u00eda\" class=\"rev-slidebg tp-rs-img rs-lazyload\" data-lazyload=\"\/\/www.memoriaestadionacional.cl\/wp-content\/uploads\/2025\/06\/IMG_1860.jpg\" data-no-retina>\n<!---->\t\t\t\t\t<\/rs-slide>\n\t\t\t\t\t<\/rs-slides>\n\t\t\t\t<\/rs-module>\n\t\t\t\t<script>\n\t\t\t\t\tsetREVStartSize({c: 'rev_slider_77_6',rl:[1240,1024,778,480],el:[900],gw:[1240],gh:[900],type:'carousel',justify:'',layout:'fullwidth',mh:\"0\"});if (window.RS_MODULES!==undefined && window.RS_MODULES.modules!==undefined && window.RS_MODULES.modules[\"revslider776\"]!==undefined) {window.RS_MODULES.modules[\"revslider776\"].once = false;window.revapi77 = undefined;if (window.RS_MODULES.checkMinimal!==undefined) window.RS_MODULES.checkMinimal()}\n\t\t\t\t<\/script>\n\t\t\t<\/rs-module-wrap>\n\t\t\t<!-- END REVOLUTION SLIDER -->\n<\/div><\/div><\/div><\/div><\/div><div class=\"vc-row-container row-stretch\"><div data-vc-full-width=\"true\"  data-vc-full-width-init=\"false\" class=\"vc_row wpb_row vc_row-fluid\"><div class=\"wpb_column vc_column_container vc_col-sm-12\"><div class=\"vc_column-inner\"><div class=\"wpb_wrapper\"><div class=\"vc_empty_space\"   style=\"height: 100px\"><span class=\"vc_empty_space_inner\"><\/span><\/div><\/div><\/div><\/div><\/div><\/div><div class=\"vc-row-container row-stretch\"><div data-vc-full-width=\"true\"  data-vc-full-width-init=\"false\" class=\"vc_row wpb_row vc_row-fluid\"><div class=\"wpb_column vc_column_container vc_col-sm-12\"><div class=\"vc_column-inner\"><div class=\"wpb_wrapper\">\n\t<div class=\"wpb_text_column wpb_content_element wpb_animate_when_almost_visible wpb_fadeIn fadeIn\" >\n\t\t<div class=\"wpb_wrapper\">\n\t\t\t<h5 style=\"text-align: center;\"><span style=\"color: #e79e47;\">[<\/span>GALER\u00cdA<span style=\"color: #e79e47;\">]<\/span><\/h5>\n\n\t\t<\/div>\n\t<\/div>\n<h1 style=\"text-align: center\" class=\"vc_custom_heading vc_do_custom_heading wpb_animate_when_almost_visible wpb_fadeIn fadeIn\" >Recorridos de la Memoria, Marzo 2025<\/h1><div class=\"vc_separator wpb_content_element vc_separator_align_center vc_sep_width_10 vc_sep_border_width_5 vc_sep_pos_align_center vc_separator_no_text wpb_content_element  wpb_content_element wpb_animate_when_almost_visible wpb_fadeIn fadeIn wpb_animate_when_almost_visible wpb_fadeIn fadeIn\" ><span class=\"vc_sep_holder vc_sep_holder_l\"><span style=\"border-color:#e79e47;\" class=\"vc_sep_line\"><\/span><\/span><span class=\"vc_sep_holder vc_sep_holder_r\"><span style=\"border-color:#e79e47;\" class=\"vc_sep_line\"><\/span><\/span>\n<\/div><div class=\"vc_empty_space\"   style=\"height: 32px\"><span class=\"vc_empty_space_inner\"><\/span><\/div>\n\t\t\t<!-- START Recorridos de la Memoria, Marzo 2025 REVOLUTION SLIDER 6.7.41 --><p class=\"rs-p-wp-fix\"><\/p>\n\t\t\t<rs-module-wrap id=\"rev_slider_74_7_wrapper\" data-source=\"gallery\" style=\"visibility:hidden;background:transparent;padding:0;margin:0px auto;margin-top:0;margin-bottom:0;\">\n\t\t\t\t<rs-module id=\"rev_slider_74_7\" style=\"\" data-version=\"6.7.41\">\n\t\t\t\t\t<rs-slides style=\"overflow: hidden; position: absolute;\">\n\t\t\t\t\t\t<rs-slide style=\"position: absolute;\" data-key=\"rs-1065\" data-title=\"Slide\" data-thumb=\"\/\/www.memoriaestadionacional.cl\/wp-content\/uploads\/2025\/04\/IMG_0346-scaled-50x100.jpg\" data-in=\"o:0;\" data-out=\"a:false;\">\n\t\t\t\t\t\t\t<img decoding=\"async\" src=\"\/\/www.memoriaestadionacional.cl\/wp-content\/plugins\/revslider\/sr6\/assets\/assets\/dummy.png\" alt=\"\" title=\"Galer\u00eda\" class=\"rev-slidebg tp-rs-img rs-lazyload\" data-lazyload=\"\/\/www.memoriaestadionacional.cl\/wp-content\/uploads\/2025\/04\/IMG_0346-scaled.jpg\" data-no-retina>\n<!---->\t\t\t\t\t<\/rs-slide>\n\t\t\t\t\t\t<rs-slide style=\"position: absolute;\" data-key=\"rs-1066\" data-title=\"Slide\" data-thumb=\"\/\/www.memoriaestadionacional.cl\/wp-content\/uploads\/2025\/04\/IMG_0348-scaled-50x100.jpg\" data-in=\"o:0;\" data-out=\"a:false;\">\n\t\t\t\t\t\t\t<img decoding=\"async\" src=\"\/\/www.memoriaestadionacional.cl\/wp-content\/plugins\/revslider\/sr6\/assets\/assets\/dummy.png\" alt=\"\" title=\"Galer\u00eda\" class=\"rev-slidebg tp-rs-img rs-lazyload\" data-lazyload=\"\/\/www.memoriaestadionacional.cl\/wp-content\/uploads\/2025\/04\/IMG_0348-scaled.jpg\" data-no-retina>\n<!---->\t\t\t\t\t<\/rs-slide>\n\t\t\t\t\t\t<rs-slide style=\"position: absolute;\" data-key=\"rs-1067\" data-title=\"Slide\" data-thumb=\"\/\/www.memoriaestadionacional.cl\/wp-content\/uploads\/2025\/04\/IMG_0349-scaled-50x100.jpg\" data-in=\"o:0;\" data-out=\"a:false;\">\n\t\t\t\t\t\t\t<img decoding=\"async\" src=\"\/\/www.memoriaestadionacional.cl\/wp-content\/plugins\/revslider\/sr6\/assets\/assets\/dummy.png\" alt=\"\" title=\"Galer\u00eda\" class=\"rev-slidebg tp-rs-img rs-lazyload\" data-lazyload=\"\/\/www.memoriaestadionacional.cl\/wp-content\/uploads\/2025\/04\/IMG_0349-scaled.jpg\" data-no-retina>\n<!---->\t\t\t\t\t<\/rs-slide>\n\t\t\t\t\t\t<rs-slide style=\"position: absolute;\" data-key=\"rs-1068\" data-title=\"Slide\" data-thumb=\"\/\/www.memoriaestadionacional.cl\/wp-content\/uploads\/2025\/04\/IMG_0351-scaled-50x100.jpg\" data-in=\"o:0;\" data-out=\"a:false;\">\n\t\t\t\t\t\t\t<img decoding=\"async\" src=\"\/\/www.memoriaestadionacional.cl\/wp-content\/plugins\/revslider\/sr6\/assets\/assets\/dummy.png\" alt=\"\" title=\"Galer\u00eda\" class=\"rev-slidebg tp-rs-img rs-lazyload\" data-lazyload=\"\/\/www.memoriaestadionacional.cl\/wp-content\/uploads\/2025\/04\/IMG_0351-scaled.jpg\" data-no-retina>\n<!---->\t\t\t\t\t<\/rs-slide>\n\t\t\t\t\t\t<rs-slide style=\"position: absolute;\" data-key=\"rs-1069\" data-title=\"Slide\" data-thumb=\"\/\/www.memoriaestadionacional.cl\/wp-content\/uploads\/2025\/04\/IMG_0355-scaled-50x100.jpg\" data-in=\"o:0;\" data-out=\"a:false;\">\n\t\t\t\t\t\t\t<img decoding=\"async\" src=\"\/\/www.memoriaestadionacional.cl\/wp-content\/plugins\/revslider\/sr6\/assets\/assets\/dummy.png\" alt=\"\" title=\"Galer\u00eda\" class=\"rev-slidebg tp-rs-img rs-lazyload\" data-lazyload=\"\/\/www.memoriaestadionacional.cl\/wp-content\/uploads\/2025\/04\/IMG_0355-scaled.jpg\" data-no-retina>\n<!---->\t\t\t\t\t<\/rs-slide>\n\t\t\t\t\t\t<rs-slide style=\"position: absolute;\" data-key=\"rs-1070\" data-title=\"Slide\" data-thumb=\"\/\/www.memoriaestadionacional.cl\/wp-content\/uploads\/2025\/04\/IMG_0357-scaled-50x100.jpg\" data-in=\"o:0;\" data-out=\"a:false;\">\n\t\t\t\t\t\t\t<img decoding=\"async\" src=\"\/\/www.memoriaestadionacional.cl\/wp-content\/plugins\/revslider\/sr6\/assets\/assets\/dummy.png\" alt=\"\" title=\"Galer\u00eda\" class=\"rev-slidebg tp-rs-img rs-lazyload\" data-lazyload=\"\/\/www.memoriaestadionacional.cl\/wp-content\/uploads\/2025\/04\/IMG_0357-scaled.jpg\" data-no-retina>\n<!---->\t\t\t\t\t<\/rs-slide>\n\t\t\t\t\t\t<rs-slide style=\"position: absolute;\" data-key=\"rs-1071\" data-title=\"Slide\" data-thumb=\"\/\/www.memoriaestadionacional.cl\/wp-content\/uploads\/2025\/04\/IMG_0360-scaled-50x100.jpg\" data-in=\"o:0;\" data-out=\"a:false;\">\n\t\t\t\t\t\t\t<img decoding=\"async\" src=\"\/\/www.memoriaestadionacional.cl\/wp-content\/plugins\/revslider\/sr6\/assets\/assets\/dummy.png\" alt=\"\" title=\"Galer\u00eda\" class=\"rev-slidebg tp-rs-img rs-lazyload\" data-lazyload=\"\/\/www.memoriaestadionacional.cl\/wp-content\/uploads\/2025\/04\/IMG_0360-scaled.jpg\" data-no-retina>\n<!---->\t\t\t\t\t<\/rs-slide>\n\t\t\t\t\t\t<rs-slide style=\"position: absolute;\" data-key=\"rs-1072\" data-title=\"Slide\" data-thumb=\"\/\/www.memoriaestadionacional.cl\/wp-content\/uploads\/2025\/04\/IMG_0362-scaled-50x100.jpg\" data-in=\"o:0;\" data-out=\"a:false;\">\n\t\t\t\t\t\t\t<img decoding=\"async\" src=\"\/\/www.memoriaestadionacional.cl\/wp-content\/plugins\/revslider\/sr6\/assets\/assets\/dummy.png\" alt=\"\" title=\"Galer\u00eda\" class=\"rev-slidebg tp-rs-img rs-lazyload\" data-lazyload=\"\/\/www.memoriaestadionacional.cl\/wp-content\/uploads\/2025\/04\/IMG_0362-scaled.jpg\" data-no-retina>\n<!---->\t\t\t\t\t<\/rs-slide>\n\t\t\t\t\t\t<rs-slide style=\"position: absolute;\" data-key=\"rs-1073\" data-title=\"Slide\" data-thumb=\"\/\/www.memoriaestadionacional.cl\/wp-content\/uploads\/2025\/04\/IMG_0364-scaled-50x100.jpg\" data-in=\"o:0;\" data-out=\"a:false;\">\n\t\t\t\t\t\t\t<img decoding=\"async\" src=\"\/\/www.memoriaestadionacional.cl\/wp-content\/plugins\/revslider\/sr6\/assets\/assets\/dummy.png\" alt=\"\" title=\"Galer\u00eda\" class=\"rev-slidebg tp-rs-img rs-lazyload\" data-lazyload=\"\/\/www.memoriaestadionacional.cl\/wp-content\/uploads\/2025\/04\/IMG_0364-scaled.jpg\" data-no-retina>\n<!---->\t\t\t\t\t<\/rs-slide>\n\t\t\t\t\t\t<rs-slide style=\"position: absolute;\" data-key=\"rs-1074\" data-title=\"Slide\" data-thumb=\"\/\/www.memoriaestadionacional.cl\/wp-content\/uploads\/2025\/04\/IMG_0365-scaled-50x100.jpg\" data-in=\"o:0;\" data-out=\"a:false;\">\n\t\t\t\t\t\t\t<img decoding=\"async\" src=\"\/\/www.memoriaestadionacional.cl\/wp-content\/plugins\/revslider\/sr6\/assets\/assets\/dummy.png\" alt=\"\" title=\"Galer\u00eda\" class=\"rev-slidebg tp-rs-img rs-lazyload\" data-lazyload=\"\/\/www.memoriaestadionacional.cl\/wp-content\/uploads\/2025\/04\/IMG_0365-scaled.jpg\" data-no-retina>\n<!---->\t\t\t\t\t<\/rs-slide>\n\t\t\t\t\t\t<rs-slide style=\"position: absolute;\" data-key=\"rs-1075\" data-title=\"Slide\" data-thumb=\"\/\/www.memoriaestadionacional.cl\/wp-content\/uploads\/2025\/04\/IMG_0369-scaled-50x100.jpg\" data-in=\"o:0;\" data-out=\"a:false;\">\n\t\t\t\t\t\t\t<img decoding=\"async\" src=\"\/\/www.memoriaestadionacional.cl\/wp-content\/plugins\/revslider\/sr6\/assets\/assets\/dummy.png\" alt=\"\" title=\"Galer\u00eda\" class=\"rev-slidebg tp-rs-img rs-lazyload\" data-lazyload=\"\/\/www.memoriaestadionacional.cl\/wp-content\/uploads\/2025\/04\/IMG_0369-scaled.jpg\" data-no-retina>\n<!---->\t\t\t\t\t<\/rs-slide>\n\t\t\t\t\t\t<rs-slide style=\"position: absolute;\" data-key=\"rs-1076\" data-title=\"Slide\" data-thumb=\"\/\/www.memoriaestadionacional.cl\/wp-content\/uploads\/2025\/04\/IMG_0371-scaled-50x100.jpg\" data-in=\"o:0;\" data-out=\"a:false;\">\n\t\t\t\t\t\t\t<img decoding=\"async\" src=\"\/\/www.memoriaestadionacional.cl\/wp-content\/plugins\/revslider\/sr6\/assets\/assets\/dummy.png\" alt=\"\" title=\"Galer\u00eda\" class=\"rev-slidebg tp-rs-img rs-lazyload\" data-lazyload=\"\/\/www.memoriaestadionacional.cl\/wp-content\/uploads\/2025\/04\/IMG_0371-scaled.jpg\" data-no-retina>\n<!---->\t\t\t\t\t<\/rs-slide>\n\t\t\t\t\t\t<rs-slide style=\"position: absolute;\" data-key=\"rs-1077\" data-title=\"Slide\" data-thumb=\"\/\/www.memoriaestadionacional.cl\/wp-content\/uploads\/2025\/04\/IMG_0372-scaled-50x100.jpg\" data-in=\"o:0;\" data-out=\"a:false;\">\n\t\t\t\t\t\t\t<img decoding=\"async\" src=\"\/\/www.memoriaestadionacional.cl\/wp-content\/plugins\/revslider\/sr6\/assets\/assets\/dummy.png\" alt=\"\" title=\"Galer\u00eda\" class=\"rev-slidebg tp-rs-img rs-lazyload\" data-lazyload=\"\/\/www.memoriaestadionacional.cl\/wp-content\/uploads\/2025\/04\/IMG_0372-scaled.jpg\" data-no-retina>\n<!---->\t\t\t\t\t<\/rs-slide>\n\t\t\t\t\t\t<rs-slide style=\"position: absolute;\" data-key=\"rs-1078\" data-title=\"Slide\" data-thumb=\"\/\/www.memoriaestadionacional.cl\/wp-content\/uploads\/2025\/04\/IMG_0373-scaled-50x100.jpg\" data-in=\"o:0;\" data-out=\"a:false;\">\n\t\t\t\t\t\t\t<img decoding=\"async\" src=\"\/\/www.memoriaestadionacional.cl\/wp-content\/plugins\/revslider\/sr6\/assets\/assets\/dummy.png\" alt=\"\" title=\"Galer\u00eda\" class=\"rev-slidebg tp-rs-img rs-lazyload\" data-lazyload=\"\/\/www.memoriaestadionacional.cl\/wp-content\/uploads\/2025\/04\/IMG_0373-scaled.jpg\" data-no-retina>\n<!---->\t\t\t\t\t<\/rs-slide>\n\t\t\t\t\t\t<rs-slide style=\"position: absolute;\" data-key=\"rs-1079\" data-title=\"Slide\" data-thumb=\"\/\/www.memoriaestadionacional.cl\/wp-content\/uploads\/2025\/04\/IMG_0374-scaled-50x100.jpg\" data-in=\"o:0;\" data-out=\"a:false;\">\n\t\t\t\t\t\t\t<img decoding=\"async\" src=\"\/\/www.memoriaestadionacional.cl\/wp-content\/plugins\/revslider\/sr6\/assets\/assets\/dummy.png\" alt=\"\" title=\"Galer\u00eda\" class=\"rev-slidebg tp-rs-img rs-lazyload\" data-lazyload=\"\/\/www.memoriaestadionacional.cl\/wp-content\/uploads\/2025\/04\/IMG_0374-scaled.jpg\" data-no-retina>\n<!---->\t\t\t\t\t<\/rs-slide>\n\t\t\t\t\t\t<rs-slide style=\"position: absolute;\" data-key=\"rs-1080\" data-title=\"Slide\" data-thumb=\"\/\/www.memoriaestadionacional.cl\/wp-content\/uploads\/2025\/04\/IMG_0375-scaled-50x100.jpg\" data-in=\"o:0;\" data-out=\"a:false;\">\n\t\t\t\t\t\t\t<img decoding=\"async\" src=\"\/\/www.memoriaestadionacional.cl\/wp-content\/plugins\/revslider\/sr6\/assets\/assets\/dummy.png\" alt=\"\" title=\"Galer\u00eda\" class=\"rev-slidebg tp-rs-img rs-lazyload\" data-lazyload=\"\/\/www.memoriaestadionacional.cl\/wp-content\/uploads\/2025\/04\/IMG_0375-scaled.jpg\" data-no-retina>\n<!---->\t\t\t\t\t<\/rs-slide>\n\t\t\t\t\t\t<rs-slide style=\"position: absolute;\" data-key=\"rs-1081\" data-title=\"Slide\" data-thumb=\"\/\/www.memoriaestadionacional.cl\/wp-content\/uploads\/2025\/04\/IMG_0387-scaled-50x100.jpg\" data-in=\"o:0;\" data-out=\"a:false;\">\n\t\t\t\t\t\t\t<img decoding=\"async\" src=\"\/\/www.memoriaestadionacional.cl\/wp-content\/plugins\/revslider\/sr6\/assets\/assets\/dummy.png\" alt=\"\" title=\"Galer\u00eda\" class=\"rev-slidebg tp-rs-img rs-lazyload\" data-lazyload=\"\/\/www.memoriaestadionacional.cl\/wp-content\/uploads\/2025\/04\/IMG_0387-scaled.jpg\" data-no-retina>\n<!---->\t\t\t\t\t<\/rs-slide>\n\t\t\t\t\t\t<rs-slide style=\"position: absolute;\" data-key=\"rs-1082\" data-title=\"Slide\" data-thumb=\"\/\/www.memoriaestadionacional.cl\/wp-content\/uploads\/2025\/04\/IMG_0389-scaled-50x100.jpg\" data-in=\"o:0;\" data-out=\"a:false;\">\n\t\t\t\t\t\t\t<img decoding=\"async\" src=\"\/\/www.memoriaestadionacional.cl\/wp-content\/plugins\/revslider\/sr6\/assets\/assets\/dummy.png\" alt=\"\" title=\"Galer\u00eda\" class=\"rev-slidebg tp-rs-img rs-lazyload\" data-lazyload=\"\/\/www.memoriaestadionacional.cl\/wp-content\/uploads\/2025\/04\/IMG_0389-scaled.jpg\" data-no-retina>\n<!---->\t\t\t\t\t<\/rs-slide>\n\t\t\t\t\t\t<rs-slide style=\"position: absolute;\" data-key=\"rs-1083\" data-title=\"Slide\" data-thumb=\"\/\/www.memoriaestadionacional.cl\/wp-content\/uploads\/2025\/04\/IMG_0392-scaled-50x100.jpg\" data-in=\"o:0;\" data-out=\"a:false;\">\n\t\t\t\t\t\t\t<img decoding=\"async\" src=\"\/\/www.memoriaestadionacional.cl\/wp-content\/plugins\/revslider\/sr6\/assets\/assets\/dummy.png\" alt=\"\" title=\"Galer\u00eda\" class=\"rev-slidebg tp-rs-img rs-lazyload\" data-lazyload=\"\/\/www.memoriaestadionacional.cl\/wp-content\/uploads\/2025\/04\/IMG_0392-scaled.jpg\" data-no-retina>\n<!---->\t\t\t\t\t<\/rs-slide>\n\t\t\t\t\t\t<rs-slide style=\"position: absolute;\" data-key=\"rs-1084\" data-title=\"Slide\" data-thumb=\"\/\/www.memoriaestadionacional.cl\/wp-content\/uploads\/2025\/04\/5c083e95-8497-4805-bd79-102e48ffa068-50x100.jpg\" data-in=\"o:0;\" data-out=\"a:false;\">\n\t\t\t\t\t\t\t<img decoding=\"async\" src=\"\/\/www.memoriaestadionacional.cl\/wp-content\/plugins\/revslider\/sr6\/assets\/assets\/dummy.png\" alt=\"\" title=\"Galer\u00eda\" class=\"rev-slidebg tp-rs-img rs-lazyload\" data-lazyload=\"\/\/www.memoriaestadionacional.cl\/wp-content\/uploads\/2025\/04\/5c083e95-8497-4805-bd79-102e48ffa068.jpg\" data-no-retina>\n<!---->\t\t\t\t\t<\/rs-slide>\n\t\t\t\t\t\t<rs-slide style=\"position: absolute;\" data-key=\"rs-1085\" data-title=\"Slide\" data-thumb=\"\/\/www.memoriaestadionacional.cl\/wp-content\/uploads\/2025\/04\/7d0cd52a-f8ab-4e94-94f8-b8aa1b7c325f-50x100.jpg\" data-in=\"o:0;\" data-out=\"a:false;\">\n\t\t\t\t\t\t\t<img decoding=\"async\" src=\"\/\/www.memoriaestadionacional.cl\/wp-content\/plugins\/revslider\/sr6\/assets\/assets\/dummy.png\" alt=\"\" title=\"Galer\u00eda\" class=\"rev-slidebg tp-rs-img rs-lazyload\" data-lazyload=\"\/\/www.memoriaestadionacional.cl\/wp-content\/uploads\/2025\/04\/7d0cd52a-f8ab-4e94-94f8-b8aa1b7c325f.jpg\" data-no-retina>\n<!---->\t\t\t\t\t<\/rs-slide>\n\t\t\t\t\t\t<rs-slide style=\"position: absolute;\" data-key=\"rs-1086\" data-title=\"Slide\" data-thumb=\"\/\/www.memoriaestadionacional.cl\/wp-content\/uploads\/2025\/04\/b9c0a548-db19-42c2-aeb0-1b18e410bb35-50x100.jpg\" data-in=\"o:0;\" data-out=\"a:false;\">\n\t\t\t\t\t\t\t<img decoding=\"async\" src=\"\/\/www.memoriaestadionacional.cl\/wp-content\/plugins\/revslider\/sr6\/assets\/assets\/dummy.png\" alt=\"\" title=\"Galer\u00eda\" class=\"rev-slidebg tp-rs-img rs-lazyload\" data-lazyload=\"\/\/www.memoriaestadionacional.cl\/wp-content\/uploads\/2025\/04\/b9c0a548-db19-42c2-aeb0-1b18e410bb35.jpg\" data-no-retina>\n<!---->\t\t\t\t\t<\/rs-slide>\n\t\t\t\t\t\t<rs-slide style=\"position: absolute;\" data-key=\"rs-1087\" data-title=\"Slide\" data-thumb=\"\/\/www.memoriaestadionacional.cl\/wp-content\/uploads\/2025\/04\/PHOTO-2025-03-10-12-43-32-1-50x100.jpg\" data-in=\"o:0;\" data-out=\"a:false;\">\n\t\t\t\t\t\t\t<img decoding=\"async\" src=\"\/\/www.memoriaestadionacional.cl\/wp-content\/plugins\/revslider\/sr6\/assets\/assets\/dummy.png\" alt=\"\" title=\"Galer\u00eda\" class=\"rev-slidebg tp-rs-img rs-lazyload\" data-lazyload=\"\/\/www.memoriaestadionacional.cl\/wp-content\/uploads\/2025\/04\/PHOTO-2025-03-10-12-43-32-1.jpg\" data-no-retina>\n<!---->\t\t\t\t\t<\/rs-slide>\n\t\t\t\t\t\t<rs-slide style=\"position: absolute;\" data-key=\"rs-1088\" data-title=\"Slide\" data-thumb=\"\/\/www.memoriaestadionacional.cl\/wp-content\/uploads\/2025\/04\/PHOTO-2025-03-26-18-09-13-50x100.jpg\" data-in=\"o:0;\" data-out=\"a:false;\">\n\t\t\t\t\t\t\t<img decoding=\"async\" src=\"\/\/www.memoriaestadionacional.cl\/wp-content\/plugins\/revslider\/sr6\/assets\/assets\/dummy.png\" alt=\"\" title=\"Galer\u00eda\" class=\"rev-slidebg tp-rs-img rs-lazyload\" data-lazyload=\"\/\/www.memoriaestadionacional.cl\/wp-content\/uploads\/2025\/04\/PHOTO-2025-03-26-18-09-13.jpg\" data-no-retina>\n<!---->\t\t\t\t\t<\/rs-slide>\n\t\t\t\t\t<\/rs-slides>\n\t\t\t\t<\/rs-module>\n\t\t\t\t<script>\n\t\t\t\t\tsetREVStartSize({c: 'rev_slider_74_7',rl:[1240,1024,778,480],el:[900],gw:[1240],gh:[900],type:'carousel',justify:'',layout:'fullwidth',mh:\"0\"});if (window.RS_MODULES!==undefined && window.RS_MODULES.modules!==undefined && window.RS_MODULES.modules[\"revslider747\"]!==undefined) {window.RS_MODULES.modules[\"revslider747\"].once = false;window.revapi74 = undefined;if (window.RS_MODULES.checkMinimal!==undefined) window.RS_MODULES.checkMinimal()}\n\t\t\t\t<\/script>\n\t\t\t<\/rs-module-wrap>\n\t\t\t<!-- END REVOLUTION SLIDER -->\n<\/div><\/div><\/div><\/div><\/div><div class=\"vc-row-container row-stretch\"><div data-vc-full-width=\"true\"  data-vc-full-width-init=\"false\" class=\"vc_row wpb_row vc_row-fluid\"><div class=\"wpb_column vc_column_container vc_col-sm-12\"><div class=\"vc_column-inner\"><div class=\"wpb_wrapper\"><div class=\"vc_empty_space\"   style=\"height: 100px\"><span class=\"vc_empty_space_inner\"><\/span><\/div><\/div><\/div><\/div><\/div><\/div><div class=\"vc-row-container row-stretch\"><div data-vc-full-width=\"true\"  data-vc-full-width-init=\"false\" class=\"vc_row wpb_row vc_row-fluid\"><div class=\"wpb_column vc_column_container vc_col-sm-12\"><div class=\"vc_column-inner\"><div class=\"wpb_wrapper\">\n\t<div class=\"wpb_text_column wpb_content_element wpb_animate_when_almost_visible wpb_fadeIn fadeIn\" >\n\t\t<div class=\"wpb_wrapper\">\n\t\t\t<h5 style=\"text-align: center;\"><span style=\"color: #e79e47;\">[<\/span>GALER\u00cdA<span style=\"color: #e79e47;\">]<\/span><\/h5>\n\n\t\t<\/div>\n\t<\/div>\n<h1 style=\"text-align: center\" class=\"vc_custom_heading vc_do_custom_heading wpb_animate_when_almost_visible wpb_fadeIn fadeIn\" >Lanzamiento libro \"Mor\u00ed mil veces y aqu\u00ed estoy\"<\/h1><div class=\"vc_separator wpb_content_element vc_separator_align_center vc_sep_width_10 vc_sep_border_width_5 vc_sep_pos_align_center vc_separator_no_text wpb_content_element  wpb_content_element wpb_animate_when_almost_visible wpb_fadeIn fadeIn wpb_animate_when_almost_visible wpb_fadeIn fadeIn\" ><span class=\"vc_sep_holder vc_sep_holder_l\"><span style=\"border-color:#e79e47;\" class=\"vc_sep_line\"><\/span><\/span><span class=\"vc_sep_holder vc_sep_holder_r\"><span style=\"border-color:#e79e47;\" class=\"vc_sep_line\"><\/span><\/span>\n<\/div><div class=\"vc_empty_space\"   style=\"height: 32px\"><span class=\"vc_empty_space_inner\"><\/span><\/div>\n\t\t\t<!-- START Lanzamiento libro &quot;Mor\u00ed mil veces y aqu\u00ed estoy&quot; REVOLUTION SLIDER 6.7.41 --><p class=\"rs-p-wp-fix\"><\/p>\n\t\t\t<rs-module-wrap id=\"rev_slider_73_8_wrapper\" data-source=\"gallery\" style=\"visibility:hidden;background:transparent;padding:0;margin:0px auto;margin-top:0;margin-bottom:0;\">\n\t\t\t\t<rs-module id=\"rev_slider_73_8\" style=\"\" data-version=\"6.7.41\">\n\t\t\t\t\t<rs-slides style=\"overflow: hidden; position: absolute;\">\n\t\t\t\t\t\t<rs-slide style=\"position: absolute;\" data-key=\"rs-1057\" data-title=\"Slide\" data-thumb=\"\/\/www.memoriaestadionacional.cl\/wp-content\/uploads\/2025\/04\/IMG_0298-1-scaled-50x100.jpg\" data-in=\"o:0;\" data-out=\"a:false;\">\n\t\t\t\t\t\t\t<img decoding=\"async\" src=\"\/\/www.memoriaestadionacional.cl\/wp-content\/plugins\/revslider\/sr6\/assets\/assets\/dummy.png\" alt=\"\" title=\"Galer\u00eda\" class=\"rev-slidebg tp-rs-img rs-lazyload\" data-lazyload=\"\/\/www.memoriaestadionacional.cl\/wp-content\/uploads\/2025\/04\/IMG_0298-1-scaled.jpg\" data-no-retina>\n<!---->\t\t\t\t\t<\/rs-slide>\n\t\t\t\t\t\t<rs-slide style=\"position: absolute;\" data-key=\"rs-1058\" data-title=\"Slide\" data-thumb=\"\/\/www.memoriaestadionacional.cl\/wp-content\/uploads\/2025\/04\/IMG_0305-1-scaled-50x100.jpg\" data-in=\"o:0;\" data-out=\"a:false;\">\n\t\t\t\t\t\t\t<img decoding=\"async\" src=\"\/\/www.memoriaestadionacional.cl\/wp-content\/plugins\/revslider\/sr6\/assets\/assets\/dummy.png\" alt=\"\" title=\"Galer\u00eda\" class=\"rev-slidebg tp-rs-img rs-lazyload\" data-lazyload=\"\/\/www.memoriaestadionacional.cl\/wp-content\/uploads\/2025\/04\/IMG_0305-1-scaled.jpg\" data-no-retina>\n<!---->\t\t\t\t\t<\/rs-slide>\n\t\t\t\t\t\t<rs-slide style=\"position: absolute;\" data-key=\"rs-1059\" data-title=\"Slide\" data-thumb=\"\/\/www.memoriaestadionacional.cl\/wp-content\/uploads\/2025\/04\/IMG_0307-2-scaled-50x100.jpg\" data-in=\"o:0;\" data-out=\"a:false;\">\n\t\t\t\t\t\t\t<img decoding=\"async\" src=\"\/\/www.memoriaestadionacional.cl\/wp-content\/plugins\/revslider\/sr6\/assets\/assets\/dummy.png\" alt=\"\" title=\"Galer\u00eda\" class=\"rev-slidebg tp-rs-img rs-lazyload\" data-lazyload=\"\/\/www.memoriaestadionacional.cl\/wp-content\/uploads\/2025\/04\/IMG_0307-2-scaled.jpg\" data-no-retina>\n<!---->\t\t\t\t\t<\/rs-slide>\n\t\t\t\t\t\t<rs-slide style=\"position: absolute;\" data-key=\"rs-1060\" data-title=\"Slide\" data-thumb=\"\/\/www.memoriaestadionacional.cl\/wp-content\/uploads\/2025\/04\/IMG_0314-scaled-50x100.jpg\" data-in=\"o:0;\" data-out=\"a:false;\">\n\t\t\t\t\t\t\t<img decoding=\"async\" src=\"\/\/www.memoriaestadionacional.cl\/wp-content\/plugins\/revslider\/sr6\/assets\/assets\/dummy.png\" alt=\"\" title=\"Galer\u00eda\" class=\"rev-slidebg tp-rs-img rs-lazyload\" data-lazyload=\"\/\/www.memoriaestadionacional.cl\/wp-content\/uploads\/2025\/04\/IMG_0314-scaled.jpg\" data-no-retina>\n<!---->\t\t\t\t\t<\/rs-slide>\n\t\t\t\t\t\t<rs-slide style=\"position: absolute;\" data-key=\"rs-1061\" data-title=\"Slide\" data-thumb=\"\/\/www.memoriaestadionacional.cl\/wp-content\/uploads\/2025\/04\/IMG_0325-scaled-50x100.jpg\" data-in=\"o:0;\" data-out=\"a:false;\">\n\t\t\t\t\t\t\t<img decoding=\"async\" src=\"\/\/www.memoriaestadionacional.cl\/wp-content\/plugins\/revslider\/sr6\/assets\/assets\/dummy.png\" alt=\"\" title=\"Galer\u00eda\" class=\"rev-slidebg tp-rs-img rs-lazyload\" data-lazyload=\"\/\/www.memoriaestadionacional.cl\/wp-content\/uploads\/2025\/04\/IMG_0325-scaled.jpg\" data-no-retina>\n<!---->\t\t\t\t\t<\/rs-slide>\n\t\t\t\t\t\t<rs-slide style=\"position: absolute;\" data-key=\"rs-1062\" data-title=\"Slide\" data-thumb=\"\/\/www.memoriaestadionacional.cl\/wp-content\/uploads\/2025\/04\/IMG_0327-scaled-50x100.jpg\" data-in=\"o:0;\" data-out=\"a:false;\">\n\t\t\t\t\t\t\t<img decoding=\"async\" src=\"\/\/www.memoriaestadionacional.cl\/wp-content\/plugins\/revslider\/sr6\/assets\/assets\/dummy.png\" alt=\"\" title=\"Galer\u00eda\" class=\"rev-slidebg tp-rs-img rs-lazyload\" data-lazyload=\"\/\/www.memoriaestadionacional.cl\/wp-content\/uploads\/2025\/04\/IMG_0327-scaled.jpg\" data-no-retina>\n<!---->\t\t\t\t\t<\/rs-slide>\n\t\t\t\t\t\t<rs-slide style=\"position: absolute;\" data-key=\"rs-1063\" data-title=\"Slide\" data-thumb=\"\/\/www.memoriaestadionacional.cl\/wp-content\/uploads\/2025\/04\/IMG_0330-scaled-50x100.jpg\" data-in=\"o:0;\" data-out=\"a:false;\">\n\t\t\t\t\t\t\t<img decoding=\"async\" src=\"\/\/www.memoriaestadionacional.cl\/wp-content\/plugins\/revslider\/sr6\/assets\/assets\/dummy.png\" alt=\"\" title=\"Galer\u00eda\" class=\"rev-slidebg tp-rs-img rs-lazyload\" data-lazyload=\"\/\/www.memoriaestadionacional.cl\/wp-content\/uploads\/2025\/04\/IMG_0330-scaled.jpg\" data-no-retina>\n<!---->\t\t\t\t\t<\/rs-slide>\n\t\t\t\t\t<\/rs-slides>\n\t\t\t\t<\/rs-module>\n\t\t\t\t<script>\n\t\t\t\t\tsetREVStartSize({c: 'rev_slider_73_8',rl:[1240,1024,778,480],el:[900],gw:[1240],gh:[900],type:'carousel',justify:'',layout:'fullwidth',mh:\"0\"});if (window.RS_MODULES!==undefined && window.RS_MODULES.modules!==undefined && window.RS_MODULES.modules[\"revslider738\"]!==undefined) {window.RS_MODULES.modules[\"revslider738\"].once = false;window.revapi73 = undefined;if (window.RS_MODULES.checkMinimal!==undefined) window.RS_MODULES.checkMinimal()}\n\t\t\t\t<\/script>\n\t\t\t<\/rs-module-wrap>\n\t\t\t<!-- END REVOLUTION SLIDER -->\n<\/div><\/div><\/div><\/div><\/div><div class=\"vc-row-container row-stretch\"><div data-vc-full-width=\"true\"  data-vc-full-width-init=\"false\" class=\"vc_row wpb_row vc_row-fluid\"><div class=\"wpb_column vc_column_container vc_col-sm-12\"><div class=\"vc_column-inner\"><div class=\"wpb_wrapper\"><div class=\"vc_empty_space\"   style=\"height: 100px\"><span class=\"vc_empty_space_inner\"><\/span><\/div><\/div><\/div><\/div><\/div><\/div><div class=\"vc-row-container row-stretch\"><div data-vc-full-width=\"true\"  data-vc-full-width-init=\"false\" class=\"vc_row wpb_row vc_row-fluid\"><div class=\"wpb_column vc_column_container vc_col-sm-12\"><div class=\"vc_column-inner\"><div class=\"wpb_wrapper\">\n\t<div class=\"wpb_text_column wpb_content_element wpb_animate_when_almost_visible wpb_fadeIn fadeIn\" >\n\t\t<div class=\"wpb_wrapper\">\n\t\t\t<h5 style=\"text-align: center;\"><span style=\"color: #e79e47;\">[<\/span>GALER\u00cdA<span style=\"color: #e79e47;\">]<\/span><\/h5>\n\n\t\t<\/div>\n\t<\/div>\n<h1 style=\"text-align: center\" class=\"vc_custom_heading vc_do_custom_heading wpb_animate_when_almost_visible wpb_fadeIn fadeIn\" >Inauguraci\u00f3n exposici\u00f3n fotogr\u00e1fica \"Mujeres contra el fascismo\"<\/h1><div class=\"vc_separator wpb_content_element vc_separator_align_center vc_sep_width_10 vc_sep_border_width_5 vc_sep_pos_align_center vc_separator_no_text wpb_content_element  wpb_content_element wpb_animate_when_almost_visible wpb_fadeIn fadeIn wpb_animate_when_almost_visible wpb_fadeIn fadeIn\" ><span class=\"vc_sep_holder vc_sep_holder_l\"><span style=\"border-color:#e79e47;\" class=\"vc_sep_line\"><\/span><\/span><span class=\"vc_sep_holder vc_sep_holder_r\"><span style=\"border-color:#e79e47;\" class=\"vc_sep_line\"><\/span><\/span>\n<\/div><div class=\"vc_empty_space\"   style=\"height: 32px\"><span class=\"vc_empty_space_inner\"><\/span><\/div>\n\t\t\t<!-- START 8m 2025 REVOLUTION SLIDER 6.7.41 --><p class=\"rs-p-wp-fix\"><\/p>\n\t\t\t<rs-module-wrap id=\"rev_slider_70_9_wrapper\" data-source=\"gallery\" style=\"visibility:hidden;background:transparent;padding:0;margin:0px auto;margin-top:0;margin-bottom:0;\">\n\t\t\t\t<rs-module id=\"rev_slider_70_9\" style=\"\" data-version=\"6.7.41\">\n\t\t\t\t\t<rs-slides style=\"overflow: hidden; position: absolute;\">\n\t\t\t\t\t\t<rs-slide style=\"position: absolute;\" data-key=\"rs-997\" data-title=\"Slide\" data-thumb=\"\/\/www.memoriaestadionacional.cl\/wp-content\/uploads\/2025\/03\/DSC07828-40_-50x100.jpg\" data-in=\"o:0;\" data-out=\"a:false;\">\n\t\t\t\t\t\t\t<img decoding=\"async\" src=\"\/\/www.memoriaestadionacional.cl\/wp-content\/plugins\/revslider\/sr6\/assets\/assets\/dummy.png\" alt=\"\" title=\"Galer\u00eda\" class=\"rev-slidebg tp-rs-img rs-lazyload\" data-lazyload=\"\/\/www.memoriaestadionacional.cl\/wp-content\/uploads\/2025\/03\/DSC07828-40_.jpg\" data-no-retina>\n<!---->\t\t\t\t\t<\/rs-slide>\n\t\t\t\t\t\t<rs-slide style=\"position: absolute;\" data-key=\"rs-998\" data-title=\"Slide\" data-thumb=\"\/\/www.memoriaestadionacional.cl\/wp-content\/uploads\/2025\/03\/DSC07845-40_-50x100.jpg\" data-in=\"o:0;\" data-out=\"a:false;\">\n\t\t\t\t\t\t\t<img decoding=\"async\" src=\"\/\/www.memoriaestadionacional.cl\/wp-content\/plugins\/revslider\/sr6\/assets\/assets\/dummy.png\" alt=\"\" title=\"Galer\u00eda\" class=\"rev-slidebg tp-rs-img rs-lazyload\" data-lazyload=\"\/\/www.memoriaestadionacional.cl\/wp-content\/uploads\/2025\/03\/DSC07845-40_.jpg\" data-no-retina>\n<!---->\t\t\t\t\t<\/rs-slide>\n\t\t\t\t\t\t<rs-slide style=\"position: absolute;\" data-key=\"rs-999\" data-title=\"Slide\" data-thumb=\"\/\/www.memoriaestadionacional.cl\/wp-content\/uploads\/2025\/03\/DSC07935-40_-50x100.jpg\" data-in=\"o:0;\" data-out=\"a:false;\">\n\t\t\t\t\t\t\t<img decoding=\"async\" src=\"\/\/www.memoriaestadionacional.cl\/wp-content\/plugins\/revslider\/sr6\/assets\/assets\/dummy.png\" alt=\"\" title=\"Galer\u00eda\" class=\"rev-slidebg tp-rs-img rs-lazyload\" data-lazyload=\"\/\/www.memoriaestadionacional.cl\/wp-content\/uploads\/2025\/03\/DSC07935-40_.jpg\" data-no-retina>\n<!---->\t\t\t\t\t<\/rs-slide>\n\t\t\t\t\t\t<rs-slide style=\"position: absolute;\" data-key=\"rs-1000\" data-title=\"Slide\" data-thumb=\"\/\/www.memoriaestadionacional.cl\/wp-content\/uploads\/2025\/03\/DSC08021-40_-50x100.jpg\" data-in=\"o:0;\" data-out=\"a:false;\">\n\t\t\t\t\t\t\t<img decoding=\"async\" src=\"\/\/www.memoriaestadionacional.cl\/wp-content\/plugins\/revslider\/sr6\/assets\/assets\/dummy.png\" alt=\"\" title=\"Galer\u00eda\" class=\"rev-slidebg tp-rs-img rs-lazyload\" data-lazyload=\"\/\/www.memoriaestadionacional.cl\/wp-content\/uploads\/2025\/03\/DSC08021-40_.jpg\" data-no-retina>\n<!---->\t\t\t\t\t<\/rs-slide>\n\t\t\t\t\t\t<rs-slide style=\"position: absolute;\" data-key=\"rs-1001\" data-title=\"Slide\" data-thumb=\"\/\/www.memoriaestadionacional.cl\/wp-content\/uploads\/2025\/03\/DSC08141-40_-50x100.jpg\" data-in=\"o:0;\" data-out=\"a:false;\">\n\t\t\t\t\t\t\t<img decoding=\"async\" src=\"\/\/www.memoriaestadionacional.cl\/wp-content\/plugins\/revslider\/sr6\/assets\/assets\/dummy.png\" alt=\"\" title=\"Galer\u00eda\" class=\"rev-slidebg tp-rs-img rs-lazyload\" data-lazyload=\"\/\/www.memoriaestadionacional.cl\/wp-content\/uploads\/2025\/03\/DSC08141-40_.jpg\" data-no-retina>\n<!---->\t\t\t\t\t<\/rs-slide>\n\t\t\t\t\t\t<rs-slide style=\"position: absolute;\" data-key=\"rs-1002\" data-title=\"Slide\" data-thumb=\"\/\/www.memoriaestadionacional.cl\/wp-content\/uploads\/2025\/03\/IMG_0019-50x100.jpg\" data-in=\"o:0;\" data-out=\"a:false;\">\n\t\t\t\t\t\t\t<img decoding=\"async\" src=\"\/\/www.memoriaestadionacional.cl\/wp-content\/plugins\/revslider\/sr6\/assets\/assets\/dummy.png\" alt=\"\" title=\"Galer\u00eda\" class=\"rev-slidebg tp-rs-img rs-lazyload\" data-lazyload=\"\/\/www.memoriaestadionacional.cl\/wp-content\/uploads\/2025\/03\/IMG_0019.jpg\" data-no-retina>\n<!---->\t\t\t\t\t<\/rs-slide>\n\t\t\t\t\t\t<rs-slide style=\"position: absolute;\" data-key=\"rs-1003\" data-title=\"Slide\" data-thumb=\"\/\/www.memoriaestadionacional.cl\/wp-content\/uploads\/2025\/03\/IMG_0021-50x100.jpg\" data-in=\"o:0;\" data-out=\"a:false;\">\n\t\t\t\t\t\t\t<img decoding=\"async\" src=\"\/\/www.memoriaestadionacional.cl\/wp-content\/plugins\/revslider\/sr6\/assets\/assets\/dummy.png\" alt=\"\" title=\"Galer\u00eda\" class=\"rev-slidebg tp-rs-img rs-lazyload\" data-lazyload=\"\/\/www.memoriaestadionacional.cl\/wp-content\/uploads\/2025\/03\/IMG_0021.jpg\" data-no-retina>\n<!---->\t\t\t\t\t<\/rs-slide>\n\t\t\t\t\t\t<rs-slide style=\"position: absolute;\" data-key=\"rs-1004\" data-title=\"Slide\" data-thumb=\"\/\/www.memoriaestadionacional.cl\/wp-content\/uploads\/2025\/03\/IMG_0022-50x100.jpg\" data-in=\"o:0;\" data-out=\"a:false;\">\n\t\t\t\t\t\t\t<img decoding=\"async\" src=\"\/\/www.memoriaestadionacional.cl\/wp-content\/plugins\/revslider\/sr6\/assets\/assets\/dummy.png\" alt=\"\" title=\"Galer\u00eda\" class=\"rev-slidebg tp-rs-img rs-lazyload\" data-lazyload=\"\/\/www.memoriaestadionacional.cl\/wp-content\/uploads\/2025\/03\/IMG_0022.jpg\" data-no-retina>\n<!---->\t\t\t\t\t<\/rs-slide>\n\t\t\t\t\t\t<rs-slide style=\"position: absolute;\" data-key=\"rs-1005\" data-title=\"Slide\" data-thumb=\"\/\/www.memoriaestadionacional.cl\/wp-content\/uploads\/2025\/03\/IMG_0034-50x100.jpg\" data-in=\"o:0;\" data-out=\"a:false;\">\n\t\t\t\t\t\t\t<img decoding=\"async\" src=\"\/\/www.memoriaestadionacional.cl\/wp-content\/plugins\/revslider\/sr6\/assets\/assets\/dummy.png\" alt=\"\" title=\"Galer\u00eda\" class=\"rev-slidebg tp-rs-img rs-lazyload\" data-lazyload=\"\/\/www.memoriaestadionacional.cl\/wp-content\/uploads\/2025\/03\/IMG_0034.jpg\" data-no-retina>\n<!---->\t\t\t\t\t<\/rs-slide>\n\t\t\t\t\t\t<rs-slide style=\"position: absolute;\" data-key=\"rs-1006\" data-title=\"Slide\" data-thumb=\"\/\/www.memoriaestadionacional.cl\/wp-content\/uploads\/2025\/03\/IMG_0035-50x100.jpg\" data-in=\"o:0;\" data-out=\"a:false;\">\n\t\t\t\t\t\t\t<img decoding=\"async\" src=\"\/\/www.memoriaestadionacional.cl\/wp-content\/plugins\/revslider\/sr6\/assets\/assets\/dummy.png\" alt=\"\" title=\"Galer\u00eda\" class=\"rev-slidebg tp-rs-img rs-lazyload\" data-lazyload=\"\/\/www.memoriaestadionacional.cl\/wp-content\/uploads\/2025\/03\/IMG_0035.jpg\" data-no-retina>\n<!---->\t\t\t\t\t<\/rs-slide>\n\t\t\t\t\t\t<rs-slide style=\"position: absolute;\" data-key=\"rs-1007\" data-title=\"Slide\" data-thumb=\"\/\/www.memoriaestadionacional.cl\/wp-content\/uploads\/2025\/03\/IMG_0036-50x100.jpg\" data-in=\"o:0;\" data-out=\"a:false;\">\n\t\t\t\t\t\t\t<img decoding=\"async\" src=\"\/\/www.memoriaestadionacional.cl\/wp-content\/plugins\/revslider\/sr6\/assets\/assets\/dummy.png\" alt=\"\" title=\"Galer\u00eda\" class=\"rev-slidebg tp-rs-img rs-lazyload\" data-lazyload=\"\/\/www.memoriaestadionacional.cl\/wp-content\/uploads\/2025\/03\/IMG_0036.jpg\" data-no-retina>\n<!---->\t\t\t\t\t<\/rs-slide>\n\t\t\t\t\t\t<rs-slide style=\"position: absolute;\" data-key=\"rs-1008\" data-title=\"Slide\" data-thumb=\"\/\/www.memoriaestadionacional.cl\/wp-content\/uploads\/2025\/03\/IMG_0044-50x100.jpg\" data-in=\"o:0;\" data-out=\"a:false;\">\n\t\t\t\t\t\t\t<img decoding=\"async\" src=\"\/\/www.memoriaestadionacional.cl\/wp-content\/plugins\/revslider\/sr6\/assets\/assets\/dummy.png\" alt=\"\" title=\"Galer\u00eda\" class=\"rev-slidebg tp-rs-img rs-lazyload\" data-lazyload=\"\/\/www.memoriaestadionacional.cl\/wp-content\/uploads\/2025\/03\/IMG_0044.jpg\" data-no-retina>\n<!---->\t\t\t\t\t<\/rs-slide>\n\t\t\t\t\t\t<rs-slide style=\"position: absolute;\" data-key=\"rs-1009\" data-title=\"Slide\" data-thumb=\"\/\/www.memoriaestadionacional.cl\/wp-content\/uploads\/2025\/03\/IMG_0047-50x100.jpg\" data-in=\"o:0;\" data-out=\"a:false;\">\n\t\t\t\t\t\t\t<img decoding=\"async\" src=\"\/\/www.memoriaestadionacional.cl\/wp-content\/plugins\/revslider\/sr6\/assets\/assets\/dummy.png\" alt=\"\" title=\"Galer\u00eda\" class=\"rev-slidebg tp-rs-img rs-lazyload\" data-lazyload=\"\/\/www.memoriaestadionacional.cl\/wp-content\/uploads\/2025\/03\/IMG_0047.jpg\" data-no-retina>\n<!---->\t\t\t\t\t<\/rs-slide>\n\t\t\t\t\t\t<rs-slide style=\"position: absolute;\" data-key=\"rs-1010\" data-title=\"Slide\" data-thumb=\"\/\/www.memoriaestadionacional.cl\/wp-content\/uploads\/2025\/03\/IMG_0050-50x100.jpg\" data-in=\"o:0;\" data-out=\"a:false;\">\n\t\t\t\t\t\t\t<img decoding=\"async\" src=\"\/\/www.memoriaestadionacional.cl\/wp-content\/plugins\/revslider\/sr6\/assets\/assets\/dummy.png\" alt=\"\" title=\"Galer\u00eda\" class=\"rev-slidebg tp-rs-img rs-lazyload\" data-lazyload=\"\/\/www.memoriaestadionacional.cl\/wp-content\/uploads\/2025\/03\/IMG_0050.jpg\" data-no-retina>\n<!---->\t\t\t\t\t<\/rs-slide>\n\t\t\t\t\t\t<rs-slide style=\"position: absolute;\" data-key=\"rs-1011\" data-title=\"Slide\" data-thumb=\"\/\/www.memoriaestadionacional.cl\/wp-content\/uploads\/2025\/03\/IMG_0056-50x100.jpg\" data-in=\"o:0;\" data-out=\"a:false;\">\n\t\t\t\t\t\t\t<img decoding=\"async\" src=\"\/\/www.memoriaestadionacional.cl\/wp-content\/plugins\/revslider\/sr6\/assets\/assets\/dummy.png\" alt=\"\" title=\"Galer\u00eda\" class=\"rev-slidebg tp-rs-img rs-lazyload\" data-lazyload=\"\/\/www.memoriaestadionacional.cl\/wp-content\/uploads\/2025\/03\/IMG_0056.jpg\" data-no-retina>\n<!---->\t\t\t\t\t<\/rs-slide>\n\t\t\t\t\t\t<rs-slide style=\"position: absolute;\" data-key=\"rs-1012\" data-title=\"Slide\" data-thumb=\"\/\/www.memoriaestadionacional.cl\/wp-content\/uploads\/2025\/03\/IMG_0062-2-50x100.jpg\" data-in=\"o:0;\" data-out=\"a:false;\">\n\t\t\t\t\t\t\t<img decoding=\"async\" src=\"\/\/www.memoriaestadionacional.cl\/wp-content\/plugins\/revslider\/sr6\/assets\/assets\/dummy.png\" alt=\"\" title=\"Galer\u00eda\" class=\"rev-slidebg tp-rs-img rs-lazyload\" data-lazyload=\"\/\/www.memoriaestadionacional.cl\/wp-content\/uploads\/2025\/03\/IMG_0062-2.jpg\" data-no-retina>\n<!---->\t\t\t\t\t<\/rs-slide>\n\t\t\t\t\t\t<rs-slide style=\"position: absolute;\" data-key=\"rs-1013\" data-title=\"Slide\" data-thumb=\"\/\/www.memoriaestadionacional.cl\/wp-content\/uploads\/2025\/03\/IMG_0063-50x100.jpg\" data-in=\"o:0;\" data-out=\"a:false;\">\n\t\t\t\t\t\t\t<img decoding=\"async\" src=\"\/\/www.memoriaestadionacional.cl\/wp-content\/plugins\/revslider\/sr6\/assets\/assets\/dummy.png\" alt=\"\" title=\"Galer\u00eda\" class=\"rev-slidebg tp-rs-img rs-lazyload\" data-lazyload=\"\/\/www.memoriaestadionacional.cl\/wp-content\/uploads\/2025\/03\/IMG_0063.jpg\" data-no-retina>\n<!---->\t\t\t\t\t<\/rs-slide>\n\t\t\t\t\t\t<rs-slide style=\"position: absolute;\" data-key=\"rs-1014\" data-title=\"Slide\" data-thumb=\"\/\/www.memoriaestadionacional.cl\/wp-content\/uploads\/2025\/03\/IMG_0068-50x100.jpg\" data-in=\"o:0;\" data-out=\"a:false;\">\n\t\t\t\t\t\t\t<img decoding=\"async\" src=\"\/\/www.memoriaestadionacional.cl\/wp-content\/plugins\/revslider\/sr6\/assets\/assets\/dummy.png\" alt=\"\" title=\"Galer\u00eda\" class=\"rev-slidebg tp-rs-img rs-lazyload\" data-lazyload=\"\/\/www.memoriaestadionacional.cl\/wp-content\/uploads\/2025\/03\/IMG_0068.jpg\" data-no-retina>\n<!---->\t\t\t\t\t<\/rs-slide>\n\t\t\t\t\t\t<rs-slide style=\"position: absolute;\" data-key=\"rs-1015\" data-title=\"Slide\" data-thumb=\"\/\/www.memoriaestadionacional.cl\/wp-content\/uploads\/2025\/03\/IMG_0069-50x100.jpg\" data-in=\"o:0;\" data-out=\"a:false;\">\n\t\t\t\t\t\t\t<img decoding=\"async\" src=\"\/\/www.memoriaestadionacional.cl\/wp-content\/plugins\/revslider\/sr6\/assets\/assets\/dummy.png\" alt=\"\" title=\"Galer\u00eda\" class=\"rev-slidebg tp-rs-img rs-lazyload\" data-lazyload=\"\/\/www.memoriaestadionacional.cl\/wp-content\/uploads\/2025\/03\/IMG_0069.jpg\" data-no-retina>\n<!---->\t\t\t\t\t<\/rs-slide>\n\t\t\t\t\t\t<rs-slide style=\"position: absolute;\" data-key=\"rs-1016\" data-title=\"Slide\" data-thumb=\"\/\/www.memoriaestadionacional.cl\/wp-content\/uploads\/2025\/03\/IMG_0080-50x100.jpg\" data-in=\"o:0;\" data-out=\"a:false;\">\n\t\t\t\t\t\t\t<img decoding=\"async\" src=\"\/\/www.memoriaestadionacional.cl\/wp-content\/plugins\/revslider\/sr6\/assets\/assets\/dummy.png\" alt=\"\" title=\"Galer\u00eda\" class=\"rev-slidebg tp-rs-img rs-lazyload\" data-lazyload=\"\/\/www.memoriaestadionacional.cl\/wp-content\/uploads\/2025\/03\/IMG_0080.jpg\" data-no-retina>\n<!---->\t\t\t\t\t<\/rs-slide>\n\t\t\t\t\t\t<rs-slide style=\"position: absolute;\" data-key=\"rs-1017\" data-title=\"Slide\" data-thumb=\"\/\/www.memoriaestadionacional.cl\/wp-content\/uploads\/2025\/03\/IMG_0084-50x100.jpg\" data-in=\"o:0;\" data-out=\"a:false;\">\n\t\t\t\t\t\t\t<img decoding=\"async\" src=\"\/\/www.memoriaestadionacional.cl\/wp-content\/plugins\/revslider\/sr6\/assets\/assets\/dummy.png\" alt=\"\" title=\"Galer\u00eda\" class=\"rev-slidebg tp-rs-img rs-lazyload\" data-lazyload=\"\/\/www.memoriaestadionacional.cl\/wp-content\/uploads\/2025\/03\/IMG_0084.jpg\" data-no-retina>\n<!---->\t\t\t\t\t<\/rs-slide>\n\t\t\t\t\t\t<rs-slide style=\"position: absolute;\" data-key=\"rs-1018\" data-title=\"Slide\" data-thumb=\"\/\/www.memoriaestadionacional.cl\/wp-content\/uploads\/2025\/03\/IMG_0086-50x100.jpg\" data-in=\"o:0;\" data-out=\"a:false;\">\n\t\t\t\t\t\t\t<img decoding=\"async\" src=\"\/\/www.memoriaestadionacional.cl\/wp-content\/plugins\/revslider\/sr6\/assets\/assets\/dummy.png\" alt=\"\" title=\"Galer\u00eda\" class=\"rev-slidebg tp-rs-img rs-lazyload\" data-lazyload=\"\/\/www.memoriaestadionacional.cl\/wp-content\/uploads\/2025\/03\/IMG_0086.jpg\" data-no-retina>\n<!---->\t\t\t\t\t<\/rs-slide>\n\t\t\t\t\t\t<rs-slide style=\"position: absolute;\" data-key=\"rs-1019\" data-title=\"Slide\" data-thumb=\"\/\/www.memoriaestadionacional.cl\/wp-content\/uploads\/2025\/03\/IMG_0087-50x100.jpg\" data-in=\"o:0;\" data-out=\"a:false;\">\n\t\t\t\t\t\t\t<img decoding=\"async\" src=\"\/\/www.memoriaestadionacional.cl\/wp-content\/plugins\/revslider\/sr6\/assets\/assets\/dummy.png\" alt=\"\" title=\"Galer\u00eda\" class=\"rev-slidebg tp-rs-img rs-lazyload\" data-lazyload=\"\/\/www.memoriaestadionacional.cl\/wp-content\/uploads\/2025\/03\/IMG_0087.jpg\" data-no-retina>\n<!---->\t\t\t\t\t<\/rs-slide>\n\t\t\t\t\t\t<rs-slide style=\"position: absolute;\" data-key=\"rs-1020\" data-title=\"Slide\" data-thumb=\"\/\/www.memoriaestadionacional.cl\/wp-content\/uploads\/2025\/03\/IMG_0090-50x100.jpg\" data-in=\"o:0;\" data-out=\"a:false;\">\n\t\t\t\t\t\t\t<img decoding=\"async\" src=\"\/\/www.memoriaestadionacional.cl\/wp-content\/plugins\/revslider\/sr6\/assets\/assets\/dummy.png\" alt=\"\" title=\"Galer\u00eda\" class=\"rev-slidebg tp-rs-img rs-lazyload\" data-lazyload=\"\/\/www.memoriaestadionacional.cl\/wp-content\/uploads\/2025\/03\/IMG_0090.jpg\" data-no-retina>\n<!---->\t\t\t\t\t<\/rs-slide>\n\t\t\t\t\t\t<rs-slide style=\"position: absolute;\" data-key=\"rs-1021\" data-title=\"Slide\" data-thumb=\"\/\/www.memoriaestadionacional.cl\/wp-content\/uploads\/2025\/03\/IMG_0092-50x100.jpg\" data-in=\"o:0;\" data-out=\"a:false;\">\n\t\t\t\t\t\t\t<img decoding=\"async\" src=\"\/\/www.memoriaestadionacional.cl\/wp-content\/plugins\/revslider\/sr6\/assets\/assets\/dummy.png\" alt=\"\" title=\"Galer\u00eda\" class=\"rev-slidebg tp-rs-img rs-lazyload\" data-lazyload=\"\/\/www.memoriaestadionacional.cl\/wp-content\/uploads\/2025\/03\/IMG_0092.jpg\" data-no-retina>\n<!---->\t\t\t\t\t<\/rs-slide>\n\t\t\t\t\t\t<rs-slide style=\"position: absolute;\" data-key=\"rs-1022\" data-title=\"Slide\" data-thumb=\"\/\/www.memoriaestadionacional.cl\/wp-content\/uploads\/2025\/03\/IMG_0101-50x100.jpg\" data-in=\"o:0;\" data-out=\"a:false;\">\n\t\t\t\t\t\t\t<img decoding=\"async\" src=\"\/\/www.memoriaestadionacional.cl\/wp-content\/plugins\/revslider\/sr6\/assets\/assets\/dummy.png\" alt=\"\" title=\"Galer\u00eda\" class=\"rev-slidebg tp-rs-img rs-lazyload\" data-lazyload=\"\/\/www.memoriaestadionacional.cl\/wp-content\/uploads\/2025\/03\/IMG_0101.jpg\" data-no-retina>\n<!---->\t\t\t\t\t<\/rs-slide>\n\t\t\t\t\t\t<rs-slide style=\"position: absolute;\" data-key=\"rs-1023\" data-title=\"Slide\" data-thumb=\"\/\/www.memoriaestadionacional.cl\/wp-content\/uploads\/2025\/03\/IMG_0103-50x100.jpg\" data-in=\"o:0;\" data-out=\"a:false;\">\n\t\t\t\t\t\t\t<img decoding=\"async\" src=\"\/\/www.memoriaestadionacional.cl\/wp-content\/plugins\/revslider\/sr6\/assets\/assets\/dummy.png\" alt=\"\" title=\"Galer\u00eda\" class=\"rev-slidebg tp-rs-img rs-lazyload\" data-lazyload=\"\/\/www.memoriaestadionacional.cl\/wp-content\/uploads\/2025\/03\/IMG_0103.jpg\" data-no-retina>\n<!---->\t\t\t\t\t<\/rs-slide>\n\t\t\t\t\t\t<rs-slide style=\"position: absolute;\" data-key=\"rs-1024\" data-title=\"Slide\" data-thumb=\"\/\/www.memoriaestadionacional.cl\/wp-content\/uploads\/2025\/03\/IMG_0104-50x100.jpg\" data-in=\"o:0;\" data-out=\"a:false;\">\n\t\t\t\t\t\t\t<img decoding=\"async\" src=\"\/\/www.memoriaestadionacional.cl\/wp-content\/plugins\/revslider\/sr6\/assets\/assets\/dummy.png\" alt=\"\" title=\"Galer\u00eda\" class=\"rev-slidebg tp-rs-img rs-lazyload\" data-lazyload=\"\/\/www.memoriaestadionacional.cl\/wp-content\/uploads\/2025\/03\/IMG_0104.jpg\" data-no-retina>\n<!---->\t\t\t\t\t<\/rs-slide>\n\t\t\t\t\t\t<rs-slide style=\"position: absolute;\" data-key=\"rs-1025\" data-title=\"Slide\" data-thumb=\"\/\/www.memoriaestadionacional.cl\/wp-content\/uploads\/2025\/03\/IMG_0106-50x100.jpg\" data-in=\"o:0;\" data-out=\"a:false;\">\n\t\t\t\t\t\t\t<img decoding=\"async\" src=\"\/\/www.memoriaestadionacional.cl\/wp-content\/plugins\/revslider\/sr6\/assets\/assets\/dummy.png\" alt=\"\" title=\"Galer\u00eda\" class=\"rev-slidebg tp-rs-img rs-lazyload\" data-lazyload=\"\/\/www.memoriaestadionacional.cl\/wp-content\/uploads\/2025\/03\/IMG_0106.jpg\" data-no-retina>\n<!---->\t\t\t\t\t<\/rs-slide>\n\t\t\t\t\t\t<rs-slide style=\"position: absolute;\" data-key=\"rs-1026\" data-title=\"Slide\" data-thumb=\"\/\/www.memoriaestadionacional.cl\/wp-content\/uploads\/2025\/03\/IMG_0120-50x100.jpg\" data-in=\"o:0;\" data-out=\"a:false;\">\n\t\t\t\t\t\t\t<img decoding=\"async\" src=\"\/\/www.memoriaestadionacional.cl\/wp-content\/plugins\/revslider\/sr6\/assets\/assets\/dummy.png\" alt=\"\" title=\"Galer\u00eda\" class=\"rev-slidebg tp-rs-img rs-lazyload\" data-lazyload=\"\/\/www.memoriaestadionacional.cl\/wp-content\/uploads\/2025\/03\/IMG_0120.jpg\" data-no-retina>\n<!---->\t\t\t\t\t<\/rs-slide>\n\t\t\t\t\t\t<rs-slide style=\"position: absolute;\" data-key=\"rs-1027\" data-title=\"Slide\" data-thumb=\"\/\/www.memoriaestadionacional.cl\/wp-content\/uploads\/2025\/03\/IMG_0121-50x100.jpg\" data-in=\"o:0;\" data-out=\"a:false;\">\n\t\t\t\t\t\t\t<img decoding=\"async\" src=\"\/\/www.memoriaestadionacional.cl\/wp-content\/plugins\/revslider\/sr6\/assets\/assets\/dummy.png\" alt=\"\" title=\"Galer\u00eda\" class=\"rev-slidebg tp-rs-img rs-lazyload\" data-lazyload=\"\/\/www.memoriaestadionacional.cl\/wp-content\/uploads\/2025\/03\/IMG_0121.jpg\" data-no-retina>\n<!---->\t\t\t\t\t<\/rs-slide>\n\t\t\t\t\t\t<rs-slide style=\"position: absolute;\" data-key=\"rs-1028\" data-title=\"Slide\" data-thumb=\"\/\/www.memoriaestadionacional.cl\/wp-content\/uploads\/2025\/03\/IMG_0123-50x100.jpg\" data-in=\"o:0;\" data-out=\"a:false;\">\n\t\t\t\t\t\t\t<img decoding=\"async\" src=\"\/\/www.memoriaestadionacional.cl\/wp-content\/plugins\/revslider\/sr6\/assets\/assets\/dummy.png\" alt=\"\" title=\"Galer\u00eda\" class=\"rev-slidebg tp-rs-img rs-lazyload\" data-lazyload=\"\/\/www.memoriaestadionacional.cl\/wp-content\/uploads\/2025\/03\/IMG_0123.jpg\" data-no-retina>\n<!---->\t\t\t\t\t<\/rs-slide>\n\t\t\t\t\t\t<rs-slide style=\"position: absolute;\" data-key=\"rs-1029\" data-title=\"Slide\" data-thumb=\"\/\/www.memoriaestadionacional.cl\/wp-content\/uploads\/2025\/03\/IMG_0124-50x100.jpg\" data-in=\"o:0;\" data-out=\"a:false;\">\n\t\t\t\t\t\t\t<img decoding=\"async\" src=\"\/\/www.memoriaestadionacional.cl\/wp-content\/plugins\/revslider\/sr6\/assets\/assets\/dummy.png\" alt=\"\" title=\"Galer\u00eda\" class=\"rev-slidebg tp-rs-img rs-lazyload\" data-lazyload=\"\/\/www.memoriaestadionacional.cl\/wp-content\/uploads\/2025\/03\/IMG_0124.jpg\" data-no-retina>\n<!---->\t\t\t\t\t<\/rs-slide>\n\t\t\t\t\t\t<rs-slide style=\"position: absolute;\" data-key=\"rs-1030\" data-title=\"Slide\" data-thumb=\"\/\/www.memoriaestadionacional.cl\/wp-content\/uploads\/2025\/03\/IMG_0128-50x100.jpg\" data-in=\"o:0;\" data-out=\"a:false;\">\n\t\t\t\t\t\t\t<img decoding=\"async\" src=\"\/\/www.memoriaestadionacional.cl\/wp-content\/plugins\/revslider\/sr6\/assets\/assets\/dummy.png\" alt=\"\" title=\"Galer\u00eda\" class=\"rev-slidebg tp-rs-img rs-lazyload\" data-lazyload=\"\/\/www.memoriaestadionacional.cl\/wp-content\/uploads\/2025\/03\/IMG_0128.jpg\" data-no-retina>\n<!---->\t\t\t\t\t<\/rs-slide>\n\t\t\t\t\t\t<rs-slide style=\"position: absolute;\" data-key=\"rs-1031\" data-title=\"Slide\" data-thumb=\"\/\/www.memoriaestadionacional.cl\/wp-content\/uploads\/2025\/03\/IMG_0129-50x100.jpg\" data-in=\"o:0;\" data-out=\"a:false;\">\n\t\t\t\t\t\t\t<img decoding=\"async\" src=\"\/\/www.memoriaestadionacional.cl\/wp-content\/plugins\/revslider\/sr6\/assets\/assets\/dummy.png\" alt=\"\" title=\"Galer\u00eda\" class=\"rev-slidebg tp-rs-img rs-lazyload\" data-lazyload=\"\/\/www.memoriaestadionacional.cl\/wp-content\/uploads\/2025\/03\/IMG_0129.jpg\" data-no-retina>\n<!---->\t\t\t\t\t<\/rs-slide>\n\t\t\t\t\t\t<rs-slide style=\"position: absolute;\" data-key=\"rs-1032\" data-title=\"Slide\" data-thumb=\"\/\/www.memoriaestadionacional.cl\/wp-content\/uploads\/2025\/03\/IMG_0130-50x100.jpg\" data-in=\"o:0;\" data-out=\"a:false;\">\n\t\t\t\t\t\t\t<img decoding=\"async\" src=\"\/\/www.memoriaestadionacional.cl\/wp-content\/plugins\/revslider\/sr6\/assets\/assets\/dummy.png\" alt=\"\" title=\"Galer\u00eda\" class=\"rev-slidebg tp-rs-img rs-lazyload\" data-lazyload=\"\/\/www.memoriaestadionacional.cl\/wp-content\/uploads\/2025\/03\/IMG_0130.jpg\" data-no-retina>\n<!---->\t\t\t\t\t<\/rs-slide>\n\t\t\t\t\t\t<rs-slide style=\"position: absolute;\" data-key=\"rs-1033\" data-title=\"Slide\" data-thumb=\"\/\/www.memoriaestadionacional.cl\/wp-content\/uploads\/2025\/03\/IMG_0133-50x100.jpg\" data-in=\"o:0;\" data-out=\"a:false;\">\n\t\t\t\t\t\t\t<img decoding=\"async\" src=\"\/\/www.memoriaestadionacional.cl\/wp-content\/plugins\/revslider\/sr6\/assets\/assets\/dummy.png\" alt=\"\" title=\"Galer\u00eda\" class=\"rev-slidebg tp-rs-img rs-lazyload\" data-lazyload=\"\/\/www.memoriaestadionacional.cl\/wp-content\/uploads\/2025\/03\/IMG_0133.jpg\" data-no-retina>\n<!---->\t\t\t\t\t<\/rs-slide>\n\t\t\t\t\t\t<rs-slide style=\"position: absolute;\" data-key=\"rs-1034\" data-title=\"Slide\" data-thumb=\"\/\/www.memoriaestadionacional.cl\/wp-content\/uploads\/2025\/03\/IMG_0134-50x100.jpg\" data-in=\"o:0;\" data-out=\"a:false;\">\n\t\t\t\t\t\t\t<img decoding=\"async\" src=\"\/\/www.memoriaestadionacional.cl\/wp-content\/plugins\/revslider\/sr6\/assets\/assets\/dummy.png\" alt=\"\" title=\"Galer\u00eda\" class=\"rev-slidebg tp-rs-img rs-lazyload\" data-lazyload=\"\/\/www.memoriaestadionacional.cl\/wp-content\/uploads\/2025\/03\/IMG_0134.jpg\" data-no-retina>\n<!---->\t\t\t\t\t<\/rs-slide>\n\t\t\t\t\t\t<rs-slide style=\"position: absolute;\" data-key=\"rs-1035\" data-title=\"Slide\" data-thumb=\"\/\/www.memoriaestadionacional.cl\/wp-content\/uploads\/2025\/03\/IMG_0135-50x100.jpg\" data-in=\"o:0;\" data-out=\"a:false;\">\n\t\t\t\t\t\t\t<img decoding=\"async\" src=\"\/\/www.memoriaestadionacional.cl\/wp-content\/plugins\/revslider\/sr6\/assets\/assets\/dummy.png\" alt=\"\" title=\"Galer\u00eda\" class=\"rev-slidebg tp-rs-img rs-lazyload\" data-lazyload=\"\/\/www.memoriaestadionacional.cl\/wp-content\/uploads\/2025\/03\/IMG_0135.jpg\" data-no-retina>\n<!---->\t\t\t\t\t<\/rs-slide>\n\t\t\t\t\t\t<rs-slide style=\"position: absolute;\" data-key=\"rs-1036\" data-title=\"Slide\" data-thumb=\"\/\/www.memoriaestadionacional.cl\/wp-content\/uploads\/2025\/03\/IMG_0136-50x100.jpg\" data-in=\"o:0;\" data-out=\"a:false;\">\n\t\t\t\t\t\t\t<img decoding=\"async\" src=\"\/\/www.memoriaestadionacional.cl\/wp-content\/plugins\/revslider\/sr6\/assets\/assets\/dummy.png\" alt=\"\" title=\"Galer\u00eda\" class=\"rev-slidebg tp-rs-img rs-lazyload\" data-lazyload=\"\/\/www.memoriaestadionacional.cl\/wp-content\/uploads\/2025\/03\/IMG_0136.jpg\" data-no-retina>\n<!---->\t\t\t\t\t<\/rs-slide>\n\t\t\t\t\t\t<rs-slide style=\"position: absolute;\" data-key=\"rs-1037\" data-title=\"Slide\" data-thumb=\"\/\/www.memoriaestadionacional.cl\/wp-content\/uploads\/2025\/03\/IMG_0138-50x100.jpg\" data-in=\"o:0;\" data-out=\"a:false;\">\n\t\t\t\t\t\t\t<img decoding=\"async\" src=\"\/\/www.memoriaestadionacional.cl\/wp-content\/plugins\/revslider\/sr6\/assets\/assets\/dummy.png\" alt=\"\" title=\"Galer\u00eda\" class=\"rev-slidebg tp-rs-img rs-lazyload\" data-lazyload=\"\/\/www.memoriaestadionacional.cl\/wp-content\/uploads\/2025\/03\/IMG_0138.jpg\" data-no-retina>\n<!---->\t\t\t\t\t<\/rs-slide>\n\t\t\t\t\t\t<rs-slide style=\"position: absolute;\" data-key=\"rs-1038\" data-title=\"Slide\" data-thumb=\"\/\/www.memoriaestadionacional.cl\/wp-content\/uploads\/2025\/03\/IMG_0139-50x100.jpg\" data-in=\"o:0;\" data-out=\"a:false;\">\n\t\t\t\t\t\t\t<img decoding=\"async\" src=\"\/\/www.memoriaestadionacional.cl\/wp-content\/plugins\/revslider\/sr6\/assets\/assets\/dummy.png\" alt=\"\" title=\"Galer\u00eda\" class=\"rev-slidebg tp-rs-img rs-lazyload\" data-lazyload=\"\/\/www.memoriaestadionacional.cl\/wp-content\/uploads\/2025\/03\/IMG_0139.jpg\" data-no-retina>\n<!---->\t\t\t\t\t<\/rs-slide>\n\t\t\t\t\t\t<rs-slide style=\"position: absolute;\" data-key=\"rs-1039\" data-title=\"Slide\" data-thumb=\"\/\/www.memoriaestadionacional.cl\/wp-content\/uploads\/2025\/03\/IMG_0140-50x100.jpg\" data-in=\"o:0;\" data-out=\"a:false;\">\n\t\t\t\t\t\t\t<img decoding=\"async\" src=\"\/\/www.memoriaestadionacional.cl\/wp-content\/plugins\/revslider\/sr6\/assets\/assets\/dummy.png\" alt=\"\" title=\"Galer\u00eda\" class=\"rev-slidebg tp-rs-img rs-lazyload\" data-lazyload=\"\/\/www.memoriaestadionacional.cl\/wp-content\/uploads\/2025\/03\/IMG_0140.jpg\" data-no-retina>\n<!---->\t\t\t\t\t<\/rs-slide>\n\t\t\t\t\t\t<rs-slide style=\"position: absolute;\" data-key=\"rs-1040\" data-title=\"Slide\" data-thumb=\"\/\/www.memoriaestadionacional.cl\/wp-content\/uploads\/2025\/03\/IMG_0141-50x100.jpg\" data-in=\"o:0;\" data-out=\"a:false;\">\n\t\t\t\t\t\t\t<img decoding=\"async\" src=\"\/\/www.memoriaestadionacional.cl\/wp-content\/plugins\/revslider\/sr6\/assets\/assets\/dummy.png\" alt=\"\" title=\"Galer\u00eda\" class=\"rev-slidebg tp-rs-img rs-lazyload\" data-lazyload=\"\/\/www.memoriaestadionacional.cl\/wp-content\/uploads\/2025\/03\/IMG_0141.jpg\" data-no-retina>\n<!---->\t\t\t\t\t<\/rs-slide>\n\t\t\t\t\t\t<rs-slide style=\"position: absolute;\" data-key=\"rs-1041\" data-title=\"Slide\" data-thumb=\"\/\/www.memoriaestadionacional.cl\/wp-content\/uploads\/2025\/03\/IMG_0149-50x100.jpg\" data-in=\"o:0;\" data-out=\"a:false;\">\n\t\t\t\t\t\t\t<img decoding=\"async\" src=\"\/\/www.memoriaestadionacional.cl\/wp-content\/plugins\/revslider\/sr6\/assets\/assets\/dummy.png\" alt=\"\" title=\"Galer\u00eda\" class=\"rev-slidebg tp-rs-img rs-lazyload\" data-lazyload=\"\/\/www.memoriaestadionacional.cl\/wp-content\/uploads\/2025\/03\/IMG_0149.jpg\" data-no-retina>\n<!---->\t\t\t\t\t<\/rs-slide>\n\t\t\t\t\t\t<rs-slide style=\"position: absolute;\" data-key=\"rs-1042\" data-title=\"Slide\" data-thumb=\"\/\/www.memoriaestadionacional.cl\/wp-content\/uploads\/2025\/03\/IMG_0151-50x100.jpg\" data-in=\"o:0;\" data-out=\"a:false;\">\n\t\t\t\t\t\t\t<img decoding=\"async\" src=\"\/\/www.memoriaestadionacional.cl\/wp-content\/plugins\/revslider\/sr6\/assets\/assets\/dummy.png\" alt=\"\" title=\"Galer\u00eda\" class=\"rev-slidebg tp-rs-img rs-lazyload\" data-lazyload=\"\/\/www.memoriaestadionacional.cl\/wp-content\/uploads\/2025\/03\/IMG_0151.jpg\" data-no-retina>\n<!---->\t\t\t\t\t<\/rs-slide>\n\t\t\t\t\t\t<rs-slide style=\"position: absolute;\" data-key=\"rs-1043\" data-title=\"Slide\" data-thumb=\"\/\/www.memoriaestadionacional.cl\/wp-content\/uploads\/2025\/03\/IMG_8575-50x100.jpg\" data-in=\"o:0;\" data-out=\"a:false;\">\n\t\t\t\t\t\t\t<img decoding=\"async\" src=\"\/\/www.memoriaestadionacional.cl\/wp-content\/plugins\/revslider\/sr6\/assets\/assets\/dummy.png\" alt=\"\" title=\"Galer\u00eda\" class=\"rev-slidebg tp-rs-img rs-lazyload\" data-lazyload=\"\/\/www.memoriaestadionacional.cl\/wp-content\/uploads\/2025\/03\/IMG_8575.jpg\" data-no-retina>\n<!---->\t\t\t\t\t<\/rs-slide>\n\t\t\t\t\t\t<rs-slide style=\"position: absolute;\" data-key=\"rs-1044\" data-title=\"Slide\" data-thumb=\"\/\/www.memoriaestadionacional.cl\/wp-content\/uploads\/2025\/03\/IMG_8586-50x100.jpg\" data-in=\"o:0;\" data-out=\"a:false;\">\n\t\t\t\t\t\t\t<img decoding=\"async\" src=\"\/\/www.memoriaestadionacional.cl\/wp-content\/plugins\/revslider\/sr6\/assets\/assets\/dummy.png\" alt=\"\" title=\"Galer\u00eda\" class=\"rev-slidebg tp-rs-img rs-lazyload\" data-lazyload=\"\/\/www.memoriaestadionacional.cl\/wp-content\/uploads\/2025\/03\/IMG_8586.jpg\" data-no-retina>\n<!---->\t\t\t\t\t<\/rs-slide>\n\t\t\t\t\t<\/rs-slides>\n\t\t\t\t<\/rs-module>\n\t\t\t\t<script>\n\t\t\t\t\tsetREVStartSize({c: 'rev_slider_70_9',rl:[1240,1024,778,480],el:[900],gw:[1240],gh:[900],type:'carousel',justify:'',layout:'fullwidth',mh:\"0\"});if (window.RS_MODULES!==undefined && window.RS_MODULES.modules!==undefined && window.RS_MODULES.modules[\"revslider709\"]!==undefined) {window.RS_MODULES.modules[\"revslider709\"].once = false;window.revapi70 = undefined;if (window.RS_MODULES.checkMinimal!==undefined) window.RS_MODULES.checkMinimal()}\n\t\t\t\t<\/script>\n\t\t\t<\/rs-module-wrap>\n\t\t\t<!-- END REVOLUTION SLIDER -->\n<\/div><\/div><\/div><\/div><\/div><div class=\"vc-row-container row-stretch\"><div data-vc-full-width=\"true\"  data-vc-full-width-init=\"false\" class=\"vc_row wpb_row vc_row-fluid\"><div class=\"wpb_column vc_column_container vc_col-sm-12\"><div class=\"vc_column-inner\"><div class=\"wpb_wrapper\"><div class=\"vc_empty_space\"   style=\"height: 100px\"><span class=\"vc_empty_space_inner\"><\/span><\/div><\/div><\/div><\/div><\/div><\/div><div class=\"vc-row-container row-stretch\"><div data-vc-full-width=\"true\"  data-vc-full-width-init=\"false\" class=\"vc_row wpb_row vc_row-fluid\"><div class=\"wpb_column vc_column_container vc_col-sm-12\"><div class=\"vc_column-inner\"><div class=\"wpb_wrapper\">\n\t<div class=\"wpb_text_column wpb_content_element wpb_animate_when_almost_visible wpb_fadeIn fadeIn\" >\n\t\t<div class=\"wpb_wrapper\">\n\t\t\t<h5 style=\"text-align: center;\"><span style=\"color: #e79e47;\">[<\/span>GALER\u00cdA<span style=\"color: #e79e47;\">]<\/span><\/h5>\n\n\t\t<\/div>\n\t<\/div>\n<h1 style=\"text-align: center\" class=\"vc_custom_heading vc_do_custom_heading wpb_animate_when_almost_visible wpb_fadeIn fadeIn\" >Recorridos de la Memoria, Verano 2025<\/h1><div class=\"vc_separator wpb_content_element vc_separator_align_center vc_sep_width_10 vc_sep_border_width_5 vc_sep_pos_align_center vc_separator_no_text wpb_content_element  wpb_content_element wpb_animate_when_almost_visible wpb_fadeIn fadeIn wpb_animate_when_almost_visible wpb_fadeIn fadeIn\" ><span class=\"vc_sep_holder vc_sep_holder_l\"><span style=\"border-color:#e79e47;\" class=\"vc_sep_line\"><\/span><\/span><span class=\"vc_sep_holder vc_sep_holder_r\"><span style=\"border-color:#e79e47;\" class=\"vc_sep_line\"><\/span><\/span>\n<\/div><div class=\"vc_empty_space\"   style=\"height: 32px\"><span class=\"vc_empty_space_inner\"><\/span><\/div>\n\t\t\t<!-- START Recorridos de la Memoria, Verano 2025 REVOLUTION SLIDER 6.7.41 --><p class=\"rs-p-wp-fix\"><\/p>\n\t\t\t<rs-module-wrap id=\"rev_slider_72_10_wrapper\" data-source=\"gallery\" style=\"visibility:hidden;background:transparent;padding:0;margin:0px auto;margin-top:0;margin-bottom:0;\">\n\t\t\t\t<rs-module id=\"rev_slider_72_10\" style=\"\" data-version=\"6.7.41\">\n\t\t\t\t\t<rs-slides style=\"overflow: hidden; position: absolute;\">\n\t\t\t\t\t\t<rs-slide style=\"position: absolute;\" data-key=\"rs-1047\" data-title=\"Slide\" data-thumb=\"\/\/www.memoriaestadionacional.cl\/wp-content\/uploads\/2025\/04\/WhatsApp-Image-2025-01-04-at-12.14.54-1-50x100.jpeg\" data-in=\"o:0;\" data-out=\"a:false;\">\n\t\t\t\t\t\t\t<img decoding=\"async\" src=\"\/\/www.memoriaestadionacional.cl\/wp-content\/plugins\/revslider\/sr6\/assets\/assets\/dummy.png\" alt=\"\" title=\"Galer\u00eda\" class=\"rev-slidebg tp-rs-img rs-lazyload\" data-lazyload=\"\/\/www.memoriaestadionacional.cl\/wp-content\/uploads\/2025\/04\/WhatsApp-Image-2025-01-04-at-12.14.54-1.jpeg\" data-no-retina>\n<!---->\t\t\t\t\t<\/rs-slide>\n\t\t\t\t\t\t<rs-slide style=\"position: absolute;\" data-key=\"rs-1048\" data-title=\"Slide\" data-thumb=\"\/\/www.memoriaestadionacional.cl\/wp-content\/uploads\/2025\/04\/WhatsApp-Image-2025-01-04-at-12.14.54-50x100.jpeg\" data-in=\"o:0;\" data-out=\"a:false;\">\n\t\t\t\t\t\t\t<img decoding=\"async\" src=\"\/\/www.memoriaestadionacional.cl\/wp-content\/plugins\/revslider\/sr6\/assets\/assets\/dummy.png\" alt=\"\" title=\"Galer\u00eda\" class=\"rev-slidebg tp-rs-img rs-lazyload\" data-lazyload=\"\/\/www.memoriaestadionacional.cl\/wp-content\/uploads\/2025\/04\/WhatsApp-Image-2025-01-04-at-12.14.54.jpeg\" data-no-retina>\n<!---->\t\t\t\t\t<\/rs-slide>\n\t\t\t\t\t\t<rs-slide style=\"position: absolute;\" data-key=\"rs-1049\" data-title=\"Slide\" data-thumb=\"\/\/www.memoriaestadionacional.cl\/wp-content\/uploads\/2025\/04\/WhatsApp-Image-2025-01-04-at-12.15.17-1-50x100.jpeg\" data-in=\"o:0;\" data-out=\"a:false;\">\n\t\t\t\t\t\t\t<img decoding=\"async\" src=\"\/\/www.memoriaestadionacional.cl\/wp-content\/plugins\/revslider\/sr6\/assets\/assets\/dummy.png\" alt=\"\" title=\"Galer\u00eda\" class=\"rev-slidebg tp-rs-img rs-lazyload\" data-lazyload=\"\/\/www.memoriaestadionacional.cl\/wp-content\/uploads\/2025\/04\/WhatsApp-Image-2025-01-04-at-12.15.17-1.jpeg\" data-no-retina>\n<!---->\t\t\t\t\t<\/rs-slide>\n\t\t\t\t\t\t<rs-slide style=\"position: absolute;\" data-key=\"rs-1050\" data-title=\"Slide\" data-thumb=\"\/\/www.memoriaestadionacional.cl\/wp-content\/uploads\/2025\/04\/WhatsApp-Image-2025-01-04-at-12.15.17-50x100.jpeg\" data-in=\"o:0;\" data-out=\"a:false;\">\n\t\t\t\t\t\t\t<img decoding=\"async\" src=\"\/\/www.memoriaestadionacional.cl\/wp-content\/plugins\/revslider\/sr6\/assets\/assets\/dummy.png\" alt=\"\" title=\"Galer\u00eda\" class=\"rev-slidebg tp-rs-img rs-lazyload\" data-lazyload=\"\/\/www.memoriaestadionacional.cl\/wp-content\/uploads\/2025\/04\/WhatsApp-Image-2025-01-04-at-12.15.17.jpeg\" data-no-retina>\n<!---->\t\t\t\t\t<\/rs-slide>\n\t\t\t\t\t\t<rs-slide style=\"position: absolute;\" data-key=\"rs-1051\" data-title=\"Slide\" data-thumb=\"\/\/www.memoriaestadionacional.cl\/wp-content\/uploads\/2025\/04\/WhatsApp-Image-2025-01-18-at-13.23.43-50x100.jpeg\" data-in=\"o:0;\" data-out=\"a:false;\">\n\t\t\t\t\t\t\t<img decoding=\"async\" src=\"\/\/www.memoriaestadionacional.cl\/wp-content\/plugins\/revslider\/sr6\/assets\/assets\/dummy.png\" alt=\"\" title=\"Galer\u00eda\" class=\"rev-slidebg tp-rs-img rs-lazyload\" data-lazyload=\"\/\/www.memoriaestadionacional.cl\/wp-content\/uploads\/2025\/04\/WhatsApp-Image-2025-01-18-at-13.23.43.jpeg\" data-no-retina>\n<!---->\t\t\t\t\t<\/rs-slide>\n\t\t\t\t\t\t<rs-slide style=\"position: absolute;\" data-key=\"rs-1052\" data-title=\"Slide\" data-thumb=\"\/\/www.memoriaestadionacional.cl\/wp-content\/uploads\/2025\/04\/WhatsApp-Image-2025-01-18-at-13.23.44-50x100.jpeg\" data-in=\"o:0;\" data-out=\"a:false;\">\n\t\t\t\t\t\t\t<img decoding=\"async\" src=\"\/\/www.memoriaestadionacional.cl\/wp-content\/plugins\/revslider\/sr6\/assets\/assets\/dummy.png\" alt=\"\" title=\"Galer\u00eda\" class=\"rev-slidebg tp-rs-img rs-lazyload\" data-lazyload=\"\/\/www.memoriaestadionacional.cl\/wp-content\/uploads\/2025\/04\/WhatsApp-Image-2025-01-18-at-13.23.44.jpeg\" data-no-retina>\n<!---->\t\t\t\t\t<\/rs-slide>\n\t\t\t\t\t\t<rs-slide style=\"position: absolute;\" data-key=\"rs-1053\" data-title=\"Slide\" data-thumb=\"\/\/www.memoriaestadionacional.cl\/wp-content\/uploads\/2025\/04\/WhatsApp-Image-2025-01-18-at-13.23.45-50x100.jpeg\" data-in=\"o:0;\" data-out=\"a:false;\">\n\t\t\t\t\t\t\t<img decoding=\"async\" src=\"\/\/www.memoriaestadionacional.cl\/wp-content\/plugins\/revslider\/sr6\/assets\/assets\/dummy.png\" alt=\"\" title=\"Galer\u00eda\" class=\"rev-slidebg tp-rs-img rs-lazyload\" data-lazyload=\"\/\/www.memoriaestadionacional.cl\/wp-content\/uploads\/2025\/04\/WhatsApp-Image-2025-01-18-at-13.23.45.jpeg\" data-no-retina>\n<!---->\t\t\t\t\t<\/rs-slide>\n\t\t\t\t\t\t<rs-slide style=\"position: absolute;\" data-key=\"rs-1054\" data-title=\"Slide\" data-thumb=\"\/\/www.memoriaestadionacional.cl\/wp-content\/uploads\/2025\/04\/WhatsApp-Image-2025-01-18-at-13.23.46-50x100.jpeg\" data-in=\"o:0;\" data-out=\"a:false;\">\n\t\t\t\t\t\t\t<img decoding=\"async\" src=\"\/\/www.memoriaestadionacional.cl\/wp-content\/plugins\/revslider\/sr6\/assets\/assets\/dummy.png\" alt=\"\" title=\"Galer\u00eda\" class=\"rev-slidebg tp-rs-img rs-lazyload\" data-lazyload=\"\/\/www.memoriaestadionacional.cl\/wp-content\/uploads\/2025\/04\/WhatsApp-Image-2025-01-18-at-13.23.46.jpeg\" data-no-retina>\n<!---->\t\t\t\t\t<\/rs-slide>\n\t\t\t\t\t<\/rs-slides>\n\t\t\t\t<\/rs-module>\n\t\t\t\t<script>\n\t\t\t\t\tsetREVStartSize({c: 'rev_slider_72_10',rl:[1240,1024,778,480],el:[900],gw:[1240],gh:[900],type:'carousel',justify:'',layout:'fullwidth',mh:\"0\"});if (window.RS_MODULES!==undefined && window.RS_MODULES.modules!==undefined && window.RS_MODULES.modules[\"revslider7210\"]!==undefined) {window.RS_MODULES.modules[\"revslider7210\"].once = false;window.revapi72 = undefined;if (window.RS_MODULES.checkMinimal!==undefined) window.RS_MODULES.checkMinimal()}\n\t\t\t\t<\/script>\n\t\t\t<\/rs-module-wrap>\n\t\t\t<!-- END REVOLUTION SLIDER -->\n<\/div><\/div><\/div><\/div><\/div><div class=\"vc-row-container row-stretch\"><div data-vc-full-width=\"true\"  data-vc-full-width-init=\"false\" class=\"vc_row wpb_row vc_row-fluid\"><div class=\"wpb_column vc_column_container vc_col-sm-12\"><div class=\"vc_column-inner\"><div class=\"wpb_wrapper\"><div class=\"vc_empty_space\"   style=\"height: 100px\"><span class=\"vc_empty_space_inner\"><\/span><\/div><\/div><\/div><\/div><\/div><\/div><div class=\"vc-row-container row-stretch\"><div data-vc-full-width=\"true\"  data-vc-full-width-init=\"false\" class=\"vc_row wpb_row vc_row-fluid\"><div class=\"wpb_column vc_column_container vc_col-sm-12\"><div class=\"vc_column-inner\"><div class=\"wpb_wrapper\">\n\t<div class=\"wpb_text_column wpb_content_element wpb_animate_when_almost_visible wpb_fadeIn fadeIn\" >\n\t\t<div class=\"wpb_wrapper\">\n\t\t\t<h5 style=\"text-align: center;\"><span style=\"color: #e79e47;\">[<\/span>GALER\u00cdA<span style=\"color: #e79e47;\">]<\/span><\/h5>\n\n\t\t<\/div>\n\t<\/div>\n<h1 style=\"text-align: center\" class=\"vc_custom_heading vc_do_custom_heading wpb_animate_when_almost_visible wpb_fadeIn fadeIn\" >Feria Kontrabando: \"De cuerpxs y almas - Arte, Memoria y Derechos Humanos\"<\/h1><div class=\"vc_separator wpb_content_element vc_separator_align_center vc_sep_width_10 vc_sep_border_width_5 vc_sep_pos_align_center vc_separator_no_text wpb_content_element  wpb_content_element wpb_animate_when_almost_visible wpb_fadeIn fadeIn wpb_animate_when_almost_visible wpb_fadeIn fadeIn\" ><span class=\"vc_sep_holder vc_sep_holder_l\"><span style=\"border-color:#e79e47;\" class=\"vc_sep_line\"><\/span><\/span><span class=\"vc_sep_holder vc_sep_holder_r\"><span style=\"border-color:#e79e47;\" class=\"vc_sep_line\"><\/span><\/span>\n<\/div><div class=\"vc_empty_space\"   style=\"height: 32px\"><span class=\"vc_empty_space_inner\"><\/span><\/div>\n\t\t\t<!-- START Kontrabando REVOLUTION SLIDER 6.7.41 --><p class=\"rs-p-wp-fix\"><\/p>\n\t\t\t<rs-module-wrap id=\"rev_slider_65_11_wrapper\" data-source=\"gallery\" style=\"visibility:hidden;background:transparent;padding:0;margin:0px auto;margin-top:0;margin-bottom:0;\">\n\t\t\t\t<rs-module id=\"rev_slider_65_11\" style=\"\" data-version=\"6.7.41\">\n\t\t\t\t\t<rs-slides style=\"overflow: hidden; position: absolute;\">\n\t\t\t\t\t\t<rs-slide style=\"position: absolute;\" data-key=\"rs-900\" data-title=\"Slide\" data-thumb=\"\/\/www.memoriaestadionacional.cl\/wp-content\/uploads\/2024\/12\/Copia-de-IMG_2132-50x100.jpg\" data-in=\"o:0;\" data-out=\"a:false;\">\n\t\t\t\t\t\t\t<img decoding=\"async\" src=\"\/\/www.memoriaestadionacional.cl\/wp-content\/plugins\/revslider\/sr6\/assets\/assets\/dummy.png\" alt=\"\" title=\"Galer\u00eda\" class=\"rev-slidebg tp-rs-img rs-lazyload\" data-lazyload=\"\/\/www.memoriaestadionacional.cl\/wp-content\/uploads\/2024\/12\/Copia-de-IMG_2132.jpg\" data-no-retina>\n<!---->\t\t\t\t\t<\/rs-slide>\n\t\t\t\t\t\t<rs-slide style=\"position: absolute;\" data-key=\"rs-901\" data-title=\"Slide\" data-thumb=\"\/\/www.memoriaestadionacional.cl\/wp-content\/uploads\/2024\/12\/Copia-de-IMG_9982-50x100.jpg\" data-in=\"o:0;\" data-out=\"a:false;\">\n\t\t\t\t\t\t\t<img decoding=\"async\" src=\"\/\/www.memoriaestadionacional.cl\/wp-content\/plugins\/revslider\/sr6\/assets\/assets\/dummy.png\" alt=\"\" title=\"Galer\u00eda\" class=\"rev-slidebg tp-rs-img rs-lazyload\" data-lazyload=\"\/\/www.memoriaestadionacional.cl\/wp-content\/uploads\/2024\/12\/Copia-de-IMG_9982.jpg\" data-no-retina>\n<!---->\t\t\t\t\t<\/rs-slide>\n\t\t\t\t\t\t<rs-slide style=\"position: absolute;\" data-key=\"rs-902\" data-title=\"Slide\" data-thumb=\"\/\/www.memoriaestadionacional.cl\/wp-content\/uploads\/2024\/12\/Copia-de-IMG_9976-50x100.jpg\" data-in=\"o:0;\" data-out=\"a:false;\">\n\t\t\t\t\t\t\t<img decoding=\"async\" src=\"\/\/www.memoriaestadionacional.cl\/wp-content\/plugins\/revslider\/sr6\/assets\/assets\/dummy.png\" alt=\"\" title=\"Galer\u00eda\" class=\"rev-slidebg tp-rs-img rs-lazyload\" data-lazyload=\"\/\/www.memoriaestadionacional.cl\/wp-content\/uploads\/2024\/12\/Copia-de-IMG_9976.jpg\" data-no-retina>\n<!---->\t\t\t\t\t<\/rs-slide>\n\t\t\t\t\t\t<rs-slide style=\"position: absolute;\" data-key=\"rs-903\" data-title=\"Slide\" data-thumb=\"\/\/www.memoriaestadionacional.cl\/wp-content\/uploads\/2024\/12\/Copia-de-IMG_9975-50x100.jpg\" data-in=\"o:0;\" data-out=\"a:false;\">\n\t\t\t\t\t\t\t<img decoding=\"async\" src=\"\/\/www.memoriaestadionacional.cl\/wp-content\/plugins\/revslider\/sr6\/assets\/assets\/dummy.png\" alt=\"\" title=\"Galer\u00eda\" class=\"rev-slidebg tp-rs-img rs-lazyload\" data-lazyload=\"\/\/www.memoriaestadionacional.cl\/wp-content\/uploads\/2024\/12\/Copia-de-IMG_9975.jpg\" data-no-retina>\n<!---->\t\t\t\t\t<\/rs-slide>\n\t\t\t\t\t\t<rs-slide style=\"position: absolute;\" data-key=\"rs-904\" data-title=\"Slide\" data-thumb=\"\/\/www.memoriaestadionacional.cl\/wp-content\/uploads\/2024\/12\/Copia-de-IMG_9973-50x100.jpg\" data-in=\"o:0;\" data-out=\"a:false;\">\n\t\t\t\t\t\t\t<img decoding=\"async\" src=\"\/\/www.memoriaestadionacional.cl\/wp-content\/plugins\/revslider\/sr6\/assets\/assets\/dummy.png\" alt=\"\" title=\"Galer\u00eda\" class=\"rev-slidebg tp-rs-img rs-lazyload\" data-lazyload=\"\/\/www.memoriaestadionacional.cl\/wp-content\/uploads\/2024\/12\/Copia-de-IMG_9973.jpg\" data-no-retina>\n<!---->\t\t\t\t\t<\/rs-slide>\n\t\t\t\t\t\t<rs-slide style=\"position: absolute;\" data-key=\"rs-905\" data-title=\"Slide\" data-thumb=\"\/\/www.memoriaestadionacional.cl\/wp-content\/uploads\/2024\/12\/Copia-de-IMG_9970-50x100.jpg\" data-in=\"o:0;\" data-out=\"a:false;\">\n\t\t\t\t\t\t\t<img decoding=\"async\" src=\"\/\/www.memoriaestadionacional.cl\/wp-content\/plugins\/revslider\/sr6\/assets\/assets\/dummy.png\" alt=\"\" title=\"Galer\u00eda\" class=\"rev-slidebg tp-rs-img rs-lazyload\" data-lazyload=\"\/\/www.memoriaestadionacional.cl\/wp-content\/uploads\/2024\/12\/Copia-de-IMG_9970.jpg\" data-no-retina>\n<!---->\t\t\t\t\t<\/rs-slide>\n\t\t\t\t\t\t<rs-slide style=\"position: absolute;\" data-key=\"rs-906\" data-title=\"Slide\" data-thumb=\"\/\/www.memoriaestadionacional.cl\/wp-content\/uploads\/2024\/12\/Copia-de-IMG_9959-50x100.jpg\" data-in=\"o:0;\" data-out=\"a:false;\">\n\t\t\t\t\t\t\t<img decoding=\"async\" src=\"\/\/www.memoriaestadionacional.cl\/wp-content\/plugins\/revslider\/sr6\/assets\/assets\/dummy.png\" alt=\"\" title=\"Galer\u00eda\" class=\"rev-slidebg tp-rs-img rs-lazyload\" data-lazyload=\"\/\/www.memoriaestadionacional.cl\/wp-content\/uploads\/2024\/12\/Copia-de-IMG_9959.jpg\" data-no-retina>\n<!---->\t\t\t\t\t<\/rs-slide>\n\t\t\t\t\t\t<rs-slide style=\"position: absolute;\" data-key=\"rs-907\" data-title=\"Slide\" data-thumb=\"\/\/www.memoriaestadionacional.cl\/wp-content\/uploads\/2024\/12\/Copia-de-IMG_9952-50x100.jpg\" data-in=\"o:0;\" data-out=\"a:false;\">\n\t\t\t\t\t\t\t<img decoding=\"async\" src=\"\/\/www.memoriaestadionacional.cl\/wp-content\/plugins\/revslider\/sr6\/assets\/assets\/dummy.png\" alt=\"\" title=\"Galer\u00eda\" class=\"rev-slidebg tp-rs-img rs-lazyload\" data-lazyload=\"\/\/www.memoriaestadionacional.cl\/wp-content\/uploads\/2024\/12\/Copia-de-IMG_9952.jpg\" data-no-retina>\n<!---->\t\t\t\t\t<\/rs-slide>\n\t\t\t\t\t\t<rs-slide style=\"position: absolute;\" data-key=\"rs-908\" data-title=\"Slide\" data-thumb=\"\/\/www.memoriaestadionacional.cl\/wp-content\/uploads\/2024\/12\/Copia-de-IMG_9949-50x100.jpg\" data-in=\"o:0;\" data-out=\"a:false;\">\n\t\t\t\t\t\t\t<img decoding=\"async\" src=\"\/\/www.memoriaestadionacional.cl\/wp-content\/plugins\/revslider\/sr6\/assets\/assets\/dummy.png\" alt=\"\" title=\"Galer\u00eda\" class=\"rev-slidebg tp-rs-img rs-lazyload\" data-lazyload=\"\/\/www.memoriaestadionacional.cl\/wp-content\/uploads\/2024\/12\/Copia-de-IMG_9949.jpg\" data-no-retina>\n<!---->\t\t\t\t\t<\/rs-slide>\n\t\t\t\t\t\t<rs-slide style=\"position: absolute;\" data-key=\"rs-909\" data-title=\"Slide\" data-thumb=\"\/\/www.memoriaestadionacional.cl\/wp-content\/uploads\/2024\/12\/Copia-de-IMG_2338-50x100.jpg\" data-in=\"o:0;\" data-out=\"a:false;\">\n\t\t\t\t\t\t\t<img decoding=\"async\" src=\"\/\/www.memoriaestadionacional.cl\/wp-content\/plugins\/revslider\/sr6\/assets\/assets\/dummy.png\" alt=\"\" title=\"Galer\u00eda\" class=\"rev-slidebg tp-rs-img rs-lazyload\" data-lazyload=\"\/\/www.memoriaestadionacional.cl\/wp-content\/uploads\/2024\/12\/Copia-de-IMG_2338.jpg\" data-no-retina>\n<!---->\t\t\t\t\t<\/rs-slide>\n\t\t\t\t\t\t<rs-slide style=\"position: absolute;\" data-key=\"rs-910\" data-title=\"Slide\" data-thumb=\"\/\/www.memoriaestadionacional.cl\/wp-content\/uploads\/2024\/12\/Copia-de-IMG_2331-50x100.jpg\" data-in=\"o:0;\" data-out=\"a:false;\">\n\t\t\t\t\t\t\t<img decoding=\"async\" src=\"\/\/www.memoriaestadionacional.cl\/wp-content\/plugins\/revslider\/sr6\/assets\/assets\/dummy.png\" alt=\"\" title=\"Galer\u00eda\" class=\"rev-slidebg tp-rs-img rs-lazyload\" data-lazyload=\"\/\/www.memoriaestadionacional.cl\/wp-content\/uploads\/2024\/12\/Copia-de-IMG_2331.jpg\" data-no-retina>\n<!---->\t\t\t\t\t<\/rs-slide>\n\t\t\t\t\t\t<rs-slide style=\"position: absolute;\" data-key=\"rs-911\" data-title=\"Slide\" data-thumb=\"\/\/www.memoriaestadionacional.cl\/wp-content\/uploads\/2024\/12\/Copia-de-IMG_2325-50x100.jpg\" data-in=\"o:0;\" data-out=\"a:false;\">\n\t\t\t\t\t\t\t<img decoding=\"async\" src=\"\/\/www.memoriaestadionacional.cl\/wp-content\/plugins\/revslider\/sr6\/assets\/assets\/dummy.png\" alt=\"\" title=\"Galer\u00eda\" class=\"rev-slidebg tp-rs-img rs-lazyload\" data-lazyload=\"\/\/www.memoriaestadionacional.cl\/wp-content\/uploads\/2024\/12\/Copia-de-IMG_2325.jpg\" data-no-retina>\n<!---->\t\t\t\t\t<\/rs-slide>\n\t\t\t\t\t\t<rs-slide style=\"position: absolute;\" data-key=\"rs-912\" data-title=\"Slide\" data-thumb=\"\/\/www.memoriaestadionacional.cl\/wp-content\/uploads\/2024\/12\/Copia-de-IMG_2321-50x100.jpg\" data-in=\"o:0;\" data-out=\"a:false;\">\n\t\t\t\t\t\t\t<img decoding=\"async\" src=\"\/\/www.memoriaestadionacional.cl\/wp-content\/plugins\/revslider\/sr6\/assets\/assets\/dummy.png\" alt=\"\" title=\"Galer\u00eda\" class=\"rev-slidebg tp-rs-img rs-lazyload\" data-lazyload=\"\/\/www.memoriaestadionacional.cl\/wp-content\/uploads\/2024\/12\/Copia-de-IMG_2321.jpg\" data-no-retina>\n<!---->\t\t\t\t\t<\/rs-slide>\n\t\t\t\t\t\t<rs-slide style=\"position: absolute;\" data-key=\"rs-913\" data-title=\"Slide\" data-thumb=\"\/\/www.memoriaestadionacional.cl\/wp-content\/uploads\/2024\/12\/Copia-de-IMG_2319-50x100.jpg\" data-in=\"o:0;\" data-out=\"a:false;\">\n\t\t\t\t\t\t\t<img decoding=\"async\" src=\"\/\/www.memoriaestadionacional.cl\/wp-content\/plugins\/revslider\/sr6\/assets\/assets\/dummy.png\" alt=\"\" title=\"Galer\u00eda\" class=\"rev-slidebg tp-rs-img rs-lazyload\" data-lazyload=\"\/\/www.memoriaestadionacional.cl\/wp-content\/uploads\/2024\/12\/Copia-de-IMG_2319.jpg\" data-no-retina>\n<!---->\t\t\t\t\t<\/rs-slide>\n\t\t\t\t\t\t<rs-slide style=\"position: absolute;\" data-key=\"rs-914\" data-title=\"Slide\" data-thumb=\"\/\/www.memoriaestadionacional.cl\/wp-content\/uploads\/2024\/12\/Copia-de-IMG_2316-50x100.jpg\" data-in=\"o:0;\" data-out=\"a:false;\">\n\t\t\t\t\t\t\t<img decoding=\"async\" src=\"\/\/www.memoriaestadionacional.cl\/wp-content\/plugins\/revslider\/sr6\/assets\/assets\/dummy.png\" alt=\"\" title=\"Galer\u00eda\" class=\"rev-slidebg tp-rs-img rs-lazyload\" data-lazyload=\"\/\/www.memoriaestadionacional.cl\/wp-content\/uploads\/2024\/12\/Copia-de-IMG_2316.jpg\" data-no-retina>\n<!---->\t\t\t\t\t<\/rs-slide>\n\t\t\t\t\t\t<rs-slide style=\"position: absolute;\" data-key=\"rs-915\" data-title=\"Slide\" data-thumb=\"\/\/www.memoriaestadionacional.cl\/wp-content\/uploads\/2024\/12\/Copia-de-IMG_2305-50x100.jpg\" data-in=\"o:0;\" data-out=\"a:false;\">\n\t\t\t\t\t\t\t<img decoding=\"async\" src=\"\/\/www.memoriaestadionacional.cl\/wp-content\/plugins\/revslider\/sr6\/assets\/assets\/dummy.png\" alt=\"\" title=\"Galer\u00eda\" class=\"rev-slidebg tp-rs-img rs-lazyload\" data-lazyload=\"\/\/www.memoriaestadionacional.cl\/wp-content\/uploads\/2024\/12\/Copia-de-IMG_2305.jpg\" data-no-retina>\n<!---->\t\t\t\t\t<\/rs-slide>\n\t\t\t\t\t\t<rs-slide style=\"position: absolute;\" data-key=\"rs-916\" data-title=\"Slide\" data-thumb=\"\/\/www.memoriaestadionacional.cl\/wp-content\/uploads\/2024\/12\/Copia-de-IMG_2286-50x100.jpg\" data-in=\"o:0;\" data-out=\"a:false;\">\n\t\t\t\t\t\t\t<img decoding=\"async\" src=\"\/\/www.memoriaestadionacional.cl\/wp-content\/plugins\/revslider\/sr6\/assets\/assets\/dummy.png\" alt=\"\" title=\"Galer\u00eda\" class=\"rev-slidebg tp-rs-img rs-lazyload\" data-lazyload=\"\/\/www.memoriaestadionacional.cl\/wp-content\/uploads\/2024\/12\/Copia-de-IMG_2286.jpg\" data-no-retina>\n<!---->\t\t\t\t\t<\/rs-slide>\n\t\t\t\t\t\t<rs-slide style=\"position: absolute;\" data-key=\"rs-917\" data-title=\"Slide\" data-thumb=\"\/\/www.memoriaestadionacional.cl\/wp-content\/uploads\/2024\/12\/Copia-de-IMG_2279-50x100.jpg\" data-in=\"o:0;\" data-out=\"a:false;\">\n\t\t\t\t\t\t\t<img decoding=\"async\" src=\"\/\/www.memoriaestadionacional.cl\/wp-content\/plugins\/revslider\/sr6\/assets\/assets\/dummy.png\" alt=\"\" title=\"Galer\u00eda\" class=\"rev-slidebg tp-rs-img rs-lazyload\" data-lazyload=\"\/\/www.memoriaestadionacional.cl\/wp-content\/uploads\/2024\/12\/Copia-de-IMG_2279.jpg\" data-no-retina>\n<!---->\t\t\t\t\t<\/rs-slide>\n\t\t\t\t\t\t<rs-slide style=\"position: absolute;\" data-key=\"rs-918\" data-title=\"Slide\" data-thumb=\"\/\/www.memoriaestadionacional.cl\/wp-content\/uploads\/2024\/12\/Copia-de-IMG_2278-50x100.jpg\" data-in=\"o:0;\" data-out=\"a:false;\">\n\t\t\t\t\t\t\t<img decoding=\"async\" src=\"\/\/www.memoriaestadionacional.cl\/wp-content\/plugins\/revslider\/sr6\/assets\/assets\/dummy.png\" alt=\"\" title=\"Galer\u00eda\" class=\"rev-slidebg tp-rs-img rs-lazyload\" data-lazyload=\"\/\/www.memoriaestadionacional.cl\/wp-content\/uploads\/2024\/12\/Copia-de-IMG_2278.jpg\" data-no-retina>\n<!---->\t\t\t\t\t<\/rs-slide>\n\t\t\t\t\t\t<rs-slide style=\"position: absolute;\" data-key=\"rs-919\" data-title=\"Slide\" data-thumb=\"\/\/www.memoriaestadionacional.cl\/wp-content\/uploads\/2024\/12\/Copia-de-IMG_2276-50x100.jpg\" data-in=\"o:0;\" data-out=\"a:false;\">\n\t\t\t\t\t\t\t<img decoding=\"async\" src=\"\/\/www.memoriaestadionacional.cl\/wp-content\/plugins\/revslider\/sr6\/assets\/assets\/dummy.png\" alt=\"\" title=\"Galer\u00eda\" class=\"rev-slidebg tp-rs-img rs-lazyload\" data-lazyload=\"\/\/www.memoriaestadionacional.cl\/wp-content\/uploads\/2024\/12\/Copia-de-IMG_2276.jpg\" data-no-retina>\n<!---->\t\t\t\t\t<\/rs-slide>\n\t\t\t\t\t\t<rs-slide style=\"position: absolute;\" data-key=\"rs-920\" data-title=\"Slide\" data-thumb=\"\/\/www.memoriaestadionacional.cl\/wp-content\/uploads\/2024\/12\/Copia-de-IMG_2275-50x100.jpg\" data-in=\"o:0;\" data-out=\"a:false;\">\n\t\t\t\t\t\t\t<img decoding=\"async\" src=\"\/\/www.memoriaestadionacional.cl\/wp-content\/plugins\/revslider\/sr6\/assets\/assets\/dummy.png\" alt=\"\" title=\"Galer\u00eda\" class=\"rev-slidebg tp-rs-img rs-lazyload\" data-lazyload=\"\/\/www.memoriaestadionacional.cl\/wp-content\/uploads\/2024\/12\/Copia-de-IMG_2275.jpg\" data-no-retina>\n<!---->\t\t\t\t\t<\/rs-slide>\n\t\t\t\t\t\t<rs-slide style=\"position: absolute;\" data-key=\"rs-921\" data-title=\"Slide\" data-thumb=\"\/\/www.memoriaestadionacional.cl\/wp-content\/uploads\/2024\/12\/Copia-de-IMG_2267-50x100.jpg\" data-in=\"o:0;\" data-out=\"a:false;\">\n\t\t\t\t\t\t\t<img decoding=\"async\" src=\"\/\/www.memoriaestadionacional.cl\/wp-content\/plugins\/revslider\/sr6\/assets\/assets\/dummy.png\" alt=\"\" title=\"Galer\u00eda\" class=\"rev-slidebg tp-rs-img rs-lazyload\" data-lazyload=\"\/\/www.memoriaestadionacional.cl\/wp-content\/uploads\/2024\/12\/Copia-de-IMG_2267.jpg\" data-no-retina>\n<!---->\t\t\t\t\t<\/rs-slide>\n\t\t\t\t\t\t<rs-slide style=\"position: absolute;\" data-key=\"rs-922\" data-title=\"Slide\" data-thumb=\"\/\/www.memoriaestadionacional.cl\/wp-content\/uploads\/2024\/12\/Copia-de-IMG_2258-50x100.jpg\" data-in=\"o:0;\" data-out=\"a:false;\">\n\t\t\t\t\t\t\t<img decoding=\"async\" src=\"\/\/www.memoriaestadionacional.cl\/wp-content\/plugins\/revslider\/sr6\/assets\/assets\/dummy.png\" alt=\"\" title=\"Galer\u00eda\" class=\"rev-slidebg tp-rs-img rs-lazyload\" data-lazyload=\"\/\/www.memoriaestadionacional.cl\/wp-content\/uploads\/2024\/12\/Copia-de-IMG_2258.jpg\" data-no-retina>\n<!---->\t\t\t\t\t<\/rs-slide>\n\t\t\t\t\t\t<rs-slide style=\"position: absolute;\" data-key=\"rs-923\" data-title=\"Slide\" data-thumb=\"\/\/www.memoriaestadionacional.cl\/wp-content\/uploads\/2024\/12\/Copia-de-IMG_2248-50x100.jpg\" data-in=\"o:0;\" data-out=\"a:false;\">\n\t\t\t\t\t\t\t<img decoding=\"async\" src=\"\/\/www.memoriaestadionacional.cl\/wp-content\/plugins\/revslider\/sr6\/assets\/assets\/dummy.png\" alt=\"\" title=\"Galer\u00eda\" class=\"rev-slidebg tp-rs-img rs-lazyload\" data-lazyload=\"\/\/www.memoriaestadionacional.cl\/wp-content\/uploads\/2024\/12\/Copia-de-IMG_2248.jpg\" data-no-retina>\n<!---->\t\t\t\t\t<\/rs-slide>\n\t\t\t\t\t\t<rs-slide style=\"position: absolute;\" data-key=\"rs-924\" data-title=\"Slide\" data-thumb=\"\/\/www.memoriaestadionacional.cl\/wp-content\/uploads\/2024\/12\/Copia-de-IMG_2244-50x100.jpg\" data-in=\"o:0;\" data-out=\"a:false;\">\n\t\t\t\t\t\t\t<img decoding=\"async\" src=\"\/\/www.memoriaestadionacional.cl\/wp-content\/plugins\/revslider\/sr6\/assets\/assets\/dummy.png\" alt=\"\" title=\"Galer\u00eda\" class=\"rev-slidebg tp-rs-img rs-lazyload\" data-lazyload=\"\/\/www.memoriaestadionacional.cl\/wp-content\/uploads\/2024\/12\/Copia-de-IMG_2244.jpg\" data-no-retina>\n<!---->\t\t\t\t\t<\/rs-slide>\n\t\t\t\t\t\t<rs-slide style=\"position: absolute;\" data-key=\"rs-925\" data-title=\"Slide\" data-thumb=\"\/\/www.memoriaestadionacional.cl\/wp-content\/uploads\/2024\/12\/Copia-de-IMG_2243-50x100.jpg\" data-in=\"o:0;\" data-out=\"a:false;\">\n\t\t\t\t\t\t\t<img decoding=\"async\" src=\"\/\/www.memoriaestadionacional.cl\/wp-content\/plugins\/revslider\/sr6\/assets\/assets\/dummy.png\" alt=\"\" title=\"Galer\u00eda\" class=\"rev-slidebg tp-rs-img rs-lazyload\" data-lazyload=\"\/\/www.memoriaestadionacional.cl\/wp-content\/uploads\/2024\/12\/Copia-de-IMG_2243.jpg\" data-no-retina>\n<!---->\t\t\t\t\t<\/rs-slide>\n\t\t\t\t\t\t<rs-slide style=\"position: absolute;\" data-key=\"rs-926\" data-title=\"Slide\" data-thumb=\"\/\/www.memoriaestadionacional.cl\/wp-content\/uploads\/2024\/12\/Copia-de-IMG_2242-50x100.jpg\" data-in=\"o:0;\" data-out=\"a:false;\">\n\t\t\t\t\t\t\t<img decoding=\"async\" src=\"\/\/www.memoriaestadionacional.cl\/wp-content\/plugins\/revslider\/sr6\/assets\/assets\/dummy.png\" alt=\"\" title=\"Galer\u00eda\" class=\"rev-slidebg tp-rs-img rs-lazyload\" data-lazyload=\"\/\/www.memoriaestadionacional.cl\/wp-content\/uploads\/2024\/12\/Copia-de-IMG_2242.jpg\" data-no-retina>\n<!---->\t\t\t\t\t<\/rs-slide>\n\t\t\t\t\t\t<rs-slide style=\"position: absolute;\" data-key=\"rs-927\" data-title=\"Slide\" data-thumb=\"\/\/www.memoriaestadionacional.cl\/wp-content\/uploads\/2024\/12\/Copia-de-IMG_9984-50x100.jpg\" data-in=\"o:0;\" data-out=\"a:false;\">\n\t\t\t\t\t\t\t<img decoding=\"async\" src=\"\/\/www.memoriaestadionacional.cl\/wp-content\/plugins\/revslider\/sr6\/assets\/assets\/dummy.png\" alt=\"\" title=\"Galer\u00eda\" class=\"rev-slidebg tp-rs-img rs-lazyload\" data-lazyload=\"\/\/www.memoriaestadionacional.cl\/wp-content\/uploads\/2024\/12\/Copia-de-IMG_9984.jpg\" data-no-retina>\n<!---->\t\t\t\t\t<\/rs-slide>\n\t\t\t\t\t\t<rs-slide style=\"position: absolute;\" data-key=\"rs-928\" data-title=\"Slide\" data-thumb=\"\/\/www.memoriaestadionacional.cl\/wp-content\/uploads\/2024\/12\/WhatsApp-Image-2024-12-02-at-09.38.14-50x100.jpg\" data-in=\"o:0;\" data-out=\"a:false;\">\n\t\t\t\t\t\t\t<img decoding=\"async\" src=\"\/\/www.memoriaestadionacional.cl\/wp-content\/plugins\/revslider\/sr6\/assets\/assets\/dummy.png\" alt=\"\" title=\"Galer\u00eda\" class=\"rev-slidebg tp-rs-img rs-lazyload\" data-lazyload=\"\/\/www.memoriaestadionacional.cl\/wp-content\/uploads\/2024\/12\/WhatsApp-Image-2024-12-02-at-09.38.14.jpg\" data-bg=\"f:contain;\" data-no-retina>\n<!---->\t\t\t\t\t<\/rs-slide>\n\t\t\t\t\t\t<rs-slide style=\"position: absolute;\" data-key=\"rs-929\" data-title=\"Slide\" data-thumb=\"\/\/www.memoriaestadionacional.cl\/wp-content\/uploads\/2024\/12\/WhatsApp-Image-2024-12-02-at-09.38.14-2-50x100.jpg\" data-in=\"o:0;\" data-out=\"a:false;\">\n\t\t\t\t\t\t\t<img decoding=\"async\" src=\"\/\/www.memoriaestadionacional.cl\/wp-content\/plugins\/revslider\/sr6\/assets\/assets\/dummy.png\" alt=\"\" title=\"Galer\u00eda\" class=\"rev-slidebg tp-rs-img rs-lazyload\" data-lazyload=\"\/\/www.memoriaestadionacional.cl\/wp-content\/uploads\/2024\/12\/WhatsApp-Image-2024-12-02-at-09.38.14-2.jpg\" data-bg=\"f:contain;\" data-no-retina>\n<!---->\t\t\t\t\t<\/rs-slide>\n\t\t\t\t\t\t<rs-slide style=\"position: absolute;\" data-key=\"rs-930\" data-title=\"Slide\" data-thumb=\"\/\/www.memoriaestadionacional.cl\/wp-content\/uploads\/2024\/12\/WhatsApp-Image-2024-12-02-at-09.38.14-1-50x100.jpg\" data-in=\"o:0;\" data-out=\"a:false;\">\n\t\t\t\t\t\t\t<img decoding=\"async\" src=\"\/\/www.memoriaestadionacional.cl\/wp-content\/plugins\/revslider\/sr6\/assets\/assets\/dummy.png\" alt=\"\" title=\"Galer\u00eda\" class=\"rev-slidebg tp-rs-img rs-lazyload\" data-lazyload=\"\/\/www.memoriaestadionacional.cl\/wp-content\/uploads\/2024\/12\/WhatsApp-Image-2024-12-02-at-09.38.14-1.jpg\" data-bg=\"f:contain;\" data-no-retina>\n<!---->\t\t\t\t\t<\/rs-slide>\n\t\t\t\t\t\t<rs-slide style=\"position: absolute;\" data-key=\"rs-931\" data-title=\"Slide\" data-thumb=\"\/\/www.memoriaestadionacional.cl\/wp-content\/uploads\/2024\/12\/WhatsApp-Image-2024-12-02-at-09.38.13-50x100.jpg\" data-in=\"o:0;\" data-out=\"a:false;\">\n\t\t\t\t\t\t\t<img decoding=\"async\" src=\"\/\/www.memoriaestadionacional.cl\/wp-content\/plugins\/revslider\/sr6\/assets\/assets\/dummy.png\" alt=\"\" title=\"Galer\u00eda\" class=\"rev-slidebg tp-rs-img rs-lazyload\" data-lazyload=\"\/\/www.memoriaestadionacional.cl\/wp-content\/uploads\/2024\/12\/WhatsApp-Image-2024-12-02-at-09.38.13.jpg\" data-bg=\"f:contain;\" data-no-retina>\n<!---->\t\t\t\t\t<\/rs-slide>\n\t\t\t\t\t\t<rs-slide style=\"position: absolute;\" data-key=\"rs-932\" data-title=\"Slide\" data-thumb=\"\/\/www.memoriaestadionacional.cl\/wp-content\/uploads\/2024\/12\/WhatsApp-Image-2024-11-30-at-17.09.53-50x100.jpg\" data-in=\"o:0;\" data-out=\"a:false;\">\n\t\t\t\t\t\t\t<img decoding=\"async\" src=\"\/\/www.memoriaestadionacional.cl\/wp-content\/plugins\/revslider\/sr6\/assets\/assets\/dummy.png\" alt=\"\" title=\"Galer\u00eda\" class=\"rev-slidebg tp-rs-img rs-lazyload\" data-lazyload=\"\/\/www.memoriaestadionacional.cl\/wp-content\/uploads\/2024\/12\/WhatsApp-Image-2024-11-30-at-17.09.53.jpg\" data-no-retina>\n<!---->\t\t\t\t\t<\/rs-slide>\n\t\t\t\t\t\t<rs-slide style=\"position: absolute;\" data-key=\"rs-933\" data-title=\"Slide\" data-thumb=\"\/\/www.memoriaestadionacional.cl\/wp-content\/uploads\/2024\/12\/WhatsApp-Image-2024-11-30-at-17.07.31-50x100.jpg\" data-in=\"o:0;\" data-out=\"a:false;\">\n\t\t\t\t\t\t\t<img decoding=\"async\" src=\"\/\/www.memoriaestadionacional.cl\/wp-content\/plugins\/revslider\/sr6\/assets\/assets\/dummy.png\" alt=\"\" title=\"Galer\u00eda\" class=\"rev-slidebg tp-rs-img rs-lazyload\" data-lazyload=\"\/\/www.memoriaestadionacional.cl\/wp-content\/uploads\/2024\/12\/WhatsApp-Image-2024-11-30-at-17.07.31.jpg\" data-no-retina>\n<!---->\t\t\t\t\t<\/rs-slide>\n\t\t\t\t\t\t<rs-slide style=\"position: absolute;\" data-key=\"rs-934\" data-title=\"Slide\" data-thumb=\"\/\/www.memoriaestadionacional.cl\/wp-content\/uploads\/2024\/12\/IMG_7905-50x100.jpg\" data-in=\"o:0;\" data-out=\"a:false;\">\n\t\t\t\t\t\t\t<img decoding=\"async\" src=\"\/\/www.memoriaestadionacional.cl\/wp-content\/plugins\/revslider\/sr6\/assets\/assets\/dummy.png\" alt=\"\" title=\"Galer\u00eda\" class=\"rev-slidebg tp-rs-img rs-lazyload\" data-lazyload=\"\/\/www.memoriaestadionacional.cl\/wp-content\/uploads\/2024\/12\/IMG_7905.jpg\" data-no-retina>\n<!---->\t\t\t\t\t<\/rs-slide>\n\t\t\t\t\t\t<rs-slide style=\"position: absolute;\" data-key=\"rs-935\" data-title=\"Slide\" data-thumb=\"\/\/www.memoriaestadionacional.cl\/wp-content\/uploads\/2024\/12\/IMG_7904-50x100.jpg\" data-in=\"o:0;\" data-out=\"a:false;\">\n\t\t\t\t\t\t\t<img decoding=\"async\" src=\"\/\/www.memoriaestadionacional.cl\/wp-content\/plugins\/revslider\/sr6\/assets\/assets\/dummy.png\" alt=\"\" title=\"Galer\u00eda\" class=\"rev-slidebg tp-rs-img rs-lazyload\" data-lazyload=\"\/\/www.memoriaestadionacional.cl\/wp-content\/uploads\/2024\/12\/IMG_7904.jpg\" data-no-retina>\n<!---->\t\t\t\t\t<\/rs-slide>\n\t\t\t\t\t\t<rs-slide style=\"position: absolute;\" data-key=\"rs-936\" data-title=\"Slide\" data-thumb=\"\/\/www.memoriaestadionacional.cl\/wp-content\/uploads\/2024\/12\/IMG_7903-50x100.jpg\" data-in=\"o:0;\" data-out=\"a:false;\">\n\t\t\t\t\t\t\t<img decoding=\"async\" src=\"\/\/www.memoriaestadionacional.cl\/wp-content\/plugins\/revslider\/sr6\/assets\/assets\/dummy.png\" alt=\"\" title=\"Galer\u00eda\" class=\"rev-slidebg tp-rs-img rs-lazyload\" data-lazyload=\"\/\/www.memoriaestadionacional.cl\/wp-content\/uploads\/2024\/12\/IMG_7903.jpg\" data-no-retina>\n<!---->\t\t\t\t\t<\/rs-slide>\n\t\t\t\t\t\t<rs-slide style=\"position: absolute;\" data-key=\"rs-937\" data-title=\"Slide\" data-thumb=\"\/\/www.memoriaestadionacional.cl\/wp-content\/uploads\/2024\/12\/IMG_7901-50x100.jpg\" data-in=\"o:0;\" data-out=\"a:false;\">\n\t\t\t\t\t\t\t<img decoding=\"async\" src=\"\/\/www.memoriaestadionacional.cl\/wp-content\/plugins\/revslider\/sr6\/assets\/assets\/dummy.png\" alt=\"\" title=\"Galer\u00eda\" class=\"rev-slidebg tp-rs-img rs-lazyload\" data-lazyload=\"\/\/www.memoriaestadionacional.cl\/wp-content\/uploads\/2024\/12\/IMG_7901.jpg\" data-no-retina>\n<!---->\t\t\t\t\t<\/rs-slide>\n\t\t\t\t\t\t<rs-slide style=\"position: absolute;\" data-key=\"rs-938\" data-title=\"Slide\" data-thumb=\"\/\/www.memoriaestadionacional.cl\/wp-content\/uploads\/2024\/12\/IMG_7900-50x100.jpg\" data-in=\"o:0;\" data-out=\"a:false;\">\n\t\t\t\t\t\t\t<img decoding=\"async\" src=\"\/\/www.memoriaestadionacional.cl\/wp-content\/plugins\/revslider\/sr6\/assets\/assets\/dummy.png\" alt=\"\" title=\"Galer\u00eda\" class=\"rev-slidebg tp-rs-img rs-lazyload\" data-lazyload=\"\/\/www.memoriaestadionacional.cl\/wp-content\/uploads\/2024\/12\/IMG_7900.jpg\" data-no-retina>\n<!---->\t\t\t\t\t<\/rs-slide>\n\t\t\t\t\t\t<rs-slide style=\"position: absolute;\" data-key=\"rs-939\" data-title=\"Slide\" data-thumb=\"\/\/www.memoriaestadionacional.cl\/wp-content\/uploads\/2024\/12\/IMG_7897-50x100.jpg\" data-in=\"o:0;\" data-out=\"a:false;\">\n\t\t\t\t\t\t\t<img decoding=\"async\" src=\"\/\/www.memoriaestadionacional.cl\/wp-content\/plugins\/revslider\/sr6\/assets\/assets\/dummy.png\" alt=\"\" title=\"Galer\u00eda\" class=\"rev-slidebg tp-rs-img rs-lazyload\" data-lazyload=\"\/\/www.memoriaestadionacional.cl\/wp-content\/uploads\/2024\/12\/IMG_7897.jpg\" data-no-retina>\n<!---->\t\t\t\t\t<\/rs-slide>\n\t\t\t\t\t\t<rs-slide style=\"position: absolute;\" data-key=\"rs-940\" data-title=\"Slide\" data-thumb=\"\/\/www.memoriaestadionacional.cl\/wp-content\/uploads\/2024\/12\/IMG_7876-50x100.jpg\" data-in=\"o:0;\" data-out=\"a:false;\">\n\t\t\t\t\t\t\t<img decoding=\"async\" src=\"\/\/www.memoriaestadionacional.cl\/wp-content\/plugins\/revslider\/sr6\/assets\/assets\/dummy.png\" alt=\"\" title=\"Galer\u00eda\" class=\"rev-slidebg tp-rs-img rs-lazyload\" data-lazyload=\"\/\/www.memoriaestadionacional.cl\/wp-content\/uploads\/2024\/12\/IMG_7876.jpg\" data-no-retina>\n<!---->\t\t\t\t\t<\/rs-slide>\n\t\t\t\t\t\t<rs-slide style=\"position: absolute;\" data-key=\"rs-941\" data-title=\"Slide\" data-thumb=\"\/\/www.memoriaestadionacional.cl\/wp-content\/uploads\/2024\/12\/IMG_7868-50x100.jpg\" data-in=\"o:0;\" data-out=\"a:false;\">\n\t\t\t\t\t\t\t<img decoding=\"async\" src=\"\/\/www.memoriaestadionacional.cl\/wp-content\/plugins\/revslider\/sr6\/assets\/assets\/dummy.png\" alt=\"\" title=\"Galer\u00eda\" class=\"rev-slidebg tp-rs-img rs-lazyload\" data-lazyload=\"\/\/www.memoriaestadionacional.cl\/wp-content\/uploads\/2024\/12\/IMG_7868.jpg\" data-no-retina>\n<!---->\t\t\t\t\t<\/rs-slide>\n\t\t\t\t\t\t<rs-slide style=\"position: absolute;\" data-key=\"rs-942\" data-title=\"Slide\" data-thumb=\"\/\/www.memoriaestadionacional.cl\/wp-content\/uploads\/2024\/12\/IMG_7867-50x100.jpg\" data-in=\"o:0;\" data-out=\"a:false;\">\n\t\t\t\t\t\t\t<img decoding=\"async\" src=\"\/\/www.memoriaestadionacional.cl\/wp-content\/plugins\/revslider\/sr6\/assets\/assets\/dummy.png\" alt=\"\" title=\"Galer\u00eda\" class=\"rev-slidebg tp-rs-img rs-lazyload\" data-lazyload=\"\/\/www.memoriaestadionacional.cl\/wp-content\/uploads\/2024\/12\/IMG_7867.jpg\" data-no-retina>\n<!---->\t\t\t\t\t<\/rs-slide>\n\t\t\t\t\t\t<rs-slide style=\"position: absolute;\" data-key=\"rs-943\" data-title=\"Slide\" data-thumb=\"\/\/www.memoriaestadionacional.cl\/wp-content\/uploads\/2024\/12\/IMG_7866-50x100.jpg\" data-in=\"o:0;\" data-out=\"a:false;\">\n\t\t\t\t\t\t\t<img decoding=\"async\" src=\"\/\/www.memoriaestadionacional.cl\/wp-content\/plugins\/revslider\/sr6\/assets\/assets\/dummy.png\" alt=\"\" title=\"Galer\u00eda\" class=\"rev-slidebg tp-rs-img rs-lazyload\" data-lazyload=\"\/\/www.memoriaestadionacional.cl\/wp-content\/uploads\/2024\/12\/IMG_7866.jpg\" data-no-retina>\n<!---->\t\t\t\t\t<\/rs-slide>\n\t\t\t\t\t\t<rs-slide style=\"position: absolute;\" data-key=\"rs-944\" data-title=\"Slide\" data-thumb=\"\/\/www.memoriaestadionacional.cl\/wp-content\/uploads\/2024\/12\/IMG_7865-50x100.jpg\" data-in=\"o:0;\" data-out=\"a:false;\">\n\t\t\t\t\t\t\t<img decoding=\"async\" src=\"\/\/www.memoriaestadionacional.cl\/wp-content\/plugins\/revslider\/sr6\/assets\/assets\/dummy.png\" alt=\"\" title=\"Galer\u00eda\" class=\"rev-slidebg tp-rs-img rs-lazyload\" data-lazyload=\"\/\/www.memoriaestadionacional.cl\/wp-content\/uploads\/2024\/12\/IMG_7865.jpg\" data-no-retina>\n<!---->\t\t\t\t\t<\/rs-slide>\n\t\t\t\t\t\t<rs-slide style=\"position: absolute;\" data-key=\"rs-945\" data-title=\"Slide\" data-thumb=\"\/\/www.memoriaestadionacional.cl\/wp-content\/uploads\/2024\/12\/IMG_7864-50x100.jpg\" data-in=\"o:0;\" data-out=\"a:false;\">\n\t\t\t\t\t\t\t<img decoding=\"async\" src=\"\/\/www.memoriaestadionacional.cl\/wp-content\/plugins\/revslider\/sr6\/assets\/assets\/dummy.png\" alt=\"\" title=\"Galer\u00eda\" class=\"rev-slidebg tp-rs-img rs-lazyload\" data-lazyload=\"\/\/www.memoriaestadionacional.cl\/wp-content\/uploads\/2024\/12\/IMG_7864.jpg\" data-no-retina>\n<!---->\t\t\t\t\t<\/rs-slide>\n\t\t\t\t\t\t<rs-slide style=\"position: absolute;\" data-key=\"rs-946\" data-title=\"Slide\" data-thumb=\"\/\/www.memoriaestadionacional.cl\/wp-content\/uploads\/2024\/12\/IMG_7863-50x100.jpg\" data-in=\"o:0;\" data-out=\"a:false;\">\n\t\t\t\t\t\t\t<img decoding=\"async\" src=\"\/\/www.memoriaestadionacional.cl\/wp-content\/plugins\/revslider\/sr6\/assets\/assets\/dummy.png\" alt=\"\" title=\"Galer\u00eda\" class=\"rev-slidebg tp-rs-img rs-lazyload\" data-lazyload=\"\/\/www.memoriaestadionacional.cl\/wp-content\/uploads\/2024\/12\/IMG_7863.jpg\" data-no-retina>\n<!---->\t\t\t\t\t<\/rs-slide>\n\t\t\t\t\t\t<rs-slide style=\"position: absolute;\" data-key=\"rs-947\" data-title=\"Slide\" data-thumb=\"\/\/www.memoriaestadionacional.cl\/wp-content\/uploads\/2024\/12\/IMG_7595-50x100.jpg\" data-in=\"o:0;\" data-out=\"a:false;\">\n\t\t\t\t\t\t\t<img decoding=\"async\" src=\"\/\/www.memoriaestadionacional.cl\/wp-content\/plugins\/revslider\/sr6\/assets\/assets\/dummy.png\" alt=\"\" title=\"Galer\u00eda\" class=\"rev-slidebg tp-rs-img rs-lazyload\" data-lazyload=\"\/\/www.memoriaestadionacional.cl\/wp-content\/uploads\/2024\/12\/IMG_7595.jpg\" data-no-retina>\n<!---->\t\t\t\t\t<\/rs-slide>\n\t\t\t\t\t\t<rs-slide style=\"position: absolute;\" data-key=\"rs-948\" data-title=\"Slide\" data-thumb=\"\/\/www.memoriaestadionacional.cl\/wp-content\/uploads\/2024\/12\/IMG_7594-50x100.jpg\" data-in=\"o:0;\" data-out=\"a:false;\">\n\t\t\t\t\t\t\t<img decoding=\"async\" src=\"\/\/www.memoriaestadionacional.cl\/wp-content\/plugins\/revslider\/sr6\/assets\/assets\/dummy.png\" alt=\"\" title=\"Galer\u00eda\" class=\"rev-slidebg tp-rs-img rs-lazyload\" data-lazyload=\"\/\/www.memoriaestadionacional.cl\/wp-content\/uploads\/2024\/12\/IMG_7594.jpg\" data-no-retina>\n<!---->\t\t\t\t\t<\/rs-slide>\n\t\t\t\t\t\t<rs-slide style=\"position: absolute;\" data-key=\"rs-949\" data-title=\"Slide\" data-thumb=\"\/\/www.memoriaestadionacional.cl\/wp-content\/uploads\/2024\/12\/IMG_7593-50x100.jpg\" data-in=\"o:0;\" data-out=\"a:false;\">\n\t\t\t\t\t\t\t<img decoding=\"async\" src=\"\/\/www.memoriaestadionacional.cl\/wp-content\/plugins\/revslider\/sr6\/assets\/assets\/dummy.png\" alt=\"\" title=\"Galer\u00eda\" class=\"rev-slidebg tp-rs-img rs-lazyload\" data-lazyload=\"\/\/www.memoriaestadionacional.cl\/wp-content\/uploads\/2024\/12\/IMG_7593.jpg\" data-no-retina>\n<!---->\t\t\t\t\t<\/rs-slide>\n\t\t\t\t\t\t<rs-slide style=\"position: absolute;\" data-key=\"rs-950\" data-title=\"Slide\" data-thumb=\"\/\/www.memoriaestadionacional.cl\/wp-content\/uploads\/2024\/12\/IMG_7592-50x100.jpg\" data-in=\"o:0;\" data-out=\"a:false;\">\n\t\t\t\t\t\t\t<img decoding=\"async\" src=\"\/\/www.memoriaestadionacional.cl\/wp-content\/plugins\/revslider\/sr6\/assets\/assets\/dummy.png\" alt=\"\" title=\"Galer\u00eda\" class=\"rev-slidebg tp-rs-img rs-lazyload\" data-lazyload=\"\/\/www.memoriaestadionacional.cl\/wp-content\/uploads\/2024\/12\/IMG_7592.jpg\" data-no-retina>\n<!---->\t\t\t\t\t<\/rs-slide>\n\t\t\t\t\t\t<rs-slide style=\"position: absolute;\" data-key=\"rs-951\" data-title=\"Slide\" data-thumb=\"\/\/www.memoriaestadionacional.cl\/wp-content\/uploads\/2024\/12\/IMG_7588-50x100.jpg\" data-in=\"o:0;\" data-out=\"a:false;\">\n\t\t\t\t\t\t\t<img decoding=\"async\" src=\"\/\/www.memoriaestadionacional.cl\/wp-content\/plugins\/revslider\/sr6\/assets\/assets\/dummy.png\" alt=\"\" title=\"Galer\u00eda\" class=\"rev-slidebg tp-rs-img rs-lazyload\" data-lazyload=\"\/\/www.memoriaestadionacional.cl\/wp-content\/uploads\/2024\/12\/IMG_7588.jpg\" data-no-retina>\n<!---->\t\t\t\t\t<\/rs-slide>\n\t\t\t\t\t\t<rs-slide style=\"position: absolute;\" data-key=\"rs-952\" data-title=\"Slide\" data-thumb=\"\/\/www.memoriaestadionacional.cl\/wp-content\/uploads\/2024\/12\/IMG_7586-50x100.jpg\" data-in=\"o:0;\" data-out=\"a:false;\">\n\t\t\t\t\t\t\t<img decoding=\"async\" src=\"\/\/www.memoriaestadionacional.cl\/wp-content\/plugins\/revslider\/sr6\/assets\/assets\/dummy.png\" alt=\"\" title=\"Galer\u00eda\" class=\"rev-slidebg tp-rs-img rs-lazyload\" data-lazyload=\"\/\/www.memoriaestadionacional.cl\/wp-content\/uploads\/2024\/12\/IMG_7586.jpg\" data-no-retina>\n<!---->\t\t\t\t\t<\/rs-slide>\n\t\t\t\t\t\t<rs-slide style=\"position: absolute;\" data-key=\"rs-953\" data-title=\"Slide\" data-thumb=\"\/\/www.memoriaestadionacional.cl\/wp-content\/uploads\/2024\/12\/IMG_7583-50x100.jpg\" data-in=\"o:0;\" data-out=\"a:false;\">\n\t\t\t\t\t\t\t<img decoding=\"async\" src=\"\/\/www.memoriaestadionacional.cl\/wp-content\/plugins\/revslider\/sr6\/assets\/assets\/dummy.png\" alt=\"\" title=\"Galer\u00eda\" class=\"rev-slidebg tp-rs-img rs-lazyload\" data-lazyload=\"\/\/www.memoriaestadionacional.cl\/wp-content\/uploads\/2024\/12\/IMG_7583.jpg\" data-no-retina>\n<!---->\t\t\t\t\t<\/rs-slide>\n\t\t\t\t\t\t<rs-slide style=\"position: absolute;\" data-key=\"rs-954\" data-title=\"Slide\" data-thumb=\"\/\/www.memoriaestadionacional.cl\/wp-content\/uploads\/2024\/12\/IMG_7580-50x100.jpg\" data-in=\"o:0;\" data-out=\"a:false;\">\n\t\t\t\t\t\t\t<img decoding=\"async\" src=\"\/\/www.memoriaestadionacional.cl\/wp-content\/plugins\/revslider\/sr6\/assets\/assets\/dummy.png\" alt=\"\" title=\"Galer\u00eda\" class=\"rev-slidebg tp-rs-img rs-lazyload\" data-lazyload=\"\/\/www.memoriaestadionacional.cl\/wp-content\/uploads\/2024\/12\/IMG_7580.jpg\" data-no-retina>\n<!---->\t\t\t\t\t<\/rs-slide>\n\t\t\t\t\t\t<rs-slide style=\"position: absolute;\" data-key=\"rs-955\" data-title=\"Slide\" data-thumb=\"\/\/www.memoriaestadionacional.cl\/wp-content\/uploads\/2024\/12\/IMG_7579-50x100.jpg\" data-in=\"o:0;\" data-out=\"a:false;\">\n\t\t\t\t\t\t\t<img decoding=\"async\" src=\"\/\/www.memoriaestadionacional.cl\/wp-content\/plugins\/revslider\/sr6\/assets\/assets\/dummy.png\" alt=\"\" title=\"Galer\u00eda\" class=\"rev-slidebg tp-rs-img rs-lazyload\" data-lazyload=\"\/\/www.memoriaestadionacional.cl\/wp-content\/uploads\/2024\/12\/IMG_7579.jpg\" data-no-retina>\n<!---->\t\t\t\t\t<\/rs-slide>\n\t\t\t\t\t\t<rs-slide style=\"position: absolute;\" data-key=\"rs-956\" data-title=\"Slide\" data-thumb=\"\/\/www.memoriaestadionacional.cl\/wp-content\/uploads\/2024\/12\/IMG_7578-50x100.jpg\" data-in=\"o:0;\" data-out=\"a:false;\">\n\t\t\t\t\t\t\t<img decoding=\"async\" src=\"\/\/www.memoriaestadionacional.cl\/wp-content\/plugins\/revslider\/sr6\/assets\/assets\/dummy.png\" alt=\"\" title=\"Galer\u00eda\" class=\"rev-slidebg tp-rs-img rs-lazyload\" data-lazyload=\"\/\/www.memoriaestadionacional.cl\/wp-content\/uploads\/2024\/12\/IMG_7578.jpg\" data-no-retina>\n<!---->\t\t\t\t\t<\/rs-slide>\n\t\t\t\t\t\t<rs-slide style=\"position: absolute;\" data-key=\"rs-957\" data-title=\"Slide\" data-thumb=\"\/\/www.memoriaestadionacional.cl\/wp-content\/uploads\/2024\/12\/IMG_7575-50x100.jpg\" data-in=\"o:0;\" data-out=\"a:false;\">\n\t\t\t\t\t\t\t<img decoding=\"async\" src=\"\/\/www.memoriaestadionacional.cl\/wp-content\/plugins\/revslider\/sr6\/assets\/assets\/dummy.png\" alt=\"\" title=\"Galer\u00eda\" class=\"rev-slidebg tp-rs-img rs-lazyload\" data-lazyload=\"\/\/www.memoriaestadionacional.cl\/wp-content\/uploads\/2024\/12\/IMG_7575.jpg\" data-no-retina>\n<!---->\t\t\t\t\t<\/rs-slide>\n\t\t\t\t\t\t<rs-slide style=\"position: absolute;\" data-key=\"rs-958\" data-title=\"Slide\" data-thumb=\"\/\/www.memoriaestadionacional.cl\/wp-content\/uploads\/2024\/12\/IMG_7573-50x100.jpg\" data-in=\"o:0;\" data-out=\"a:false;\">\n\t\t\t\t\t\t\t<img decoding=\"async\" src=\"\/\/www.memoriaestadionacional.cl\/wp-content\/plugins\/revslider\/sr6\/assets\/assets\/dummy.png\" alt=\"\" title=\"Galer\u00eda\" class=\"rev-slidebg tp-rs-img rs-lazyload\" data-lazyload=\"\/\/www.memoriaestadionacional.cl\/wp-content\/uploads\/2024\/12\/IMG_7573.jpg\" data-no-retina>\n<!---->\t\t\t\t\t<\/rs-slide>\n\t\t\t\t\t\t<rs-slide style=\"position: absolute;\" data-key=\"rs-959\" data-title=\"Slide\" data-thumb=\"\/\/www.memoriaestadionacional.cl\/wp-content\/uploads\/2024\/12\/IMG_7570-50x100.jpg\" data-in=\"o:0;\" data-out=\"a:false;\">\n\t\t\t\t\t\t\t<img decoding=\"async\" src=\"\/\/www.memoriaestadionacional.cl\/wp-content\/plugins\/revslider\/sr6\/assets\/assets\/dummy.png\" alt=\"\" title=\"Galer\u00eda\" class=\"rev-slidebg tp-rs-img rs-lazyload\" data-lazyload=\"\/\/www.memoriaestadionacional.cl\/wp-content\/uploads\/2024\/12\/IMG_7570.jpg\" data-no-retina>\n<!---->\t\t\t\t\t<\/rs-slide>\n\t\t\t\t\t\t<rs-slide style=\"position: absolute;\" data-key=\"rs-960\" data-title=\"Slide\" data-thumb=\"\/\/www.memoriaestadionacional.cl\/wp-content\/uploads\/2024\/12\/Copia-de-IMG_9993-50x100.jpg\" data-in=\"o:0;\" data-out=\"a:false;\">\n\t\t\t\t\t\t\t<img decoding=\"async\" src=\"\/\/www.memoriaestadionacional.cl\/wp-content\/plugins\/revslider\/sr6\/assets\/assets\/dummy.png\" alt=\"\" title=\"Galer\u00eda\" class=\"rev-slidebg tp-rs-img rs-lazyload\" data-lazyload=\"\/\/www.memoriaestadionacional.cl\/wp-content\/uploads\/2024\/12\/Copia-de-IMG_9993.jpg\" data-no-retina>\n<!---->\t\t\t\t\t<\/rs-slide>\n\t\t\t\t\t\t<rs-slide style=\"position: absolute;\" data-key=\"rs-961\" data-title=\"Slide\" data-thumb=\"\/\/www.memoriaestadionacional.cl\/wp-content\/uploads\/2024\/12\/Copia-de-IMG_9989-50x100.jpg\" data-in=\"o:0;\" data-out=\"a:false;\">\n\t\t\t\t\t\t\t<img decoding=\"async\" src=\"\/\/www.memoriaestadionacional.cl\/wp-content\/plugins\/revslider\/sr6\/assets\/assets\/dummy.png\" alt=\"\" title=\"Galer\u00eda\" class=\"rev-slidebg tp-rs-img rs-lazyload\" data-lazyload=\"\/\/www.memoriaestadionacional.cl\/wp-content\/uploads\/2024\/12\/Copia-de-IMG_9989.jpg\" data-no-retina>\n<!---->\t\t\t\t\t<\/rs-slide>\n\t\t\t\t\t\t<rs-slide style=\"position: absolute;\" data-key=\"rs-962\" data-title=\"Slide\" data-thumb=\"\/\/www.memoriaestadionacional.cl\/wp-content\/uploads\/2024\/12\/Copia-de-IMG_9986-50x100.jpg\" data-in=\"o:0;\" data-out=\"a:false;\">\n\t\t\t\t\t\t\t<img decoding=\"async\" src=\"\/\/www.memoriaestadionacional.cl\/wp-content\/plugins\/revslider\/sr6\/assets\/assets\/dummy.png\" alt=\"\" title=\"Galer\u00eda\" class=\"rev-slidebg tp-rs-img rs-lazyload\" data-lazyload=\"\/\/www.memoriaestadionacional.cl\/wp-content\/uploads\/2024\/12\/Copia-de-IMG_9986.jpg\" data-no-retina>\n<!---->\t\t\t\t\t<\/rs-slide>\n\t\t\t\t\t<\/rs-slides>\n\t\t\t\t<\/rs-module>\n\t\t\t\t<script>\n\t\t\t\t\tsetREVStartSize({c: 'rev_slider_65_11',rl:[1240,1024,778,480],el:[900],gw:[1240],gh:[900],type:'carousel',justify:'',layout:'fullwidth',mh:\"0\"});if (window.RS_MODULES!==undefined && window.RS_MODULES.modules!==undefined && window.RS_MODULES.modules[\"revslider6511\"]!==undefined) {window.RS_MODULES.modules[\"revslider6511\"].once = false;window.revapi65 = undefined;if (window.RS_MODULES.checkMinimal!==undefined) window.RS_MODULES.checkMinimal()}\n\t\t\t\t<\/script>\n\t\t\t<\/rs-module-wrap>\n\t\t\t<!-- END REVOLUTION SLIDER -->\n<\/div><\/div><\/div><\/div><\/div><div class=\"vc-row-container row-stretch\"><div data-vc-full-width=\"true\"  data-vc-full-width-init=\"false\" class=\"vc_row wpb_row vc_row-fluid\"><div class=\"wpb_column vc_column_container vc_col-sm-12\"><div class=\"vc_column-inner\"><div class=\"wpb_wrapper\"><div class=\"vc_empty_space\"   style=\"height: 100px\"><span class=\"vc_empty_space_inner\"><\/span><\/div><\/div><\/div><\/div><\/div><\/div><div class=\"vc-row-container row-stretch\"><div data-vc-full-width=\"true\"  data-vc-full-width-init=\"false\" class=\"vc_row wpb_row vc_row-fluid\"><div class=\"wpb_column vc_column_container vc_col-sm-12\"><div class=\"vc_column-inner\"><div class=\"wpb_wrapper\">\n\t<div class=\"wpb_text_column wpb_content_element wpb_animate_when_almost_visible wpb_fadeIn fadeIn\" >\n\t\t<div class=\"wpb_wrapper\">\n\t\t\t<h5 style=\"text-align: center;\"><span style=\"color: #e79e47;\">[<\/span>GALER\u00cdA<span style=\"color: #e79e47;\">]<\/span><\/h5>\n\n\t\t<\/div>\n\t<\/div>\n<h1 style=\"text-align: center\" class=\"vc_custom_heading vc_do_custom_heading wpb_animate_when_almost_visible wpb_fadeIn fadeIn\" >Festival OH! Stgo<\/h1><div class=\"vc_separator wpb_content_element vc_separator_align_center vc_sep_width_10 vc_sep_border_width_5 vc_sep_pos_align_center vc_separator_no_text wpb_content_element  wpb_content_element wpb_animate_when_almost_visible wpb_fadeIn fadeIn wpb_animate_when_almost_visible wpb_fadeIn fadeIn\" ><span class=\"vc_sep_holder vc_sep_holder_l\"><span style=\"border-color:#e79e47;\" class=\"vc_sep_line\"><\/span><\/span><span class=\"vc_sep_holder vc_sep_holder_r\"><span style=\"border-color:#e79e47;\" class=\"vc_sep_line\"><\/span><\/span>\n<\/div><div class=\"vc_empty_space\"   style=\"height: 32px\"><span class=\"vc_empty_space_inner\"><\/span><\/div>\n\t\t\t<!-- START Festival OH! Stgo REVOLUTION SLIDER 6.7.41 --><p class=\"rs-p-wp-fix\"><\/p>\n\t\t\t<rs-module-wrap id=\"rev_slider_63_12_wrapper\" data-source=\"gallery\" style=\"visibility:hidden;background:transparent;padding:0;margin:0px auto;margin-top:0;margin-bottom:0;\">\n\t\t\t\t<rs-module id=\"rev_slider_63_12\" style=\"\" data-version=\"6.7.41\">\n\t\t\t\t\t<rs-slides style=\"overflow: hidden; position: absolute;\">\n\t\t\t\t\t\t<rs-slide style=\"position: absolute;\" data-key=\"rs-835\" data-title=\"Slide\" data-thumb=\"\/\/www.memoriaestadionacional.cl\/wp-content\/uploads\/2024\/11\/IMG_7295-50x100.jpg\" data-in=\"o:0;\" data-out=\"a:false;\">\n\t\t\t\t\t\t\t<img decoding=\"async\" src=\"\/\/www.memoriaestadionacional.cl\/wp-content\/plugins\/revslider\/sr6\/assets\/assets\/dummy.png\" alt=\"\" title=\"Galer\u00eda\" class=\"rev-slidebg tp-rs-img rs-lazyload\" data-lazyload=\"\/\/www.memoriaestadionacional.cl\/wp-content\/uploads\/2024\/11\/IMG_7295.jpg\" data-no-retina>\n<!---->\t\t\t\t\t<\/rs-slide>\n\t\t\t\t\t\t<rs-slide style=\"position: absolute;\" data-key=\"rs-836\" data-title=\"Slide\" data-thumb=\"\/\/www.memoriaestadionacional.cl\/wp-content\/uploads\/2024\/11\/IMG_7296-50x100.jpg\" data-in=\"o:0;\" data-out=\"a:false;\">\n\t\t\t\t\t\t\t<img decoding=\"async\" src=\"\/\/www.memoriaestadionacional.cl\/wp-content\/plugins\/revslider\/sr6\/assets\/assets\/dummy.png\" alt=\"\" title=\"Galer\u00eda\" class=\"rev-slidebg tp-rs-img rs-lazyload\" data-lazyload=\"\/\/www.memoriaestadionacional.cl\/wp-content\/uploads\/2024\/11\/IMG_7296.jpg\" data-no-retina>\n<!---->\t\t\t\t\t<\/rs-slide>\n\t\t\t\t\t\t<rs-slide style=\"position: absolute;\" data-key=\"rs-837\" data-title=\"Slide\" data-thumb=\"\/\/www.memoriaestadionacional.cl\/wp-content\/uploads\/2024\/11\/IMG_7297-50x100.jpg\" data-in=\"o:0;\" data-out=\"a:false;\">\n\t\t\t\t\t\t\t<img decoding=\"async\" src=\"\/\/www.memoriaestadionacional.cl\/wp-content\/plugins\/revslider\/sr6\/assets\/assets\/dummy.png\" alt=\"\" title=\"Galer\u00eda\" class=\"rev-slidebg tp-rs-img rs-lazyload\" data-lazyload=\"\/\/www.memoriaestadionacional.cl\/wp-content\/uploads\/2024\/11\/IMG_7297.jpg\" data-no-retina>\n<!---->\t\t\t\t\t<\/rs-slide>\n\t\t\t\t\t\t<rs-slide style=\"position: absolute;\" data-key=\"rs-838\" data-title=\"Slide\" data-thumb=\"\/\/www.memoriaestadionacional.cl\/wp-content\/uploads\/2024\/11\/IMG_7298-50x100.jpg\" data-in=\"o:0;\" data-out=\"a:false;\">\n\t\t\t\t\t\t\t<img decoding=\"async\" src=\"\/\/www.memoriaestadionacional.cl\/wp-content\/plugins\/revslider\/sr6\/assets\/assets\/dummy.png\" alt=\"\" title=\"Galer\u00eda\" class=\"rev-slidebg tp-rs-img rs-lazyload\" data-lazyload=\"\/\/www.memoriaestadionacional.cl\/wp-content\/uploads\/2024\/11\/IMG_7298.jpg\" data-no-retina>\n<!---->\t\t\t\t\t<\/rs-slide>\n\t\t\t\t\t\t<rs-slide style=\"position: absolute;\" data-key=\"rs-839\" data-title=\"Slide\" data-thumb=\"\/\/www.memoriaestadionacional.cl\/wp-content\/uploads\/2024\/11\/IMG_7301-50x100.jpg\" data-in=\"o:0;\" data-out=\"a:false;\">\n\t\t\t\t\t\t\t<img decoding=\"async\" src=\"\/\/www.memoriaestadionacional.cl\/wp-content\/plugins\/revslider\/sr6\/assets\/assets\/dummy.png\" alt=\"\" title=\"Galer\u00eda\" class=\"rev-slidebg tp-rs-img rs-lazyload\" data-lazyload=\"\/\/www.memoriaestadionacional.cl\/wp-content\/uploads\/2024\/11\/IMG_7301.jpg\" data-no-retina>\n<!---->\t\t\t\t\t<\/rs-slide>\n\t\t\t\t\t\t<rs-slide style=\"position: absolute;\" data-key=\"rs-840\" data-title=\"Slide\" data-thumb=\"\/\/www.memoriaestadionacional.cl\/wp-content\/uploads\/2024\/11\/IMG_7302-50x100.jpg\" data-in=\"o:0;\" data-out=\"a:false;\">\n\t\t\t\t\t\t\t<img decoding=\"async\" src=\"\/\/www.memoriaestadionacional.cl\/wp-content\/plugins\/revslider\/sr6\/assets\/assets\/dummy.png\" alt=\"\" title=\"Galer\u00eda\" class=\"rev-slidebg tp-rs-img rs-lazyload\" data-lazyload=\"\/\/www.memoriaestadionacional.cl\/wp-content\/uploads\/2024\/11\/IMG_7302.jpg\" data-no-retina>\n<!---->\t\t\t\t\t<\/rs-slide>\n\t\t\t\t\t\t<rs-slide style=\"position: absolute;\" data-key=\"rs-841\" data-title=\"Slide\" data-thumb=\"\/\/www.memoriaestadionacional.cl\/wp-content\/uploads\/2024\/11\/IMG_7304-50x100.jpg\" data-in=\"o:0;\" data-out=\"a:false;\">\n\t\t\t\t\t\t\t<img decoding=\"async\" src=\"\/\/www.memoriaestadionacional.cl\/wp-content\/plugins\/revslider\/sr6\/assets\/assets\/dummy.png\" alt=\"\" title=\"Galer\u00eda\" class=\"rev-slidebg tp-rs-img rs-lazyload\" data-lazyload=\"\/\/www.memoriaestadionacional.cl\/wp-content\/uploads\/2024\/11\/IMG_7304.jpg\" data-no-retina>\n<!---->\t\t\t\t\t<\/rs-slide>\n\t\t\t\t\t\t<rs-slide style=\"position: absolute;\" data-key=\"rs-842\" data-title=\"Slide\" data-thumb=\"\/\/www.memoriaestadionacional.cl\/wp-content\/uploads\/2024\/11\/IMG_7306-50x100.jpg\" data-in=\"o:0;\" data-out=\"a:false;\">\n\t\t\t\t\t\t\t<img decoding=\"async\" src=\"\/\/www.memoriaestadionacional.cl\/wp-content\/plugins\/revslider\/sr6\/assets\/assets\/dummy.png\" alt=\"\" title=\"Galer\u00eda\" class=\"rev-slidebg tp-rs-img rs-lazyload\" data-lazyload=\"\/\/www.memoriaestadionacional.cl\/wp-content\/uploads\/2024\/11\/IMG_7306.jpg\" data-no-retina>\n<!---->\t\t\t\t\t<\/rs-slide>\n\t\t\t\t\t\t<rs-slide style=\"position: absolute;\" data-key=\"rs-843\" data-title=\"Slide\" data-thumb=\"\/\/www.memoriaestadionacional.cl\/wp-content\/uploads\/2024\/11\/IMG_7307-50x100.jpg\" data-in=\"o:0;\" data-out=\"a:false;\">\n\t\t\t\t\t\t\t<img decoding=\"async\" src=\"\/\/www.memoriaestadionacional.cl\/wp-content\/plugins\/revslider\/sr6\/assets\/assets\/dummy.png\" alt=\"\" title=\"Galer\u00eda\" class=\"rev-slidebg tp-rs-img rs-lazyload\" data-lazyload=\"\/\/www.memoriaestadionacional.cl\/wp-content\/uploads\/2024\/11\/IMG_7307.jpg\" data-no-retina>\n<!---->\t\t\t\t\t<\/rs-slide>\n\t\t\t\t\t\t<rs-slide style=\"position: absolute;\" data-key=\"rs-844\" data-title=\"Slide\" data-thumb=\"\/\/www.memoriaestadionacional.cl\/wp-content\/uploads\/2024\/11\/IMG_7323-50x100.jpg\" data-in=\"o:0;\" data-out=\"a:false;\">\n\t\t\t\t\t\t\t<img decoding=\"async\" src=\"\/\/www.memoriaestadionacional.cl\/wp-content\/plugins\/revslider\/sr6\/assets\/assets\/dummy.png\" alt=\"\" title=\"Galer\u00eda\" class=\"rev-slidebg tp-rs-img rs-lazyload\" data-lazyload=\"\/\/www.memoriaestadionacional.cl\/wp-content\/uploads\/2024\/11\/IMG_7323.jpg\" data-no-retina>\n<!---->\t\t\t\t\t<\/rs-slide>\n\t\t\t\t\t\t<rs-slide style=\"position: absolute;\" data-key=\"rs-845\" data-title=\"Slide\" data-thumb=\"\/\/www.memoriaestadionacional.cl\/wp-content\/uploads\/2024\/11\/IMG_7324-50x100.jpg\" data-in=\"o:0;\" data-out=\"a:false;\">\n\t\t\t\t\t\t\t<img decoding=\"async\" src=\"\/\/www.memoriaestadionacional.cl\/wp-content\/plugins\/revslider\/sr6\/assets\/assets\/dummy.png\" alt=\"\" title=\"Galer\u00eda\" class=\"rev-slidebg tp-rs-img rs-lazyload\" data-lazyload=\"\/\/www.memoriaestadionacional.cl\/wp-content\/uploads\/2024\/11\/IMG_7324.jpg\" data-no-retina>\n<!---->\t\t\t\t\t<\/rs-slide>\n\t\t\t\t\t\t<rs-slide style=\"position: absolute;\" data-key=\"rs-846\" data-title=\"Slide\" data-thumb=\"\/\/www.memoriaestadionacional.cl\/wp-content\/uploads\/2024\/11\/IMG_7326-50x100.jpg\" data-in=\"o:0;\" data-out=\"a:false;\">\n\t\t\t\t\t\t\t<img decoding=\"async\" src=\"\/\/www.memoriaestadionacional.cl\/wp-content\/plugins\/revslider\/sr6\/assets\/assets\/dummy.png\" alt=\"\" title=\"Galer\u00eda\" class=\"rev-slidebg tp-rs-img rs-lazyload\" data-lazyload=\"\/\/www.memoriaestadionacional.cl\/wp-content\/uploads\/2024\/11\/IMG_7326.jpg\" data-no-retina>\n<!---->\t\t\t\t\t<\/rs-slide>\n\t\t\t\t\t\t<rs-slide style=\"position: absolute;\" data-key=\"rs-847\" data-title=\"Slide\" data-thumb=\"\/\/www.memoriaestadionacional.cl\/wp-content\/uploads\/2024\/11\/IMG_7333-50x100.jpg\" data-in=\"o:0;\" data-out=\"a:false;\">\n\t\t\t\t\t\t\t<img decoding=\"async\" src=\"\/\/www.memoriaestadionacional.cl\/wp-content\/plugins\/revslider\/sr6\/assets\/assets\/dummy.png\" alt=\"\" title=\"Galer\u00eda\" class=\"rev-slidebg tp-rs-img rs-lazyload\" data-lazyload=\"\/\/www.memoriaestadionacional.cl\/wp-content\/uploads\/2024\/11\/IMG_7333.jpg\" data-no-retina>\n<!---->\t\t\t\t\t<\/rs-slide>\n\t\t\t\t\t\t<rs-slide style=\"position: absolute;\" data-key=\"rs-848\" data-title=\"Slide\" data-thumb=\"\/\/www.memoriaestadionacional.cl\/wp-content\/uploads\/2024\/11\/IMG_7336-50x100.jpg\" data-in=\"o:0;\" data-out=\"a:false;\">\n\t\t\t\t\t\t\t<img decoding=\"async\" src=\"\/\/www.memoriaestadionacional.cl\/wp-content\/plugins\/revslider\/sr6\/assets\/assets\/dummy.png\" alt=\"\" title=\"Galer\u00eda\" class=\"rev-slidebg tp-rs-img rs-lazyload\" data-lazyload=\"\/\/www.memoriaestadionacional.cl\/wp-content\/uploads\/2024\/11\/IMG_7336.jpg\" data-no-retina>\n<!---->\t\t\t\t\t<\/rs-slide>\n\t\t\t\t\t\t<rs-slide style=\"position: absolute;\" data-key=\"rs-849\" data-title=\"Slide\" data-thumb=\"\/\/www.memoriaestadionacional.cl\/wp-content\/uploads\/2024\/11\/IMG_7339-50x100.jpg\" data-in=\"o:0;\" data-out=\"a:false;\">\n\t\t\t\t\t\t\t<img decoding=\"async\" src=\"\/\/www.memoriaestadionacional.cl\/wp-content\/plugins\/revslider\/sr6\/assets\/assets\/dummy.png\" alt=\"\" title=\"Galer\u00eda\" class=\"rev-slidebg tp-rs-img rs-lazyload\" data-lazyload=\"\/\/www.memoriaestadionacional.cl\/wp-content\/uploads\/2024\/11\/IMG_7339.jpg\" data-no-retina>\n<!---->\t\t\t\t\t<\/rs-slide>\n\t\t\t\t\t\t<rs-slide style=\"position: absolute;\" data-key=\"rs-850\" data-title=\"Slide\" data-thumb=\"\/\/www.memoriaestadionacional.cl\/wp-content\/uploads\/2024\/11\/IMG_7343-50x100.jpg\" data-in=\"o:0;\" data-out=\"a:false;\">\n\t\t\t\t\t\t\t<img decoding=\"async\" src=\"\/\/www.memoriaestadionacional.cl\/wp-content\/plugins\/revslider\/sr6\/assets\/assets\/dummy.png\" alt=\"\" title=\"Galer\u00eda\" class=\"rev-slidebg tp-rs-img rs-lazyload\" data-lazyload=\"\/\/www.memoriaestadionacional.cl\/wp-content\/uploads\/2024\/11\/IMG_7343.jpg\" data-no-retina>\n<!---->\t\t\t\t\t<\/rs-slide>\n\t\t\t\t\t\t<rs-slide style=\"position: absolute;\" data-key=\"rs-851\" data-title=\"Slide\" data-thumb=\"\/\/www.memoriaestadionacional.cl\/wp-content\/uploads\/2024\/11\/IMG_7332-50x100.jpg\" data-in=\"o:0;\" data-out=\"a:false;\">\n\t\t\t\t\t\t\t<img decoding=\"async\" src=\"\/\/www.memoriaestadionacional.cl\/wp-content\/plugins\/revslider\/sr6\/assets\/assets\/dummy.png\" alt=\"\" title=\"Galer\u00eda\" class=\"rev-slidebg tp-rs-img rs-lazyload\" data-lazyload=\"\/\/www.memoriaestadionacional.cl\/wp-content\/uploads\/2024\/11\/IMG_7332.jpg\" data-no-retina>\n<!---->\t\t\t\t\t<\/rs-slide>\n\t\t\t\t\t\t<rs-slide style=\"position: absolute;\" data-key=\"rs-852\" data-title=\"Slide\" data-thumb=\"\/\/www.memoriaestadionacional.cl\/wp-content\/uploads\/2024\/11\/IMG_7333-1-50x100.jpg\" data-in=\"o:0;\" data-out=\"a:false;\">\n\t\t\t\t\t\t\t<img decoding=\"async\" src=\"\/\/www.memoriaestadionacional.cl\/wp-content\/plugins\/revslider\/sr6\/assets\/assets\/dummy.png\" alt=\"\" title=\"Galer\u00eda\" class=\"rev-slidebg tp-rs-img rs-lazyload\" data-lazyload=\"\/\/www.memoriaestadionacional.cl\/wp-content\/uploads\/2024\/11\/IMG_7333-1.jpg\" data-no-retina>\n<!---->\t\t\t\t\t<\/rs-slide>\n\t\t\t\t\t\t<rs-slide style=\"position: absolute;\" data-key=\"rs-853\" data-title=\"Slide\" data-thumb=\"\/\/www.memoriaestadionacional.cl\/wp-content\/uploads\/2024\/11\/IMG_7334-50x100.jpg\" data-in=\"o:0;\" data-out=\"a:false;\">\n\t\t\t\t\t\t\t<img decoding=\"async\" src=\"\/\/www.memoriaestadionacional.cl\/wp-content\/plugins\/revslider\/sr6\/assets\/assets\/dummy.png\" alt=\"\" title=\"Galer\u00eda\" class=\"rev-slidebg tp-rs-img rs-lazyload\" data-lazyload=\"\/\/www.memoriaestadionacional.cl\/wp-content\/uploads\/2024\/11\/IMG_7334.jpg\" data-no-retina>\n<!---->\t\t\t\t\t<\/rs-slide>\n\t\t\t\t\t\t<rs-slide style=\"position: absolute;\" data-key=\"rs-854\" data-title=\"Slide\" data-thumb=\"\/\/www.memoriaestadionacional.cl\/wp-content\/uploads\/2024\/11\/IMG_7335-50x100.jpg\" data-in=\"o:0;\" data-out=\"a:false;\">\n\t\t\t\t\t\t\t<img decoding=\"async\" src=\"\/\/www.memoriaestadionacional.cl\/wp-content\/plugins\/revslider\/sr6\/assets\/assets\/dummy.png\" alt=\"\" title=\"Galer\u00eda\" class=\"rev-slidebg tp-rs-img rs-lazyload\" data-lazyload=\"\/\/www.memoriaestadionacional.cl\/wp-content\/uploads\/2024\/11\/IMG_7335.jpg\" data-no-retina>\n<!---->\t\t\t\t\t<\/rs-slide>\n\t\t\t\t\t\t<rs-slide style=\"position: absolute;\" data-key=\"rs-855\" data-title=\"Slide\" data-thumb=\"\/\/www.memoriaestadionacional.cl\/wp-content\/uploads\/2024\/11\/IMG_7337-50x100.jpg\" data-in=\"o:0;\" data-out=\"a:false;\">\n\t\t\t\t\t\t\t<img decoding=\"async\" src=\"\/\/www.memoriaestadionacional.cl\/wp-content\/plugins\/revslider\/sr6\/assets\/assets\/dummy.png\" alt=\"\" title=\"Galer\u00eda\" class=\"rev-slidebg tp-rs-img rs-lazyload\" data-lazyload=\"\/\/www.memoriaestadionacional.cl\/wp-content\/uploads\/2024\/11\/IMG_7337.jpg\" data-no-retina>\n<!---->\t\t\t\t\t<\/rs-slide>\n\t\t\t\t\t\t<rs-slide style=\"position: absolute;\" data-key=\"rs-856\" data-title=\"Slide\" data-thumb=\"\/\/www.memoriaestadionacional.cl\/wp-content\/uploads\/2024\/11\/IMG_7340-50x100.jpg\" data-in=\"o:0;\" data-out=\"a:false;\">\n\t\t\t\t\t\t\t<img decoding=\"async\" src=\"\/\/www.memoriaestadionacional.cl\/wp-content\/plugins\/revslider\/sr6\/assets\/assets\/dummy.png\" alt=\"\" title=\"Galer\u00eda\" class=\"rev-slidebg tp-rs-img rs-lazyload\" data-lazyload=\"\/\/www.memoriaestadionacional.cl\/wp-content\/uploads\/2024\/11\/IMG_7340.jpg\" data-no-retina>\n<!---->\t\t\t\t\t<\/rs-slide>\n\t\t\t\t\t\t<rs-slide style=\"position: absolute;\" data-key=\"rs-857\" data-title=\"Slide\" data-thumb=\"\/\/www.memoriaestadionacional.cl\/wp-content\/uploads\/2024\/11\/IMG_7341-50x100.jpg\" data-in=\"o:0;\" data-out=\"a:false;\">\n\t\t\t\t\t\t\t<img decoding=\"async\" src=\"\/\/www.memoriaestadionacional.cl\/wp-content\/plugins\/revslider\/sr6\/assets\/assets\/dummy.png\" alt=\"\" title=\"Galer\u00eda\" class=\"rev-slidebg tp-rs-img rs-lazyload\" data-lazyload=\"\/\/www.memoriaestadionacional.cl\/wp-content\/uploads\/2024\/11\/IMG_7341.jpg\" data-no-retina>\n<!---->\t\t\t\t\t<\/rs-slide>\n\t\t\t\t\t\t<rs-slide style=\"position: absolute;\" data-key=\"rs-858\" data-title=\"Slide\" data-thumb=\"\/\/www.memoriaestadionacional.cl\/wp-content\/uploads\/2024\/11\/IMG_7342-50x100.jpg\" data-in=\"o:0;\" data-out=\"a:false;\">\n\t\t\t\t\t\t\t<img decoding=\"async\" src=\"\/\/www.memoriaestadionacional.cl\/wp-content\/plugins\/revslider\/sr6\/assets\/assets\/dummy.png\" alt=\"\" title=\"Galer\u00eda\" class=\"rev-slidebg tp-rs-img rs-lazyload\" data-lazyload=\"\/\/www.memoriaestadionacional.cl\/wp-content\/uploads\/2024\/11\/IMG_7342.jpg\" data-no-retina>\n<!---->\t\t\t\t\t<\/rs-slide>\n\t\t\t\t\t\t<rs-slide style=\"position: absolute;\" data-key=\"rs-859\" data-title=\"Slide\" data-thumb=\"\/\/www.memoriaestadionacional.cl\/wp-content\/uploads\/2024\/11\/IMG_7343-1-50x100.jpg\" data-in=\"o:0;\" data-out=\"a:false;\">\n\t\t\t\t\t\t\t<img decoding=\"async\" src=\"\/\/www.memoriaestadionacional.cl\/wp-content\/plugins\/revslider\/sr6\/assets\/assets\/dummy.png\" alt=\"\" title=\"Galer\u00eda\" class=\"rev-slidebg tp-rs-img rs-lazyload\" data-lazyload=\"\/\/www.memoriaestadionacional.cl\/wp-content\/uploads\/2024\/11\/IMG_7343-1.jpg\" data-no-retina>\n<!---->\t\t\t\t\t<\/rs-slide>\n\t\t\t\t\t\t<rs-slide style=\"position: absolute;\" data-key=\"rs-860\" data-title=\"Slide\" data-thumb=\"\/\/www.memoriaestadionacional.cl\/wp-content\/uploads\/2024\/11\/IMG_7344-50x100.jpg\" data-in=\"o:0;\" data-out=\"a:false;\">\n\t\t\t\t\t\t\t<img decoding=\"async\" src=\"\/\/www.memoriaestadionacional.cl\/wp-content\/plugins\/revslider\/sr6\/assets\/assets\/dummy.png\" alt=\"\" title=\"Galer\u00eda\" class=\"rev-slidebg tp-rs-img rs-lazyload\" data-lazyload=\"\/\/www.memoriaestadionacional.cl\/wp-content\/uploads\/2024\/11\/IMG_7344.jpg\" data-no-retina>\n<!---->\t\t\t\t\t<\/rs-slide>\n\t\t\t\t\t\t<rs-slide style=\"position: absolute;\" data-key=\"rs-861\" data-title=\"Slide\" data-thumb=\"\/\/www.memoriaestadionacional.cl\/wp-content\/uploads\/2024\/11\/IMG_7345-50x100.jpg\" data-in=\"o:0;\" data-out=\"a:false;\">\n\t\t\t\t\t\t\t<img decoding=\"async\" src=\"\/\/www.memoriaestadionacional.cl\/wp-content\/plugins\/revslider\/sr6\/assets\/assets\/dummy.png\" alt=\"\" title=\"Galer\u00eda\" class=\"rev-slidebg tp-rs-img rs-lazyload\" data-lazyload=\"\/\/www.memoriaestadionacional.cl\/wp-content\/uploads\/2024\/11\/IMG_7345.jpg\" data-no-retina>\n<!---->\t\t\t\t\t<\/rs-slide>\n\t\t\t\t\t\t<rs-slide style=\"position: absolute;\" data-key=\"rs-862\" data-title=\"Slide\" data-thumb=\"\/\/www.memoriaestadionacional.cl\/wp-content\/uploads\/2024\/11\/IMG_7347-50x100.jpg\" data-in=\"o:0;\" data-out=\"a:false;\">\n\t\t\t\t\t\t\t<img decoding=\"async\" src=\"\/\/www.memoriaestadionacional.cl\/wp-content\/plugins\/revslider\/sr6\/assets\/assets\/dummy.png\" alt=\"\" title=\"Galer\u00eda\" class=\"rev-slidebg tp-rs-img rs-lazyload\" data-lazyload=\"\/\/www.memoriaestadionacional.cl\/wp-content\/uploads\/2024\/11\/IMG_7347.jpg\" data-no-retina>\n<!---->\t\t\t\t\t<\/rs-slide>\n\t\t\t\t\t\t<rs-slide style=\"position: absolute;\" data-key=\"rs-863\" data-title=\"Slide\" data-thumb=\"\/\/www.memoriaestadionacional.cl\/wp-content\/uploads\/2024\/11\/IMG_7354-50x100.jpg\" data-in=\"o:0;\" data-out=\"a:false;\">\n\t\t\t\t\t\t\t<img decoding=\"async\" src=\"\/\/www.memoriaestadionacional.cl\/wp-content\/plugins\/revslider\/sr6\/assets\/assets\/dummy.png\" alt=\"\" title=\"Galer\u00eda\" class=\"rev-slidebg tp-rs-img rs-lazyload\" data-lazyload=\"\/\/www.memoriaestadionacional.cl\/wp-content\/uploads\/2024\/11\/IMG_7354.jpg\" data-no-retina>\n<!---->\t\t\t\t\t<\/rs-slide>\n\t\t\t\t\t\t<rs-slide style=\"position: absolute;\" data-key=\"rs-864\" data-title=\"Slide\" data-thumb=\"\/\/www.memoriaestadionacional.cl\/wp-content\/uploads\/2024\/11\/IMG_7357-50x100.jpg\" data-in=\"o:0;\" data-out=\"a:false;\">\n\t\t\t\t\t\t\t<img decoding=\"async\" src=\"\/\/www.memoriaestadionacional.cl\/wp-content\/plugins\/revslider\/sr6\/assets\/assets\/dummy.png\" alt=\"\" title=\"Galer\u00eda\" class=\"rev-slidebg tp-rs-img rs-lazyload\" data-lazyload=\"\/\/www.memoriaestadionacional.cl\/wp-content\/uploads\/2024\/11\/IMG_7357.jpg\" data-no-retina>\n<!---->\t\t\t\t\t<\/rs-slide>\n\t\t\t\t\t\t<rs-slide style=\"position: absolute;\" data-key=\"rs-865\" data-title=\"Slide\" data-thumb=\"\/\/www.memoriaestadionacional.cl\/wp-content\/uploads\/2024\/11\/IMG_7358-50x100.jpg\" data-in=\"o:0;\" data-out=\"a:false;\">\n\t\t\t\t\t\t\t<img decoding=\"async\" src=\"\/\/www.memoriaestadionacional.cl\/wp-content\/plugins\/revslider\/sr6\/assets\/assets\/dummy.png\" alt=\"\" title=\"Galer\u00eda\" class=\"rev-slidebg tp-rs-img rs-lazyload\" data-lazyload=\"\/\/www.memoriaestadionacional.cl\/wp-content\/uploads\/2024\/11\/IMG_7358.jpg\" data-no-retina>\n<!---->\t\t\t\t\t<\/rs-slide>\n\t\t\t\t\t\t<rs-slide style=\"position: absolute;\" data-key=\"rs-866\" data-title=\"Slide\" data-thumb=\"\/\/www.memoriaestadionacional.cl\/wp-content\/uploads\/2024\/11\/IMG_7359-50x100.jpg\" data-in=\"o:0;\" data-out=\"a:false;\">\n\t\t\t\t\t\t\t<img decoding=\"async\" src=\"\/\/www.memoriaestadionacional.cl\/wp-content\/plugins\/revslider\/sr6\/assets\/assets\/dummy.png\" alt=\"\" title=\"Galer\u00eda\" class=\"rev-slidebg tp-rs-img rs-lazyload\" data-lazyload=\"\/\/www.memoriaestadionacional.cl\/wp-content\/uploads\/2024\/11\/IMG_7359.jpg\" data-no-retina>\n<!---->\t\t\t\t\t<\/rs-slide>\n\t\t\t\t\t\t<rs-slide style=\"position: absolute;\" data-key=\"rs-867\" data-title=\"Slide\" data-thumb=\"\/\/www.memoriaestadionacional.cl\/wp-content\/uploads\/2024\/11\/IMG_7360-50x100.jpg\" data-in=\"o:0;\" data-out=\"a:false;\">\n\t\t\t\t\t\t\t<img decoding=\"async\" src=\"\/\/www.memoriaestadionacional.cl\/wp-content\/plugins\/revslider\/sr6\/assets\/assets\/dummy.png\" alt=\"\" title=\"Galer\u00eda\" class=\"rev-slidebg tp-rs-img rs-lazyload\" data-lazyload=\"\/\/www.memoriaestadionacional.cl\/wp-content\/uploads\/2024\/11\/IMG_7360.jpg\" data-no-retina>\n<!---->\t\t\t\t\t<\/rs-slide>\n\t\t\t\t\t\t<rs-slide style=\"position: absolute;\" data-key=\"rs-868\" data-title=\"Slide\" data-thumb=\"\/\/www.memoriaestadionacional.cl\/wp-content\/uploads\/2024\/11\/IMG_7361-50x100.jpg\" data-in=\"o:0;\" data-out=\"a:false;\">\n\t\t\t\t\t\t\t<img decoding=\"async\" src=\"\/\/www.memoriaestadionacional.cl\/wp-content\/plugins\/revslider\/sr6\/assets\/assets\/dummy.png\" alt=\"\" title=\"Galer\u00eda\" class=\"rev-slidebg tp-rs-img rs-lazyload\" data-lazyload=\"\/\/www.memoriaestadionacional.cl\/wp-content\/uploads\/2024\/11\/IMG_7361.jpg\" data-no-retina>\n<!---->\t\t\t\t\t<\/rs-slide>\n\t\t\t\t\t\t<rs-slide style=\"position: absolute;\" data-key=\"rs-869\" data-title=\"Slide\" data-thumb=\"\/\/www.memoriaestadionacional.cl\/wp-content\/uploads\/2024\/11\/IMG_7362-50x100.jpg\" data-in=\"o:0;\" data-out=\"a:false;\">\n\t\t\t\t\t\t\t<img decoding=\"async\" src=\"\/\/www.memoriaestadionacional.cl\/wp-content\/plugins\/revslider\/sr6\/assets\/assets\/dummy.png\" alt=\"\" title=\"Galer\u00eda\" class=\"rev-slidebg tp-rs-img rs-lazyload\" data-lazyload=\"\/\/www.memoriaestadionacional.cl\/wp-content\/uploads\/2024\/11\/IMG_7362.jpg\" data-no-retina>\n<!---->\t\t\t\t\t<\/rs-slide>\n\t\t\t\t\t\t<rs-slide style=\"position: absolute;\" data-key=\"rs-870\" data-title=\"Slide\" data-thumb=\"\/\/www.memoriaestadionacional.cl\/wp-content\/uploads\/2024\/11\/IMG_7365-50x100.jpg\" data-in=\"o:0;\" data-out=\"a:false;\">\n\t\t\t\t\t\t\t<img decoding=\"async\" src=\"\/\/www.memoriaestadionacional.cl\/wp-content\/plugins\/revslider\/sr6\/assets\/assets\/dummy.png\" alt=\"\" title=\"Galer\u00eda\" class=\"rev-slidebg tp-rs-img rs-lazyload\" data-lazyload=\"\/\/www.memoriaestadionacional.cl\/wp-content\/uploads\/2024\/11\/IMG_7365.jpg\" data-no-retina>\n<!---->\t\t\t\t\t<\/rs-slide>\n\t\t\t\t\t\t<rs-slide style=\"position: absolute;\" data-key=\"rs-871\" data-title=\"Slide\" data-thumb=\"\/\/www.memoriaestadionacional.cl\/wp-content\/uploads\/2024\/11\/IMG_7366-50x100.jpg\" data-in=\"o:0;\" data-out=\"a:false;\">\n\t\t\t\t\t\t\t<img decoding=\"async\" src=\"\/\/www.memoriaestadionacional.cl\/wp-content\/plugins\/revslider\/sr6\/assets\/assets\/dummy.png\" alt=\"\" title=\"Galer\u00eda\" class=\"rev-slidebg tp-rs-img rs-lazyload\" data-lazyload=\"\/\/www.memoriaestadionacional.cl\/wp-content\/uploads\/2024\/11\/IMG_7366.jpg\" data-no-retina>\n<!---->\t\t\t\t\t<\/rs-slide>\n\t\t\t\t\t\t<rs-slide style=\"position: absolute;\" data-key=\"rs-872\" data-title=\"Slide\" data-thumb=\"\/\/www.memoriaestadionacional.cl\/wp-content\/uploads\/2024\/11\/IMG_7368-50x100.jpg\" data-in=\"o:0;\" data-out=\"a:false;\">\n\t\t\t\t\t\t\t<img decoding=\"async\" src=\"\/\/www.memoriaestadionacional.cl\/wp-content\/plugins\/revslider\/sr6\/assets\/assets\/dummy.png\" alt=\"\" title=\"Galer\u00eda\" class=\"rev-slidebg tp-rs-img rs-lazyload\" data-lazyload=\"\/\/www.memoriaestadionacional.cl\/wp-content\/uploads\/2024\/11\/IMG_7368.jpg\" data-no-retina>\n<!---->\t\t\t\t\t<\/rs-slide>\n\t\t\t\t\t\t<rs-slide style=\"position: absolute;\" data-key=\"rs-873\" data-title=\"Slide\" data-thumb=\"\/\/www.memoriaestadionacional.cl\/wp-content\/uploads\/2024\/11\/IMG_7370-50x100.jpg\" data-in=\"o:0;\" data-out=\"a:false;\">\n\t\t\t\t\t\t\t<img decoding=\"async\" src=\"\/\/www.memoriaestadionacional.cl\/wp-content\/plugins\/revslider\/sr6\/assets\/assets\/dummy.png\" alt=\"\" title=\"Galer\u00eda\" class=\"rev-slidebg tp-rs-img rs-lazyload\" data-lazyload=\"\/\/www.memoriaestadionacional.cl\/wp-content\/uploads\/2024\/11\/IMG_7370.jpg\" data-no-retina>\n<!---->\t\t\t\t\t<\/rs-slide>\n\t\t\t\t\t\t<rs-slide style=\"position: absolute;\" data-key=\"rs-874\" data-title=\"Slide\" data-thumb=\"\/\/www.memoriaestadionacional.cl\/wp-content\/uploads\/2024\/11\/IMG_7374-50x100.jpg\" data-in=\"o:0;\" data-out=\"a:false;\">\n\t\t\t\t\t\t\t<img decoding=\"async\" src=\"\/\/www.memoriaestadionacional.cl\/wp-content\/plugins\/revslider\/sr6\/assets\/assets\/dummy.png\" alt=\"\" title=\"Galer\u00eda\" class=\"rev-slidebg tp-rs-img rs-lazyload\" data-lazyload=\"\/\/www.memoriaestadionacional.cl\/wp-content\/uploads\/2024\/11\/IMG_7374.jpg\" data-no-retina>\n<!---->\t\t\t\t\t<\/rs-slide>\n\t\t\t\t\t\t<rs-slide style=\"position: absolute;\" data-key=\"rs-875\" data-title=\"Slide\" data-thumb=\"\/\/www.memoriaestadionacional.cl\/wp-content\/uploads\/2024\/11\/IMG_7375-50x100.jpg\" data-in=\"o:0;\" data-out=\"a:false;\">\n\t\t\t\t\t\t\t<img decoding=\"async\" src=\"\/\/www.memoriaestadionacional.cl\/wp-content\/plugins\/revslider\/sr6\/assets\/assets\/dummy.png\" alt=\"\" title=\"Galer\u00eda\" class=\"rev-slidebg tp-rs-img rs-lazyload\" data-lazyload=\"\/\/www.memoriaestadionacional.cl\/wp-content\/uploads\/2024\/11\/IMG_7375.jpg\" data-no-retina>\n<!---->\t\t\t\t\t<\/rs-slide>\n\t\t\t\t\t\t<rs-slide style=\"position: absolute;\" data-key=\"rs-876\" data-title=\"Slide\" data-thumb=\"\/\/www.memoriaestadionacional.cl\/wp-content\/uploads\/2024\/11\/IMG_7379-50x100.jpg\" data-in=\"o:0;\" data-out=\"a:false;\">\n\t\t\t\t\t\t\t<img decoding=\"async\" src=\"\/\/www.memoriaestadionacional.cl\/wp-content\/plugins\/revslider\/sr6\/assets\/assets\/dummy.png\" alt=\"\" title=\"Galer\u00eda\" class=\"rev-slidebg tp-rs-img rs-lazyload\" data-lazyload=\"\/\/www.memoriaestadionacional.cl\/wp-content\/uploads\/2024\/11\/IMG_7379.jpg\" data-no-retina>\n<!---->\t\t\t\t\t<\/rs-slide>\n\t\t\t\t\t\t<rs-slide style=\"position: absolute;\" data-key=\"rs-877\" data-title=\"Slide\" data-thumb=\"\/\/www.memoriaestadionacional.cl\/wp-content\/uploads\/2024\/11\/IMG_7381-50x100.jpg\" data-in=\"o:0;\" data-out=\"a:false;\">\n\t\t\t\t\t\t\t<img decoding=\"async\" src=\"\/\/www.memoriaestadionacional.cl\/wp-content\/plugins\/revslider\/sr6\/assets\/assets\/dummy.png\" alt=\"\" title=\"Galer\u00eda\" class=\"rev-slidebg tp-rs-img rs-lazyload\" data-lazyload=\"\/\/www.memoriaestadionacional.cl\/wp-content\/uploads\/2024\/11\/IMG_7381.jpg\" data-no-retina>\n<!---->\t\t\t\t\t<\/rs-slide>\n\t\t\t\t\t\t<rs-slide style=\"position: absolute;\" data-key=\"rs-878\" data-title=\"Slide\" data-thumb=\"\/\/www.memoriaestadionacional.cl\/wp-content\/uploads\/2024\/11\/IMG_7392-50x100.jpg\" data-in=\"o:0;\" data-out=\"a:false;\">\n\t\t\t\t\t\t\t<img decoding=\"async\" src=\"\/\/www.memoriaestadionacional.cl\/wp-content\/plugins\/revslider\/sr6\/assets\/assets\/dummy.png\" alt=\"\" title=\"Galer\u00eda\" class=\"rev-slidebg tp-rs-img rs-lazyload\" data-lazyload=\"\/\/www.memoriaestadionacional.cl\/wp-content\/uploads\/2024\/11\/IMG_7392.jpg\" data-no-retina>\n<!---->\t\t\t\t\t<\/rs-slide>\n\t\t\t\t\t\t<rs-slide style=\"position: absolute;\" data-key=\"rs-879\" data-title=\"Slide\" data-thumb=\"\/\/www.memoriaestadionacional.cl\/wp-content\/uploads\/2024\/11\/IMG_7393-50x100.jpg\" data-in=\"o:0;\" data-out=\"a:false;\">\n\t\t\t\t\t\t\t<img decoding=\"async\" src=\"\/\/www.memoriaestadionacional.cl\/wp-content\/plugins\/revslider\/sr6\/assets\/assets\/dummy.png\" alt=\"\" title=\"Galer\u00eda\" class=\"rev-slidebg tp-rs-img rs-lazyload\" data-lazyload=\"\/\/www.memoriaestadionacional.cl\/wp-content\/uploads\/2024\/11\/IMG_7393.jpg\" data-no-retina>\n<!---->\t\t\t\t\t<\/rs-slide>\n\t\t\t\t\t\t<rs-slide style=\"position: absolute;\" data-key=\"rs-880\" data-title=\"Slide\" data-thumb=\"\/\/www.memoriaestadionacional.cl\/wp-content\/uploads\/2024\/11\/IMG_7395-50x100.jpg\" data-in=\"o:0;\" data-out=\"a:false;\">\n\t\t\t\t\t\t\t<img decoding=\"async\" src=\"\/\/www.memoriaestadionacional.cl\/wp-content\/plugins\/revslider\/sr6\/assets\/assets\/dummy.png\" alt=\"\" title=\"Galer\u00eda\" class=\"rev-slidebg tp-rs-img rs-lazyload\" data-lazyload=\"\/\/www.memoriaestadionacional.cl\/wp-content\/uploads\/2024\/11\/IMG_7395.jpg\" data-no-retina>\n<!---->\t\t\t\t\t<\/rs-slide>\n\t\t\t\t\t<\/rs-slides>\n\t\t\t\t<\/rs-module>\n\t\t\t\t<script>\n\t\t\t\t\tsetREVStartSize({c: 'rev_slider_63_12',rl:[1240,1024,778,480],el:[900],gw:[1240],gh:[900],type:'carousel',justify:'',layout:'fullwidth',mh:\"0\"});if (window.RS_MODULES!==undefined && window.RS_MODULES.modules!==undefined && window.RS_MODULES.modules[\"revslider6312\"]!==undefined) {window.RS_MODULES.modules[\"revslider6312\"].once = false;window.revapi63 = undefined;if (window.RS_MODULES.checkMinimal!==undefined) window.RS_MODULES.checkMinimal()}\n\t\t\t\t<\/script>\n\t\t\t<\/rs-module-wrap>\n\t\t\t<!-- END REVOLUTION SLIDER -->\n<\/div><\/div><\/div><\/div><\/div><div class=\"vc-row-container row-stretch\"><div data-vc-full-width=\"true\"  data-vc-full-width-init=\"false\" class=\"vc_row wpb_row vc_row-fluid\"><div class=\"wpb_column vc_column_container vc_col-sm-12\"><div class=\"vc_column-inner\"><div class=\"wpb_wrapper\"><div class=\"vc_empty_space\"   style=\"height: 100px\"><span class=\"vc_empty_space_inner\"><\/span><\/div><\/div><\/div><\/div><\/div><\/div><div class=\"vc-row-container row-stretch\"><div data-vc-full-width=\"true\"  data-vc-full-width-init=\"false\" class=\"vc_row wpb_row vc_row-fluid\"><div class=\"wpb_column vc_column_container vc_col-sm-12\"><div class=\"vc_column-inner\"><div class=\"wpb_wrapper\">\n\t<div class=\"wpb_text_column wpb_content_element wpb_animate_when_almost_visible wpb_fadeIn fadeIn\" >\n\t\t<div class=\"wpb_wrapper\">\n\t\t\t<h5 style=\"text-align: center;\"><span style=\"color: #e79e47;\">[<\/span>GALER\u00cdA<span style=\"color: #e79e47;\">]<\/span><\/h5>\n\n\t\t<\/div>\n\t<\/div>\n<h1 style=\"text-align: center\" class=\"vc_custom_heading vc_do_custom_heading wpb_animate_when_almost_visible wpb_fadeIn fadeIn\" >Exposici\u00f3n \"Panamericana al sur. Km 45\"<\/h1><div class=\"vc_separator wpb_content_element vc_separator_align_center vc_sep_width_10 vc_sep_border_width_5 vc_sep_pos_align_center vc_separator_no_text wpb_content_element  wpb_content_element wpb_animate_when_almost_visible wpb_fadeIn fadeIn wpb_animate_when_almost_visible wpb_fadeIn fadeIn\" ><span class=\"vc_sep_holder vc_sep_holder_l\"><span style=\"border-color:#e79e47;\" class=\"vc_sep_line\"><\/span><\/span><span class=\"vc_sep_holder vc_sep_holder_r\"><span style=\"border-color:#e79e47;\" class=\"vc_sep_line\"><\/span><\/span>\n<\/div><div class=\"vc_empty_space\"   style=\"height: 32px\"><span class=\"vc_empty_space_inner\"><\/span><\/div>\n\t\t\t<!-- START Exposici\u00f3n &quot;Panamericana al sur. Km 45&quot; REVOLUTION SLIDER 6.7.41 --><p class=\"rs-p-wp-fix\"><\/p>\n\t\t\t<rs-module-wrap id=\"rev_slider_62_13_wrapper\" data-source=\"gallery\" style=\"visibility:hidden;background:transparent;padding:0;margin:0px auto;margin-top:0;margin-bottom:0;\">\n\t\t\t\t<rs-module id=\"rev_slider_62_13\" style=\"\" data-version=\"6.7.41\">\n\t\t\t\t\t<rs-slides style=\"overflow: hidden; position: absolute;\">\n\t\t\t\t\t\t<rs-slide style=\"position: absolute;\" data-key=\"rs-824\" data-title=\"Slide\" data-thumb=\"\/\/www.memoriaestadionacional.cl\/wp-content\/uploads\/2024\/11\/IMG_7214-50x100.jpg\" data-in=\"o:0;\" data-out=\"a:false;\">\n\t\t\t\t\t\t\t<img decoding=\"async\" src=\"\/\/www.memoriaestadionacional.cl\/wp-content\/plugins\/revslider\/sr6\/assets\/assets\/dummy.png\" alt=\"\" title=\"Galer\u00eda\" class=\"rev-slidebg tp-rs-img rs-lazyload\" data-lazyload=\"\/\/www.memoriaestadionacional.cl\/wp-content\/uploads\/2024\/11\/IMG_7214.jpg\" data-no-retina>\n<!---->\t\t\t\t\t<\/rs-slide>\n\t\t\t\t\t\t<rs-slide style=\"position: absolute;\" data-key=\"rs-825\" data-title=\"Slide\" data-thumb=\"\/\/www.memoriaestadionacional.cl\/wp-content\/uploads\/2024\/11\/IMG_7215-50x100.jpg\" data-in=\"o:0;\" data-out=\"a:false;\">\n\t\t\t\t\t\t\t<img decoding=\"async\" src=\"\/\/www.memoriaestadionacional.cl\/wp-content\/plugins\/revslider\/sr6\/assets\/assets\/dummy.png\" alt=\"\" title=\"Galer\u00eda\" class=\"rev-slidebg tp-rs-img rs-lazyload\" data-lazyload=\"\/\/www.memoriaestadionacional.cl\/wp-content\/uploads\/2024\/11\/IMG_7215.jpg\" data-no-retina>\n<!---->\t\t\t\t\t<\/rs-slide>\n\t\t\t\t\t\t<rs-slide style=\"position: absolute;\" data-key=\"rs-826\" data-title=\"Slide\" data-thumb=\"\/\/www.memoriaestadionacional.cl\/wp-content\/uploads\/2024\/11\/IMG_7216-50x100.jpg\" data-in=\"o:0;\" data-out=\"a:false;\">\n\t\t\t\t\t\t\t<img decoding=\"async\" src=\"\/\/www.memoriaestadionacional.cl\/wp-content\/plugins\/revslider\/sr6\/assets\/assets\/dummy.png\" alt=\"\" title=\"Galer\u00eda\" class=\"rev-slidebg tp-rs-img rs-lazyload\" data-lazyload=\"\/\/www.memoriaestadionacional.cl\/wp-content\/uploads\/2024\/11\/IMG_7216.jpg\" data-no-retina>\n<!---->\t\t\t\t\t<\/rs-slide>\n\t\t\t\t\t\t<rs-slide style=\"position: absolute;\" data-key=\"rs-827\" data-title=\"Slide\" data-thumb=\"\/\/www.memoriaestadionacional.cl\/wp-content\/uploads\/2024\/11\/IMG_7222-50x100.jpg\" data-in=\"o:0;\" data-out=\"a:false;\">\n\t\t\t\t\t\t\t<img decoding=\"async\" src=\"\/\/www.memoriaestadionacional.cl\/wp-content\/plugins\/revslider\/sr6\/assets\/assets\/dummy.png\" alt=\"\" title=\"Galer\u00eda\" class=\"rev-slidebg tp-rs-img rs-lazyload\" data-lazyload=\"\/\/www.memoriaestadionacional.cl\/wp-content\/uploads\/2024\/11\/IMG_7222.jpg\" data-no-retina>\n<!---->\t\t\t\t\t<\/rs-slide>\n\t\t\t\t\t\t<rs-slide style=\"position: absolute;\" data-key=\"rs-828\" data-title=\"Slide\" data-thumb=\"\/\/www.memoriaestadionacional.cl\/wp-content\/uploads\/2024\/11\/IMG_7226-50x100.jpg\" data-in=\"o:0;\" data-out=\"a:false;\">\n\t\t\t\t\t\t\t<img decoding=\"async\" src=\"\/\/www.memoriaestadionacional.cl\/wp-content\/plugins\/revslider\/sr6\/assets\/assets\/dummy.png\" alt=\"\" title=\"Galer\u00eda\" class=\"rev-slidebg tp-rs-img rs-lazyload\" data-lazyload=\"\/\/www.memoriaestadionacional.cl\/wp-content\/uploads\/2024\/11\/IMG_7226.jpg\" data-no-retina>\n<!---->\t\t\t\t\t<\/rs-slide>\n\t\t\t\t\t\t<rs-slide style=\"position: absolute;\" data-key=\"rs-829\" data-title=\"Slide\" data-thumb=\"\/\/www.memoriaestadionacional.cl\/wp-content\/uploads\/2024\/11\/IMG_7234-50x100.jpg\" data-in=\"o:0;\" data-out=\"a:false;\">\n\t\t\t\t\t\t\t<img decoding=\"async\" src=\"\/\/www.memoriaestadionacional.cl\/wp-content\/plugins\/revslider\/sr6\/assets\/assets\/dummy.png\" alt=\"\" title=\"Galer\u00eda\" class=\"rev-slidebg tp-rs-img rs-lazyload\" data-lazyload=\"\/\/www.memoriaestadionacional.cl\/wp-content\/uploads\/2024\/11\/IMG_7234.jpg\" data-no-retina>\n<!---->\t\t\t\t\t<\/rs-slide>\n\t\t\t\t\t\t<rs-slide style=\"position: absolute;\" data-key=\"rs-830\" data-title=\"Slide\" data-thumb=\"\/\/www.memoriaestadionacional.cl\/wp-content\/uploads\/2024\/11\/IMG_7236-50x100.jpg\" data-in=\"o:0;\" data-out=\"a:false;\">\n\t\t\t\t\t\t\t<img decoding=\"async\" src=\"\/\/www.memoriaestadionacional.cl\/wp-content\/plugins\/revslider\/sr6\/assets\/assets\/dummy.png\" alt=\"\" title=\"Galer\u00eda\" class=\"rev-slidebg tp-rs-img rs-lazyload\" data-lazyload=\"\/\/www.memoriaestadionacional.cl\/wp-content\/uploads\/2024\/11\/IMG_7236.jpg\" data-no-retina>\n<!---->\t\t\t\t\t<\/rs-slide>\n\t\t\t\t\t\t<rs-slide style=\"position: absolute;\" data-key=\"rs-831\" data-title=\"Slide\" data-thumb=\"\/\/www.memoriaestadionacional.cl\/wp-content\/uploads\/2024\/11\/IMG_7242-50x100.jpg\" data-in=\"o:0;\" data-out=\"a:false;\">\n\t\t\t\t\t\t\t<img decoding=\"async\" src=\"\/\/www.memoriaestadionacional.cl\/wp-content\/plugins\/revslider\/sr6\/assets\/assets\/dummy.png\" alt=\"\" title=\"Galer\u00eda\" class=\"rev-slidebg tp-rs-img rs-lazyload\" data-lazyload=\"\/\/www.memoriaestadionacional.cl\/wp-content\/uploads\/2024\/11\/IMG_7242.jpg\" data-no-retina>\n<!---->\t\t\t\t\t<\/rs-slide>\n\t\t\t\t\t\t<rs-slide style=\"position: absolute;\" data-key=\"rs-832\" data-title=\"Slide\" data-thumb=\"\/\/www.memoriaestadionacional.cl\/wp-content\/uploads\/2024\/11\/IMG_7243-50x100.jpg\" data-in=\"o:0;\" data-out=\"a:false;\">\n\t\t\t\t\t\t\t<img decoding=\"async\" src=\"\/\/www.memoriaestadionacional.cl\/wp-content\/plugins\/revslider\/sr6\/assets\/assets\/dummy.png\" alt=\"\" title=\"Galer\u00eda\" class=\"rev-slidebg tp-rs-img rs-lazyload\" data-lazyload=\"\/\/www.memoriaestadionacional.cl\/wp-content\/uploads\/2024\/11\/IMG_7243.jpg\" data-no-retina>\n<!---->\t\t\t\t\t<\/rs-slide>\n\t\t\t\t\t\t<rs-slide style=\"position: absolute;\" data-key=\"rs-833\" data-title=\"Slide\" data-thumb=\"\/\/www.memoriaestadionacional.cl\/wp-content\/uploads\/2024\/11\/IMG_7251-50x100.jpg\" data-in=\"o:0;\" data-out=\"a:false;\">\n\t\t\t\t\t\t\t<img decoding=\"async\" src=\"\/\/www.memoriaestadionacional.cl\/wp-content\/plugins\/revslider\/sr6\/assets\/assets\/dummy.png\" alt=\"\" title=\"Galer\u00eda\" class=\"rev-slidebg tp-rs-img rs-lazyload\" data-lazyload=\"\/\/www.memoriaestadionacional.cl\/wp-content\/uploads\/2024\/11\/IMG_7251.jpg\" data-no-retina>\n<!---->\t\t\t\t\t<\/rs-slide>\n\t\t\t\t\t<\/rs-slides>\n\t\t\t\t<\/rs-module>\n\t\t\t\t<script>\n\t\t\t\t\tsetREVStartSize({c: 'rev_slider_62_13',rl:[1240,1024,778,480],el:[900],gw:[1240],gh:[900],type:'carousel',justify:'',layout:'fullwidth',mh:\"0\"});if (window.RS_MODULES!==undefined && window.RS_MODULES.modules!==undefined && window.RS_MODULES.modules[\"revslider6213\"]!==undefined) {window.RS_MODULES.modules[\"revslider6213\"].once = false;window.revapi62 = undefined;if (window.RS_MODULES.checkMinimal!==undefined) window.RS_MODULES.checkMinimal()}\n\t\t\t\t<\/script>\n\t\t\t<\/rs-module-wrap>\n\t\t\t<!-- END REVOLUTION SLIDER -->\n<\/div><\/div><\/div><\/div><\/div><div class=\"vc-row-container row-stretch\"><div data-vc-full-width=\"true\"  data-vc-full-width-init=\"false\" class=\"vc_row wpb_row vc_row-fluid\"><div class=\"wpb_column vc_column_container vc_col-sm-12\"><div class=\"vc_column-inner\"><div class=\"wpb_wrapper\"><div class=\"vc_empty_space\"   style=\"height: 100px\"><span class=\"vc_empty_space_inner\"><\/span><\/div><\/div><\/div><\/div><\/div><\/div><div class=\"vc-row-container row-stretch\"><div data-vc-full-width=\"true\"  data-vc-full-width-init=\"false\" class=\"vc_row wpb_row vc_row-fluid\"><div class=\"wpb_column vc_column_container vc_col-sm-12\"><div class=\"vc_column-inner\"><div class=\"wpb_wrapper\">\n\t<div class=\"wpb_text_column wpb_content_element wpb_animate_when_almost_visible wpb_fadeIn fadeIn\" >\n\t\t<div class=\"wpb_wrapper\">\n\t\t\t<h5 style=\"text-align: center;\"><span style=\"color: #e79e47;\">[<\/span>GALER\u00cdA<span style=\"color: #e79e47;\">]<\/span><\/h5>\n\n\t\t<\/div>\n\t<\/div>\n<h1 style=\"text-align: center\" class=\"vc_custom_heading vc_do_custom_heading wpb_animate_when_almost_visible wpb_fadeIn fadeIn\" >Recorridos de la Memoria Octubre 2024<\/h1><div class=\"vc_separator wpb_content_element vc_separator_align_center vc_sep_width_10 vc_sep_border_width_5 vc_sep_pos_align_center vc_separator_no_text wpb_content_element  wpb_content_element wpb_animate_when_almost_visible wpb_fadeIn fadeIn wpb_animate_when_almost_visible wpb_fadeIn fadeIn\" ><span class=\"vc_sep_holder vc_sep_holder_l\"><span style=\"border-color:#e79e47;\" class=\"vc_sep_line\"><\/span><\/span><span class=\"vc_sep_holder vc_sep_holder_r\"><span style=\"border-color:#e79e47;\" class=\"vc_sep_line\"><\/span><\/span>\n<\/div><div class=\"vc_empty_space\"   style=\"height: 32px\"><span class=\"vc_empty_space_inner\"><\/span><\/div>\n\t\t\t<!-- START recorridos octubre 2024 REVOLUTION SLIDER 6.7.41 --><p class=\"rs-p-wp-fix\"><\/p>\n\t\t\t<rs-module-wrap id=\"rev_slider_61_14_wrapper\" data-source=\"gallery\" style=\"visibility:hidden;background:transparent;padding:0;margin:0px auto;margin-top:0;margin-bottom:0;\">\n\t\t\t\t<rs-module id=\"rev_slider_61_14\" style=\"\" data-version=\"6.7.41\">\n\t\t\t\t\t<rs-slides style=\"overflow: hidden; position: absolute;\">\n\t\t\t\t\t\t<rs-slide style=\"position: absolute;\" data-key=\"rs-787\" data-title=\"Slide\" data-thumb=\"\/\/www.memoriaestadionacional.cl\/wp-content\/uploads\/2024\/11\/IMG_6627-2-scaled-50x100.jpg\" data-in=\"o:0;\" data-out=\"a:false;\">\n\t\t\t\t\t\t\t<img decoding=\"async\" src=\"\/\/www.memoriaestadionacional.cl\/wp-content\/plugins\/revslider\/sr6\/assets\/assets\/dummy.png\" alt=\"\" title=\"Galer\u00eda\" class=\"rev-slidebg tp-rs-img rs-lazyload\" data-lazyload=\"\/\/www.memoriaestadionacional.cl\/wp-content\/uploads\/2024\/11\/IMG_6627-2-scaled.jpg\" data-no-retina>\n<!---->\t\t\t\t\t<\/rs-slide>\n\t\t\t\t\t\t<rs-slide style=\"position: absolute;\" data-key=\"rs-788\" data-title=\"Slide\" data-thumb=\"\/\/www.memoriaestadionacional.cl\/wp-content\/uploads\/2024\/11\/PHOTO-2024-10-28-14-11-43-50x100.jpg\" data-in=\"o:0;\" data-out=\"a:false;\">\n\t\t\t\t\t\t\t<img decoding=\"async\" src=\"\/\/www.memoriaestadionacional.cl\/wp-content\/plugins\/revslider\/sr6\/assets\/assets\/dummy.png\" alt=\"\" title=\"Galer\u00eda\" class=\"rev-slidebg tp-rs-img rs-lazyload\" data-lazyload=\"\/\/www.memoriaestadionacional.cl\/wp-content\/uploads\/2024\/11\/PHOTO-2024-10-28-14-11-43.jpg\" data-no-retina>\n<!---->\t\t\t\t\t<\/rs-slide>\n\t\t\t\t\t\t<rs-slide style=\"position: absolute;\" data-key=\"rs-789\" data-title=\"Slide\" data-thumb=\"\/\/www.memoriaestadionacional.cl\/wp-content\/uploads\/2024\/11\/PHOTO-2024-10-28-12-20-45-50x100.jpg\" data-in=\"o:0;\" data-out=\"a:false;\">\n\t\t\t\t\t\t\t<img decoding=\"async\" src=\"\/\/www.memoriaestadionacional.cl\/wp-content\/plugins\/revslider\/sr6\/assets\/assets\/dummy.png\" alt=\"\" title=\"Galer\u00eda\" class=\"rev-slidebg tp-rs-img rs-lazyload\" data-lazyload=\"\/\/www.memoriaestadionacional.cl\/wp-content\/uploads\/2024\/11\/PHOTO-2024-10-28-12-20-45.jpg\" data-no-retina>\n<!---->\t\t\t\t\t<\/rs-slide>\n\t\t\t\t\t\t<rs-slide style=\"position: absolute;\" data-key=\"rs-790\" data-title=\"Slide\" data-thumb=\"\/\/www.memoriaestadionacional.cl\/wp-content\/uploads\/2024\/11\/PHOTO-2024-10-23-14-02-51-50x100.jpg\" data-in=\"o:0;\" data-out=\"a:false;\">\n\t\t\t\t\t\t\t<img decoding=\"async\" src=\"\/\/www.memoriaestadionacional.cl\/wp-content\/plugins\/revslider\/sr6\/assets\/assets\/dummy.png\" alt=\"\" title=\"Galer\u00eda\" class=\"rev-slidebg tp-rs-img rs-lazyload\" data-lazyload=\"\/\/www.memoriaestadionacional.cl\/wp-content\/uploads\/2024\/11\/PHOTO-2024-10-23-14-02-51.jpg\" data-no-retina>\n<!---->\t\t\t\t\t<\/rs-slide>\n\t\t\t\t\t\t<rs-slide style=\"position: absolute;\" data-key=\"rs-791\" data-title=\"Slide\" data-thumb=\"\/\/www.memoriaestadionacional.cl\/wp-content\/uploads\/2024\/11\/PHOTO-2024-10-22-15-05-27-50x100.jpg\" data-in=\"o:0;\" data-out=\"a:false;\">\n\t\t\t\t\t\t\t<img decoding=\"async\" src=\"\/\/www.memoriaestadionacional.cl\/wp-content\/plugins\/revslider\/sr6\/assets\/assets\/dummy.png\" alt=\"\" title=\"Galer\u00eda\" class=\"rev-slidebg tp-rs-img rs-lazyload\" data-lazyload=\"\/\/www.memoriaestadionacional.cl\/wp-content\/uploads\/2024\/11\/PHOTO-2024-10-22-15-05-27.jpg\" data-no-retina>\n<!---->\t\t\t\t\t<\/rs-slide>\n\t\t\t\t\t\t<rs-slide style=\"position: absolute;\" data-key=\"rs-792\" data-title=\"Slide\" data-thumb=\"\/\/www.memoriaestadionacional.cl\/wp-content\/uploads\/2024\/11\/PHOTO-2024-10-22-13-25-52-50x100.jpg\" data-in=\"o:0;\" data-out=\"a:false;\">\n\t\t\t\t\t\t\t<img decoding=\"async\" src=\"\/\/www.memoriaestadionacional.cl\/wp-content\/plugins\/revslider\/sr6\/assets\/assets\/dummy.png\" alt=\"\" title=\"Galer\u00eda\" class=\"rev-slidebg tp-rs-img rs-lazyload\" data-lazyload=\"\/\/www.memoriaestadionacional.cl\/wp-content\/uploads\/2024\/11\/PHOTO-2024-10-22-13-25-52.jpg\" data-no-retina>\n<!---->\t\t\t\t\t<\/rs-slide>\n\t\t\t\t\t\t<rs-slide style=\"position: absolute;\" data-key=\"rs-793\" data-title=\"Slide\" data-thumb=\"\/\/www.memoriaestadionacional.cl\/wp-content\/uploads\/2024\/11\/PHOTO-2024-10-18-11-56-00-50x100.jpg\" data-in=\"o:0;\" data-out=\"a:false;\">\n\t\t\t\t\t\t\t<img decoding=\"async\" src=\"\/\/www.memoriaestadionacional.cl\/wp-content\/plugins\/revslider\/sr6\/assets\/assets\/dummy.png\" alt=\"\" title=\"Galer\u00eda\" class=\"rev-slidebg tp-rs-img rs-lazyload\" data-lazyload=\"\/\/www.memoriaestadionacional.cl\/wp-content\/uploads\/2024\/11\/PHOTO-2024-10-18-11-56-00.jpg\" data-no-retina>\n<!---->\t\t\t\t\t<\/rs-slide>\n\t\t\t\t\t\t<rs-slide style=\"position: absolute;\" data-key=\"rs-794\" data-title=\"Slide\" data-thumb=\"\/\/www.memoriaestadionacional.cl\/wp-content\/uploads\/2024\/11\/PHOTO-2024-10-18-11-50-20-50x100.jpg\" data-in=\"o:0;\" data-out=\"a:false;\">\n\t\t\t\t\t\t\t<img decoding=\"async\" src=\"\/\/www.memoriaestadionacional.cl\/wp-content\/plugins\/revslider\/sr6\/assets\/assets\/dummy.png\" alt=\"\" title=\"Galer\u00eda\" class=\"rev-slidebg tp-rs-img rs-lazyload\" data-lazyload=\"\/\/www.memoriaestadionacional.cl\/wp-content\/uploads\/2024\/11\/PHOTO-2024-10-18-11-50-20.jpg\" data-no-retina>\n<!---->\t\t\t\t\t<\/rs-slide>\n\t\t\t\t\t\t<rs-slide style=\"position: absolute;\" data-key=\"rs-795\" data-title=\"Slide\" data-thumb=\"\/\/www.memoriaestadionacional.cl\/wp-content\/uploads\/2024\/11\/PHOTO-2024-10-17-12-22-49-50x100.jpg\" data-in=\"o:0;\" data-out=\"a:false;\">\n\t\t\t\t\t\t\t<img decoding=\"async\" src=\"\/\/www.memoriaestadionacional.cl\/wp-content\/plugins\/revslider\/sr6\/assets\/assets\/dummy.png\" alt=\"\" title=\"Galer\u00eda\" class=\"rev-slidebg tp-rs-img rs-lazyload\" data-lazyload=\"\/\/www.memoriaestadionacional.cl\/wp-content\/uploads\/2024\/11\/PHOTO-2024-10-17-12-22-49.jpg\" data-no-retina>\n<!---->\t\t\t\t\t<\/rs-slide>\n\t\t\t\t\t\t<rs-slide style=\"position: absolute;\" data-key=\"rs-796\" data-title=\"Slide\" data-thumb=\"\/\/www.memoriaestadionacional.cl\/wp-content\/uploads\/2024\/11\/PHOTO-2024-10-16-13-55-21-50x100.jpg\" data-in=\"o:0;\" data-out=\"a:false;\">\n\t\t\t\t\t\t\t<img decoding=\"async\" src=\"\/\/www.memoriaestadionacional.cl\/wp-content\/plugins\/revslider\/sr6\/assets\/assets\/dummy.png\" alt=\"\" title=\"Galer\u00eda\" class=\"rev-slidebg tp-rs-img rs-lazyload\" data-lazyload=\"\/\/www.memoriaestadionacional.cl\/wp-content\/uploads\/2024\/11\/PHOTO-2024-10-16-13-55-21.jpg\" data-no-retina>\n<!---->\t\t\t\t\t<\/rs-slide>\n\t\t\t\t\t\t<rs-slide style=\"position: absolute;\" data-key=\"rs-797\" data-title=\"Slide\" data-thumb=\"\/\/www.memoriaestadionacional.cl\/wp-content\/uploads\/2024\/11\/PHOTO-2024-10-16-12-03-17-50x100.jpg\" data-in=\"o:0;\" data-out=\"a:false;\">\n\t\t\t\t\t\t\t<img decoding=\"async\" src=\"\/\/www.memoriaestadionacional.cl\/wp-content\/plugins\/revslider\/sr6\/assets\/assets\/dummy.png\" alt=\"\" title=\"Galer\u00eda\" class=\"rev-slidebg tp-rs-img rs-lazyload\" data-lazyload=\"\/\/www.memoriaestadionacional.cl\/wp-content\/uploads\/2024\/11\/PHOTO-2024-10-16-12-03-17.jpg\" data-no-retina>\n<!---->\t\t\t\t\t<\/rs-slide>\n\t\t\t\t\t\t<rs-slide style=\"position: absolute;\" data-key=\"rs-798\" data-title=\"Slide\" data-thumb=\"\/\/www.memoriaestadionacional.cl\/wp-content\/uploads\/2024\/11\/PHOTO-2024-10-16-12-03-17-2-50x100.jpg\" data-in=\"o:0;\" data-out=\"a:false;\">\n\t\t\t\t\t\t\t<img decoding=\"async\" src=\"\/\/www.memoriaestadionacional.cl\/wp-content\/plugins\/revslider\/sr6\/assets\/assets\/dummy.png\" alt=\"\" title=\"Galer\u00eda\" class=\"rev-slidebg tp-rs-img rs-lazyload\" data-lazyload=\"\/\/www.memoriaestadionacional.cl\/wp-content\/uploads\/2024\/11\/PHOTO-2024-10-16-12-03-17-2.jpg\" data-no-retina>\n<!---->\t\t\t\t\t<\/rs-slide>\n\t\t\t\t\t\t<rs-slide style=\"position: absolute;\" data-key=\"rs-799\" data-title=\"Slide\" data-thumb=\"\/\/www.memoriaestadionacional.cl\/wp-content\/uploads\/2024\/11\/PHOTO-2024-10-16-08-58-52-50x100.jpg\" data-in=\"o:0;\" data-out=\"a:false;\">\n\t\t\t\t\t\t\t<img decoding=\"async\" src=\"\/\/www.memoriaestadionacional.cl\/wp-content\/plugins\/revslider\/sr6\/assets\/assets\/dummy.png\" alt=\"\" title=\"Galer\u00eda\" class=\"rev-slidebg tp-rs-img rs-lazyload\" data-lazyload=\"\/\/www.memoriaestadionacional.cl\/wp-content\/uploads\/2024\/11\/PHOTO-2024-10-16-08-58-52.jpg\" data-no-retina>\n<!---->\t\t\t\t\t<\/rs-slide>\n\t\t\t\t\t\t<rs-slide style=\"position: absolute;\" data-key=\"rs-800\" data-title=\"Slide\" data-thumb=\"\/\/www.memoriaestadionacional.cl\/wp-content\/uploads\/2024\/11\/PHOTO-2024-10-16-08-58-51-50x100.jpg\" data-in=\"o:0;\" data-out=\"a:false;\">\n\t\t\t\t\t\t\t<img decoding=\"async\" src=\"\/\/www.memoriaestadionacional.cl\/wp-content\/plugins\/revslider\/sr6\/assets\/assets\/dummy.png\" alt=\"\" title=\"Galer\u00eda\" class=\"rev-slidebg tp-rs-img rs-lazyload\" data-lazyload=\"\/\/www.memoriaestadionacional.cl\/wp-content\/uploads\/2024\/11\/PHOTO-2024-10-16-08-58-51.jpg\" data-no-retina>\n<!---->\t\t\t\t\t<\/rs-slide>\n\t\t\t\t\t\t<rs-slide style=\"position: absolute;\" data-key=\"rs-801\" data-title=\"Slide\" data-thumb=\"\/\/www.memoriaestadionacional.cl\/wp-content\/uploads\/2024\/11\/PHOTO-2024-10-15-13-33-09-50x100.jpg\" data-in=\"o:0;\" data-out=\"a:false;\">\n\t\t\t\t\t\t\t<img decoding=\"async\" src=\"\/\/www.memoriaestadionacional.cl\/wp-content\/plugins\/revslider\/sr6\/assets\/assets\/dummy.png\" alt=\"\" title=\"Galer\u00eda\" class=\"rev-slidebg tp-rs-img rs-lazyload\" data-lazyload=\"\/\/www.memoriaestadionacional.cl\/wp-content\/uploads\/2024\/11\/PHOTO-2024-10-15-13-33-09.jpg\" data-no-retina>\n<!---->\t\t\t\t\t<\/rs-slide>\n\t\t\t\t\t\t<rs-slide style=\"position: absolute;\" data-key=\"rs-802\" data-title=\"Slide\" data-thumb=\"\/\/www.memoriaestadionacional.cl\/wp-content\/uploads\/2024\/11\/PHOTO-2024-10-15-12-56-05-50x100.jpg\" data-in=\"o:0;\" data-out=\"a:false;\">\n\t\t\t\t\t\t\t<img decoding=\"async\" src=\"\/\/www.memoriaestadionacional.cl\/wp-content\/plugins\/revslider\/sr6\/assets\/assets\/dummy.png\" alt=\"\" title=\"Galer\u00eda\" class=\"rev-slidebg tp-rs-img rs-lazyload\" data-lazyload=\"\/\/www.memoriaestadionacional.cl\/wp-content\/uploads\/2024\/11\/PHOTO-2024-10-15-12-56-05.jpg\" data-no-retina>\n<!---->\t\t\t\t\t<\/rs-slide>\n\t\t\t\t\t\t<rs-slide style=\"position: absolute;\" data-key=\"rs-803\" data-title=\"Slide\" data-thumb=\"\/\/www.memoriaestadionacional.cl\/wp-content\/uploads\/2024\/11\/PHOTO-2024-10-09-15-10-48-50x100.jpg\" data-in=\"o:0;\" data-out=\"a:false;\">\n\t\t\t\t\t\t\t<img decoding=\"async\" src=\"\/\/www.memoriaestadionacional.cl\/wp-content\/plugins\/revslider\/sr6\/assets\/assets\/dummy.png\" alt=\"\" title=\"Galer\u00eda\" class=\"rev-slidebg tp-rs-img rs-lazyload\" data-lazyload=\"\/\/www.memoriaestadionacional.cl\/wp-content\/uploads\/2024\/11\/PHOTO-2024-10-09-15-10-48.jpg\" data-no-retina>\n<!---->\t\t\t\t\t<\/rs-slide>\n\t\t\t\t\t\t<rs-slide style=\"position: absolute;\" data-key=\"rs-804\" data-title=\"Slide\" data-thumb=\"\/\/www.memoriaestadionacional.cl\/wp-content\/uploads\/2024\/11\/PHOTO-2024-10-09-15-07-37-50x100.jpg\" data-in=\"o:0;\" data-out=\"a:false;\">\n\t\t\t\t\t\t\t<img decoding=\"async\" src=\"\/\/www.memoriaestadionacional.cl\/wp-content\/plugins\/revslider\/sr6\/assets\/assets\/dummy.png\" alt=\"\" title=\"Galer\u00eda\" class=\"rev-slidebg tp-rs-img rs-lazyload\" data-lazyload=\"\/\/www.memoriaestadionacional.cl\/wp-content\/uploads\/2024\/11\/PHOTO-2024-10-09-15-07-37.jpg\" data-no-retina>\n<!---->\t\t\t\t\t<\/rs-slide>\n\t\t\t\t\t\t<rs-slide style=\"position: absolute;\" data-key=\"rs-805\" data-title=\"Slide\" data-thumb=\"\/\/www.memoriaestadionacional.cl\/wp-content\/uploads\/2024\/11\/PHOTO-2024-10-09-15-07-21-50x100.jpg\" data-in=\"o:0;\" data-out=\"a:false;\">\n\t\t\t\t\t\t\t<img decoding=\"async\" src=\"\/\/www.memoriaestadionacional.cl\/wp-content\/plugins\/revslider\/sr6\/assets\/assets\/dummy.png\" alt=\"\" title=\"Galer\u00eda\" class=\"rev-slidebg tp-rs-img rs-lazyload\" data-lazyload=\"\/\/www.memoriaestadionacional.cl\/wp-content\/uploads\/2024\/11\/PHOTO-2024-10-09-15-07-21.jpg\" data-no-retina>\n<!---->\t\t\t\t\t<\/rs-slide>\n\t\t\t\t\t\t<rs-slide style=\"position: absolute;\" data-key=\"rs-806\" data-title=\"Slide\" data-thumb=\"\/\/www.memoriaestadionacional.cl\/wp-content\/uploads\/2024\/11\/PHOTO-2024-10-07-16-56-55-50x100.jpg\" data-in=\"o:0;\" data-out=\"a:false;\">\n\t\t\t\t\t\t\t<img decoding=\"async\" src=\"\/\/www.memoriaestadionacional.cl\/wp-content\/plugins\/revslider\/sr6\/assets\/assets\/dummy.png\" alt=\"\" title=\"Galer\u00eda\" class=\"rev-slidebg tp-rs-img rs-lazyload\" data-lazyload=\"\/\/www.memoriaestadionacional.cl\/wp-content\/uploads\/2024\/11\/PHOTO-2024-10-07-16-56-55.jpg\" data-no-retina>\n<!---->\t\t\t\t\t<\/rs-slide>\n\t\t\t\t\t\t<rs-slide style=\"position: absolute;\" data-key=\"rs-807\" data-title=\"Slide\" data-thumb=\"\/\/www.memoriaestadionacional.cl\/wp-content\/uploads\/2024\/11\/PHOTO-2024-10-07-15-23-36-50x100.jpg\" data-in=\"o:0;\" data-out=\"a:false;\">\n\t\t\t\t\t\t\t<img decoding=\"async\" src=\"\/\/www.memoriaestadionacional.cl\/wp-content\/plugins\/revslider\/sr6\/assets\/assets\/dummy.png\" alt=\"\" title=\"Galer\u00eda\" class=\"rev-slidebg tp-rs-img rs-lazyload\" data-lazyload=\"\/\/www.memoriaestadionacional.cl\/wp-content\/uploads\/2024\/11\/PHOTO-2024-10-07-15-23-36.jpg\" data-no-retina>\n<!---->\t\t\t\t\t<\/rs-slide>\n\t\t\t\t\t\t<rs-slide style=\"position: absolute;\" data-key=\"rs-808\" data-title=\"Slide\" data-thumb=\"\/\/www.memoriaestadionacional.cl\/wp-content\/uploads\/2024\/11\/PHOTO-2024-10-07-15-23-36-2-50x100.jpg\" data-in=\"o:0;\" data-out=\"a:false;\">\n\t\t\t\t\t\t\t<img decoding=\"async\" src=\"\/\/www.memoriaestadionacional.cl\/wp-content\/plugins\/revslider\/sr6\/assets\/assets\/dummy.png\" alt=\"\" title=\"Galer\u00eda\" class=\"rev-slidebg tp-rs-img rs-lazyload\" data-lazyload=\"\/\/www.memoriaestadionacional.cl\/wp-content\/uploads\/2024\/11\/PHOTO-2024-10-07-15-23-36-2.jpg\" data-no-retina>\n<!---->\t\t\t\t\t<\/rs-slide>\n\t\t\t\t\t\t<rs-slide style=\"position: absolute;\" data-key=\"rs-809\" data-title=\"Slide\" data-thumb=\"\/\/www.memoriaestadionacional.cl\/wp-content\/uploads\/2024\/11\/PHOTO-2024-10-07-15-23-35-50x100.jpg\" data-in=\"o:0;\" data-out=\"a:false;\">\n\t\t\t\t\t\t\t<img decoding=\"async\" src=\"\/\/www.memoriaestadionacional.cl\/wp-content\/plugins\/revslider\/sr6\/assets\/assets\/dummy.png\" alt=\"\" title=\"Galer\u00eda\" class=\"rev-slidebg tp-rs-img rs-lazyload\" data-lazyload=\"\/\/www.memoriaestadionacional.cl\/wp-content\/uploads\/2024\/11\/PHOTO-2024-10-07-15-23-35.jpg\" data-no-retina>\n<!---->\t\t\t\t\t<\/rs-slide>\n\t\t\t\t\t\t<rs-slide style=\"position: absolute;\" data-key=\"rs-810\" data-title=\"Slide\" data-thumb=\"\/\/www.memoriaestadionacional.cl\/wp-content\/uploads\/2024\/11\/PHOTO-2024-10-04-12-58-49-50x100.jpg\" data-in=\"o:0;\" data-out=\"a:false;\">\n\t\t\t\t\t\t\t<img decoding=\"async\" src=\"\/\/www.memoriaestadionacional.cl\/wp-content\/plugins\/revslider\/sr6\/assets\/assets\/dummy.png\" alt=\"\" title=\"Galer\u00eda\" class=\"rev-slidebg tp-rs-img rs-lazyload\" data-lazyload=\"\/\/www.memoriaestadionacional.cl\/wp-content\/uploads\/2024\/11\/PHOTO-2024-10-04-12-58-49.jpg\" data-no-retina>\n<!---->\t\t\t\t\t<\/rs-slide>\n\t\t\t\t\t\t<rs-slide style=\"position: absolute;\" data-key=\"rs-811\" data-title=\"Slide\" data-thumb=\"\/\/www.memoriaestadionacional.cl\/wp-content\/uploads\/2024\/11\/PHOTO-2024-10-04-11-47-00-50x100.jpg\" data-in=\"o:0;\" data-out=\"a:false;\">\n\t\t\t\t\t\t\t<img decoding=\"async\" src=\"\/\/www.memoriaestadionacional.cl\/wp-content\/plugins\/revslider\/sr6\/assets\/assets\/dummy.png\" alt=\"\" title=\"Galer\u00eda\" class=\"rev-slidebg tp-rs-img rs-lazyload\" data-lazyload=\"\/\/www.memoriaestadionacional.cl\/wp-content\/uploads\/2024\/11\/PHOTO-2024-10-04-11-47-00.jpg\" data-no-retina>\n<!---->\t\t\t\t\t<\/rs-slide>\n\t\t\t\t\t\t<rs-slide style=\"position: absolute;\" data-key=\"rs-812\" data-title=\"Slide\" data-thumb=\"\/\/www.memoriaestadionacional.cl\/wp-content\/uploads\/2024\/11\/PHOTO-2024-10-03-15-37-23-50x100.jpg\" data-in=\"o:0;\" data-out=\"a:false;\">\n\t\t\t\t\t\t\t<img decoding=\"async\" src=\"\/\/www.memoriaestadionacional.cl\/wp-content\/plugins\/revslider\/sr6\/assets\/assets\/dummy.png\" alt=\"\" title=\"Galer\u00eda\" class=\"rev-slidebg tp-rs-img rs-lazyload\" data-lazyload=\"\/\/www.memoriaestadionacional.cl\/wp-content\/uploads\/2024\/11\/PHOTO-2024-10-03-15-37-23.jpg\" data-no-retina>\n<!---->\t\t\t\t\t<\/rs-slide>\n\t\t\t\t\t\t<rs-slide style=\"position: absolute;\" data-key=\"rs-813\" data-title=\"Slide\" data-thumb=\"\/\/www.memoriaestadionacional.cl\/wp-content\/uploads\/2024\/11\/PHOTO-2024-10-03-10-55-55-50x100.jpg\" data-in=\"o:0;\" data-out=\"a:false;\">\n\t\t\t\t\t\t\t<img decoding=\"async\" src=\"\/\/www.memoriaestadionacional.cl\/wp-content\/plugins\/revslider\/sr6\/assets\/assets\/dummy.png\" alt=\"\" title=\"Galer\u00eda\" class=\"rev-slidebg tp-rs-img rs-lazyload\" data-lazyload=\"\/\/www.memoriaestadionacional.cl\/wp-content\/uploads\/2024\/11\/PHOTO-2024-10-03-10-55-55.jpg\" data-no-retina>\n<!---->\t\t\t\t\t<\/rs-slide>\n\t\t\t\t\t\t<rs-slide style=\"position: absolute;\" data-key=\"rs-814\" data-title=\"Slide\" data-thumb=\"\/\/www.memoriaestadionacional.cl\/wp-content\/uploads\/2024\/11\/PHOTO-2024-10-02-15-09-52-50x100.jpg\" data-in=\"o:0;\" data-out=\"a:false;\">\n\t\t\t\t\t\t\t<img decoding=\"async\" src=\"\/\/www.memoriaestadionacional.cl\/wp-content\/plugins\/revslider\/sr6\/assets\/assets\/dummy.png\" alt=\"\" title=\"Galer\u00eda\" class=\"rev-slidebg tp-rs-img rs-lazyload\" data-lazyload=\"\/\/www.memoriaestadionacional.cl\/wp-content\/uploads\/2024\/11\/PHOTO-2024-10-02-15-09-52.jpg\" data-no-retina>\n<!---->\t\t\t\t\t<\/rs-slide>\n\t\t\t\t\t\t<rs-slide style=\"position: absolute;\" data-key=\"rs-815\" data-title=\"Slide\" data-thumb=\"\/\/www.memoriaestadionacional.cl\/wp-content\/uploads\/2024\/11\/PHOTO-2024-10-01-19-49-32-50x100.jpg\" data-in=\"o:0;\" data-out=\"a:false;\">\n\t\t\t\t\t\t\t<img decoding=\"async\" src=\"\/\/www.memoriaestadionacional.cl\/wp-content\/plugins\/revslider\/sr6\/assets\/assets\/dummy.png\" alt=\"\" title=\"Galer\u00eda\" class=\"rev-slidebg tp-rs-img rs-lazyload\" data-lazyload=\"\/\/www.memoriaestadionacional.cl\/wp-content\/uploads\/2024\/11\/PHOTO-2024-10-01-19-49-32.jpg\" data-no-retina>\n<!---->\t\t\t\t\t<\/rs-slide>\n\t\t\t\t\t\t<rs-slide style=\"position: absolute;\" data-key=\"rs-816\" data-title=\"Slide\" data-thumb=\"\/\/www.memoriaestadionacional.cl\/wp-content\/uploads\/2024\/11\/PHOTO-2024-10-01-14-36-00-50x100.jpg\" data-in=\"o:0;\" data-out=\"a:false;\">\n\t\t\t\t\t\t\t<img decoding=\"async\" src=\"\/\/www.memoriaestadionacional.cl\/wp-content\/plugins\/revslider\/sr6\/assets\/assets\/dummy.png\" alt=\"\" title=\"Galer\u00eda\" class=\"rev-slidebg tp-rs-img rs-lazyload\" data-lazyload=\"\/\/www.memoriaestadionacional.cl\/wp-content\/uploads\/2024\/11\/PHOTO-2024-10-01-14-36-00.jpg\" data-no-retina>\n<!---->\t\t\t\t\t<\/rs-slide>\n\t\t\t\t\t\t<rs-slide style=\"position: absolute;\" data-key=\"rs-817\" data-title=\"Slide\" data-thumb=\"\/\/www.memoriaestadionacional.cl\/wp-content\/uploads\/2024\/11\/PHOTO-2024-10-01-14-31-34-50x100.jpg\" data-in=\"o:0;\" data-out=\"a:false;\">\n\t\t\t\t\t\t\t<img decoding=\"async\" src=\"\/\/www.memoriaestadionacional.cl\/wp-content\/plugins\/revslider\/sr6\/assets\/assets\/dummy.png\" alt=\"\" title=\"Galer\u00eda\" class=\"rev-slidebg tp-rs-img rs-lazyload\" data-lazyload=\"\/\/www.memoriaestadionacional.cl\/wp-content\/uploads\/2024\/11\/PHOTO-2024-10-01-14-31-34.jpg\" data-no-retina>\n<!---->\t\t\t\t\t<\/rs-slide>\n\t\t\t\t\t\t<rs-slide style=\"position: absolute;\" data-key=\"rs-818\" data-title=\"Slide\" data-thumb=\"\/\/www.memoriaestadionacional.cl\/wp-content\/uploads\/2024\/11\/IMG_6640-2-scaled-50x100.jpg\" data-in=\"o:0;\" data-out=\"a:false;\">\n\t\t\t\t\t\t\t<img decoding=\"async\" src=\"\/\/www.memoriaestadionacional.cl\/wp-content\/plugins\/revslider\/sr6\/assets\/assets\/dummy.png\" alt=\"\" title=\"Galer\u00eda\" class=\"rev-slidebg tp-rs-img rs-lazyload\" data-lazyload=\"\/\/www.memoriaestadionacional.cl\/wp-content\/uploads\/2024\/11\/IMG_6640-2-scaled.jpg\" data-no-retina>\n<!---->\t\t\t\t\t<\/rs-slide>\n\t\t\t\t\t\t<rs-slide style=\"position: absolute;\" data-key=\"rs-819\" data-title=\"Slide\" data-thumb=\"\/\/www.memoriaestadionacional.cl\/wp-content\/uploads\/2024\/11\/IMG_6639-2-scaled-50x100.jpg\" data-in=\"o:0;\" data-out=\"a:false;\">\n\t\t\t\t\t\t\t<img decoding=\"async\" src=\"\/\/www.memoriaestadionacional.cl\/wp-content\/plugins\/revslider\/sr6\/assets\/assets\/dummy.png\" alt=\"\" title=\"Galer\u00eda\" class=\"rev-slidebg tp-rs-img rs-lazyload\" data-lazyload=\"\/\/www.memoriaestadionacional.cl\/wp-content\/uploads\/2024\/11\/IMG_6639-2-scaled.jpg\" data-no-retina>\n<!---->\t\t\t\t\t<\/rs-slide>\n\t\t\t\t\t\t<rs-slide style=\"position: absolute;\" data-key=\"rs-820\" data-title=\"Slide\" data-thumb=\"\/\/www.memoriaestadionacional.cl\/wp-content\/uploads\/2024\/11\/IMG_6632-2-scaled-50x100.jpg\" data-in=\"o:0;\" data-out=\"a:false;\">\n\t\t\t\t\t\t\t<img decoding=\"async\" src=\"\/\/www.memoriaestadionacional.cl\/wp-content\/plugins\/revslider\/sr6\/assets\/assets\/dummy.png\" alt=\"\" title=\"Galer\u00eda\" class=\"rev-slidebg tp-rs-img rs-lazyload\" data-lazyload=\"\/\/www.memoriaestadionacional.cl\/wp-content\/uploads\/2024\/11\/IMG_6632-2-scaled.jpg\" data-no-retina>\n<!---->\t\t\t\t\t<\/rs-slide>\n\t\t\t\t\t\t<rs-slide style=\"position: absolute;\" data-key=\"rs-821\" data-title=\"Slide\" data-thumb=\"\/\/www.memoriaestadionacional.cl\/wp-content\/uploads\/2024\/11\/IMG_6631-2-scaled-50x100.jpg\" data-in=\"o:0;\" data-out=\"a:false;\">\n\t\t\t\t\t\t\t<img decoding=\"async\" src=\"\/\/www.memoriaestadionacional.cl\/wp-content\/plugins\/revslider\/sr6\/assets\/assets\/dummy.png\" alt=\"\" title=\"Galer\u00eda\" class=\"rev-slidebg tp-rs-img rs-lazyload\" data-lazyload=\"\/\/www.memoriaestadionacional.cl\/wp-content\/uploads\/2024\/11\/IMG_6631-2-scaled.jpg\" data-no-retina>\n<!---->\t\t\t\t\t<\/rs-slide>\n\t\t\t\t\t\t<rs-slide style=\"position: absolute;\" data-key=\"rs-822\" data-title=\"Slide\" data-thumb=\"\/\/www.memoriaestadionacional.cl\/wp-content\/uploads\/2024\/11\/IMG_6628-2-scaled-50x100.jpg\" data-in=\"o:0;\" data-out=\"a:false;\">\n\t\t\t\t\t\t\t<img decoding=\"async\" src=\"\/\/www.memoriaestadionacional.cl\/wp-content\/plugins\/revslider\/sr6\/assets\/assets\/dummy.png\" alt=\"\" title=\"Galer\u00eda\" class=\"rev-slidebg tp-rs-img rs-lazyload\" data-lazyload=\"\/\/www.memoriaestadionacional.cl\/wp-content\/uploads\/2024\/11\/IMG_6628-2-scaled.jpg\" data-no-retina>\n<!---->\t\t\t\t\t<\/rs-slide>\n\t\t\t\t\t<\/rs-slides>\n\t\t\t\t<\/rs-module>\n\t\t\t\t<script>\n\t\t\t\t\tsetREVStartSize({c: 'rev_slider_61_14',rl:[1240,1024,778,480],el:[900],gw:[1240],gh:[900],type:'carousel',justify:'',layout:'fullwidth',mh:\"0\"});if (window.RS_MODULES!==undefined && window.RS_MODULES.modules!==undefined && window.RS_MODULES.modules[\"revslider6114\"]!==undefined) {window.RS_MODULES.modules[\"revslider6114\"].once = false;window.revapi61 = undefined;if (window.RS_MODULES.checkMinimal!==undefined) window.RS_MODULES.checkMinimal()}\n\t\t\t\t<\/script>\n\t\t\t<\/rs-module-wrap>\n\t\t\t<!-- END REVOLUTION SLIDER -->\n<\/div><\/div><\/div><\/div><\/div><div class=\"vc-row-container row-stretch\"><div data-vc-full-width=\"true\"  data-vc-full-width-init=\"false\" class=\"vc_row wpb_row vc_row-fluid\"><div class=\"wpb_column vc_column_container vc_col-sm-12\"><div class=\"vc_column-inner\"><div class=\"wpb_wrapper\"><div class=\"vc_empty_space\"   style=\"height: 100px\"><span class=\"vc_empty_space_inner\"><\/span><\/div><\/div><\/div><\/div><\/div><\/div><div class=\"vc-row-container row-stretch\"><div data-vc-full-width=\"true\"  data-vc-full-width-init=\"false\" class=\"vc_row wpb_row vc_row-fluid\"><div class=\"wpb_column vc_column_container vc_col-sm-12\"><div class=\"vc_column-inner\"><div class=\"wpb_wrapper\">\n\t<div class=\"wpb_text_column wpb_content_element wpb_animate_when_almost_visible wpb_fadeIn fadeIn\" >\n\t\t<div class=\"wpb_wrapper\">\n\t\t\t<h5 style=\"text-align: center;\"><span style=\"color: #e79e47;\">[<\/span>GALER\u00cdA<span style=\"color: #e79e47;\">]<\/span><\/h5>\n\n\t\t<\/div>\n\t<\/div>\n<h1 style=\"text-align: center\" class=\"vc_custom_heading vc_do_custom_heading wpb_animate_when_almost_visible wpb_fadeIn fadeIn\" >Conversatorio \u201cReflexiones de Octubre: Democracia, Memoria y Derechos Humanos\u201d<\/h1><div class=\"vc_separator wpb_content_element vc_separator_align_center vc_sep_width_10 vc_sep_border_width_5 vc_sep_pos_align_center vc_separator_no_text wpb_content_element  wpb_content_element wpb_animate_when_almost_visible wpb_fadeIn fadeIn wpb_animate_when_almost_visible wpb_fadeIn fadeIn\" ><span class=\"vc_sep_holder vc_sep_holder_l\"><span style=\"border-color:#e79e47;\" class=\"vc_sep_line\"><\/span><\/span><span class=\"vc_sep_holder vc_sep_holder_r\"><span style=\"border-color:#e79e47;\" class=\"vc_sep_line\"><\/span><\/span>\n<\/div><div class=\"vc_empty_space\"   style=\"height: 32px\"><span class=\"vc_empty_space_inner\"><\/span><\/div>\n\t\t\t<!-- START Reflexiones de Octubre REVOLUTION SLIDER 6.7.41 --><p class=\"rs-p-wp-fix\"><\/p>\n\t\t\t<rs-module-wrap id=\"rev_slider_60_15_wrapper\" data-source=\"gallery\" style=\"visibility:hidden;background:transparent;padding:0;margin:0px auto;margin-top:0;margin-bottom:0;\">\n\t\t\t\t<rs-module id=\"rev_slider_60_15\" style=\"\" data-version=\"6.7.41\">\n\t\t\t\t\t<rs-slides style=\"overflow: hidden; position: absolute;\">\n\t\t\t\t\t\t<rs-slide style=\"position: absolute;\" data-key=\"rs-765\" data-title=\"Slide\" data-thumb=\"\/\/www.memoriaestadionacional.cl\/wp-content\/uploads\/2024\/10\/IMG_6871-50x100.jpg\" data-in=\"o:0;\" data-out=\"a:false;\">\n\t\t\t\t\t\t\t<img decoding=\"async\" src=\"\/\/www.memoriaestadionacional.cl\/wp-content\/plugins\/revslider\/sr6\/assets\/assets\/dummy.png\" alt=\"\" title=\"Galer\u00eda\" class=\"rev-slidebg tp-rs-img rs-lazyload\" data-lazyload=\"\/\/www.memoriaestadionacional.cl\/wp-content\/uploads\/2024\/10\/IMG_6871.jpg\" data-no-retina>\n<!---->\t\t\t\t\t<\/rs-slide>\n\t\t\t\t\t\t<rs-slide style=\"position: absolute;\" data-key=\"rs-766\" data-title=\"Slide\" data-thumb=\"\/\/www.memoriaestadionacional.cl\/wp-content\/uploads\/2024\/10\/IMG_6872-50x100.jpg\" data-in=\"o:0;\" data-out=\"a:false;\">\n\t\t\t\t\t\t\t<img decoding=\"async\" src=\"\/\/www.memoriaestadionacional.cl\/wp-content\/plugins\/revslider\/sr6\/assets\/assets\/dummy.png\" alt=\"\" title=\"Galer\u00eda\" class=\"rev-slidebg tp-rs-img rs-lazyload\" data-lazyload=\"\/\/www.memoriaestadionacional.cl\/wp-content\/uploads\/2024\/10\/IMG_6872.jpg\" data-no-retina>\n<!---->\t\t\t\t\t<\/rs-slide>\n\t\t\t\t\t\t<rs-slide style=\"position: absolute;\" data-key=\"rs-767\" data-title=\"Slide\" data-thumb=\"\/\/www.memoriaestadionacional.cl\/wp-content\/uploads\/2024\/10\/IMG_6873-50x100.jpg\" data-in=\"o:0;\" data-out=\"a:false;\">\n\t\t\t\t\t\t\t<img decoding=\"async\" src=\"\/\/www.memoriaestadionacional.cl\/wp-content\/plugins\/revslider\/sr6\/assets\/assets\/dummy.png\" alt=\"\" title=\"Galer\u00eda\" class=\"rev-slidebg tp-rs-img rs-lazyload\" data-lazyload=\"\/\/www.memoriaestadionacional.cl\/wp-content\/uploads\/2024\/10\/IMG_6873.jpg\" data-no-retina>\n<!---->\t\t\t\t\t<\/rs-slide>\n\t\t\t\t\t\t<rs-slide style=\"position: absolute;\" data-key=\"rs-768\" data-title=\"Slide\" data-thumb=\"\/\/www.memoriaestadionacional.cl\/wp-content\/uploads\/2024\/10\/IMG_6879-50x100.jpg\" data-in=\"o:0;\" data-out=\"a:false;\">\n\t\t\t\t\t\t\t<img decoding=\"async\" src=\"\/\/www.memoriaestadionacional.cl\/wp-content\/plugins\/revslider\/sr6\/assets\/assets\/dummy.png\" alt=\"\" title=\"Galer\u00eda\" class=\"rev-slidebg tp-rs-img rs-lazyload\" data-lazyload=\"\/\/www.memoriaestadionacional.cl\/wp-content\/uploads\/2024\/10\/IMG_6879.jpg\" data-no-retina>\n<!---->\t\t\t\t\t<\/rs-slide>\n\t\t\t\t\t\t<rs-slide style=\"position: absolute;\" data-key=\"rs-769\" data-title=\"Slide\" data-thumb=\"\/\/www.memoriaestadionacional.cl\/wp-content\/uploads\/2024\/10\/PHOTO-2024-10-19-21-38-05-2-50x100.jpg\" data-in=\"o:0;\" data-out=\"a:false;\">\n\t\t\t\t\t\t\t<img decoding=\"async\" src=\"\/\/www.memoriaestadionacional.cl\/wp-content\/plugins\/revslider\/sr6\/assets\/assets\/dummy.png\" alt=\"\" title=\"Galer\u00eda\" class=\"rev-slidebg tp-rs-img rs-lazyload\" data-lazyload=\"\/\/www.memoriaestadionacional.cl\/wp-content\/uploads\/2024\/10\/PHOTO-2024-10-19-21-38-05-2.jpg\" data-no-retina>\n<!---->\t\t\t\t\t<\/rs-slide>\n\t\t\t\t\t\t<rs-slide style=\"position: absolute;\" data-key=\"rs-770\" data-title=\"Slide\" data-thumb=\"\/\/www.memoriaestadionacional.cl\/wp-content\/uploads\/2024\/10\/PHOTO-2024-10-19-21-38-05-3-50x100.jpg\" data-in=\"o:0;\" data-out=\"a:false;\">\n\t\t\t\t\t\t\t<img decoding=\"async\" src=\"\/\/www.memoriaestadionacional.cl\/wp-content\/plugins\/revslider\/sr6\/assets\/assets\/dummy.png\" alt=\"\" title=\"Galer\u00eda\" class=\"rev-slidebg tp-rs-img rs-lazyload\" data-lazyload=\"\/\/www.memoriaestadionacional.cl\/wp-content\/uploads\/2024\/10\/PHOTO-2024-10-19-21-38-05-3.jpg\" data-no-retina>\n<!---->\t\t\t\t\t<\/rs-slide>\n\t\t\t\t\t\t<rs-slide style=\"position: absolute;\" data-key=\"rs-771\" data-title=\"Slide\" data-thumb=\"\/\/www.memoriaestadionacional.cl\/wp-content\/uploads\/2024\/10\/PHOTO-2024-10-19-21-38-05-50x100.jpg\" data-in=\"o:0;\" data-out=\"a:false;\">\n\t\t\t\t\t\t\t<img decoding=\"async\" src=\"\/\/www.memoriaestadionacional.cl\/wp-content\/plugins\/revslider\/sr6\/assets\/assets\/dummy.png\" alt=\"\" title=\"Galer\u00eda\" class=\"rev-slidebg tp-rs-img rs-lazyload\" data-lazyload=\"\/\/www.memoriaestadionacional.cl\/wp-content\/uploads\/2024\/10\/PHOTO-2024-10-19-21-38-05.jpg\" data-no-retina>\n<!---->\t\t\t\t\t<\/rs-slide>\n\t\t\t\t\t\t<rs-slide style=\"position: absolute;\" data-key=\"rs-772\" data-title=\"Slide\" data-thumb=\"\/\/www.memoriaestadionacional.cl\/wp-content\/uploads\/2024\/10\/PHOTO-2024-10-19-21-38-06-2-50x100.jpg\" data-in=\"o:0;\" data-out=\"a:false;\">\n\t\t\t\t\t\t\t<img decoding=\"async\" src=\"\/\/www.memoriaestadionacional.cl\/wp-content\/plugins\/revslider\/sr6\/assets\/assets\/dummy.png\" alt=\"\" title=\"Galer\u00eda\" class=\"rev-slidebg tp-rs-img rs-lazyload\" data-lazyload=\"\/\/www.memoriaestadionacional.cl\/wp-content\/uploads\/2024\/10\/PHOTO-2024-10-19-21-38-06-2.jpg\" data-no-retina>\n<!---->\t\t\t\t\t<\/rs-slide>\n\t\t\t\t\t\t<rs-slide style=\"position: absolute;\" data-key=\"rs-773\" data-title=\"Slide\" data-thumb=\"\/\/www.memoriaestadionacional.cl\/wp-content\/uploads\/2024\/10\/PHOTO-2024-10-19-21-38-06-3-50x100.jpg\" data-in=\"o:0;\" data-out=\"a:false;\">\n\t\t\t\t\t\t\t<img decoding=\"async\" src=\"\/\/www.memoriaestadionacional.cl\/wp-content\/plugins\/revslider\/sr6\/assets\/assets\/dummy.png\" alt=\"\" title=\"Galer\u00eda\" class=\"rev-slidebg tp-rs-img rs-lazyload\" data-lazyload=\"\/\/www.memoriaestadionacional.cl\/wp-content\/uploads\/2024\/10\/PHOTO-2024-10-19-21-38-06-3.jpg\" data-no-retina>\n<!---->\t\t\t\t\t<\/rs-slide>\n\t\t\t\t\t\t<rs-slide style=\"position: absolute;\" data-key=\"rs-774\" data-title=\"Slide\" data-thumb=\"\/\/www.memoriaestadionacional.cl\/wp-content\/uploads\/2024\/10\/PHOTO-2024-10-19-21-38-06-4-50x100.jpg\" data-in=\"o:0;\" data-out=\"a:false;\">\n\t\t\t\t\t\t\t<img decoding=\"async\" src=\"\/\/www.memoriaestadionacional.cl\/wp-content\/plugins\/revslider\/sr6\/assets\/assets\/dummy.png\" alt=\"\" title=\"Galer\u00eda\" class=\"rev-slidebg tp-rs-img rs-lazyload\" data-lazyload=\"\/\/www.memoriaestadionacional.cl\/wp-content\/uploads\/2024\/10\/PHOTO-2024-10-19-21-38-06-4.jpg\" data-no-retina>\n<!---->\t\t\t\t\t<\/rs-slide>\n\t\t\t\t\t\t<rs-slide style=\"position: absolute;\" data-key=\"rs-775\" data-title=\"Slide\" data-thumb=\"\/\/www.memoriaestadionacional.cl\/wp-content\/uploads\/2024\/10\/PHOTO-2024-10-19-21-38-06-5-50x100.jpg\" data-in=\"o:0;\" data-out=\"a:false;\">\n\t\t\t\t\t\t\t<img decoding=\"async\" src=\"\/\/www.memoriaestadionacional.cl\/wp-content\/plugins\/revslider\/sr6\/assets\/assets\/dummy.png\" alt=\"\" title=\"Galer\u00eda\" class=\"rev-slidebg tp-rs-img rs-lazyload\" data-lazyload=\"\/\/www.memoriaestadionacional.cl\/wp-content\/uploads\/2024\/10\/PHOTO-2024-10-19-21-38-06-5.jpg\" data-no-retina>\n<!---->\t\t\t\t\t<\/rs-slide>\n\t\t\t\t\t\t<rs-slide style=\"position: absolute;\" data-key=\"rs-776\" data-title=\"Slide\" data-thumb=\"\/\/www.memoriaestadionacional.cl\/wp-content\/uploads\/2024\/10\/PHOTO-2024-10-19-21-38-06-50x100.jpg\" data-in=\"o:0;\" data-out=\"a:false;\">\n\t\t\t\t\t\t\t<img decoding=\"async\" src=\"\/\/www.memoriaestadionacional.cl\/wp-content\/plugins\/revslider\/sr6\/assets\/assets\/dummy.png\" alt=\"\" title=\"Galer\u00eda\" class=\"rev-slidebg tp-rs-img rs-lazyload\" data-lazyload=\"\/\/www.memoriaestadionacional.cl\/wp-content\/uploads\/2024\/10\/PHOTO-2024-10-19-21-38-06.jpg\" data-no-retina>\n<!---->\t\t\t\t\t<\/rs-slide>\n\t\t\t\t\t\t<rs-slide style=\"position: absolute;\" data-key=\"rs-777\" data-title=\"Slide\" data-thumb=\"\/\/www.memoriaestadionacional.cl\/wp-content\/uploads\/2024\/10\/PHOTO-2024-10-19-21-38-07-2-50x100.jpg\" data-in=\"o:0;\" data-out=\"a:false;\">\n\t\t\t\t\t\t\t<img decoding=\"async\" src=\"\/\/www.memoriaestadionacional.cl\/wp-content\/plugins\/revslider\/sr6\/assets\/assets\/dummy.png\" alt=\"\" title=\"Galer\u00eda\" class=\"rev-slidebg tp-rs-img rs-lazyload\" data-lazyload=\"\/\/www.memoriaestadionacional.cl\/wp-content\/uploads\/2024\/10\/PHOTO-2024-10-19-21-38-07-2.jpg\" data-no-retina>\n<!---->\t\t\t\t\t<\/rs-slide>\n\t\t\t\t\t\t<rs-slide style=\"position: absolute;\" data-key=\"rs-778\" data-title=\"Slide\" data-thumb=\"\/\/www.memoriaestadionacional.cl\/wp-content\/uploads\/2024\/10\/PHOTO-2024-10-19-21-38-07-3-50x100.jpg\" data-in=\"o:0;\" data-out=\"a:false;\">\n\t\t\t\t\t\t\t<img decoding=\"async\" src=\"\/\/www.memoriaestadionacional.cl\/wp-content\/plugins\/revslider\/sr6\/assets\/assets\/dummy.png\" alt=\"\" title=\"Galer\u00eda\" class=\"rev-slidebg tp-rs-img rs-lazyload\" data-lazyload=\"\/\/www.memoriaestadionacional.cl\/wp-content\/uploads\/2024\/10\/PHOTO-2024-10-19-21-38-07-3.jpg\" data-no-retina>\n<!---->\t\t\t\t\t<\/rs-slide>\n\t\t\t\t\t\t<rs-slide style=\"position: absolute;\" data-key=\"rs-779\" data-title=\"Slide\" data-thumb=\"\/\/www.memoriaestadionacional.cl\/wp-content\/uploads\/2024\/10\/PHOTO-2024-10-19-21-38-07-4-50x100.jpg\" data-in=\"o:0;\" data-out=\"a:false;\">\n\t\t\t\t\t\t\t<img decoding=\"async\" src=\"\/\/www.memoriaestadionacional.cl\/wp-content\/plugins\/revslider\/sr6\/assets\/assets\/dummy.png\" alt=\"\" title=\"Galer\u00eda\" class=\"rev-slidebg tp-rs-img rs-lazyload\" data-lazyload=\"\/\/www.memoriaestadionacional.cl\/wp-content\/uploads\/2024\/10\/PHOTO-2024-10-19-21-38-07-4.jpg\" data-no-retina>\n<!---->\t\t\t\t\t<\/rs-slide>\n\t\t\t\t\t\t<rs-slide style=\"position: absolute;\" data-key=\"rs-780\" data-title=\"Slide\" data-thumb=\"\/\/www.memoriaestadionacional.cl\/wp-content\/uploads\/2024\/10\/PHOTO-2024-10-19-21-38-07-5-50x100.jpg\" data-in=\"o:0;\" data-out=\"a:false;\">\n\t\t\t\t\t\t\t<img decoding=\"async\" src=\"\/\/www.memoriaestadionacional.cl\/wp-content\/plugins\/revslider\/sr6\/assets\/assets\/dummy.png\" alt=\"\" title=\"Galer\u00eda\" class=\"rev-slidebg tp-rs-img rs-lazyload\" data-lazyload=\"\/\/www.memoriaestadionacional.cl\/wp-content\/uploads\/2024\/10\/PHOTO-2024-10-19-21-38-07-5.jpg\" data-no-retina>\n<!---->\t\t\t\t\t<\/rs-slide>\n\t\t\t\t\t\t<rs-slide style=\"position: absolute;\" data-key=\"rs-781\" data-title=\"Slide\" data-thumb=\"\/\/www.memoriaestadionacional.cl\/wp-content\/uploads\/2024\/10\/PHOTO-2024-10-19-21-38-07-6-50x100.jpg\" data-in=\"o:0;\" data-out=\"a:false;\">\n\t\t\t\t\t\t\t<img decoding=\"async\" src=\"\/\/www.memoriaestadionacional.cl\/wp-content\/plugins\/revslider\/sr6\/assets\/assets\/dummy.png\" alt=\"\" title=\"Galer\u00eda\" class=\"rev-slidebg tp-rs-img rs-lazyload\" data-lazyload=\"\/\/www.memoriaestadionacional.cl\/wp-content\/uploads\/2024\/10\/PHOTO-2024-10-19-21-38-07-6.jpg\" data-no-retina>\n<!---->\t\t\t\t\t<\/rs-slide>\n\t\t\t\t\t\t<rs-slide style=\"position: absolute;\" data-key=\"rs-782\" data-title=\"Slide\" data-thumb=\"\/\/www.memoriaestadionacional.cl\/wp-content\/uploads\/2024\/10\/PHOTO-2024-10-19-21-38-07-50x100.jpg\" data-in=\"o:0;\" data-out=\"a:false;\">\n\t\t\t\t\t\t\t<img decoding=\"async\" src=\"\/\/www.memoriaestadionacional.cl\/wp-content\/plugins\/revslider\/sr6\/assets\/assets\/dummy.png\" alt=\"\" title=\"Galer\u00eda\" class=\"rev-slidebg tp-rs-img rs-lazyload\" data-lazyload=\"\/\/www.memoriaestadionacional.cl\/wp-content\/uploads\/2024\/10\/PHOTO-2024-10-19-21-38-07.jpg\" data-no-retina>\n<!---->\t\t\t\t\t<\/rs-slide>\n\t\t\t\t\t\t<rs-slide style=\"position: absolute;\" data-key=\"rs-783\" data-title=\"Slide\" data-thumb=\"\/\/www.memoriaestadionacional.cl\/wp-content\/uploads\/2024\/10\/PHOTO-2024-10-19-21-38-08-2-50x100.jpg\" data-in=\"o:0;\" data-out=\"a:false;\">\n\t\t\t\t\t\t\t<img decoding=\"async\" src=\"\/\/www.memoriaestadionacional.cl\/wp-content\/plugins\/revslider\/sr6\/assets\/assets\/dummy.png\" alt=\"\" title=\"Galer\u00eda\" class=\"rev-slidebg tp-rs-img rs-lazyload\" data-lazyload=\"\/\/www.memoriaestadionacional.cl\/wp-content\/uploads\/2024\/10\/PHOTO-2024-10-19-21-38-08-2.jpg\" data-no-retina>\n<!---->\t\t\t\t\t<\/rs-slide>\n\t\t\t\t\t\t<rs-slide style=\"position: absolute;\" data-key=\"rs-784\" data-title=\"Slide\" data-thumb=\"\/\/www.memoriaestadionacional.cl\/wp-content\/uploads\/2024\/10\/PHOTO-2024-10-19-21-38-08-3-50x100.jpg\" data-in=\"o:0;\" data-out=\"a:false;\">\n\t\t\t\t\t\t\t<img decoding=\"async\" src=\"\/\/www.memoriaestadionacional.cl\/wp-content\/plugins\/revslider\/sr6\/assets\/assets\/dummy.png\" alt=\"\" title=\"Galer\u00eda\" class=\"rev-slidebg tp-rs-img rs-lazyload\" data-lazyload=\"\/\/www.memoriaestadionacional.cl\/wp-content\/uploads\/2024\/10\/PHOTO-2024-10-19-21-38-08-3.jpg\" data-no-retina>\n<!---->\t\t\t\t\t<\/rs-slide>\n\t\t\t\t\t\t<rs-slide style=\"position: absolute;\" data-key=\"rs-785\" data-title=\"Slide\" data-thumb=\"\/\/www.memoriaestadionacional.cl\/wp-content\/uploads\/2024\/10\/PHOTO-2024-10-19-21-38-08-50x100.jpg\" data-in=\"o:0;\" data-out=\"a:false;\">\n\t\t\t\t\t\t\t<img decoding=\"async\" src=\"\/\/www.memoriaestadionacional.cl\/wp-content\/plugins\/revslider\/sr6\/assets\/assets\/dummy.png\" alt=\"\" title=\"Galer\u00eda\" class=\"rev-slidebg tp-rs-img rs-lazyload\" data-lazyload=\"\/\/www.memoriaestadionacional.cl\/wp-content\/uploads\/2024\/10\/PHOTO-2024-10-19-21-38-08.jpg\" data-no-retina>\n<!---->\t\t\t\t\t<\/rs-slide>\n\t\t\t\t\t<\/rs-slides>\n\t\t\t\t<\/rs-module>\n\t\t\t\t<script>\n\t\t\t\t\tsetREVStartSize({c: 'rev_slider_60_15',rl:[1240,1024,778,480],el:[900],gw:[1240],gh:[900],type:'carousel',justify:'',layout:'fullwidth',mh:\"0\"});if (window.RS_MODULES!==undefined && window.RS_MODULES.modules!==undefined && window.RS_MODULES.modules[\"revslider6015\"]!==undefined) {window.RS_MODULES.modules[\"revslider6015\"].once = false;window.revapi60 = undefined;if (window.RS_MODULES.checkMinimal!==undefined) window.RS_MODULES.checkMinimal()}\n\t\t\t\t<\/script>\n\t\t\t<\/rs-module-wrap>\n\t\t\t<!-- END REVOLUTION SLIDER -->\n<\/div><\/div><\/div><\/div><\/div><div class=\"vc-row-container row-stretch\"><div data-vc-full-width=\"true\"  data-vc-full-width-init=\"false\" class=\"vc_row wpb_row vc_row-fluid\"><div class=\"wpb_column vc_column_container vc_col-sm-12\"><div class=\"vc_column-inner\"><div class=\"wpb_wrapper\"><div class=\"vc_empty_space\"   style=\"height: 100px\"><span class=\"vc_empty_space_inner\"><\/span><\/div><\/div><\/div><\/div><\/div><\/div><div class=\"vc-row-container row-stretch\"><div data-vc-full-width=\"true\"  data-vc-full-width-init=\"false\" class=\"vc_row wpb_row vc_row-fluid\"><div class=\"wpb_column vc_column_container vc_col-sm-12\"><div class=\"vc_column-inner\"><div class=\"wpb_wrapper\">\n\t<div class=\"wpb_text_column wpb_content_element wpb_animate_when_almost_visible wpb_fadeIn fadeIn\" >\n\t\t<div class=\"wpb_wrapper\">\n\t\t\t<h5 style=\"text-align: center;\"><span style=\"color: #e79e47;\">[<\/span>GALER\u00cdA<span style=\"color: #e79e47;\">]<\/span><\/h5>\n\n\t\t<\/div>\n\t<\/div>\n<h1 style=\"text-align: center\" class=\"vc_custom_heading vc_do_custom_heading wpb_animate_when_almost_visible wpb_fadeIn fadeIn\" >Recorridos de la Memoria Septiembre 2024<\/h1><div class=\"vc_separator wpb_content_element vc_separator_align_center vc_sep_width_10 vc_sep_border_width_5 vc_sep_pos_align_center vc_separator_no_text wpb_content_element  wpb_content_element wpb_animate_when_almost_visible wpb_fadeIn fadeIn wpb_animate_when_almost_visible wpb_fadeIn fadeIn\" ><span class=\"vc_sep_holder vc_sep_holder_l\"><span style=\"border-color:#e79e47;\" class=\"vc_sep_line\"><\/span><\/span><span class=\"vc_sep_holder vc_sep_holder_r\"><span style=\"border-color:#e79e47;\" class=\"vc_sep_line\"><\/span><\/span>\n<\/div><div class=\"vc_empty_space\"   style=\"height: 32px\"><span class=\"vc_empty_space_inner\"><\/span><\/div>\n\t\t\t<!-- START Recorridos septiembre 2024 REVOLUTION SLIDER 6.7.41 --><p class=\"rs-p-wp-fix\"><\/p>\n\t\t\t<rs-module-wrap id=\"rev_slider_59_16_wrapper\" data-source=\"gallery\" style=\"visibility:hidden;background:transparent;padding:0;margin:0px auto;margin-top:0;margin-bottom:0;\">\n\t\t\t\t<rs-module id=\"rev_slider_59_16\" style=\"\" data-version=\"6.7.41\">\n\t\t\t\t\t<rs-slides style=\"overflow: hidden; position: absolute;\">\n\t\t\t\t\t\t<rs-slide style=\"position: absolute;\" data-key=\"rs-730\" data-title=\"Slide\" data-thumb=\"\/\/www.memoriaestadionacional.cl\/wp-content\/uploads\/2024\/09\/PHOTO-2024-09-02-16-40-40-50x100.jpg\" data-in=\"o:0;\" data-out=\"a:false;\">\n\t\t\t\t\t\t\t<img decoding=\"async\" src=\"\/\/www.memoriaestadionacional.cl\/wp-content\/plugins\/revslider\/sr6\/assets\/assets\/dummy.png\" alt=\"\" title=\"Galer\u00eda\" class=\"rev-slidebg tp-rs-img rs-lazyload\" data-lazyload=\"\/\/www.memoriaestadionacional.cl\/wp-content\/uploads\/2024\/09\/PHOTO-2024-09-02-16-40-40.jpg\" data-no-retina>\n<!---->\t\t\t\t\t<\/rs-slide>\n\t\t\t\t\t\t<rs-slide style=\"position: absolute;\" data-key=\"rs-731\" data-title=\"Slide\" data-thumb=\"\/\/www.memoriaestadionacional.cl\/wp-content\/uploads\/2024\/09\/PHOTO-2024-09-02-16-51-22-50x100.jpg\" data-in=\"o:0;\" data-out=\"a:false;\">\n\t\t\t\t\t\t\t<img decoding=\"async\" src=\"\/\/www.memoriaestadionacional.cl\/wp-content\/plugins\/revslider\/sr6\/assets\/assets\/dummy.png\" alt=\"\" title=\"Galer\u00eda\" class=\"rev-slidebg tp-rs-img rs-lazyload\" data-lazyload=\"\/\/www.memoriaestadionacional.cl\/wp-content\/uploads\/2024\/09\/PHOTO-2024-09-02-16-51-22.jpg\" data-no-retina>\n<!---->\t\t\t\t\t<\/rs-slide>\n\t\t\t\t\t\t<rs-slide style=\"position: absolute;\" data-key=\"rs-732\" data-title=\"Slide\" data-thumb=\"\/\/www.memoriaestadionacional.cl\/wp-content\/uploads\/2024\/09\/PHOTO-2024-09-03-20-24-35-50x100.jpg\" data-in=\"o:0;\" data-out=\"a:false;\">\n\t\t\t\t\t\t\t<img decoding=\"async\" src=\"\/\/www.memoriaestadionacional.cl\/wp-content\/plugins\/revslider\/sr6\/assets\/assets\/dummy.png\" alt=\"\" title=\"Galer\u00eda\" class=\"rev-slidebg tp-rs-img rs-lazyload\" data-lazyload=\"\/\/www.memoriaestadionacional.cl\/wp-content\/uploads\/2024\/09\/PHOTO-2024-09-03-20-24-35.jpg\" data-no-retina>\n<!---->\t\t\t\t\t<\/rs-slide>\n\t\t\t\t\t\t<rs-slide style=\"position: absolute;\" data-key=\"rs-733\" data-title=\"Slide\" data-thumb=\"\/\/www.memoriaestadionacional.cl\/wp-content\/uploads\/2024\/09\/PHOTO-2024-09-03-20-24-36-50x100.jpg\" data-in=\"o:0;\" data-out=\"a:false;\">\n\t\t\t\t\t\t\t<img decoding=\"async\" src=\"\/\/www.memoriaestadionacional.cl\/wp-content\/plugins\/revslider\/sr6\/assets\/assets\/dummy.png\" alt=\"\" title=\"Galer\u00eda\" class=\"rev-slidebg tp-rs-img rs-lazyload\" data-lazyload=\"\/\/www.memoriaestadionacional.cl\/wp-content\/uploads\/2024\/09\/PHOTO-2024-09-03-20-24-36.jpg\" data-no-retina>\n<!---->\t\t\t\t\t<\/rs-slide>\n\t\t\t\t\t\t<rs-slide style=\"position: absolute;\" data-key=\"rs-734\" data-title=\"Slide\" data-thumb=\"\/\/www.memoriaestadionacional.cl\/wp-content\/uploads\/2024\/09\/PHOTO-2024-09-04-08-43-14-50x100.jpg\" data-in=\"o:0;\" data-out=\"a:false;\">\n\t\t\t\t\t\t\t<img decoding=\"async\" src=\"\/\/www.memoriaestadionacional.cl\/wp-content\/plugins\/revslider\/sr6\/assets\/assets\/dummy.png\" alt=\"\" title=\"Galer\u00eda\" class=\"rev-slidebg tp-rs-img rs-lazyload\" data-lazyload=\"\/\/www.memoriaestadionacional.cl\/wp-content\/uploads\/2024\/09\/PHOTO-2024-09-04-08-43-14.jpg\" data-no-retina>\n<!---->\t\t\t\t\t<\/rs-slide>\n\t\t\t\t\t\t<rs-slide style=\"position: absolute;\" data-key=\"rs-735\" data-title=\"Slide\" data-thumb=\"\/\/www.memoriaestadionacional.cl\/wp-content\/uploads\/2024\/09\/PHOTO-2024-09-04-14-13-11-50x100.jpg\" data-in=\"o:0;\" data-out=\"a:false;\">\n\t\t\t\t\t\t\t<img decoding=\"async\" src=\"\/\/www.memoriaestadionacional.cl\/wp-content\/plugins\/revslider\/sr6\/assets\/assets\/dummy.png\" alt=\"\" title=\"Galer\u00eda\" class=\"rev-slidebg tp-rs-img rs-lazyload\" data-lazyload=\"\/\/www.memoriaestadionacional.cl\/wp-content\/uploads\/2024\/09\/PHOTO-2024-09-04-14-13-11.jpg\" data-no-retina>\n<!---->\t\t\t\t\t<\/rs-slide>\n\t\t\t\t\t\t<rs-slide style=\"position: absolute;\" data-key=\"rs-736\" data-title=\"Slide\" data-thumb=\"\/\/www.memoriaestadionacional.cl\/wp-content\/uploads\/2024\/09\/PHOTO-2024-09-04-14-13-17-50x100.jpg\" data-in=\"o:0;\" data-out=\"a:false;\">\n\t\t\t\t\t\t\t<img decoding=\"async\" src=\"\/\/www.memoriaestadionacional.cl\/wp-content\/plugins\/revslider\/sr6\/assets\/assets\/dummy.png\" alt=\"\" title=\"Galer\u00eda\" class=\"rev-slidebg tp-rs-img rs-lazyload\" data-lazyload=\"\/\/www.memoriaestadionacional.cl\/wp-content\/uploads\/2024\/09\/PHOTO-2024-09-04-14-13-17.jpg\" data-no-retina>\n<!---->\t\t\t\t\t<\/rs-slide>\n\t\t\t\t\t\t<rs-slide style=\"position: absolute;\" data-key=\"rs-737\" data-title=\"Slide\" data-thumb=\"\/\/www.memoriaestadionacional.cl\/wp-content\/uploads\/2024\/09\/PHOTO-2024-09-05-13-21-57-50x100.jpg\" data-in=\"o:0;\" data-out=\"a:false;\">\n\t\t\t\t\t\t\t<img decoding=\"async\" src=\"\/\/www.memoriaestadionacional.cl\/wp-content\/plugins\/revslider\/sr6\/assets\/assets\/dummy.png\" alt=\"\" title=\"Galer\u00eda\" class=\"rev-slidebg tp-rs-img rs-lazyload\" data-lazyload=\"\/\/www.memoriaestadionacional.cl\/wp-content\/uploads\/2024\/09\/PHOTO-2024-09-05-13-21-57.jpg\" data-no-retina>\n<!---->\t\t\t\t\t<\/rs-slide>\n\t\t\t\t\t\t<rs-slide style=\"position: absolute;\" data-key=\"rs-738\" data-title=\"Slide\" data-thumb=\"\/\/www.memoriaestadionacional.cl\/wp-content\/uploads\/2024\/09\/PHOTO-2024-09-06-14-47-56-50x100.jpg\" data-in=\"o:0;\" data-out=\"a:false;\">\n\t\t\t\t\t\t\t<img decoding=\"async\" src=\"\/\/www.memoriaestadionacional.cl\/wp-content\/plugins\/revslider\/sr6\/assets\/assets\/dummy.png\" alt=\"\" title=\"Galer\u00eda\" class=\"rev-slidebg tp-rs-img rs-lazyload\" data-lazyload=\"\/\/www.memoriaestadionacional.cl\/wp-content\/uploads\/2024\/09\/PHOTO-2024-09-06-14-47-56.jpg\" data-no-retina>\n<!---->\t\t\t\t\t<\/rs-slide>\n\t\t\t\t\t\t<rs-slide style=\"position: absolute;\" data-key=\"rs-739\" data-title=\"Slide\" data-thumb=\"\/\/www.memoriaestadionacional.cl\/wp-content\/uploads\/2024\/09\/PHOTO-2024-09-06-14-47-57-50x100.jpg\" data-in=\"o:0;\" data-out=\"a:false;\">\n\t\t\t\t\t\t\t<img decoding=\"async\" src=\"\/\/www.memoriaestadionacional.cl\/wp-content\/plugins\/revslider\/sr6\/assets\/assets\/dummy.png\" alt=\"\" title=\"Galer\u00eda\" class=\"rev-slidebg tp-rs-img rs-lazyload\" data-lazyload=\"\/\/www.memoriaestadionacional.cl\/wp-content\/uploads\/2024\/09\/PHOTO-2024-09-06-14-47-57.jpg\" data-no-retina>\n<!---->\t\t\t\t\t<\/rs-slide>\n\t\t\t\t\t\t<rs-slide style=\"position: absolute;\" data-key=\"rs-740\" data-title=\"Slide\" data-thumb=\"\/\/www.memoriaestadionacional.cl\/wp-content\/uploads\/2024\/09\/PHOTO-2024-09-06-14-56-24-50x100.jpg\" data-in=\"o:0;\" data-out=\"a:false;\">\n\t\t\t\t\t\t\t<img decoding=\"async\" src=\"\/\/www.memoriaestadionacional.cl\/wp-content\/plugins\/revslider\/sr6\/assets\/assets\/dummy.png\" alt=\"\" title=\"Galer\u00eda\" class=\"rev-slidebg tp-rs-img rs-lazyload\" data-lazyload=\"\/\/www.memoriaestadionacional.cl\/wp-content\/uploads\/2024\/09\/PHOTO-2024-09-06-14-56-24.jpg\" data-no-retina>\n<!---->\t\t\t\t\t<\/rs-slide>\n\t\t\t\t\t\t<rs-slide style=\"position: absolute;\" data-key=\"rs-741\" data-title=\"Slide\" data-thumb=\"\/\/www.memoriaestadionacional.cl\/wp-content\/uploads\/2024\/09\/PHOTO-2024-09-06-15-11-15-50x100.jpg\" data-in=\"o:0;\" data-out=\"a:false;\">\n\t\t\t\t\t\t\t<img decoding=\"async\" src=\"\/\/www.memoriaestadionacional.cl\/wp-content\/plugins\/revslider\/sr6\/assets\/assets\/dummy.png\" alt=\"\" title=\"Galer\u00eda\" class=\"rev-slidebg tp-rs-img rs-lazyload\" data-lazyload=\"\/\/www.memoriaestadionacional.cl\/wp-content\/uploads\/2024\/09\/PHOTO-2024-09-06-15-11-15.jpg\" data-no-retina>\n<!---->\t\t\t\t\t<\/rs-slide>\n\t\t\t\t\t\t<rs-slide style=\"position: absolute;\" data-key=\"rs-742\" data-title=\"Slide\" data-thumb=\"\/\/www.memoriaestadionacional.cl\/wp-content\/uploads\/2024\/09\/PHOTO-2024-09-09-15-14-53-50x100.jpg\" data-in=\"o:0;\" data-out=\"a:false;\">\n\t\t\t\t\t\t\t<img decoding=\"async\" src=\"\/\/www.memoriaestadionacional.cl\/wp-content\/plugins\/revslider\/sr6\/assets\/assets\/dummy.png\" alt=\"\" title=\"Galer\u00eda\" class=\"rev-slidebg tp-rs-img rs-lazyload\" data-lazyload=\"\/\/www.memoriaestadionacional.cl\/wp-content\/uploads\/2024\/09\/PHOTO-2024-09-09-15-14-53.jpg\" data-no-retina>\n<!---->\t\t\t\t\t<\/rs-slide>\n\t\t\t\t\t\t<rs-slide style=\"position: absolute;\" data-key=\"rs-743\" data-title=\"Slide\" data-thumb=\"\/\/www.memoriaestadionacional.cl\/wp-content\/uploads\/2024\/09\/PHOTO-2024-09-09-15-15-27-50x100.jpg\" data-in=\"o:0;\" data-out=\"a:false;\">\n\t\t\t\t\t\t\t<img decoding=\"async\" src=\"\/\/www.memoriaestadionacional.cl\/wp-content\/plugins\/revslider\/sr6\/assets\/assets\/dummy.png\" alt=\"\" title=\"Galer\u00eda\" class=\"rev-slidebg tp-rs-img rs-lazyload\" data-lazyload=\"\/\/www.memoriaestadionacional.cl\/wp-content\/uploads\/2024\/09\/PHOTO-2024-09-09-15-15-27.jpg\" data-no-retina>\n<!---->\t\t\t\t\t<\/rs-slide>\n\t\t\t\t\t\t<rs-slide style=\"position: absolute;\" data-key=\"rs-744\" data-title=\"Slide\" data-thumb=\"\/\/www.memoriaestadionacional.cl\/wp-content\/uploads\/2024\/09\/PHOTO-2024-09-09-15-15-28-50x100.jpg\" data-in=\"o:0;\" data-out=\"a:false;\">\n\t\t\t\t\t\t\t<img decoding=\"async\" src=\"\/\/www.memoriaestadionacional.cl\/wp-content\/plugins\/revslider\/sr6\/assets\/assets\/dummy.png\" alt=\"\" title=\"Galer\u00eda\" class=\"rev-slidebg tp-rs-img rs-lazyload\" data-lazyload=\"\/\/www.memoriaestadionacional.cl\/wp-content\/uploads\/2024\/09\/PHOTO-2024-09-09-15-15-28.jpg\" data-no-retina>\n<!---->\t\t\t\t\t<\/rs-slide>\n\t\t\t\t\t\t<rs-slide style=\"position: absolute;\" data-key=\"rs-745\" data-title=\"Slide\" data-thumb=\"\/\/www.memoriaestadionacional.cl\/wp-content\/uploads\/2024\/09\/PHOTO-2024-09-09-19-18-15-50x100.jpg\" data-in=\"o:0;\" data-out=\"a:false;\">\n\t\t\t\t\t\t\t<img decoding=\"async\" src=\"\/\/www.memoriaestadionacional.cl\/wp-content\/plugins\/revslider\/sr6\/assets\/assets\/dummy.png\" alt=\"\" title=\"Galer\u00eda\" class=\"rev-slidebg tp-rs-img rs-lazyload\" data-lazyload=\"\/\/www.memoriaestadionacional.cl\/wp-content\/uploads\/2024\/09\/PHOTO-2024-09-09-19-18-15.jpg\" data-no-retina>\n<!---->\t\t\t\t\t<\/rs-slide>\n\t\t\t\t\t\t<rs-slide style=\"position: absolute;\" data-key=\"rs-746\" data-title=\"Slide\" data-thumb=\"\/\/www.memoriaestadionacional.cl\/wp-content\/uploads\/2024\/09\/PHOTO-2024-09-12-14-00-58-2-50x100.jpg\" data-in=\"o:0;\" data-out=\"a:false;\">\n\t\t\t\t\t\t\t<img decoding=\"async\" src=\"\/\/www.memoriaestadionacional.cl\/wp-content\/plugins\/revslider\/sr6\/assets\/assets\/dummy.png\" alt=\"\" title=\"Galer\u00eda\" class=\"rev-slidebg tp-rs-img rs-lazyload\" data-lazyload=\"\/\/www.memoriaestadionacional.cl\/wp-content\/uploads\/2024\/09\/PHOTO-2024-09-12-14-00-58-2.jpg\" data-no-retina>\n<!---->\t\t\t\t\t<\/rs-slide>\n\t\t\t\t\t\t<rs-slide style=\"position: absolute;\" data-key=\"rs-747\" data-title=\"Slide\" data-thumb=\"\/\/www.memoriaestadionacional.cl\/wp-content\/uploads\/2024\/09\/PHOTO-2024-09-12-14-00-58-50x100.jpg\" data-in=\"o:0;\" data-out=\"a:false;\">\n\t\t\t\t\t\t\t<img decoding=\"async\" src=\"\/\/www.memoriaestadionacional.cl\/wp-content\/plugins\/revslider\/sr6\/assets\/assets\/dummy.png\" alt=\"\" title=\"Galer\u00eda\" class=\"rev-slidebg tp-rs-img rs-lazyload\" data-lazyload=\"\/\/www.memoriaestadionacional.cl\/wp-content\/uploads\/2024\/09\/PHOTO-2024-09-12-14-00-58.jpg\" data-no-retina>\n<!---->\t\t\t\t\t<\/rs-slide>\n\t\t\t\t\t\t<rs-slide style=\"position: absolute;\" data-key=\"rs-748\" data-title=\"Slide\" data-thumb=\"\/\/www.memoriaestadionacional.cl\/wp-content\/uploads\/2024\/09\/PHOTO-2024-09-12-14-38-45-50x100.jpg\" data-in=\"o:0;\" data-out=\"a:false;\">\n\t\t\t\t\t\t\t<img decoding=\"async\" src=\"\/\/www.memoriaestadionacional.cl\/wp-content\/plugins\/revslider\/sr6\/assets\/assets\/dummy.png\" alt=\"\" title=\"Galer\u00eda\" class=\"rev-slidebg tp-rs-img rs-lazyload\" data-lazyload=\"\/\/www.memoriaestadionacional.cl\/wp-content\/uploads\/2024\/09\/PHOTO-2024-09-12-14-38-45.jpg\" data-no-retina>\n<!---->\t\t\t\t\t<\/rs-slide>\n\t\t\t\t\t\t<rs-slide style=\"position: absolute;\" data-key=\"rs-749\" data-title=\"Slide\" data-thumb=\"\/\/www.memoriaestadionacional.cl\/wp-content\/uploads\/2024\/09\/PHOTO-2024-09-12-14-38-46-50x100.jpg\" data-in=\"o:0;\" data-out=\"a:false;\">\n\t\t\t\t\t\t\t<img decoding=\"async\" src=\"\/\/www.memoriaestadionacional.cl\/wp-content\/plugins\/revslider\/sr6\/assets\/assets\/dummy.png\" alt=\"\" title=\"Galer\u00eda\" class=\"rev-slidebg tp-rs-img rs-lazyload\" data-lazyload=\"\/\/www.memoriaestadionacional.cl\/wp-content\/uploads\/2024\/09\/PHOTO-2024-09-12-14-38-46.jpg\" data-no-retina>\n<!---->\t\t\t\t\t<\/rs-slide>\n\t\t\t\t\t\t<rs-slide style=\"position: absolute;\" data-key=\"rs-750\" data-title=\"Slide\" data-thumb=\"\/\/www.memoriaestadionacional.cl\/wp-content\/uploads\/2024\/09\/PHOTO-2024-09-13-19-14-58-50x100.jpg\" data-in=\"o:0;\" data-out=\"a:false;\">\n\t\t\t\t\t\t\t<img decoding=\"async\" src=\"\/\/www.memoriaestadionacional.cl\/wp-content\/plugins\/revslider\/sr6\/assets\/assets\/dummy.png\" alt=\"\" title=\"Galer\u00eda\" class=\"rev-slidebg tp-rs-img rs-lazyload\" data-lazyload=\"\/\/www.memoriaestadionacional.cl\/wp-content\/uploads\/2024\/09\/PHOTO-2024-09-13-19-14-58.jpg\" data-no-retina>\n<!---->\t\t\t\t\t<\/rs-slide>\n\t\t\t\t\t\t<rs-slide style=\"position: absolute;\" data-key=\"rs-751\" data-title=\"Slide\" data-thumb=\"\/\/www.memoriaestadionacional.cl\/wp-content\/uploads\/2024\/09\/PHOTO-2024-09-23-14-58-42-50x100.jpg\" data-in=\"o:0;\" data-out=\"a:false;\">\n\t\t\t\t\t\t\t<img decoding=\"async\" src=\"\/\/www.memoriaestadionacional.cl\/wp-content\/plugins\/revslider\/sr6\/assets\/assets\/dummy.png\" alt=\"\" title=\"Galer\u00eda\" class=\"rev-slidebg tp-rs-img rs-lazyload\" data-lazyload=\"\/\/www.memoriaestadionacional.cl\/wp-content\/uploads\/2024\/09\/PHOTO-2024-09-23-14-58-42.jpg\" data-no-retina>\n<!---->\t\t\t\t\t<\/rs-slide>\n\t\t\t\t\t\t<rs-slide style=\"position: absolute;\" data-key=\"rs-752\" data-title=\"Slide\" data-thumb=\"\/\/www.memoriaestadionacional.cl\/wp-content\/uploads\/2024\/09\/PHOTO-2024-09-23-15-07-05-50x100.jpg\" data-in=\"o:0;\" data-out=\"a:false;\">\n\t\t\t\t\t\t\t<img decoding=\"async\" src=\"\/\/www.memoriaestadionacional.cl\/wp-content\/plugins\/revslider\/sr6\/assets\/assets\/dummy.png\" alt=\"\" title=\"Galer\u00eda\" class=\"rev-slidebg tp-rs-img rs-lazyload\" data-lazyload=\"\/\/www.memoriaestadionacional.cl\/wp-content\/uploads\/2024\/09\/PHOTO-2024-09-23-15-07-05.jpg\" data-no-retina>\n<!---->\t\t\t\t\t<\/rs-slide>\n\t\t\t\t\t\t<rs-slide style=\"position: absolute;\" data-key=\"rs-753\" data-title=\"Slide\" data-thumb=\"\/\/www.memoriaestadionacional.cl\/wp-content\/uploads\/2024\/09\/PHOTO-2024-09-24-13-47-52-50x100.jpg\" data-in=\"o:0;\" data-out=\"a:false;\">\n\t\t\t\t\t\t\t<img decoding=\"async\" src=\"\/\/www.memoriaestadionacional.cl\/wp-content\/plugins\/revslider\/sr6\/assets\/assets\/dummy.png\" alt=\"\" title=\"Galer\u00eda\" class=\"rev-slidebg tp-rs-img rs-lazyload\" data-lazyload=\"\/\/www.memoriaestadionacional.cl\/wp-content\/uploads\/2024\/09\/PHOTO-2024-09-24-13-47-52.jpg\" data-no-retina>\n<!---->\t\t\t\t\t<\/rs-slide>\n\t\t\t\t\t\t<rs-slide style=\"position: absolute;\" data-key=\"rs-754\" data-title=\"Slide\" data-thumb=\"\/\/www.memoriaestadionacional.cl\/wp-content\/uploads\/2024\/09\/PHOTO-2024-09-24-13-47-54-2-50x100.jpg\" data-in=\"o:0;\" data-out=\"a:false;\">\n\t\t\t\t\t\t\t<img decoding=\"async\" src=\"\/\/www.memoriaestadionacional.cl\/wp-content\/plugins\/revslider\/sr6\/assets\/assets\/dummy.png\" alt=\"\" title=\"Galer\u00eda\" class=\"rev-slidebg tp-rs-img rs-lazyload\" data-lazyload=\"\/\/www.memoriaestadionacional.cl\/wp-content\/uploads\/2024\/09\/PHOTO-2024-09-24-13-47-54-2.jpg\" data-no-retina>\n<!---->\t\t\t\t\t<\/rs-slide>\n\t\t\t\t\t\t<rs-slide style=\"position: absolute;\" data-key=\"rs-755\" data-title=\"Slide\" data-thumb=\"\/\/www.memoriaestadionacional.cl\/wp-content\/uploads\/2024\/09\/PHOTO-2024-09-24-13-47-54-50x100.jpg\" data-in=\"o:0;\" data-out=\"a:false;\">\n\t\t\t\t\t\t\t<img decoding=\"async\" src=\"\/\/www.memoriaestadionacional.cl\/wp-content\/plugins\/revslider\/sr6\/assets\/assets\/dummy.png\" alt=\"\" title=\"Galer\u00eda\" class=\"rev-slidebg tp-rs-img rs-lazyload\" data-lazyload=\"\/\/www.memoriaestadionacional.cl\/wp-content\/uploads\/2024\/09\/PHOTO-2024-09-24-13-47-54.jpg\" data-no-retina>\n<!---->\t\t\t\t\t<\/rs-slide>\n\t\t\t\t\t\t<rs-slide style=\"position: absolute;\" data-key=\"rs-756\" data-title=\"Slide\" data-thumb=\"\/\/www.memoriaestadionacional.cl\/wp-content\/uploads\/2024\/09\/PHOTO-2024-09-24-13-47-55-50x100.jpg\" data-in=\"o:0;\" data-out=\"a:false;\">\n\t\t\t\t\t\t\t<img decoding=\"async\" src=\"\/\/www.memoriaestadionacional.cl\/wp-content\/plugins\/revslider\/sr6\/assets\/assets\/dummy.png\" alt=\"\" title=\"Galer\u00eda\" class=\"rev-slidebg tp-rs-img rs-lazyload\" data-lazyload=\"\/\/www.memoriaestadionacional.cl\/wp-content\/uploads\/2024\/09\/PHOTO-2024-09-24-13-47-55.jpg\" data-no-retina>\n<!---->\t\t\t\t\t<\/rs-slide>\n\t\t\t\t\t\t<rs-slide style=\"position: absolute;\" data-key=\"rs-757\" data-title=\"Slide\" data-thumb=\"\/\/www.memoriaestadionacional.cl\/wp-content\/uploads\/2024\/09\/PHOTO-2024-09-24-14-53-19-50x100.jpg\" data-in=\"o:0;\" data-out=\"a:false;\">\n\t\t\t\t\t\t\t<img decoding=\"async\" src=\"\/\/www.memoriaestadionacional.cl\/wp-content\/plugins\/revslider\/sr6\/assets\/assets\/dummy.png\" alt=\"\" title=\"Galer\u00eda\" class=\"rev-slidebg tp-rs-img rs-lazyload\" data-lazyload=\"\/\/www.memoriaestadionacional.cl\/wp-content\/uploads\/2024\/09\/PHOTO-2024-09-24-14-53-19.jpg\" data-no-retina>\n<!---->\t\t\t\t\t<\/rs-slide>\n\t\t\t\t\t\t<rs-slide style=\"position: absolute;\" data-key=\"rs-758\" data-title=\"Slide\" data-thumb=\"\/\/www.memoriaestadionacional.cl\/wp-content\/uploads\/2024\/09\/PHOTO-2024-09-25-10-40-19-50x100.jpg\" data-in=\"o:0;\" data-out=\"a:false;\">\n\t\t\t\t\t\t\t<img decoding=\"async\" src=\"\/\/www.memoriaestadionacional.cl\/wp-content\/plugins\/revslider\/sr6\/assets\/assets\/dummy.png\" alt=\"\" title=\"Galer\u00eda\" class=\"rev-slidebg tp-rs-img rs-lazyload\" data-lazyload=\"\/\/www.memoriaestadionacional.cl\/wp-content\/uploads\/2024\/09\/PHOTO-2024-09-25-10-40-19.jpg\" data-no-retina>\n<!---->\t\t\t\t\t<\/rs-slide>\n\t\t\t\t\t\t<rs-slide style=\"position: absolute;\" data-key=\"rs-759\" data-title=\"Slide\" data-thumb=\"\/\/www.memoriaestadionacional.cl\/wp-content\/uploads\/2024\/09\/PHOTO-2024-09-25-10-40-34-50x100.jpg\" data-in=\"o:0;\" data-out=\"a:false;\">\n\t\t\t\t\t\t\t<img decoding=\"async\" src=\"\/\/www.memoriaestadionacional.cl\/wp-content\/plugins\/revslider\/sr6\/assets\/assets\/dummy.png\" alt=\"\" title=\"Galer\u00eda\" class=\"rev-slidebg tp-rs-img rs-lazyload\" data-lazyload=\"\/\/www.memoriaestadionacional.cl\/wp-content\/uploads\/2024\/09\/PHOTO-2024-09-25-10-40-34.jpg\" data-no-retina>\n<!---->\t\t\t\t\t<\/rs-slide>\n\t\t\t\t\t\t<rs-slide style=\"position: absolute;\" data-key=\"rs-760\" data-title=\"Slide\" data-thumb=\"\/\/www.memoriaestadionacional.cl\/wp-content\/uploads\/2024\/09\/PHOTO-2024-09-25-12-54-01-50x100.jpg\" data-in=\"o:0;\" data-out=\"a:false;\">\n\t\t\t\t\t\t\t<img decoding=\"async\" src=\"\/\/www.memoriaestadionacional.cl\/wp-content\/plugins\/revslider\/sr6\/assets\/assets\/dummy.png\" alt=\"\" title=\"Galer\u00eda\" class=\"rev-slidebg tp-rs-img rs-lazyload\" data-lazyload=\"\/\/www.memoriaestadionacional.cl\/wp-content\/uploads\/2024\/09\/PHOTO-2024-09-25-12-54-01.jpg\" data-no-retina>\n<!---->\t\t\t\t\t<\/rs-slide>\n\t\t\t\t\t\t<rs-slide style=\"position: absolute;\" data-key=\"rs-761\" data-title=\"Slide\" data-thumb=\"\/\/www.memoriaestadionacional.cl\/wp-content\/uploads\/2024\/09\/PHOTO-2024-09-25-14-37-19-50x100.jpg\" data-in=\"o:0;\" data-out=\"a:false;\">\n\t\t\t\t\t\t\t<img decoding=\"async\" src=\"\/\/www.memoriaestadionacional.cl\/wp-content\/plugins\/revslider\/sr6\/assets\/assets\/dummy.png\" alt=\"\" title=\"Galer\u00eda\" class=\"rev-slidebg tp-rs-img rs-lazyload\" data-lazyload=\"\/\/www.memoriaestadionacional.cl\/wp-content\/uploads\/2024\/09\/PHOTO-2024-09-25-14-37-19.jpg\" data-no-retina>\n<!---->\t\t\t\t\t<\/rs-slide>\n\t\t\t\t\t\t<rs-slide style=\"position: absolute;\" data-key=\"rs-762\" data-title=\"Slide\" data-thumb=\"\/\/www.memoriaestadionacional.cl\/wp-content\/uploads\/2024\/09\/PHOTO-2024-09-26-13-50-42-50x100.jpg\" data-in=\"o:0;\" data-out=\"a:false;\">\n\t\t\t\t\t\t\t<img decoding=\"async\" src=\"\/\/www.memoriaestadionacional.cl\/wp-content\/plugins\/revslider\/sr6\/assets\/assets\/dummy.png\" alt=\"\" title=\"Galer\u00eda\" class=\"rev-slidebg tp-rs-img rs-lazyload\" data-lazyload=\"\/\/www.memoriaestadionacional.cl\/wp-content\/uploads\/2024\/09\/PHOTO-2024-09-26-13-50-42.jpg\" data-no-retina>\n<!---->\t\t\t\t\t<\/rs-slide>\n\t\t\t\t\t\t<rs-slide style=\"position: absolute;\" data-key=\"rs-763\" data-title=\"Slide\" data-thumb=\"\/\/www.memoriaestadionacional.cl\/wp-content\/uploads\/2024\/09\/PHOTO-2024-09-26-18-01-16-50x100.jpg\" data-in=\"o:0;\" data-out=\"a:false;\">\n\t\t\t\t\t\t\t<img decoding=\"async\" src=\"\/\/www.memoriaestadionacional.cl\/wp-content\/plugins\/revslider\/sr6\/assets\/assets\/dummy.png\" alt=\"\" title=\"Galer\u00eda\" class=\"rev-slidebg tp-rs-img rs-lazyload\" data-lazyload=\"\/\/www.memoriaestadionacional.cl\/wp-content\/uploads\/2024\/09\/PHOTO-2024-09-26-18-01-16.jpg\" data-no-retina>\n<!---->\t\t\t\t\t<\/rs-slide>\n\t\t\t\t\t<\/rs-slides>\n\t\t\t\t<\/rs-module>\n\t\t\t\t<script>\n\t\t\t\t\tsetREVStartSize({c: 'rev_slider_59_16',rl:[1240,1024,778,480],el:[900],gw:[1240],gh:[900],type:'carousel',justify:'',layout:'fullwidth',mh:\"0\"});if (window.RS_MODULES!==undefined && window.RS_MODULES.modules!==undefined && window.RS_MODULES.modules[\"revslider5916\"]!==undefined) {window.RS_MODULES.modules[\"revslider5916\"].once = false;window.revapi59 = undefined;if (window.RS_MODULES.checkMinimal!==undefined) window.RS_MODULES.checkMinimal()}\n\t\t\t\t<\/script>\n\t\t\t<\/rs-module-wrap>\n\t\t\t<!-- END REVOLUTION SLIDER -->\n<\/div><\/div><\/div><\/div><\/div><div class=\"vc-row-container row-stretch\"><div data-vc-full-width=\"true\"  data-vc-full-width-init=\"false\" class=\"vc_row wpb_row vc_row-fluid\"><div class=\"wpb_column vc_column_container vc_col-sm-12\"><div class=\"vc_column-inner\"><div class=\"wpb_wrapper\"><div class=\"vc_empty_space\"   style=\"height: 100px\"><span class=\"vc_empty_space_inner\"><\/span><\/div><\/div><\/div><\/div><\/div><\/div><div class=\"vc-row-container row-stretch\"><div data-vc-full-width=\"true\"  data-vc-full-width-init=\"false\" class=\"vc_row wpb_row vc_row-fluid\"><div class=\"wpb_column vc_column_container vc_col-sm-12\"><div class=\"vc_column-inner\"><div class=\"wpb_wrapper\">\n\t<div class=\"wpb_text_column wpb_content_element wpb_animate_when_almost_visible wpb_fadeIn fadeIn\" >\n\t\t<div class=\"wpb_wrapper\">\n\t\t\t<h5 style=\"text-align: center;\"><span style=\"color: #e79e47;\">[<\/span>GALER\u00cdA<span style=\"color: #e79e47;\">]<\/span><\/h5>\n\n\t\t<\/div>\n\t<\/div>\n<h1 style=\"text-align: center\" class=\"vc_custom_heading vc_do_custom_heading wpb_animate_when_almost_visible wpb_fadeIn fadeIn\" >Recorridos de la Memoria en la Yein Fonda 2024<\/h1><div class=\"vc_separator wpb_content_element vc_separator_align_center vc_sep_width_10 vc_sep_border_width_5 vc_sep_pos_align_center vc_separator_no_text wpb_content_element  wpb_content_element wpb_animate_when_almost_visible wpb_fadeIn fadeIn wpb_animate_when_almost_visible wpb_fadeIn fadeIn\" ><span class=\"vc_sep_holder vc_sep_holder_l\"><span style=\"border-color:#e79e47;\" class=\"vc_sep_line\"><\/span><\/span><span class=\"vc_sep_holder vc_sep_holder_r\"><span style=\"border-color:#e79e47;\" class=\"vc_sep_line\"><\/span><\/span>\n<\/div><div class=\"vc_empty_space\"   style=\"height: 32px\"><span class=\"vc_empty_space_inner\"><\/span><\/div>\n\t\t\t<!-- START Yein Fonda REVOLUTION SLIDER 6.7.41 --><p class=\"rs-p-wp-fix\"><\/p>\n\t\t\t<rs-module-wrap id=\"rev_slider_58_17_wrapper\" data-source=\"gallery\" style=\"visibility:hidden;background:transparent;padding:0;margin:0px auto;margin-top:0;margin-bottom:0;\">\n\t\t\t\t<rs-module id=\"rev_slider_58_17\" style=\"\" data-version=\"6.7.41\">\n\t\t\t\t\t<rs-slides style=\"overflow: hidden; position: absolute;\">\n\t\t\t\t\t\t<rs-slide style=\"position: absolute;\" data-key=\"rs-676\" data-title=\"Slide\" data-thumb=\"\/\/www.memoriaestadionacional.cl\/wp-content\/uploads\/2024\/09\/DUB4186-50x100.jpg\" data-in=\"o:0;\" data-out=\"a:false;\">\n\t\t\t\t\t\t\t<img decoding=\"async\" src=\"\/\/www.memoriaestadionacional.cl\/wp-content\/plugins\/revslider\/sr6\/assets\/assets\/dummy.png\" alt=\"\" title=\"Galer\u00eda\" class=\"rev-slidebg tp-rs-img rs-lazyload\" data-lazyload=\"\/\/www.memoriaestadionacional.cl\/wp-content\/uploads\/2024\/09\/DUB4186.jpg\" data-no-retina>\n<!---->\t\t\t\t\t<\/rs-slide>\n\t\t\t\t\t\t<rs-slide style=\"position: absolute;\" data-key=\"rs-677\" data-title=\"Slide\" data-thumb=\"\/\/www.memoriaestadionacional.cl\/wp-content\/uploads\/2024\/09\/DUB4196-50x100.jpg\" data-in=\"o:0;\" data-out=\"a:false;\">\n\t\t\t\t\t\t\t<img decoding=\"async\" src=\"\/\/www.memoriaestadionacional.cl\/wp-content\/plugins\/revslider\/sr6\/assets\/assets\/dummy.png\" alt=\"\" title=\"Galer\u00eda\" class=\"rev-slidebg tp-rs-img rs-lazyload\" data-lazyload=\"\/\/www.memoriaestadionacional.cl\/wp-content\/uploads\/2024\/09\/DUB4196.jpg\" data-no-retina>\n<!---->\t\t\t\t\t<\/rs-slide>\n\t\t\t\t\t\t<rs-slide style=\"position: absolute;\" data-key=\"rs-678\" data-title=\"Slide\" data-thumb=\"\/\/www.memoriaestadionacional.cl\/wp-content\/uploads\/2024\/09\/DUB4202-50x100.jpg\" data-in=\"o:0;\" data-out=\"a:false;\">\n\t\t\t\t\t\t\t<img decoding=\"async\" src=\"\/\/www.memoriaestadionacional.cl\/wp-content\/plugins\/revslider\/sr6\/assets\/assets\/dummy.png\" alt=\"\" title=\"Galer\u00eda\" class=\"rev-slidebg tp-rs-img rs-lazyload\" data-lazyload=\"\/\/www.memoriaestadionacional.cl\/wp-content\/uploads\/2024\/09\/DUB4202.jpg\" data-no-retina>\n<!---->\t\t\t\t\t<\/rs-slide>\n\t\t\t\t\t\t<rs-slide style=\"position: absolute;\" data-key=\"rs-679\" data-title=\"Slide\" data-thumb=\"\/\/www.memoriaestadionacional.cl\/wp-content\/uploads\/2024\/09\/DUB4207-50x100.jpg\" data-in=\"o:0;\" data-out=\"a:false;\">\n\t\t\t\t\t\t\t<img decoding=\"async\" src=\"\/\/www.memoriaestadionacional.cl\/wp-content\/plugins\/revslider\/sr6\/assets\/assets\/dummy.png\" alt=\"\" title=\"Galer\u00eda\" class=\"rev-slidebg tp-rs-img rs-lazyload\" data-lazyload=\"\/\/www.memoriaestadionacional.cl\/wp-content\/uploads\/2024\/09\/DUB4207.jpg\" data-no-retina>\n<!---->\t\t\t\t\t<\/rs-slide>\n\t\t\t\t\t\t<rs-slide style=\"position: absolute;\" data-key=\"rs-680\" data-title=\"Slide\" data-thumb=\"\/\/www.memoriaestadionacional.cl\/wp-content\/uploads\/2024\/09\/DUB4216-50x100.jpg\" data-in=\"o:0;\" data-out=\"a:false;\">\n\t\t\t\t\t\t\t<img decoding=\"async\" src=\"\/\/www.memoriaestadionacional.cl\/wp-content\/plugins\/revslider\/sr6\/assets\/assets\/dummy.png\" alt=\"\" title=\"Galer\u00eda\" class=\"rev-slidebg tp-rs-img rs-lazyload\" data-lazyload=\"\/\/www.memoriaestadionacional.cl\/wp-content\/uploads\/2024\/09\/DUB4216.jpg\" data-no-retina>\n<!---->\t\t\t\t\t<\/rs-slide>\n\t\t\t\t\t\t<rs-slide style=\"position: absolute;\" data-key=\"rs-681\" data-title=\"Slide\" data-thumb=\"\/\/www.memoriaestadionacional.cl\/wp-content\/uploads\/2024\/09\/DUB4224-50x100.jpg\" data-in=\"o:0;\" data-out=\"a:false;\">\n\t\t\t\t\t\t\t<img decoding=\"async\" src=\"\/\/www.memoriaestadionacional.cl\/wp-content\/plugins\/revslider\/sr6\/assets\/assets\/dummy.png\" alt=\"\" title=\"Galer\u00eda\" class=\"rev-slidebg tp-rs-img rs-lazyload\" data-lazyload=\"\/\/www.memoriaestadionacional.cl\/wp-content\/uploads\/2024\/09\/DUB4224.jpg\" data-no-retina>\n<!---->\t\t\t\t\t<\/rs-slide>\n\t\t\t\t\t\t<rs-slide style=\"position: absolute;\" data-key=\"rs-682\" data-title=\"Slide\" data-thumb=\"\/\/www.memoriaestadionacional.cl\/wp-content\/uploads\/2024\/09\/DUB4232-50x100.jpg\" data-in=\"o:0;\" data-out=\"a:false;\">\n\t\t\t\t\t\t\t<img decoding=\"async\" src=\"\/\/www.memoriaestadionacional.cl\/wp-content\/plugins\/revslider\/sr6\/assets\/assets\/dummy.png\" alt=\"\" title=\"Galer\u00eda\" class=\"rev-slidebg tp-rs-img rs-lazyload\" data-lazyload=\"\/\/www.memoriaestadionacional.cl\/wp-content\/uploads\/2024\/09\/DUB4232.jpg\" data-no-retina>\n<!---->\t\t\t\t\t<\/rs-slide>\n\t\t\t\t\t\t<rs-slide style=\"position: absolute;\" data-key=\"rs-683\" data-title=\"Slide\" data-thumb=\"\/\/www.memoriaestadionacional.cl\/wp-content\/uploads\/2024\/09\/DUB4241-50x100.jpg\" data-in=\"o:0;\" data-out=\"a:false;\">\n\t\t\t\t\t\t\t<img decoding=\"async\" src=\"\/\/www.memoriaestadionacional.cl\/wp-content\/plugins\/revslider\/sr6\/assets\/assets\/dummy.png\" alt=\"\" title=\"Galer\u00eda\" class=\"rev-slidebg tp-rs-img rs-lazyload\" data-lazyload=\"\/\/www.memoriaestadionacional.cl\/wp-content\/uploads\/2024\/09\/DUB4241.jpg\" data-no-retina>\n<!---->\t\t\t\t\t<\/rs-slide>\n\t\t\t\t\t\t<rs-slide style=\"position: absolute;\" data-key=\"rs-684\" data-title=\"Slide\" data-thumb=\"\/\/www.memoriaestadionacional.cl\/wp-content\/uploads\/2024\/09\/DUB4245-50x100.jpg\" data-in=\"o:0;\" data-out=\"a:false;\">\n\t\t\t\t\t\t\t<img decoding=\"async\" src=\"\/\/www.memoriaestadionacional.cl\/wp-content\/plugins\/revslider\/sr6\/assets\/assets\/dummy.png\" alt=\"\" title=\"Galer\u00eda\" class=\"rev-slidebg tp-rs-img rs-lazyload\" data-lazyload=\"\/\/www.memoriaestadionacional.cl\/wp-content\/uploads\/2024\/09\/DUB4245.jpg\" data-no-retina>\n<!---->\t\t\t\t\t<\/rs-slide>\n\t\t\t\t\t\t<rs-slide style=\"position: absolute;\" data-key=\"rs-685\" data-title=\"Slide\" data-thumb=\"\/\/www.memoriaestadionacional.cl\/wp-content\/uploads\/2024\/09\/DUB4248-50x100.jpg\" data-in=\"o:0;\" data-out=\"a:false;\">\n\t\t\t\t\t\t\t<img decoding=\"async\" src=\"\/\/www.memoriaestadionacional.cl\/wp-content\/plugins\/revslider\/sr6\/assets\/assets\/dummy.png\" alt=\"\" title=\"Galer\u00eda\" class=\"rev-slidebg tp-rs-img rs-lazyload\" data-lazyload=\"\/\/www.memoriaestadionacional.cl\/wp-content\/uploads\/2024\/09\/DUB4248.jpg\" data-no-retina>\n<!---->\t\t\t\t\t<\/rs-slide>\n\t\t\t\t\t\t<rs-slide style=\"position: absolute;\" data-key=\"rs-686\" data-title=\"Slide\" data-thumb=\"\/\/www.memoriaestadionacional.cl\/wp-content\/uploads\/2024\/09\/DUB4260-50x100.jpg\" data-in=\"o:0;\" data-out=\"a:false;\">\n\t\t\t\t\t\t\t<img decoding=\"async\" src=\"\/\/www.memoriaestadionacional.cl\/wp-content\/plugins\/revslider\/sr6\/assets\/assets\/dummy.png\" alt=\"\" title=\"Galer\u00eda\" class=\"rev-slidebg tp-rs-img rs-lazyload\" data-lazyload=\"\/\/www.memoriaestadionacional.cl\/wp-content\/uploads\/2024\/09\/DUB4260.jpg\" data-no-retina>\n<!---->\t\t\t\t\t<\/rs-slide>\n\t\t\t\t\t\t<rs-slide style=\"position: absolute;\" data-key=\"rs-687\" data-title=\"Slide\" data-thumb=\"\/\/www.memoriaestadionacional.cl\/wp-content\/uploads\/2024\/09\/DUB4263-50x100.jpg\" data-in=\"o:0;\" data-out=\"a:false;\">\n\t\t\t\t\t\t\t<img decoding=\"async\" src=\"\/\/www.memoriaestadionacional.cl\/wp-content\/plugins\/revslider\/sr6\/assets\/assets\/dummy.png\" alt=\"\" title=\"Galer\u00eda\" class=\"rev-slidebg tp-rs-img rs-lazyload\" data-lazyload=\"\/\/www.memoriaestadionacional.cl\/wp-content\/uploads\/2024\/09\/DUB4263.jpg\" data-no-retina>\n<!---->\t\t\t\t\t<\/rs-slide>\n\t\t\t\t\t\t<rs-slide style=\"position: absolute;\" data-key=\"rs-688\" data-title=\"Slide\" data-thumb=\"\/\/www.memoriaestadionacional.cl\/wp-content\/uploads\/2024\/09\/DUB4267-50x100.jpg\" data-in=\"o:0;\" data-out=\"a:false;\">\n\t\t\t\t\t\t\t<img decoding=\"async\" src=\"\/\/www.memoriaestadionacional.cl\/wp-content\/plugins\/revslider\/sr6\/assets\/assets\/dummy.png\" alt=\"\" title=\"Galer\u00eda\" class=\"rev-slidebg tp-rs-img rs-lazyload\" data-lazyload=\"\/\/www.memoriaestadionacional.cl\/wp-content\/uploads\/2024\/09\/DUB4267.jpg\" data-no-retina>\n<!---->\t\t\t\t\t<\/rs-slide>\n\t\t\t\t\t\t<rs-slide style=\"position: absolute;\" data-key=\"rs-689\" data-title=\"Slide\" data-thumb=\"\/\/www.memoriaestadionacional.cl\/wp-content\/uploads\/2024\/09\/DUB4271-50x100.jpg\" data-in=\"o:0;\" data-out=\"a:false;\">\n\t\t\t\t\t\t\t<img decoding=\"async\" src=\"\/\/www.memoriaestadionacional.cl\/wp-content\/plugins\/revslider\/sr6\/assets\/assets\/dummy.png\" alt=\"\" title=\"Galer\u00eda\" class=\"rev-slidebg tp-rs-img rs-lazyload\" data-lazyload=\"\/\/www.memoriaestadionacional.cl\/wp-content\/uploads\/2024\/09\/DUB4271.jpg\" data-no-retina>\n<!---->\t\t\t\t\t<\/rs-slide>\n\t\t\t\t\t\t<rs-slide style=\"position: absolute;\" data-key=\"rs-690\" data-title=\"Slide\" data-thumb=\"\/\/www.memoriaestadionacional.cl\/wp-content\/uploads\/2024\/09\/DUB4276-50x100.jpg\" data-in=\"o:0;\" data-out=\"a:false;\">\n\t\t\t\t\t\t\t<img decoding=\"async\" src=\"\/\/www.memoriaestadionacional.cl\/wp-content\/plugins\/revslider\/sr6\/assets\/assets\/dummy.png\" alt=\"\" title=\"Galer\u00eda\" class=\"rev-slidebg tp-rs-img rs-lazyload\" data-lazyload=\"\/\/www.memoriaestadionacional.cl\/wp-content\/uploads\/2024\/09\/DUB4276.jpg\" data-no-retina>\n<!---->\t\t\t\t\t<\/rs-slide>\n\t\t\t\t\t\t<rs-slide style=\"position: absolute;\" data-key=\"rs-691\" data-title=\"Slide\" data-thumb=\"\/\/www.memoriaestadionacional.cl\/wp-content\/uploads\/2024\/09\/DUB4295-50x100.jpg\" data-in=\"o:0;\" data-out=\"a:false;\">\n\t\t\t\t\t\t\t<img decoding=\"async\" src=\"\/\/www.memoriaestadionacional.cl\/wp-content\/plugins\/revslider\/sr6\/assets\/assets\/dummy.png\" alt=\"\" title=\"Galer\u00eda\" class=\"rev-slidebg tp-rs-img rs-lazyload\" data-lazyload=\"\/\/www.memoriaestadionacional.cl\/wp-content\/uploads\/2024\/09\/DUB4295.jpg\" data-no-retina>\n<!---->\t\t\t\t\t<\/rs-slide>\n\t\t\t\t\t\t<rs-slide style=\"position: absolute;\" data-key=\"rs-692\" data-title=\"Slide\" data-thumb=\"\/\/www.memoriaestadionacional.cl\/wp-content\/uploads\/2024\/09\/DUB4303-50x100.jpg\" data-in=\"o:0;\" data-out=\"a:false;\">\n\t\t\t\t\t\t\t<img decoding=\"async\" src=\"\/\/www.memoriaestadionacional.cl\/wp-content\/plugins\/revslider\/sr6\/assets\/assets\/dummy.png\" alt=\"\" title=\"Galer\u00eda\" class=\"rev-slidebg tp-rs-img rs-lazyload\" data-lazyload=\"\/\/www.memoriaestadionacional.cl\/wp-content\/uploads\/2024\/09\/DUB4303.jpg\" data-no-retina>\n<!---->\t\t\t\t\t<\/rs-slide>\n\t\t\t\t\t\t<rs-slide style=\"position: absolute;\" data-key=\"rs-693\" data-title=\"Slide\" data-thumb=\"\/\/www.memoriaestadionacional.cl\/wp-content\/uploads\/2024\/09\/DUB4305-50x100.jpg\" data-in=\"o:0;\" data-out=\"a:false;\">\n\t\t\t\t\t\t\t<img decoding=\"async\" src=\"\/\/www.memoriaestadionacional.cl\/wp-content\/plugins\/revslider\/sr6\/assets\/assets\/dummy.png\" alt=\"\" title=\"Galer\u00eda\" class=\"rev-slidebg tp-rs-img rs-lazyload\" data-lazyload=\"\/\/www.memoriaestadionacional.cl\/wp-content\/uploads\/2024\/09\/DUB4305.jpg\" data-no-retina>\n<!---->\t\t\t\t\t<\/rs-slide>\n\t\t\t\t\t\t<rs-slide style=\"position: absolute;\" data-key=\"rs-695\" data-title=\"Slide\" data-thumb=\"\/\/www.memoriaestadionacional.cl\/wp-content\/uploads\/2024\/09\/DUB4240-50x100.jpg\" data-in=\"o:0;\" data-out=\"a:false;\">\n\t\t\t\t\t\t\t<img decoding=\"async\" src=\"\/\/www.memoriaestadionacional.cl\/wp-content\/plugins\/revslider\/sr6\/assets\/assets\/dummy.png\" alt=\"\" title=\"Galer\u00eda\" class=\"rev-slidebg tp-rs-img rs-lazyload\" data-lazyload=\"\/\/www.memoriaestadionacional.cl\/wp-content\/uploads\/2024\/09\/DUB4240.jpg\" data-no-retina>\n<!---->\t\t\t\t\t<\/rs-slide>\n\t\t\t\t\t\t<rs-slide style=\"position: absolute;\" data-key=\"rs-696\" data-title=\"Slide\" data-thumb=\"\/\/www.memoriaestadionacional.cl\/wp-content\/uploads\/2024\/09\/DUB4322-50x100.jpg\" data-in=\"o:0;\" data-out=\"a:false;\">\n\t\t\t\t\t\t\t<img decoding=\"async\" src=\"\/\/www.memoriaestadionacional.cl\/wp-content\/plugins\/revslider\/sr6\/assets\/assets\/dummy.png\" alt=\"\" title=\"Galer\u00eda\" class=\"rev-slidebg tp-rs-img rs-lazyload\" data-lazyload=\"\/\/www.memoriaestadionacional.cl\/wp-content\/uploads\/2024\/09\/DUB4322.jpg\" data-no-retina>\n<!---->\t\t\t\t\t<\/rs-slide>\n\t\t\t\t\t\t<rs-slide style=\"position: absolute;\" data-key=\"rs-697\" data-title=\"Slide\" data-thumb=\"\/\/www.memoriaestadionacional.cl\/wp-content\/uploads\/2024\/09\/DUB4339-50x100.jpg\" data-in=\"o:0;\" data-out=\"a:false;\">\n\t\t\t\t\t\t\t<img decoding=\"async\" src=\"\/\/www.memoriaestadionacional.cl\/wp-content\/plugins\/revslider\/sr6\/assets\/assets\/dummy.png\" alt=\"\" title=\"Galer\u00eda\" class=\"rev-slidebg tp-rs-img rs-lazyload\" data-lazyload=\"\/\/www.memoriaestadionacional.cl\/wp-content\/uploads\/2024\/09\/DUB4339.jpg\" data-no-retina>\n<!---->\t\t\t\t\t<\/rs-slide>\n\t\t\t\t\t\t<rs-slide style=\"position: absolute;\" data-key=\"rs-698\" data-title=\"Slide\" data-thumb=\"\/\/www.memoriaestadionacional.cl\/wp-content\/uploads\/2024\/09\/DUB4346-50x100.jpg\" data-in=\"o:0;\" data-out=\"a:false;\">\n\t\t\t\t\t\t\t<img decoding=\"async\" src=\"\/\/www.memoriaestadionacional.cl\/wp-content\/plugins\/revslider\/sr6\/assets\/assets\/dummy.png\" alt=\"\" title=\"Galer\u00eda\" class=\"rev-slidebg tp-rs-img rs-lazyload\" data-lazyload=\"\/\/www.memoriaestadionacional.cl\/wp-content\/uploads\/2024\/09\/DUB4346.jpg\" data-no-retina>\n<!---->\t\t\t\t\t<\/rs-slide>\n\t\t\t\t\t\t<rs-slide style=\"position: absolute;\" data-key=\"rs-699\" data-title=\"Slide\" data-thumb=\"\/\/www.memoriaestadionacional.cl\/wp-content\/uploads\/2024\/09\/DUB4353-50x100.jpg\" data-in=\"o:0;\" data-out=\"a:false;\">\n\t\t\t\t\t\t\t<img decoding=\"async\" src=\"\/\/www.memoriaestadionacional.cl\/wp-content\/plugins\/revslider\/sr6\/assets\/assets\/dummy.png\" alt=\"\" title=\"Galer\u00eda\" class=\"rev-slidebg tp-rs-img rs-lazyload\" data-lazyload=\"\/\/www.memoriaestadionacional.cl\/wp-content\/uploads\/2024\/09\/DUB4353.jpg\" data-no-retina>\n<!---->\t\t\t\t\t<\/rs-slide>\n\t\t\t\t\t\t<rs-slide style=\"position: absolute;\" data-key=\"rs-700\" data-title=\"Slide\" data-thumb=\"\/\/www.memoriaestadionacional.cl\/wp-content\/uploads\/2024\/09\/DUB4356-50x100.jpg\" data-in=\"o:0;\" data-out=\"a:false;\">\n\t\t\t\t\t\t\t<img decoding=\"async\" src=\"\/\/www.memoriaestadionacional.cl\/wp-content\/plugins\/revslider\/sr6\/assets\/assets\/dummy.png\" alt=\"\" title=\"Galer\u00eda\" class=\"rev-slidebg tp-rs-img rs-lazyload\" data-lazyload=\"\/\/www.memoriaestadionacional.cl\/wp-content\/uploads\/2024\/09\/DUB4356.jpg\" data-no-retina>\n<!---->\t\t\t\t\t<\/rs-slide>\n\t\t\t\t\t\t<rs-slide style=\"position: absolute;\" data-key=\"rs-701\" data-title=\"Slide\" data-thumb=\"\/\/www.memoriaestadionacional.cl\/wp-content\/uploads\/2024\/09\/DUB4358-50x100.jpg\" data-in=\"o:0;\" data-out=\"a:false;\">\n\t\t\t\t\t\t\t<img decoding=\"async\" src=\"\/\/www.memoriaestadionacional.cl\/wp-content\/plugins\/revslider\/sr6\/assets\/assets\/dummy.png\" alt=\"\" title=\"Galer\u00eda\" class=\"rev-slidebg tp-rs-img rs-lazyload\" data-lazyload=\"\/\/www.memoriaestadionacional.cl\/wp-content\/uploads\/2024\/09\/DUB4358.jpg\" data-no-retina>\n<!---->\t\t\t\t\t<\/rs-slide>\n\t\t\t\t\t\t<rs-slide style=\"position: absolute;\" data-key=\"rs-702\" data-title=\"Slide\" data-thumb=\"\/\/www.memoriaestadionacional.cl\/wp-content\/uploads\/2024\/09\/DUB4360-50x100.jpg\" data-in=\"o:0;\" data-out=\"a:false;\">\n\t\t\t\t\t\t\t<img decoding=\"async\" src=\"\/\/www.memoriaestadionacional.cl\/wp-content\/plugins\/revslider\/sr6\/assets\/assets\/dummy.png\" alt=\"\" title=\"Galer\u00eda\" class=\"rev-slidebg tp-rs-img rs-lazyload\" data-lazyload=\"\/\/www.memoriaestadionacional.cl\/wp-content\/uploads\/2024\/09\/DUB4360.jpg\" data-no-retina>\n<!---->\t\t\t\t\t<\/rs-slide>\n\t\t\t\t\t\t<rs-slide style=\"position: absolute;\" data-key=\"rs-703\" data-title=\"Slide\" data-thumb=\"\/\/www.memoriaestadionacional.cl\/wp-content\/uploads\/2024\/09\/DUB4365-50x100.jpg\" data-in=\"o:0;\" data-out=\"a:false;\">\n\t\t\t\t\t\t\t<img decoding=\"async\" src=\"\/\/www.memoriaestadionacional.cl\/wp-content\/plugins\/revslider\/sr6\/assets\/assets\/dummy.png\" alt=\"\" title=\"Galer\u00eda\" class=\"rev-slidebg tp-rs-img rs-lazyload\" data-lazyload=\"\/\/www.memoriaestadionacional.cl\/wp-content\/uploads\/2024\/09\/DUB4365.jpg\" data-no-retina>\n<!---->\t\t\t\t\t<\/rs-slide>\n\t\t\t\t\t\t<rs-slide style=\"position: absolute;\" data-key=\"rs-704\" data-title=\"Slide\" data-thumb=\"\/\/www.memoriaestadionacional.cl\/wp-content\/uploads\/2024\/09\/DUB4371-50x100.jpg\" data-in=\"o:0;\" data-out=\"a:false;\">\n\t\t\t\t\t\t\t<img decoding=\"async\" src=\"\/\/www.memoriaestadionacional.cl\/wp-content\/plugins\/revslider\/sr6\/assets\/assets\/dummy.png\" alt=\"\" title=\"Galer\u00eda\" class=\"rev-slidebg tp-rs-img rs-lazyload\" data-lazyload=\"\/\/www.memoriaestadionacional.cl\/wp-content\/uploads\/2024\/09\/DUB4371.jpg\" data-no-retina>\n<!---->\t\t\t\t\t<\/rs-slide>\n\t\t\t\t\t\t<rs-slide style=\"position: absolute;\" data-key=\"rs-705\" data-title=\"Slide\" data-thumb=\"\/\/www.memoriaestadionacional.cl\/wp-content\/uploads\/2024\/09\/DUB4373-50x100.jpg\" data-in=\"o:0;\" data-out=\"a:false;\">\n\t\t\t\t\t\t\t<img decoding=\"async\" src=\"\/\/www.memoriaestadionacional.cl\/wp-content\/plugins\/revslider\/sr6\/assets\/assets\/dummy.png\" alt=\"\" title=\"Galer\u00eda\" class=\"rev-slidebg tp-rs-img rs-lazyload\" data-lazyload=\"\/\/www.memoriaestadionacional.cl\/wp-content\/uploads\/2024\/09\/DUB4373.jpg\" data-no-retina>\n<!---->\t\t\t\t\t<\/rs-slide>\n\t\t\t\t\t\t<rs-slide style=\"position: absolute;\" data-key=\"rs-706\" data-title=\"Slide\" data-thumb=\"\/\/www.memoriaestadionacional.cl\/wp-content\/uploads\/2024\/09\/DUB4375-50x100.jpg\" data-in=\"o:0;\" data-out=\"a:false;\">\n\t\t\t\t\t\t\t<img decoding=\"async\" src=\"\/\/www.memoriaestadionacional.cl\/wp-content\/plugins\/revslider\/sr6\/assets\/assets\/dummy.png\" alt=\"\" title=\"Galer\u00eda\" class=\"rev-slidebg tp-rs-img rs-lazyload\" data-lazyload=\"\/\/www.memoriaestadionacional.cl\/wp-content\/uploads\/2024\/09\/DUB4375.jpg\" data-no-retina>\n<!---->\t\t\t\t\t<\/rs-slide>\n\t\t\t\t\t\t<rs-slide style=\"position: absolute;\" data-key=\"rs-707\" data-title=\"Slide\" data-thumb=\"\/\/www.memoriaestadionacional.cl\/wp-content\/uploads\/2024\/09\/DUB4380-50x100.jpg\" data-in=\"o:0;\" data-out=\"a:false;\">\n\t\t\t\t\t\t\t<img decoding=\"async\" src=\"\/\/www.memoriaestadionacional.cl\/wp-content\/plugins\/revslider\/sr6\/assets\/assets\/dummy.png\" alt=\"\" title=\"Galer\u00eda\" class=\"rev-slidebg tp-rs-img rs-lazyload\" data-lazyload=\"\/\/www.memoriaestadionacional.cl\/wp-content\/uploads\/2024\/09\/DUB4380.jpg\" data-no-retina>\n<!---->\t\t\t\t\t<\/rs-slide>\n\t\t\t\t\t\t<rs-slide style=\"position: absolute;\" data-key=\"rs-708\" data-title=\"Slide\" data-thumb=\"\/\/www.memoriaestadionacional.cl\/wp-content\/uploads\/2024\/09\/DUB4385-50x100.jpg\" data-in=\"o:0;\" data-out=\"a:false;\">\n\t\t\t\t\t\t\t<img decoding=\"async\" src=\"\/\/www.memoriaestadionacional.cl\/wp-content\/plugins\/revslider\/sr6\/assets\/assets\/dummy.png\" alt=\"\" title=\"Galer\u00eda\" class=\"rev-slidebg tp-rs-img rs-lazyload\" data-lazyload=\"\/\/www.memoriaestadionacional.cl\/wp-content\/uploads\/2024\/09\/DUB4385.jpg\" data-no-retina>\n<!---->\t\t\t\t\t<\/rs-slide>\n\t\t\t\t\t\t<rs-slide style=\"position: absolute;\" data-key=\"rs-709\" data-title=\"Slide\" data-thumb=\"\/\/www.memoriaestadionacional.cl\/wp-content\/uploads\/2024\/09\/DUB4390-50x100.jpg\" data-in=\"o:0;\" data-out=\"a:false;\">\n\t\t\t\t\t\t\t<img decoding=\"async\" src=\"\/\/www.memoriaestadionacional.cl\/wp-content\/plugins\/revslider\/sr6\/assets\/assets\/dummy.png\" alt=\"\" title=\"Galer\u00eda\" class=\"rev-slidebg tp-rs-img rs-lazyload\" data-lazyload=\"\/\/www.memoriaestadionacional.cl\/wp-content\/uploads\/2024\/09\/DUB4390.jpg\" data-no-retina>\n<!---->\t\t\t\t\t<\/rs-slide>\n\t\t\t\t\t\t<rs-slide style=\"position: absolute;\" data-key=\"rs-710\" data-title=\"Slide\" data-thumb=\"\/\/www.memoriaestadionacional.cl\/wp-content\/uploads\/2024\/09\/DUB4393-50x100.jpg\" data-in=\"o:0;\" data-out=\"a:false;\">\n\t\t\t\t\t\t\t<img decoding=\"async\" src=\"\/\/www.memoriaestadionacional.cl\/wp-content\/plugins\/revslider\/sr6\/assets\/assets\/dummy.png\" alt=\"\" title=\"Galer\u00eda\" class=\"rev-slidebg tp-rs-img rs-lazyload\" data-lazyload=\"\/\/www.memoriaestadionacional.cl\/wp-content\/uploads\/2024\/09\/DUB4393.jpg\" data-no-retina>\n<!---->\t\t\t\t\t<\/rs-slide>\n\t\t\t\t\t\t<rs-slide style=\"position: absolute;\" data-key=\"rs-711\" data-title=\"Slide\" data-thumb=\"\/\/www.memoriaestadionacional.cl\/wp-content\/uploads\/2024\/09\/DUB4397-50x100.jpg\" data-in=\"o:0;\" data-out=\"a:false;\">\n\t\t\t\t\t\t\t<img decoding=\"async\" src=\"\/\/www.memoriaestadionacional.cl\/wp-content\/plugins\/revslider\/sr6\/assets\/assets\/dummy.png\" alt=\"\" title=\"Galer\u00eda\" class=\"rev-slidebg tp-rs-img rs-lazyload\" data-lazyload=\"\/\/www.memoriaestadionacional.cl\/wp-content\/uploads\/2024\/09\/DUB4397.jpg\" data-no-retina>\n<!---->\t\t\t\t\t<\/rs-slide>\n\t\t\t\t\t\t<rs-slide style=\"position: absolute;\" data-key=\"rs-712\" data-title=\"Slide\" data-thumb=\"\/\/www.memoriaestadionacional.cl\/wp-content\/uploads\/2024\/09\/DUB4399-50x100.jpg\" data-in=\"o:0;\" data-out=\"a:false;\">\n\t\t\t\t\t\t\t<img decoding=\"async\" src=\"\/\/www.memoriaestadionacional.cl\/wp-content\/plugins\/revslider\/sr6\/assets\/assets\/dummy.png\" alt=\"\" title=\"Galer\u00eda\" class=\"rev-slidebg tp-rs-img rs-lazyload\" data-lazyload=\"\/\/www.memoriaestadionacional.cl\/wp-content\/uploads\/2024\/09\/DUB4399.jpg\" data-no-retina>\n<!---->\t\t\t\t\t<\/rs-slide>\n\t\t\t\t\t\t<rs-slide style=\"position: absolute;\" data-key=\"rs-713\" data-title=\"Slide\" data-thumb=\"\/\/www.memoriaestadionacional.cl\/wp-content\/uploads\/2024\/09\/DUB4402-50x100.jpg\" data-in=\"o:0;\" data-out=\"a:false;\">\n\t\t\t\t\t\t\t<img decoding=\"async\" src=\"\/\/www.memoriaestadionacional.cl\/wp-content\/plugins\/revslider\/sr6\/assets\/assets\/dummy.png\" alt=\"\" title=\"Galer\u00eda\" class=\"rev-slidebg tp-rs-img rs-lazyload\" data-lazyload=\"\/\/www.memoriaestadionacional.cl\/wp-content\/uploads\/2024\/09\/DUB4402.jpg\" data-no-retina>\n<!---->\t\t\t\t\t<\/rs-slide>\n\t\t\t\t\t\t<rs-slide style=\"position: absolute;\" data-key=\"rs-714\" data-title=\"Slide\" data-thumb=\"\/\/www.memoriaestadionacional.cl\/wp-content\/uploads\/2024\/09\/DUB4403-50x100.jpg\" data-in=\"o:0;\" data-out=\"a:false;\">\n\t\t\t\t\t\t\t<img decoding=\"async\" src=\"\/\/www.memoriaestadionacional.cl\/wp-content\/plugins\/revslider\/sr6\/assets\/assets\/dummy.png\" alt=\"\" title=\"Galer\u00eda\" class=\"rev-slidebg tp-rs-img rs-lazyload\" data-lazyload=\"\/\/www.memoriaestadionacional.cl\/wp-content\/uploads\/2024\/09\/DUB4403.jpg\" data-no-retina>\n<!---->\t\t\t\t\t<\/rs-slide>\n\t\t\t\t\t\t<rs-slide style=\"position: absolute;\" data-key=\"rs-715\" data-title=\"Slide\" data-thumb=\"\/\/www.memoriaestadionacional.cl\/wp-content\/uploads\/2024\/09\/DUB4406-50x100.jpg\" data-in=\"o:0;\" data-out=\"a:false;\">\n\t\t\t\t\t\t\t<img decoding=\"async\" src=\"\/\/www.memoriaestadionacional.cl\/wp-content\/plugins\/revslider\/sr6\/assets\/assets\/dummy.png\" alt=\"\" title=\"Galer\u00eda\" class=\"rev-slidebg tp-rs-img rs-lazyload\" data-lazyload=\"\/\/www.memoriaestadionacional.cl\/wp-content\/uploads\/2024\/09\/DUB4406.jpg\" data-no-retina>\n<!---->\t\t\t\t\t<\/rs-slide>\n\t\t\t\t\t\t<rs-slide style=\"position: absolute;\" data-key=\"rs-716\" data-title=\"Slide\" data-thumb=\"\/\/www.memoriaestadionacional.cl\/wp-content\/uploads\/2024\/09\/DUB4410-50x100.jpg\" data-in=\"o:0;\" data-out=\"a:false;\">\n\t\t\t\t\t\t\t<img decoding=\"async\" src=\"\/\/www.memoriaestadionacional.cl\/wp-content\/plugins\/revslider\/sr6\/assets\/assets\/dummy.png\" alt=\"\" title=\"Galer\u00eda\" class=\"rev-slidebg tp-rs-img rs-lazyload\" data-lazyload=\"\/\/www.memoriaestadionacional.cl\/wp-content\/uploads\/2024\/09\/DUB4410.jpg\" data-no-retina>\n<!---->\t\t\t\t\t<\/rs-slide>\n\t\t\t\t\t\t<rs-slide style=\"position: absolute;\" data-key=\"rs-717\" data-title=\"Slide\" data-thumb=\"\/\/www.memoriaestadionacional.cl\/wp-content\/uploads\/2024\/09\/DUB4412-50x100.jpg\" data-in=\"o:0;\" data-out=\"a:false;\">\n\t\t\t\t\t\t\t<img decoding=\"async\" src=\"\/\/www.memoriaestadionacional.cl\/wp-content\/plugins\/revslider\/sr6\/assets\/assets\/dummy.png\" alt=\"\" title=\"Galer\u00eda\" class=\"rev-slidebg tp-rs-img rs-lazyload\" data-lazyload=\"\/\/www.memoriaestadionacional.cl\/wp-content\/uploads\/2024\/09\/DUB4412.jpg\" data-no-retina>\n<!---->\t\t\t\t\t<\/rs-slide>\n\t\t\t\t\t\t<rs-slide style=\"position: absolute;\" data-key=\"rs-718\" data-title=\"Slide\" data-thumb=\"\/\/www.memoriaestadionacional.cl\/wp-content\/uploads\/2024\/09\/DUB4414-50x100.jpg\" data-in=\"o:0;\" data-out=\"a:false;\">\n\t\t\t\t\t\t\t<img decoding=\"async\" src=\"\/\/www.memoriaestadionacional.cl\/wp-content\/plugins\/revslider\/sr6\/assets\/assets\/dummy.png\" alt=\"\" title=\"Galer\u00eda\" class=\"rev-slidebg tp-rs-img rs-lazyload\" data-lazyload=\"\/\/www.memoriaestadionacional.cl\/wp-content\/uploads\/2024\/09\/DUB4414.jpg\" data-no-retina>\n<!---->\t\t\t\t\t<\/rs-slide>\n\t\t\t\t\t\t<rs-slide style=\"position: absolute;\" data-key=\"rs-719\" data-title=\"Slide\" data-thumb=\"\/\/www.memoriaestadionacional.cl\/wp-content\/uploads\/2024\/09\/DUB4415-50x100.jpg\" data-in=\"o:0;\" data-out=\"a:false;\">\n\t\t\t\t\t\t\t<img decoding=\"async\" src=\"\/\/www.memoriaestadionacional.cl\/wp-content\/plugins\/revslider\/sr6\/assets\/assets\/dummy.png\" alt=\"\" title=\"Galer\u00eda\" class=\"rev-slidebg tp-rs-img rs-lazyload\" data-lazyload=\"\/\/www.memoriaestadionacional.cl\/wp-content\/uploads\/2024\/09\/DUB4415.jpg\" data-no-retina>\n<!---->\t\t\t\t\t<\/rs-slide>\n\t\t\t\t\t\t<rs-slide style=\"position: absolute;\" data-key=\"rs-720\" data-title=\"Slide\" data-thumb=\"\/\/www.memoriaestadionacional.cl\/wp-content\/uploads\/2024\/09\/DUB4416-50x100.jpg\" data-in=\"o:0;\" data-out=\"a:false;\">\n\t\t\t\t\t\t\t<img decoding=\"async\" src=\"\/\/www.memoriaestadionacional.cl\/wp-content\/plugins\/revslider\/sr6\/assets\/assets\/dummy.png\" alt=\"\" title=\"Galer\u00eda\" class=\"rev-slidebg tp-rs-img rs-lazyload\" data-lazyload=\"\/\/www.memoriaestadionacional.cl\/wp-content\/uploads\/2024\/09\/DUB4416.jpg\" data-no-retina>\n<!---->\t\t\t\t\t<\/rs-slide>\n\t\t\t\t\t\t<rs-slide style=\"position: absolute;\" data-key=\"rs-721\" data-title=\"Slide\" data-thumb=\"\/\/www.memoriaestadionacional.cl\/wp-content\/uploads\/2024\/09\/DUB4418-50x100.jpg\" data-in=\"o:0;\" data-out=\"a:false;\">\n\t\t\t\t\t\t\t<img decoding=\"async\" src=\"\/\/www.memoriaestadionacional.cl\/wp-content\/plugins\/revslider\/sr6\/assets\/assets\/dummy.png\" alt=\"\" title=\"Galer\u00eda\" class=\"rev-slidebg tp-rs-img rs-lazyload\" data-lazyload=\"\/\/www.memoriaestadionacional.cl\/wp-content\/uploads\/2024\/09\/DUB4418.jpg\" data-no-retina>\n<!---->\t\t\t\t\t<\/rs-slide>\n\t\t\t\t\t\t<rs-slide style=\"position: absolute;\" data-key=\"rs-722\" data-title=\"Slide\" data-thumb=\"\/\/www.memoriaestadionacional.cl\/wp-content\/uploads\/2024\/09\/DUB4422-50x100.jpg\" data-in=\"o:0;\" data-out=\"a:false;\">\n\t\t\t\t\t\t\t<img decoding=\"async\" src=\"\/\/www.memoriaestadionacional.cl\/wp-content\/plugins\/revslider\/sr6\/assets\/assets\/dummy.png\" alt=\"\" title=\"Galer\u00eda\" class=\"rev-slidebg tp-rs-img rs-lazyload\" data-lazyload=\"\/\/www.memoriaestadionacional.cl\/wp-content\/uploads\/2024\/09\/DUB4422.jpg\" data-no-retina>\n<!---->\t\t\t\t\t<\/rs-slide>\n\t\t\t\t\t\t<rs-slide style=\"position: absolute;\" data-key=\"rs-723\" data-title=\"Slide\" data-thumb=\"\/\/www.memoriaestadionacional.cl\/wp-content\/uploads\/2024\/09\/DUB4423-50x100.jpg\" data-in=\"o:0;\" data-out=\"a:false;\">\n\t\t\t\t\t\t\t<img decoding=\"async\" src=\"\/\/www.memoriaestadionacional.cl\/wp-content\/plugins\/revslider\/sr6\/assets\/assets\/dummy.png\" alt=\"\" title=\"Galer\u00eda\" class=\"rev-slidebg tp-rs-img rs-lazyload\" data-lazyload=\"\/\/www.memoriaestadionacional.cl\/wp-content\/uploads\/2024\/09\/DUB4423.jpg\" data-no-retina>\n<!---->\t\t\t\t\t<\/rs-slide>\n\t\t\t\t\t\t<rs-slide style=\"position: absolute;\" data-key=\"rs-724\" data-title=\"Slide\" data-thumb=\"\/\/www.memoriaestadionacional.cl\/wp-content\/uploads\/2024\/09\/DUB4427-50x100.jpg\" data-in=\"o:0;\" data-out=\"a:false;\">\n\t\t\t\t\t\t\t<img decoding=\"async\" src=\"\/\/www.memoriaestadionacional.cl\/wp-content\/plugins\/revslider\/sr6\/assets\/assets\/dummy.png\" alt=\"\" title=\"Galer\u00eda\" class=\"rev-slidebg tp-rs-img rs-lazyload\" data-lazyload=\"\/\/www.memoriaestadionacional.cl\/wp-content\/uploads\/2024\/09\/DUB4427.jpg\" data-no-retina>\n<!---->\t\t\t\t\t<\/rs-slide>\n\t\t\t\t\t\t<rs-slide style=\"position: absolute;\" data-key=\"rs-725\" data-title=\"Slide\" data-thumb=\"\/\/www.memoriaestadionacional.cl\/wp-content\/uploads\/2024\/09\/DUB4433-50x100.jpg\" data-in=\"o:0;\" data-out=\"a:false;\">\n\t\t\t\t\t\t\t<img decoding=\"async\" src=\"\/\/www.memoriaestadionacional.cl\/wp-content\/plugins\/revslider\/sr6\/assets\/assets\/dummy.png\" alt=\"\" title=\"Galer\u00eda\" class=\"rev-slidebg tp-rs-img rs-lazyload\" data-lazyload=\"\/\/www.memoriaestadionacional.cl\/wp-content\/uploads\/2024\/09\/DUB4433.jpg\" data-no-retina>\n<!---->\t\t\t\t\t<\/rs-slide>\n\t\t\t\t\t\t<rs-slide style=\"position: absolute;\" data-key=\"rs-726\" data-title=\"Slide\" data-thumb=\"\/\/www.memoriaestadionacional.cl\/wp-content\/uploads\/2024\/09\/DUB4436-50x100.jpg\" data-in=\"o:0;\" data-out=\"a:false;\">\n\t\t\t\t\t\t\t<img decoding=\"async\" src=\"\/\/www.memoriaestadionacional.cl\/wp-content\/plugins\/revslider\/sr6\/assets\/assets\/dummy.png\" alt=\"\" title=\"Galer\u00eda\" class=\"rev-slidebg tp-rs-img rs-lazyload\" data-lazyload=\"\/\/www.memoriaestadionacional.cl\/wp-content\/uploads\/2024\/09\/DUB4436.jpg\" data-no-retina>\n<!---->\t\t\t\t\t<\/rs-slide>\n\t\t\t\t\t\t<rs-slide style=\"position: absolute;\" data-key=\"rs-727\" data-title=\"Slide\" data-thumb=\"\/\/www.memoriaestadionacional.cl\/wp-content\/uploads\/2024\/09\/DUB4438-50x100.jpg\" data-in=\"o:0;\" data-out=\"a:false;\">\n\t\t\t\t\t\t\t<img decoding=\"async\" src=\"\/\/www.memoriaestadionacional.cl\/wp-content\/plugins\/revslider\/sr6\/assets\/assets\/dummy.png\" alt=\"\" title=\"Galer\u00eda\" class=\"rev-slidebg tp-rs-img rs-lazyload\" data-lazyload=\"\/\/www.memoriaestadionacional.cl\/wp-content\/uploads\/2024\/09\/DUB4438.jpg\" data-no-retina>\n<!---->\t\t\t\t\t<\/rs-slide>\n\t\t\t\t\t\t<rs-slide style=\"position: absolute;\" data-key=\"rs-728\" data-title=\"Slide\" data-thumb=\"\/\/www.memoriaestadionacional.cl\/wp-content\/uploads\/2024\/09\/DUB4443-50x100.jpg\" data-in=\"o:0;\" data-out=\"a:false;\">\n\t\t\t\t\t\t\t<img decoding=\"async\" src=\"\/\/www.memoriaestadionacional.cl\/wp-content\/plugins\/revslider\/sr6\/assets\/assets\/dummy.png\" alt=\"\" title=\"Galer\u00eda\" class=\"rev-slidebg tp-rs-img rs-lazyload\" data-lazyload=\"\/\/www.memoriaestadionacional.cl\/wp-content\/uploads\/2024\/09\/DUB4443.jpg\" data-no-retina>\n<!---->\t\t\t\t\t<\/rs-slide>\n\t\t\t\t\t\t<rs-slide style=\"position: absolute;\" data-key=\"rs-729\" data-title=\"Slide\" data-thumb=\"\/\/www.memoriaestadionacional.cl\/wp-content\/uploads\/2024\/09\/DUB4445-50x100.jpg\" data-in=\"o:0;\" data-out=\"a:false;\">\n\t\t\t\t\t\t\t<img decoding=\"async\" src=\"\/\/www.memoriaestadionacional.cl\/wp-content\/plugins\/revslider\/sr6\/assets\/assets\/dummy.png\" alt=\"\" title=\"Galer\u00eda\" class=\"rev-slidebg tp-rs-img rs-lazyload\" data-lazyload=\"\/\/www.memoriaestadionacional.cl\/wp-content\/uploads\/2024\/09\/DUB4445.jpg\" data-no-retina>\n<!---->\t\t\t\t\t<\/rs-slide>\n\t\t\t\t\t<\/rs-slides>\n\t\t\t\t<\/rs-module>\n\t\t\t\t<script>\n\t\t\t\t\tsetREVStartSize({c: 'rev_slider_58_17',rl:[1240,1024,778,480],el:[900],gw:[1240],gh:[900],type:'carousel',justify:'',layout:'fullwidth',mh:\"0\"});if (window.RS_MODULES!==undefined && window.RS_MODULES.modules!==undefined && window.RS_MODULES.modules[\"revslider5817\"]!==undefined) {window.RS_MODULES.modules[\"revslider5817\"].once = false;window.revapi58 = undefined;if (window.RS_MODULES.checkMinimal!==undefined) window.RS_MODULES.checkMinimal()}\n\t\t\t\t<\/script>\n\t\t\t<\/rs-module-wrap>\n\t\t\t<!-- END REVOLUTION SLIDER -->\n<\/div><\/div><\/div><\/div><\/div><div class=\"vc-row-container row-stretch\"><div data-vc-full-width=\"true\"  data-vc-full-width-init=\"false\" class=\"vc_row wpb_row vc_row-fluid\"><div class=\"wpb_column vc_column_container vc_col-sm-12\"><div class=\"vc_column-inner\"><div class=\"wpb_wrapper\"><div class=\"vc_empty_space\"   style=\"height: 100px\"><span class=\"vc_empty_space_inner\"><\/span><\/div><\/div><\/div><\/div><\/div><\/div><div class=\"vc-row-container row-stretch\"><div data-vc-full-width=\"true\"  data-vc-full-width-init=\"false\" class=\"vc_row wpb_row vc_row-fluid\"><div class=\"wpb_column vc_column_container vc_col-sm-12\"><div class=\"vc_column-inner\"><div class=\"wpb_wrapper\">\n\t<div class=\"wpb_text_column wpb_content_element wpb_animate_when_almost_visible wpb_fadeIn fadeIn\" >\n\t\t<div class=\"wpb_wrapper\">\n\t\t\t<h5 style=\"text-align: center;\"><span style=\"color: #e79e47;\">[<\/span>GALER\u00cdA<span style=\"color: #e79e47;\">]<\/span><\/h5>\n\n\t\t<\/div>\n\t<\/div>\n<h1 style=\"text-align: center\" class=\"vc_custom_heading vc_do_custom_heading wpb_animate_when_almost_visible wpb_fadeIn fadeIn\" >Conmemoraci\u00f3n 11 de septiembre - 51 a\u00f1os<\/h1><div class=\"vc_separator wpb_content_element vc_separator_align_center vc_sep_width_10 vc_sep_border_width_5 vc_sep_pos_align_center vc_separator_no_text wpb_content_element  wpb_content_element wpb_animate_when_almost_visible wpb_fadeIn fadeIn wpb_animate_when_almost_visible wpb_fadeIn fadeIn\" ><span class=\"vc_sep_holder vc_sep_holder_l\"><span style=\"border-color:#e79e47;\" class=\"vc_sep_line\"><\/span><\/span><span class=\"vc_sep_holder vc_sep_holder_r\"><span style=\"border-color:#e79e47;\" class=\"vc_sep_line\"><\/span><\/span>\n<\/div><div class=\"vc_empty_space\"   style=\"height: 32px\"><span class=\"vc_empty_space_inner\"><\/span><\/div>\n\t\t\t<!-- START Conmemoraci\u00f3n 11 de septiembre  51 a\u00f1os REVOLUTION SLIDER 6.7.41 --><p class=\"rs-p-wp-fix\"><\/p>\n\t\t\t<rs-module-wrap id=\"rev_slider_57_18_wrapper\" data-source=\"gallery\" style=\"visibility:hidden;background:transparent;padding:0;margin:0px auto;margin-top:0;margin-bottom:0;\">\n\t\t\t\t<rs-module id=\"rev_slider_57_18\" style=\"\" data-version=\"6.7.41\">\n\t\t\t\t\t<rs-slides style=\"overflow: hidden; position: absolute;\">\n\t\t\t\t\t\t<rs-slide style=\"position: absolute;\" data-key=\"rs-627\" data-title=\"Slide\" data-thumb=\"\/\/www.memoriaestadionacional.cl\/wp-content\/uploads\/2024\/09\/DUB3931-50x100.jpg\" data-in=\"o:0;\" data-out=\"a:false;\">\n\t\t\t\t\t\t\t<img decoding=\"async\" src=\"\/\/www.memoriaestadionacional.cl\/wp-content\/plugins\/revslider\/sr6\/assets\/assets\/dummy.png\" alt=\"\" title=\"Galer\u00eda\" class=\"rev-slidebg tp-rs-img rs-lazyload\" data-lazyload=\"\/\/www.memoriaestadionacional.cl\/wp-content\/uploads\/2024\/09\/DUB3931.jpg\" data-no-retina>\n<!---->\t\t\t\t\t<\/rs-slide>\n\t\t\t\t\t\t<rs-slide style=\"position: absolute;\" data-key=\"rs-630\" data-title=\"Slide\" data-thumb=\"\/\/www.memoriaestadionacional.cl\/wp-content\/uploads\/2024\/09\/DUB3939-50x100.jpg\" data-in=\"o:0;\" data-out=\"a:false;\">\n\t\t\t\t\t\t\t<img decoding=\"async\" src=\"\/\/www.memoriaestadionacional.cl\/wp-content\/plugins\/revslider\/sr6\/assets\/assets\/dummy.png\" alt=\"\" title=\"Galer\u00eda\" class=\"rev-slidebg tp-rs-img rs-lazyload\" data-lazyload=\"\/\/www.memoriaestadionacional.cl\/wp-content\/uploads\/2024\/09\/DUB3939.jpg\" data-no-retina>\n<!---->\t\t\t\t\t<\/rs-slide>\n\t\t\t\t\t\t<rs-slide style=\"position: absolute;\" data-key=\"rs-631\" data-title=\"Slide\" data-thumb=\"\/\/www.memoriaestadionacional.cl\/wp-content\/uploads\/2024\/09\/DUB3943-50x100.jpg\" data-in=\"o:0;\" data-out=\"a:false;\">\n\t\t\t\t\t\t\t<img decoding=\"async\" src=\"\/\/www.memoriaestadionacional.cl\/wp-content\/plugins\/revslider\/sr6\/assets\/assets\/dummy.png\" alt=\"\" title=\"Galer\u00eda\" class=\"rev-slidebg tp-rs-img rs-lazyload\" data-lazyload=\"\/\/www.memoriaestadionacional.cl\/wp-content\/uploads\/2024\/09\/DUB3943.jpg\" data-no-retina>\n<!---->\t\t\t\t\t<\/rs-slide>\n\t\t\t\t\t\t<rs-slide style=\"position: absolute;\" data-key=\"rs-632\" data-title=\"Slide\" data-thumb=\"\/\/www.memoriaestadionacional.cl\/wp-content\/uploads\/2024\/09\/DUB3948-50x100.jpg\" data-in=\"o:0;\" data-out=\"a:false;\">\n\t\t\t\t\t\t\t<img decoding=\"async\" src=\"\/\/www.memoriaestadionacional.cl\/wp-content\/plugins\/revslider\/sr6\/assets\/assets\/dummy.png\" alt=\"\" title=\"Galer\u00eda\" class=\"rev-slidebg tp-rs-img rs-lazyload\" data-lazyload=\"\/\/www.memoriaestadionacional.cl\/wp-content\/uploads\/2024\/09\/DUB3948.jpg\" data-no-retina>\n<!---->\t\t\t\t\t<\/rs-slide>\n\t\t\t\t\t\t<rs-slide style=\"position: absolute;\" data-key=\"rs-633\" data-title=\"Slide\" data-thumb=\"\/\/www.memoriaestadionacional.cl\/wp-content\/uploads\/2024\/09\/DUB3956-50x100.jpg\" data-in=\"o:0;\" data-out=\"a:false;\">\n\t\t\t\t\t\t\t<img decoding=\"async\" src=\"\/\/www.memoriaestadionacional.cl\/wp-content\/plugins\/revslider\/sr6\/assets\/assets\/dummy.png\" alt=\"\" title=\"Galer\u00eda\" class=\"rev-slidebg tp-rs-img rs-lazyload\" data-lazyload=\"\/\/www.memoriaestadionacional.cl\/wp-content\/uploads\/2024\/09\/DUB3956.jpg\" data-no-retina>\n<!---->\t\t\t\t\t<\/rs-slide>\n\t\t\t\t\t\t<rs-slide style=\"position: absolute;\" data-key=\"rs-635\" data-title=\"Slide\" data-thumb=\"\/\/www.memoriaestadionacional.cl\/wp-content\/uploads\/2024\/09\/DUB3959-50x100.jpg\" data-in=\"o:0;\" data-out=\"a:false;\">\n\t\t\t\t\t\t\t<img decoding=\"async\" src=\"\/\/www.memoriaestadionacional.cl\/wp-content\/plugins\/revslider\/sr6\/assets\/assets\/dummy.png\" alt=\"\" title=\"Galer\u00eda\" class=\"rev-slidebg tp-rs-img rs-lazyload\" data-lazyload=\"\/\/www.memoriaestadionacional.cl\/wp-content\/uploads\/2024\/09\/DUB3959.jpg\" data-no-retina>\n<!---->\t\t\t\t\t<\/rs-slide>\n\t\t\t\t\t\t<rs-slide style=\"position: absolute;\" data-key=\"rs-638\" data-title=\"Slide\" data-thumb=\"\/\/www.memoriaestadionacional.cl\/wp-content\/uploads\/2024\/09\/DUB3963-50x100.jpg\" data-in=\"o:0;\" data-out=\"a:false;\">\n\t\t\t\t\t\t\t<img decoding=\"async\" src=\"\/\/www.memoriaestadionacional.cl\/wp-content\/plugins\/revslider\/sr6\/assets\/assets\/dummy.png\" alt=\"\" title=\"Galer\u00eda\" class=\"rev-slidebg tp-rs-img rs-lazyload\" data-lazyload=\"\/\/www.memoriaestadionacional.cl\/wp-content\/uploads\/2024\/09\/DUB3963.jpg\" data-no-retina>\n<!---->\t\t\t\t\t<\/rs-slide>\n\t\t\t\t\t\t<rs-slide style=\"position: absolute;\" data-key=\"rs-639\" data-title=\"Slide\" data-thumb=\"\/\/www.memoriaestadionacional.cl\/wp-content\/uploads\/2024\/09\/DUB3967-50x100.jpg\" data-in=\"o:0;\" data-out=\"a:false;\">\n\t\t\t\t\t\t\t<img decoding=\"async\" src=\"\/\/www.memoriaestadionacional.cl\/wp-content\/plugins\/revslider\/sr6\/assets\/assets\/dummy.png\" alt=\"\" title=\"Galer\u00eda\" class=\"rev-slidebg tp-rs-img rs-lazyload\" data-lazyload=\"\/\/www.memoriaestadionacional.cl\/wp-content\/uploads\/2024\/09\/DUB3967.jpg\" data-no-retina>\n<!---->\t\t\t\t\t<\/rs-slide>\n\t\t\t\t\t\t<rs-slide style=\"position: absolute;\" data-key=\"rs-640\" data-title=\"Slide\" data-thumb=\"\/\/www.memoriaestadionacional.cl\/wp-content\/uploads\/2024\/09\/DUB3971-50x100.jpg\" data-in=\"o:0;\" data-out=\"a:false;\">\n\t\t\t\t\t\t\t<img decoding=\"async\" src=\"\/\/www.memoriaestadionacional.cl\/wp-content\/plugins\/revslider\/sr6\/assets\/assets\/dummy.png\" alt=\"\" title=\"Galer\u00eda\" class=\"rev-slidebg tp-rs-img rs-lazyload\" data-lazyload=\"\/\/www.memoriaestadionacional.cl\/wp-content\/uploads\/2024\/09\/DUB3971.jpg\" data-no-retina>\n<!---->\t\t\t\t\t<\/rs-slide>\n\t\t\t\t\t\t<rs-slide style=\"position: absolute;\" data-key=\"rs-641\" data-title=\"Slide\" data-thumb=\"\/\/www.memoriaestadionacional.cl\/wp-content\/uploads\/2024\/09\/DUB3972-50x100.jpg\" data-in=\"o:0;\" data-out=\"a:false;\">\n\t\t\t\t\t\t\t<img decoding=\"async\" src=\"\/\/www.memoriaestadionacional.cl\/wp-content\/plugins\/revslider\/sr6\/assets\/assets\/dummy.png\" alt=\"\" title=\"Galer\u00eda\" class=\"rev-slidebg tp-rs-img rs-lazyload\" data-lazyload=\"\/\/www.memoriaestadionacional.cl\/wp-content\/uploads\/2024\/09\/DUB3972.jpg\" data-no-retina>\n<!---->\t\t\t\t\t<\/rs-slide>\n\t\t\t\t\t\t<rs-slide style=\"position: absolute;\" data-key=\"rs-644\" data-title=\"Slide\" data-thumb=\"\/\/www.memoriaestadionacional.cl\/wp-content\/uploads\/2024\/09\/DUB3984-50x100.jpg\" data-in=\"o:0;\" data-out=\"a:false;\">\n\t\t\t\t\t\t\t<img decoding=\"async\" src=\"\/\/www.memoriaestadionacional.cl\/wp-content\/plugins\/revslider\/sr6\/assets\/assets\/dummy.png\" alt=\"\" title=\"Galer\u00eda\" class=\"rev-slidebg tp-rs-img rs-lazyload\" data-lazyload=\"\/\/www.memoriaestadionacional.cl\/wp-content\/uploads\/2024\/09\/DUB3984.jpg\" data-no-retina>\n<!---->\t\t\t\t\t<\/rs-slide>\n\t\t\t\t\t\t<rs-slide style=\"position: absolute;\" data-key=\"rs-645\" data-title=\"Slide\" data-thumb=\"\/\/www.memoriaestadionacional.cl\/wp-content\/uploads\/2024\/09\/DUB3995-50x100.jpg\" data-in=\"o:0;\" data-out=\"a:false;\">\n\t\t\t\t\t\t\t<img decoding=\"async\" src=\"\/\/www.memoriaestadionacional.cl\/wp-content\/plugins\/revslider\/sr6\/assets\/assets\/dummy.png\" alt=\"\" title=\"Galer\u00eda\" class=\"rev-slidebg tp-rs-img rs-lazyload\" data-lazyload=\"\/\/www.memoriaestadionacional.cl\/wp-content\/uploads\/2024\/09\/DUB3995.jpg\" data-no-retina>\n<!---->\t\t\t\t\t<\/rs-slide>\n\t\t\t\t\t\t<rs-slide style=\"position: absolute;\" data-key=\"rs-646\" data-title=\"Slide\" data-thumb=\"\/\/www.memoriaestadionacional.cl\/wp-content\/uploads\/2024\/09\/DUB3999-50x100.jpg\" data-in=\"o:0;\" data-out=\"a:false;\">\n\t\t\t\t\t\t\t<img decoding=\"async\" src=\"\/\/www.memoriaestadionacional.cl\/wp-content\/plugins\/revslider\/sr6\/assets\/assets\/dummy.png\" alt=\"\" title=\"Galer\u00eda\" class=\"rev-slidebg tp-rs-img rs-lazyload\" data-lazyload=\"\/\/www.memoriaestadionacional.cl\/wp-content\/uploads\/2024\/09\/DUB3999.jpg\" data-no-retina>\n<!---->\t\t\t\t\t<\/rs-slide>\n\t\t\t\t\t\t<rs-slide style=\"position: absolute;\" data-key=\"rs-647\" data-title=\"Slide\" data-thumb=\"\/\/www.memoriaestadionacional.cl\/wp-content\/uploads\/2024\/09\/DUB4000-50x100.jpg\" data-in=\"o:0;\" data-out=\"a:false;\">\n\t\t\t\t\t\t\t<img decoding=\"async\" src=\"\/\/www.memoriaestadionacional.cl\/wp-content\/plugins\/revslider\/sr6\/assets\/assets\/dummy.png\" alt=\"\" title=\"Galer\u00eda\" class=\"rev-slidebg tp-rs-img rs-lazyload\" data-lazyload=\"\/\/www.memoriaestadionacional.cl\/wp-content\/uploads\/2024\/09\/DUB4000.jpg\" data-no-retina>\n<!---->\t\t\t\t\t<\/rs-slide>\n\t\t\t\t\t\t<rs-slide style=\"position: absolute;\" data-key=\"rs-648\" data-title=\"Slide\" data-thumb=\"\/\/www.memoriaestadionacional.cl\/wp-content\/uploads\/2024\/09\/DUB4001-50x100.jpg\" data-in=\"o:0;\" data-out=\"a:false;\">\n\t\t\t\t\t\t\t<img decoding=\"async\" src=\"\/\/www.memoriaestadionacional.cl\/wp-content\/plugins\/revslider\/sr6\/assets\/assets\/dummy.png\" alt=\"\" title=\"Galer\u00eda\" class=\"rev-slidebg tp-rs-img rs-lazyload\" data-lazyload=\"\/\/www.memoriaestadionacional.cl\/wp-content\/uploads\/2024\/09\/DUB4001.jpg\" data-no-retina>\n<!---->\t\t\t\t\t<\/rs-slide>\n\t\t\t\t\t\t<rs-slide style=\"position: absolute;\" data-key=\"rs-649\" data-title=\"Slide\" data-thumb=\"\/\/www.memoriaestadionacional.cl\/wp-content\/uploads\/2024\/09\/DUB4003-50x100.jpg\" data-in=\"o:0;\" data-out=\"a:false;\">\n\t\t\t\t\t\t\t<img decoding=\"async\" src=\"\/\/www.memoriaestadionacional.cl\/wp-content\/plugins\/revslider\/sr6\/assets\/assets\/dummy.png\" alt=\"\" title=\"Galer\u00eda\" class=\"rev-slidebg tp-rs-img rs-lazyload\" data-lazyload=\"\/\/www.memoriaestadionacional.cl\/wp-content\/uploads\/2024\/09\/DUB4003.jpg\" data-no-retina>\n<!---->\t\t\t\t\t<\/rs-slide>\n\t\t\t\t\t\t<rs-slide style=\"position: absolute;\" data-key=\"rs-651\" data-title=\"Slide\" data-thumb=\"\/\/www.memoriaestadionacional.cl\/wp-content\/uploads\/2024\/09\/DUB4007-50x100.jpg\" data-in=\"o:0;\" data-out=\"a:false;\">\n\t\t\t\t\t\t\t<img decoding=\"async\" src=\"\/\/www.memoriaestadionacional.cl\/wp-content\/plugins\/revslider\/sr6\/assets\/assets\/dummy.png\" alt=\"\" title=\"Galer\u00eda\" class=\"rev-slidebg tp-rs-img rs-lazyload\" data-lazyload=\"\/\/www.memoriaestadionacional.cl\/wp-content\/uploads\/2024\/09\/DUB4007.jpg\" data-no-retina>\n<!---->\t\t\t\t\t<\/rs-slide>\n\t\t\t\t\t\t<rs-slide style=\"position: absolute;\" data-key=\"rs-652\" data-title=\"Slide\" data-thumb=\"\/\/www.memoriaestadionacional.cl\/wp-content\/uploads\/2024\/09\/DUB4009-50x100.jpg\" data-in=\"o:0;\" data-out=\"a:false;\">\n\t\t\t\t\t\t\t<img decoding=\"async\" src=\"\/\/www.memoriaestadionacional.cl\/wp-content\/plugins\/revslider\/sr6\/assets\/assets\/dummy.png\" alt=\"\" title=\"Galer\u00eda\" class=\"rev-slidebg tp-rs-img rs-lazyload\" data-lazyload=\"\/\/www.memoriaestadionacional.cl\/wp-content\/uploads\/2024\/09\/DUB4009.jpg\" data-no-retina>\n<!---->\t\t\t\t\t<\/rs-slide>\n\t\t\t\t\t\t<rs-slide style=\"position: absolute;\" data-key=\"rs-654\" data-title=\"Slide\" data-thumb=\"\/\/www.memoriaestadionacional.cl\/wp-content\/uploads\/2024\/09\/DUB4015-50x100.jpg\" data-in=\"o:0;\" data-out=\"a:false;\">\n\t\t\t\t\t\t\t<img decoding=\"async\" src=\"\/\/www.memoriaestadionacional.cl\/wp-content\/plugins\/revslider\/sr6\/assets\/assets\/dummy.png\" alt=\"\" title=\"Galer\u00eda\" class=\"rev-slidebg tp-rs-img rs-lazyload\" data-lazyload=\"\/\/www.memoriaestadionacional.cl\/wp-content\/uploads\/2024\/09\/DUB4015.jpg\" data-no-retina>\n<!---->\t\t\t\t\t<\/rs-slide>\n\t\t\t\t\t\t<rs-slide style=\"position: absolute;\" data-key=\"rs-655\" data-title=\"Slide\" data-thumb=\"\/\/www.memoriaestadionacional.cl\/wp-content\/uploads\/2024\/09\/DUB4019-50x100.jpg\" data-in=\"o:0;\" data-out=\"a:false;\">\n\t\t\t\t\t\t\t<img decoding=\"async\" src=\"\/\/www.memoriaestadionacional.cl\/wp-content\/plugins\/revslider\/sr6\/assets\/assets\/dummy.png\" alt=\"\" title=\"Galer\u00eda\" class=\"rev-slidebg tp-rs-img rs-lazyload\" data-lazyload=\"\/\/www.memoriaestadionacional.cl\/wp-content\/uploads\/2024\/09\/DUB4019.jpg\" data-no-retina>\n<!---->\t\t\t\t\t<\/rs-slide>\n\t\t\t\t\t\t<rs-slide style=\"position: absolute;\" data-key=\"rs-657\" data-title=\"Slide\" data-thumb=\"\/\/www.memoriaestadionacional.cl\/wp-content\/uploads\/2024\/09\/DUB4021-50x100.jpg\" data-in=\"o:0;\" data-out=\"a:false;\">\n\t\t\t\t\t\t\t<img decoding=\"async\" src=\"\/\/www.memoriaestadionacional.cl\/wp-content\/plugins\/revslider\/sr6\/assets\/assets\/dummy.png\" alt=\"\" title=\"Galer\u00eda\" class=\"rev-slidebg tp-rs-img rs-lazyload\" data-lazyload=\"\/\/www.memoriaestadionacional.cl\/wp-content\/uploads\/2024\/09\/DUB4021.jpg\" data-no-retina>\n<!---->\t\t\t\t\t<\/rs-slide>\n\t\t\t\t\t\t<rs-slide style=\"position: absolute;\" data-key=\"rs-659\" data-title=\"Slide\" data-thumb=\"\/\/www.memoriaestadionacional.cl\/wp-content\/uploads\/2024\/09\/DUB4034-50x100.jpg\" data-in=\"o:0;\" data-out=\"a:false;\">\n\t\t\t\t\t\t\t<img decoding=\"async\" src=\"\/\/www.memoriaestadionacional.cl\/wp-content\/plugins\/revslider\/sr6\/assets\/assets\/dummy.png\" alt=\"\" title=\"Galer\u00eda\" class=\"rev-slidebg tp-rs-img rs-lazyload\" data-lazyload=\"\/\/www.memoriaestadionacional.cl\/wp-content\/uploads\/2024\/09\/DUB4034.jpg\" data-no-retina>\n<!---->\t\t\t\t\t<\/rs-slide>\n\t\t\t\t\t\t<rs-slide style=\"position: absolute;\" data-key=\"rs-661\" data-title=\"Slide\" data-thumb=\"\/\/www.memoriaestadionacional.cl\/wp-content\/uploads\/2024\/09\/DUB4040-50x100.jpg\" data-in=\"o:0;\" data-out=\"a:false;\">\n\t\t\t\t\t\t\t<img decoding=\"async\" src=\"\/\/www.memoriaestadionacional.cl\/wp-content\/plugins\/revslider\/sr6\/assets\/assets\/dummy.png\" alt=\"\" title=\"Galer\u00eda\" class=\"rev-slidebg tp-rs-img rs-lazyload\" data-lazyload=\"\/\/www.memoriaestadionacional.cl\/wp-content\/uploads\/2024\/09\/DUB4040.jpg\" data-no-retina>\n<!---->\t\t\t\t\t<\/rs-slide>\n\t\t\t\t\t\t<rs-slide style=\"position: absolute;\" data-key=\"rs-662\" data-title=\"Slide\" data-thumb=\"\/\/www.memoriaestadionacional.cl\/wp-content\/uploads\/2024\/09\/DUB4046-50x100.jpg\" data-in=\"o:0;\" data-out=\"a:false;\">\n\t\t\t\t\t\t\t<img decoding=\"async\" src=\"\/\/www.memoriaestadionacional.cl\/wp-content\/plugins\/revslider\/sr6\/assets\/assets\/dummy.png\" alt=\"\" title=\"Galer\u00eda\" class=\"rev-slidebg tp-rs-img rs-lazyload\" data-lazyload=\"\/\/www.memoriaestadionacional.cl\/wp-content\/uploads\/2024\/09\/DUB4046.jpg\" data-no-retina>\n<!---->\t\t\t\t\t<\/rs-slide>\n\t\t\t\t\t\t<rs-slide style=\"position: absolute;\" data-key=\"rs-663\" data-title=\"Slide\" data-thumb=\"\/\/www.memoriaestadionacional.cl\/wp-content\/uploads\/2024\/09\/DUB4047-50x100.jpg\" data-in=\"o:0;\" data-out=\"a:false;\">\n\t\t\t\t\t\t\t<img decoding=\"async\" src=\"\/\/www.memoriaestadionacional.cl\/wp-content\/plugins\/revslider\/sr6\/assets\/assets\/dummy.png\" alt=\"\" title=\"Galer\u00eda\" class=\"rev-slidebg tp-rs-img rs-lazyload\" data-lazyload=\"\/\/www.memoriaestadionacional.cl\/wp-content\/uploads\/2024\/09\/DUB4047.jpg\" data-no-retina>\n<!---->\t\t\t\t\t<\/rs-slide>\n\t\t\t\t\t\t<rs-slide style=\"position: absolute;\" data-key=\"rs-664\" data-title=\"Slide\" data-thumb=\"\/\/www.memoriaestadionacional.cl\/wp-content\/uploads\/2024\/09\/DUB4052-50x100.jpg\" data-in=\"o:0;\" data-out=\"a:false;\">\n\t\t\t\t\t\t\t<img decoding=\"async\" src=\"\/\/www.memoriaestadionacional.cl\/wp-content\/plugins\/revslider\/sr6\/assets\/assets\/dummy.png\" alt=\"\" title=\"Galer\u00eda\" class=\"rev-slidebg tp-rs-img rs-lazyload\" data-lazyload=\"\/\/www.memoriaestadionacional.cl\/wp-content\/uploads\/2024\/09\/DUB4052.jpg\" data-no-retina>\n<!---->\t\t\t\t\t<\/rs-slide>\n\t\t\t\t\t\t<rs-slide style=\"position: absolute;\" data-key=\"rs-666\" data-title=\"Slide\" data-thumb=\"\/\/www.memoriaestadionacional.cl\/wp-content\/uploads\/2024\/09\/DUB4054-50x100.jpg\" data-in=\"o:0;\" data-out=\"a:false;\">\n\t\t\t\t\t\t\t<img decoding=\"async\" src=\"\/\/www.memoriaestadionacional.cl\/wp-content\/plugins\/revslider\/sr6\/assets\/assets\/dummy.png\" alt=\"\" title=\"Galer\u00eda\" class=\"rev-slidebg tp-rs-img rs-lazyload\" data-lazyload=\"\/\/www.memoriaestadionacional.cl\/wp-content\/uploads\/2024\/09\/DUB4054.jpg\" data-no-retina>\n<!---->\t\t\t\t\t<\/rs-slide>\n\t\t\t\t\t\t<rs-slide style=\"position: absolute;\" data-key=\"rs-667\" data-title=\"Slide\" data-thumb=\"\/\/www.memoriaestadionacional.cl\/wp-content\/uploads\/2024\/09\/DUB4055-50x100.jpg\" data-in=\"o:0;\" data-out=\"a:false;\">\n\t\t\t\t\t\t\t<img decoding=\"async\" src=\"\/\/www.memoriaestadionacional.cl\/wp-content\/plugins\/revslider\/sr6\/assets\/assets\/dummy.png\" alt=\"\" title=\"Galer\u00eda\" class=\"rev-slidebg tp-rs-img rs-lazyload\" data-lazyload=\"\/\/www.memoriaestadionacional.cl\/wp-content\/uploads\/2024\/09\/DUB4055.jpg\" data-no-retina>\n<!---->\t\t\t\t\t<\/rs-slide>\n\t\t\t\t\t\t<rs-slide style=\"position: absolute;\" data-key=\"rs-669\" data-title=\"Slide\" data-thumb=\"\/\/www.memoriaestadionacional.cl\/wp-content\/uploads\/2024\/09\/DUB4058-50x100.jpg\" data-in=\"o:0;\" data-out=\"a:false;\">\n\t\t\t\t\t\t\t<img decoding=\"async\" src=\"\/\/www.memoriaestadionacional.cl\/wp-content\/plugins\/revslider\/sr6\/assets\/assets\/dummy.png\" alt=\"\" title=\"Galer\u00eda\" class=\"rev-slidebg tp-rs-img rs-lazyload\" data-lazyload=\"\/\/www.memoriaestadionacional.cl\/wp-content\/uploads\/2024\/09\/DUB4058.jpg\" data-no-retina>\n<!---->\t\t\t\t\t<\/rs-slide>\n\t\t\t\t\t\t<rs-slide style=\"position: absolute;\" data-key=\"rs-671\" data-title=\"Slide\" data-thumb=\"\/\/www.memoriaestadionacional.cl\/wp-content\/uploads\/2024\/09\/DUB4064-50x100.jpg\" data-in=\"o:0;\" data-out=\"a:false;\">\n\t\t\t\t\t\t\t<img decoding=\"async\" src=\"\/\/www.memoriaestadionacional.cl\/wp-content\/plugins\/revslider\/sr6\/assets\/assets\/dummy.png\" alt=\"\" title=\"Galer\u00eda\" class=\"rev-slidebg tp-rs-img rs-lazyload\" data-lazyload=\"\/\/www.memoriaestadionacional.cl\/wp-content\/uploads\/2024\/09\/DUB4064.jpg\" data-no-retina>\n<!---->\t\t\t\t\t<\/rs-slide>\n\t\t\t\t\t\t<rs-slide style=\"position: absolute;\" data-key=\"rs-674\" data-title=\"Slide\" data-thumb=\"\/\/www.memoriaestadionacional.cl\/wp-content\/uploads\/2024\/09\/DUB4076-50x100.jpg\" data-in=\"o:0;\" data-out=\"a:false;\">\n\t\t\t\t\t\t\t<img decoding=\"async\" src=\"\/\/www.memoriaestadionacional.cl\/wp-content\/plugins\/revslider\/sr6\/assets\/assets\/dummy.png\" alt=\"\" title=\"Galer\u00eda\" class=\"rev-slidebg tp-rs-img rs-lazyload\" data-lazyload=\"\/\/www.memoriaestadionacional.cl\/wp-content\/uploads\/2024\/09\/DUB4076.jpg\" data-no-retina>\n<!---->\t\t\t\t\t<\/rs-slide>\n\t\t\t\t\t<\/rs-slides>\n\t\t\t\t<\/rs-module>\n\t\t\t\t<script>\n\t\t\t\t\tsetREVStartSize({c: 'rev_slider_57_18',rl:[1240,1024,778,480],el:[900],gw:[1240],gh:[900],type:'carousel',justify:'',layout:'fullwidth',mh:\"0\"});if (window.RS_MODULES!==undefined && window.RS_MODULES.modules!==undefined && window.RS_MODULES.modules[\"revslider5718\"]!==undefined) {window.RS_MODULES.modules[\"revslider5718\"].once = false;window.revapi57 = undefined;if (window.RS_MODULES.checkMinimal!==undefined) window.RS_MODULES.checkMinimal()}\n\t\t\t\t<\/script>\n\t\t\t<\/rs-module-wrap>\n\t\t\t<!-- END REVOLUTION SLIDER -->\n<\/div><\/div><\/div><\/div><\/div><div class=\"vc-row-container row-stretch\"><div data-vc-full-width=\"true\"  data-vc-full-width-init=\"false\" class=\"vc_row wpb_row vc_row-fluid\"><div class=\"wpb_column vc_column_container vc_col-sm-12\"><div class=\"vc_column-inner\"><div class=\"wpb_wrapper\"><div class=\"vc_empty_space\"   style=\"height: 100px\"><span class=\"vc_empty_space_inner\"><\/span><\/div><\/div><\/div><\/div><\/div><\/div><div class=\"vc-row-container row-stretch\"><div data-vc-full-width=\"true\"  data-vc-full-width-init=\"false\" class=\"vc_row wpb_row vc_row-fluid\"><div class=\"wpb_column vc_column_container vc_col-sm-12\"><div class=\"vc_column-inner\"><div class=\"wpb_wrapper\">\n\t<div class=\"wpb_text_column wpb_content_element wpb_animate_when_almost_visible wpb_fadeIn fadeIn\" >\n\t\t<div class=\"wpb_wrapper\">\n\t\t\t<h5 style=\"text-align: center;\"><span style=\"color: #e79e47;\">[<\/span>GALER\u00cdA<span style=\"color: #e79e47;\">]<\/span><\/h5>\n\n\t\t<\/div>\n\t<\/div>\n<h1 style=\"text-align: center\" class=\"vc_custom_heading vc_do_custom_heading wpb_animate_when_almost_visible wpb_fadeIn fadeIn\" >Inauguraci\u00f3n Proyecto \"Grieta\" del Camino de la Memoria<\/h1><div class=\"vc_separator wpb_content_element vc_separator_align_center vc_sep_width_10 vc_sep_border_width_5 vc_sep_pos_align_center vc_separator_no_text wpb_content_element  wpb_content_element wpb_animate_when_almost_visible wpb_fadeIn fadeIn wpb_animate_when_almost_visible wpb_fadeIn fadeIn\" ><span class=\"vc_sep_holder vc_sep_holder_l\"><span style=\"border-color:#e79e47;\" class=\"vc_sep_line\"><\/span><\/span><span class=\"vc_sep_holder vc_sep_holder_r\"><span style=\"border-color:#e79e47;\" class=\"vc_sep_line\"><\/span><\/span>\n<\/div><div class=\"vc_empty_space\"   style=\"height: 32px\"><span class=\"vc_empty_space_inner\"><\/span><\/div>\n\t\t\t<!-- START Proyecto Grieta REVOLUTION SLIDER 6.7.41 --><p class=\"rs-p-wp-fix\"><\/p>\n\t\t\t<rs-module-wrap id=\"rev_slider_56_19_wrapper\" data-source=\"gallery\" style=\"visibility:hidden;background:transparent;padding:0;margin:0px auto;margin-top:0;margin-bottom:0;\">\n\t\t\t\t<rs-module id=\"rev_slider_56_19\" style=\"\" data-version=\"6.7.41\">\n\t\t\t\t\t<rs-slides style=\"overflow: hidden; position: absolute;\">\n\t\t\t\t\t\t<rs-slide style=\"position: absolute;\" data-key=\"rs-559\" data-title=\"Slide\" data-thumb=\"\/\/www.memoriaestadionacional.cl\/wp-content\/uploads\/2024\/09\/DUB3494-50x100.jpg\" data-in=\"o:0;\" data-out=\"a:false;\">\n\t\t\t\t\t\t\t<img decoding=\"async\" src=\"\/\/www.memoriaestadionacional.cl\/wp-content\/plugins\/revslider\/sr6\/assets\/assets\/dummy.png\" alt=\"\" title=\"Galer\u00eda\" class=\"rev-slidebg tp-rs-img rs-lazyload\" data-lazyload=\"\/\/www.memoriaestadionacional.cl\/wp-content\/uploads\/2024\/09\/DUB3494.jpg\" data-no-retina>\n<!---->\t\t\t\t\t<\/rs-slide>\n\t\t\t\t\t\t<rs-slide style=\"position: absolute;\" data-key=\"rs-560\" data-title=\"Slide\" data-thumb=\"\/\/www.memoriaestadionacional.cl\/wp-content\/uploads\/2024\/09\/DUB3729-50x100.jpg\" data-in=\"o:0;\" data-out=\"a:false;\">\n\t\t\t\t\t\t\t<img decoding=\"async\" src=\"\/\/www.memoriaestadionacional.cl\/wp-content\/plugins\/revslider\/sr6\/assets\/assets\/dummy.png\" alt=\"\" title=\"Galer\u00eda\" class=\"rev-slidebg tp-rs-img rs-lazyload\" data-lazyload=\"\/\/www.memoriaestadionacional.cl\/wp-content\/uploads\/2024\/09\/DUB3729.jpg\" data-no-retina>\n<!---->\t\t\t\t\t<\/rs-slide>\n\t\t\t\t\t\t<rs-slide style=\"position: absolute;\" data-key=\"rs-561\" data-title=\"Slide\" data-thumb=\"\/\/www.memoriaestadionacional.cl\/wp-content\/uploads\/2024\/09\/DUB3713-50x100.jpg\" data-in=\"o:0;\" data-out=\"a:false;\">\n\t\t\t\t\t\t\t<img decoding=\"async\" src=\"\/\/www.memoriaestadionacional.cl\/wp-content\/plugins\/revslider\/sr6\/assets\/assets\/dummy.png\" alt=\"\" title=\"Galer\u00eda\" class=\"rev-slidebg tp-rs-img rs-lazyload\" data-lazyload=\"\/\/www.memoriaestadionacional.cl\/wp-content\/uploads\/2024\/09\/DUB3713.jpg\" data-no-retina>\n<!---->\t\t\t\t\t<\/rs-slide>\n\t\t\t\t\t\t<rs-slide style=\"position: absolute;\" data-key=\"rs-562\" data-title=\"Slide\" data-thumb=\"\/\/www.memoriaestadionacional.cl\/wp-content\/uploads\/2024\/09\/DUB3701-50x100.jpg\" data-in=\"o:0;\" data-out=\"a:false;\">\n\t\t\t\t\t\t\t<img decoding=\"async\" src=\"\/\/www.memoriaestadionacional.cl\/wp-content\/plugins\/revslider\/sr6\/assets\/assets\/dummy.png\" alt=\"\" title=\"Galer\u00eda\" class=\"rev-slidebg tp-rs-img rs-lazyload\" data-lazyload=\"\/\/www.memoriaestadionacional.cl\/wp-content\/uploads\/2024\/09\/DUB3701.jpg\" data-no-retina>\n<!---->\t\t\t\t\t<\/rs-slide>\n\t\t\t\t\t\t<rs-slide style=\"position: absolute;\" data-key=\"rs-563\" data-title=\"Slide\" data-thumb=\"\/\/www.memoriaestadionacional.cl\/wp-content\/uploads\/2024\/09\/DUB3691-50x100.jpg\" data-in=\"o:0;\" data-out=\"a:false;\">\n\t\t\t\t\t\t\t<img decoding=\"async\" src=\"\/\/www.memoriaestadionacional.cl\/wp-content\/plugins\/revslider\/sr6\/assets\/assets\/dummy.png\" alt=\"\" title=\"Galer\u00eda\" class=\"rev-slidebg tp-rs-img rs-lazyload\" data-lazyload=\"\/\/www.memoriaestadionacional.cl\/wp-content\/uploads\/2024\/09\/DUB3691.jpg\" data-no-retina>\n<!---->\t\t\t\t\t<\/rs-slide>\n\t\t\t\t\t\t<rs-slide style=\"position: absolute;\" data-key=\"rs-564\" data-title=\"Slide\" data-thumb=\"\/\/www.memoriaestadionacional.cl\/wp-content\/uploads\/2024\/09\/DUB3682-50x100.jpg\" data-in=\"o:0;\" data-out=\"a:false;\">\n\t\t\t\t\t\t\t<img decoding=\"async\" src=\"\/\/www.memoriaestadionacional.cl\/wp-content\/plugins\/revslider\/sr6\/assets\/assets\/dummy.png\" alt=\"\" title=\"Galer\u00eda\" class=\"rev-slidebg tp-rs-img rs-lazyload\" data-lazyload=\"\/\/www.memoriaestadionacional.cl\/wp-content\/uploads\/2024\/09\/DUB3682.jpg\" data-no-retina>\n<!---->\t\t\t\t\t<\/rs-slide>\n\t\t\t\t\t\t<rs-slide style=\"position: absolute;\" data-key=\"rs-565\" data-title=\"Slide\" data-thumb=\"\/\/www.memoriaestadionacional.cl\/wp-content\/uploads\/2024\/09\/DUB3678-50x100.jpg\" data-in=\"o:0;\" data-out=\"a:false;\">\n\t\t\t\t\t\t\t<img decoding=\"async\" src=\"\/\/www.memoriaestadionacional.cl\/wp-content\/plugins\/revslider\/sr6\/assets\/assets\/dummy.png\" alt=\"\" title=\"Galer\u00eda\" class=\"rev-slidebg tp-rs-img rs-lazyload\" data-lazyload=\"\/\/www.memoriaestadionacional.cl\/wp-content\/uploads\/2024\/09\/DUB3678.jpg\" data-no-retina>\n<!---->\t\t\t\t\t<\/rs-slide>\n\t\t\t\t\t\t<rs-slide style=\"position: absolute;\" data-key=\"rs-566\" data-title=\"Slide\" data-thumb=\"\/\/www.memoriaestadionacional.cl\/wp-content\/uploads\/2024\/09\/DUB3665-50x100.jpg\" data-in=\"o:0;\" data-out=\"a:false;\">\n\t\t\t\t\t\t\t<img decoding=\"async\" src=\"\/\/www.memoriaestadionacional.cl\/wp-content\/plugins\/revslider\/sr6\/assets\/assets\/dummy.png\" alt=\"\" title=\"Galer\u00eda\" class=\"rev-slidebg tp-rs-img rs-lazyload\" data-lazyload=\"\/\/www.memoriaestadionacional.cl\/wp-content\/uploads\/2024\/09\/DUB3665.jpg\" data-no-retina>\n<!---->\t\t\t\t\t<\/rs-slide>\n\t\t\t\t\t\t<rs-slide style=\"position: absolute;\" data-key=\"rs-567\" data-title=\"Slide\" data-thumb=\"\/\/www.memoriaestadionacional.cl\/wp-content\/uploads\/2024\/09\/DUB3662-50x100.jpg\" data-in=\"o:0;\" data-out=\"a:false;\">\n\t\t\t\t\t\t\t<img decoding=\"async\" src=\"\/\/www.memoriaestadionacional.cl\/wp-content\/plugins\/revslider\/sr6\/assets\/assets\/dummy.png\" alt=\"\" title=\"Galer\u00eda\" class=\"rev-slidebg tp-rs-img rs-lazyload\" data-lazyload=\"\/\/www.memoriaestadionacional.cl\/wp-content\/uploads\/2024\/09\/DUB3662.jpg\" data-no-retina>\n<!---->\t\t\t\t\t<\/rs-slide>\n\t\t\t\t\t\t<rs-slide style=\"position: absolute;\" data-key=\"rs-568\" data-title=\"Slide\" data-thumb=\"\/\/www.memoriaestadionacional.cl\/wp-content\/uploads\/2024\/09\/DUB3648-50x100.jpg\" data-in=\"o:0;\" data-out=\"a:false;\">\n\t\t\t\t\t\t\t<img decoding=\"async\" src=\"\/\/www.memoriaestadionacional.cl\/wp-content\/plugins\/revslider\/sr6\/assets\/assets\/dummy.png\" alt=\"\" title=\"Galer\u00eda\" class=\"rev-slidebg tp-rs-img rs-lazyload\" data-lazyload=\"\/\/www.memoriaestadionacional.cl\/wp-content\/uploads\/2024\/09\/DUB3648.jpg\" data-no-retina>\n<!---->\t\t\t\t\t<\/rs-slide>\n\t\t\t\t\t\t<rs-slide style=\"position: absolute;\" data-key=\"rs-569\" data-title=\"Slide\" data-thumb=\"\/\/www.memoriaestadionacional.cl\/wp-content\/uploads\/2024\/09\/DUB3629-50x100.jpg\" data-in=\"o:0;\" data-out=\"a:false;\">\n\t\t\t\t\t\t\t<img decoding=\"async\" src=\"\/\/www.memoriaestadionacional.cl\/wp-content\/plugins\/revslider\/sr6\/assets\/assets\/dummy.png\" alt=\"\" title=\"Galer\u00eda\" class=\"rev-slidebg tp-rs-img rs-lazyload\" data-lazyload=\"\/\/www.memoriaestadionacional.cl\/wp-content\/uploads\/2024\/09\/DUB3629.jpg\" data-no-retina>\n<!---->\t\t\t\t\t<\/rs-slide>\n\t\t\t\t\t\t<rs-slide style=\"position: absolute;\" data-key=\"rs-570\" data-title=\"Slide\" data-thumb=\"\/\/www.memoriaestadionacional.cl\/wp-content\/uploads\/2024\/09\/DUB3621-50x100.jpg\" data-in=\"o:0;\" data-out=\"a:false;\">\n\t\t\t\t\t\t\t<img decoding=\"async\" src=\"\/\/www.memoriaestadionacional.cl\/wp-content\/plugins\/revslider\/sr6\/assets\/assets\/dummy.png\" alt=\"\" title=\"Galer\u00eda\" class=\"rev-slidebg tp-rs-img rs-lazyload\" data-lazyload=\"\/\/www.memoriaestadionacional.cl\/wp-content\/uploads\/2024\/09\/DUB3621.jpg\" data-no-retina>\n<!---->\t\t\t\t\t<\/rs-slide>\n\t\t\t\t\t\t<rs-slide style=\"position: absolute;\" data-key=\"rs-571\" data-title=\"Slide\" data-thumb=\"\/\/www.memoriaestadionacional.cl\/wp-content\/uploads\/2024\/09\/DUB3612-50x100.jpg\" data-in=\"o:0;\" data-out=\"a:false;\">\n\t\t\t\t\t\t\t<img decoding=\"async\" src=\"\/\/www.memoriaestadionacional.cl\/wp-content\/plugins\/revslider\/sr6\/assets\/assets\/dummy.png\" alt=\"\" title=\"Galer\u00eda\" class=\"rev-slidebg tp-rs-img rs-lazyload\" data-lazyload=\"\/\/www.memoriaestadionacional.cl\/wp-content\/uploads\/2024\/09\/DUB3612.jpg\" data-no-retina>\n<!---->\t\t\t\t\t<\/rs-slide>\n\t\t\t\t\t\t<rs-slide style=\"position: absolute;\" data-key=\"rs-572\" data-title=\"Slide\" data-thumb=\"\/\/www.memoriaestadionacional.cl\/wp-content\/uploads\/2024\/09\/DUB3594-50x100.jpg\" data-in=\"o:0;\" data-out=\"a:false;\">\n\t\t\t\t\t\t\t<img decoding=\"async\" src=\"\/\/www.memoriaestadionacional.cl\/wp-content\/plugins\/revslider\/sr6\/assets\/assets\/dummy.png\" alt=\"\" title=\"Galer\u00eda\" class=\"rev-slidebg tp-rs-img rs-lazyload\" data-lazyload=\"\/\/www.memoriaestadionacional.cl\/wp-content\/uploads\/2024\/09\/DUB3594.jpg\" data-no-retina>\n<!---->\t\t\t\t\t<\/rs-slide>\n\t\t\t\t\t\t<rs-slide style=\"position: absolute;\" data-key=\"rs-573\" data-title=\"Slide\" data-thumb=\"\/\/www.memoriaestadionacional.cl\/wp-content\/uploads\/2024\/09\/DUB3584-50x100.jpg\" data-in=\"o:0;\" data-out=\"a:false;\">\n\t\t\t\t\t\t\t<img decoding=\"async\" src=\"\/\/www.memoriaestadionacional.cl\/wp-content\/plugins\/revslider\/sr6\/assets\/assets\/dummy.png\" alt=\"\" title=\"Galer\u00eda\" class=\"rev-slidebg tp-rs-img rs-lazyload\" data-lazyload=\"\/\/www.memoriaestadionacional.cl\/wp-content\/uploads\/2024\/09\/DUB3584.jpg\" data-no-retina>\n<!---->\t\t\t\t\t<\/rs-slide>\n\t\t\t\t\t\t<rs-slide style=\"position: absolute;\" data-key=\"rs-574\" data-title=\"Slide\" data-thumb=\"\/\/www.memoriaestadionacional.cl\/wp-content\/uploads\/2024\/09\/DUB3582-50x100.jpg\" data-in=\"o:0;\" data-out=\"a:false;\">\n\t\t\t\t\t\t\t<img decoding=\"async\" src=\"\/\/www.memoriaestadionacional.cl\/wp-content\/plugins\/revslider\/sr6\/assets\/assets\/dummy.png\" alt=\"\" title=\"Galer\u00eda\" class=\"rev-slidebg tp-rs-img rs-lazyload\" data-lazyload=\"\/\/www.memoriaestadionacional.cl\/wp-content\/uploads\/2024\/09\/DUB3582.jpg\" data-no-retina>\n<!---->\t\t\t\t\t<\/rs-slide>\n\t\t\t\t\t\t<rs-slide style=\"position: absolute;\" data-key=\"rs-575\" data-title=\"Slide\" data-thumb=\"\/\/www.memoriaestadionacional.cl\/wp-content\/uploads\/2024\/09\/DUB3573-50x100.jpg\" data-in=\"o:0;\" data-out=\"a:false;\">\n\t\t\t\t\t\t\t<img decoding=\"async\" src=\"\/\/www.memoriaestadionacional.cl\/wp-content\/plugins\/revslider\/sr6\/assets\/assets\/dummy.png\" alt=\"\" title=\"Galer\u00eda\" class=\"rev-slidebg tp-rs-img rs-lazyload\" data-lazyload=\"\/\/www.memoriaestadionacional.cl\/wp-content\/uploads\/2024\/09\/DUB3573.jpg\" data-no-retina>\n<!---->\t\t\t\t\t<\/rs-slide>\n\t\t\t\t\t\t<rs-slide style=\"position: absolute;\" data-key=\"rs-576\" data-title=\"Slide\" data-thumb=\"\/\/www.memoriaestadionacional.cl\/wp-content\/uploads\/2024\/09\/DUB3569-50x100.jpg\" data-in=\"o:0;\" data-out=\"a:false;\">\n\t\t\t\t\t\t\t<img decoding=\"async\" src=\"\/\/www.memoriaestadionacional.cl\/wp-content\/plugins\/revslider\/sr6\/assets\/assets\/dummy.png\" alt=\"\" title=\"Galer\u00eda\" class=\"rev-slidebg tp-rs-img rs-lazyload\" data-lazyload=\"\/\/www.memoriaestadionacional.cl\/wp-content\/uploads\/2024\/09\/DUB3569.jpg\" data-no-retina>\n<!---->\t\t\t\t\t<\/rs-slide>\n\t\t\t\t\t\t<rs-slide style=\"position: absolute;\" data-key=\"rs-577\" data-title=\"Slide\" data-thumb=\"\/\/www.memoriaestadionacional.cl\/wp-content\/uploads\/2024\/09\/DUB3554-50x100.jpg\" data-in=\"o:0;\" data-out=\"a:false;\">\n\t\t\t\t\t\t\t<img decoding=\"async\" src=\"\/\/www.memoriaestadionacional.cl\/wp-content\/plugins\/revslider\/sr6\/assets\/assets\/dummy.png\" alt=\"\" title=\"Galer\u00eda\" class=\"rev-slidebg tp-rs-img rs-lazyload\" data-lazyload=\"\/\/www.memoriaestadionacional.cl\/wp-content\/uploads\/2024\/09\/DUB3554.jpg\" data-no-retina>\n<!---->\t\t\t\t\t<\/rs-slide>\n\t\t\t\t\t\t<rs-slide style=\"position: absolute;\" data-key=\"rs-578\" data-title=\"Slide\" data-thumb=\"\/\/www.memoriaestadionacional.cl\/wp-content\/uploads\/2024\/09\/DUB3549-50x100.jpg\" data-in=\"o:0;\" data-out=\"a:false;\">\n\t\t\t\t\t\t\t<img decoding=\"async\" src=\"\/\/www.memoriaestadionacional.cl\/wp-content\/plugins\/revslider\/sr6\/assets\/assets\/dummy.png\" alt=\"\" title=\"Galer\u00eda\" class=\"rev-slidebg tp-rs-img rs-lazyload\" data-lazyload=\"\/\/www.memoriaestadionacional.cl\/wp-content\/uploads\/2024\/09\/DUB3549.jpg\" data-no-retina>\n<!---->\t\t\t\t\t<\/rs-slide>\n\t\t\t\t\t\t<rs-slide style=\"position: absolute;\" data-key=\"rs-579\" data-title=\"Slide\" data-thumb=\"\/\/www.memoriaestadionacional.cl\/wp-content\/uploads\/2024\/09\/DUB3546-50x100.jpg\" data-in=\"o:0;\" data-out=\"a:false;\">\n\t\t\t\t\t\t\t<img decoding=\"async\" src=\"\/\/www.memoriaestadionacional.cl\/wp-content\/plugins\/revslider\/sr6\/assets\/assets\/dummy.png\" alt=\"\" title=\"Galer\u00eda\" class=\"rev-slidebg tp-rs-img rs-lazyload\" data-lazyload=\"\/\/www.memoriaestadionacional.cl\/wp-content\/uploads\/2024\/09\/DUB3546.jpg\" data-no-retina>\n<!---->\t\t\t\t\t<\/rs-slide>\n\t\t\t\t\t\t<rs-slide style=\"position: absolute;\" data-key=\"rs-580\" data-title=\"Slide\" data-thumb=\"\/\/www.memoriaestadionacional.cl\/wp-content\/uploads\/2024\/09\/DUB3544-50x100.jpg\" data-in=\"o:0;\" data-out=\"a:false;\">\n\t\t\t\t\t\t\t<img decoding=\"async\" src=\"\/\/www.memoriaestadionacional.cl\/wp-content\/plugins\/revslider\/sr6\/assets\/assets\/dummy.png\" alt=\"\" title=\"Galer\u00eda\" class=\"rev-slidebg tp-rs-img rs-lazyload\" data-lazyload=\"\/\/www.memoriaestadionacional.cl\/wp-content\/uploads\/2024\/09\/DUB3544.jpg\" data-no-retina>\n<!---->\t\t\t\t\t<\/rs-slide>\n\t\t\t\t\t\t<rs-slide style=\"position: absolute;\" data-key=\"rs-581\" data-title=\"Slide\" data-thumb=\"\/\/www.memoriaestadionacional.cl\/wp-content\/uploads\/2024\/09\/DUB3542-50x100.jpg\" data-in=\"o:0;\" data-out=\"a:false;\">\n\t\t\t\t\t\t\t<img decoding=\"async\" src=\"\/\/www.memoriaestadionacional.cl\/wp-content\/plugins\/revslider\/sr6\/assets\/assets\/dummy.png\" alt=\"\" title=\"Galer\u00eda\" class=\"rev-slidebg tp-rs-img rs-lazyload\" data-lazyload=\"\/\/www.memoriaestadionacional.cl\/wp-content\/uploads\/2024\/09\/DUB3542.jpg\" data-no-retina>\n<!---->\t\t\t\t\t<\/rs-slide>\n\t\t\t\t\t\t<rs-slide style=\"position: absolute;\" data-key=\"rs-582\" data-title=\"Slide\" data-thumb=\"\/\/www.memoriaestadionacional.cl\/wp-content\/uploads\/2024\/09\/DUB3537-50x100.jpg\" data-in=\"o:0;\" data-out=\"a:false;\">\n\t\t\t\t\t\t\t<img decoding=\"async\" src=\"\/\/www.memoriaestadionacional.cl\/wp-content\/plugins\/revslider\/sr6\/assets\/assets\/dummy.png\" alt=\"\" title=\"Galer\u00eda\" class=\"rev-slidebg tp-rs-img rs-lazyload\" data-lazyload=\"\/\/www.memoriaestadionacional.cl\/wp-content\/uploads\/2024\/09\/DUB3537.jpg\" data-no-retina>\n<!---->\t\t\t\t\t<\/rs-slide>\n\t\t\t\t\t\t<rs-slide style=\"position: absolute;\" data-key=\"rs-583\" data-title=\"Slide\" data-thumb=\"\/\/www.memoriaestadionacional.cl\/wp-content\/uploads\/2024\/09\/DUB3529-50x100.jpg\" data-in=\"o:0;\" data-out=\"a:false;\">\n\t\t\t\t\t\t\t<img decoding=\"async\" src=\"\/\/www.memoriaestadionacional.cl\/wp-content\/plugins\/revslider\/sr6\/assets\/assets\/dummy.png\" alt=\"\" title=\"Galer\u00eda\" class=\"rev-slidebg tp-rs-img rs-lazyload\" data-lazyload=\"\/\/www.memoriaestadionacional.cl\/wp-content\/uploads\/2024\/09\/DUB3529.jpg\" data-no-retina>\n<!---->\t\t\t\t\t<\/rs-slide>\n\t\t\t\t\t\t<rs-slide style=\"position: absolute;\" data-key=\"rs-584\" data-title=\"Slide\" data-thumb=\"\/\/www.memoriaestadionacional.cl\/wp-content\/uploads\/2024\/09\/DUB3526-50x100.jpg\" data-in=\"o:0;\" data-out=\"a:false;\">\n\t\t\t\t\t\t\t<img decoding=\"async\" src=\"\/\/www.memoriaestadionacional.cl\/wp-content\/plugins\/revslider\/sr6\/assets\/assets\/dummy.png\" alt=\"\" title=\"Galer\u00eda\" class=\"rev-slidebg tp-rs-img rs-lazyload\" data-lazyload=\"\/\/www.memoriaestadionacional.cl\/wp-content\/uploads\/2024\/09\/DUB3526.jpg\" data-no-retina>\n<!---->\t\t\t\t\t<\/rs-slide>\n\t\t\t\t\t\t<rs-slide style=\"position: absolute;\" data-key=\"rs-585\" data-title=\"Slide\" data-thumb=\"\/\/www.memoriaestadionacional.cl\/wp-content\/uploads\/2024\/09\/DUB3509-50x100.jpg\" data-in=\"o:0;\" data-out=\"a:false;\">\n\t\t\t\t\t\t\t<img decoding=\"async\" src=\"\/\/www.memoriaestadionacional.cl\/wp-content\/plugins\/revslider\/sr6\/assets\/assets\/dummy.png\" alt=\"\" title=\"Galer\u00eda\" class=\"rev-slidebg tp-rs-img rs-lazyload\" data-lazyload=\"\/\/www.memoriaestadionacional.cl\/wp-content\/uploads\/2024\/09\/DUB3509.jpg\" data-no-retina>\n<!---->\t\t\t\t\t<\/rs-slide>\n\t\t\t\t\t\t<rs-slide style=\"position: absolute;\" data-key=\"rs-586\" data-title=\"Slide\" data-thumb=\"\/\/www.memoriaestadionacional.cl\/wp-content\/uploads\/2024\/09\/DUB3507-50x100.jpg\" data-in=\"o:0;\" data-out=\"a:false;\">\n\t\t\t\t\t\t\t<img decoding=\"async\" src=\"\/\/www.memoriaestadionacional.cl\/wp-content\/plugins\/revslider\/sr6\/assets\/assets\/dummy.png\" alt=\"\" title=\"Galer\u00eda\" class=\"rev-slidebg tp-rs-img rs-lazyload\" data-lazyload=\"\/\/www.memoriaestadionacional.cl\/wp-content\/uploads\/2024\/09\/DUB3507.jpg\" data-no-retina>\n<!---->\t\t\t\t\t<\/rs-slide>\n\t\t\t\t\t\t<rs-slide style=\"position: absolute;\" data-key=\"rs-587\" data-title=\"Slide\" data-thumb=\"\/\/www.memoriaestadionacional.cl\/wp-content\/uploads\/2024\/09\/DUB3502-50x100.jpg\" data-in=\"o:0;\" data-out=\"a:false;\">\n\t\t\t\t\t\t\t<img decoding=\"async\" src=\"\/\/www.memoriaestadionacional.cl\/wp-content\/plugins\/revslider\/sr6\/assets\/assets\/dummy.png\" alt=\"\" title=\"Galer\u00eda\" class=\"rev-slidebg tp-rs-img rs-lazyload\" data-lazyload=\"\/\/www.memoriaestadionacional.cl\/wp-content\/uploads\/2024\/09\/DUB3502.jpg\" data-no-retina>\n<!---->\t\t\t\t\t<\/rs-slide>\n\t\t\t\t\t\t<rs-slide style=\"position: absolute;\" data-key=\"rs-588\" data-title=\"Slide\" data-thumb=\"\/\/www.memoriaestadionacional.cl\/wp-content\/uploads\/2024\/09\/DUB3501-50x100.jpg\" data-in=\"o:0;\" data-out=\"a:false;\">\n\t\t\t\t\t\t\t<img decoding=\"async\" src=\"\/\/www.memoriaestadionacional.cl\/wp-content\/plugins\/revslider\/sr6\/assets\/assets\/dummy.png\" alt=\"\" title=\"Galer\u00eda\" class=\"rev-slidebg tp-rs-img rs-lazyload\" data-lazyload=\"\/\/www.memoriaestadionacional.cl\/wp-content\/uploads\/2024\/09\/DUB3501.jpg\" data-no-retina>\n<!---->\t\t\t\t\t<\/rs-slide>\n\t\t\t\t\t\t<rs-slide style=\"position: absolute;\" data-key=\"rs-589\" data-title=\"Slide\" data-thumb=\"\/\/www.memoriaestadionacional.cl\/wp-content\/uploads\/2024\/09\/DUB3498-50x100.jpg\" data-in=\"o:0;\" data-out=\"a:false;\">\n\t\t\t\t\t\t\t<img decoding=\"async\" src=\"\/\/www.memoriaestadionacional.cl\/wp-content\/plugins\/revslider\/sr6\/assets\/assets\/dummy.png\" alt=\"\" title=\"Galer\u00eda\" class=\"rev-slidebg tp-rs-img rs-lazyload\" data-lazyload=\"\/\/www.memoriaestadionacional.cl\/wp-content\/uploads\/2024\/09\/DUB3498.jpg\" data-no-retina>\n<!---->\t\t\t\t\t<\/rs-slide>\n\t\t\t\t\t\t<rs-slide style=\"position: absolute;\" data-key=\"rs-590\" data-title=\"Slide\" data-thumb=\"\/\/www.memoriaestadionacional.cl\/wp-content\/uploads\/2024\/09\/DUB3748-50x100.jpg\" data-in=\"o:0;\" data-out=\"a:false;\">\n\t\t\t\t\t\t\t<img decoding=\"async\" src=\"\/\/www.memoriaestadionacional.cl\/wp-content\/plugins\/revslider\/sr6\/assets\/assets\/dummy.png\" alt=\"\" title=\"Galer\u00eda\" class=\"rev-slidebg tp-rs-img rs-lazyload\" data-lazyload=\"\/\/www.memoriaestadionacional.cl\/wp-content\/uploads\/2024\/09\/DUB3748.jpg\" data-no-retina>\n<!---->\t\t\t\t\t<\/rs-slide>\n\t\t\t\t\t\t<rs-slide style=\"position: absolute;\" data-key=\"rs-591\" data-title=\"Slide\" data-thumb=\"\/\/www.memoriaestadionacional.cl\/wp-content\/uploads\/2024\/09\/DUB3814-50x100.jpg\" data-in=\"o:0;\" data-out=\"a:false;\">\n\t\t\t\t\t\t\t<img decoding=\"async\" src=\"\/\/www.memoriaestadionacional.cl\/wp-content\/plugins\/revslider\/sr6\/assets\/assets\/dummy.png\" alt=\"\" title=\"Galer\u00eda\" class=\"rev-slidebg tp-rs-img rs-lazyload\" data-lazyload=\"\/\/www.memoriaestadionacional.cl\/wp-content\/uploads\/2024\/09\/DUB3814.jpg\" data-no-retina>\n<!---->\t\t\t\t\t<\/rs-slide>\n\t\t\t\t\t\t<rs-slide style=\"position: absolute;\" data-key=\"rs-592\" data-title=\"Slide\" data-thumb=\"\/\/www.memoriaestadionacional.cl\/wp-content\/uploads\/2024\/09\/DUB3810-50x100.jpg\" data-in=\"o:0;\" data-out=\"a:false;\">\n\t\t\t\t\t\t\t<img decoding=\"async\" src=\"\/\/www.memoriaestadionacional.cl\/wp-content\/plugins\/revslider\/sr6\/assets\/assets\/dummy.png\" alt=\"\" title=\"Galer\u00eda\" class=\"rev-slidebg tp-rs-img rs-lazyload\" data-lazyload=\"\/\/www.memoriaestadionacional.cl\/wp-content\/uploads\/2024\/09\/DUB3810.jpg\" data-no-retina>\n<!---->\t\t\t\t\t<\/rs-slide>\n\t\t\t\t\t\t<rs-slide style=\"position: absolute;\" data-key=\"rs-593\" data-title=\"Slide\" data-thumb=\"\/\/www.memoriaestadionacional.cl\/wp-content\/uploads\/2024\/09\/DUB3808-50x100.jpg\" data-in=\"o:0;\" data-out=\"a:false;\">\n\t\t\t\t\t\t\t<img decoding=\"async\" src=\"\/\/www.memoriaestadionacional.cl\/wp-content\/plugins\/revslider\/sr6\/assets\/assets\/dummy.png\" alt=\"\" title=\"Galer\u00eda\" class=\"rev-slidebg tp-rs-img rs-lazyload\" data-lazyload=\"\/\/www.memoriaestadionacional.cl\/wp-content\/uploads\/2024\/09\/DUB3808.jpg\" data-no-retina>\n<!---->\t\t\t\t\t<\/rs-slide>\n\t\t\t\t\t\t<rs-slide style=\"position: absolute;\" data-key=\"rs-594\" data-title=\"Slide\" data-thumb=\"\/\/www.memoriaestadionacional.cl\/wp-content\/uploads\/2024\/09\/DUB3807-50x100.jpg\" data-in=\"o:0;\" data-out=\"a:false;\">\n\t\t\t\t\t\t\t<img decoding=\"async\" src=\"\/\/www.memoriaestadionacional.cl\/wp-content\/plugins\/revslider\/sr6\/assets\/assets\/dummy.png\" alt=\"\" title=\"Galer\u00eda\" class=\"rev-slidebg tp-rs-img rs-lazyload\" data-lazyload=\"\/\/www.memoriaestadionacional.cl\/wp-content\/uploads\/2024\/09\/DUB3807.jpg\" data-no-retina>\n<!---->\t\t\t\t\t<\/rs-slide>\n\t\t\t\t\t\t<rs-slide style=\"position: absolute;\" data-key=\"rs-595\" data-title=\"Slide\" data-thumb=\"\/\/www.memoriaestadionacional.cl\/wp-content\/uploads\/2024\/09\/DUB3793-50x100.jpg\" data-in=\"o:0;\" data-out=\"a:false;\">\n\t\t\t\t\t\t\t<img decoding=\"async\" src=\"\/\/www.memoriaestadionacional.cl\/wp-content\/plugins\/revslider\/sr6\/assets\/assets\/dummy.png\" alt=\"\" title=\"Galer\u00eda\" class=\"rev-slidebg tp-rs-img rs-lazyload\" data-lazyload=\"\/\/www.memoriaestadionacional.cl\/wp-content\/uploads\/2024\/09\/DUB3793.jpg\" data-no-retina>\n<!---->\t\t\t\t\t<\/rs-slide>\n\t\t\t\t\t\t<rs-slide style=\"position: absolute;\" data-key=\"rs-596\" data-title=\"Slide\" data-thumb=\"\/\/www.memoriaestadionacional.cl\/wp-content\/uploads\/2024\/09\/DUB3791-50x100.jpg\" data-in=\"o:0;\" data-out=\"a:false;\">\n\t\t\t\t\t\t\t<img decoding=\"async\" src=\"\/\/www.memoriaestadionacional.cl\/wp-content\/plugins\/revslider\/sr6\/assets\/assets\/dummy.png\" alt=\"\" title=\"Galer\u00eda\" class=\"rev-slidebg tp-rs-img rs-lazyload\" data-lazyload=\"\/\/www.memoriaestadionacional.cl\/wp-content\/uploads\/2024\/09\/DUB3791.jpg\" data-no-retina>\n<!---->\t\t\t\t\t<\/rs-slide>\n\t\t\t\t\t\t<rs-slide style=\"position: absolute;\" data-key=\"rs-597\" data-title=\"Slide\" data-thumb=\"\/\/www.memoriaestadionacional.cl\/wp-content\/uploads\/2024\/09\/DUB3789-50x100.jpg\" data-in=\"o:0;\" data-out=\"a:false;\">\n\t\t\t\t\t\t\t<img decoding=\"async\" src=\"\/\/www.memoriaestadionacional.cl\/wp-content\/plugins\/revslider\/sr6\/assets\/assets\/dummy.png\" alt=\"\" title=\"Galer\u00eda\" class=\"rev-slidebg tp-rs-img rs-lazyload\" data-lazyload=\"\/\/www.memoriaestadionacional.cl\/wp-content\/uploads\/2024\/09\/DUB3789.jpg\" data-no-retina>\n<!---->\t\t\t\t\t<\/rs-slide>\n\t\t\t\t\t\t<rs-slide style=\"position: absolute;\" data-key=\"rs-598\" data-title=\"Slide\" data-thumb=\"\/\/www.memoriaestadionacional.cl\/wp-content\/uploads\/2024\/09\/DUB3787-50x100.jpg\" data-in=\"o:0;\" data-out=\"a:false;\">\n\t\t\t\t\t\t\t<img decoding=\"async\" src=\"\/\/www.memoriaestadionacional.cl\/wp-content\/plugins\/revslider\/sr6\/assets\/assets\/dummy.png\" alt=\"\" title=\"Galer\u00eda\" class=\"rev-slidebg tp-rs-img rs-lazyload\" data-lazyload=\"\/\/www.memoriaestadionacional.cl\/wp-content\/uploads\/2024\/09\/DUB3787.jpg\" data-no-retina>\n<!---->\t\t\t\t\t<\/rs-slide>\n\t\t\t\t\t\t<rs-slide style=\"position: absolute;\" data-key=\"rs-599\" data-title=\"Slide\" data-thumb=\"\/\/www.memoriaestadionacional.cl\/wp-content\/uploads\/2024\/09\/DUB3785-50x100.jpg\" data-in=\"o:0;\" data-out=\"a:false;\">\n\t\t\t\t\t\t\t<img decoding=\"async\" src=\"\/\/www.memoriaestadionacional.cl\/wp-content\/plugins\/revslider\/sr6\/assets\/assets\/dummy.png\" alt=\"\" title=\"Galer\u00eda\" class=\"rev-slidebg tp-rs-img rs-lazyload\" data-lazyload=\"\/\/www.memoriaestadionacional.cl\/wp-content\/uploads\/2024\/09\/DUB3785.jpg\" data-no-retina>\n<!---->\t\t\t\t\t<\/rs-slide>\n\t\t\t\t\t\t<rs-slide style=\"position: absolute;\" data-key=\"rs-600\" data-title=\"Slide\" data-thumb=\"\/\/www.memoriaestadionacional.cl\/wp-content\/uploads\/2024\/09\/DUB3782-50x100.jpg\" data-in=\"o:0;\" data-out=\"a:false;\">\n\t\t\t\t\t\t\t<img decoding=\"async\" src=\"\/\/www.memoriaestadionacional.cl\/wp-content\/plugins\/revslider\/sr6\/assets\/assets\/dummy.png\" alt=\"\" title=\"Galer\u00eda\" class=\"rev-slidebg tp-rs-img rs-lazyload\" data-lazyload=\"\/\/www.memoriaestadionacional.cl\/wp-content\/uploads\/2024\/09\/DUB3782.jpg\" data-no-retina>\n<!---->\t\t\t\t\t<\/rs-slide>\n\t\t\t\t\t\t<rs-slide style=\"position: absolute;\" data-key=\"rs-601\" data-title=\"Slide\" data-thumb=\"\/\/www.memoriaestadionacional.cl\/wp-content\/uploads\/2024\/09\/DUB3758-50x100.jpg\" data-in=\"o:0;\" data-out=\"a:false;\">\n\t\t\t\t\t\t\t<img decoding=\"async\" src=\"\/\/www.memoriaestadionacional.cl\/wp-content\/plugins\/revslider\/sr6\/assets\/assets\/dummy.png\" alt=\"\" title=\"Galer\u00eda\" class=\"rev-slidebg tp-rs-img rs-lazyload\" data-lazyload=\"\/\/www.memoriaestadionacional.cl\/wp-content\/uploads\/2024\/09\/DUB3758.jpg\" data-no-retina>\n<!---->\t\t\t\t\t<\/rs-slide>\n\t\t\t\t\t\t<rs-slide style=\"position: absolute;\" data-key=\"rs-602\" data-title=\"Slide\" data-thumb=\"\/\/www.memoriaestadionacional.cl\/wp-content\/uploads\/2024\/09\/DUB3820-50x100.jpg\" data-in=\"o:0;\" data-out=\"a:false;\">\n\t\t\t\t\t\t\t<img decoding=\"async\" src=\"\/\/www.memoriaestadionacional.cl\/wp-content\/plugins\/revslider\/sr6\/assets\/assets\/dummy.png\" alt=\"\" title=\"Galer\u00eda\" class=\"rev-slidebg tp-rs-img rs-lazyload\" data-lazyload=\"\/\/www.memoriaestadionacional.cl\/wp-content\/uploads\/2024\/09\/DUB3820.jpg\" data-no-retina>\n<!---->\t\t\t\t\t<\/rs-slide>\n\t\t\t\t\t\t<rs-slide style=\"position: absolute;\" data-key=\"rs-603\" data-title=\"Slide\" data-thumb=\"\/\/www.memoriaestadionacional.cl\/wp-content\/uploads\/2024\/09\/IMG_5041-50x100.jpg\" data-in=\"o:0;\" data-out=\"a:false;\">\n\t\t\t\t\t\t\t<img decoding=\"async\" src=\"\/\/www.memoriaestadionacional.cl\/wp-content\/plugins\/revslider\/sr6\/assets\/assets\/dummy.png\" alt=\"\" title=\"Galer\u00eda\" class=\"rev-slidebg tp-rs-img rs-lazyload\" data-lazyload=\"\/\/www.memoriaestadionacional.cl\/wp-content\/uploads\/2024\/09\/IMG_5041.jpg\" data-no-retina>\n<!---->\t\t\t\t\t<\/rs-slide>\n\t\t\t\t\t\t<rs-slide style=\"position: absolute;\" data-key=\"rs-604\" data-title=\"Slide\" data-thumb=\"\/\/www.memoriaestadionacional.cl\/wp-content\/uploads\/2024\/09\/IMG_5040-50x100.jpg\" data-in=\"o:0;\" data-out=\"a:false;\">\n\t\t\t\t\t\t\t<img decoding=\"async\" src=\"\/\/www.memoriaestadionacional.cl\/wp-content\/plugins\/revslider\/sr6\/assets\/assets\/dummy.png\" alt=\"\" title=\"Galer\u00eda\" class=\"rev-slidebg tp-rs-img rs-lazyload\" data-lazyload=\"\/\/www.memoriaestadionacional.cl\/wp-content\/uploads\/2024\/09\/IMG_5040.jpg\" data-no-retina>\n<!---->\t\t\t\t\t<\/rs-slide>\n\t\t\t\t\t\t<rs-slide style=\"position: absolute;\" data-key=\"rs-605\" data-title=\"Slide\" data-thumb=\"\/\/www.memoriaestadionacional.cl\/wp-content\/uploads\/2024\/09\/IMG_5039-50x100.jpg\" data-in=\"o:0;\" data-out=\"a:false;\">\n\t\t\t\t\t\t\t<img decoding=\"async\" src=\"\/\/www.memoriaestadionacional.cl\/wp-content\/plugins\/revslider\/sr6\/assets\/assets\/dummy.png\" alt=\"\" title=\"Galer\u00eda\" class=\"rev-slidebg tp-rs-img rs-lazyload\" data-lazyload=\"\/\/www.memoriaestadionacional.cl\/wp-content\/uploads\/2024\/09\/IMG_5039.jpg\" data-no-retina>\n<!---->\t\t\t\t\t<\/rs-slide>\n\t\t\t\t\t\t<rs-slide style=\"position: absolute;\" data-key=\"rs-606\" data-title=\"Slide\" data-thumb=\"\/\/www.memoriaestadionacional.cl\/wp-content\/uploads\/2024\/09\/IMG_5038-50x100.jpg\" data-in=\"o:0;\" data-out=\"a:false;\">\n\t\t\t\t\t\t\t<img decoding=\"async\" src=\"\/\/www.memoriaestadionacional.cl\/wp-content\/plugins\/revslider\/sr6\/assets\/assets\/dummy.png\" alt=\"\" title=\"Galer\u00eda\" class=\"rev-slidebg tp-rs-img rs-lazyload\" data-lazyload=\"\/\/www.memoriaestadionacional.cl\/wp-content\/uploads\/2024\/09\/IMG_5038.jpg\" data-no-retina>\n<!---->\t\t\t\t\t<\/rs-slide>\n\t\t\t\t\t\t<rs-slide style=\"position: absolute;\" data-key=\"rs-607\" data-title=\"Slide\" data-thumb=\"\/\/www.memoriaestadionacional.cl\/wp-content\/uploads\/2024\/09\/IMG_5037-50x100.jpg\" data-in=\"o:0;\" data-out=\"a:false;\">\n\t\t\t\t\t\t\t<img decoding=\"async\" src=\"\/\/www.memoriaestadionacional.cl\/wp-content\/plugins\/revslider\/sr6\/assets\/assets\/dummy.png\" alt=\"\" title=\"Galer\u00eda\" class=\"rev-slidebg tp-rs-img rs-lazyload\" data-lazyload=\"\/\/www.memoriaestadionacional.cl\/wp-content\/uploads\/2024\/09\/IMG_5037.jpg\" data-no-retina>\n<!---->\t\t\t\t\t<\/rs-slide>\n\t\t\t\t\t\t<rs-slide style=\"position: absolute;\" data-key=\"rs-608\" data-title=\"Slide\" data-thumb=\"\/\/www.memoriaestadionacional.cl\/wp-content\/uploads\/2024\/09\/IMG_5031-50x100.jpg\" data-in=\"o:0;\" data-out=\"a:false;\">\n\t\t\t\t\t\t\t<img decoding=\"async\" src=\"\/\/www.memoriaestadionacional.cl\/wp-content\/plugins\/revslider\/sr6\/assets\/assets\/dummy.png\" alt=\"\" title=\"Galer\u00eda\" class=\"rev-slidebg tp-rs-img rs-lazyload\" data-lazyload=\"\/\/www.memoriaestadionacional.cl\/wp-content\/uploads\/2024\/09\/IMG_5031.jpg\" data-no-retina>\n<!---->\t\t\t\t\t<\/rs-slide>\n\t\t\t\t\t\t<rs-slide style=\"position: absolute;\" data-key=\"rs-609\" data-title=\"Slide\" data-thumb=\"\/\/www.memoriaestadionacional.cl\/wp-content\/uploads\/2024\/09\/IMG_5027-50x100.jpg\" data-in=\"o:0;\" data-out=\"a:false;\">\n\t\t\t\t\t\t\t<img decoding=\"async\" src=\"\/\/www.memoriaestadionacional.cl\/wp-content\/plugins\/revslider\/sr6\/assets\/assets\/dummy.png\" alt=\"\" title=\"Galer\u00eda\" class=\"rev-slidebg tp-rs-img rs-lazyload\" data-lazyload=\"\/\/www.memoriaestadionacional.cl\/wp-content\/uploads\/2024\/09\/IMG_5027.jpg\" data-no-retina>\n<!---->\t\t\t\t\t<\/rs-slide>\n\t\t\t\t\t\t<rs-slide style=\"position: absolute;\" data-key=\"rs-610\" data-title=\"Slide\" data-thumb=\"\/\/www.memoriaestadionacional.cl\/wp-content\/uploads\/2024\/09\/IMG_5026-50x100.jpg\" data-in=\"o:0;\" data-out=\"a:false;\">\n\t\t\t\t\t\t\t<img decoding=\"async\" src=\"\/\/www.memoriaestadionacional.cl\/wp-content\/plugins\/revslider\/sr6\/assets\/assets\/dummy.png\" alt=\"\" title=\"Galer\u00eda\" class=\"rev-slidebg tp-rs-img rs-lazyload\" data-lazyload=\"\/\/www.memoriaestadionacional.cl\/wp-content\/uploads\/2024\/09\/IMG_5026.jpg\" data-no-retina>\n<!---->\t\t\t\t\t<\/rs-slide>\n\t\t\t\t\t\t<rs-slide style=\"position: absolute;\" data-key=\"rs-611\" data-title=\"Slide\" data-thumb=\"\/\/www.memoriaestadionacional.cl\/wp-content\/uploads\/2024\/09\/IMG_5022-50x100.jpg\" data-in=\"o:0;\" data-out=\"a:false;\">\n\t\t\t\t\t\t\t<img decoding=\"async\" src=\"\/\/www.memoriaestadionacional.cl\/wp-content\/plugins\/revslider\/sr6\/assets\/assets\/dummy.png\" alt=\"\" title=\"Galer\u00eda\" class=\"rev-slidebg tp-rs-img rs-lazyload\" data-lazyload=\"\/\/www.memoriaestadionacional.cl\/wp-content\/uploads\/2024\/09\/IMG_5022.jpg\" data-no-retina>\n<!---->\t\t\t\t\t<\/rs-slide>\n\t\t\t\t\t\t<rs-slide style=\"position: absolute;\" data-key=\"rs-612\" data-title=\"Slide\" data-thumb=\"\/\/www.memoriaestadionacional.cl\/wp-content\/uploads\/2024\/09\/IMG_5011-50x100.jpg\" data-in=\"o:0;\" data-out=\"a:false;\">\n\t\t\t\t\t\t\t<img decoding=\"async\" src=\"\/\/www.memoriaestadionacional.cl\/wp-content\/plugins\/revslider\/sr6\/assets\/assets\/dummy.png\" alt=\"\" title=\"Galer\u00eda\" class=\"rev-slidebg tp-rs-img rs-lazyload\" data-lazyload=\"\/\/www.memoriaestadionacional.cl\/wp-content\/uploads\/2024\/09\/IMG_5011.jpg\" data-no-retina>\n<!---->\t\t\t\t\t<\/rs-slide>\n\t\t\t\t\t\t<rs-slide style=\"position: absolute;\" data-key=\"rs-613\" data-title=\"Slide\" data-thumb=\"\/\/www.memoriaestadionacional.cl\/wp-content\/uploads\/2024\/09\/IMG_5009-50x100.jpg\" data-in=\"o:0;\" data-out=\"a:false;\">\n\t\t\t\t\t\t\t<img decoding=\"async\" src=\"\/\/www.memoriaestadionacional.cl\/wp-content\/plugins\/revslider\/sr6\/assets\/assets\/dummy.png\" alt=\"\" title=\"Galer\u00eda\" class=\"rev-slidebg tp-rs-img rs-lazyload\" data-lazyload=\"\/\/www.memoriaestadionacional.cl\/wp-content\/uploads\/2024\/09\/IMG_5009.jpg\" data-no-retina>\n<!---->\t\t\t\t\t<\/rs-slide>\n\t\t\t\t\t\t<rs-slide style=\"position: absolute;\" data-key=\"rs-614\" data-title=\"Slide\" data-thumb=\"\/\/www.memoriaestadionacional.cl\/wp-content\/uploads\/2024\/09\/DUB3898-50x100.jpg\" data-in=\"o:0;\" data-out=\"a:false;\">\n\t\t\t\t\t\t\t<img decoding=\"async\" src=\"\/\/www.memoriaestadionacional.cl\/wp-content\/plugins\/revslider\/sr6\/assets\/assets\/dummy.png\" alt=\"\" title=\"Galer\u00eda\" class=\"rev-slidebg tp-rs-img rs-lazyload\" data-lazyload=\"\/\/www.memoriaestadionacional.cl\/wp-content\/uploads\/2024\/09\/DUB3898.jpg\" data-no-retina>\n<!---->\t\t\t\t\t<\/rs-slide>\n\t\t\t\t\t\t<rs-slide style=\"position: absolute;\" data-key=\"rs-615\" data-title=\"Slide\" data-thumb=\"\/\/www.memoriaestadionacional.cl\/wp-content\/uploads\/2024\/09\/DUB3897-50x100.jpg\" data-in=\"o:0;\" data-out=\"a:false;\">\n\t\t\t\t\t\t\t<img decoding=\"async\" src=\"\/\/www.memoriaestadionacional.cl\/wp-content\/plugins\/revslider\/sr6\/assets\/assets\/dummy.png\" alt=\"\" title=\"Galer\u00eda\" class=\"rev-slidebg tp-rs-img rs-lazyload\" data-lazyload=\"\/\/www.memoriaestadionacional.cl\/wp-content\/uploads\/2024\/09\/DUB3897.jpg\" data-no-retina>\n<!---->\t\t\t\t\t<\/rs-slide>\n\t\t\t\t\t\t<rs-slide style=\"position: absolute;\" data-key=\"rs-616\" data-title=\"Slide\" data-thumb=\"\/\/www.memoriaestadionacional.cl\/wp-content\/uploads\/2024\/09\/DUB3896-50x100.jpg\" data-in=\"o:0;\" data-out=\"a:false;\">\n\t\t\t\t\t\t\t<img decoding=\"async\" src=\"\/\/www.memoriaestadionacional.cl\/wp-content\/plugins\/revslider\/sr6\/assets\/assets\/dummy.png\" alt=\"\" title=\"Galer\u00eda\" class=\"rev-slidebg tp-rs-img rs-lazyload\" data-lazyload=\"\/\/www.memoriaestadionacional.cl\/wp-content\/uploads\/2024\/09\/DUB3896.jpg\" data-no-retina>\n<!---->\t\t\t\t\t<\/rs-slide>\n\t\t\t\t\t\t<rs-slide style=\"position: absolute;\" data-key=\"rs-617\" data-title=\"Slide\" data-thumb=\"\/\/www.memoriaestadionacional.cl\/wp-content\/uploads\/2024\/09\/DUB3894-50x100.jpg\" data-in=\"o:0;\" data-out=\"a:false;\">\n\t\t\t\t\t\t\t<img decoding=\"async\" src=\"\/\/www.memoriaestadionacional.cl\/wp-content\/plugins\/revslider\/sr6\/assets\/assets\/dummy.png\" alt=\"\" title=\"Galer\u00eda\" class=\"rev-slidebg tp-rs-img rs-lazyload\" data-lazyload=\"\/\/www.memoriaestadionacional.cl\/wp-content\/uploads\/2024\/09\/DUB3894.jpg\" data-no-retina>\n<!---->\t\t\t\t\t<\/rs-slide>\n\t\t\t\t\t\t<rs-slide style=\"position: absolute;\" data-key=\"rs-618\" data-title=\"Slide\" data-thumb=\"\/\/www.memoriaestadionacional.cl\/wp-content\/uploads\/2024\/09\/DUB3883-50x100.jpg\" data-in=\"o:0;\" data-out=\"a:false;\">\n\t\t\t\t\t\t\t<img decoding=\"async\" src=\"\/\/www.memoriaestadionacional.cl\/wp-content\/plugins\/revslider\/sr6\/assets\/assets\/dummy.png\" alt=\"\" title=\"Galer\u00eda\" class=\"rev-slidebg tp-rs-img rs-lazyload\" data-lazyload=\"\/\/www.memoriaestadionacional.cl\/wp-content\/uploads\/2024\/09\/DUB3883.jpg\" data-no-retina>\n<!---->\t\t\t\t\t<\/rs-slide>\n\t\t\t\t\t\t<rs-slide style=\"position: absolute;\" data-key=\"rs-619\" data-title=\"Slide\" data-thumb=\"\/\/www.memoriaestadionacional.cl\/wp-content\/uploads\/2024\/09\/DUB3882-50x100.jpg\" data-in=\"o:0;\" data-out=\"a:false;\">\n\t\t\t\t\t\t\t<img decoding=\"async\" src=\"\/\/www.memoriaestadionacional.cl\/wp-content\/plugins\/revslider\/sr6\/assets\/assets\/dummy.png\" alt=\"\" title=\"Galer\u00eda\" class=\"rev-slidebg tp-rs-img rs-lazyload\" data-lazyload=\"\/\/www.memoriaestadionacional.cl\/wp-content\/uploads\/2024\/09\/DUB3882.jpg\" data-no-retina>\n<!---->\t\t\t\t\t<\/rs-slide>\n\t\t\t\t\t\t<rs-slide style=\"position: absolute;\" data-key=\"rs-620\" data-title=\"Slide\" data-thumb=\"\/\/www.memoriaestadionacional.cl\/wp-content\/uploads\/2024\/09\/DUB3877-50x100.jpg\" data-in=\"o:0;\" data-out=\"a:false;\">\n\t\t\t\t\t\t\t<img decoding=\"async\" src=\"\/\/www.memoriaestadionacional.cl\/wp-content\/plugins\/revslider\/sr6\/assets\/assets\/dummy.png\" alt=\"\" title=\"Galer\u00eda\" class=\"rev-slidebg tp-rs-img rs-lazyload\" data-lazyload=\"\/\/www.memoriaestadionacional.cl\/wp-content\/uploads\/2024\/09\/DUB3877.jpg\" data-no-retina>\n<!---->\t\t\t\t\t<\/rs-slide>\n\t\t\t\t\t\t<rs-slide style=\"position: absolute;\" data-key=\"rs-621\" data-title=\"Slide\" data-thumb=\"\/\/www.memoriaestadionacional.cl\/wp-content\/uploads\/2024\/09\/DUB3865-50x100.jpg\" data-in=\"o:0;\" data-out=\"a:false;\">\n\t\t\t\t\t\t\t<img decoding=\"async\" src=\"\/\/www.memoriaestadionacional.cl\/wp-content\/plugins\/revslider\/sr6\/assets\/assets\/dummy.png\" alt=\"\" title=\"Galer\u00eda\" class=\"rev-slidebg tp-rs-img rs-lazyload\" data-lazyload=\"\/\/www.memoriaestadionacional.cl\/wp-content\/uploads\/2024\/09\/DUB3865.jpg\" data-no-retina>\n<!---->\t\t\t\t\t<\/rs-slide>\n\t\t\t\t\t\t<rs-slide style=\"position: absolute;\" data-key=\"rs-622\" data-title=\"Slide\" data-thumb=\"\/\/www.memoriaestadionacional.cl\/wp-content\/uploads\/2024\/09\/DUB3863-50x100.jpg\" data-in=\"o:0;\" data-out=\"a:false;\">\n\t\t\t\t\t\t\t<img decoding=\"async\" src=\"\/\/www.memoriaestadionacional.cl\/wp-content\/plugins\/revslider\/sr6\/assets\/assets\/dummy.png\" alt=\"\" title=\"Galer\u00eda\" class=\"rev-slidebg tp-rs-img rs-lazyload\" data-lazyload=\"\/\/www.memoriaestadionacional.cl\/wp-content\/uploads\/2024\/09\/DUB3863.jpg\" data-no-retina>\n<!---->\t\t\t\t\t<\/rs-slide>\n\t\t\t\t\t\t<rs-slide style=\"position: absolute;\" data-key=\"rs-623\" data-title=\"Slide\" data-thumb=\"\/\/www.memoriaestadionacional.cl\/wp-content\/uploads\/2024\/09\/DUB3834-50x100.jpg\" data-in=\"o:0;\" data-out=\"a:false;\">\n\t\t\t\t\t\t\t<img decoding=\"async\" src=\"\/\/www.memoriaestadionacional.cl\/wp-content\/plugins\/revslider\/sr6\/assets\/assets\/dummy.png\" alt=\"\" title=\"Galer\u00eda\" class=\"rev-slidebg tp-rs-img rs-lazyload\" data-lazyload=\"\/\/www.memoriaestadionacional.cl\/wp-content\/uploads\/2024\/09\/DUB3834.jpg\" data-no-retina>\n<!---->\t\t\t\t\t<\/rs-slide>\n\t\t\t\t\t\t<rs-slide style=\"position: absolute;\" data-key=\"rs-624\" data-title=\"Slide\" data-thumb=\"\/\/www.memoriaestadionacional.cl\/wp-content\/uploads\/2024\/09\/DUB3826-50x100.jpg\" data-in=\"o:0;\" data-out=\"a:false;\">\n\t\t\t\t\t\t\t<img decoding=\"async\" src=\"\/\/www.memoriaestadionacional.cl\/wp-content\/plugins\/revslider\/sr6\/assets\/assets\/dummy.png\" alt=\"\" title=\"Galer\u00eda\" class=\"rev-slidebg tp-rs-img rs-lazyload\" data-lazyload=\"\/\/www.memoriaestadionacional.cl\/wp-content\/uploads\/2024\/09\/DUB3826.jpg\" data-no-retina>\n<!---->\t\t\t\t\t<\/rs-slide>\n\t\t\t\t\t\t<rs-slide style=\"position: absolute;\" data-key=\"rs-625\" data-title=\"Slide\" data-thumb=\"\/\/www.memoriaestadionacional.cl\/wp-content\/uploads\/2024\/09\/DUB3821-50x100.jpg\" data-in=\"o:0;\" data-out=\"a:false;\">\n\t\t\t\t\t\t\t<img decoding=\"async\" src=\"\/\/www.memoriaestadionacional.cl\/wp-content\/plugins\/revslider\/sr6\/assets\/assets\/dummy.png\" alt=\"\" title=\"Galer\u00eda\" class=\"rev-slidebg tp-rs-img rs-lazyload\" data-lazyload=\"\/\/www.memoriaestadionacional.cl\/wp-content\/uploads\/2024\/09\/DUB3821.jpg\" data-no-retina>\n<!---->\t\t\t\t\t<\/rs-slide>\n\t\t\t\t\t<\/rs-slides>\n\t\t\t\t<\/rs-module>\n\t\t\t\t<script>\n\t\t\t\t\tsetREVStartSize({c: 'rev_slider_56_19',rl:[1240,1024,778,480],el:[900],gw:[1240],gh:[900],type:'carousel',justify:'',layout:'fullwidth',mh:\"0\"});if (window.RS_MODULES!==undefined && window.RS_MODULES.modules!==undefined && window.RS_MODULES.modules[\"revslider5619\"]!==undefined) {window.RS_MODULES.modules[\"revslider5619\"].once = false;window.revapi56 = undefined;if (window.RS_MODULES.checkMinimal!==undefined) window.RS_MODULES.checkMinimal()}\n\t\t\t\t<\/script>\n\t\t\t<\/rs-module-wrap>\n\t\t\t<!-- END REVOLUTION SLIDER -->\n<\/div><\/div><\/div><\/div><\/div><div class=\"vc-row-container row-stretch\"><div data-vc-full-width=\"true\"  data-vc-full-width-init=\"false\" class=\"vc_row wpb_row vc_row-fluid\"><div class=\"wpb_column vc_column_container vc_col-sm-12\"><div class=\"vc_column-inner\"><div class=\"wpb_wrapper\"><div class=\"vc_empty_space\"   style=\"height: 50px\"><span class=\"vc_empty_space_inner\"><\/span><\/div><\/div><\/div><\/div><\/div><\/div><div class=\"vc-row-container row-stretch\"><div data-vc-full-width=\"true\"  data-vc-full-width-init=\"false\" class=\"vc_row wpb_row vc_row-fluid\"><div class=\"wpb_column vc_column_container vc_col-sm-12\"><div class=\"vc_column-inner\"><div class=\"wpb_wrapper\">\n\t<div class=\"wpb_text_column wpb_content_element wpb_animate_when_almost_visible wpb_fadeIn fadeIn\" >\n\t\t<div class=\"wpb_wrapper\">\n\t\t\t<h5 style=\"text-align: center;\"><span style=\"color: #e79e47;\">[<\/span>GALER\u00cdA<span style=\"color: #e79e47;\">]<\/span><\/h5>\n\n\t\t<\/div>\n\t<\/div>\n<h1 style=\"text-align: center\" class=\"vc_custom_heading vc_do_custom_heading wpb_animate_when_almost_visible wpb_fadeIn fadeIn\" >Aniversario 11 a\u00f1os<\/h1><div class=\"vc_separator wpb_content_element vc_separator_align_center vc_sep_width_10 vc_sep_border_width_5 vc_sep_pos_align_center vc_separator_no_text wpb_content_element  wpb_content_element wpb_animate_when_almost_visible wpb_fadeIn fadeIn wpb_animate_when_almost_visible wpb_fadeIn fadeIn\" ><span class=\"vc_sep_holder vc_sep_holder_l\"><span style=\"border-color:#e79e47;\" class=\"vc_sep_line\"><\/span><\/span><span class=\"vc_sep_holder vc_sep_holder_r\"><span style=\"border-color:#e79e47;\" class=\"vc_sep_line\"><\/span><\/span>\n<\/div><div class=\"vc_empty_space\"   style=\"height: 32px\"><span class=\"vc_empty_space_inner\"><\/span><\/div>\n\t\t\t<!-- START Aniversario 11 a\u00f1os REVOLUTION SLIDER 6.7.41 --><p class=\"rs-p-wp-fix\"><\/p>\n\t\t\t<rs-module-wrap id=\"rev_slider_55_20_wrapper\" data-source=\"gallery\" style=\"visibility:hidden;background:transparent;padding:0;margin:0px auto;margin-top:0;margin-bottom:0;\">\n\t\t\t\t<rs-module id=\"rev_slider_55_20\" style=\"\" data-version=\"6.7.41\">\n\t\t\t\t\t<rs-slides style=\"overflow: hidden; position: absolute;\">\n\t\t\t\t\t\t<rs-slide style=\"position: absolute;\" data-key=\"rs-540\" data-title=\"Slide\" data-thumb=\"\/\/www.memoriaestadionacional.cl\/wp-content\/uploads\/2024\/08\/DUB1831-50x100.jpg\" data-in=\"o:0;\" data-out=\"a:false;\">\n\t\t\t\t\t\t\t<img decoding=\"async\" src=\"\/\/www.memoriaestadionacional.cl\/wp-content\/plugins\/revslider\/sr6\/assets\/assets\/dummy.png\" alt=\"\" title=\"Galer\u00eda\" class=\"rev-slidebg tp-rs-img rs-lazyload\" data-lazyload=\"\/\/www.memoriaestadionacional.cl\/wp-content\/uploads\/2024\/08\/DUB1831.jpg\" data-no-retina>\n<!---->\t\t\t\t\t<\/rs-slide>\n\t\t\t\t\t\t<rs-slide style=\"position: absolute;\" data-key=\"rs-503\" data-title=\"Slide\" data-thumb=\"\/\/www.memoriaestadionacional.cl\/wp-content\/uploads\/2024\/08\/IMG_4034-50x100.jpg\" data-in=\"o:0;\" data-out=\"a:false;\">\n\t\t\t\t\t\t\t<img decoding=\"async\" src=\"\/\/www.memoriaestadionacional.cl\/wp-content\/plugins\/revslider\/sr6\/assets\/assets\/dummy.png\" alt=\"\" title=\"Galer\u00eda\" class=\"rev-slidebg tp-rs-img rs-lazyload\" data-lazyload=\"\/\/www.memoriaestadionacional.cl\/wp-content\/uploads\/2024\/08\/IMG_4034.jpg\" data-no-retina>\n<!---->\t\t\t\t\t<\/rs-slide>\n\t\t\t\t\t\t<rs-slide style=\"position: absolute;\" data-key=\"rs-541\" data-title=\"Slide\" data-thumb=\"\/\/www.memoriaestadionacional.cl\/wp-content\/uploads\/2024\/08\/DUB1839-50x100.jpg\" data-in=\"o:0;\" data-out=\"a:false;\">\n\t\t\t\t\t\t\t<img decoding=\"async\" src=\"\/\/www.memoriaestadionacional.cl\/wp-content\/plugins\/revslider\/sr6\/assets\/assets\/dummy.png\" alt=\"\" title=\"Galer\u00eda\" class=\"rev-slidebg tp-rs-img rs-lazyload\" data-lazyload=\"\/\/www.memoriaestadionacional.cl\/wp-content\/uploads\/2024\/08\/DUB1839.jpg\" data-no-retina>\n<!---->\t\t\t\t\t<\/rs-slide>\n\t\t\t\t\t\t<rs-slide style=\"position: absolute;\" data-key=\"rs-535\" data-title=\"Slide\" data-thumb=\"\/\/www.memoriaestadionacional.cl\/wp-content\/uploads\/2024\/08\/IMG_6260-50x100.jpg\" data-in=\"o:0;\" data-out=\"a:false;\">\n\t\t\t\t\t\t\t<img decoding=\"async\" src=\"\/\/www.memoriaestadionacional.cl\/wp-content\/plugins\/revslider\/sr6\/assets\/assets\/dummy.png\" alt=\"\" title=\"Galer\u00eda\" class=\"rev-slidebg tp-rs-img rs-lazyload\" data-lazyload=\"\/\/www.memoriaestadionacional.cl\/wp-content\/uploads\/2024\/08\/IMG_6260.jpg\" data-bg=\"f:contain;\" data-no-retina>\n<!---->\t\t\t\t\t<\/rs-slide>\n\t\t\t\t\t\t<rs-slide style=\"position: absolute;\" data-key=\"rs-536\" data-title=\"Slide\" data-thumb=\"\/\/www.memoriaestadionacional.cl\/wp-content\/uploads\/2024\/08\/IMG_6263-50x100.jpg\" data-in=\"o:0;\" data-out=\"a:false;\">\n\t\t\t\t\t\t\t<img decoding=\"async\" src=\"\/\/www.memoriaestadionacional.cl\/wp-content\/plugins\/revslider\/sr6\/assets\/assets\/dummy.png\" alt=\"\" title=\"Galer\u00eda\" class=\"rev-slidebg tp-rs-img rs-lazyload\" data-lazyload=\"\/\/www.memoriaestadionacional.cl\/wp-content\/uploads\/2024\/08\/IMG_6263.jpg\" data-bg=\"f:contain;\" data-no-retina>\n<!---->\t\t\t\t\t<\/rs-slide>\n\t\t\t\t\t\t<rs-slide style=\"position: absolute;\" data-key=\"rs-537\" data-title=\"Slide\" data-thumb=\"\/\/www.memoriaestadionacional.cl\/wp-content\/uploads\/2024\/08\/IMG_6264-50x100.jpg\" data-in=\"o:0;\" data-out=\"a:false;\">\n\t\t\t\t\t\t\t<img decoding=\"async\" src=\"\/\/www.memoriaestadionacional.cl\/wp-content\/plugins\/revslider\/sr6\/assets\/assets\/dummy.png\" alt=\"\" title=\"Galer\u00eda\" class=\"rev-slidebg tp-rs-img rs-lazyload\" data-lazyload=\"\/\/www.memoriaestadionacional.cl\/wp-content\/uploads\/2024\/08\/IMG_6264.jpg\" data-bg=\"f:contain;\" data-no-retina>\n<!---->\t\t\t\t\t<\/rs-slide>\n\t\t\t\t\t\t<rs-slide style=\"position: absolute;\" data-key=\"rs-547\" data-title=\"Slide\" data-thumb=\"\/\/www.memoriaestadionacional.cl\/wp-content\/uploads\/2024\/08\/DUB1888-50x100.jpg\" data-in=\"o:0;\" data-out=\"a:false;\">\n\t\t\t\t\t\t\t<img decoding=\"async\" src=\"\/\/www.memoriaestadionacional.cl\/wp-content\/plugins\/revslider\/sr6\/assets\/assets\/dummy.png\" alt=\"\" title=\"Galer\u00eda\" class=\"rev-slidebg tp-rs-img rs-lazyload\" data-lazyload=\"\/\/www.memoriaestadionacional.cl\/wp-content\/uploads\/2024\/08\/DUB1888.jpg\" data-no-retina>\n<!---->\t\t\t\t\t<\/rs-slide>\n\t\t\t\t\t\t<rs-slide style=\"position: absolute;\" data-key=\"rs-520\" data-title=\"Slide\" data-thumb=\"\/\/www.memoriaestadionacional.cl\/wp-content\/uploads\/2024\/08\/IMG_4128-50x100.jpg\" data-in=\"o:0;\" data-out=\"a:false;\">\n\t\t\t\t\t\t\t<img decoding=\"async\" src=\"\/\/www.memoriaestadionacional.cl\/wp-content\/plugins\/revslider\/sr6\/assets\/assets\/dummy.png\" alt=\"\" title=\"Galer\u00eda\" class=\"rev-slidebg tp-rs-img rs-lazyload\" data-lazyload=\"\/\/www.memoriaestadionacional.cl\/wp-content\/uploads\/2024\/08\/IMG_4128.jpg\" data-bg=\"f:contain;\" data-no-retina>\n<!---->\t\t\t\t\t<\/rs-slide>\n\t\t\t\t\t\t<rs-slide style=\"position: absolute;\" data-key=\"rs-504\" data-title=\"Slide\" data-thumb=\"\/\/www.memoriaestadionacional.cl\/wp-content\/uploads\/2024\/08\/IMG_4036-50x100.jpg\" data-in=\"o:0;\" data-out=\"a:false;\">\n\t\t\t\t\t\t\t<img decoding=\"async\" src=\"\/\/www.memoriaestadionacional.cl\/wp-content\/plugins\/revslider\/sr6\/assets\/assets\/dummy.png\" alt=\"\" title=\"Galer\u00eda\" class=\"rev-slidebg tp-rs-img rs-lazyload\" data-lazyload=\"\/\/www.memoriaestadionacional.cl\/wp-content\/uploads\/2024\/08\/IMG_4036.jpg\" data-no-retina>\n<!---->\t\t\t\t\t<\/rs-slide>\n\t\t\t\t\t\t<rs-slide style=\"position: absolute;\" data-key=\"rs-505\" data-title=\"Slide\" data-thumb=\"\/\/www.memoriaestadionacional.cl\/wp-content\/uploads\/2024\/08\/IMG_4039-50x100.jpg\" data-in=\"o:0;\" data-out=\"a:false;\">\n\t\t\t\t\t\t\t<img decoding=\"async\" src=\"\/\/www.memoriaestadionacional.cl\/wp-content\/plugins\/revslider\/sr6\/assets\/assets\/dummy.png\" alt=\"\" title=\"Galer\u00eda\" class=\"rev-slidebg tp-rs-img rs-lazyload\" data-lazyload=\"\/\/www.memoriaestadionacional.cl\/wp-content\/uploads\/2024\/08\/IMG_4039.jpg\" data-no-retina>\n<!---->\t\t\t\t\t<\/rs-slide>\n\t\t\t\t\t\t<rs-slide style=\"position: absolute;\" data-key=\"rs-506\" data-title=\"Slide\" data-thumb=\"\/\/www.memoriaestadionacional.cl\/wp-content\/uploads\/2024\/08\/IMG_4044-50x100.jpg\" data-in=\"o:0;\" data-out=\"a:false;\">\n\t\t\t\t\t\t\t<img decoding=\"async\" src=\"\/\/www.memoriaestadionacional.cl\/wp-content\/plugins\/revslider\/sr6\/assets\/assets\/dummy.png\" alt=\"\" title=\"Galer\u00eda\" class=\"rev-slidebg tp-rs-img rs-lazyload\" data-lazyload=\"\/\/www.memoriaestadionacional.cl\/wp-content\/uploads\/2024\/08\/IMG_4044.jpg\" data-no-retina>\n<!---->\t\t\t\t\t<\/rs-slide>\n\t\t\t\t\t\t<rs-slide style=\"position: absolute;\" data-key=\"rs-508\" data-title=\"Slide\" data-thumb=\"\/\/www.memoriaestadionacional.cl\/wp-content\/uploads\/2024\/08\/IMG_4055-50x100.jpg\" data-in=\"o:0;\" data-out=\"a:false;\">\n\t\t\t\t\t\t\t<img decoding=\"async\" src=\"\/\/www.memoriaestadionacional.cl\/wp-content\/plugins\/revslider\/sr6\/assets\/assets\/dummy.png\" alt=\"\" title=\"Galer\u00eda\" class=\"rev-slidebg tp-rs-img rs-lazyload\" data-lazyload=\"\/\/www.memoriaestadionacional.cl\/wp-content\/uploads\/2024\/08\/IMG_4055.jpg\" data-bg=\"f:contain;\" data-no-retina>\n<!---->\t\t\t\t\t<\/rs-slide>\n\t\t\t\t\t\t<rs-slide style=\"position: absolute;\" data-key=\"rs-543\" data-title=\"Slide\" data-thumb=\"\/\/www.memoriaestadionacional.cl\/wp-content\/uploads\/2024\/08\/DUB1856-50x100.jpg\" data-in=\"o:0;\" data-out=\"a:false;\">\n\t\t\t\t\t\t\t<img decoding=\"async\" src=\"\/\/www.memoriaestadionacional.cl\/wp-content\/plugins\/revslider\/sr6\/assets\/assets\/dummy.png\" alt=\"\" title=\"Galer\u00eda\" class=\"rev-slidebg tp-rs-img rs-lazyload\" data-lazyload=\"\/\/www.memoriaestadionacional.cl\/wp-content\/uploads\/2024\/08\/DUB1856.jpg\" data-no-retina>\n<!---->\t\t\t\t\t<\/rs-slide>\n\t\t\t\t\t\t<rs-slide style=\"position: absolute;\" data-key=\"rs-507\" data-title=\"Slide\" data-thumb=\"\/\/www.memoriaestadionacional.cl\/wp-content\/uploads\/2024\/08\/IMG_4054-50x100.jpg\" data-in=\"o:0;\" data-out=\"a:false;\">\n\t\t\t\t\t\t\t<img decoding=\"async\" src=\"\/\/www.memoriaestadionacional.cl\/wp-content\/plugins\/revslider\/sr6\/assets\/assets\/dummy.png\" alt=\"\" title=\"Galer\u00eda\" class=\"rev-slidebg tp-rs-img rs-lazyload\" data-lazyload=\"\/\/www.memoriaestadionacional.cl\/wp-content\/uploads\/2024\/08\/IMG_4054.jpg\" data-bg=\"f:contain;\" data-no-retina>\n<!---->\t\t\t\t\t<\/rs-slide>\n\t\t\t\t\t\t<rs-slide style=\"position: absolute;\" data-key=\"rs-510\" data-title=\"Slide\" data-thumb=\"\/\/www.memoriaestadionacional.cl\/wp-content\/uploads\/2024\/08\/IMG_4059-50x100.jpg\" data-in=\"o:0;\" data-out=\"a:false;\">\n\t\t\t\t\t\t\t<img decoding=\"async\" src=\"\/\/www.memoriaestadionacional.cl\/wp-content\/plugins\/revslider\/sr6\/assets\/assets\/dummy.png\" alt=\"\" title=\"Galer\u00eda\" class=\"rev-slidebg tp-rs-img rs-lazyload\" data-lazyload=\"\/\/www.memoriaestadionacional.cl\/wp-content\/uploads\/2024\/08\/IMG_4059.jpg\" data-bg=\"f:contain;\" data-no-retina>\n<!---->\t\t\t\t\t<\/rs-slide>\n\t\t\t\t\t\t<rs-slide style=\"position: absolute;\" data-key=\"rs-511\" data-title=\"Slide\" data-thumb=\"\/\/www.memoriaestadionacional.cl\/wp-content\/uploads\/2024\/08\/IMG_4061-50x100.jpg\" data-in=\"o:0;\" data-out=\"a:false;\">\n\t\t\t\t\t\t\t<img decoding=\"async\" src=\"\/\/www.memoriaestadionacional.cl\/wp-content\/plugins\/revslider\/sr6\/assets\/assets\/dummy.png\" alt=\"\" title=\"Galer\u00eda\" class=\"rev-slidebg tp-rs-img rs-lazyload\" data-lazyload=\"\/\/www.memoriaestadionacional.cl\/wp-content\/uploads\/2024\/08\/IMG_4061.jpg\" data-bg=\"f:contain;\" data-no-retina>\n<!---->\t\t\t\t\t<\/rs-slide>\n\t\t\t\t\t\t<rs-slide style=\"position: absolute;\" data-key=\"rs-542\" data-title=\"Slide\" data-thumb=\"\/\/www.memoriaestadionacional.cl\/wp-content\/uploads\/2024\/08\/DUB1848-50x100.jpg\" data-in=\"o:0;\" data-out=\"a:false;\">\n\t\t\t\t\t\t\t<img decoding=\"async\" src=\"\/\/www.memoriaestadionacional.cl\/wp-content\/plugins\/revslider\/sr6\/assets\/assets\/dummy.png\" alt=\"\" title=\"Galer\u00eda\" class=\"rev-slidebg tp-rs-img rs-lazyload\" data-lazyload=\"\/\/www.memoriaestadionacional.cl\/wp-content\/uploads\/2024\/08\/DUB1848.jpg\" data-no-retina>\n<!---->\t\t\t\t\t<\/rs-slide>\n\t\t\t\t\t\t<rs-slide style=\"position: absolute;\" data-key=\"rs-545\" data-title=\"Slide\" data-thumb=\"\/\/www.memoriaestadionacional.cl\/wp-content\/uploads\/2024\/08\/DUB1870-50x100.jpg\" data-in=\"o:0;\" data-out=\"a:false;\">\n\t\t\t\t\t\t\t<img decoding=\"async\" src=\"\/\/www.memoriaestadionacional.cl\/wp-content\/plugins\/revslider\/sr6\/assets\/assets\/dummy.png\" alt=\"\" title=\"Galer\u00eda\" class=\"rev-slidebg tp-rs-img rs-lazyload\" data-lazyload=\"\/\/www.memoriaestadionacional.cl\/wp-content\/uploads\/2024\/08\/DUB1870.jpg\" data-no-retina>\n<!---->\t\t\t\t\t<\/rs-slide>\n\t\t\t\t\t\t<rs-slide style=\"position: absolute;\" data-key=\"rs-512\" data-title=\"Slide\" data-thumb=\"\/\/www.memoriaestadionacional.cl\/wp-content\/uploads\/2024\/08\/IMG_4065-50x100.jpg\" data-in=\"o:0;\" data-out=\"a:false;\">\n\t\t\t\t\t\t\t<img decoding=\"async\" src=\"\/\/www.memoriaestadionacional.cl\/wp-content\/plugins\/revslider\/sr6\/assets\/assets\/dummy.png\" alt=\"\" title=\"Galer\u00eda\" class=\"rev-slidebg tp-rs-img rs-lazyload\" data-lazyload=\"\/\/www.memoriaestadionacional.cl\/wp-content\/uploads\/2024\/08\/IMG_4065.jpg\" data-no-retina>\n<!---->\t\t\t\t\t<\/rs-slide>\n\t\t\t\t\t\t<rs-slide style=\"position: absolute;\" data-key=\"rs-546\" data-title=\"Slide\" data-thumb=\"\/\/www.memoriaestadionacional.cl\/wp-content\/uploads\/2024\/08\/DUB1875-50x100.jpg\" data-in=\"o:0;\" data-out=\"a:false;\">\n\t\t\t\t\t\t\t<img decoding=\"async\" src=\"\/\/www.memoriaestadionacional.cl\/wp-content\/plugins\/revslider\/sr6\/assets\/assets\/dummy.png\" alt=\"\" title=\"Galer\u00eda\" class=\"rev-slidebg tp-rs-img rs-lazyload\" data-lazyload=\"\/\/www.memoriaestadionacional.cl\/wp-content\/uploads\/2024\/08\/DUB1875.jpg\" data-no-retina>\n<!---->\t\t\t\t\t<\/rs-slide>\n\t\t\t\t\t\t<rs-slide style=\"position: absolute;\" data-key=\"rs-544\" data-title=\"Slide\" data-thumb=\"\/\/www.memoriaestadionacional.cl\/wp-content\/uploads\/2024\/08\/DUB1865-50x100.jpg\" data-in=\"o:0;\" data-out=\"a:false;\">\n\t\t\t\t\t\t\t<img decoding=\"async\" src=\"\/\/www.memoriaestadionacional.cl\/wp-content\/plugins\/revslider\/sr6\/assets\/assets\/dummy.png\" alt=\"\" title=\"Galer\u00eda\" class=\"rev-slidebg tp-rs-img rs-lazyload\" data-lazyload=\"\/\/www.memoriaestadionacional.cl\/wp-content\/uploads\/2024\/08\/DUB1865.jpg\" data-no-retina>\n<!---->\t\t\t\t\t<\/rs-slide>\n\t\t\t\t\t\t<rs-slide style=\"position: absolute;\" data-key=\"rs-513\" data-title=\"Slide\" data-thumb=\"\/\/www.memoriaestadionacional.cl\/wp-content\/uploads\/2024\/08\/IMG_4067-50x100.jpg\" data-in=\"o:0;\" data-out=\"a:false;\">\n\t\t\t\t\t\t\t<img decoding=\"async\" src=\"\/\/www.memoriaestadionacional.cl\/wp-content\/plugins\/revslider\/sr6\/assets\/assets\/dummy.png\" alt=\"\" title=\"Galer\u00eda\" class=\"rev-slidebg tp-rs-img rs-lazyload\" data-lazyload=\"\/\/www.memoriaestadionacional.cl\/wp-content\/uploads\/2024\/08\/IMG_4067.jpg\" data-no-retina>\n<!---->\t\t\t\t\t<\/rs-slide>\n\t\t\t\t\t\t<rs-slide style=\"position: absolute;\" data-key=\"rs-548\" data-title=\"Slide\" data-thumb=\"\/\/www.memoriaestadionacional.cl\/wp-content\/uploads\/2024\/08\/DUB1909-50x100.jpg\" data-in=\"o:0;\" data-out=\"a:false;\">\n\t\t\t\t\t\t\t<img decoding=\"async\" src=\"\/\/www.memoriaestadionacional.cl\/wp-content\/plugins\/revslider\/sr6\/assets\/assets\/dummy.png\" alt=\"\" title=\"Galer\u00eda\" class=\"rev-slidebg tp-rs-img rs-lazyload\" data-lazyload=\"\/\/www.memoriaestadionacional.cl\/wp-content\/uploads\/2024\/08\/DUB1909.jpg\" data-no-retina>\n<!---->\t\t\t\t\t<\/rs-slide>\n\t\t\t\t\t\t<rs-slide style=\"position: absolute;\" data-key=\"rs-514\" data-title=\"Slide\" data-thumb=\"\/\/www.memoriaestadionacional.cl\/wp-content\/uploads\/2024\/08\/IMG_4072-50x100.jpg\" data-in=\"o:0;\" data-out=\"a:false;\">\n\t\t\t\t\t\t\t<img decoding=\"async\" src=\"\/\/www.memoriaestadionacional.cl\/wp-content\/plugins\/revslider\/sr6\/assets\/assets\/dummy.png\" alt=\"\" title=\"Galer\u00eda\" class=\"rev-slidebg tp-rs-img rs-lazyload\" data-lazyload=\"\/\/www.memoriaestadionacional.cl\/wp-content\/uploads\/2024\/08\/IMG_4072.jpg\" data-bg=\"f:contain;\" data-no-retina>\n<!---->\t\t\t\t\t<\/rs-slide>\n\t\t\t\t\t\t<rs-slide style=\"position: absolute;\" data-key=\"rs-515\" data-title=\"Slide\" data-thumb=\"\/\/www.memoriaestadionacional.cl\/wp-content\/uploads\/2024\/08\/IMG_4073-50x100.jpg\" data-in=\"o:0;\" data-out=\"a:false;\">\n\t\t\t\t\t\t\t<img decoding=\"async\" src=\"\/\/www.memoriaestadionacional.cl\/wp-content\/plugins\/revslider\/sr6\/assets\/assets\/dummy.png\" alt=\"\" title=\"Galer\u00eda\" class=\"rev-slidebg tp-rs-img rs-lazyload\" data-lazyload=\"\/\/www.memoriaestadionacional.cl\/wp-content\/uploads\/2024\/08\/IMG_4073.jpg\" data-bg=\"f:contain;\" data-no-retina>\n<!---->\t\t\t\t\t<\/rs-slide>\n\t\t\t\t\t\t<rs-slide style=\"position: absolute;\" data-key=\"rs-516\" data-title=\"Slide\" data-thumb=\"\/\/www.memoriaestadionacional.cl\/wp-content\/uploads\/2024\/08\/IMG_4078-50x100.jpg\" data-in=\"o:0;\" data-out=\"a:false;\">\n\t\t\t\t\t\t\t<img decoding=\"async\" src=\"\/\/www.memoriaestadionacional.cl\/wp-content\/plugins\/revslider\/sr6\/assets\/assets\/dummy.png\" alt=\"\" title=\"Galer\u00eda\" class=\"rev-slidebg tp-rs-img rs-lazyload\" data-lazyload=\"\/\/www.memoriaestadionacional.cl\/wp-content\/uploads\/2024\/08\/IMG_4078.jpg\" data-no-retina>\n<!---->\t\t\t\t\t<\/rs-slide>\n\t\t\t\t\t\t<rs-slide style=\"position: absolute;\" data-key=\"rs-517\" data-title=\"Slide\" data-thumb=\"\/\/www.memoriaestadionacional.cl\/wp-content\/uploads\/2024\/08\/IMG_4080-50x100.jpg\" data-in=\"o:0;\" data-out=\"a:false;\">\n\t\t\t\t\t\t\t<img decoding=\"async\" src=\"\/\/www.memoriaestadionacional.cl\/wp-content\/plugins\/revslider\/sr6\/assets\/assets\/dummy.png\" alt=\"\" title=\"Galer\u00eda\" class=\"rev-slidebg tp-rs-img rs-lazyload\" data-lazyload=\"\/\/www.memoriaestadionacional.cl\/wp-content\/uploads\/2024\/08\/IMG_4080.jpg\" data-no-retina>\n<!---->\t\t\t\t\t<\/rs-slide>\n\t\t\t\t\t\t<rs-slide style=\"position: absolute;\" data-key=\"rs-518\" data-title=\"Slide\" data-thumb=\"\/\/www.memoriaestadionacional.cl\/wp-content\/uploads\/2024\/08\/IMG_4090-50x100.jpg\" data-in=\"o:0;\" data-out=\"a:false;\">\n\t\t\t\t\t\t\t<img decoding=\"async\" src=\"\/\/www.memoriaestadionacional.cl\/wp-content\/plugins\/revslider\/sr6\/assets\/assets\/dummy.png\" alt=\"\" title=\"Galer\u00eda\" class=\"rev-slidebg tp-rs-img rs-lazyload\" data-lazyload=\"\/\/www.memoriaestadionacional.cl\/wp-content\/uploads\/2024\/08\/IMG_4090.jpg\" data-no-retina>\n<!---->\t\t\t\t\t<\/rs-slide>\n\t\t\t\t\t\t<rs-slide style=\"position: absolute;\" data-key=\"rs-550\" data-title=\"Slide\" data-thumb=\"\/\/www.memoriaestadionacional.cl\/wp-content\/uploads\/2024\/08\/DUB1928-50x100.jpg\" data-in=\"o:0;\" data-out=\"a:false;\">\n\t\t\t\t\t\t\t<img decoding=\"async\" src=\"\/\/www.memoriaestadionacional.cl\/wp-content\/plugins\/revslider\/sr6\/assets\/assets\/dummy.png\" alt=\"\" title=\"Galer\u00eda\" class=\"rev-slidebg tp-rs-img rs-lazyload\" data-lazyload=\"\/\/www.memoriaestadionacional.cl\/wp-content\/uploads\/2024\/08\/DUB1928.jpg\" data-no-retina>\n<!---->\t\t\t\t\t<\/rs-slide>\n\t\t\t\t\t\t<rs-slide style=\"position: absolute;\" data-key=\"rs-519\" data-title=\"Slide\" data-thumb=\"\/\/www.memoriaestadionacional.cl\/wp-content\/uploads\/2024\/08\/IMG_4106-50x100.jpg\" data-in=\"o:0;\" data-out=\"a:false;\">\n\t\t\t\t\t\t\t<img decoding=\"async\" src=\"\/\/www.memoriaestadionacional.cl\/wp-content\/plugins\/revslider\/sr6\/assets\/assets\/dummy.png\" alt=\"\" title=\"Galer\u00eda\" class=\"rev-slidebg tp-rs-img rs-lazyload\" data-lazyload=\"\/\/www.memoriaestadionacional.cl\/wp-content\/uploads\/2024\/08\/IMG_4106.jpg\" data-no-retina>\n<!---->\t\t\t\t\t<\/rs-slide>\n\t\t\t\t\t\t<rs-slide style=\"position: absolute;\" data-key=\"rs-551\" data-title=\"Slide\" data-thumb=\"\/\/www.memoriaestadionacional.cl\/wp-content\/uploads\/2024\/08\/DUB1994-50x100.jpg\" data-in=\"o:0;\" data-out=\"a:false;\">\n\t\t\t\t\t\t\t<img decoding=\"async\" src=\"\/\/www.memoriaestadionacional.cl\/wp-content\/plugins\/revslider\/sr6\/assets\/assets\/dummy.png\" alt=\"\" title=\"Galer\u00eda\" class=\"rev-slidebg tp-rs-img rs-lazyload\" data-lazyload=\"\/\/www.memoriaestadionacional.cl\/wp-content\/uploads\/2024\/08\/DUB1994.jpg\" data-no-retina>\n<!---->\t\t\t\t\t<\/rs-slide>\n\t\t\t\t\t\t<rs-slide style=\"position: absolute;\" data-key=\"rs-521\" data-title=\"Slide\" data-thumb=\"\/\/www.memoriaestadionacional.cl\/wp-content\/uploads\/2024\/08\/IMG_4142-50x100.jpg\" data-in=\"o:0;\" data-out=\"a:false;\">\n\t\t\t\t\t\t\t<img decoding=\"async\" src=\"\/\/www.memoriaestadionacional.cl\/wp-content\/plugins\/revslider\/sr6\/assets\/assets\/dummy.png\" alt=\"\" title=\"Galer\u00eda\" class=\"rev-slidebg tp-rs-img rs-lazyload\" data-lazyload=\"\/\/www.memoriaestadionacional.cl\/wp-content\/uploads\/2024\/08\/IMG_4142.jpg\" data-no-retina>\n<!---->\t\t\t\t\t<\/rs-slide>\n\t\t\t\t\t\t<rs-slide style=\"position: absolute;\" data-key=\"rs-549\" data-title=\"Slide\" data-thumb=\"\/\/www.memoriaestadionacional.cl\/wp-content\/uploads\/2024\/08\/DUB1915-50x100.jpg\" data-in=\"o:0;\" data-out=\"a:false;\">\n\t\t\t\t\t\t\t<img decoding=\"async\" src=\"\/\/www.memoriaestadionacional.cl\/wp-content\/plugins\/revslider\/sr6\/assets\/assets\/dummy.png\" alt=\"\" title=\"Galer\u00eda\" class=\"rev-slidebg tp-rs-img rs-lazyload\" data-lazyload=\"\/\/www.memoriaestadionacional.cl\/wp-content\/uploads\/2024\/08\/DUB1915.jpg\" data-no-retina>\n<!---->\t\t\t\t\t<\/rs-slide>\n\t\t\t\t\t\t<rs-slide style=\"position: absolute;\" data-key=\"rs-552\" data-title=\"Slide\" data-thumb=\"\/\/www.memoriaestadionacional.cl\/wp-content\/uploads\/2024\/08\/DUB2000-50x100.jpg\" data-in=\"o:0;\" data-out=\"a:false;\">\n\t\t\t\t\t\t\t<img decoding=\"async\" src=\"\/\/www.memoriaestadionacional.cl\/wp-content\/plugins\/revslider\/sr6\/assets\/assets\/dummy.png\" alt=\"\" title=\"Galer\u00eda\" class=\"rev-slidebg tp-rs-img rs-lazyload\" data-lazyload=\"\/\/www.memoriaestadionacional.cl\/wp-content\/uploads\/2024\/08\/DUB2000.jpg\" data-no-retina>\n<!---->\t\t\t\t\t<\/rs-slide>\n\t\t\t\t\t\t<rs-slide style=\"position: absolute;\" data-key=\"rs-522\" data-title=\"Slide\" data-thumb=\"\/\/www.memoriaestadionacional.cl\/wp-content\/uploads\/2024\/08\/IMG_4144-50x100.jpg\" data-in=\"o:0;\" data-out=\"a:false;\">\n\t\t\t\t\t\t\t<img decoding=\"async\" src=\"\/\/www.memoriaestadionacional.cl\/wp-content\/plugins\/revslider\/sr6\/assets\/assets\/dummy.png\" alt=\"\" title=\"Galer\u00eda\" class=\"rev-slidebg tp-rs-img rs-lazyload\" data-lazyload=\"\/\/www.memoriaestadionacional.cl\/wp-content\/uploads\/2024\/08\/IMG_4144.jpg\" data-no-retina>\n<!---->\t\t\t\t\t<\/rs-slide>\n\t\t\t\t\t\t<rs-slide style=\"position: absolute;\" data-key=\"rs-553\" data-title=\"Slide\" data-thumb=\"\/\/www.memoriaestadionacional.cl\/wp-content\/uploads\/2024\/08\/DUB2006-50x100.jpg\" data-in=\"o:0;\" data-out=\"a:false;\">\n\t\t\t\t\t\t\t<img decoding=\"async\" src=\"\/\/www.memoriaestadionacional.cl\/wp-content\/plugins\/revslider\/sr6\/assets\/assets\/dummy.png\" alt=\"\" title=\"Galer\u00eda\" class=\"rev-slidebg tp-rs-img rs-lazyload\" data-lazyload=\"\/\/www.memoriaestadionacional.cl\/wp-content\/uploads\/2024\/08\/DUB2006.jpg\" data-no-retina>\n<!---->\t\t\t\t\t<\/rs-slide>\n\t\t\t\t\t\t<rs-slide style=\"position: absolute;\" data-key=\"rs-554\" data-title=\"Slide\" data-thumb=\"\/\/www.memoriaestadionacional.cl\/wp-content\/uploads\/2024\/08\/DUB2030-50x100.jpg\" data-in=\"o:0;\" data-out=\"a:false;\">\n\t\t\t\t\t\t\t<img decoding=\"async\" src=\"\/\/www.memoriaestadionacional.cl\/wp-content\/plugins\/revslider\/sr6\/assets\/assets\/dummy.png\" alt=\"\" title=\"Galer\u00eda\" class=\"rev-slidebg tp-rs-img rs-lazyload\" data-lazyload=\"\/\/www.memoriaestadionacional.cl\/wp-content\/uploads\/2024\/08\/DUB2030.jpg\" data-no-retina>\n<!---->\t\t\t\t\t<\/rs-slide>\n\t\t\t\t\t\t<rs-slide style=\"position: absolute;\" data-key=\"rs-539\" data-title=\"Slide\" data-thumb=\"\/\/www.memoriaestadionacional.cl\/wp-content\/uploads\/2024\/08\/IMG_6273-50x100.jpg\" data-in=\"o:0;\" data-out=\"a:false;\">\n\t\t\t\t\t\t\t<img decoding=\"async\" src=\"\/\/www.memoriaestadionacional.cl\/wp-content\/plugins\/revslider\/sr6\/assets\/assets\/dummy.png\" alt=\"\" title=\"Galer\u00eda\" class=\"rev-slidebg tp-rs-img rs-lazyload\" data-lazyload=\"\/\/www.memoriaestadionacional.cl\/wp-content\/uploads\/2024\/08\/IMG_6273.jpg\" data-bg=\"f:contain;\" data-no-retina>\n<!---->\t\t\t\t\t<\/rs-slide>\n\t\t\t\t\t\t<rs-slide style=\"position: absolute;\" data-key=\"rs-523\" data-title=\"Slide\" data-thumb=\"\/\/www.memoriaestadionacional.cl\/wp-content\/uploads\/2024\/08\/IMG_4172-50x100.jpg\" data-in=\"o:0;\" data-out=\"a:false;\">\n\t\t\t\t\t\t\t<img decoding=\"async\" src=\"\/\/www.memoriaestadionacional.cl\/wp-content\/plugins\/revslider\/sr6\/assets\/assets\/dummy.png\" alt=\"\" title=\"Galer\u00eda\" class=\"rev-slidebg tp-rs-img rs-lazyload\" data-lazyload=\"\/\/www.memoriaestadionacional.cl\/wp-content\/uploads\/2024\/08\/IMG_4172.jpg\" data-no-retina>\n<!---->\t\t\t\t\t<\/rs-slide>\n\t\t\t\t\t\t<rs-slide style=\"position: absolute;\" data-key=\"rs-524\" data-title=\"Slide\" data-thumb=\"\/\/www.memoriaestadionacional.cl\/wp-content\/uploads\/2024\/08\/IMG_4180-50x100.jpg\" data-in=\"o:0;\" data-out=\"a:false;\">\n\t\t\t\t\t\t\t<img decoding=\"async\" src=\"\/\/www.memoriaestadionacional.cl\/wp-content\/plugins\/revslider\/sr6\/assets\/assets\/dummy.png\" alt=\"\" title=\"Galer\u00eda\" class=\"rev-slidebg tp-rs-img rs-lazyload\" data-lazyload=\"\/\/www.memoriaestadionacional.cl\/wp-content\/uploads\/2024\/08\/IMG_4180.jpg\" data-bg=\"f:contain;\" data-no-retina>\n<!---->\t\t\t\t\t<\/rs-slide>\n\t\t\t\t\t\t<rs-slide style=\"position: absolute;\" data-key=\"rs-525\" data-title=\"Slide\" data-thumb=\"\/\/www.memoriaestadionacional.cl\/wp-content\/uploads\/2024\/08\/IMG_4182-50x100.jpg\" data-in=\"o:0;\" data-out=\"a:false;\">\n\t\t\t\t\t\t\t<img decoding=\"async\" src=\"\/\/www.memoriaestadionacional.cl\/wp-content\/plugins\/revslider\/sr6\/assets\/assets\/dummy.png\" alt=\"\" title=\"Galer\u00eda\" class=\"rev-slidebg tp-rs-img rs-lazyload\" data-lazyload=\"\/\/www.memoriaestadionacional.cl\/wp-content\/uploads\/2024\/08\/IMG_4182.jpg\" data-bg=\"f:contain;\" data-no-retina>\n<!---->\t\t\t\t\t<\/rs-slide>\n\t\t\t\t\t\t<rs-slide style=\"position: absolute;\" data-key=\"rs-526\" data-title=\"Slide\" data-thumb=\"\/\/www.memoriaestadionacional.cl\/wp-content\/uploads\/2024\/08\/IMG_4184-50x100.jpg\" data-in=\"o:0;\" data-out=\"a:false;\">\n\t\t\t\t\t\t\t<img decoding=\"async\" src=\"\/\/www.memoriaestadionacional.cl\/wp-content\/plugins\/revslider\/sr6\/assets\/assets\/dummy.png\" alt=\"\" title=\"Galer\u00eda\" class=\"rev-slidebg tp-rs-img rs-lazyload\" data-lazyload=\"\/\/www.memoriaestadionacional.cl\/wp-content\/uploads\/2024\/08\/IMG_4184.jpg\" data-bg=\"f:contain;\" data-no-retina>\n<!---->\t\t\t\t\t<\/rs-slide>\n\t\t\t\t\t\t<rs-slide style=\"position: absolute;\" data-key=\"rs-527\" data-title=\"Slide\" data-thumb=\"\/\/www.memoriaestadionacional.cl\/wp-content\/uploads\/2024\/08\/IMG_4185-50x100.jpg\" data-in=\"o:0;\" data-out=\"a:false;\">\n\t\t\t\t\t\t\t<img decoding=\"async\" src=\"\/\/www.memoriaestadionacional.cl\/wp-content\/plugins\/revslider\/sr6\/assets\/assets\/dummy.png\" alt=\"\" title=\"Galer\u00eda\" class=\"rev-slidebg tp-rs-img rs-lazyload\" data-lazyload=\"\/\/www.memoriaestadionacional.cl\/wp-content\/uploads\/2024\/08\/IMG_4185.jpg\" data-bg=\"f:contain;\" data-no-retina>\n<!---->\t\t\t\t\t<\/rs-slide>\n\t\t\t\t\t\t<rs-slide style=\"position: absolute;\" data-key=\"rs-528\" data-title=\"Slide\" data-thumb=\"\/\/www.memoriaestadionacional.cl\/wp-content\/uploads\/2024\/08\/IMG_4188-50x100.jpg\" data-in=\"o:0;\" data-out=\"a:false;\">\n\t\t\t\t\t\t\t<img decoding=\"async\" src=\"\/\/www.memoriaestadionacional.cl\/wp-content\/plugins\/revslider\/sr6\/assets\/assets\/dummy.png\" alt=\"\" title=\"Galer\u00eda\" class=\"rev-slidebg tp-rs-img rs-lazyload\" data-lazyload=\"\/\/www.memoriaestadionacional.cl\/wp-content\/uploads\/2024\/08\/IMG_4188.jpg\" data-bg=\"f:contain;\" data-no-retina>\n<!---->\t\t\t\t\t<\/rs-slide>\n\t\t\t\t\t\t<rs-slide style=\"position: absolute;\" data-key=\"rs-556\" data-title=\"Slide\" data-thumb=\"\/\/www.memoriaestadionacional.cl\/wp-content\/uploads\/2024\/08\/DUB2057-50x100.jpg\" data-in=\"o:0;\" data-out=\"a:false;\">\n\t\t\t\t\t\t\t<img decoding=\"async\" src=\"\/\/www.memoriaestadionacional.cl\/wp-content\/plugins\/revslider\/sr6\/assets\/assets\/dummy.png\" alt=\"\" title=\"Galer\u00eda\" class=\"rev-slidebg tp-rs-img rs-lazyload\" data-lazyload=\"\/\/www.memoriaestadionacional.cl\/wp-content\/uploads\/2024\/08\/DUB2057.jpg\" data-no-retina>\n<!---->\t\t\t\t\t<\/rs-slide>\n\t\t\t\t\t\t<rs-slide style=\"position: absolute;\" data-key=\"rs-557\" data-title=\"Slide\" data-thumb=\"\/\/www.memoriaestadionacional.cl\/wp-content\/uploads\/2024\/08\/DUB2064-50x100.jpg\" data-in=\"o:0;\" data-out=\"a:false;\">\n\t\t\t\t\t\t\t<img decoding=\"async\" src=\"\/\/www.memoriaestadionacional.cl\/wp-content\/plugins\/revslider\/sr6\/assets\/assets\/dummy.png\" alt=\"\" title=\"Galer\u00eda\" class=\"rev-slidebg tp-rs-img rs-lazyload\" data-lazyload=\"\/\/www.memoriaestadionacional.cl\/wp-content\/uploads\/2024\/08\/DUB2064.jpg\" data-no-retina>\n<!---->\t\t\t\t\t<\/rs-slide>\n\t\t\t\t\t\t<rs-slide style=\"position: absolute;\" data-key=\"rs-555\" data-title=\"Slide\" data-thumb=\"\/\/www.memoriaestadionacional.cl\/wp-content\/uploads\/2024\/08\/DUB2053-50x100.jpg\" data-in=\"o:0;\" data-out=\"a:false;\">\n\t\t\t\t\t\t\t<img decoding=\"async\" src=\"\/\/www.memoriaestadionacional.cl\/wp-content\/plugins\/revslider\/sr6\/assets\/assets\/dummy.png\" alt=\"\" title=\"Galer\u00eda\" class=\"rev-slidebg tp-rs-img rs-lazyload\" data-lazyload=\"\/\/www.memoriaestadionacional.cl\/wp-content\/uploads\/2024\/08\/DUB2053.jpg\" data-no-retina>\n<!---->\t\t\t\t\t<\/rs-slide>\n\t\t\t\t\t\t<rs-slide style=\"position: absolute;\" data-key=\"rs-529\" data-title=\"Slide\" data-thumb=\"\/\/www.memoriaestadionacional.cl\/wp-content\/uploads\/2024\/08\/IMG_4189-50x100.jpg\" data-in=\"o:0;\" data-out=\"a:false;\">\n\t\t\t\t\t\t\t<img decoding=\"async\" src=\"\/\/www.memoriaestadionacional.cl\/wp-content\/plugins\/revslider\/sr6\/assets\/assets\/dummy.png\" alt=\"\" title=\"Galer\u00eda\" class=\"rev-slidebg tp-rs-img rs-lazyload\" data-lazyload=\"\/\/www.memoriaestadionacional.cl\/wp-content\/uploads\/2024\/08\/IMG_4189.jpg\" data-bg=\"f:contain;\" data-no-retina>\n<!---->\t\t\t\t\t<\/rs-slide>\n\t\t\t\t\t\t<rs-slide style=\"position: absolute;\" data-key=\"rs-530\" data-title=\"Slide\" data-thumb=\"\/\/www.memoriaestadionacional.cl\/wp-content\/uploads\/2024\/08\/IMG_4191-50x100.jpg\" data-in=\"o:0;\" data-out=\"a:false;\">\n\t\t\t\t\t\t\t<img decoding=\"async\" src=\"\/\/www.memoriaestadionacional.cl\/wp-content\/plugins\/revslider\/sr6\/assets\/assets\/dummy.png\" alt=\"\" title=\"Galer\u00eda\" class=\"rev-slidebg tp-rs-img rs-lazyload\" data-lazyload=\"\/\/www.memoriaestadionacional.cl\/wp-content\/uploads\/2024\/08\/IMG_4191.jpg\" data-bg=\"f:contain;\" data-no-retina>\n<!---->\t\t\t\t\t<\/rs-slide>\n\t\t\t\t\t\t<rs-slide style=\"position: absolute;\" data-key=\"rs-531\" data-title=\"Slide\" data-thumb=\"\/\/www.memoriaestadionacional.cl\/wp-content\/uploads\/2024\/08\/IMG_4196-50x100.jpg\" data-in=\"o:0;\" data-out=\"a:false;\">\n\t\t\t\t\t\t\t<img decoding=\"async\" src=\"\/\/www.memoriaestadionacional.cl\/wp-content\/plugins\/revslider\/sr6\/assets\/assets\/dummy.png\" alt=\"\" title=\"Galer\u00eda\" class=\"rev-slidebg tp-rs-img rs-lazyload\" data-lazyload=\"\/\/www.memoriaestadionacional.cl\/wp-content\/uploads\/2024\/08\/IMG_4196.jpg\" data-bg=\"f:contain;\" data-no-retina>\n<!---->\t\t\t\t\t<\/rs-slide>\n\t\t\t\t\t\t<rs-slide style=\"position: absolute;\" data-key=\"rs-532\" data-title=\"Slide\" data-thumb=\"\/\/www.memoriaestadionacional.cl\/wp-content\/uploads\/2024\/08\/IMG_4206-50x100.jpg\" data-in=\"o:0;\" data-out=\"a:false;\">\n\t\t\t\t\t\t\t<img decoding=\"async\" src=\"\/\/www.memoriaestadionacional.cl\/wp-content\/plugins\/revslider\/sr6\/assets\/assets\/dummy.png\" alt=\"\" title=\"Galer\u00eda\" class=\"rev-slidebg tp-rs-img rs-lazyload\" data-lazyload=\"\/\/www.memoriaestadionacional.cl\/wp-content\/uploads\/2024\/08\/IMG_4206.jpg\" data-no-retina>\n<!---->\t\t\t\t\t<\/rs-slide>\n\t\t\t\t\t\t<rs-slide style=\"position: absolute;\" data-key=\"rs-533\" data-title=\"Slide\" data-thumb=\"\/\/www.memoriaestadionacional.cl\/wp-content\/uploads\/2024\/08\/IMG_4207-50x100.jpg\" data-in=\"o:0;\" data-out=\"a:false;\">\n\t\t\t\t\t\t\t<img decoding=\"async\" src=\"\/\/www.memoriaestadionacional.cl\/wp-content\/plugins\/revslider\/sr6\/assets\/assets\/dummy.png\" alt=\"\" title=\"Galer\u00eda\" class=\"rev-slidebg tp-rs-img rs-lazyload\" data-lazyload=\"\/\/www.memoriaestadionacional.cl\/wp-content\/uploads\/2024\/08\/IMG_4207.jpg\" data-no-retina>\n<!---->\t\t\t\t\t<\/rs-slide>\n\t\t\t\t\t\t<rs-slide style=\"position: absolute;\" data-key=\"rs-534\" data-title=\"Slide\" data-thumb=\"\/\/www.memoriaestadionacional.cl\/wp-content\/uploads\/2024\/08\/IMG_4209-50x100.jpg\" data-in=\"o:0;\" data-out=\"a:false;\">\n\t\t\t\t\t\t\t<img decoding=\"async\" src=\"\/\/www.memoriaestadionacional.cl\/wp-content\/plugins\/revslider\/sr6\/assets\/assets\/dummy.png\" alt=\"\" title=\"Galer\u00eda\" class=\"rev-slidebg tp-rs-img rs-lazyload\" data-lazyload=\"\/\/www.memoriaestadionacional.cl\/wp-content\/uploads\/2024\/08\/IMG_4209.jpg\" data-no-retina>\n<!---->\t\t\t\t\t<\/rs-slide>\n\t\t\t\t\t<\/rs-slides>\n\t\t\t\t<\/rs-module>\n\t\t\t\t<script>\n\t\t\t\t\tsetREVStartSize({c: 'rev_slider_55_20',rl:[1240,1024,778,480],el:[900],gw:[1240],gh:[900],type:'carousel',justify:'',layout:'fullwidth',mh:\"0\"});if (window.RS_MODULES!==undefined && window.RS_MODULES.modules!==undefined && window.RS_MODULES.modules[\"revslider5520\"]!==undefined) {window.RS_MODULES.modules[\"revslider5520\"].once = false;window.revapi55 = undefined;if (window.RS_MODULES.checkMinimal!==undefined) window.RS_MODULES.checkMinimal()}\n\t\t\t\t<\/script>\n\t\t\t<\/rs-module-wrap>\n\t\t\t<!-- END REVOLUTION SLIDER -->\n<\/div><\/div><\/div><\/div><\/div><div class=\"vc-row-container row-stretch\"><div data-vc-full-width=\"true\"  data-vc-full-width-init=\"false\" class=\"vc_row wpb_row vc_row-fluid\"><div class=\"wpb_column vc_column_container vc_col-sm-12\"><div class=\"vc_column-inner\"><div class=\"wpb_wrapper\"><div class=\"vc_empty_space\"   style=\"height: 50px\"><span class=\"vc_empty_space_inner\"><\/span><\/div><\/div><\/div><\/div><\/div><\/div><div class=\"vc-row-container row-stretch\"><div data-vc-full-width=\"true\"  data-vc-full-width-init=\"false\" class=\"vc_row wpb_row vc_row-fluid\"><div class=\"wpb_column vc_column_container vc_col-sm-12\"><div class=\"vc_column-inner\"><div class=\"wpb_wrapper\">\n\t<div class=\"wpb_text_column wpb_content_element wpb_animate_when_almost_visible wpb_fadeIn fadeIn\" >\n\t\t<div class=\"wpb_wrapper\">\n\t\t\t<h5 style=\"text-align: center;\"><span style=\"color: #e79e47;\">[<\/span>GALER\u00cdA<span style=\"color: #e79e47;\">]<\/span><\/h5>\n\n\t\t<\/div>\n\t<\/div>\n<h1 style=\"text-align: center\" class=\"vc_custom_heading vc_do_custom_heading wpb_animate_when_almost_visible wpb_fadeIn fadeIn\" >Recorridos de la Memoria Julio 2024<\/h1><div class=\"vc_separator wpb_content_element vc_separator_align_center vc_sep_width_10 vc_sep_border_width_5 vc_sep_pos_align_center vc_separator_no_text wpb_content_element  wpb_content_element wpb_animate_when_almost_visible wpb_fadeIn fadeIn wpb_animate_when_almost_visible wpb_fadeIn fadeIn\" ><span class=\"vc_sep_holder vc_sep_holder_l\"><span style=\"border-color:#e79e47;\" class=\"vc_sep_line\"><\/span><\/span><span class=\"vc_sep_holder vc_sep_holder_r\"><span style=\"border-color:#e79e47;\" class=\"vc_sep_line\"><\/span><\/span>\n<\/div><div class=\"vc_empty_space\"   style=\"height: 32px\"><span class=\"vc_empty_space_inner\"><\/span><\/div>\n\t\t\t<!-- START Recorridos de la Memoria Julio 2024 REVOLUTION SLIDER 6.7.41 --><p class=\"rs-p-wp-fix\"><\/p>\n\t\t\t<rs-module-wrap id=\"rev_slider_53_21_wrapper\" data-source=\"gallery\" style=\"visibility:hidden;background:transparent;padding:0;margin:0px auto;margin-top:0;margin-bottom:0;\">\n\t\t\t\t<rs-module id=\"rev_slider_53_21\" style=\"\" data-version=\"6.7.41\">\n\t\t\t\t\t<rs-slides style=\"overflow: hidden; position: absolute;\">\n\t\t\t\t\t\t<rs-slide style=\"position: absolute;\" data-key=\"rs-494\" data-title=\"Slide\" data-thumb=\"\/\/www.memoriaestadionacional.cl\/wp-content\/uploads\/2024\/07\/PHOTO-2024-07-10-12-26-51-50x100.jpg\" data-in=\"o:0;\" data-out=\"a:false;\">\n\t\t\t\t\t\t\t<img decoding=\"async\" src=\"\/\/www.memoriaestadionacional.cl\/wp-content\/plugins\/revslider\/sr6\/assets\/assets\/dummy.png\" alt=\"\" title=\"Galer\u00eda\" class=\"rev-slidebg tp-rs-img rs-lazyload\" data-lazyload=\"\/\/www.memoriaestadionacional.cl\/wp-content\/uploads\/2024\/07\/PHOTO-2024-07-10-12-26-51.jpg\" data-no-retina>\n<!---->\t\t\t\t\t<\/rs-slide>\n\t\t\t\t\t\t<rs-slide style=\"position: absolute;\" data-key=\"rs-495\" data-title=\"Slide\" data-thumb=\"\/\/www.memoriaestadionacional.cl\/wp-content\/uploads\/2024\/07\/PHOTO-2024-07-11-18-30-54-50x100.jpg\" data-in=\"o:0;\" data-out=\"a:false;\">\n\t\t\t\t\t\t\t<img decoding=\"async\" src=\"\/\/www.memoriaestadionacional.cl\/wp-content\/plugins\/revslider\/sr6\/assets\/assets\/dummy.png\" alt=\"\" title=\"Galer\u00eda\" class=\"rev-slidebg tp-rs-img rs-lazyload\" data-lazyload=\"\/\/www.memoriaestadionacional.cl\/wp-content\/uploads\/2024\/07\/PHOTO-2024-07-11-18-30-54.jpg\" data-no-retina>\n<!---->\t\t\t\t\t<\/rs-slide>\n\t\t\t\t\t\t<rs-slide style=\"position: absolute;\" data-key=\"rs-496\" data-title=\"Slide\" data-thumb=\"\/\/www.memoriaestadionacional.cl\/wp-content\/uploads\/2024\/07\/PHOTO-2024-07-12-18-09-13-50x100.jpg\" data-in=\"o:0;\" data-out=\"a:false;\">\n\t\t\t\t\t\t\t<img decoding=\"async\" src=\"\/\/www.memoriaestadionacional.cl\/wp-content\/plugins\/revslider\/sr6\/assets\/assets\/dummy.png\" alt=\"\" title=\"Galer\u00eda\" class=\"rev-slidebg tp-rs-img rs-lazyload\" data-lazyload=\"\/\/www.memoriaestadionacional.cl\/wp-content\/uploads\/2024\/07\/PHOTO-2024-07-12-18-09-13.jpg\" data-no-retina>\n<!---->\t\t\t\t\t<\/rs-slide>\n\t\t\t\t\t\t<rs-slide style=\"position: absolute;\" data-key=\"rs-497\" data-title=\"Slide\" data-thumb=\"\/\/www.memoriaestadionacional.cl\/wp-content\/uploads\/2024\/07\/PHOTO-2024-07-17-13-53-31-50x100.jpg\" data-in=\"o:0;\" data-out=\"a:false;\">\n\t\t\t\t\t\t\t<img decoding=\"async\" src=\"\/\/www.memoriaestadionacional.cl\/wp-content\/plugins\/revslider\/sr6\/assets\/assets\/dummy.png\" alt=\"\" title=\"Galer\u00eda\" class=\"rev-slidebg tp-rs-img rs-lazyload\" data-lazyload=\"\/\/www.memoriaestadionacional.cl\/wp-content\/uploads\/2024\/07\/PHOTO-2024-07-17-13-53-31.jpg\" data-no-retina>\n<!---->\t\t\t\t\t<\/rs-slide>\n\t\t\t\t\t\t<rs-slide style=\"position: absolute;\" data-key=\"rs-498\" data-title=\"Slide\" data-thumb=\"\/\/www.memoriaestadionacional.cl\/wp-content\/uploads\/2024\/07\/PHOTO-2024-07-18-12-22-28-50x100.jpg\" data-in=\"o:0;\" data-out=\"a:false;\">\n\t\t\t\t\t\t\t<img decoding=\"async\" src=\"\/\/www.memoriaestadionacional.cl\/wp-content\/plugins\/revslider\/sr6\/assets\/assets\/dummy.png\" alt=\"\" title=\"Galer\u00eda\" class=\"rev-slidebg tp-rs-img rs-lazyload\" data-lazyload=\"\/\/www.memoriaestadionacional.cl\/wp-content\/uploads\/2024\/07\/PHOTO-2024-07-18-12-22-28.jpg\" data-no-retina>\n<!---->\t\t\t\t\t<\/rs-slide>\n\t\t\t\t\t\t<rs-slide style=\"position: absolute;\" data-key=\"rs-499\" data-title=\"Slide\" data-thumb=\"\/\/www.memoriaestadionacional.cl\/wp-content\/uploads\/2024\/07\/PHOTO-2024-07-19-13-27-06-50x100.jpg\" data-in=\"o:0;\" data-out=\"a:false;\">\n\t\t\t\t\t\t\t<img decoding=\"async\" src=\"\/\/www.memoriaestadionacional.cl\/wp-content\/plugins\/revslider\/sr6\/assets\/assets\/dummy.png\" alt=\"\" title=\"Galer\u00eda\" class=\"rev-slidebg tp-rs-img rs-lazyload\" data-lazyload=\"\/\/www.memoriaestadionacional.cl\/wp-content\/uploads\/2024\/07\/PHOTO-2024-07-19-13-27-06.jpg\" data-no-retina>\n<!---->\t\t\t\t\t<\/rs-slide>\n\t\t\t\t\t\t<rs-slide style=\"position: absolute;\" data-key=\"rs-500\" data-title=\"Slide\" data-thumb=\"\/\/www.memoriaestadionacional.cl\/wp-content\/uploads\/2024\/07\/PHOTO-2024-07-24-09-21-12-50x100.jpg\" data-in=\"o:0;\" data-out=\"a:false;\">\n\t\t\t\t\t\t\t<img decoding=\"async\" src=\"\/\/www.memoriaestadionacional.cl\/wp-content\/plugins\/revslider\/sr6\/assets\/assets\/dummy.png\" alt=\"\" title=\"Galer\u00eda\" class=\"rev-slidebg tp-rs-img rs-lazyload\" data-lazyload=\"\/\/www.memoriaestadionacional.cl\/wp-content\/uploads\/2024\/07\/PHOTO-2024-07-24-09-21-12.jpg\" data-no-retina>\n<!---->\t\t\t\t\t<\/rs-slide>\n\t\t\t\t\t<\/rs-slides>\n\t\t\t\t<\/rs-module>\n\t\t\t\t<script>\n\t\t\t\t\tsetREVStartSize({c: 'rev_slider_53_21',rl:[1240,1024,778,480],el:[900],gw:[1240],gh:[900],type:'carousel',justify:'',layout:'fullwidth',mh:\"0\"});if (window.RS_MODULES!==undefined && window.RS_MODULES.modules!==undefined && window.RS_MODULES.modules[\"revslider5321\"]!==undefined) {window.RS_MODULES.modules[\"revslider5321\"].once = false;window.revapi53 = undefined;if (window.RS_MODULES.checkMinimal!==undefined) window.RS_MODULES.checkMinimal()}\n\t\t\t\t<\/script>\n\t\t\t<\/rs-module-wrap>\n\t\t\t<!-- END REVOLUTION SLIDER -->\n<\/div><\/div><\/div><\/div><\/div><div class=\"vc-row-container row-stretch\"><div data-vc-full-width=\"true\"  data-vc-full-width-init=\"false\" class=\"vc_row wpb_row vc_row-fluid\"><div class=\"wpb_column vc_column_container vc_col-sm-12\"><div class=\"vc_column-inner\"><div class=\"wpb_wrapper\"><div class=\"vc_empty_space\"   style=\"height: 50px\"><span class=\"vc_empty_space_inner\"><\/span><\/div><\/div><\/div><\/div><\/div><\/div><div class=\"vc-row-container row-stretch\"><div data-vc-full-width=\"true\"  data-vc-full-width-init=\"false\" class=\"vc_row wpb_row vc_row-fluid\"><div class=\"wpb_column vc_column_container vc_col-sm-12\"><div class=\"vc_column-inner\"><div class=\"wpb_wrapper\">\n\t<div class=\"wpb_text_column wpb_content_element wpb_animate_when_almost_visible wpb_fadeIn fadeIn\" >\n\t\t<div class=\"wpb_wrapper\">\n\t\t\t<h5 style=\"text-align: center;\"><span style=\"color: #e79e47;\">[<\/span>GALER\u00cdA<span style=\"color: #e79e47;\">]<\/span><\/h5>\n\n\t\t<\/div>\n\t<\/div>\n<h1 style=\"text-align: center\" class=\"vc_custom_heading vc_do_custom_heading wpb_animate_when_almost_visible wpb_fadeIn fadeIn\" >Inauguraci\u00f3n Parque Estadio Nacional<\/h1><div class=\"vc_separator wpb_content_element vc_separator_align_center vc_sep_width_10 vc_sep_border_width_5 vc_sep_pos_align_center vc_separator_no_text wpb_content_element  wpb_content_element wpb_animate_when_almost_visible wpb_fadeIn fadeIn wpb_animate_when_almost_visible wpb_fadeIn fadeIn\" ><span class=\"vc_sep_holder vc_sep_holder_l\"><span style=\"border-color:#e79e47;\" class=\"vc_sep_line\"><\/span><\/span><span class=\"vc_sep_holder vc_sep_holder_r\"><span style=\"border-color:#e79e47;\" class=\"vc_sep_line\"><\/span><\/span>\n<\/div><div class=\"vc_empty_space\"   style=\"height: 32px\"><span class=\"vc_empty_space_inner\"><\/span><\/div>\n\t\t\t<!-- START apertura del Parque Estadio Nacional REVOLUTION SLIDER 6.7.41 --><p class=\"rs-p-wp-fix\"><\/p>\n\t\t\t<rs-module-wrap id=\"rev_slider_52_22_wrapper\" data-source=\"gallery\" style=\"visibility:hidden;background:transparent;padding:0;margin:0px auto;margin-top:0;margin-bottom:0;\">\n\t\t\t\t<rs-module id=\"rev_slider_52_22\" style=\"\" data-version=\"6.7.41\">\n\t\t\t\t\t<rs-slides style=\"overflow: hidden; position: absolute;\">\n\t\t\t\t\t\t<rs-slide style=\"position: absolute;\" data-key=\"rs-479\" data-title=\"Slide\" data-thumb=\"\/\/www.memoriaestadionacional.cl\/wp-content\/uploads\/2024\/07\/7301160e-34ca-4b0d-a90e-01bfcacefffd-50x100.jpg\" data-in=\"o:0;\" data-out=\"a:false;\">\n\t\t\t\t\t\t\t<img decoding=\"async\" src=\"\/\/www.memoriaestadionacional.cl\/wp-content\/plugins\/revslider\/sr6\/assets\/assets\/dummy.png\" alt=\"\" title=\"Galer\u00eda\" class=\"rev-slidebg tp-rs-img rs-lazyload\" data-lazyload=\"\/\/www.memoriaestadionacional.cl\/wp-content\/uploads\/2024\/07\/7301160e-34ca-4b0d-a90e-01bfcacefffd.jpg\" data-bg=\"f:contain;\" data-no-retina>\n<!---->\t\t\t\t\t<\/rs-slide>\n\t\t\t\t\t\t<rs-slide style=\"position: absolute;\" data-key=\"rs-480\" data-title=\"Slide\" data-thumb=\"\/\/www.memoriaestadionacional.cl\/wp-content\/uploads\/2024\/07\/IMG_3673-50x100.jpg\" data-in=\"o:0;\" data-out=\"a:false;\">\n\t\t\t\t\t\t\t<img decoding=\"async\" src=\"\/\/www.memoriaestadionacional.cl\/wp-content\/plugins\/revslider\/sr6\/assets\/assets\/dummy.png\" alt=\"\" title=\"Galer\u00eda\" class=\"rev-slidebg tp-rs-img rs-lazyload\" data-lazyload=\"\/\/www.memoriaestadionacional.cl\/wp-content\/uploads\/2024\/07\/IMG_3673.jpg\" data-no-retina>\n<!---->\t\t\t\t\t<\/rs-slide>\n\t\t\t\t\t\t<rs-slide style=\"position: absolute;\" data-key=\"rs-481\" data-title=\"Slide\" data-thumb=\"\/\/www.memoriaestadionacional.cl\/wp-content\/uploads\/2024\/07\/IMG_3675-50x100.jpg\" data-in=\"o:0;\" data-out=\"a:false;\">\n\t\t\t\t\t\t\t<img decoding=\"async\" src=\"\/\/www.memoriaestadionacional.cl\/wp-content\/plugins\/revslider\/sr6\/assets\/assets\/dummy.png\" alt=\"\" title=\"Galer\u00eda\" class=\"rev-slidebg tp-rs-img rs-lazyload\" data-lazyload=\"\/\/www.memoriaestadionacional.cl\/wp-content\/uploads\/2024\/07\/IMG_3675.jpg\" data-no-retina>\n<!---->\t\t\t\t\t<\/rs-slide>\n\t\t\t\t\t\t<rs-slide style=\"position: absolute;\" data-key=\"rs-482\" data-title=\"Slide\" data-thumb=\"\/\/www.memoriaestadionacional.cl\/wp-content\/uploads\/2024\/07\/IMG_3676-50x100.jpg\" data-in=\"o:0;\" data-out=\"a:false;\">\n\t\t\t\t\t\t\t<img decoding=\"async\" src=\"\/\/www.memoriaestadionacional.cl\/wp-content\/plugins\/revslider\/sr6\/assets\/assets\/dummy.png\" alt=\"\" title=\"Galer\u00eda\" class=\"rev-slidebg tp-rs-img rs-lazyload\" data-lazyload=\"\/\/www.memoriaestadionacional.cl\/wp-content\/uploads\/2024\/07\/IMG_3676.jpg\" data-no-retina>\n<!---->\t\t\t\t\t<\/rs-slide>\n\t\t\t\t\t\t<rs-slide style=\"position: absolute;\" data-key=\"rs-483\" data-title=\"Slide\" data-thumb=\"\/\/www.memoriaestadionacional.cl\/wp-content\/uploads\/2024\/07\/IMG_3677-50x100.jpg\" data-in=\"o:0;\" data-out=\"a:false;\">\n\t\t\t\t\t\t\t<img decoding=\"async\" src=\"\/\/www.memoriaestadionacional.cl\/wp-content\/plugins\/revslider\/sr6\/assets\/assets\/dummy.png\" alt=\"\" title=\"Galer\u00eda\" class=\"rev-slidebg tp-rs-img rs-lazyload\" data-lazyload=\"\/\/www.memoriaestadionacional.cl\/wp-content\/uploads\/2024\/07\/IMG_3677.jpg\" data-bg=\"f:contain;\" data-no-retina>\n<!---->\t\t\t\t\t<\/rs-slide>\n\t\t\t\t\t\t<rs-slide style=\"position: absolute;\" data-key=\"rs-484\" data-title=\"Slide\" data-thumb=\"\/\/www.memoriaestadionacional.cl\/wp-content\/uploads\/2024\/07\/IMG_3700-50x100.jpg\" data-in=\"o:0;\" data-out=\"a:false;\">\n\t\t\t\t\t\t\t<img decoding=\"async\" src=\"\/\/www.memoriaestadionacional.cl\/wp-content\/plugins\/revslider\/sr6\/assets\/assets\/dummy.png\" alt=\"\" title=\"Galer\u00eda\" class=\"rev-slidebg tp-rs-img rs-lazyload\" data-lazyload=\"\/\/www.memoriaestadionacional.cl\/wp-content\/uploads\/2024\/07\/IMG_3700.jpg\" data-no-retina>\n<!---->\t\t\t\t\t<\/rs-slide>\n\t\t\t\t\t\t<rs-slide style=\"position: absolute;\" data-key=\"rs-485\" data-title=\"Slide\" data-thumb=\"\/\/www.memoriaestadionacional.cl\/wp-content\/uploads\/2024\/07\/IMG_3705-50x100.jpg\" data-in=\"o:0;\" data-out=\"a:false;\">\n\t\t\t\t\t\t\t<img decoding=\"async\" src=\"\/\/www.memoriaestadionacional.cl\/wp-content\/plugins\/revslider\/sr6\/assets\/assets\/dummy.png\" alt=\"\" title=\"Galer\u00eda\" class=\"rev-slidebg tp-rs-img rs-lazyload\" data-lazyload=\"\/\/www.memoriaestadionacional.cl\/wp-content\/uploads\/2024\/07\/IMG_3705.jpg\" data-bg=\"f:contain;\" data-no-retina>\n<!---->\t\t\t\t\t<\/rs-slide>\n\t\t\t\t\t\t<rs-slide style=\"position: absolute;\" data-key=\"rs-486\" data-title=\"Slide\" data-thumb=\"\/\/www.memoriaestadionacional.cl\/wp-content\/uploads\/2024\/07\/IMG_3715-50x100.jpg\" data-in=\"o:0;\" data-out=\"a:false;\">\n\t\t\t\t\t\t\t<img decoding=\"async\" src=\"\/\/www.memoriaestadionacional.cl\/wp-content\/plugins\/revslider\/sr6\/assets\/assets\/dummy.png\" alt=\"\" title=\"Galer\u00eda\" class=\"rev-slidebg tp-rs-img rs-lazyload\" data-lazyload=\"\/\/www.memoriaestadionacional.cl\/wp-content\/uploads\/2024\/07\/IMG_3715.jpg\" data-no-retina>\n<!---->\t\t\t\t\t<\/rs-slide>\n\t\t\t\t\t\t<rs-slide style=\"position: absolute;\" data-key=\"rs-487\" data-title=\"Slide\" data-thumb=\"\/\/www.memoriaestadionacional.cl\/wp-content\/uploads\/2024\/07\/IMG_3724-50x100.jpg\" data-in=\"o:0;\" data-out=\"a:false;\">\n\t\t\t\t\t\t\t<img decoding=\"async\" src=\"\/\/www.memoriaestadionacional.cl\/wp-content\/plugins\/revslider\/sr6\/assets\/assets\/dummy.png\" alt=\"\" title=\"Galer\u00eda\" class=\"rev-slidebg tp-rs-img rs-lazyload\" data-lazyload=\"\/\/www.memoriaestadionacional.cl\/wp-content\/uploads\/2024\/07\/IMG_3724.jpg\" data-no-retina>\n<!---->\t\t\t\t\t<\/rs-slide>\n\t\t\t\t\t\t<rs-slide style=\"position: absolute;\" data-key=\"rs-488\" data-title=\"Slide\" data-thumb=\"\/\/www.memoriaestadionacional.cl\/wp-content\/uploads\/2024\/07\/IMG_3725-50x100.jpg\" data-in=\"o:0;\" data-out=\"a:false;\">\n\t\t\t\t\t\t\t<img decoding=\"async\" src=\"\/\/www.memoriaestadionacional.cl\/wp-content\/plugins\/revslider\/sr6\/assets\/assets\/dummy.png\" alt=\"\" title=\"Galer\u00eda\" class=\"rev-slidebg tp-rs-img rs-lazyload\" data-lazyload=\"\/\/www.memoriaestadionacional.cl\/wp-content\/uploads\/2024\/07\/IMG_3725.jpg\" data-no-retina>\n<!---->\t\t\t\t\t<\/rs-slide>\n\t\t\t\t\t\t<rs-slide style=\"position: absolute;\" data-key=\"rs-489\" data-title=\"Slide\" data-thumb=\"\/\/www.memoriaestadionacional.cl\/wp-content\/uploads\/2024\/07\/IMG_3727-50x100.jpg\" data-in=\"o:0;\" data-out=\"a:false;\">\n\t\t\t\t\t\t\t<img decoding=\"async\" src=\"\/\/www.memoriaestadionacional.cl\/wp-content\/plugins\/revslider\/sr6\/assets\/assets\/dummy.png\" alt=\"\" title=\"Galer\u00eda\" class=\"rev-slidebg tp-rs-img rs-lazyload\" data-lazyload=\"\/\/www.memoriaestadionacional.cl\/wp-content\/uploads\/2024\/07\/IMG_3727.jpg\" data-no-retina>\n<!---->\t\t\t\t\t<\/rs-slide>\n\t\t\t\t\t\t<rs-slide style=\"position: absolute;\" data-key=\"rs-490\" data-title=\"Slide\" data-thumb=\"\/\/www.memoriaestadionacional.cl\/wp-content\/uploads\/2024\/07\/IMG_3728-50x100.jpg\" data-in=\"o:0;\" data-out=\"a:false;\">\n\t\t\t\t\t\t\t<img decoding=\"async\" src=\"\/\/www.memoriaestadionacional.cl\/wp-content\/plugins\/revslider\/sr6\/assets\/assets\/dummy.png\" alt=\"\" title=\"Galer\u00eda\" class=\"rev-slidebg tp-rs-img rs-lazyload\" data-lazyload=\"\/\/www.memoriaestadionacional.cl\/wp-content\/uploads\/2024\/07\/IMG_3728.jpg\" data-no-retina>\n<!---->\t\t\t\t\t<\/rs-slide>\n\t\t\t\t\t\t<rs-slide style=\"position: absolute;\" data-key=\"rs-491\" data-title=\"Slide\" data-thumb=\"\/\/www.memoriaestadionacional.cl\/wp-content\/uploads\/2024\/07\/IMG_5878-50x100.jpg\" data-in=\"o:0;\" data-out=\"a:false;\">\n\t\t\t\t\t\t\t<img decoding=\"async\" src=\"\/\/www.memoriaestadionacional.cl\/wp-content\/plugins\/revslider\/sr6\/assets\/assets\/dummy.png\" alt=\"\" title=\"Galer\u00eda\" class=\"rev-slidebg tp-rs-img rs-lazyload\" data-lazyload=\"\/\/www.memoriaestadionacional.cl\/wp-content\/uploads\/2024\/07\/IMG_5878.jpg\" data-bg=\"f:contain;\" data-no-retina>\n<!---->\t\t\t\t\t<\/rs-slide>\n\t\t\t\t\t\t<rs-slide style=\"position: absolute;\" data-key=\"rs-492\" data-title=\"Slide\" data-thumb=\"\/\/www.memoriaestadionacional.cl\/wp-content\/uploads\/2024\/07\/IMG_5880-50x100.jpg\" data-in=\"o:0;\" data-out=\"a:false;\">\n\t\t\t\t\t\t\t<img decoding=\"async\" src=\"\/\/www.memoriaestadionacional.cl\/wp-content\/plugins\/revslider\/sr6\/assets\/assets\/dummy.png\" alt=\"\" title=\"Galer\u00eda\" class=\"rev-slidebg tp-rs-img rs-lazyload\" data-lazyload=\"\/\/www.memoriaestadionacional.cl\/wp-content\/uploads\/2024\/07\/IMG_5880.jpg\" data-no-retina>\n<!---->\t\t\t\t\t<\/rs-slide>\n\t\t\t\t\t<\/rs-slides>\n\t\t\t\t<\/rs-module>\n\t\t\t\t<script>\n\t\t\t\t\tsetREVStartSize({c: 'rev_slider_52_22',rl:[1240,1024,778,480],el:[900],gw:[1240],gh:[900],type:'carousel',justify:'',layout:'fullwidth',mh:\"0\"});if (window.RS_MODULES!==undefined && window.RS_MODULES.modules!==undefined && window.RS_MODULES.modules[\"revslider5222\"]!==undefined) {window.RS_MODULES.modules[\"revslider5222\"].once = false;window.revapi52 = undefined;if (window.RS_MODULES.checkMinimal!==undefined) window.RS_MODULES.checkMinimal()}\n\t\t\t\t<\/script>\n\t\t\t<\/rs-module-wrap>\n\t\t\t<!-- END REVOLUTION SLIDER -->\n<\/div><\/div><\/div><\/div><\/div><div class=\"vc-row-container row-stretch\"><div data-vc-full-width=\"true\"  data-vc-full-width-init=\"false\" class=\"vc_row wpb_row vc_row-fluid\"><div class=\"wpb_column vc_column_container vc_col-sm-12\"><div class=\"vc_column-inner\"><div class=\"wpb_wrapper\"><div class=\"vc_empty_space\"   style=\"height: 50px\"><span class=\"vc_empty_space_inner\"><\/span><\/div><\/div><\/div><\/div><\/div><\/div><div class=\"vc-row-container row-stretch\"><div data-vc-full-width=\"true\"  data-vc-full-width-init=\"false\" class=\"vc_row wpb_row vc_row-fluid\"><div class=\"wpb_column vc_column_container vc_col-sm-12\"><div class=\"vc_column-inner\"><div class=\"wpb_wrapper\">\n\t<div class=\"wpb_text_column wpb_content_element wpb_animate_when_almost_visible wpb_fadeIn fadeIn\" >\n\t\t<div class=\"wpb_wrapper\">\n\t\t\t<h5 style=\"text-align: center;\"><span style=\"color: #e79e47;\">[<\/span>GALER\u00cdA<span style=\"color: #e79e47;\">]<\/span><\/h5>\n\n\t\t<\/div>\n\t<\/div>\n<h1 style=\"text-align: center\" class=\"vc_custom_heading vc_do_custom_heading wpb_animate_when_almost_visible wpb_fadeIn fadeIn\" >Exposici\u00f3n \"Gracias a la esperanza que resisti\u00f3\"<\/h1><div class=\"vc_separator wpb_content_element vc_separator_align_center vc_sep_width_10 vc_sep_border_width_5 vc_sep_pos_align_center vc_separator_no_text wpb_content_element  wpb_content_element wpb_animate_when_almost_visible wpb_fadeIn fadeIn wpb_animate_when_almost_visible wpb_fadeIn fadeIn\" ><span class=\"vc_sep_holder vc_sep_holder_l\"><span style=\"border-color:#e79e47;\" class=\"vc_sep_line\"><\/span><\/span><span class=\"vc_sep_holder vc_sep_holder_r\"><span style=\"border-color:#e79e47;\" class=\"vc_sep_line\"><\/span><\/span>\n<\/div><div class=\"vc_empty_space\"   style=\"height: 32px\"><span class=\"vc_empty_space_inner\"><\/span><\/div>\n\t\t\t<!-- START exposici\u00f3n Gracias a la esperanza que resisti\u00f3 REVOLUTION SLIDER 6.7.41 --><p class=\"rs-p-wp-fix\"><\/p>\n\t\t\t<rs-module-wrap id=\"rev_slider_49_23_wrapper\" data-source=\"gallery\" style=\"visibility:hidden;background:transparent;padding:0;margin:0px auto;margin-top:0;margin-bottom:0;\">\n\t\t\t\t<rs-module id=\"rev_slider_49_23\" style=\"\" data-version=\"6.7.41\">\n\t\t\t\t\t<rs-slides style=\"overflow: hidden; position: absolute;\">\n\t\t\t\t\t\t<rs-slide style=\"position: absolute;\" data-key=\"rs-405\" data-title=\"Slide\" data-thumb=\"\/\/www.memoriaestadionacional.cl\/wp-content\/uploads\/2024\/07\/8D292A4A-620D-4C66-99A0-40CDC56BA202-50x100.jpg\" data-in=\"o:0;\" data-out=\"a:false;\">\n\t\t\t\t\t\t\t<img decoding=\"async\" src=\"\/\/www.memoriaestadionacional.cl\/wp-content\/plugins\/revslider\/sr6\/assets\/assets\/dummy.png\" alt=\"\" title=\"Galer\u00eda\" class=\"rev-slidebg tp-rs-img rs-lazyload\" data-lazyload=\"\/\/www.memoriaestadionacional.cl\/wp-content\/uploads\/2024\/07\/8D292A4A-620D-4C66-99A0-40CDC56BA202.jpg\" data-no-retina>\n<!---->\t\t\t\t\t<\/rs-slide>\n\t\t\t\t\t\t<rs-slide style=\"position: absolute;\" data-key=\"rs-406\" data-title=\"Slide\" data-thumb=\"\/\/www.memoriaestadionacional.cl\/wp-content\/uploads\/2024\/07\/Copia-de-IMG_7373-50x100.jpg\" data-in=\"o:0;\" data-out=\"a:false;\">\n\t\t\t\t\t\t\t<img decoding=\"async\" src=\"\/\/www.memoriaestadionacional.cl\/wp-content\/plugins\/revslider\/sr6\/assets\/assets\/dummy.png\" alt=\"\" title=\"Galer\u00eda\" class=\"rev-slidebg tp-rs-img rs-lazyload\" data-lazyload=\"\/\/www.memoriaestadionacional.cl\/wp-content\/uploads\/2024\/07\/Copia-de-IMG_7373.jpg\" data-no-retina>\n<!---->\t\t\t\t\t<\/rs-slide>\n\t\t\t\t\t\t<rs-slide style=\"position: absolute;\" data-key=\"rs-407\" data-title=\"Slide\" data-thumb=\"\/\/www.memoriaestadionacional.cl\/wp-content\/uploads\/2024\/07\/Copia-de-IMG_7374-50x100.jpg\" data-in=\"o:0;\" data-out=\"a:false;\">\n\t\t\t\t\t\t\t<img decoding=\"async\" src=\"\/\/www.memoriaestadionacional.cl\/wp-content\/plugins\/revslider\/sr6\/assets\/assets\/dummy.png\" alt=\"\" title=\"Galer\u00eda\" class=\"rev-slidebg tp-rs-img rs-lazyload\" data-lazyload=\"\/\/www.memoriaestadionacional.cl\/wp-content\/uploads\/2024\/07\/Copia-de-IMG_7374.jpg\" data-no-retina>\n<!---->\t\t\t\t\t<\/rs-slide>\n\t\t\t\t\t\t<rs-slide style=\"position: absolute;\" data-key=\"rs-408\" data-title=\"Slide\" data-thumb=\"\/\/www.memoriaestadionacional.cl\/wp-content\/uploads\/2024\/07\/Copia-de-IMG_7380-50x100.jpg\" data-in=\"o:0;\" data-out=\"a:false;\">\n\t\t\t\t\t\t\t<img decoding=\"async\" src=\"\/\/www.memoriaestadionacional.cl\/wp-content\/plugins\/revslider\/sr6\/assets\/assets\/dummy.png\" alt=\"\" title=\"Galer\u00eda\" class=\"rev-slidebg tp-rs-img rs-lazyload\" data-lazyload=\"\/\/www.memoriaestadionacional.cl\/wp-content\/uploads\/2024\/07\/Copia-de-IMG_7380.jpg\" data-no-retina>\n<!---->\t\t\t\t\t<\/rs-slide>\n\t\t\t\t\t\t<rs-slide style=\"position: absolute;\" data-key=\"rs-409\" data-title=\"Slide\" data-thumb=\"\/\/www.memoriaestadionacional.cl\/wp-content\/uploads\/2024\/07\/Copia-de-IMG_7387-50x100.jpg\" data-in=\"o:0;\" data-out=\"a:false;\">\n\t\t\t\t\t\t\t<img decoding=\"async\" src=\"\/\/www.memoriaestadionacional.cl\/wp-content\/plugins\/revslider\/sr6\/assets\/assets\/dummy.png\" alt=\"\" title=\"Galer\u00eda\" class=\"rev-slidebg tp-rs-img rs-lazyload\" data-lazyload=\"\/\/www.memoriaestadionacional.cl\/wp-content\/uploads\/2024\/07\/Copia-de-IMG_7387.jpg\" data-no-retina>\n<!---->\t\t\t\t\t<\/rs-slide>\n\t\t\t\t\t\t<rs-slide style=\"position: absolute;\" data-key=\"rs-410\" data-title=\"Slide\" data-thumb=\"\/\/www.memoriaestadionacional.cl\/wp-content\/uploads\/2024\/07\/Copia-de-IMG_7394-50x100.jpg\" data-in=\"o:0;\" data-out=\"a:false;\">\n\t\t\t\t\t\t\t<img decoding=\"async\" src=\"\/\/www.memoriaestadionacional.cl\/wp-content\/plugins\/revslider\/sr6\/assets\/assets\/dummy.png\" alt=\"\" title=\"Galer\u00eda\" class=\"rev-slidebg tp-rs-img rs-lazyload\" data-lazyload=\"\/\/www.memoriaestadionacional.cl\/wp-content\/uploads\/2024\/07\/Copia-de-IMG_7394.jpg\" data-no-retina>\n<!---->\t\t\t\t\t<\/rs-slide>\n\t\t\t\t\t\t<rs-slide style=\"position: absolute;\" data-key=\"rs-411\" data-title=\"Slide\" data-thumb=\"\/\/www.memoriaestadionacional.cl\/wp-content\/uploads\/2024\/07\/Copia-de-IMG_7407-50x100.jpg\" data-in=\"o:0;\" data-out=\"a:false;\">\n\t\t\t\t\t\t\t<img decoding=\"async\" src=\"\/\/www.memoriaestadionacional.cl\/wp-content\/plugins\/revslider\/sr6\/assets\/assets\/dummy.png\" alt=\"\" title=\"Galer\u00eda\" class=\"rev-slidebg tp-rs-img rs-lazyload\" data-lazyload=\"\/\/www.memoriaestadionacional.cl\/wp-content\/uploads\/2024\/07\/Copia-de-IMG_7407.jpg\" data-no-retina>\n<!---->\t\t\t\t\t<\/rs-slide>\n\t\t\t\t\t\t<rs-slide style=\"position: absolute;\" data-key=\"rs-412\" data-title=\"Slide\" data-thumb=\"\/\/www.memoriaestadionacional.cl\/wp-content\/uploads\/2024\/07\/Copia-de-IMG_7422-50x100.jpg\" data-in=\"o:0;\" data-out=\"a:false;\">\n\t\t\t\t\t\t\t<img decoding=\"async\" src=\"\/\/www.memoriaestadionacional.cl\/wp-content\/plugins\/revslider\/sr6\/assets\/assets\/dummy.png\" alt=\"\" title=\"Galer\u00eda\" class=\"rev-slidebg tp-rs-img rs-lazyload\" data-lazyload=\"\/\/www.memoriaestadionacional.cl\/wp-content\/uploads\/2024\/07\/Copia-de-IMG_7422.jpg\" data-no-retina>\n<!---->\t\t\t\t\t<\/rs-slide>\n\t\t\t\t\t\t<rs-slide style=\"position: absolute;\" data-key=\"rs-413\" data-title=\"Slide\" data-thumb=\"\/\/www.memoriaestadionacional.cl\/wp-content\/uploads\/2024\/07\/Copia-de-IMG_7425-50x100.jpg\" data-in=\"o:0;\" data-out=\"a:false;\">\n\t\t\t\t\t\t\t<img decoding=\"async\" src=\"\/\/www.memoriaestadionacional.cl\/wp-content\/plugins\/revslider\/sr6\/assets\/assets\/dummy.png\" alt=\"\" title=\"Galer\u00eda\" class=\"rev-slidebg tp-rs-img rs-lazyload\" data-lazyload=\"\/\/www.memoriaestadionacional.cl\/wp-content\/uploads\/2024\/07\/Copia-de-IMG_7425.jpg\" data-no-retina>\n<!---->\t\t\t\t\t<\/rs-slide>\n\t\t\t\t\t\t<rs-slide style=\"position: absolute;\" data-key=\"rs-414\" data-title=\"Slide\" data-thumb=\"\/\/www.memoriaestadionacional.cl\/wp-content\/uploads\/2024\/07\/Copia-de-IMG_7431-50x100.jpg\" data-in=\"o:0;\" data-out=\"a:false;\">\n\t\t\t\t\t\t\t<img decoding=\"async\" src=\"\/\/www.memoriaestadionacional.cl\/wp-content\/plugins\/revslider\/sr6\/assets\/assets\/dummy.png\" alt=\"\" title=\"Galer\u00eda\" class=\"rev-slidebg tp-rs-img rs-lazyload\" data-lazyload=\"\/\/www.memoriaestadionacional.cl\/wp-content\/uploads\/2024\/07\/Copia-de-IMG_7431.jpg\" data-no-retina>\n<!---->\t\t\t\t\t<\/rs-slide>\n\t\t\t\t\t\t<rs-slide style=\"position: absolute;\" data-key=\"rs-415\" data-title=\"Slide\" data-thumb=\"\/\/www.memoriaestadionacional.cl\/wp-content\/uploads\/2024\/07\/Copia-de-IMG_7435-50x100.jpg\" data-in=\"o:0;\" data-out=\"a:false;\">\n\t\t\t\t\t\t\t<img decoding=\"async\" src=\"\/\/www.memoriaestadionacional.cl\/wp-content\/plugins\/revslider\/sr6\/assets\/assets\/dummy.png\" alt=\"\" title=\"Galer\u00eda\" class=\"rev-slidebg tp-rs-img rs-lazyload\" data-lazyload=\"\/\/www.memoriaestadionacional.cl\/wp-content\/uploads\/2024\/07\/Copia-de-IMG_7435.jpg\" data-no-retina>\n<!---->\t\t\t\t\t<\/rs-slide>\n\t\t\t\t\t\t<rs-slide style=\"position: absolute;\" data-key=\"rs-416\" data-title=\"Slide\" data-thumb=\"\/\/www.memoriaestadionacional.cl\/wp-content\/uploads\/2024\/07\/Copia-de-IMG_7442-50x100.jpg\" data-in=\"o:0;\" data-out=\"a:false;\">\n\t\t\t\t\t\t\t<img decoding=\"async\" src=\"\/\/www.memoriaestadionacional.cl\/wp-content\/plugins\/revslider\/sr6\/assets\/assets\/dummy.png\" alt=\"\" title=\"Galer\u00eda\" class=\"rev-slidebg tp-rs-img rs-lazyload\" data-lazyload=\"\/\/www.memoriaestadionacional.cl\/wp-content\/uploads\/2024\/07\/Copia-de-IMG_7442.jpg\" data-no-retina>\n<!---->\t\t\t\t\t<\/rs-slide>\n\t\t\t\t\t\t<rs-slide style=\"position: absolute;\" data-key=\"rs-417\" data-title=\"Slide\" data-thumb=\"\/\/www.memoriaestadionacional.cl\/wp-content\/uploads\/2024\/07\/Copia-de-IMG_7444-50x100.jpg\" data-in=\"o:0;\" data-out=\"a:false;\">\n\t\t\t\t\t\t\t<img decoding=\"async\" src=\"\/\/www.memoriaestadionacional.cl\/wp-content\/plugins\/revslider\/sr6\/assets\/assets\/dummy.png\" alt=\"\" title=\"Galer\u00eda\" class=\"rev-slidebg tp-rs-img rs-lazyload\" data-lazyload=\"\/\/www.memoriaestadionacional.cl\/wp-content\/uploads\/2024\/07\/Copia-de-IMG_7444.jpg\" data-no-retina>\n<!---->\t\t\t\t\t<\/rs-slide>\n\t\t\t\t\t\t<rs-slide style=\"position: absolute;\" data-key=\"rs-418\" data-title=\"Slide\" data-thumb=\"\/\/www.memoriaestadionacional.cl\/wp-content\/uploads\/2024\/07\/Copia-de-IMG_7447-50x100.jpg\" data-in=\"o:0;\" data-out=\"a:false;\">\n\t\t\t\t\t\t\t<img decoding=\"async\" src=\"\/\/www.memoriaestadionacional.cl\/wp-content\/plugins\/revslider\/sr6\/assets\/assets\/dummy.png\" alt=\"\" title=\"Galer\u00eda\" class=\"rev-slidebg tp-rs-img rs-lazyload\" data-lazyload=\"\/\/www.memoriaestadionacional.cl\/wp-content\/uploads\/2024\/07\/Copia-de-IMG_7447.jpg\" data-no-retina>\n<!---->\t\t\t\t\t<\/rs-slide>\n\t\t\t\t\t\t<rs-slide style=\"position: absolute;\" data-key=\"rs-419\" data-title=\"Slide\" data-thumb=\"\/\/www.memoriaestadionacional.cl\/wp-content\/uploads\/2024\/07\/Copia-de-IMG_7450-50x100.jpg\" data-in=\"o:0;\" data-out=\"a:false;\">\n\t\t\t\t\t\t\t<img decoding=\"async\" src=\"\/\/www.memoriaestadionacional.cl\/wp-content\/plugins\/revslider\/sr6\/assets\/assets\/dummy.png\" alt=\"\" title=\"Galer\u00eda\" class=\"rev-slidebg tp-rs-img rs-lazyload\" data-lazyload=\"\/\/www.memoriaestadionacional.cl\/wp-content\/uploads\/2024\/07\/Copia-de-IMG_7450.jpg\" data-no-retina>\n<!---->\t\t\t\t\t<\/rs-slide>\n\t\t\t\t\t\t<rs-slide style=\"position: absolute;\" data-key=\"rs-420\" data-title=\"Slide\" data-thumb=\"\/\/www.memoriaestadionacional.cl\/wp-content\/uploads\/2024\/07\/IMG_3330-50x100.jpg\" data-in=\"o:0;\" data-out=\"a:false;\">\n\t\t\t\t\t\t\t<img decoding=\"async\" src=\"\/\/www.memoriaestadionacional.cl\/wp-content\/plugins\/revslider\/sr6\/assets\/assets\/dummy.png\" alt=\"\" title=\"Galer\u00eda\" class=\"rev-slidebg tp-rs-img rs-lazyload\" data-lazyload=\"\/\/www.memoriaestadionacional.cl\/wp-content\/uploads\/2024\/07\/IMG_3330.jpg\" data-no-retina>\n<!---->\t\t\t\t\t<\/rs-slide>\n\t\t\t\t\t\t<rs-slide style=\"position: absolute;\" data-key=\"rs-421\" data-title=\"Slide\" data-thumb=\"\/\/www.memoriaestadionacional.cl\/wp-content\/uploads\/2024\/07\/IMG_3336-50x100.jpg\" data-in=\"o:0;\" data-out=\"a:false;\">\n\t\t\t\t\t\t\t<img decoding=\"async\" src=\"\/\/www.memoriaestadionacional.cl\/wp-content\/plugins\/revslider\/sr6\/assets\/assets\/dummy.png\" alt=\"\" title=\"Galer\u00eda\" class=\"rev-slidebg tp-rs-img rs-lazyload\" data-lazyload=\"\/\/www.memoriaestadionacional.cl\/wp-content\/uploads\/2024\/07\/IMG_3336.jpg\" data-no-retina>\n<!---->\t\t\t\t\t<\/rs-slide>\n\t\t\t\t\t\t<rs-slide style=\"position: absolute;\" data-key=\"rs-422\" data-title=\"Slide\" data-thumb=\"\/\/www.memoriaestadionacional.cl\/wp-content\/uploads\/2024\/07\/IMG_3338-50x100.jpg\" data-in=\"o:0;\" data-out=\"a:false;\">\n\t\t\t\t\t\t\t<img decoding=\"async\" src=\"\/\/www.memoriaestadionacional.cl\/wp-content\/plugins\/revslider\/sr6\/assets\/assets\/dummy.png\" alt=\"\" title=\"Galer\u00eda\" class=\"rev-slidebg tp-rs-img rs-lazyload\" data-lazyload=\"\/\/www.memoriaestadionacional.cl\/wp-content\/uploads\/2024\/07\/IMG_3338.jpg\" data-no-retina>\n<!---->\t\t\t\t\t<\/rs-slide>\n\t\t\t\t\t\t<rs-slide style=\"position: absolute;\" data-key=\"rs-423\" data-title=\"Slide\" data-thumb=\"\/\/www.memoriaestadionacional.cl\/wp-content\/uploads\/2024\/07\/IMG_3339-50x100.jpg\" data-in=\"o:0;\" data-out=\"a:false;\">\n\t\t\t\t\t\t\t<img decoding=\"async\" src=\"\/\/www.memoriaestadionacional.cl\/wp-content\/plugins\/revslider\/sr6\/assets\/assets\/dummy.png\" alt=\"\" title=\"Galer\u00eda\" class=\"rev-slidebg tp-rs-img rs-lazyload\" data-lazyload=\"\/\/www.memoriaestadionacional.cl\/wp-content\/uploads\/2024\/07\/IMG_3339.jpg\" data-no-retina>\n<!---->\t\t\t\t\t<\/rs-slide>\n\t\t\t\t\t\t<rs-slide style=\"position: absolute;\" data-key=\"rs-424\" data-title=\"Slide\" data-thumb=\"\/\/www.memoriaestadionacional.cl\/wp-content\/uploads\/2024\/07\/IMG_3342-50x100.jpg\" data-in=\"o:0;\" data-out=\"a:false;\">\n\t\t\t\t\t\t\t<img decoding=\"async\" src=\"\/\/www.memoriaestadionacional.cl\/wp-content\/plugins\/revslider\/sr6\/assets\/assets\/dummy.png\" alt=\"\" title=\"Galer\u00eda\" class=\"rev-slidebg tp-rs-img rs-lazyload\" data-lazyload=\"\/\/www.memoriaestadionacional.cl\/wp-content\/uploads\/2024\/07\/IMG_3342.jpg\" data-no-retina>\n<!---->\t\t\t\t\t<\/rs-slide>\n\t\t\t\t\t\t<rs-slide style=\"position: absolute;\" data-key=\"rs-425\" data-title=\"Slide\" data-thumb=\"\/\/www.memoriaestadionacional.cl\/wp-content\/uploads\/2024\/07\/IMG_3345-50x100.jpg\" data-in=\"o:0;\" data-out=\"a:false;\">\n\t\t\t\t\t\t\t<img decoding=\"async\" src=\"\/\/www.memoriaestadionacional.cl\/wp-content\/plugins\/revslider\/sr6\/assets\/assets\/dummy.png\" alt=\"\" title=\"Galer\u00eda\" class=\"rev-slidebg tp-rs-img rs-lazyload\" data-lazyload=\"\/\/www.memoriaestadionacional.cl\/wp-content\/uploads\/2024\/07\/IMG_3345.jpg\" data-no-retina>\n<!---->\t\t\t\t\t<\/rs-slide>\n\t\t\t\t\t\t<rs-slide style=\"position: absolute;\" data-key=\"rs-426\" data-title=\"Slide\" data-thumb=\"\/\/www.memoriaestadionacional.cl\/wp-content\/uploads\/2024\/07\/IMG_3347-50x100.jpg\" data-in=\"o:0;\" data-out=\"a:false;\">\n\t\t\t\t\t\t\t<img decoding=\"async\" src=\"\/\/www.memoriaestadionacional.cl\/wp-content\/plugins\/revslider\/sr6\/assets\/assets\/dummy.png\" alt=\"\" title=\"Galer\u00eda\" class=\"rev-slidebg tp-rs-img rs-lazyload\" data-lazyload=\"\/\/www.memoriaestadionacional.cl\/wp-content\/uploads\/2024\/07\/IMG_3347.jpg\" data-no-retina>\n<!---->\t\t\t\t\t<\/rs-slide>\n\t\t\t\t\t\t<rs-slide style=\"position: absolute;\" data-key=\"rs-427\" data-title=\"Slide\" data-thumb=\"\/\/www.memoriaestadionacional.cl\/wp-content\/uploads\/2024\/07\/IMG_3355-50x100.jpg\" data-in=\"o:0;\" data-out=\"a:false;\">\n\t\t\t\t\t\t\t<img decoding=\"async\" src=\"\/\/www.memoriaestadionacional.cl\/wp-content\/plugins\/revslider\/sr6\/assets\/assets\/dummy.png\" alt=\"\" title=\"Galer\u00eda\" class=\"rev-slidebg tp-rs-img rs-lazyload\" data-lazyload=\"\/\/www.memoriaestadionacional.cl\/wp-content\/uploads\/2024\/07\/IMG_3355.jpg\" data-no-retina>\n<!---->\t\t\t\t\t<\/rs-slide>\n\t\t\t\t\t\t<rs-slide style=\"position: absolute;\" data-key=\"rs-428\" data-title=\"Slide\" data-thumb=\"\/\/www.memoriaestadionacional.cl\/wp-content\/uploads\/2024\/07\/IMG_3356-50x100.jpg\" data-in=\"o:0;\" data-out=\"a:false;\">\n\t\t\t\t\t\t\t<img decoding=\"async\" src=\"\/\/www.memoriaestadionacional.cl\/wp-content\/plugins\/revslider\/sr6\/assets\/assets\/dummy.png\" alt=\"\" title=\"Galer\u00eda\" class=\"rev-slidebg tp-rs-img rs-lazyload\" data-lazyload=\"\/\/www.memoriaestadionacional.cl\/wp-content\/uploads\/2024\/07\/IMG_3356.jpg\" data-no-retina>\n<!---->\t\t\t\t\t<\/rs-slide>\n\t\t\t\t\t\t<rs-slide style=\"position: absolute;\" data-key=\"rs-429\" data-title=\"Slide\" data-thumb=\"\/\/www.memoriaestadionacional.cl\/wp-content\/uploads\/2024\/07\/IMG_3358-50x100.jpg\" data-in=\"o:0;\" data-out=\"a:false;\">\n\t\t\t\t\t\t\t<img decoding=\"async\" src=\"\/\/www.memoriaestadionacional.cl\/wp-content\/plugins\/revslider\/sr6\/assets\/assets\/dummy.png\" alt=\"\" title=\"Galer\u00eda\" class=\"rev-slidebg tp-rs-img rs-lazyload\" data-lazyload=\"\/\/www.memoriaestadionacional.cl\/wp-content\/uploads\/2024\/07\/IMG_3358.jpg\" data-no-retina>\n<!---->\t\t\t\t\t<\/rs-slide>\n\t\t\t\t\t\t<rs-slide style=\"position: absolute;\" data-key=\"rs-430\" data-title=\"Slide\" data-thumb=\"\/\/www.memoriaestadionacional.cl\/wp-content\/uploads\/2024\/07\/IMG_3359-50x100.jpg\" data-in=\"o:0;\" data-out=\"a:false;\">\n\t\t\t\t\t\t\t<img decoding=\"async\" src=\"\/\/www.memoriaestadionacional.cl\/wp-content\/plugins\/revslider\/sr6\/assets\/assets\/dummy.png\" alt=\"\" title=\"Galer\u00eda\" class=\"rev-slidebg tp-rs-img rs-lazyload\" data-lazyload=\"\/\/www.memoriaestadionacional.cl\/wp-content\/uploads\/2024\/07\/IMG_3359.jpg\" data-no-retina>\n<!---->\t\t\t\t\t<\/rs-slide>\n\t\t\t\t\t\t<rs-slide style=\"position: absolute;\" data-key=\"rs-431\" data-title=\"Slide\" data-thumb=\"\/\/www.memoriaestadionacional.cl\/wp-content\/uploads\/2024\/07\/IMG_3361-50x100.jpg\" data-in=\"o:0;\" data-out=\"a:false;\">\n\t\t\t\t\t\t\t<img decoding=\"async\" src=\"\/\/www.memoriaestadionacional.cl\/wp-content\/plugins\/revslider\/sr6\/assets\/assets\/dummy.png\" alt=\"\" title=\"Galer\u00eda\" class=\"rev-slidebg tp-rs-img rs-lazyload\" data-lazyload=\"\/\/www.memoriaestadionacional.cl\/wp-content\/uploads\/2024\/07\/IMG_3361.jpg\" data-no-retina>\n<!---->\t\t\t\t\t<\/rs-slide>\n\t\t\t\t\t\t<rs-slide style=\"position: absolute;\" data-key=\"rs-432\" data-title=\"Slide\" data-thumb=\"\/\/www.memoriaestadionacional.cl\/wp-content\/uploads\/2024\/07\/IMG_3374-50x100.jpg\" data-in=\"o:0;\" data-out=\"a:false;\">\n\t\t\t\t\t\t\t<img decoding=\"async\" src=\"\/\/www.memoriaestadionacional.cl\/wp-content\/plugins\/revslider\/sr6\/assets\/assets\/dummy.png\" alt=\"\" title=\"Galer\u00eda\" class=\"rev-slidebg tp-rs-img rs-lazyload\" data-lazyload=\"\/\/www.memoriaestadionacional.cl\/wp-content\/uploads\/2024\/07\/IMG_3374.jpg\" data-no-retina>\n<!---->\t\t\t\t\t<\/rs-slide>\n\t\t\t\t\t<\/rs-slides>\n\t\t\t\t<\/rs-module>\n\t\t\t\t<script>\n\t\t\t\t\tsetREVStartSize({c: 'rev_slider_49_23',rl:[1240,1024,778,480],el:[900],gw:[1240],gh:[900],type:'carousel',justify:'',layout:'fullwidth',mh:\"0\"});if (window.RS_MODULES!==undefined && window.RS_MODULES.modules!==undefined && window.RS_MODULES.modules[\"revslider4923\"]!==undefined) {window.RS_MODULES.modules[\"revslider4923\"].once = false;window.revapi49 = undefined;if (window.RS_MODULES.checkMinimal!==undefined) window.RS_MODULES.checkMinimal()}\n\t\t\t\t<\/script>\n\t\t\t<\/rs-module-wrap>\n\t\t\t<!-- END REVOLUTION SLIDER -->\n<\/div><\/div><\/div><\/div><\/div><div class=\"vc-row-container row-stretch\"><div data-vc-full-width=\"true\"  data-vc-full-width-init=\"false\" class=\"vc_row wpb_row vc_row-fluid\"><div class=\"wpb_column vc_column_container vc_col-sm-12\"><div class=\"vc_column-inner\"><div class=\"wpb_wrapper\"><div class=\"vc_empty_space\"   style=\"height: 50px\"><span class=\"vc_empty_space_inner\"><\/span><\/div><\/div><\/div><\/div><\/div><\/div><div class=\"vc-row-container row-stretch\"><div data-vc-full-width=\"true\"  data-vc-full-width-init=\"false\" class=\"vc_row wpb_row vc_row-fluid\"><div class=\"wpb_column vc_column_container vc_col-sm-12\"><div class=\"vc_column-inner\"><div class=\"wpb_wrapper\">\n\t<div class=\"wpb_text_column wpb_content_element wpb_animate_when_almost_visible wpb_fadeIn fadeIn\" >\n\t\t<div class=\"wpb_wrapper\">\n\t\t\t<h5 style=\"text-align: center;\"><span style=\"color: #e79e47;\">[<\/span>GALER\u00cdA<span style=\"color: #e79e47;\">]<\/span><\/h5>\n\n\t\t<\/div>\n\t<\/div>\n<h1 style=\"text-align: center\" class=\"vc_custom_heading vc_do_custom_heading wpb_animate_when_almost_visible wpb_fadeIn fadeIn\" >Recorridos de la Memoria Junio 2024<\/h1><div class=\"vc_separator wpb_content_element vc_separator_align_center vc_sep_width_10 vc_sep_border_width_5 vc_sep_pos_align_center vc_separator_no_text wpb_content_element  wpb_content_element wpb_animate_when_almost_visible wpb_fadeIn fadeIn wpb_animate_when_almost_visible wpb_fadeIn fadeIn\" ><span class=\"vc_sep_holder vc_sep_holder_l\"><span style=\"border-color:#e79e47;\" class=\"vc_sep_line\"><\/span><\/span><span class=\"vc_sep_holder vc_sep_holder_r\"><span style=\"border-color:#e79e47;\" class=\"vc_sep_line\"><\/span><\/span>\n<\/div><div class=\"vc_empty_space\"   style=\"height: 32px\"><span class=\"vc_empty_space_inner\"><\/span><\/div>\n\t\t\t<!-- START Recorridos de la Memoria Junio REVOLUTION SLIDER 6.7.41 --><p class=\"rs-p-wp-fix\"><\/p>\n\t\t\t<rs-module-wrap id=\"rev_slider_51_24_wrapper\" data-source=\"gallery\" style=\"visibility:hidden;background:transparent;padding:0;margin:0px auto;margin-top:0;margin-bottom:0;\">\n\t\t\t\t<rs-module id=\"rev_slider_51_24\" style=\"\" data-version=\"6.7.41\">\n\t\t\t\t\t<rs-slides style=\"overflow: hidden; position: absolute;\">\n\t\t\t\t\t\t<rs-slide style=\"position: absolute;\" data-key=\"rs-460\" data-title=\"Slide\" data-thumb=\"\/\/www.memoriaestadionacional.cl\/wp-content\/uploads\/2024\/07\/2fffc668-d7ef-45e8-93d3-e7694b332311-50x100.jpg\" data-in=\"o:0;\" data-out=\"a:false;\">\n\t\t\t\t\t\t\t<img decoding=\"async\" src=\"\/\/www.memoriaestadionacional.cl\/wp-content\/plugins\/revslider\/sr6\/assets\/assets\/dummy.png\" alt=\"\" title=\"Galer\u00eda\" class=\"rev-slidebg tp-rs-img rs-lazyload\" data-lazyload=\"\/\/www.memoriaestadionacional.cl\/wp-content\/uploads\/2024\/07\/2fffc668-d7ef-45e8-93d3-e7694b332311.jpg\" data-no-retina>\n<!---->\t\t\t\t\t<\/rs-slide>\n\t\t\t\t\t\t<rs-slide style=\"position: absolute;\" data-key=\"rs-461\" data-title=\"Slide\" data-thumb=\"\/\/www.memoriaestadionacional.cl\/wp-content\/uploads\/2024\/07\/5e14a68c-8a35-441b-92e7-64960370dd14-50x100.jpg\" data-in=\"o:0;\" data-out=\"a:false;\">\n\t\t\t\t\t\t\t<img decoding=\"async\" src=\"\/\/www.memoriaestadionacional.cl\/wp-content\/plugins\/revslider\/sr6\/assets\/assets\/dummy.png\" alt=\"\" title=\"Galer\u00eda\" class=\"rev-slidebg tp-rs-img rs-lazyload\" data-lazyload=\"\/\/www.memoriaestadionacional.cl\/wp-content\/uploads\/2024\/07\/5e14a68c-8a35-441b-92e7-64960370dd14.jpg\" data-no-retina>\n<!---->\t\t\t\t\t<\/rs-slide>\n\t\t\t\t\t\t<rs-slide style=\"position: absolute;\" data-key=\"rs-462\" data-title=\"Slide\" data-in=\"o:0;\" data-out=\"a:false;\">\n\t\t\t\t\t\t\t<img decoding=\"async\" src=\"\/\/www.memoriaestadionacional.cl\/wp-content\/plugins\/revslider\/sr6\/assets\/assets\/dummy.png\" alt=\"\" title=\"Galer\u00eda\" class=\"rev-slidebg tp-rs-img rs-lazyload\" data-lazyload=\"\/\/www.memoriaestadionacional.cl\/wp-content\/uploads\/2024\/07\/41ff3233-0beb-44af-8d14-a926e1e27038.mp4\" data-no-retina>\n<!---->\t\t\t\t\t<\/rs-slide>\n\t\t\t\t\t\t<rs-slide style=\"position: absolute;\" data-key=\"rs-463\" data-title=\"Slide\" data-thumb=\"\/\/www.memoriaestadionacional.cl\/wp-content\/uploads\/2024\/07\/73fd635b-f33f-4b48-974f-af62279bdd72-50x100.jpg\" data-in=\"o:0;\" data-out=\"a:false;\">\n\t\t\t\t\t\t\t<img decoding=\"async\" src=\"\/\/www.memoriaestadionacional.cl\/wp-content\/plugins\/revslider\/sr6\/assets\/assets\/dummy.png\" alt=\"\" title=\"Galer\u00eda\" class=\"rev-slidebg tp-rs-img rs-lazyload\" data-lazyload=\"\/\/www.memoriaestadionacional.cl\/wp-content\/uploads\/2024\/07\/73fd635b-f33f-4b48-974f-af62279bdd72.jpg\" data-no-retina>\n<!---->\t\t\t\t\t<\/rs-slide>\n\t\t\t\t\t\t<rs-slide style=\"position: absolute;\" data-key=\"rs-464\" data-title=\"Slide\" data-thumb=\"\/\/www.memoriaestadionacional.cl\/wp-content\/uploads\/2024\/07\/6604b217-d8a8-4b98-a9a6-b1fb338905fe-50x100.jpg\" data-in=\"o:0;\" data-out=\"a:false;\">\n\t\t\t\t\t\t\t<img decoding=\"async\" src=\"\/\/www.memoriaestadionacional.cl\/wp-content\/plugins\/revslider\/sr6\/assets\/assets\/dummy.png\" alt=\"\" title=\"Galer\u00eda\" class=\"rev-slidebg tp-rs-img rs-lazyload\" data-lazyload=\"\/\/www.memoriaestadionacional.cl\/wp-content\/uploads\/2024\/07\/6604b217-d8a8-4b98-a9a6-b1fb338905fe.jpg\" data-no-retina>\n<!---->\t\t\t\t\t<\/rs-slide>\n\t\t\t\t\t\t<rs-slide style=\"position: absolute;\" data-key=\"rs-465\" data-title=\"Slide\" data-thumb=\"\/\/www.memoriaestadionacional.cl\/wp-content\/uploads\/2024\/07\/61628242-e9b3-4817-b9e4-48ad97cf5743-50x100.jpg\" data-in=\"o:0;\" data-out=\"a:false;\">\n\t\t\t\t\t\t\t<img decoding=\"async\" src=\"\/\/www.memoriaestadionacional.cl\/wp-content\/plugins\/revslider\/sr6\/assets\/assets\/dummy.png\" alt=\"\" title=\"Galer\u00eda\" class=\"rev-slidebg tp-rs-img rs-lazyload\" data-lazyload=\"\/\/www.memoriaestadionacional.cl\/wp-content\/uploads\/2024\/07\/61628242-e9b3-4817-b9e4-48ad97cf5743.jpg\" data-no-retina>\n<!---->\t\t\t\t\t<\/rs-slide>\n\t\t\t\t\t\t<rs-slide style=\"position: absolute;\" data-key=\"rs-466\" data-title=\"Slide\" data-thumb=\"\/\/www.memoriaestadionacional.cl\/wp-content\/uploads\/2024\/07\/a99836b6-c539-49f7-877b-82127640b5e0-50x100.jpg\" data-in=\"o:0;\" data-out=\"a:false;\">\n\t\t\t\t\t\t\t<img decoding=\"async\" src=\"\/\/www.memoriaestadionacional.cl\/wp-content\/plugins\/revslider\/sr6\/assets\/assets\/dummy.png\" alt=\"\" title=\"Galer\u00eda\" class=\"rev-slidebg tp-rs-img rs-lazyload\" data-lazyload=\"\/\/www.memoriaestadionacional.cl\/wp-content\/uploads\/2024\/07\/a99836b6-c539-49f7-877b-82127640b5e0.jpg\" data-no-retina>\n<!---->\t\t\t\t\t<\/rs-slide>\n\t\t\t\t\t\t<rs-slide style=\"position: absolute;\" data-key=\"rs-467\" data-title=\"Slide\" data-thumb=\"\/\/www.memoriaestadionacional.cl\/wp-content\/uploads\/2024\/07\/bafc3acf-8178-439a-aa8f-1b3965f06a2a-50x100.jpg\" data-in=\"o:0;\" data-out=\"a:false;\">\n\t\t\t\t\t\t\t<img decoding=\"async\" src=\"\/\/www.memoriaestadionacional.cl\/wp-content\/plugins\/revslider\/sr6\/assets\/assets\/dummy.png\" alt=\"\" title=\"Galer\u00eda\" class=\"rev-slidebg tp-rs-img rs-lazyload\" data-lazyload=\"\/\/www.memoriaestadionacional.cl\/wp-content\/uploads\/2024\/07\/bafc3acf-8178-439a-aa8f-1b3965f06a2a.jpg\" data-no-retina>\n<!---->\t\t\t\t\t<\/rs-slide>\n\t\t\t\t\t\t<rs-slide style=\"position: absolute;\" data-key=\"rs-468\" data-title=\"Slide\" data-thumb=\"\/\/www.memoriaestadionacional.cl\/wp-content\/uploads\/2024\/07\/IMG_3454-50x100.jpg\" data-in=\"o:0;\" data-out=\"a:false;\">\n\t\t\t\t\t\t\t<img decoding=\"async\" src=\"\/\/www.memoriaestadionacional.cl\/wp-content\/plugins\/revslider\/sr6\/assets\/assets\/dummy.png\" alt=\"\" title=\"Galer\u00eda\" class=\"rev-slidebg tp-rs-img rs-lazyload\" data-lazyload=\"\/\/www.memoriaestadionacional.cl\/wp-content\/uploads\/2024\/07\/IMG_3454.jpg\" data-no-retina>\n<!---->\t\t\t\t\t<\/rs-slide>\n\t\t\t\t\t\t<rs-slide style=\"position: absolute;\" data-key=\"rs-469\" data-title=\"Slide\" data-thumb=\"\/\/www.memoriaestadionacional.cl\/wp-content\/uploads\/2024\/07\/IMG_3455-50x100.jpg\" data-in=\"o:0;\" data-out=\"a:false;\">\n\t\t\t\t\t\t\t<img decoding=\"async\" src=\"\/\/www.memoriaestadionacional.cl\/wp-content\/plugins\/revslider\/sr6\/assets\/assets\/dummy.png\" alt=\"\" title=\"Galer\u00eda\" class=\"rev-slidebg tp-rs-img rs-lazyload\" data-lazyload=\"\/\/www.memoriaestadionacional.cl\/wp-content\/uploads\/2024\/07\/IMG_3455.jpg\" data-no-retina>\n<!---->\t\t\t\t\t<\/rs-slide>\n\t\t\t\t\t\t<rs-slide style=\"position: absolute;\" data-key=\"rs-470\" data-title=\"Slide\" data-thumb=\"\/\/www.memoriaestadionacional.cl\/wp-content\/uploads\/2024\/07\/IMG_3456-50x100.jpg\" data-in=\"o:0;\" data-out=\"a:false;\">\n\t\t\t\t\t\t\t<img decoding=\"async\" src=\"\/\/www.memoriaestadionacional.cl\/wp-content\/plugins\/revslider\/sr6\/assets\/assets\/dummy.png\" alt=\"\" title=\"Galer\u00eda\" class=\"rev-slidebg tp-rs-img rs-lazyload\" data-lazyload=\"\/\/www.memoriaestadionacional.cl\/wp-content\/uploads\/2024\/07\/IMG_3456.jpg\" data-no-retina>\n<!---->\t\t\t\t\t<\/rs-slide>\n\t\t\t\t\t\t<rs-slide style=\"position: absolute;\" data-key=\"rs-471\" data-title=\"Slide\" data-thumb=\"\/\/www.memoriaestadionacional.cl\/wp-content\/uploads\/2024\/07\/IMG_3457-50x100.jpg\" data-in=\"o:0;\" data-out=\"a:false;\">\n\t\t\t\t\t\t\t<img decoding=\"async\" src=\"\/\/www.memoriaestadionacional.cl\/wp-content\/plugins\/revslider\/sr6\/assets\/assets\/dummy.png\" alt=\"\" title=\"Galer\u00eda\" class=\"rev-slidebg tp-rs-img rs-lazyload\" data-lazyload=\"\/\/www.memoriaestadionacional.cl\/wp-content\/uploads\/2024\/07\/IMG_3457.jpg\" data-no-retina>\n<!---->\t\t\t\t\t<\/rs-slide>\n\t\t\t\t\t\t<rs-slide style=\"position: absolute;\" data-key=\"rs-472\" data-title=\"Slide\" data-thumb=\"\/\/www.memoriaestadionacional.cl\/wp-content\/uploads\/2024\/07\/IMG_3458-50x100.jpg\" data-in=\"o:0;\" data-out=\"a:false;\">\n\t\t\t\t\t\t\t<img decoding=\"async\" src=\"\/\/www.memoriaestadionacional.cl\/wp-content\/plugins\/revslider\/sr6\/assets\/assets\/dummy.png\" alt=\"\" title=\"Galer\u00eda\" class=\"rev-slidebg tp-rs-img rs-lazyload\" data-lazyload=\"\/\/www.memoriaestadionacional.cl\/wp-content\/uploads\/2024\/07\/IMG_3458.jpg\" data-no-retina>\n<!---->\t\t\t\t\t<\/rs-slide>\n\t\t\t\t\t\t<rs-slide style=\"position: absolute;\" data-key=\"rs-473\" data-title=\"Slide\" data-thumb=\"\/\/www.memoriaestadionacional.cl\/wp-content\/uploads\/2024\/07\/IMG_3459-50x100.jpg\" data-in=\"o:0;\" data-out=\"a:false;\">\n\t\t\t\t\t\t\t<img decoding=\"async\" src=\"\/\/www.memoriaestadionacional.cl\/wp-content\/plugins\/revslider\/sr6\/assets\/assets\/dummy.png\" alt=\"\" title=\"Galer\u00eda\" class=\"rev-slidebg tp-rs-img rs-lazyload\" data-lazyload=\"\/\/www.memoriaestadionacional.cl\/wp-content\/uploads\/2024\/07\/IMG_3459.jpg\" data-no-retina>\n<!---->\t\t\t\t\t<\/rs-slide>\n\t\t\t\t\t\t<rs-slide style=\"position: absolute;\" data-key=\"rs-474\" data-title=\"Slide\" data-thumb=\"\/\/www.memoriaestadionacional.cl\/wp-content\/uploads\/2024\/07\/IMG_3460-50x100.jpg\" data-in=\"o:0;\" data-out=\"a:false;\">\n\t\t\t\t\t\t\t<img decoding=\"async\" src=\"\/\/www.memoriaestadionacional.cl\/wp-content\/plugins\/revslider\/sr6\/assets\/assets\/dummy.png\" alt=\"\" title=\"Galer\u00eda\" class=\"rev-slidebg tp-rs-img rs-lazyload\" data-lazyload=\"\/\/www.memoriaestadionacional.cl\/wp-content\/uploads\/2024\/07\/IMG_3460.jpg\" data-no-retina>\n<!---->\t\t\t\t\t<\/rs-slide>\n\t\t\t\t\t\t<rs-slide style=\"position: absolute;\" data-key=\"rs-475\" data-title=\"Slide\" data-thumb=\"\/\/www.memoriaestadionacional.cl\/wp-content\/uploads\/2024\/07\/IMG_3461-50x100.jpg\" data-in=\"o:0;\" data-out=\"a:false;\">\n\t\t\t\t\t\t\t<img decoding=\"async\" src=\"\/\/www.memoriaestadionacional.cl\/wp-content\/plugins\/revslider\/sr6\/assets\/assets\/dummy.png\" alt=\"\" title=\"Galer\u00eda\" class=\"rev-slidebg tp-rs-img rs-lazyload\" data-lazyload=\"\/\/www.memoriaestadionacional.cl\/wp-content\/uploads\/2024\/07\/IMG_3461.jpg\" data-no-retina>\n<!---->\t\t\t\t\t<\/rs-slide>\n\t\t\t\t\t\t<rs-slide style=\"position: absolute;\" data-key=\"rs-476\" data-title=\"Slide\" data-thumb=\"\/\/www.memoriaestadionacional.cl\/wp-content\/uploads\/2024\/07\/IMG_3462-50x100.jpg\" data-in=\"o:0;\" data-out=\"a:false;\">\n\t\t\t\t\t\t\t<img decoding=\"async\" src=\"\/\/www.memoriaestadionacional.cl\/wp-content\/plugins\/revslider\/sr6\/assets\/assets\/dummy.png\" alt=\"\" title=\"Galer\u00eda\" class=\"rev-slidebg tp-rs-img rs-lazyload\" data-lazyload=\"\/\/www.memoriaestadionacional.cl\/wp-content\/uploads\/2024\/07\/IMG_3462.jpg\" data-no-retina>\n<!---->\t\t\t\t\t<\/rs-slide>\n\t\t\t\t\t\t<rs-slide style=\"position: absolute;\" data-key=\"rs-477\" data-title=\"Slide\" data-thumb=\"\/\/www.memoriaestadionacional.cl\/wp-content\/uploads\/2024\/07\/IMG_3463-50x100.jpg\" data-in=\"o:0;\" data-out=\"a:false;\">\n\t\t\t\t\t\t\t<img decoding=\"async\" src=\"\/\/www.memoriaestadionacional.cl\/wp-content\/plugins\/revslider\/sr6\/assets\/assets\/dummy.png\" alt=\"\" title=\"Galer\u00eda\" class=\"rev-slidebg tp-rs-img rs-lazyload\" data-lazyload=\"\/\/www.memoriaestadionacional.cl\/wp-content\/uploads\/2024\/07\/IMG_3463.jpg\" data-no-retina>\n<!---->\t\t\t\t\t<\/rs-slide>\n\t\t\t\t\t<\/rs-slides>\n\t\t\t\t<\/rs-module>\n\t\t\t\t<script>\n\t\t\t\t\tsetREVStartSize({c: 'rev_slider_51_24',rl:[1240,1024,778,480],el:[900],gw:[1240],gh:[900],type:'carousel',justify:'',layout:'fullwidth',mh:\"0\"});if (window.RS_MODULES!==undefined && window.RS_MODULES.modules!==undefined && window.RS_MODULES.modules[\"revslider5124\"]!==undefined) {window.RS_MODULES.modules[\"revslider5124\"].once = false;window.revapi51 = undefined;if (window.RS_MODULES.checkMinimal!==undefined) window.RS_MODULES.checkMinimal()}\n\t\t\t\t<\/script>\n\t\t\t<\/rs-module-wrap>\n\t\t\t<!-- END REVOLUTION SLIDER -->\n<\/div><\/div><\/div><\/div><\/div><div class=\"vc-row-container row-stretch\"><div data-vc-full-width=\"true\"  data-vc-full-width-init=\"false\" class=\"vc_row wpb_row vc_row-fluid\"><div class=\"wpb_column vc_column_container vc_col-sm-12\"><div class=\"vc_column-inner\"><div class=\"wpb_wrapper\"><div class=\"vc_empty_space\"   style=\"height: 50px\"><span class=\"vc_empty_space_inner\"><\/span><\/div><\/div><\/div><\/div><\/div><\/div><div class=\"vc-row-container row-stretch\"><div data-vc-full-width=\"true\"  data-vc-full-width-init=\"false\" class=\"vc_row wpb_row vc_row-fluid\"><div class=\"wpb_column vc_column_container vc_col-sm-12\"><div class=\"vc_column-inner\"><div class=\"wpb_wrapper\">\n\t<div class=\"wpb_text_column wpb_content_element wpb_animate_when_almost_visible wpb_fadeIn fadeIn\" >\n\t\t<div class=\"wpb_wrapper\">\n\t\t\t<h5 style=\"text-align: center;\"><span style=\"color: #e79e47;\">[<\/span>GALER\u00cdA<span style=\"color: #e79e47;\">]<\/span><\/h5>\n\n\t\t<\/div>\n\t<\/div>\n<h1 style=\"text-align: center\" class=\"vc_custom_heading vc_do_custom_heading wpb_animate_when_almost_visible wpb_fadeIn fadeIn\" >La Casa Granada\" en Camar\u00edn de Mujeres<\/h1><div class=\"vc_separator wpb_content_element vc_separator_align_center vc_sep_width_10 vc_sep_border_width_5 vc_sep_pos_align_center vc_separator_no_text wpb_content_element  wpb_content_element wpb_animate_when_almost_visible wpb_fadeIn fadeIn wpb_animate_when_almost_visible wpb_fadeIn fadeIn\" ><span class=\"vc_sep_holder vc_sep_holder_l\"><span style=\"border-color:#e79e47;\" class=\"vc_sep_line\"><\/span><\/span><span class=\"vc_sep_holder vc_sep_holder_r\"><span style=\"border-color:#e79e47;\" class=\"vc_sep_line\"><\/span><\/span>\n<\/div><div class=\"vc_empty_space\"   style=\"height: 32px\"><span class=\"vc_empty_space_inner\"><\/span><\/div>\n\t\t\t<!-- START La Casa Granada REVOLUTION SLIDER 6.7.41 --><p class=\"rs-p-wp-fix\"><\/p>\n\t\t\t<rs-module-wrap id=\"rev_slider_50_25_wrapper\" data-source=\"gallery\" style=\"visibility:hidden;background:transparent;padding:0;margin:0px auto;margin-top:0;margin-bottom:0;\">\n\t\t\t\t<rs-module id=\"rev_slider_50_25\" style=\"\" data-version=\"6.7.41\">\n\t\t\t\t\t<rs-slides style=\"overflow: hidden; position: absolute;\">\n\t\t\t\t\t\t<rs-slide style=\"position: absolute;\" data-key=\"rs-434\" data-title=\"Slide\" data-thumb=\"\/\/www.memoriaestadionacional.cl\/wp-content\/uploads\/2024\/07\/Copia-de-DSC09609-50x100.jpg\" data-in=\"o:0;\" data-out=\"a:false;\">\n\t\t\t\t\t\t\t<img decoding=\"async\" src=\"\/\/www.memoriaestadionacional.cl\/wp-content\/plugins\/revslider\/sr6\/assets\/assets\/dummy.png\" alt=\"\" title=\"Galer\u00eda\" class=\"rev-slidebg tp-rs-img rs-lazyload\" data-lazyload=\"\/\/www.memoriaestadionacional.cl\/wp-content\/uploads\/2024\/07\/Copia-de-DSC09609.jpg\" data-no-retina>\n<!---->\t\t\t\t\t<\/rs-slide>\n\t\t\t\t\t\t<rs-slide style=\"position: absolute;\" data-key=\"rs-435\" data-title=\"Slide\" data-thumb=\"\/\/www.memoriaestadionacional.cl\/wp-content\/uploads\/2024\/07\/Copia-de-DSC09614-50x100.jpg\" data-in=\"o:0;\" data-out=\"a:false;\">\n\t\t\t\t\t\t\t<img decoding=\"async\" src=\"\/\/www.memoriaestadionacional.cl\/wp-content\/plugins\/revslider\/sr6\/assets\/assets\/dummy.png\" alt=\"\" title=\"Galer\u00eda\" class=\"rev-slidebg tp-rs-img rs-lazyload\" data-lazyload=\"\/\/www.memoriaestadionacional.cl\/wp-content\/uploads\/2024\/07\/Copia-de-DSC09614.jpg\" data-no-retina>\n<!---->\t\t\t\t\t<\/rs-slide>\n\t\t\t\t\t\t<rs-slide style=\"position: absolute;\" data-key=\"rs-436\" data-title=\"Slide\" data-thumb=\"\/\/www.memoriaestadionacional.cl\/wp-content\/uploads\/2024\/07\/Copia-de-DSC09627-50x100.jpg\" data-in=\"o:0;\" data-out=\"a:false;\">\n\t\t\t\t\t\t\t<img decoding=\"async\" src=\"\/\/www.memoriaestadionacional.cl\/wp-content\/plugins\/revslider\/sr6\/assets\/assets\/dummy.png\" alt=\"\" title=\"Galer\u00eda\" class=\"rev-slidebg tp-rs-img rs-lazyload\" data-lazyload=\"\/\/www.memoriaestadionacional.cl\/wp-content\/uploads\/2024\/07\/Copia-de-DSC09627.jpg\" data-no-retina>\n<!---->\t\t\t\t\t<\/rs-slide>\n\t\t\t\t\t\t<rs-slide style=\"position: absolute;\" data-key=\"rs-437\" data-title=\"Slide\" data-thumb=\"\/\/www.memoriaestadionacional.cl\/wp-content\/uploads\/2024\/07\/Copia-de-DSC09640-50x100.jpg\" data-in=\"o:0;\" data-out=\"a:false;\">\n\t\t\t\t\t\t\t<img decoding=\"async\" src=\"\/\/www.memoriaestadionacional.cl\/wp-content\/plugins\/revslider\/sr6\/assets\/assets\/dummy.png\" alt=\"\" title=\"Galer\u00eda\" class=\"rev-slidebg tp-rs-img rs-lazyload\" data-lazyload=\"\/\/www.memoriaestadionacional.cl\/wp-content\/uploads\/2024\/07\/Copia-de-DSC09640.jpg\" data-no-retina>\n<!---->\t\t\t\t\t<\/rs-slide>\n\t\t\t\t\t\t<rs-slide style=\"position: absolute;\" data-key=\"rs-438\" data-title=\"Slide\" data-thumb=\"\/\/www.memoriaestadionacional.cl\/wp-content\/uploads\/2024\/07\/Copia-de-DSC09641-50x100.jpg\" data-in=\"o:0;\" data-out=\"a:false;\">\n\t\t\t\t\t\t\t<img decoding=\"async\" src=\"\/\/www.memoriaestadionacional.cl\/wp-content\/plugins\/revslider\/sr6\/assets\/assets\/dummy.png\" alt=\"\" title=\"Galer\u00eda\" class=\"rev-slidebg tp-rs-img rs-lazyload\" data-lazyload=\"\/\/www.memoriaestadionacional.cl\/wp-content\/uploads\/2024\/07\/Copia-de-DSC09641.jpg\" data-no-retina>\n<!---->\t\t\t\t\t<\/rs-slide>\n\t\t\t\t\t\t<rs-slide style=\"position: absolute;\" data-key=\"rs-439\" data-title=\"Slide\" data-thumb=\"\/\/www.memoriaestadionacional.cl\/wp-content\/uploads\/2024\/07\/Copia-de-DSC09645-50x100.jpg\" data-in=\"o:0;\" data-out=\"a:false;\">\n\t\t\t\t\t\t\t<img decoding=\"async\" src=\"\/\/www.memoriaestadionacional.cl\/wp-content\/plugins\/revslider\/sr6\/assets\/assets\/dummy.png\" alt=\"\" title=\"Galer\u00eda\" class=\"rev-slidebg tp-rs-img rs-lazyload\" data-lazyload=\"\/\/www.memoriaestadionacional.cl\/wp-content\/uploads\/2024\/07\/Copia-de-DSC09645.jpg\" data-no-retina>\n<!---->\t\t\t\t\t<\/rs-slide>\n\t\t\t\t\t\t<rs-slide style=\"position: absolute;\" data-key=\"rs-440\" data-title=\"Slide\" data-thumb=\"\/\/www.memoriaestadionacional.cl\/wp-content\/uploads\/2024\/07\/Copia-de-DSC09647-50x100.jpg\" data-in=\"o:0;\" data-out=\"a:false;\">\n\t\t\t\t\t\t\t<img decoding=\"async\" src=\"\/\/www.memoriaestadionacional.cl\/wp-content\/plugins\/revslider\/sr6\/assets\/assets\/dummy.png\" alt=\"\" title=\"Galer\u00eda\" class=\"rev-slidebg tp-rs-img rs-lazyload\" data-lazyload=\"\/\/www.memoriaestadionacional.cl\/wp-content\/uploads\/2024\/07\/Copia-de-DSC09647.jpg\" data-no-retina>\n<!---->\t\t\t\t\t<\/rs-slide>\n\t\t\t\t\t\t<rs-slide style=\"position: absolute;\" data-key=\"rs-441\" data-title=\"Slide\" data-thumb=\"\/\/www.memoriaestadionacional.cl\/wp-content\/uploads\/2024\/07\/Copia-de-DSC09654-50x100.jpg\" data-in=\"o:0;\" data-out=\"a:false;\">\n\t\t\t\t\t\t\t<img decoding=\"async\" src=\"\/\/www.memoriaestadionacional.cl\/wp-content\/plugins\/revslider\/sr6\/assets\/assets\/dummy.png\" alt=\"\" title=\"Galer\u00eda\" class=\"rev-slidebg tp-rs-img rs-lazyload\" data-lazyload=\"\/\/www.memoriaestadionacional.cl\/wp-content\/uploads\/2024\/07\/Copia-de-DSC09654.jpg\" data-no-retina>\n<!---->\t\t\t\t\t<\/rs-slide>\n\t\t\t\t\t\t<rs-slide style=\"position: absolute;\" data-key=\"rs-442\" data-title=\"Slide\" data-thumb=\"\/\/www.memoriaestadionacional.cl\/wp-content\/uploads\/2024\/07\/Copia-de-DSC09657-50x100.jpg\" data-in=\"o:0;\" data-out=\"a:false;\">\n\t\t\t\t\t\t\t<img decoding=\"async\" src=\"\/\/www.memoriaestadionacional.cl\/wp-content\/plugins\/revslider\/sr6\/assets\/assets\/dummy.png\" alt=\"\" title=\"Galer\u00eda\" class=\"rev-slidebg tp-rs-img rs-lazyload\" data-lazyload=\"\/\/www.memoriaestadionacional.cl\/wp-content\/uploads\/2024\/07\/Copia-de-DSC09657.jpg\" data-no-retina>\n<!---->\t\t\t\t\t<\/rs-slide>\n\t\t\t\t\t\t<rs-slide style=\"position: absolute;\" data-key=\"rs-443\" data-title=\"Slide\" data-thumb=\"\/\/www.memoriaestadionacional.cl\/wp-content\/uploads\/2024\/07\/Copia-de-DSC09661-50x100.jpg\" data-in=\"o:0;\" data-out=\"a:false;\">\n\t\t\t\t\t\t\t<img decoding=\"async\" src=\"\/\/www.memoriaestadionacional.cl\/wp-content\/plugins\/revslider\/sr6\/assets\/assets\/dummy.png\" alt=\"\" title=\"Galer\u00eda\" class=\"rev-slidebg tp-rs-img rs-lazyload\" data-lazyload=\"\/\/www.memoriaestadionacional.cl\/wp-content\/uploads\/2024\/07\/Copia-de-DSC09661.jpg\" data-no-retina>\n<!---->\t\t\t\t\t<\/rs-slide>\n\t\t\t\t\t\t<rs-slide style=\"position: absolute;\" data-key=\"rs-444\" data-title=\"Slide\" data-thumb=\"\/\/www.memoriaestadionacional.cl\/wp-content\/uploads\/2024\/07\/Copia-de-DSC09672-50x100.jpg\" data-in=\"o:0;\" data-out=\"a:false;\">\n\t\t\t\t\t\t\t<img decoding=\"async\" src=\"\/\/www.memoriaestadionacional.cl\/wp-content\/plugins\/revslider\/sr6\/assets\/assets\/dummy.png\" alt=\"\" title=\"Galer\u00eda\" class=\"rev-slidebg tp-rs-img rs-lazyload\" data-lazyload=\"\/\/www.memoriaestadionacional.cl\/wp-content\/uploads\/2024\/07\/Copia-de-DSC09672.jpg\" data-no-retina>\n<!---->\t\t\t\t\t<\/rs-slide>\n\t\t\t\t\t\t<rs-slide style=\"position: absolute;\" data-key=\"rs-445\" data-title=\"Slide\" data-thumb=\"\/\/www.memoriaestadionacional.cl\/wp-content\/uploads\/2024\/07\/Copia-de-DSC09673-50x100.jpg\" data-in=\"o:0;\" data-out=\"a:false;\">\n\t\t\t\t\t\t\t<img decoding=\"async\" src=\"\/\/www.memoriaestadionacional.cl\/wp-content\/plugins\/revslider\/sr6\/assets\/assets\/dummy.png\" alt=\"\" title=\"Galer\u00eda\" class=\"rev-slidebg tp-rs-img rs-lazyload\" data-lazyload=\"\/\/www.memoriaestadionacional.cl\/wp-content\/uploads\/2024\/07\/Copia-de-DSC09673.jpg\" data-no-retina>\n<!---->\t\t\t\t\t<\/rs-slide>\n\t\t\t\t\t\t<rs-slide style=\"position: absolute;\" data-key=\"rs-446\" data-title=\"Slide\" data-thumb=\"\/\/www.memoriaestadionacional.cl\/wp-content\/uploads\/2024\/07\/Copia-de-DSC09677-50x100.jpg\" data-in=\"o:0;\" data-out=\"a:false;\">\n\t\t\t\t\t\t\t<img decoding=\"async\" src=\"\/\/www.memoriaestadionacional.cl\/wp-content\/plugins\/revslider\/sr6\/assets\/assets\/dummy.png\" alt=\"\" title=\"Galer\u00eda\" class=\"rev-slidebg tp-rs-img rs-lazyload\" data-lazyload=\"\/\/www.memoriaestadionacional.cl\/wp-content\/uploads\/2024\/07\/Copia-de-DSC09677.jpg\" data-no-retina>\n<!---->\t\t\t\t\t<\/rs-slide>\n\t\t\t\t\t\t<rs-slide style=\"position: absolute;\" data-key=\"rs-447\" data-title=\"Slide\" data-thumb=\"\/\/www.memoriaestadionacional.cl\/wp-content\/uploads\/2024\/07\/Copia-de-DSC09682-50x100.jpg\" data-in=\"o:0;\" data-out=\"a:false;\">\n\t\t\t\t\t\t\t<img decoding=\"async\" src=\"\/\/www.memoriaestadionacional.cl\/wp-content\/plugins\/revslider\/sr6\/assets\/assets\/dummy.png\" alt=\"\" title=\"Galer\u00eda\" class=\"rev-slidebg tp-rs-img rs-lazyload\" data-lazyload=\"\/\/www.memoriaestadionacional.cl\/wp-content\/uploads\/2024\/07\/Copia-de-DSC09682.jpg\" data-no-retina>\n<!---->\t\t\t\t\t<\/rs-slide>\n\t\t\t\t\t\t<rs-slide style=\"position: absolute;\" data-key=\"rs-448\" data-title=\"Slide\" data-thumb=\"\/\/www.memoriaestadionacional.cl\/wp-content\/uploads\/2024\/07\/Copia-de-DSC09705-50x100.jpg\" data-in=\"o:0;\" data-out=\"a:false;\">\n\t\t\t\t\t\t\t<img decoding=\"async\" src=\"\/\/www.memoriaestadionacional.cl\/wp-content\/plugins\/revslider\/sr6\/assets\/assets\/dummy.png\" alt=\"\" title=\"Galer\u00eda\" class=\"rev-slidebg tp-rs-img rs-lazyload\" data-lazyload=\"\/\/www.memoriaestadionacional.cl\/wp-content\/uploads\/2024\/07\/Copia-de-DSC09705.jpg\" data-no-retina>\n<!---->\t\t\t\t\t<\/rs-slide>\n\t\t\t\t\t\t<rs-slide style=\"position: absolute;\" data-key=\"rs-449\" data-title=\"Slide\" data-thumb=\"\/\/www.memoriaestadionacional.cl\/wp-content\/uploads\/2024\/07\/Copia-de-DSC09709-50x100.jpg\" data-in=\"o:0;\" data-out=\"a:false;\">\n\t\t\t\t\t\t\t<img decoding=\"async\" src=\"\/\/www.memoriaestadionacional.cl\/wp-content\/plugins\/revslider\/sr6\/assets\/assets\/dummy.png\" alt=\"\" title=\"Galer\u00eda\" class=\"rev-slidebg tp-rs-img rs-lazyload\" data-lazyload=\"\/\/www.memoriaestadionacional.cl\/wp-content\/uploads\/2024\/07\/Copia-de-DSC09709.jpg\" data-no-retina>\n<!---->\t\t\t\t\t<\/rs-slide>\n\t\t\t\t\t\t<rs-slide style=\"position: absolute;\" data-key=\"rs-450\" data-title=\"Slide\" data-thumb=\"\/\/www.memoriaestadionacional.cl\/wp-content\/uploads\/2024\/07\/Copia-de-DSC09751-50x100.jpg\" data-in=\"o:0;\" data-out=\"a:false;\">\n\t\t\t\t\t\t\t<img decoding=\"async\" src=\"\/\/www.memoriaestadionacional.cl\/wp-content\/plugins\/revslider\/sr6\/assets\/assets\/dummy.png\" alt=\"\" title=\"Galer\u00eda\" class=\"rev-slidebg tp-rs-img rs-lazyload\" data-lazyload=\"\/\/www.memoriaestadionacional.cl\/wp-content\/uploads\/2024\/07\/Copia-de-DSC09751.jpg\" data-bg=\"f:contain;\" data-no-retina>\n<!---->\t\t\t\t\t<\/rs-slide>\n\t\t\t\t\t\t<rs-slide style=\"position: absolute;\" data-key=\"rs-451\" data-title=\"Slide\" data-thumb=\"\/\/www.memoriaestadionacional.cl\/wp-content\/uploads\/2024\/07\/Copia-de-DSC09756-50x100.jpg\" data-in=\"o:0;\" data-out=\"a:false;\">\n\t\t\t\t\t\t\t<img decoding=\"async\" src=\"\/\/www.memoriaestadionacional.cl\/wp-content\/plugins\/revslider\/sr6\/assets\/assets\/dummy.png\" alt=\"\" title=\"Galer\u00eda\" class=\"rev-slidebg tp-rs-img rs-lazyload\" data-lazyload=\"\/\/www.memoriaestadionacional.cl\/wp-content\/uploads\/2024\/07\/Copia-de-DSC09756.jpg\" data-no-retina>\n<!---->\t\t\t\t\t<\/rs-slide>\n\t\t\t\t\t\t<rs-slide style=\"position: absolute;\" data-key=\"rs-452\" data-title=\"Slide\" data-thumb=\"\/\/www.memoriaestadionacional.cl\/wp-content\/uploads\/2024\/07\/Copia-de-DSC09769-50x100.jpg\" data-in=\"o:0;\" data-out=\"a:false;\">\n\t\t\t\t\t\t\t<img decoding=\"async\" src=\"\/\/www.memoriaestadionacional.cl\/wp-content\/plugins\/revslider\/sr6\/assets\/assets\/dummy.png\" alt=\"\" title=\"Galer\u00eda\" class=\"rev-slidebg tp-rs-img rs-lazyload\" data-lazyload=\"\/\/www.memoriaestadionacional.cl\/wp-content\/uploads\/2024\/07\/Copia-de-DSC09769.jpg\" data-no-retina>\n<!---->\t\t\t\t\t<\/rs-slide>\n\t\t\t\t\t\t<rs-slide style=\"position: absolute;\" data-key=\"rs-453\" data-title=\"Slide\" data-thumb=\"\/\/www.memoriaestadionacional.cl\/wp-content\/uploads\/2024\/07\/Copia-de-DSC09772-50x100.jpg\" data-in=\"o:0;\" data-out=\"a:false;\">\n\t\t\t\t\t\t\t<img decoding=\"async\" src=\"\/\/www.memoriaestadionacional.cl\/wp-content\/plugins\/revslider\/sr6\/assets\/assets\/dummy.png\" alt=\"\" title=\"Galer\u00eda\" class=\"rev-slidebg tp-rs-img rs-lazyload\" data-lazyload=\"\/\/www.memoriaestadionacional.cl\/wp-content\/uploads\/2024\/07\/Copia-de-DSC09772.jpg\" data-no-retina>\n<!---->\t\t\t\t\t<\/rs-slide>\n\t\t\t\t\t\t<rs-slide style=\"position: absolute;\" data-key=\"rs-454\" data-title=\"Slide\" data-thumb=\"\/\/www.memoriaestadionacional.cl\/wp-content\/uploads\/2024\/07\/Copia-de-DSC09790-50x100.jpg\" data-in=\"o:0;\" data-out=\"a:false;\">\n\t\t\t\t\t\t\t<img decoding=\"async\" src=\"\/\/www.memoriaestadionacional.cl\/wp-content\/plugins\/revslider\/sr6\/assets\/assets\/dummy.png\" alt=\"\" title=\"Galer\u00eda\" class=\"rev-slidebg tp-rs-img rs-lazyload\" data-lazyload=\"\/\/www.memoriaestadionacional.cl\/wp-content\/uploads\/2024\/07\/Copia-de-DSC09790.jpg\" data-no-retina>\n<!---->\t\t\t\t\t<\/rs-slide>\n\t\t\t\t\t\t<rs-slide style=\"position: absolute;\" data-key=\"rs-455\" data-title=\"Slide\" data-thumb=\"\/\/www.memoriaestadionacional.cl\/wp-content\/uploads\/2024\/07\/Copia-de-DSC09794-50x100.jpg\" data-in=\"o:0;\" data-out=\"a:false;\">\n\t\t\t\t\t\t\t<img decoding=\"async\" src=\"\/\/www.memoriaestadionacional.cl\/wp-content\/plugins\/revslider\/sr6\/assets\/assets\/dummy.png\" alt=\"\" title=\"Galer\u00eda\" class=\"rev-slidebg tp-rs-img rs-lazyload\" data-lazyload=\"\/\/www.memoriaestadionacional.cl\/wp-content\/uploads\/2024\/07\/Copia-de-DSC09794.jpg\" data-no-retina>\n<!---->\t\t\t\t\t<\/rs-slide>\n\t\t\t\t\t\t<rs-slide style=\"position: absolute;\" data-key=\"rs-456\" data-title=\"Slide\" data-thumb=\"\/\/www.memoriaestadionacional.cl\/wp-content\/uploads\/2024\/07\/Copia-de-DSC09797-50x100.jpg\" data-in=\"o:0;\" data-out=\"a:false;\">\n\t\t\t\t\t\t\t<img decoding=\"async\" src=\"\/\/www.memoriaestadionacional.cl\/wp-content\/plugins\/revslider\/sr6\/assets\/assets\/dummy.png\" alt=\"\" title=\"Galer\u00eda\" class=\"rev-slidebg tp-rs-img rs-lazyload\" data-lazyload=\"\/\/www.memoriaestadionacional.cl\/wp-content\/uploads\/2024\/07\/Copia-de-DSC09797.jpg\" data-no-retina>\n<!---->\t\t\t\t\t<\/rs-slide>\n\t\t\t\t\t\t<rs-slide style=\"position: absolute;\" data-key=\"rs-457\" data-title=\"Slide\" data-thumb=\"\/\/www.memoriaestadionacional.cl\/wp-content\/uploads\/2024\/07\/Copia-de-DSC09856-50x100.jpg\" data-in=\"o:0;\" data-out=\"a:false;\">\n\t\t\t\t\t\t\t<img decoding=\"async\" src=\"\/\/www.memoriaestadionacional.cl\/wp-content\/plugins\/revslider\/sr6\/assets\/assets\/dummy.png\" alt=\"\" title=\"Galer\u00eda\" class=\"rev-slidebg tp-rs-img rs-lazyload\" data-lazyload=\"\/\/www.memoriaestadionacional.cl\/wp-content\/uploads\/2024\/07\/Copia-de-DSC09856.jpg\" data-no-retina>\n<!---->\t\t\t\t\t<\/rs-slide>\n\t\t\t\t\t\t<rs-slide style=\"position: absolute;\" data-key=\"rs-458\" data-title=\"Slide\" data-thumb=\"\/\/www.memoriaestadionacional.cl\/wp-content\/uploads\/2024\/07\/Copia-de-DSC09871-50x100.jpg\" data-in=\"o:0;\" data-out=\"a:false;\">\n\t\t\t\t\t\t\t<img decoding=\"async\" src=\"\/\/www.memoriaestadionacional.cl\/wp-content\/plugins\/revslider\/sr6\/assets\/assets\/dummy.png\" alt=\"\" title=\"Galer\u00eda\" class=\"rev-slidebg tp-rs-img rs-lazyload\" data-lazyload=\"\/\/www.memoriaestadionacional.cl\/wp-content\/uploads\/2024\/07\/Copia-de-DSC09871.jpg\" data-no-retina>\n<!---->\t\t\t\t\t<\/rs-slide>\n\t\t\t\t\t<\/rs-slides>\n\t\t\t\t<\/rs-module>\n\t\t\t\t<script>\n\t\t\t\t\tsetREVStartSize({c: 'rev_slider_50_25',rl:[1240,1024,778,480],el:[900],gw:[1240],gh:[900],type:'carousel',justify:'',layout:'fullwidth',mh:\"0\"});if (window.RS_MODULES!==undefined && window.RS_MODULES.modules!==undefined && window.RS_MODULES.modules[\"revslider5025\"]!==undefined) {window.RS_MODULES.modules[\"revslider5025\"].once = false;window.revapi50 = undefined;if (window.RS_MODULES.checkMinimal!==undefined) window.RS_MODULES.checkMinimal()}\n\t\t\t\t<\/script>\n\t\t\t<\/rs-module-wrap>\n\t\t\t<!-- END REVOLUTION SLIDER -->\n<\/div><\/div><\/div><\/div><\/div><div class=\"vc-row-container row-stretch\"><div data-vc-full-width=\"true\"  data-vc-full-width-init=\"false\" class=\"vc_row wpb_row vc_row-fluid\"><div class=\"wpb_column vc_column_container vc_col-sm-12\"><div class=\"vc_column-inner\"><div class=\"wpb_wrapper\"><div class=\"vc_empty_space\"   style=\"height: 50px\"><span class=\"vc_empty_space_inner\"><\/span><\/div><\/div><\/div><\/div><\/div><\/div><div class=\"vc-row-container row-stretch\"><div data-vc-full-width=\"true\"  data-vc-full-width-init=\"false\" class=\"vc_row wpb_row vc_row-fluid\"><div class=\"wpb_column vc_column_container vc_col-sm-12\"><div class=\"vc_column-inner\"><div class=\"wpb_wrapper\">\n\t<div class=\"wpb_text_column wpb_content_element wpb_animate_when_almost_visible wpb_fadeIn fadeIn\" >\n\t\t<div class=\"wpb_wrapper\">\n\t\t\t<h5 style=\"text-align: center;\"><span style=\"color: #e79e47;\">[<\/span>GALER\u00cdA<span style=\"color: #e79e47;\">]<\/span><\/h5>\n\n\t\t<\/div>\n\t<\/div>\n<h1 style=\"text-align: center\" class=\"vc_custom_heading vc_do_custom_heading wpb_animate_when_almost_visible wpb_fadeIn fadeIn\" >Recorridos de la Memoria - Mayo 2024<\/h1><div class=\"vc_separator wpb_content_element vc_separator_align_center vc_sep_width_10 vc_sep_border_width_5 vc_sep_pos_align_center vc_separator_no_text wpb_content_element  wpb_content_element wpb_animate_when_almost_visible wpb_fadeIn fadeIn wpb_animate_when_almost_visible wpb_fadeIn fadeIn\" ><span class=\"vc_sep_holder vc_sep_holder_l\"><span style=\"border-color:#e79e47;\" class=\"vc_sep_line\"><\/span><\/span><span class=\"vc_sep_holder vc_sep_holder_r\"><span style=\"border-color:#e79e47;\" class=\"vc_sep_line\"><\/span><\/span>\n<\/div><div class=\"vc_empty_space\"   style=\"height: 32px\"><span class=\"vc_empty_space_inner\"><\/span><\/div>\n\t\t\t<!-- START Recorridos de la Memoria  Mayo 2024 REVOLUTION SLIDER 6.7.41 --><p class=\"rs-p-wp-fix\"><\/p>\n\t\t\t<rs-module-wrap id=\"rev_slider_47_26_wrapper\" data-source=\"gallery\" style=\"visibility:hidden;background:transparent;padding:0;margin:0px auto;margin-top:0;margin-bottom:0;\">\n\t\t\t\t<rs-module id=\"rev_slider_47_26\" style=\"\" data-version=\"6.7.41\">\n\t\t\t\t\t<rs-slides style=\"overflow: hidden; position: absolute;\">\n\t\t\t\t\t\t<rs-slide style=\"position: absolute;\" data-key=\"rs-387\" data-title=\"Slide\" data-thumb=\"\/\/www.memoriaestadionacional.cl\/wp-content\/uploads\/2024\/05\/25bcce24-4d42-44b8-a22e-38d9c7c96c65-50x100.jpg\" data-in=\"o:0;\" data-out=\"a:false;\">\n\t\t\t\t\t\t\t<img decoding=\"async\" src=\"\/\/www.memoriaestadionacional.cl\/wp-content\/plugins\/revslider\/sr6\/assets\/assets\/dummy.png\" alt=\"\" title=\"Galer\u00eda\" class=\"rev-slidebg tp-rs-img rs-lazyload\" data-lazyload=\"\/\/www.memoriaestadionacional.cl\/wp-content\/uploads\/2024\/05\/25bcce24-4d42-44b8-a22e-38d9c7c96c65.jpg\" data-no-retina>\n<!---->\t\t\t\t\t<\/rs-slide>\n\t\t\t\t\t\t<rs-slide style=\"position: absolute;\" data-key=\"rs-388\" data-title=\"Slide\" data-thumb=\"\/\/www.memoriaestadionacional.cl\/wp-content\/uploads\/2024\/05\/a36af920-3a94-4216-b47f-47d134ceabcf-50x100.jpg\" data-in=\"o:0;\" data-out=\"a:false;\">\n\t\t\t\t\t\t\t<img decoding=\"async\" src=\"\/\/www.memoriaestadionacional.cl\/wp-content\/plugins\/revslider\/sr6\/assets\/assets\/dummy.png\" alt=\"\" title=\"Galer\u00eda\" class=\"rev-slidebg tp-rs-img rs-lazyload\" data-lazyload=\"\/\/www.memoriaestadionacional.cl\/wp-content\/uploads\/2024\/05\/a36af920-3a94-4216-b47f-47d134ceabcf.jpg\" data-no-retina>\n<!---->\t\t\t\t\t<\/rs-slide>\n\t\t\t\t\t\t<rs-slide style=\"position: absolute;\" data-key=\"rs-389\" data-title=\"Slide\" data-thumb=\"\/\/www.memoriaestadionacional.cl\/wp-content\/uploads\/2024\/05\/b34aa241-6e39-4311-95d5-8669c30d89f7-50x100.jpg\" data-in=\"o:0;\" data-out=\"a:false;\">\n\t\t\t\t\t\t\t<img decoding=\"async\" src=\"\/\/www.memoriaestadionacional.cl\/wp-content\/plugins\/revslider\/sr6\/assets\/assets\/dummy.png\" alt=\"\" title=\"Galer\u00eda\" class=\"rev-slidebg tp-rs-img rs-lazyload\" data-lazyload=\"\/\/www.memoriaestadionacional.cl\/wp-content\/uploads\/2024\/05\/b34aa241-6e39-4311-95d5-8669c30d89f7.jpg\" data-no-retina>\n<!---->\t\t\t\t\t<\/rs-slide>\n\t\t\t\t\t\t<rs-slide style=\"position: absolute;\" data-key=\"rs-390\" data-title=\"Slide\" data-thumb=\"\/\/www.memoriaestadionacional.cl\/wp-content\/uploads\/2024\/05\/b702d239-02fc-4f33-80b1-2cf22421fefc-50x100.jpg\" data-in=\"o:0;\" data-out=\"a:false;\">\n\t\t\t\t\t\t\t<img decoding=\"async\" src=\"\/\/www.memoriaestadionacional.cl\/wp-content\/plugins\/revslider\/sr6\/assets\/assets\/dummy.png\" alt=\"\" title=\"Galer\u00eda\" class=\"rev-slidebg tp-rs-img rs-lazyload\" data-lazyload=\"\/\/www.memoriaestadionacional.cl\/wp-content\/uploads\/2024\/05\/b702d239-02fc-4f33-80b1-2cf22421fefc.jpg\" data-no-retina>\n<!---->\t\t\t\t\t<\/rs-slide>\n\t\t\t\t\t\t<rs-slide style=\"position: absolute;\" data-key=\"rs-391\" data-title=\"Slide\" data-thumb=\"\/\/www.memoriaestadionacional.cl\/wp-content\/uploads\/2024\/05\/d48271fc-70dc-471c-b7fd-73b00f23c654-50x100.jpg\" data-in=\"o:0;\" data-out=\"a:false;\">\n\t\t\t\t\t\t\t<img decoding=\"async\" src=\"\/\/www.memoriaestadionacional.cl\/wp-content\/plugins\/revslider\/sr6\/assets\/assets\/dummy.png\" alt=\"\" title=\"Galer\u00eda\" class=\"rev-slidebg tp-rs-img rs-lazyload\" data-lazyload=\"\/\/www.memoriaestadionacional.cl\/wp-content\/uploads\/2024\/05\/d48271fc-70dc-471c-b7fd-73b00f23c654.jpg\" data-no-retina>\n<!---->\t\t\t\t\t<\/rs-slide>\n\t\t\t\t\t\t<rs-slide style=\"position: absolute;\" data-key=\"rs-392\" data-title=\"Slide\" data-thumb=\"\/\/www.memoriaestadionacional.cl\/wp-content\/uploads\/2024\/05\/PHOTO-2024-05-15-12-06-14-50x100.jpg\" data-in=\"o:0;\" data-out=\"a:false;\">\n\t\t\t\t\t\t\t<img decoding=\"async\" src=\"\/\/www.memoriaestadionacional.cl\/wp-content\/plugins\/revslider\/sr6\/assets\/assets\/dummy.png\" alt=\"\" title=\"Galer\u00eda\" class=\"rev-slidebg tp-rs-img rs-lazyload\" data-lazyload=\"\/\/www.memoriaestadionacional.cl\/wp-content\/uploads\/2024\/05\/PHOTO-2024-05-15-12-06-14.jpg\" data-no-retina>\n<!---->\t\t\t\t\t<\/rs-slide>\n\t\t\t\t\t\t<rs-slide style=\"position: absolute;\" data-key=\"rs-393\" data-title=\"Slide\" data-thumb=\"\/\/www.memoriaestadionacional.cl\/wp-content\/uploads\/2024\/05\/PHOTO-2024-05-17-17-52-17-50x100.jpg\" data-in=\"o:0;\" data-out=\"a:false;\">\n\t\t\t\t\t\t\t<img decoding=\"async\" src=\"\/\/www.memoriaestadionacional.cl\/wp-content\/plugins\/revslider\/sr6\/assets\/assets\/dummy.png\" alt=\"\" title=\"Galer\u00eda\" class=\"rev-slidebg tp-rs-img rs-lazyload\" data-lazyload=\"\/\/www.memoriaestadionacional.cl\/wp-content\/uploads\/2024\/05\/PHOTO-2024-05-17-17-52-17.jpg\" data-no-retina>\n<!---->\t\t\t\t\t<\/rs-slide>\n\t\t\t\t\t\t<rs-slide style=\"position: absolute;\" data-key=\"rs-394\" data-title=\"Slide\" data-thumb=\"\/\/www.memoriaestadionacional.cl\/wp-content\/uploads\/2024\/05\/PHOTO-2024-05-22-15-17-03-50x100.jpg\" data-in=\"o:0;\" data-out=\"a:false;\">\n\t\t\t\t\t\t\t<img decoding=\"async\" src=\"\/\/www.memoriaestadionacional.cl\/wp-content\/plugins\/revslider\/sr6\/assets\/assets\/dummy.png\" alt=\"\" title=\"Galer\u00eda\" class=\"rev-slidebg tp-rs-img rs-lazyload\" data-lazyload=\"\/\/www.memoriaestadionacional.cl\/wp-content\/uploads\/2024\/05\/PHOTO-2024-05-22-15-17-03.jpg\" data-no-retina>\n<!---->\t\t\t\t\t<\/rs-slide>\n\t\t\t\t\t\t<rs-slide style=\"position: absolute;\" data-key=\"rs-395\" data-title=\"Slide\" data-thumb=\"\/\/www.memoriaestadionacional.cl\/wp-content\/uploads\/2024\/05\/PHOTO-2024-05-23-13-22-33-50x100.jpg\" data-in=\"o:0;\" data-out=\"a:false;\">\n\t\t\t\t\t\t\t<img decoding=\"async\" src=\"\/\/www.memoriaestadionacional.cl\/wp-content\/plugins\/revslider\/sr6\/assets\/assets\/dummy.png\" alt=\"\" title=\"Galer\u00eda\" class=\"rev-slidebg tp-rs-img rs-lazyload\" data-lazyload=\"\/\/www.memoriaestadionacional.cl\/wp-content\/uploads\/2024\/05\/PHOTO-2024-05-23-13-22-33.jpg\" data-no-retina>\n<!---->\t\t\t\t\t<\/rs-slide>\n\t\t\t\t\t\t<rs-slide style=\"position: absolute;\" data-key=\"rs-396\" data-title=\"Slide\" data-thumb=\"\/\/www.memoriaestadionacional.cl\/wp-content\/uploads\/2024\/05\/PHOTO-2024-05-24-14-02-28-50x100.jpg\" data-in=\"o:0;\" data-out=\"a:false;\">\n\t\t\t\t\t\t\t<img decoding=\"async\" src=\"\/\/www.memoriaestadionacional.cl\/wp-content\/plugins\/revslider\/sr6\/assets\/assets\/dummy.png\" alt=\"\" title=\"Galer\u00eda\" class=\"rev-slidebg tp-rs-img rs-lazyload\" data-lazyload=\"\/\/www.memoriaestadionacional.cl\/wp-content\/uploads\/2024\/05\/PHOTO-2024-05-24-14-02-28.jpg\" data-no-retina>\n<!---->\t\t\t\t\t<\/rs-slide>\n\t\t\t\t\t\t<rs-slide style=\"position: absolute;\" data-key=\"rs-397\" data-title=\"Slide\" data-thumb=\"\/\/www.memoriaestadionacional.cl\/wp-content\/uploads\/2024\/05\/PHOTO-2024-05-27-15-07-18-50x100.jpg\" data-in=\"o:0;\" data-out=\"a:false;\">\n\t\t\t\t\t\t\t<img decoding=\"async\" src=\"\/\/www.memoriaestadionacional.cl\/wp-content\/plugins\/revslider\/sr6\/assets\/assets\/dummy.png\" alt=\"\" title=\"Galer\u00eda\" class=\"rev-slidebg tp-rs-img rs-lazyload\" data-lazyload=\"\/\/www.memoriaestadionacional.cl\/wp-content\/uploads\/2024\/05\/PHOTO-2024-05-27-15-07-18.jpg\" data-no-retina>\n<!---->\t\t\t\t\t<\/rs-slide>\n\t\t\t\t\t<\/rs-slides>\n\t\t\t\t<\/rs-module>\n\t\t\t\t<script>\n\t\t\t\t\tsetREVStartSize({c: 'rev_slider_47_26',rl:[1240,1024,778,480],el:[900],gw:[1240],gh:[900],type:'carousel',justify:'',layout:'fullwidth',mh:\"0\"});if (window.RS_MODULES!==undefined && window.RS_MODULES.modules!==undefined && window.RS_MODULES.modules[\"revslider4726\"]!==undefined) {window.RS_MODULES.modules[\"revslider4726\"].once = false;window.revapi47 = undefined;if (window.RS_MODULES.checkMinimal!==undefined) window.RS_MODULES.checkMinimal()}\n\t\t\t\t<\/script>\n\t\t\t<\/rs-module-wrap>\n\t\t\t<!-- END REVOLUTION SLIDER -->\n<\/div><\/div><\/div><\/div><\/div><div class=\"vc-row-container row-stretch\"><div data-vc-full-width=\"true\"  data-vc-full-width-init=\"false\" class=\"vc_row wpb_row vc_row-fluid\"><div class=\"wpb_column vc_column_container vc_col-sm-12\"><div class=\"vc_column-inner\"><div class=\"wpb_wrapper\"><div class=\"vc_empty_space\"   style=\"height: 50px\"><span class=\"vc_empty_space_inner\"><\/span><\/div><\/div><\/div><\/div><\/div><\/div><div class=\"vc-row-container row-stretch\"><div data-vc-full-width=\"true\"  data-vc-full-width-init=\"false\" class=\"vc_row wpb_row vc_row-fluid\"><div class=\"wpb_column vc_column_container vc_col-sm-12\"><div class=\"vc_column-inner\"><div class=\"wpb_wrapper\">\n\t<div class=\"wpb_text_column wpb_content_element wpb_animate_when_almost_visible wpb_fadeIn fadeIn\" >\n\t\t<div class=\"wpb_wrapper\">\n\t\t\t<h5 style=\"text-align: center;\"><span style=\"color: #e79e47;\">[<\/span>GALER\u00cdA<span style=\"color: #e79e47;\">]<\/span><\/h5>\n\n\t\t<\/div>\n\t<\/div>\n<h1 style=\"text-align: center\" class=\"vc_custom_heading vc_do_custom_heading wpb_animate_when_almost_visible wpb_fadeIn fadeIn\" >D\u00eda de los Patrimonios 2024<\/h1><div class=\"vc_separator wpb_content_element vc_separator_align_center vc_sep_width_10 vc_sep_border_width_5 vc_sep_pos_align_center vc_separator_no_text wpb_content_element  wpb_content_element wpb_animate_when_almost_visible wpb_fadeIn fadeIn wpb_animate_when_almost_visible wpb_fadeIn fadeIn\" ><span class=\"vc_sep_holder vc_sep_holder_l\"><span style=\"border-color:#e79e47;\" class=\"vc_sep_line\"><\/span><\/span><span class=\"vc_sep_holder vc_sep_holder_r\"><span style=\"border-color:#e79e47;\" class=\"vc_sep_line\"><\/span><\/span>\n<\/div><div class=\"vc_empty_space\"   style=\"height: 32px\"><span class=\"vc_empty_space_inner\"><\/span><\/div>\n\t\t\t<!-- START D\u00eda de los Patrimonios 2024 REVOLUTION SLIDER 6.7.41 --><p class=\"rs-p-wp-fix\"><\/p>\n\t\t\t<rs-module-wrap id=\"rev_slider_46_27_wrapper\" data-source=\"gallery\" style=\"visibility:hidden;background:transparent;padding:0;margin:0px auto;margin-top:0;margin-bottom:0;\">\n\t\t\t\t<rs-module id=\"rev_slider_46_27\" style=\"\" data-version=\"6.7.41\">\n\t\t\t\t\t<rs-slides style=\"overflow: hidden; position: absolute;\">\n\t\t\t\t\t\t<rs-slide style=\"position: absolute;\" data-key=\"rs-370\" data-title=\"Slide\" data-thumb=\"\/\/www.memoriaestadionacional.cl\/wp-content\/uploads\/2024\/05\/IMG_2467-50x100.jpg\" data-in=\"o:0;\" data-out=\"a:false;\">\n\t\t\t\t\t\t\t<img decoding=\"async\" src=\"\/\/www.memoriaestadionacional.cl\/wp-content\/plugins\/revslider\/sr6\/assets\/assets\/dummy.png\" alt=\"\" title=\"Galer\u00eda\" class=\"rev-slidebg tp-rs-img rs-lazyload\" data-lazyload=\"\/\/www.memoriaestadionacional.cl\/wp-content\/uploads\/2024\/05\/IMG_2467.jpg\" data-no-retina>\n<!---->\t\t\t\t\t<\/rs-slide>\n\t\t\t\t\t\t<rs-slide style=\"position: absolute;\" data-key=\"rs-371\" data-title=\"Slide\" data-thumb=\"\/\/www.memoriaestadionacional.cl\/wp-content\/uploads\/2024\/05\/IMG_2474-50x100.jpg\" data-in=\"o:0;\" data-out=\"a:false;\">\n\t\t\t\t\t\t\t<img decoding=\"async\" src=\"\/\/www.memoriaestadionacional.cl\/wp-content\/plugins\/revslider\/sr6\/assets\/assets\/dummy.png\" alt=\"\" title=\"Galer\u00eda\" class=\"rev-slidebg tp-rs-img rs-lazyload\" data-lazyload=\"\/\/www.memoriaestadionacional.cl\/wp-content\/uploads\/2024\/05\/IMG_2474.jpg\" data-no-retina>\n<!---->\t\t\t\t\t<\/rs-slide>\n\t\t\t\t\t\t<rs-slide style=\"position: absolute;\" data-key=\"rs-372\" data-title=\"Slide\" data-thumb=\"\/\/www.memoriaestadionacional.cl\/wp-content\/uploads\/2024\/05\/IMG_2483-50x100.jpg\" data-in=\"o:0;\" data-out=\"a:false;\">\n\t\t\t\t\t\t\t<img decoding=\"async\" src=\"\/\/www.memoriaestadionacional.cl\/wp-content\/plugins\/revslider\/sr6\/assets\/assets\/dummy.png\" alt=\"\" title=\"Galer\u00eda\" class=\"rev-slidebg tp-rs-img rs-lazyload\" data-lazyload=\"\/\/www.memoriaestadionacional.cl\/wp-content\/uploads\/2024\/05\/IMG_2483.jpg\" data-no-retina>\n<!---->\t\t\t\t\t<\/rs-slide>\n\t\t\t\t\t\t<rs-slide style=\"position: absolute;\" data-key=\"rs-373\" data-title=\"Slide\" data-thumb=\"\/\/www.memoriaestadionacional.cl\/wp-content\/uploads\/2024\/05\/IMG_2487-50x100.jpg\" data-in=\"o:0;\" data-out=\"a:false;\">\n\t\t\t\t\t\t\t<img decoding=\"async\" src=\"\/\/www.memoriaestadionacional.cl\/wp-content\/plugins\/revslider\/sr6\/assets\/assets\/dummy.png\" alt=\"\" title=\"Galer\u00eda\" class=\"rev-slidebg tp-rs-img rs-lazyload\" data-lazyload=\"\/\/www.memoriaestadionacional.cl\/wp-content\/uploads\/2024\/05\/IMG_2487.jpg\" data-no-retina>\n<!---->\t\t\t\t\t<\/rs-slide>\n\t\t\t\t\t\t<rs-slide style=\"position: absolute;\" data-key=\"rs-374\" data-title=\"Slide\" data-thumb=\"\/\/www.memoriaestadionacional.cl\/wp-content\/uploads\/2024\/05\/IMG_2496-50x100.jpg\" data-in=\"o:0;\" data-out=\"a:false;\">\n\t\t\t\t\t\t\t<img decoding=\"async\" src=\"\/\/www.memoriaestadionacional.cl\/wp-content\/plugins\/revslider\/sr6\/assets\/assets\/dummy.png\" alt=\"\" title=\"Galer\u00eda\" class=\"rev-slidebg tp-rs-img rs-lazyload\" data-lazyload=\"\/\/www.memoriaestadionacional.cl\/wp-content\/uploads\/2024\/05\/IMG_2496.jpg\" data-no-retina>\n<!---->\t\t\t\t\t<\/rs-slide>\n\t\t\t\t\t\t<rs-slide style=\"position: absolute;\" data-key=\"rs-375\" data-title=\"Slide\" data-thumb=\"\/\/www.memoriaestadionacional.cl\/wp-content\/uploads\/2024\/05\/IMG_2505-50x100.jpg\" data-in=\"o:0;\" data-out=\"a:false;\">\n\t\t\t\t\t\t\t<img decoding=\"async\" src=\"\/\/www.memoriaestadionacional.cl\/wp-content\/plugins\/revslider\/sr6\/assets\/assets\/dummy.png\" alt=\"\" title=\"Galer\u00eda\" class=\"rev-slidebg tp-rs-img rs-lazyload\" data-lazyload=\"\/\/www.memoriaestadionacional.cl\/wp-content\/uploads\/2024\/05\/IMG_2505.jpg\" data-no-retina>\n<!---->\t\t\t\t\t<\/rs-slide>\n\t\t\t\t\t\t<rs-slide style=\"position: absolute;\" data-key=\"rs-376\" data-title=\"Slide\" data-thumb=\"\/\/www.memoriaestadionacional.cl\/wp-content\/uploads\/2024\/05\/IMG_2558-50x100.jpg\" data-in=\"o:0;\" data-out=\"a:false;\">\n\t\t\t\t\t\t\t<img decoding=\"async\" src=\"\/\/www.memoriaestadionacional.cl\/wp-content\/plugins\/revslider\/sr6\/assets\/assets\/dummy.png\" alt=\"\" title=\"Galer\u00eda\" class=\"rev-slidebg tp-rs-img rs-lazyload\" data-lazyload=\"\/\/www.memoriaestadionacional.cl\/wp-content\/uploads\/2024\/05\/IMG_2558.jpg\" data-no-retina>\n<!---->\t\t\t\t\t<\/rs-slide>\n\t\t\t\t\t\t<rs-slide style=\"position: absolute;\" data-key=\"rs-377\" data-title=\"Slide\" data-thumb=\"\/\/www.memoriaestadionacional.cl\/wp-content\/uploads\/2024\/05\/IMG_2563-50x100.jpg\" data-in=\"o:0;\" data-out=\"a:false;\">\n\t\t\t\t\t\t\t<img decoding=\"async\" src=\"\/\/www.memoriaestadionacional.cl\/wp-content\/plugins\/revslider\/sr6\/assets\/assets\/dummy.png\" alt=\"\" title=\"Galer\u00eda\" class=\"rev-slidebg tp-rs-img rs-lazyload\" data-lazyload=\"\/\/www.memoriaestadionacional.cl\/wp-content\/uploads\/2024\/05\/IMG_2563.jpg\" data-no-retina>\n<!---->\t\t\t\t\t<\/rs-slide>\n\t\t\t\t\t\t<rs-slide style=\"position: absolute;\" data-key=\"rs-378\" data-title=\"Slide\" data-thumb=\"\/\/www.memoriaestadionacional.cl\/wp-content\/uploads\/2024\/05\/IMG_2571-50x100.jpg\" data-in=\"o:0;\" data-out=\"a:false;\">\n\t\t\t\t\t\t\t<img decoding=\"async\" src=\"\/\/www.memoriaestadionacional.cl\/wp-content\/plugins\/revslider\/sr6\/assets\/assets\/dummy.png\" alt=\"\" title=\"Galer\u00eda\" class=\"rev-slidebg tp-rs-img rs-lazyload\" data-lazyload=\"\/\/www.memoriaestadionacional.cl\/wp-content\/uploads\/2024\/05\/IMG_2571.jpg\" data-no-retina>\n<!---->\t\t\t\t\t<\/rs-slide>\n\t\t\t\t\t\t<rs-slide style=\"position: absolute;\" data-key=\"rs-379\" data-title=\"Slide\" data-thumb=\"\/\/www.memoriaestadionacional.cl\/wp-content\/uploads\/2024\/05\/IMG_2576-50x100.jpg\" data-in=\"o:0;\" data-out=\"a:false;\">\n\t\t\t\t\t\t\t<img decoding=\"async\" src=\"\/\/www.memoriaestadionacional.cl\/wp-content\/plugins\/revslider\/sr6\/assets\/assets\/dummy.png\" alt=\"\" title=\"Galer\u00eda\" class=\"rev-slidebg tp-rs-img rs-lazyload\" data-lazyload=\"\/\/www.memoriaestadionacional.cl\/wp-content\/uploads\/2024\/05\/IMG_2576.jpg\" data-no-retina>\n<!---->\t\t\t\t\t<\/rs-slide>\n\t\t\t\t\t\t<rs-slide style=\"position: absolute;\" data-key=\"rs-380\" data-title=\"Slide\" data-thumb=\"\/\/www.memoriaestadionacional.cl\/wp-content\/uploads\/2024\/05\/IMG_2592-50x100.jpg\" data-in=\"o:0;\" data-out=\"a:false;\">\n\t\t\t\t\t\t\t<img decoding=\"async\" src=\"\/\/www.memoriaestadionacional.cl\/wp-content\/plugins\/revslider\/sr6\/assets\/assets\/dummy.png\" alt=\"\" title=\"Galer\u00eda\" class=\"rev-slidebg tp-rs-img rs-lazyload\" data-lazyload=\"\/\/www.memoriaestadionacional.cl\/wp-content\/uploads\/2024\/05\/IMG_2592.jpg\" data-no-retina>\n<!---->\t\t\t\t\t<\/rs-slide>\n\t\t\t\t\t\t<rs-slide style=\"position: absolute;\" data-key=\"rs-381\" data-title=\"Slide\" data-thumb=\"\/\/www.memoriaestadionacional.cl\/wp-content\/uploads\/2024\/05\/IMG_2594-50x100.jpg\" data-in=\"o:0;\" data-out=\"a:false;\">\n\t\t\t\t\t\t\t<img decoding=\"async\" src=\"\/\/www.memoriaestadionacional.cl\/wp-content\/plugins\/revslider\/sr6\/assets\/assets\/dummy.png\" alt=\"\" title=\"Galer\u00eda\" class=\"rev-slidebg tp-rs-img rs-lazyload\" data-lazyload=\"\/\/www.memoriaestadionacional.cl\/wp-content\/uploads\/2024\/05\/IMG_2594.jpg\" data-no-retina>\n<!---->\t\t\t\t\t<\/rs-slide>\n\t\t\t\t\t\t<rs-slide style=\"position: absolute;\" data-key=\"rs-382\" data-title=\"Slide\" data-thumb=\"\/\/www.memoriaestadionacional.cl\/wp-content\/uploads\/2024\/05\/IMG_2596-50x100.jpg\" data-in=\"o:0;\" data-out=\"a:false;\">\n\t\t\t\t\t\t\t<img decoding=\"async\" src=\"\/\/www.memoriaestadionacional.cl\/wp-content\/plugins\/revslider\/sr6\/assets\/assets\/dummy.png\" alt=\"\" title=\"Galer\u00eda\" class=\"rev-slidebg tp-rs-img rs-lazyload\" data-lazyload=\"\/\/www.memoriaestadionacional.cl\/wp-content\/uploads\/2024\/05\/IMG_2596.jpg\" data-no-retina>\n<!---->\t\t\t\t\t<\/rs-slide>\n\t\t\t\t\t\t<rs-slide style=\"position: absolute;\" data-key=\"rs-383\" data-title=\"Slide\" data-thumb=\"\/\/www.memoriaestadionacional.cl\/wp-content\/uploads\/2024\/05\/IMG_2598-50x100.jpg\" data-in=\"o:0;\" data-out=\"a:false;\">\n\t\t\t\t\t\t\t<img decoding=\"async\" src=\"\/\/www.memoriaestadionacional.cl\/wp-content\/plugins\/revslider\/sr6\/assets\/assets\/dummy.png\" alt=\"\" title=\"Galer\u00eda\" class=\"rev-slidebg tp-rs-img rs-lazyload\" data-lazyload=\"\/\/www.memoriaestadionacional.cl\/wp-content\/uploads\/2024\/05\/IMG_2598.jpg\" data-no-retina>\n<!---->\t\t\t\t\t<\/rs-slide>\n\t\t\t\t\t\t<rs-slide style=\"position: absolute;\" data-key=\"rs-384\" data-title=\"Slide\" data-thumb=\"\/\/www.memoriaestadionacional.cl\/wp-content\/uploads\/2024\/05\/IMG_2602-50x100.jpg\" data-in=\"o:0;\" data-out=\"a:false;\">\n\t\t\t\t\t\t\t<img decoding=\"async\" src=\"\/\/www.memoriaestadionacional.cl\/wp-content\/plugins\/revslider\/sr6\/assets\/assets\/dummy.png\" alt=\"\" title=\"Galer\u00eda\" class=\"rev-slidebg tp-rs-img rs-lazyload\" data-lazyload=\"\/\/www.memoriaestadionacional.cl\/wp-content\/uploads\/2024\/05\/IMG_2602.jpg\" data-no-retina>\n<!---->\t\t\t\t\t<\/rs-slide>\n\t\t\t\t\t\t<rs-slide style=\"position: absolute;\" data-key=\"rs-385\" data-title=\"Slide\" data-thumb=\"\/\/www.memoriaestadionacional.cl\/wp-content\/uploads\/2024\/05\/IMG_2606-50x100.jpg\" data-in=\"o:0;\" data-out=\"a:false;\">\n\t\t\t\t\t\t\t<img decoding=\"async\" src=\"\/\/www.memoriaestadionacional.cl\/wp-content\/plugins\/revslider\/sr6\/assets\/assets\/dummy.png\" alt=\"\" title=\"Galer\u00eda\" class=\"rev-slidebg tp-rs-img rs-lazyload\" data-lazyload=\"\/\/www.memoriaestadionacional.cl\/wp-content\/uploads\/2024\/05\/IMG_2606.jpg\" data-no-retina>\n<!---->\t\t\t\t\t<\/rs-slide>\n\t\t\t\t\t<\/rs-slides>\n\t\t\t\t<\/rs-module>\n\t\t\t\t<script>\n\t\t\t\t\tsetREVStartSize({c: 'rev_slider_46_27',rl:[1240,1024,778,480],el:[900],gw:[1240],gh:[900],type:'carousel',justify:'',layout:'fullwidth',mh:\"0\"});if (window.RS_MODULES!==undefined && window.RS_MODULES.modules!==undefined && window.RS_MODULES.modules[\"revslider4627\"]!==undefined) {window.RS_MODULES.modules[\"revslider4627\"].once = false;window.revapi46 = undefined;if (window.RS_MODULES.checkMinimal!==undefined) window.RS_MODULES.checkMinimal()}\n\t\t\t\t<\/script>\n\t\t\t<\/rs-module-wrap>\n\t\t\t<!-- END REVOLUTION SLIDER -->\n<\/div><\/div><\/div><\/div><\/div><div class=\"vc-row-container row-stretch\"><div data-vc-full-width=\"true\"  data-vc-full-width-init=\"false\" class=\"vc_row wpb_row vc_row-fluid\"><div class=\"wpb_column vc_column_container vc_col-sm-12\"><div class=\"vc_column-inner\"><div class=\"wpb_wrapper\"><div class=\"vc_empty_space\"   style=\"height: 50px\"><span class=\"vc_empty_space_inner\"><\/span><\/div><\/div><\/div><\/div><\/div><\/div><div class=\"vc-row-container row-stretch\"><div data-vc-full-width=\"true\"  data-vc-full-width-init=\"false\" class=\"vc_row wpb_row vc_row-fluid\"><div class=\"wpb_column vc_column_container vc_col-sm-12\"><div class=\"vc_column-inner\"><div class=\"wpb_wrapper\">\n\t<div class=\"wpb_text_column wpb_content_element wpb_animate_when_almost_visible wpb_fadeIn fadeIn\" >\n\t\t<div class=\"wpb_wrapper\">\n\t\t\t<h5 style=\"text-align: center;\"><span style=\"color: #e79e47;\">[<\/span>GALER\u00cdA<span style=\"color: #e79e47;\">]<\/span><\/h5>\n\n\t\t<\/div>\n\t<\/div>\n<h1 style=\"text-align: center\" class=\"vc_custom_heading vc_do_custom_heading wpb_animate_when_almost_visible wpb_fadeIn fadeIn\" >Recorridos de la Memoria<\/h1><div class=\"vc_separator wpb_content_element vc_separator_align_center vc_sep_width_10 vc_sep_border_width_5 vc_sep_pos_align_center vc_separator_no_text wpb_content_element  wpb_content_element wpb_animate_when_almost_visible wpb_fadeIn fadeIn wpb_animate_when_almost_visible wpb_fadeIn fadeIn\" ><span class=\"vc_sep_holder vc_sep_holder_l\"><span style=\"border-color:#e79e47;\" class=\"vc_sep_line\"><\/span><\/span><span class=\"vc_sep_holder vc_sep_holder_r\"><span style=\"border-color:#e79e47;\" class=\"vc_sep_line\"><\/span><\/span>\n<\/div><div class=\"vc_empty_space\"   style=\"height: 32px\"><span class=\"vc_empty_space_inner\"><\/span><\/div>\n\t\t\t<!-- START Recorridos de la Memoria REVOLUTION SLIDER 6.7.41 --><p class=\"rs-p-wp-fix\"><\/p>\n\t\t\t<rs-module-wrap id=\"rev_slider_44_28_wrapper\" data-source=\"gallery\" style=\"visibility:hidden;background:transparent;padding:0;margin:0px auto;margin-top:0;margin-bottom:0;\">\n\t\t\t\t<rs-module id=\"rev_slider_44_28\" style=\"\" data-version=\"6.7.41\">\n\t\t\t\t\t<rs-slides style=\"overflow: hidden; position: absolute;\">\n\t\t\t\t\t\t<rs-slide style=\"position: absolute;\" data-key=\"rs-360\" data-title=\"Slide\" data-thumb=\"\/\/www.memoriaestadionacional.cl\/wp-content\/uploads\/2024\/05\/36a4ed88-15e5-49fa-a064-ae705ef57fba-50x100.jpg\" data-in=\"o:0;\" data-out=\"a:false;\">\n\t\t\t\t\t\t\t<img decoding=\"async\" src=\"\/\/www.memoriaestadionacional.cl\/wp-content\/plugins\/revslider\/sr6\/assets\/assets\/dummy.png\" alt=\"\" title=\"Galer\u00eda\" class=\"rev-slidebg tp-rs-img rs-lazyload\" data-lazyload=\"\/\/www.memoriaestadionacional.cl\/wp-content\/uploads\/2024\/05\/36a4ed88-15e5-49fa-a064-ae705ef57fba.jpg\" data-no-retina>\n<!---->\t\t\t\t\t<\/rs-slide>\n\t\t\t\t\t\t<rs-slide style=\"position: absolute;\" data-key=\"rs-361\" data-title=\"Slide\" data-thumb=\"\/\/www.memoriaestadionacional.cl\/wp-content\/uploads\/2024\/05\/43659b38-7306-473e-a50e-733a19cd657d-50x100.jpg\" data-in=\"o:0;\" data-out=\"a:false;\">\n\t\t\t\t\t\t\t<img decoding=\"async\" src=\"\/\/www.memoriaestadionacional.cl\/wp-content\/plugins\/revslider\/sr6\/assets\/assets\/dummy.png\" alt=\"\" title=\"Galer\u00eda\" class=\"rev-slidebg tp-rs-img rs-lazyload\" data-lazyload=\"\/\/www.memoriaestadionacional.cl\/wp-content\/uploads\/2024\/05\/43659b38-7306-473e-a50e-733a19cd657d.jpg\" data-no-retina>\n<!---->\t\t\t\t\t<\/rs-slide>\n\t\t\t\t\t\t<rs-slide style=\"position: absolute;\" data-key=\"rs-362\" data-title=\"Slide\" data-thumb=\"\/\/www.memoriaestadionacional.cl\/wp-content\/uploads\/2024\/05\/c1a7d2eb-03ad-4d0a-a99b-9179d06eb4e3-50x100.jpg\" data-in=\"o:0;\" data-out=\"a:false;\">\n\t\t\t\t\t\t\t<img decoding=\"async\" src=\"\/\/www.memoriaestadionacional.cl\/wp-content\/plugins\/revslider\/sr6\/assets\/assets\/dummy.png\" alt=\"\" title=\"Galer\u00eda\" class=\"rev-slidebg tp-rs-img rs-lazyload\" data-lazyload=\"\/\/www.memoriaestadionacional.cl\/wp-content\/uploads\/2024\/05\/c1a7d2eb-03ad-4d0a-a99b-9179d06eb4e3.jpg\" data-no-retina>\n<!---->\t\t\t\t\t<\/rs-slide>\n\t\t\t\t\t\t<rs-slide style=\"position: absolute;\" data-key=\"rs-363\" data-title=\"Slide\" data-thumb=\"\/\/www.memoriaestadionacional.cl\/wp-content\/uploads\/2024\/05\/e2b073b0-c31e-4487-9dd9-cea1b7aa978d-50x100.jpg\" data-in=\"o:0;\" data-out=\"a:false;\">\n\t\t\t\t\t\t\t<img decoding=\"async\" src=\"\/\/www.memoriaestadionacional.cl\/wp-content\/plugins\/revslider\/sr6\/assets\/assets\/dummy.png\" alt=\"\" title=\"Galer\u00eda\" class=\"rev-slidebg tp-rs-img rs-lazyload\" data-lazyload=\"\/\/www.memoriaestadionacional.cl\/wp-content\/uploads\/2024\/05\/e2b073b0-c31e-4487-9dd9-cea1b7aa978d.jpg\" data-no-retina>\n<!---->\t\t\t\t\t<\/rs-slide>\n\t\t\t\t\t\t<rs-slide style=\"position: absolute;\" data-key=\"rs-364\" data-title=\"Slide\" data-thumb=\"\/\/www.memoriaestadionacional.cl\/wp-content\/uploads\/2024\/05\/e4fce495-730a-4568-956d-c698e8644b7e-50x100.jpg\" data-in=\"o:0;\" data-out=\"a:false;\">\n\t\t\t\t\t\t\t<img decoding=\"async\" src=\"\/\/www.memoriaestadionacional.cl\/wp-content\/plugins\/revslider\/sr6\/assets\/assets\/dummy.png\" alt=\"\" title=\"Galer\u00eda\" class=\"rev-slidebg tp-rs-img rs-lazyload\" data-lazyload=\"\/\/www.memoriaestadionacional.cl\/wp-content\/uploads\/2024\/05\/e4fce495-730a-4568-956d-c698e8644b7e.jpg\" data-no-retina>\n<!---->\t\t\t\t\t<\/rs-slide>\n\t\t\t\t\t\t<rs-slide style=\"position: absolute;\" data-key=\"rs-365\" data-title=\"Slide\" data-thumb=\"\/\/www.memoriaestadionacional.cl\/wp-content\/uploads\/2024\/05\/f5272a8c-540a-4d32-bd6e-e030a644fdb3-50x100.jpg\" data-in=\"o:0;\" data-out=\"a:false;\">\n\t\t\t\t\t\t\t<img decoding=\"async\" src=\"\/\/www.memoriaestadionacional.cl\/wp-content\/plugins\/revslider\/sr6\/assets\/assets\/dummy.png\" alt=\"\" title=\"Galer\u00eda\" class=\"rev-slidebg tp-rs-img rs-lazyload\" data-lazyload=\"\/\/www.memoriaestadionacional.cl\/wp-content\/uploads\/2024\/05\/f5272a8c-540a-4d32-bd6e-e030a644fdb3.jpg\" data-bg=\"f:contain;\" data-no-retina>\n<!---->\t\t\t\t\t<\/rs-slide>\n\t\t\t\t\t\t<rs-slide style=\"position: absolute;\" data-key=\"rs-366\" data-title=\"Slide\" data-thumb=\"\/\/www.memoriaestadionacional.cl\/wp-content\/uploads\/2024\/05\/fbf493a5-fb88-4db2-83c3-412ad58dcafa-50x100.jpg\" data-in=\"o:0;\" data-out=\"a:false;\">\n\t\t\t\t\t\t\t<img decoding=\"async\" src=\"\/\/www.memoriaestadionacional.cl\/wp-content\/plugins\/revslider\/sr6\/assets\/assets\/dummy.png\" alt=\"\" title=\"Galer\u00eda\" class=\"rev-slidebg tp-rs-img rs-lazyload\" data-lazyload=\"\/\/www.memoriaestadionacional.cl\/wp-content\/uploads\/2024\/05\/fbf493a5-fb88-4db2-83c3-412ad58dcafa.jpg\" data-no-retina>\n<!---->\t\t\t\t\t<\/rs-slide>\n\t\t\t\t\t<\/rs-slides>\n\t\t\t\t<\/rs-module>\n\t\t\t\t<script>\n\t\t\t\t\tsetREVStartSize({c: 'rev_slider_44_28',rl:[1240,1024,778,480],el:[900],gw:[1240],gh:[900],type:'carousel',justify:'',layout:'fullwidth',mh:\"0\"});if (window.RS_MODULES!==undefined && window.RS_MODULES.modules!==undefined && window.RS_MODULES.modules[\"revslider4428\"]!==undefined) {window.RS_MODULES.modules[\"revslider4428\"].once = false;window.revapi44 = undefined;if (window.RS_MODULES.checkMinimal!==undefined) window.RS_MODULES.checkMinimal()}\n\t\t\t\t<\/script>\n\t\t\t<\/rs-module-wrap>\n\t\t\t<!-- END REVOLUTION SLIDER -->\n<\/div><\/div><\/div><\/div><\/div><div class=\"vc-row-container row-stretch\"><div data-vc-full-width=\"true\"  data-vc-full-width-init=\"false\" class=\"vc_row wpb_row vc_row-fluid\"><div class=\"wpb_column vc_column_container vc_col-sm-12\"><div class=\"vc_column-inner\"><div class=\"wpb_wrapper\"><div class=\"vc_empty_space\"   style=\"height: 50px\"><span class=\"vc_empty_space_inner\"><\/span><\/div><\/div><\/div><\/div><\/div><\/div><div class=\"vc-row-container row-stretch\"><div data-vc-full-width=\"true\"  data-vc-full-width-init=\"false\" class=\"vc_row wpb_row vc_row-fluid\"><div class=\"wpb_column vc_column_container vc_col-sm-12\"><div class=\"vc_column-inner\"><div class=\"wpb_wrapper\">\n\t<div class=\"wpb_text_column wpb_content_element wpb_animate_when_almost_visible wpb_fadeIn fadeIn\" >\n\t\t<div class=\"wpb_wrapper\">\n\t\t\t<h5 style=\"text-align: center;\"><span style=\"color: #e79e47;\">[<\/span>GALER\u00cdA<span style=\"color: #e79e47;\">]<\/span><\/h5>\n\n\t\t<\/div>\n\t<\/div>\n<h1 style=\"text-align: center\" class=\"vc_custom_heading vc_do_custom_heading wpb_animate_when_almost_visible wpb_fadeIn fadeIn\" >D\u00eda de la y el trabajador<\/h1><div class=\"vc_separator wpb_content_element vc_separator_align_center vc_sep_width_10 vc_sep_border_width_5 vc_sep_pos_align_center vc_separator_no_text wpb_content_element  wpb_content_element wpb_animate_when_almost_visible wpb_fadeIn fadeIn wpb_animate_when_almost_visible wpb_fadeIn fadeIn\" ><span class=\"vc_sep_holder vc_sep_holder_l\"><span style=\"border-color:#e79e47;\" class=\"vc_sep_line\"><\/span><\/span><span class=\"vc_sep_holder vc_sep_holder_r\"><span style=\"border-color:#e79e47;\" class=\"vc_sep_line\"><\/span><\/span>\n<\/div><div class=\"vc_empty_space\"   style=\"height: 32px\"><span class=\"vc_empty_space_inner\"><\/span><\/div>\n\t\t\t<!-- START D\u00eda de la y el trabajador REVOLUTION SLIDER 6.7.41 --><p class=\"rs-p-wp-fix\"><\/p>\n\t\t\t<rs-module-wrap id=\"rev_slider_43_29_wrapper\" data-source=\"gallery\" style=\"visibility:hidden;background:transparent;padding:0;margin:0px auto;margin-top:0;margin-bottom:0;\">\n\t\t\t\t<rs-module id=\"rev_slider_43_29\" style=\"\" data-version=\"6.7.41\">\n\t\t\t\t\t<rs-slides style=\"overflow: hidden; position: absolute;\">\n\t\t\t\t\t\t<rs-slide style=\"position: absolute;\" data-key=\"rs-349\" data-title=\"Slide\" data-thumb=\"\/\/www.memoriaestadionacional.cl\/wp-content\/uploads\/2024\/05\/9d467df0-4a71-4ff2-b61a-7d78bfcab806-50x100.jpg\" data-in=\"o:0;\" data-out=\"a:false;\">\n\t\t\t\t\t\t\t<img decoding=\"async\" src=\"\/\/www.memoriaestadionacional.cl\/wp-content\/plugins\/revslider\/sr6\/assets\/assets\/dummy.png\" alt=\"\" title=\"Galer\u00eda\" class=\"rev-slidebg tp-rs-img rs-lazyload\" data-lazyload=\"\/\/www.memoriaestadionacional.cl\/wp-content\/uploads\/2024\/05\/9d467df0-4a71-4ff2-b61a-7d78bfcab806.jpg\" data-bg=\"f:contain;\" data-no-retina>\n<!---->\t\t\t\t\t<\/rs-slide>\n\t\t\t\t\t\t<rs-slide style=\"position: absolute;\" data-key=\"rs-350\" data-title=\"Slide\" data-thumb=\"\/\/www.memoriaestadionacional.cl\/wp-content\/uploads\/2024\/05\/605af33d-4bc8-4937-9a76-aab3df8f48f8-50x100.jpg\" data-in=\"o:0;\" data-out=\"a:false;\">\n\t\t\t\t\t\t\t<img decoding=\"async\" src=\"\/\/www.memoriaestadionacional.cl\/wp-content\/plugins\/revslider\/sr6\/assets\/assets\/dummy.png\" alt=\"\" title=\"Galer\u00eda\" class=\"rev-slidebg tp-rs-img rs-lazyload\" data-lazyload=\"\/\/www.memoriaestadionacional.cl\/wp-content\/uploads\/2024\/05\/605af33d-4bc8-4937-9a76-aab3df8f48f8.jpg\" data-bg=\"f:contain;\" data-no-retina>\n<!---->\t\t\t\t\t<\/rs-slide>\n\t\t\t\t\t\t<rs-slide style=\"position: absolute;\" data-key=\"rs-351\" data-title=\"Slide\" data-thumb=\"\/\/www.memoriaestadionacional.cl\/wp-content\/uploads\/2024\/05\/IMG_2177-50x100.jpg\" data-in=\"o:0;\" data-out=\"a:false;\">\n\t\t\t\t\t\t\t<img decoding=\"async\" src=\"\/\/www.memoriaestadionacional.cl\/wp-content\/plugins\/revslider\/sr6\/assets\/assets\/dummy.png\" alt=\"\" title=\"Galer\u00eda\" class=\"rev-slidebg tp-rs-img rs-lazyload\" data-lazyload=\"\/\/www.memoriaestadionacional.cl\/wp-content\/uploads\/2024\/05\/IMG_2177.jpg\" data-no-retina>\n<!---->\t\t\t\t\t<\/rs-slide>\n\t\t\t\t\t\t<rs-slide style=\"position: absolute;\" data-key=\"rs-352\" data-title=\"Slide\" data-thumb=\"\/\/www.memoriaestadionacional.cl\/wp-content\/uploads\/2024\/05\/IMG_2179-50x100.jpg\" data-in=\"o:0;\" data-out=\"a:false;\">\n\t\t\t\t\t\t\t<img decoding=\"async\" src=\"\/\/www.memoriaestadionacional.cl\/wp-content\/plugins\/revslider\/sr6\/assets\/assets\/dummy.png\" alt=\"\" title=\"Galer\u00eda\" class=\"rev-slidebg tp-rs-img rs-lazyload\" data-lazyload=\"\/\/www.memoriaestadionacional.cl\/wp-content\/uploads\/2024\/05\/IMG_2179.jpg\" data-no-retina>\n<!---->\t\t\t\t\t<\/rs-slide>\n\t\t\t\t\t\t<rs-slide style=\"position: absolute;\" data-key=\"rs-353\" data-title=\"Slide\" data-thumb=\"\/\/www.memoriaestadionacional.cl\/wp-content\/uploads\/2024\/05\/IMG_2186-50x100.jpg\" data-in=\"o:0;\" data-out=\"a:false;\">\n\t\t\t\t\t\t\t<img decoding=\"async\" src=\"\/\/www.memoriaestadionacional.cl\/wp-content\/plugins\/revslider\/sr6\/assets\/assets\/dummy.png\" alt=\"\" title=\"Galer\u00eda\" class=\"rev-slidebg tp-rs-img rs-lazyload\" data-lazyload=\"\/\/www.memoriaestadionacional.cl\/wp-content\/uploads\/2024\/05\/IMG_2186.jpg\" data-no-retina>\n<!---->\t\t\t\t\t<\/rs-slide>\n\t\t\t\t\t\t<rs-slide style=\"position: absolute;\" data-key=\"rs-354\" data-title=\"Slide\" data-thumb=\"\/\/www.memoriaestadionacional.cl\/wp-content\/uploads\/2024\/05\/IMG_2191-50x100.jpg\" data-in=\"o:0;\" data-out=\"a:false;\">\n\t\t\t\t\t\t\t<img decoding=\"async\" src=\"\/\/www.memoriaestadionacional.cl\/wp-content\/plugins\/revslider\/sr6\/assets\/assets\/dummy.png\" alt=\"\" title=\"Galer\u00eda\" class=\"rev-slidebg tp-rs-img rs-lazyload\" data-lazyload=\"\/\/www.memoriaestadionacional.cl\/wp-content\/uploads\/2024\/05\/IMG_2191.jpg\" data-no-retina>\n<!---->\t\t\t\t\t<\/rs-slide>\n\t\t\t\t\t\t<rs-slide style=\"position: absolute;\" data-key=\"rs-355\" data-title=\"Slide\" data-thumb=\"\/\/www.memoriaestadionacional.cl\/wp-content\/uploads\/2024\/05\/IMG_2207-50x100.jpg\" data-in=\"o:0;\" data-out=\"a:false;\">\n\t\t\t\t\t\t\t<img decoding=\"async\" src=\"\/\/www.memoriaestadionacional.cl\/wp-content\/plugins\/revslider\/sr6\/assets\/assets\/dummy.png\" alt=\"\" title=\"Galer\u00eda\" class=\"rev-slidebg tp-rs-img rs-lazyload\" data-lazyload=\"\/\/www.memoriaestadionacional.cl\/wp-content\/uploads\/2024\/05\/IMG_2207.jpg\" data-no-retina>\n<!---->\t\t\t\t\t<\/rs-slide>\n\t\t\t\t\t\t<rs-slide style=\"position: absolute;\" data-key=\"rs-356\" data-title=\"Slide\" data-thumb=\"\/\/www.memoriaestadionacional.cl\/wp-content\/uploads\/2024\/05\/IMG_2215-50x100.jpg\" data-in=\"o:0;\" data-out=\"a:false;\">\n\t\t\t\t\t\t\t<img decoding=\"async\" src=\"\/\/www.memoriaestadionacional.cl\/wp-content\/plugins\/revslider\/sr6\/assets\/assets\/dummy.png\" alt=\"\" title=\"Galer\u00eda\" class=\"rev-slidebg tp-rs-img rs-lazyload\" data-lazyload=\"\/\/www.memoriaestadionacional.cl\/wp-content\/uploads\/2024\/05\/IMG_2215.jpg\" data-bg=\"f:contain;\" data-no-retina>\n<!---->\t\t\t\t\t<\/rs-slide>\n\t\t\t\t\t\t<rs-slide style=\"position: absolute;\" data-key=\"rs-357\" data-title=\"Slide\" data-thumb=\"\/\/www.memoriaestadionacional.cl\/wp-content\/uploads\/2024\/05\/IMG_2221-50x100.jpg\" data-in=\"o:0;\" data-out=\"a:false;\">\n\t\t\t\t\t\t\t<img decoding=\"async\" src=\"\/\/www.memoriaestadionacional.cl\/wp-content\/plugins\/revslider\/sr6\/assets\/assets\/dummy.png\" alt=\"\" title=\"Galer\u00eda\" class=\"rev-slidebg tp-rs-img rs-lazyload\" data-lazyload=\"\/\/www.memoriaestadionacional.cl\/wp-content\/uploads\/2024\/05\/IMG_2221.jpg\" data-no-retina>\n<!---->\t\t\t\t\t<\/rs-slide>\n\t\t\t\t\t<\/rs-slides>\n\t\t\t\t<\/rs-module>\n\t\t\t\t<script>\n\t\t\t\t\tsetREVStartSize({c: 'rev_slider_43_29',rl:[1240,1024,778,480],el:[900],gw:[1240],gh:[900],type:'carousel',justify:'',layout:'fullwidth',mh:\"0\"});if (window.RS_MODULES!==undefined && window.RS_MODULES.modules!==undefined && window.RS_MODULES.modules[\"revslider4329\"]!==undefined) {window.RS_MODULES.modules[\"revslider4329\"].once = false;window.revapi43 = undefined;if (window.RS_MODULES.checkMinimal!==undefined) window.RS_MODULES.checkMinimal()}\n\t\t\t\t<\/script>\n\t\t\t<\/rs-module-wrap>\n\t\t\t<!-- END REVOLUTION SLIDER -->\n<\/div><\/div><\/div><\/div><\/div><div class=\"vc-row-container row-stretch\"><div data-vc-full-width=\"true\"  data-vc-full-width-init=\"false\" class=\"vc_row wpb_row vc_row-fluid\"><div class=\"wpb_column vc_column_container vc_col-sm-12\"><div class=\"vc_column-inner\"><div class=\"wpb_wrapper\"><div class=\"vc_empty_space\"   style=\"height: 50px\"><span class=\"vc_empty_space_inner\"><\/span><\/div><\/div><\/div><\/div><\/div><\/div><div class=\"vc-row-container row-stretch\"><div data-vc-full-width=\"true\"  data-vc-full-width-init=\"false\" class=\"vc_row wpb_row vc_row-fluid\"><div class=\"wpb_column vc_column_container vc_col-sm-12\"><div class=\"vc_column-inner\"><div class=\"wpb_wrapper\">\n\t<div class=\"wpb_text_column wpb_content_element wpb_animate_when_almost_visible wpb_fadeIn fadeIn\" >\n\t\t<div class=\"wpb_wrapper\">\n\t\t\t<h5 style=\"text-align: center;\"><span style=\"color: #e79e47;\">[<\/span>GALER\u00cdA<span style=\"color: #e79e47;\">]<\/span><\/h5>\n\n\t\t<\/div>\n\t<\/div>\n<h1 style=\"text-align: center\" class=\"vc_custom_heading vc_do_custom_heading wpb_animate_when_almost_visible wpb_fadeIn fadeIn\" >Tapices del Mono Gonz\u00e1lez: A 50 a\u00f1os del Golpe<\/h1><div class=\"vc_separator wpb_content_element vc_separator_align_center vc_sep_width_10 vc_sep_border_width_5 vc_sep_pos_align_center vc_separator_no_text wpb_content_element  wpb_content_element wpb_animate_when_almost_visible wpb_fadeIn fadeIn wpb_animate_when_almost_visible wpb_fadeIn fadeIn\" ><span class=\"vc_sep_holder vc_sep_holder_l\"><span style=\"border-color:#e79e47;\" class=\"vc_sep_line\"><\/span><\/span><span class=\"vc_sep_holder vc_sep_holder_r\"><span style=\"border-color:#e79e47;\" class=\"vc_sep_line\"><\/span><\/span>\n<\/div><div class=\"vc_empty_space\"   style=\"height: 32px\"><span class=\"vc_empty_space_inner\"><\/span><\/div>\n\t\t\t<!-- START Tapices del Mono Gonz\u00e1lez: A 50 a\u00f1os del Golpe REVOLUTION SLIDER 6.7.41 --><p class=\"rs-p-wp-fix\"><\/p>\n\t\t\t<rs-module-wrap id=\"rev_slider_39_30_wrapper\" data-source=\"gallery\" style=\"visibility:hidden;background:transparent;padding:0;margin:0px auto;margin-top:0;margin-bottom:0;\">\n\t\t\t\t<rs-module id=\"rev_slider_39_30\" style=\"\" data-version=\"6.7.41\">\n\t\t\t\t\t<rs-slides style=\"overflow: hidden; position: absolute;\">\n\t\t\t\t\t\t<rs-slide style=\"position: absolute;\" data-key=\"rs-319\" data-title=\"Slide\" data-thumb=\"\/\/www.memoriaestadionacional.cl\/wp-content\/uploads\/2024\/04\/Copia-de-IMG_1773-2-50x100.jpg\" data-in=\"o:0;\" data-out=\"a:false;\">\n\t\t\t\t\t\t\t<img decoding=\"async\" src=\"\/\/www.memoriaestadionacional.cl\/wp-content\/plugins\/revslider\/sr6\/assets\/assets\/dummy.png\" alt=\"\" title=\"Galer\u00eda\" class=\"rev-slidebg tp-rs-img rs-lazyload\" data-lazyload=\"\/\/www.memoriaestadionacional.cl\/wp-content\/uploads\/2024\/04\/Copia-de-IMG_1773-2.jpg\" data-bg=\"f:contain;\" data-no-retina>\n<!---->\t\t\t\t\t<\/rs-slide>\n\t\t\t\t\t\t<rs-slide style=\"position: absolute;\" data-key=\"rs-320\" data-title=\"Slide\" data-thumb=\"\/\/www.memoriaestadionacional.cl\/wp-content\/uploads\/2024\/04\/Copia-de-IMG_1774-2-50x100.jpg\" data-in=\"o:0;\" data-out=\"a:false;\">\n\t\t\t\t\t\t\t<img decoding=\"async\" src=\"\/\/www.memoriaestadionacional.cl\/wp-content\/plugins\/revslider\/sr6\/assets\/assets\/dummy.png\" alt=\"\" title=\"Galer\u00eda\" class=\"rev-slidebg tp-rs-img rs-lazyload\" data-lazyload=\"\/\/www.memoriaestadionacional.cl\/wp-content\/uploads\/2024\/04\/Copia-de-IMG_1774-2.jpg\" data-bg=\"f:contain;\" data-no-retina>\n<!---->\t\t\t\t\t<\/rs-slide>\n\t\t\t\t\t\t<rs-slide style=\"position: absolute;\" data-key=\"rs-321\" data-title=\"Slide\" data-thumb=\"\/\/www.memoriaestadionacional.cl\/wp-content\/uploads\/2024\/04\/Copia-de-IMG_1776-2-50x100.jpg\" data-in=\"o:0;\" data-out=\"a:false;\">\n\t\t\t\t\t\t\t<img decoding=\"async\" src=\"\/\/www.memoriaestadionacional.cl\/wp-content\/plugins\/revslider\/sr6\/assets\/assets\/dummy.png\" alt=\"\" title=\"Galer\u00eda\" class=\"rev-slidebg tp-rs-img rs-lazyload\" data-lazyload=\"\/\/www.memoriaestadionacional.cl\/wp-content\/uploads\/2024\/04\/Copia-de-IMG_1776-2.jpg\" data-no-retina>\n<!---->\t\t\t\t\t<\/rs-slide>\n\t\t\t\t\t\t<rs-slide style=\"position: absolute;\" data-key=\"rs-322\" data-title=\"Slide\" data-thumb=\"\/\/www.memoriaestadionacional.cl\/wp-content\/uploads\/2024\/04\/Copia-de-IMG_1777-2-50x100.jpg\" data-in=\"o:0;\" data-out=\"a:false;\">\n\t\t\t\t\t\t\t<img decoding=\"async\" src=\"\/\/www.memoriaestadionacional.cl\/wp-content\/plugins\/revslider\/sr6\/assets\/assets\/dummy.png\" alt=\"\" title=\"Galer\u00eda\" class=\"rev-slidebg tp-rs-img rs-lazyload\" data-lazyload=\"\/\/www.memoriaestadionacional.cl\/wp-content\/uploads\/2024\/04\/Copia-de-IMG_1777-2.jpg\" data-bg=\"f:contain;\" data-no-retina>\n<!---->\t\t\t\t\t<\/rs-slide>\n\t\t\t\t\t\t<rs-slide style=\"position: absolute;\" data-key=\"rs-323\" data-title=\"Slide\" data-thumb=\"\/\/www.memoriaestadionacional.cl\/wp-content\/uploads\/2024\/04\/Copia-de-IMG_1778-2-50x100.jpg\" data-in=\"o:0;\" data-out=\"a:false;\">\n\t\t\t\t\t\t\t<img decoding=\"async\" src=\"\/\/www.memoriaestadionacional.cl\/wp-content\/plugins\/revslider\/sr6\/assets\/assets\/dummy.png\" alt=\"\" title=\"Galer\u00eda\" class=\"rev-slidebg tp-rs-img rs-lazyload\" data-lazyload=\"\/\/www.memoriaestadionacional.cl\/wp-content\/uploads\/2024\/04\/Copia-de-IMG_1778-2.jpg\" data-bg=\"f:contain;\" data-no-retina>\n<!---->\t\t\t\t\t<\/rs-slide>\n\t\t\t\t\t\t<rs-slide style=\"position: absolute;\" data-key=\"rs-324\" data-title=\"Slide\" data-thumb=\"\/\/www.memoriaestadionacional.cl\/wp-content\/uploads\/2024\/04\/Copia-de-IMG_1780-2-50x100.jpg\" data-in=\"o:0;\" data-out=\"a:false;\">\n\t\t\t\t\t\t\t<img decoding=\"async\" src=\"\/\/www.memoriaestadionacional.cl\/wp-content\/plugins\/revslider\/sr6\/assets\/assets\/dummy.png\" alt=\"\" title=\"Galer\u00eda\" class=\"rev-slidebg tp-rs-img rs-lazyload\" data-lazyload=\"\/\/www.memoriaestadionacional.cl\/wp-content\/uploads\/2024\/04\/Copia-de-IMG_1780-2.jpg\" data-no-retina>\n<!---->\t\t\t\t\t<\/rs-slide>\n\t\t\t\t\t\t<rs-slide style=\"position: absolute;\" data-key=\"rs-325\" data-title=\"Slide\" data-thumb=\"\/\/www.memoriaestadionacional.cl\/wp-content\/uploads\/2024\/04\/Copia-de-IMG_1799-2-50x100.jpg\" data-in=\"o:0;\" data-out=\"a:false;\">\n\t\t\t\t\t\t\t<img decoding=\"async\" src=\"\/\/www.memoriaestadionacional.cl\/wp-content\/plugins\/revslider\/sr6\/assets\/assets\/dummy.png\" alt=\"\" title=\"Galer\u00eda\" class=\"rev-slidebg tp-rs-img rs-lazyload\" data-lazyload=\"\/\/www.memoriaestadionacional.cl\/wp-content\/uploads\/2024\/04\/Copia-de-IMG_1799-2.jpg\" data-no-retina>\n<!---->\t\t\t\t\t<\/rs-slide>\n\t\t\t\t\t\t<rs-slide style=\"position: absolute;\" data-key=\"rs-326\" data-title=\"Slide\" data-thumb=\"\/\/www.memoriaestadionacional.cl\/wp-content\/uploads\/2024\/04\/Copia-de-IMG_1801-2-50x100.jpg\" data-in=\"o:0;\" data-out=\"a:false;\">\n\t\t\t\t\t\t\t<img decoding=\"async\" src=\"\/\/www.memoriaestadionacional.cl\/wp-content\/plugins\/revslider\/sr6\/assets\/assets\/dummy.png\" alt=\"\" title=\"Galer\u00eda\" class=\"rev-slidebg tp-rs-img rs-lazyload\" data-lazyload=\"\/\/www.memoriaestadionacional.cl\/wp-content\/uploads\/2024\/04\/Copia-de-IMG_1801-2.jpg\" data-no-retina>\n<!---->\t\t\t\t\t<\/rs-slide>\n\t\t\t\t\t\t<rs-slide style=\"position: absolute;\" data-key=\"rs-327\" data-title=\"Slide\" data-thumb=\"\/\/www.memoriaestadionacional.cl\/wp-content\/uploads\/2024\/04\/Copia-de-IMG_1805-2-50x100.jpg\" data-in=\"o:0;\" data-out=\"a:false;\">\n\t\t\t\t\t\t\t<img decoding=\"async\" src=\"\/\/www.memoriaestadionacional.cl\/wp-content\/plugins\/revslider\/sr6\/assets\/assets\/dummy.png\" alt=\"\" title=\"Galer\u00eda\" class=\"rev-slidebg tp-rs-img rs-lazyload\" data-lazyload=\"\/\/www.memoriaestadionacional.cl\/wp-content\/uploads\/2024\/04\/Copia-de-IMG_1805-2.jpg\" data-no-retina>\n<!---->\t\t\t\t\t<\/rs-slide>\n\t\t\t\t\t\t<rs-slide style=\"position: absolute;\" data-key=\"rs-328\" data-title=\"Slide\" data-thumb=\"\/\/www.memoriaestadionacional.cl\/wp-content\/uploads\/2024\/04\/Copia-de-IMG_1809-2-50x100.jpg\" data-in=\"o:0;\" data-out=\"a:false;\">\n\t\t\t\t\t\t\t<img decoding=\"async\" src=\"\/\/www.memoriaestadionacional.cl\/wp-content\/plugins\/revslider\/sr6\/assets\/assets\/dummy.png\" alt=\"\" title=\"Galer\u00eda\" class=\"rev-slidebg tp-rs-img rs-lazyload\" data-lazyload=\"\/\/www.memoriaestadionacional.cl\/wp-content\/uploads\/2024\/04\/Copia-de-IMG_1809-2.jpg\" data-no-retina>\n<!---->\t\t\t\t\t<\/rs-slide>\n\t\t\t\t\t\t<rs-slide style=\"position: absolute;\" data-key=\"rs-329\" data-title=\"Slide\" data-thumb=\"\/\/www.memoriaestadionacional.cl\/wp-content\/uploads\/2024\/04\/Copia-de-IMG_1820-50x100.jpg\" data-in=\"o:0;\" data-out=\"a:false;\">\n\t\t\t\t\t\t\t<img decoding=\"async\" src=\"\/\/www.memoriaestadionacional.cl\/wp-content\/plugins\/revslider\/sr6\/assets\/assets\/dummy.png\" alt=\"\" title=\"Galer\u00eda\" class=\"rev-slidebg tp-rs-img rs-lazyload\" data-lazyload=\"\/\/www.memoriaestadionacional.cl\/wp-content\/uploads\/2024\/04\/Copia-de-IMG_1820.jpg\" data-no-retina>\n<!---->\t\t\t\t\t<\/rs-slide>\n\t\t\t\t\t<\/rs-slides>\n\t\t\t\t<\/rs-module>\n\t\t\t\t<script>\n\t\t\t\t\tsetREVStartSize({c: 'rev_slider_39_30',rl:[1240,1024,778,480],el:[900],gw:[1240],gh:[900],type:'carousel',justify:'',layout:'fullwidth',mh:\"0\"});if (window.RS_MODULES!==undefined && window.RS_MODULES.modules!==undefined && window.RS_MODULES.modules[\"revslider3930\"]!==undefined) {window.RS_MODULES.modules[\"revslider3930\"].once = false;window.revapi39 = undefined;if (window.RS_MODULES.checkMinimal!==undefined) window.RS_MODULES.checkMinimal()}\n\t\t\t\t<\/script>\n\t\t\t<\/rs-module-wrap>\n\t\t\t<!-- END REVOLUTION SLIDER -->\n<\/div><\/div><\/div><\/div><\/div><div class=\"vc-row-container row-stretch\"><div data-vc-full-width=\"true\"  data-vc-full-width-init=\"false\" class=\"vc_row wpb_row vc_row-fluid\"><div class=\"wpb_column vc_column_container vc_col-sm-12\"><div class=\"vc_column-inner\"><div class=\"wpb_wrapper\"><div class=\"vc_empty_space\"   style=\"height: 50px\"><span class=\"vc_empty_space_inner\"><\/span><\/div><\/div><\/div><\/div><\/div><\/div><div class=\"vc-row-container row-stretch\"><div data-vc-full-width=\"true\"  data-vc-full-width-init=\"false\" class=\"vc_row wpb_row vc_row-fluid\"><div class=\"wpb_column vc_column_container vc_col-sm-12\"><div class=\"vc_column-inner\"><div class=\"wpb_wrapper\">\n\t<div class=\"wpb_text_column wpb_content_element wpb_animate_when_almost_visible wpb_fadeIn fadeIn\" >\n\t\t<div class=\"wpb_wrapper\">\n\t\t\t<h5 style=\"text-align: center;\"><span style=\"color: #e79e47;\">[<\/span>GALER\u00cdA<span style=\"color: #e79e47;\">]<\/span><\/h5>\n\n\t\t<\/div>\n\t<\/div>\n<h1 style=\"text-align: center\" class=\"vc_custom_heading vc_do_custom_heading wpb_animate_when_almost_visible wpb_fadeIn fadeIn\" >Exposici\u00f3n Mujeres de una Patria Roja y Negra - Jos\u00e9 Venturelli<\/h1><div class=\"vc_separator wpb_content_element vc_separator_align_center vc_sep_width_10 vc_sep_border_width_5 vc_sep_pos_align_center vc_separator_no_text wpb_content_element  wpb_content_element wpb_animate_when_almost_visible wpb_fadeIn fadeIn wpb_animate_when_almost_visible wpb_fadeIn fadeIn\" ><span class=\"vc_sep_holder vc_sep_holder_l\"><span style=\"border-color:#e79e47;\" class=\"vc_sep_line\"><\/span><\/span><span class=\"vc_sep_holder vc_sep_holder_r\"><span style=\"border-color:#e79e47;\" class=\"vc_sep_line\"><\/span><\/span>\n<\/div><div class=\"vc_empty_space\"   style=\"height: 32px\"><span class=\"vc_empty_space_inner\"><\/span><\/div>\n\t\t\t<!-- START Exposici\u00f3n Mujeres de una Patria Roja y Negra  Jos\u00e9 Venturelli REVOLUTION SLIDER 6.7.41 --><p class=\"rs-p-wp-fix\"><\/p>\n\t\t\t<rs-module-wrap id=\"rev_slider_38_31_wrapper\" data-source=\"gallery\" style=\"visibility:hidden;background:transparent;padding:0;margin:0px auto;margin-top:0;margin-bottom:0;\">\n\t\t\t\t<rs-module id=\"rev_slider_38_31\" style=\"\" data-version=\"6.7.41\">\n\t\t\t\t\t<rs-slides style=\"overflow: hidden; position: absolute;\">\n\t\t\t\t\t\t<rs-slide style=\"position: absolute;\" data-key=\"rs-305\" data-title=\"Slide\" data-thumb=\"\/\/www.memoriaestadionacional.cl\/wp-content\/uploads\/2024\/04\/Copia-de-IMG_1505-50x100.jpg\" data-in=\"o:0;\" data-out=\"a:false;\">\n\t\t\t\t\t\t\t<img decoding=\"async\" src=\"\/\/www.memoriaestadionacional.cl\/wp-content\/plugins\/revslider\/sr6\/assets\/assets\/dummy.png\" alt=\"\" title=\"Galer\u00eda\" class=\"rev-slidebg tp-rs-img rs-lazyload\" data-lazyload=\"\/\/www.memoriaestadionacional.cl\/wp-content\/uploads\/2024\/04\/Copia-de-IMG_1505.jpg\" data-no-retina>\n<!---->\t\t\t\t\t<\/rs-slide>\n\t\t\t\t\t\t<rs-slide style=\"position: absolute;\" data-key=\"rs-306\" data-title=\"Slide\" data-thumb=\"\/\/www.memoriaestadionacional.cl\/wp-content\/uploads\/2024\/04\/Copia-de-IMG_1523-50x100.jpg\" data-in=\"o:0;\" data-out=\"a:false;\">\n\t\t\t\t\t\t\t<img decoding=\"async\" src=\"\/\/www.memoriaestadionacional.cl\/wp-content\/plugins\/revslider\/sr6\/assets\/assets\/dummy.png\" alt=\"\" title=\"Galer\u00eda\" class=\"rev-slidebg tp-rs-img rs-lazyload\" data-lazyload=\"\/\/www.memoriaestadionacional.cl\/wp-content\/uploads\/2024\/04\/Copia-de-IMG_1523.jpg\" data-no-retina>\n<!---->\t\t\t\t\t<\/rs-slide>\n\t\t\t\t\t\t<rs-slide style=\"position: absolute;\" data-key=\"rs-307\" data-title=\"Slide\" data-thumb=\"\/\/www.memoriaestadionacional.cl\/wp-content\/uploads\/2024\/04\/Copia-de-IMG_1524-50x100.jpg\" data-in=\"o:0;\" data-out=\"a:false;\">\n\t\t\t\t\t\t\t<img decoding=\"async\" src=\"\/\/www.memoriaestadionacional.cl\/wp-content\/plugins\/revslider\/sr6\/assets\/assets\/dummy.png\" alt=\"\" title=\"Galer\u00eda\" class=\"rev-slidebg tp-rs-img rs-lazyload\" data-lazyload=\"\/\/www.memoriaestadionacional.cl\/wp-content\/uploads\/2024\/04\/Copia-de-IMG_1524.jpg\" data-no-retina>\n<!---->\t\t\t\t\t<\/rs-slide>\n\t\t\t\t\t\t<rs-slide style=\"position: absolute;\" data-key=\"rs-308\" data-title=\"Slide\" data-thumb=\"\/\/www.memoriaestadionacional.cl\/wp-content\/uploads\/2024\/04\/Copia-de-IMG_1509-1-50x100.jpg\" data-in=\"o:0;\" data-out=\"a:false;\">\n\t\t\t\t\t\t\t<img decoding=\"async\" src=\"\/\/www.memoriaestadionacional.cl\/wp-content\/plugins\/revslider\/sr6\/assets\/assets\/dummy.png\" alt=\"\" title=\"Galer\u00eda\" class=\"rev-slidebg tp-rs-img rs-lazyload\" data-lazyload=\"\/\/www.memoriaestadionacional.cl\/wp-content\/uploads\/2024\/04\/Copia-de-IMG_1509-1.jpg\" data-bg=\"f:contain;\" data-no-retina>\n<!---->\t\t\t\t\t<\/rs-slide>\n\t\t\t\t\t\t<rs-slide style=\"position: absolute;\" data-key=\"rs-309\" data-title=\"Slide\" data-thumb=\"\/\/www.memoriaestadionacional.cl\/wp-content\/uploads\/2024\/04\/Copia-de-IMG_1510-50x100.jpg\" data-in=\"o:0;\" data-out=\"a:false;\">\n\t\t\t\t\t\t\t<img decoding=\"async\" src=\"\/\/www.memoriaestadionacional.cl\/wp-content\/plugins\/revslider\/sr6\/assets\/assets\/dummy.png\" alt=\"\" title=\"Galer\u00eda\" class=\"rev-slidebg tp-rs-img rs-lazyload\" data-lazyload=\"\/\/www.memoriaestadionacional.cl\/wp-content\/uploads\/2024\/04\/Copia-de-IMG_1510.jpg\" data-bg=\"f:contain;\" data-no-retina>\n<!---->\t\t\t\t\t<\/rs-slide>\n\t\t\t\t\t\t<rs-slide style=\"position: absolute;\" data-key=\"rs-310\" data-title=\"Slide\" data-thumb=\"\/\/www.memoriaestadionacional.cl\/wp-content\/uploads\/2024\/04\/Copia-de-IMG_1511-50x100.jpg\" data-in=\"o:0;\" data-out=\"a:false;\">\n\t\t\t\t\t\t\t<img decoding=\"async\" src=\"\/\/www.memoriaestadionacional.cl\/wp-content\/plugins\/revslider\/sr6\/assets\/assets\/dummy.png\" alt=\"\" title=\"Galer\u00eda\" class=\"rev-slidebg tp-rs-img rs-lazyload\" data-lazyload=\"\/\/www.memoriaestadionacional.cl\/wp-content\/uploads\/2024\/04\/Copia-de-IMG_1511.jpg\" data-bg=\"f:contain;\" data-no-retina>\n<!---->\t\t\t\t\t<\/rs-slide>\n\t\t\t\t\t\t<rs-slide style=\"position: absolute;\" data-key=\"rs-311\" data-title=\"Slide\" data-thumb=\"\/\/www.memoriaestadionacional.cl\/wp-content\/uploads\/2024\/04\/Copia-de-IMG_1519-50x100.jpg\" data-in=\"o:0;\" data-out=\"a:false;\">\n\t\t\t\t\t\t\t<img decoding=\"async\" src=\"\/\/www.memoriaestadionacional.cl\/wp-content\/plugins\/revslider\/sr6\/assets\/assets\/dummy.png\" alt=\"\" title=\"Galer\u00eda\" class=\"rev-slidebg tp-rs-img rs-lazyload\" data-lazyload=\"\/\/www.memoriaestadionacional.cl\/wp-content\/uploads\/2024\/04\/Copia-de-IMG_1519.jpg\" data-no-retina>\n<!---->\t\t\t\t\t<\/rs-slide>\n\t\t\t\t\t\t<rs-slide style=\"position: absolute;\" data-key=\"rs-312\" data-title=\"Slide\" data-thumb=\"\/\/www.memoriaestadionacional.cl\/wp-content\/uploads\/2024\/04\/Copia-de-IMG_1520-50x100.jpg\" data-in=\"o:0;\" data-out=\"a:false;\">\n\t\t\t\t\t\t\t<img decoding=\"async\" src=\"\/\/www.memoriaestadionacional.cl\/wp-content\/plugins\/revslider\/sr6\/assets\/assets\/dummy.png\" alt=\"\" title=\"Galer\u00eda\" class=\"rev-slidebg tp-rs-img rs-lazyload\" data-lazyload=\"\/\/www.memoriaestadionacional.cl\/wp-content\/uploads\/2024\/04\/Copia-de-IMG_1520.jpg\" data-no-retina>\n<!---->\t\t\t\t\t<\/rs-slide>\n\t\t\t\t\t\t<rs-slide style=\"position: absolute;\" data-key=\"rs-313\" data-title=\"Slide\" data-thumb=\"\/\/www.memoriaestadionacional.cl\/wp-content\/uploads\/2024\/04\/Copia-de-IMG_1522-50x100.jpg\" data-in=\"o:0;\" data-out=\"a:false;\">\n\t\t\t\t\t\t\t<img decoding=\"async\" src=\"\/\/www.memoriaestadionacional.cl\/wp-content\/plugins\/revslider\/sr6\/assets\/assets\/dummy.png\" alt=\"\" title=\"Galer\u00eda\" class=\"rev-slidebg tp-rs-img rs-lazyload\" data-lazyload=\"\/\/www.memoriaestadionacional.cl\/wp-content\/uploads\/2024\/04\/Copia-de-IMG_1522.jpg\" data-no-retina>\n<!---->\t\t\t\t\t<\/rs-slide>\n\t\t\t\t\t\t<rs-slide style=\"position: absolute;\" data-key=\"rs-314\" data-title=\"Slide\" data-thumb=\"\/\/www.memoriaestadionacional.cl\/wp-content\/uploads\/2024\/04\/Copia-de-IMG_1526-1-50x100.jpg\" data-in=\"o:0;\" data-out=\"a:false;\">\n\t\t\t\t\t\t\t<img decoding=\"async\" src=\"\/\/www.memoriaestadionacional.cl\/wp-content\/plugins\/revslider\/sr6\/assets\/assets\/dummy.png\" alt=\"\" title=\"Galer\u00eda\" class=\"rev-slidebg tp-rs-img rs-lazyload\" data-lazyload=\"\/\/www.memoriaestadionacional.cl\/wp-content\/uploads\/2024\/04\/Copia-de-IMG_1526-1.jpg\" data-no-retina>\n<!---->\t\t\t\t\t<\/rs-slide>\n\t\t\t\t\t\t<rs-slide style=\"position: absolute;\" data-key=\"rs-315\" data-title=\"Slide\" data-thumb=\"\/\/www.memoriaestadionacional.cl\/wp-content\/uploads\/2024\/04\/Copia-de-IMG_1530-50x100.jpg\" data-in=\"o:0;\" data-out=\"a:false;\">\n\t\t\t\t\t\t\t<img decoding=\"async\" src=\"\/\/www.memoriaestadionacional.cl\/wp-content\/plugins\/revslider\/sr6\/assets\/assets\/dummy.png\" alt=\"\" title=\"Galer\u00eda\" class=\"rev-slidebg tp-rs-img rs-lazyload\" data-lazyload=\"\/\/www.memoriaestadionacional.cl\/wp-content\/uploads\/2024\/04\/Copia-de-IMG_1530.jpg\" data-no-retina>\n<!---->\t\t\t\t\t<\/rs-slide>\n\t\t\t\t\t\t<rs-slide style=\"position: absolute;\" data-key=\"rs-316\" data-title=\"Slide\" data-thumb=\"\/\/www.memoriaestadionacional.cl\/wp-content\/uploads\/2024\/04\/Copia-de-IMG_1535-50x100.jpg\" data-in=\"o:0;\" data-out=\"a:false;\">\n\t\t\t\t\t\t\t<img decoding=\"async\" src=\"\/\/www.memoriaestadionacional.cl\/wp-content\/plugins\/revslider\/sr6\/assets\/assets\/dummy.png\" alt=\"\" title=\"Galer\u00eda\" class=\"rev-slidebg tp-rs-img rs-lazyload\" data-lazyload=\"\/\/www.memoriaestadionacional.cl\/wp-content\/uploads\/2024\/04\/Copia-de-IMG_1535.jpg\" data-no-retina>\n<!---->\t\t\t\t\t<\/rs-slide>\n\t\t\t\t\t<\/rs-slides>\n\t\t\t\t<\/rs-module>\n\t\t\t\t<script>\n\t\t\t\t\tsetREVStartSize({c: 'rev_slider_38_31',rl:[1240,1024,778,480],el:[900],gw:[1240],gh:[900],type:'carousel',justify:'',layout:'fullwidth',mh:\"0\"});if (window.RS_MODULES!==undefined && window.RS_MODULES.modules!==undefined && window.RS_MODULES.modules[\"revslider3831\"]!==undefined) {window.RS_MODULES.modules[\"revslider3831\"].once = false;window.revapi38 = undefined;if (window.RS_MODULES.checkMinimal!==undefined) window.RS_MODULES.checkMinimal()}\n\t\t\t\t<\/script>\n\t\t\t<\/rs-module-wrap>\n\t\t\t<!-- END REVOLUTION SLIDER -->\n<\/div><\/div><\/div><\/div><\/div><div class=\"vc-row-container row-stretch\"><div data-vc-full-width=\"true\"  data-vc-full-width-init=\"false\" class=\"vc_row wpb_row vc_row-fluid\"><div class=\"wpb_column vc_column_container vc_col-sm-12\"><div class=\"vc_column-inner\"><div class=\"wpb_wrapper\"><div class=\"vc_empty_space\"   style=\"height: 50px\"><span class=\"vc_empty_space_inner\"><\/span><\/div><\/div><\/div><\/div><\/div><\/div><div class=\"vc-row-container row-stretch\"><div data-vc-full-width=\"true\"  data-vc-full-width-init=\"false\" class=\"vc_row wpb_row vc_row-fluid\"><div class=\"wpb_column vc_column_container vc_col-sm-12\"><div class=\"vc_column-inner\"><div class=\"wpb_wrapper\">\n\t<div class=\"wpb_text_column wpb_content_element wpb_animate_when_almost_visible wpb_fadeIn fadeIn\" >\n\t\t<div class=\"wpb_wrapper\">\n\t\t\t<h5 style=\"text-align: center;\"><span style=\"color: #e79e47;\">[<\/span>GALER\u00cdA<span style=\"color: #e79e47;\">]<\/span><\/h5>\n\n\t\t<\/div>\n\t<\/div>\n<h1 style=\"text-align: center\" class=\"vc_custom_heading vc_do_custom_heading wpb_animate_when_almost_visible wpb_fadeIn fadeIn\" >Conmemoraci\u00f3n 8M en sitio de memoria Camar\u00edn de Mujeres<\/h1><div class=\"vc_separator wpb_content_element vc_separator_align_center vc_sep_width_10 vc_sep_border_width_5 vc_sep_pos_align_center vc_separator_no_text wpb_content_element  wpb_content_element wpb_animate_when_almost_visible wpb_fadeIn fadeIn wpb_animate_when_almost_visible wpb_fadeIn fadeIn\" ><span class=\"vc_sep_holder vc_sep_holder_l\"><span style=\"border-color:#e79e47;\" class=\"vc_sep_line\"><\/span><\/span><span class=\"vc_sep_holder vc_sep_holder_r\"><span style=\"border-color:#e79e47;\" class=\"vc_sep_line\"><\/span><\/span>\n<\/div><div class=\"vc_empty_space\"   style=\"height: 32px\"><span class=\"vc_empty_space_inner\"><\/span><\/div>\n\t\t\t<!-- START Conmemoraci\u00f3n 8M en sitio de memoria Camar\u00edn de Mujeres REVOLUTION SLIDER 6.7.41 --><p class=\"rs-p-wp-fix\"><\/p>\n\t\t\t<rs-module-wrap id=\"rev_slider_37_32_wrapper\" data-source=\"gallery\" style=\"visibility:hidden;background:transparent;padding:0;margin:0px auto;margin-top:0;margin-bottom:0;\">\n\t\t\t\t<rs-module id=\"rev_slider_37_32\" style=\"\" data-version=\"6.7.41\">\n\t\t\t\t\t<rs-slides style=\"overflow: hidden; position: absolute;\">\n\t\t\t\t\t\t<rs-slide style=\"position: absolute;\" data-key=\"rs-286\" data-title=\"Slide\" data-thumb=\"\/\/www.memoriaestadionacional.cl\/wp-content\/uploads\/2024\/04\/Copia-de-DSC_0344-50x100.jpg\" data-in=\"o:0;\" data-out=\"a:false;\">\n\t\t\t\t\t\t\t<img decoding=\"async\" src=\"\/\/www.memoriaestadionacional.cl\/wp-content\/plugins\/revslider\/sr6\/assets\/assets\/dummy.png\" alt=\"\" title=\"Galer\u00eda\" class=\"rev-slidebg tp-rs-img rs-lazyload\" data-lazyload=\"\/\/www.memoriaestadionacional.cl\/wp-content\/uploads\/2024\/04\/Copia-de-DSC_0344.jpg\" data-no-retina>\n<!---->\t\t\t\t\t<\/rs-slide>\n\t\t\t\t\t\t<rs-slide style=\"position: absolute;\" data-key=\"rs-287\" data-title=\"Slide\" data-thumb=\"\/\/www.memoriaestadionacional.cl\/wp-content\/uploads\/2024\/04\/Copia-de-DSC_0349-50x100.jpg\" data-in=\"o:0;\" data-out=\"a:false;\">\n\t\t\t\t\t\t\t<img decoding=\"async\" src=\"\/\/www.memoriaestadionacional.cl\/wp-content\/plugins\/revslider\/sr6\/assets\/assets\/dummy.png\" alt=\"\" title=\"Galer\u00eda\" class=\"rev-slidebg tp-rs-img rs-lazyload\" data-lazyload=\"\/\/www.memoriaestadionacional.cl\/wp-content\/uploads\/2024\/04\/Copia-de-DSC_0349.jpg\" data-no-retina>\n<!---->\t\t\t\t\t<\/rs-slide>\n\t\t\t\t\t\t<rs-slide style=\"position: absolute;\" data-key=\"rs-288\" data-title=\"Slide\" data-thumb=\"\/\/www.memoriaestadionacional.cl\/wp-content\/uploads\/2024\/04\/Copia-de-DSC_0354-50x100.jpg\" data-in=\"o:0;\" data-out=\"a:false;\">\n\t\t\t\t\t\t\t<img decoding=\"async\" src=\"\/\/www.memoriaestadionacional.cl\/wp-content\/plugins\/revslider\/sr6\/assets\/assets\/dummy.png\" alt=\"\" title=\"Galer\u00eda\" class=\"rev-slidebg tp-rs-img rs-lazyload\" data-lazyload=\"\/\/www.memoriaestadionacional.cl\/wp-content\/uploads\/2024\/04\/Copia-de-DSC_0354.jpg\" data-no-retina>\n<!---->\t\t\t\t\t<\/rs-slide>\n\t\t\t\t\t\t<rs-slide style=\"position: absolute;\" data-key=\"rs-289\" data-title=\"Slide\" data-thumb=\"\/\/www.memoriaestadionacional.cl\/wp-content\/uploads\/2024\/04\/Copia-de-DSC_0356-50x100.jpg\" data-in=\"o:0;\" data-out=\"a:false;\">\n\t\t\t\t\t\t\t<img decoding=\"async\" src=\"\/\/www.memoriaestadionacional.cl\/wp-content\/plugins\/revslider\/sr6\/assets\/assets\/dummy.png\" alt=\"\" title=\"Galer\u00eda\" class=\"rev-slidebg tp-rs-img rs-lazyload\" data-lazyload=\"\/\/www.memoriaestadionacional.cl\/wp-content\/uploads\/2024\/04\/Copia-de-DSC_0356.jpg\" data-no-retina>\n<!---->\t\t\t\t\t<\/rs-slide>\n\t\t\t\t\t\t<rs-slide style=\"position: absolute;\" data-key=\"rs-290\" data-title=\"Slide\" data-thumb=\"\/\/www.memoriaestadionacional.cl\/wp-content\/uploads\/2024\/04\/Copia-de-DSC_0365-50x100.jpg\" data-in=\"o:0;\" data-out=\"a:false;\">\n\t\t\t\t\t\t\t<img decoding=\"async\" src=\"\/\/www.memoriaestadionacional.cl\/wp-content\/plugins\/revslider\/sr6\/assets\/assets\/dummy.png\" alt=\"\" title=\"Galer\u00eda\" class=\"rev-slidebg tp-rs-img rs-lazyload\" data-lazyload=\"\/\/www.memoriaestadionacional.cl\/wp-content\/uploads\/2024\/04\/Copia-de-DSC_0365.jpg\" data-no-retina>\n<!---->\t\t\t\t\t<\/rs-slide>\n\t\t\t\t\t\t<rs-slide style=\"position: absolute;\" data-key=\"rs-291\" data-title=\"Slide\" data-thumb=\"\/\/www.memoriaestadionacional.cl\/wp-content\/uploads\/2024\/04\/Copia-de-DSC_0370-50x100.jpg\" data-in=\"o:0;\" data-out=\"a:false;\">\n\t\t\t\t\t\t\t<img decoding=\"async\" src=\"\/\/www.memoriaestadionacional.cl\/wp-content\/plugins\/revslider\/sr6\/assets\/assets\/dummy.png\" alt=\"\" title=\"Galer\u00eda\" class=\"rev-slidebg tp-rs-img rs-lazyload\" data-lazyload=\"\/\/www.memoriaestadionacional.cl\/wp-content\/uploads\/2024\/04\/Copia-de-DSC_0370.jpg\" data-no-retina>\n<!---->\t\t\t\t\t<\/rs-slide>\n\t\t\t\t\t\t<rs-slide style=\"position: absolute;\" data-key=\"rs-292\" data-title=\"Slide\" data-thumb=\"\/\/www.memoriaestadionacional.cl\/wp-content\/uploads\/2024\/04\/Copia-de-DSC_0377-50x100.jpg\" data-in=\"o:0;\" data-out=\"a:false;\">\n\t\t\t\t\t\t\t<img decoding=\"async\" src=\"\/\/www.memoriaestadionacional.cl\/wp-content\/plugins\/revslider\/sr6\/assets\/assets\/dummy.png\" alt=\"\" title=\"Galer\u00eda\" class=\"rev-slidebg tp-rs-img rs-lazyload\" data-lazyload=\"\/\/www.memoriaestadionacional.cl\/wp-content\/uploads\/2024\/04\/Copia-de-DSC_0377.jpg\" data-no-retina>\n<!---->\t\t\t\t\t<\/rs-slide>\n\t\t\t\t\t\t<rs-slide style=\"position: absolute;\" data-key=\"rs-293\" data-title=\"Slide\" data-thumb=\"\/\/www.memoriaestadionacional.cl\/wp-content\/uploads\/2024\/04\/Copia-de-DSC_0380-50x100.jpg\" data-in=\"o:0;\" data-out=\"a:false;\">\n\t\t\t\t\t\t\t<img decoding=\"async\" src=\"\/\/www.memoriaestadionacional.cl\/wp-content\/plugins\/revslider\/sr6\/assets\/assets\/dummy.png\" alt=\"\" title=\"Galer\u00eda\" class=\"rev-slidebg tp-rs-img rs-lazyload\" data-lazyload=\"\/\/www.memoriaestadionacional.cl\/wp-content\/uploads\/2024\/04\/Copia-de-DSC_0380.jpg\" data-no-retina>\n<!---->\t\t\t\t\t<\/rs-slide>\n\t\t\t\t\t\t<rs-slide style=\"position: absolute;\" data-key=\"rs-294\" data-title=\"Slide\" data-thumb=\"\/\/www.memoriaestadionacional.cl\/wp-content\/uploads\/2024\/04\/Copia-de-DSC_0382-50x100.jpg\" data-in=\"o:0;\" data-out=\"a:false;\">\n\t\t\t\t\t\t\t<img decoding=\"async\" src=\"\/\/www.memoriaestadionacional.cl\/wp-content\/plugins\/revslider\/sr6\/assets\/assets\/dummy.png\" alt=\"\" title=\"Galer\u00eda\" class=\"rev-slidebg tp-rs-img rs-lazyload\" data-lazyload=\"\/\/www.memoriaestadionacional.cl\/wp-content\/uploads\/2024\/04\/Copia-de-DSC_0382.jpg\" data-no-retina>\n<!---->\t\t\t\t\t<\/rs-slide>\n\t\t\t\t\t\t<rs-slide style=\"position: absolute;\" data-key=\"rs-295\" data-title=\"Slide\" data-thumb=\"\/\/www.memoriaestadionacional.cl\/wp-content\/uploads\/2024\/04\/Copia-de-DSC_0392-50x100.jpg\" data-in=\"o:0;\" data-out=\"a:false;\">\n\t\t\t\t\t\t\t<img decoding=\"async\" src=\"\/\/www.memoriaestadionacional.cl\/wp-content\/plugins\/revslider\/sr6\/assets\/assets\/dummy.png\" alt=\"\" title=\"Galer\u00eda\" class=\"rev-slidebg tp-rs-img rs-lazyload\" data-lazyload=\"\/\/www.memoriaestadionacional.cl\/wp-content\/uploads\/2024\/04\/Copia-de-DSC_0392.jpg\" data-no-retina>\n<!---->\t\t\t\t\t<\/rs-slide>\n\t\t\t\t\t\t<rs-slide style=\"position: absolute;\" data-key=\"rs-296\" data-title=\"Slide\" data-thumb=\"\/\/www.memoriaestadionacional.cl\/wp-content\/uploads\/2024\/04\/Copia-de-DSC_0396-50x100.jpg\" data-in=\"o:0;\" data-out=\"a:false;\">\n\t\t\t\t\t\t\t<img decoding=\"async\" src=\"\/\/www.memoriaestadionacional.cl\/wp-content\/plugins\/revslider\/sr6\/assets\/assets\/dummy.png\" alt=\"\" title=\"Galer\u00eda\" class=\"rev-slidebg tp-rs-img rs-lazyload\" data-lazyload=\"\/\/www.memoriaestadionacional.cl\/wp-content\/uploads\/2024\/04\/Copia-de-DSC_0396.jpg\" data-no-retina>\n<!---->\t\t\t\t\t<\/rs-slide>\n\t\t\t\t\t\t<rs-slide style=\"position: absolute;\" data-key=\"rs-297\" data-title=\"Slide\" data-thumb=\"\/\/www.memoriaestadionacional.cl\/wp-content\/uploads\/2024\/04\/Copia-de-DSC_0408-50x100.jpg\" data-in=\"o:0;\" data-out=\"a:false;\">\n\t\t\t\t\t\t\t<img decoding=\"async\" src=\"\/\/www.memoriaestadionacional.cl\/wp-content\/plugins\/revslider\/sr6\/assets\/assets\/dummy.png\" alt=\"\" title=\"Galer\u00eda\" class=\"rev-slidebg tp-rs-img rs-lazyload\" data-lazyload=\"\/\/www.memoriaestadionacional.cl\/wp-content\/uploads\/2024\/04\/Copia-de-DSC_0408.jpg\" data-no-retina>\n<!---->\t\t\t\t\t<\/rs-slide>\n\t\t\t\t\t\t<rs-slide style=\"position: absolute;\" data-key=\"rs-298\" data-title=\"Slide\" data-thumb=\"\/\/www.memoriaestadionacional.cl\/wp-content\/uploads\/2024\/04\/Copia-de-DSC_0411-50x100.jpg\" data-in=\"o:0;\" data-out=\"a:false;\">\n\t\t\t\t\t\t\t<img decoding=\"async\" src=\"\/\/www.memoriaestadionacional.cl\/wp-content\/plugins\/revslider\/sr6\/assets\/assets\/dummy.png\" alt=\"\" title=\"Galer\u00eda\" class=\"rev-slidebg tp-rs-img rs-lazyload\" data-lazyload=\"\/\/www.memoriaestadionacional.cl\/wp-content\/uploads\/2024\/04\/Copia-de-DSC_0411.jpg\" data-no-retina>\n<!---->\t\t\t\t\t<\/rs-slide>\n\t\t\t\t\t\t<rs-slide style=\"position: absolute;\" data-key=\"rs-299\" data-title=\"Slide\" data-thumb=\"\/\/www.memoriaestadionacional.cl\/wp-content\/uploads\/2024\/04\/Copia-de-DSC_0422-50x100.jpg\" data-in=\"o:0;\" data-out=\"a:false;\">\n\t\t\t\t\t\t\t<img decoding=\"async\" src=\"\/\/www.memoriaestadionacional.cl\/wp-content\/plugins\/revslider\/sr6\/assets\/assets\/dummy.png\" alt=\"\" title=\"Galer\u00eda\" class=\"rev-slidebg tp-rs-img rs-lazyload\" data-lazyload=\"\/\/www.memoriaestadionacional.cl\/wp-content\/uploads\/2024\/04\/Copia-de-DSC_0422.jpg\" data-no-retina>\n<!---->\t\t\t\t\t<\/rs-slide>\n\t\t\t\t\t\t<rs-slide style=\"position: absolute;\" data-key=\"rs-300\" data-title=\"Slide\" data-thumb=\"\/\/www.memoriaestadionacional.cl\/wp-content\/uploads\/2024\/04\/Copia-de-DSC_0457-50x100.jpg\" data-in=\"o:0;\" data-out=\"a:false;\">\n\t\t\t\t\t\t\t<img decoding=\"async\" src=\"\/\/www.memoriaestadionacional.cl\/wp-content\/plugins\/revslider\/sr6\/assets\/assets\/dummy.png\" alt=\"\" title=\"Galer\u00eda\" class=\"rev-slidebg tp-rs-img rs-lazyload\" data-lazyload=\"\/\/www.memoriaestadionacional.cl\/wp-content\/uploads\/2024\/04\/Copia-de-DSC_0457.jpg\" data-no-retina>\n<!---->\t\t\t\t\t<\/rs-slide>\n\t\t\t\t\t\t<rs-slide style=\"position: absolute;\" data-key=\"rs-301\" data-title=\"Slide\" data-thumb=\"\/\/www.memoriaestadionacional.cl\/wp-content\/uploads\/2024\/04\/Copia-de-DSC_0462-50x100.jpg\" data-in=\"o:0;\" data-out=\"a:false;\">\n\t\t\t\t\t\t\t<img decoding=\"async\" src=\"\/\/www.memoriaestadionacional.cl\/wp-content\/plugins\/revslider\/sr6\/assets\/assets\/dummy.png\" alt=\"\" title=\"Galer\u00eda\" class=\"rev-slidebg tp-rs-img rs-lazyload\" data-lazyload=\"\/\/www.memoriaestadionacional.cl\/wp-content\/uploads\/2024\/04\/Copia-de-DSC_0462.jpg\" data-no-retina>\n<!---->\t\t\t\t\t<\/rs-slide>\n\t\t\t\t\t\t<rs-slide style=\"position: absolute;\" data-key=\"rs-302\" data-title=\"Slide\" data-thumb=\"\/\/www.memoriaestadionacional.cl\/wp-content\/uploads\/2024\/04\/Copia-de-DSC_0469-50x100.jpg\" data-in=\"o:0;\" data-out=\"a:false;\">\n\t\t\t\t\t\t\t<img decoding=\"async\" src=\"\/\/www.memoriaestadionacional.cl\/wp-content\/plugins\/revslider\/sr6\/assets\/assets\/dummy.png\" alt=\"\" title=\"Galer\u00eda\" class=\"rev-slidebg tp-rs-img rs-lazyload\" data-lazyload=\"\/\/www.memoriaestadionacional.cl\/wp-content\/uploads\/2024\/04\/Copia-de-DSC_0469.jpg\" data-no-retina>\n<!---->\t\t\t\t\t<\/rs-slide>\n\t\t\t\t\t<\/rs-slides>\n\t\t\t\t<\/rs-module>\n\t\t\t\t<script>\n\t\t\t\t\tsetREVStartSize({c: 'rev_slider_37_32',rl:[1240,1024,778,480],el:[900],gw:[1240],gh:[900],type:'carousel',justify:'',layout:'fullwidth',mh:\"0\"});if (window.RS_MODULES!==undefined && window.RS_MODULES.modules!==undefined && window.RS_MODULES.modules[\"revslider3732\"]!==undefined) {window.RS_MODULES.modules[\"revslider3732\"].once = false;window.revapi37 = undefined;if (window.RS_MODULES.checkMinimal!==undefined) window.RS_MODULES.checkMinimal()}\n\t\t\t\t<\/script>\n\t\t\t<\/rs-module-wrap>\n\t\t\t<!-- END REVOLUTION SLIDER -->\n<\/div><\/div><\/div><\/div><\/div><div class=\"vc-row-container row-stretch\"><div data-vc-full-width=\"true\"  data-vc-full-width-init=\"false\" class=\"vc_row wpb_row vc_row-fluid\"><div class=\"wpb_column vc_column_container vc_col-sm-12\"><div class=\"vc_column-inner\"><div class=\"wpb_wrapper\"><div class=\"vc_empty_space\"   style=\"height: 50px\"><span class=\"vc_empty_space_inner\"><\/span><\/div><\/div><\/div><\/div><\/div><\/div><div class=\"vc-row-container row-stretch\"><div data-vc-full-width=\"true\"  data-vc-full-width-init=\"false\" class=\"vc_row wpb_row vc_row-fluid\"><div class=\"wpb_column vc_column_container vc_col-sm-12\"><div class=\"vc_column-inner\"><div class=\"wpb_wrapper\">\n\t<div class=\"wpb_text_column wpb_content_element wpb_animate_when_almost_visible wpb_fadeIn fadeIn\" >\n\t\t<div class=\"wpb_wrapper\">\n\t\t\t<h5 style=\"text-align: center;\"><span style=\"color: #e79e47;\">[<\/span>GALER\u00cdA<span style=\"color: #e79e47;\">]<\/span><\/h5>\n\n\t\t<\/div>\n\t<\/div>\n<h1 style=\"text-align: center\" class=\"vc_custom_heading vc_do_custom_heading wpb_animate_when_almost_visible wpb_fadeIn fadeIn\" >Stand en los Juegos Panamericanos 2023<\/h1><div class=\"vc_separator wpb_content_element vc_separator_align_center vc_sep_width_10 vc_sep_border_width_5 vc_sep_pos_align_center vc_separator_no_text wpb_content_element  wpb_content_element wpb_animate_when_almost_visible wpb_fadeIn fadeIn wpb_animate_when_almost_visible wpb_fadeIn fadeIn\" ><span class=\"vc_sep_holder vc_sep_holder_l\"><span style=\"border-color:#e79e47;\" class=\"vc_sep_line\"><\/span><\/span><span class=\"vc_sep_holder vc_sep_holder_r\"><span style=\"border-color:#e79e47;\" class=\"vc_sep_line\"><\/span><\/span>\n<\/div><div class=\"vc_empty_space\"   style=\"height: 32px\"><span class=\"vc_empty_space_inner\"><\/span><\/div>\n\t\t\t<!-- START Stand en los Juegos Panamericanos 2023 REVOLUTION SLIDER 6.7.41 --><p class=\"rs-p-wp-fix\"><\/p>\n\t\t\t<rs-module-wrap id=\"rev_slider_31_33_wrapper\" data-source=\"gallery\" style=\"visibility:hidden;background:transparent;padding:0;margin:0px auto;margin-top:0;margin-bottom:0;\">\n\t\t\t\t<rs-module id=\"rev_slider_31_33\" style=\"\" data-version=\"6.7.41\">\n\t\t\t\t\t<rs-slides style=\"overflow: hidden; position: absolute;\">\n\t\t\t\t\t\t<rs-slide style=\"position: absolute;\" data-key=\"rs-216\" data-title=\"Slide\" data-thumb=\"\/\/www.memoriaestadionacional.cl\/wp-content\/uploads\/2023\/12\/Copia-de-1aa0fac8-fa21-4f2b-b4ac-b4d0e845e4b3-50x100.jpg\" data-in=\"o:0;\" data-out=\"a:false;\">\n\t\t\t\t\t\t\t<img decoding=\"async\" src=\"\/\/www.memoriaestadionacional.cl\/wp-content\/plugins\/revslider\/sr6\/assets\/assets\/dummy.png\" alt=\"\" title=\"Galer\u00eda\" class=\"rev-slidebg tp-rs-img rs-lazyload\" data-lazyload=\"\/\/www.memoriaestadionacional.cl\/wp-content\/uploads\/2023\/12\/Copia-de-1aa0fac8-fa21-4f2b-b4ac-b4d0e845e4b3.jpg\" data-no-retina>\n<!---->\t\t\t\t\t<\/rs-slide>\n\t\t\t\t\t\t<rs-slide style=\"position: absolute;\" data-key=\"rs-217\" data-title=\"Slide\" data-thumb=\"\/\/www.memoriaestadionacional.cl\/wp-content\/uploads\/2023\/12\/Copia-de-1c8d4e64-58a3-4f43-b77c-029feee1f1dc-50x100.jpg\" data-in=\"o:0;\" data-out=\"a:false;\">\n\t\t\t\t\t\t\t<img decoding=\"async\" src=\"\/\/www.memoriaestadionacional.cl\/wp-content\/plugins\/revslider\/sr6\/assets\/assets\/dummy.png\" alt=\"\" title=\"Galer\u00eda\" class=\"rev-slidebg tp-rs-img rs-lazyload\" data-lazyload=\"\/\/www.memoriaestadionacional.cl\/wp-content\/uploads\/2023\/12\/Copia-de-1c8d4e64-58a3-4f43-b77c-029feee1f1dc.jpg\" data-no-retina>\n<!---->\t\t\t\t\t<\/rs-slide>\n\t\t\t\t\t\t<rs-slide style=\"position: absolute;\" data-key=\"rs-218\" data-title=\"Slide\" data-thumb=\"\/\/www.memoriaestadionacional.cl\/wp-content\/uploads\/2023\/12\/Copia-de-06a4de87-1ab0-4996-98cf-9c3cd0446590-50x100.jpg\" data-in=\"o:0;\" data-out=\"a:false;\">\n\t\t\t\t\t\t\t<img decoding=\"async\" src=\"\/\/www.memoriaestadionacional.cl\/wp-content\/plugins\/revslider\/sr6\/assets\/assets\/dummy.png\" alt=\"\" title=\"Galer\u00eda\" class=\"rev-slidebg tp-rs-img rs-lazyload\" data-lazyload=\"\/\/www.memoriaestadionacional.cl\/wp-content\/uploads\/2023\/12\/Copia-de-06a4de87-1ab0-4996-98cf-9c3cd0446590.jpg\" data-no-retina>\n<!---->\t\t\t\t\t<\/rs-slide>\n\t\t\t\t\t\t<rs-slide style=\"position: absolute;\" data-key=\"rs-219\" data-title=\"Slide\" data-thumb=\"\/\/www.memoriaestadionacional.cl\/wp-content\/uploads\/2023\/12\/Copia-de-07d3da44-41aa-4154-a123-4f28193978b9-50x100.jpg\" data-in=\"o:0;\" data-out=\"a:false;\">\n\t\t\t\t\t\t\t<img decoding=\"async\" src=\"\/\/www.memoriaestadionacional.cl\/wp-content\/plugins\/revslider\/sr6\/assets\/assets\/dummy.png\" alt=\"\" title=\"Galer\u00eda\" class=\"rev-slidebg tp-rs-img rs-lazyload\" data-lazyload=\"\/\/www.memoriaestadionacional.cl\/wp-content\/uploads\/2023\/12\/Copia-de-07d3da44-41aa-4154-a123-4f28193978b9.jpg\" data-no-retina>\n<!---->\t\t\t\t\t<\/rs-slide>\n\t\t\t\t\t\t<rs-slide style=\"position: absolute;\" data-key=\"rs-220\" data-title=\"Slide\" data-thumb=\"\/\/www.memoriaestadionacional.cl\/wp-content\/uploads\/2023\/12\/Copia-de-25d5b307-cb13-4901-ad34-2fcd2c05eff7-50x100.jpg\" data-in=\"o:0;\" data-out=\"a:false;\">\n\t\t\t\t\t\t\t<img decoding=\"async\" src=\"\/\/www.memoriaestadionacional.cl\/wp-content\/plugins\/revslider\/sr6\/assets\/assets\/dummy.png\" alt=\"\" title=\"Galer\u00eda\" class=\"rev-slidebg tp-rs-img rs-lazyload\" data-lazyload=\"\/\/www.memoriaestadionacional.cl\/wp-content\/uploads\/2023\/12\/Copia-de-25d5b307-cb13-4901-ad34-2fcd2c05eff7.jpg\" data-no-retina>\n<!---->\t\t\t\t\t<\/rs-slide>\n\t\t\t\t\t\t<rs-slide style=\"position: absolute;\" data-key=\"rs-221\" data-title=\"Slide\" data-thumb=\"\/\/www.memoriaestadionacional.cl\/wp-content\/uploads\/2023\/12\/Copia-de-828fa565-eb7d-4e69-8b83-5e9e41bf069f-50x100.jpg\" data-in=\"o:0;\" data-out=\"a:false;\">\n\t\t\t\t\t\t\t<img decoding=\"async\" src=\"\/\/www.memoriaestadionacional.cl\/wp-content\/plugins\/revslider\/sr6\/assets\/assets\/dummy.png\" alt=\"\" title=\"Galer\u00eda\" class=\"rev-slidebg tp-rs-img rs-lazyload\" data-lazyload=\"\/\/www.memoriaestadionacional.cl\/wp-content\/uploads\/2023\/12\/Copia-de-828fa565-eb7d-4e69-8b83-5e9e41bf069f.jpg\" data-no-retina>\n<!---->\t\t\t\t\t<\/rs-slide>\n\t\t\t\t\t\t<rs-slide style=\"position: absolute;\" data-key=\"rs-222\" data-title=\"Slide\" data-thumb=\"\/\/www.memoriaestadionacional.cl\/wp-content\/uploads\/2023\/12\/Copia-de-72240271-597a-49c4-8828-4102cc5810f3-50x100.jpg\" data-in=\"o:0;\" data-out=\"a:false;\">\n\t\t\t\t\t\t\t<img decoding=\"async\" src=\"\/\/www.memoriaestadionacional.cl\/wp-content\/plugins\/revslider\/sr6\/assets\/assets\/dummy.png\" alt=\"\" title=\"Galer\u00eda\" class=\"rev-slidebg tp-rs-img rs-lazyload\" data-lazyload=\"\/\/www.memoriaestadionacional.cl\/wp-content\/uploads\/2023\/12\/Copia-de-72240271-597a-49c4-8828-4102cc5810f3.jpg\" data-no-retina>\n<!---->\t\t\t\t\t<\/rs-slide>\n\t\t\t\t\t\t<rs-slide style=\"position: absolute;\" data-key=\"rs-223\" data-title=\"Slide\" data-thumb=\"\/\/www.memoriaestadionacional.cl\/wp-content\/uploads\/2023\/12\/Copia-de-a8a49b18-ddca-4b3f-b832-29cc856cd474-50x100.jpg\" data-in=\"o:0;\" data-out=\"a:false;\">\n\t\t\t\t\t\t\t<img decoding=\"async\" src=\"\/\/www.memoriaestadionacional.cl\/wp-content\/plugins\/revslider\/sr6\/assets\/assets\/dummy.png\" alt=\"\" title=\"Galer\u00eda\" class=\"rev-slidebg tp-rs-img rs-lazyload\" data-lazyload=\"\/\/www.memoriaestadionacional.cl\/wp-content\/uploads\/2023\/12\/Copia-de-a8a49b18-ddca-4b3f-b832-29cc856cd474.jpg\" data-no-retina>\n<!---->\t\t\t\t\t<\/rs-slide>\n\t\t\t\t\t\t<rs-slide style=\"position: absolute;\" data-key=\"rs-224\" data-title=\"Slide\" data-thumb=\"\/\/www.memoriaestadionacional.cl\/wp-content\/uploads\/2023\/12\/Copia-de-b7089e4b-5b66-4789-b7b4-62323ec8d2f1-2-50x100.jpg\" data-in=\"o:0;\" data-out=\"a:false;\">\n\t\t\t\t\t\t\t<img decoding=\"async\" src=\"\/\/www.memoriaestadionacional.cl\/wp-content\/plugins\/revslider\/sr6\/assets\/assets\/dummy.png\" alt=\"\" title=\"Galer\u00eda\" class=\"rev-slidebg tp-rs-img rs-lazyload\" data-lazyload=\"\/\/www.memoriaestadionacional.cl\/wp-content\/uploads\/2023\/12\/Copia-de-b7089e4b-5b66-4789-b7b4-62323ec8d2f1-2.jpg\" data-no-retina>\n<!---->\t\t\t\t\t<\/rs-slide>\n\t\t\t\t\t\t<rs-slide style=\"position: absolute;\" data-key=\"rs-225\" data-title=\"Slide\" data-thumb=\"\/\/www.memoriaestadionacional.cl\/wp-content\/uploads\/2023\/12\/Copia-de-e972dda5-6362-4e05-a3e6-d78fc9f5c839-50x100.jpg\" data-in=\"o:0;\" data-out=\"a:false;\">\n\t\t\t\t\t\t\t<img decoding=\"async\" src=\"\/\/www.memoriaestadionacional.cl\/wp-content\/plugins\/revslider\/sr6\/assets\/assets\/dummy.png\" alt=\"\" title=\"Galer\u00eda\" class=\"rev-slidebg tp-rs-img rs-lazyload\" data-lazyload=\"\/\/www.memoriaestadionacional.cl\/wp-content\/uploads\/2023\/12\/Copia-de-e972dda5-6362-4e05-a3e6-d78fc9f5c839.jpg\" data-no-retina>\n<!---->\t\t\t\t\t<\/rs-slide>\n\t\t\t\t\t\t<rs-slide style=\"position: absolute;\" data-key=\"rs-226\" data-title=\"Slide\" data-thumb=\"\/\/www.memoriaestadionacional.cl\/wp-content\/uploads\/2023\/12\/Copia-de-f91191c9-b78a-444d-b273-45064f86da0e-50x100.jpg\" data-in=\"o:0;\" data-out=\"a:false;\">\n\t\t\t\t\t\t\t<img decoding=\"async\" src=\"\/\/www.memoriaestadionacional.cl\/wp-content\/plugins\/revslider\/sr6\/assets\/assets\/dummy.png\" alt=\"\" title=\"Galer\u00eda\" class=\"rev-slidebg tp-rs-img rs-lazyload\" data-lazyload=\"\/\/www.memoriaestadionacional.cl\/wp-content\/uploads\/2023\/12\/Copia-de-f91191c9-b78a-444d-b273-45064f86da0e.jpg\" data-no-retina>\n<!---->\t\t\t\t\t<\/rs-slide>\n\t\t\t\t\t\t<rs-slide style=\"position: absolute;\" data-key=\"rs-227\" data-title=\"Slide\" data-thumb=\"\/\/www.memoriaestadionacional.cl\/wp-content\/uploads\/2023\/12\/Copia-de-IMG_8814-50x100.jpg\" data-in=\"o:0;\" data-out=\"a:false;\">\n\t\t\t\t\t\t\t<img decoding=\"async\" src=\"\/\/www.memoriaestadionacional.cl\/wp-content\/plugins\/revslider\/sr6\/assets\/assets\/dummy.png\" alt=\"\" title=\"Galer\u00eda\" class=\"rev-slidebg tp-rs-img rs-lazyload\" data-lazyload=\"\/\/www.memoriaestadionacional.cl\/wp-content\/uploads\/2023\/12\/Copia-de-IMG_8814.jpg\" data-no-retina>\n<!---->\t\t\t\t\t<\/rs-slide>\n\t\t\t\t\t\t<rs-slide style=\"position: absolute;\" data-key=\"rs-228\" data-title=\"Slide\" data-thumb=\"\/\/www.memoriaestadionacional.cl\/wp-content\/uploads\/2023\/12\/Copia-de-PHOTO-2023-10-31-12-43-18-50x100.jpg\" data-in=\"o:0;\" data-out=\"a:false;\">\n\t\t\t\t\t\t\t<img decoding=\"async\" src=\"\/\/www.memoriaestadionacional.cl\/wp-content\/plugins\/revslider\/sr6\/assets\/assets\/dummy.png\" alt=\"\" title=\"Galer\u00eda\" class=\"rev-slidebg tp-rs-img rs-lazyload\" data-lazyload=\"\/\/www.memoriaestadionacional.cl\/wp-content\/uploads\/2023\/12\/Copia-de-PHOTO-2023-10-31-12-43-18.jpg\" data-no-retina>\n<!---->\t\t\t\t\t<\/rs-slide>\n\t\t\t\t\t\t<rs-slide style=\"position: absolute;\" data-key=\"rs-229\" data-title=\"Slide\" data-thumb=\"\/\/www.memoriaestadionacional.cl\/wp-content\/uploads\/2023\/12\/Copia-de-PHOTO-2023-11-04-12-19-54-50x100.jpg\" data-in=\"o:0;\" data-out=\"a:false;\">\n\t\t\t\t\t\t\t<img decoding=\"async\" src=\"\/\/www.memoriaestadionacional.cl\/wp-content\/plugins\/revslider\/sr6\/assets\/assets\/dummy.png\" alt=\"\" title=\"Galer\u00eda\" class=\"rev-slidebg tp-rs-img rs-lazyload\" data-lazyload=\"\/\/www.memoriaestadionacional.cl\/wp-content\/uploads\/2023\/12\/Copia-de-PHOTO-2023-11-04-12-19-54.jpg\" data-no-retina>\n<!---->\t\t\t\t\t<\/rs-slide>\n\t\t\t\t\t\t<rs-slide style=\"position: absolute;\" data-key=\"rs-230\" data-title=\"Slide\" data-thumb=\"\/\/www.memoriaestadionacional.cl\/wp-content\/uploads\/2023\/12\/Copia-de-PHOTO-2023-11-04-15-06-55-50x100.jpg\" data-in=\"o:0;\" data-out=\"a:false;\">\n\t\t\t\t\t\t\t<img decoding=\"async\" src=\"\/\/www.memoriaestadionacional.cl\/wp-content\/plugins\/revslider\/sr6\/assets\/assets\/dummy.png\" alt=\"\" title=\"Galer\u00eda\" class=\"rev-slidebg tp-rs-img rs-lazyload\" data-lazyload=\"\/\/www.memoriaestadionacional.cl\/wp-content\/uploads\/2023\/12\/Copia-de-PHOTO-2023-11-04-15-06-55.jpg\" data-no-retina>\n<!---->\t\t\t\t\t<\/rs-slide>\n\t\t\t\t\t<\/rs-slides>\n\t\t\t\t<\/rs-module>\n\t\t\t\t<script>\n\t\t\t\t\tsetREVStartSize({c: 'rev_slider_31_33',rl:[1240,1024,778,480],el:[900],gw:[1240],gh:[900],type:'standard',justify:'',layout:'fullwidth',mh:\"0\"});if (window.RS_MODULES!==undefined && window.RS_MODULES.modules!==undefined && window.RS_MODULES.modules[\"revslider3133\"]!==undefined) {window.RS_MODULES.modules[\"revslider3133\"].once = false;window.revapi31 = undefined;if (window.RS_MODULES.checkMinimal!==undefined) window.RS_MODULES.checkMinimal()}\n\t\t\t\t<\/script>\n\t\t\t<\/rs-module-wrap>\n\t\t\t<!-- END REVOLUTION SLIDER -->\n<\/div><\/div><\/div><\/div><\/div><div class=\"vc-row-container row-stretch\"><div data-vc-full-width=\"true\"  data-vc-full-width-init=\"false\" class=\"vc_row wpb_row vc_row-fluid\"><div class=\"wpb_column vc_column_container vc_col-sm-12\"><div class=\"vc_column-inner\"><div class=\"wpb_wrapper\"><div class=\"vc_empty_space\"   style=\"height: 50px\"><span class=\"vc_empty_space_inner\"><\/span><\/div><\/div><\/div><\/div><\/div><\/div><div class=\"vc-row-container row-stretch\"><div data-vc-full-width=\"true\"  data-vc-full-width-init=\"false\" class=\"vc_row wpb_row vc_row-fluid\"><div class=\"wpb_column vc_column_container vc_col-sm-12\"><div class=\"vc_column-inner\"><div class=\"wpb_wrapper\">\n\t<div class=\"wpb_text_column wpb_content_element wpb_animate_when_almost_visible wpb_fadeIn fadeIn\" >\n\t\t<div class=\"wpb_wrapper\">\n\t\t\t<h5 style=\"text-align: center;\"><span style=\"color: #e79e47;\">[<\/span>GALER\u00cdA<span style=\"color: #e79e47;\">]<\/span><\/h5>\n\n\t\t<\/div>\n\t<\/div>\n<h1 style=\"text-align: center\" class=\"vc_custom_heading vc_do_custom_heading wpb_animate_when_almost_visible wpb_fadeIn fadeIn\" >Mosaico Ojo N\u00edtido: conmemoraci\u00f3n 50 a\u00f1os del Golpe<\/h1><div class=\"vc_separator wpb_content_element vc_separator_align_center vc_sep_width_10 vc_sep_border_width_5 vc_sep_pos_align_center vc_separator_no_text wpb_content_element  wpb_content_element wpb_animate_when_almost_visible wpb_fadeIn fadeIn wpb_animate_when_almost_visible wpb_fadeIn fadeIn\" ><span class=\"vc_sep_holder vc_sep_holder_l\"><span style=\"border-color:#e79e47;\" class=\"vc_sep_line\"><\/span><\/span><span class=\"vc_sep_holder vc_sep_holder_r\"><span style=\"border-color:#e79e47;\" class=\"vc_sep_line\"><\/span><\/span>\n<\/div><div class=\"vc_empty_space\"   style=\"height: 32px\"><span class=\"vc_empty_space_inner\"><\/span><\/div>\n\t\t\t<!-- START Mosaico Ojo N\u00edtido: conmemoraci\u00f3n 50 a\u00f1os del Golpe REVOLUTION SLIDER 6.7.41 --><p class=\"rs-p-wp-fix\"><\/p>\n\t\t\t<rs-module-wrap id=\"rev_slider_30_34_wrapper\" data-source=\"gallery\" style=\"visibility:hidden;background:transparent;padding:0;margin:0px auto;margin-top:0;margin-bottom:0;\">\n\t\t\t\t<rs-module id=\"rev_slider_30_34\" style=\"\" data-version=\"6.7.41\">\n\t\t\t\t\t<rs-slides style=\"overflow: hidden; position: absolute;\">\n\t\t\t\t\t\t<rs-slide style=\"position: absolute;\" data-key=\"rs-210\" data-title=\"Slide\" data-thumb=\"\/\/www.memoriaestadionacional.cl\/wp-content\/uploads\/2023\/12\/PHOTO-2023-10-13-14-21-33-1-50x100.jpg\" data-in=\"o:0;\" data-out=\"a:false;\">\n\t\t\t\t\t\t\t<img decoding=\"async\" src=\"\/\/www.memoriaestadionacional.cl\/wp-content\/plugins\/revslider\/sr6\/assets\/assets\/dummy.png\" alt=\"\" title=\"Galer\u00eda\" class=\"rev-slidebg tp-rs-img rs-lazyload\" data-lazyload=\"\/\/www.memoriaestadionacional.cl\/wp-content\/uploads\/2023\/12\/PHOTO-2023-10-13-14-21-33-1.jpg\" data-no-retina>\n<!---->\t\t\t\t\t<\/rs-slide>\n\t\t\t\t\t\t<rs-slide style=\"position: absolute;\" data-key=\"rs-211\" data-title=\"Slide\" data-thumb=\"\/\/www.memoriaestadionacional.cl\/wp-content\/uploads\/2023\/12\/PHOTO-2023-10-13-14-21-34-50x100.jpg\" data-in=\"o:0;\" data-out=\"a:false;\">\n\t\t\t\t\t\t\t<img decoding=\"async\" src=\"\/\/www.memoriaestadionacional.cl\/wp-content\/plugins\/revslider\/sr6\/assets\/assets\/dummy.png\" alt=\"\" title=\"Galer\u00eda\" class=\"rev-slidebg tp-rs-img rs-lazyload\" data-lazyload=\"\/\/www.memoriaestadionacional.cl\/wp-content\/uploads\/2023\/12\/PHOTO-2023-10-13-14-21-34.jpg\" data-no-retina>\n<!---->\t\t\t\t\t<\/rs-slide>\n\t\t\t\t\t\t<rs-slide style=\"position: absolute;\" data-key=\"rs-212\" data-title=\"Slide\" data-thumb=\"\/\/www.memoriaestadionacional.cl\/wp-content\/uploads\/2023\/12\/PHOTO-2023-10-13-14-21-35-50x100.jpg\" data-in=\"o:0;\" data-out=\"a:false;\">\n\t\t\t\t\t\t\t<img decoding=\"async\" src=\"\/\/www.memoriaestadionacional.cl\/wp-content\/plugins\/revslider\/sr6\/assets\/assets\/dummy.png\" alt=\"\" title=\"Galer\u00eda\" class=\"rev-slidebg tp-rs-img rs-lazyload\" data-lazyload=\"\/\/www.memoriaestadionacional.cl\/wp-content\/uploads\/2023\/12\/PHOTO-2023-10-13-14-21-35.jpg\" data-no-retina>\n<!---->\t\t\t\t\t<\/rs-slide>\n\t\t\t\t\t\t<rs-slide style=\"position: absolute;\" data-key=\"rs-213\" data-title=\"Slide\" data-thumb=\"\/\/www.memoriaestadionacional.cl\/wp-content\/uploads\/2023\/12\/PHOTO-2023-10-13-17-44-21-2-50x100.jpg\" data-in=\"o:0;\" data-out=\"a:false;\">\n\t\t\t\t\t\t\t<img decoding=\"async\" src=\"\/\/www.memoriaestadionacional.cl\/wp-content\/plugins\/revslider\/sr6\/assets\/assets\/dummy.png\" alt=\"\" title=\"Galer\u00eda\" class=\"rev-slidebg tp-rs-img rs-lazyload\" data-lazyload=\"\/\/www.memoriaestadionacional.cl\/wp-content\/uploads\/2023\/12\/PHOTO-2023-10-13-17-44-21-2.jpg\" data-no-retina>\n<!---->\t\t\t\t\t<\/rs-slide>\n\t\t\t\t\t\t<rs-slide style=\"position: absolute;\" data-key=\"rs-214\" data-title=\"Slide\" data-thumb=\"\/\/www.memoriaestadionacional.cl\/wp-content\/uploads\/2023\/12\/PHOTO-2023-10-13-17-44-22-2-50x100.jpg\" data-in=\"o:0;\" data-out=\"a:false;\">\n\t\t\t\t\t\t\t<img decoding=\"async\" src=\"\/\/www.memoriaestadionacional.cl\/wp-content\/plugins\/revslider\/sr6\/assets\/assets\/dummy.png\" alt=\"\" title=\"Galer\u00eda\" class=\"rev-slidebg tp-rs-img rs-lazyload\" data-lazyload=\"\/\/www.memoriaestadionacional.cl\/wp-content\/uploads\/2023\/12\/PHOTO-2023-10-13-17-44-22-2.jpg\" data-no-retina>\n<!---->\t\t\t\t\t<\/rs-slide>\n\t\t\t\t\t<\/rs-slides>\n\t\t\t\t<\/rs-module>\n\t\t\t\t<script>\n\t\t\t\t\tsetREVStartSize({c: 'rev_slider_30_34',rl:[1240,1024,778,480],el:[900],gw:[1240],gh:[900],type:'standard',justify:'',layout:'fullwidth',mh:\"0\"});if (window.RS_MODULES!==undefined && window.RS_MODULES.modules!==undefined && window.RS_MODULES.modules[\"revslider3034\"]!==undefined) {window.RS_MODULES.modules[\"revslider3034\"].once = false;window.revapi30 = undefined;if (window.RS_MODULES.checkMinimal!==undefined) window.RS_MODULES.checkMinimal()}\n\t\t\t\t<\/script>\n\t\t\t<\/rs-module-wrap>\n\t\t\t<!-- END REVOLUTION SLIDER -->\n<\/div><\/div><\/div><\/div><\/div><div class=\"vc-row-container row-stretch\"><div data-vc-full-width=\"true\"  data-vc-full-width-init=\"false\" class=\"vc_row wpb_row vc_row-fluid\"><div class=\"wpb_column vc_column_container vc_col-sm-12\"><div class=\"vc_column-inner\"><div class=\"wpb_wrapper\"><div class=\"vc_empty_space\"   style=\"height: 50px\"><span class=\"vc_empty_space_inner\"><\/span><\/div><\/div><\/div><\/div><\/div><\/div><div class=\"vc-row-container row-stretch\"><div data-vc-full-width=\"true\"  data-vc-full-width-init=\"false\" class=\"vc_row wpb_row vc_row-fluid\"><div class=\"wpb_column vc_column_container vc_col-sm-12\"><div class=\"vc_column-inner\"><div class=\"wpb_wrapper\">\n\t<div class=\"wpb_text_column wpb_content_element wpb_animate_when_almost_visible wpb_fadeIn fadeIn\" >\n\t\t<div class=\"wpb_wrapper\">\n\t\t\t<h5 style=\"text-align: center;\"><span style=\"color: #e79e47;\">[<\/span>GALER\u00cdA<span style=\"color: #e79e47;\">]<\/span><\/h5>\n\n\t\t<\/div>\n\t<\/div>\n<h1 style=\"text-align: center\" class=\"vc_custom_heading vc_do_custom_heading wpb_animate_when_almost_visible wpb_fadeIn fadeIn\" >Exposici\u00f3n Lentes de Salvador Allende<\/h1><div class=\"vc_separator wpb_content_element vc_separator_align_center vc_sep_width_10 vc_sep_border_width_5 vc_sep_pos_align_center vc_separator_no_text wpb_content_element  wpb_content_element wpb_animate_when_almost_visible wpb_fadeIn fadeIn wpb_animate_when_almost_visible wpb_fadeIn fadeIn\" ><span class=\"vc_sep_holder vc_sep_holder_l\"><span style=\"border-color:#e79e47;\" class=\"vc_sep_line\"><\/span><\/span><span class=\"vc_sep_holder vc_sep_holder_r\"><span style=\"border-color:#e79e47;\" class=\"vc_sep_line\"><\/span><\/span>\n<\/div><div class=\"vc_empty_space\"   style=\"height: 32px\"><span class=\"vc_empty_space_inner\"><\/span><\/div>\n\t\t\t<!-- START Exposici\u00f3n Lentes de Salvador Allende REVOLUTION SLIDER 6.7.41 --><p class=\"rs-p-wp-fix\"><\/p>\n\t\t\t<rs-module-wrap id=\"rev_slider_29_35_wrapper\" data-source=\"gallery\" style=\"visibility:hidden;background:transparent;padding:0;margin:0px auto;margin-top:0;margin-bottom:0;\">\n\t\t\t\t<rs-module id=\"rev_slider_29_35\" style=\"\" data-version=\"6.7.41\">\n\t\t\t\t\t<rs-slides style=\"overflow: hidden; position: absolute;\">\n\t\t\t\t\t\t<rs-slide style=\"position: absolute;\" data-key=\"rs-196\" data-title=\"Slide\" data-thumb=\"\/\/www.memoriaestadionacional.cl\/wp-content\/uploads\/2023\/12\/Copia-de-DSC09500-50x100.jpg\" data-in=\"o:0;\" data-out=\"a:false;\">\n\t\t\t\t\t\t\t<img decoding=\"async\" src=\"\/\/www.memoriaestadionacional.cl\/wp-content\/plugins\/revslider\/sr6\/assets\/assets\/dummy.png\" alt=\"\" title=\"Galer\u00eda\" class=\"rev-slidebg tp-rs-img rs-lazyload\" data-lazyload=\"\/\/www.memoriaestadionacional.cl\/wp-content\/uploads\/2023\/12\/Copia-de-DSC09500.jpg\" data-no-retina>\n<!---->\t\t\t\t\t<\/rs-slide>\n\t\t\t\t\t\t<rs-slide style=\"position: absolute;\" data-key=\"rs-197\" data-title=\"Slide\" data-thumb=\"\/\/www.memoriaestadionacional.cl\/wp-content\/uploads\/2023\/12\/Copia-de-DSC09508-50x100.jpg\" data-in=\"o:0;\" data-out=\"a:false;\">\n\t\t\t\t\t\t\t<img decoding=\"async\" src=\"\/\/www.memoriaestadionacional.cl\/wp-content\/plugins\/revslider\/sr6\/assets\/assets\/dummy.png\" alt=\"\" title=\"Galer\u00eda\" class=\"rev-slidebg tp-rs-img rs-lazyload\" data-lazyload=\"\/\/www.memoriaestadionacional.cl\/wp-content\/uploads\/2023\/12\/Copia-de-DSC09508.jpg\" data-no-retina>\n<!---->\t\t\t\t\t<\/rs-slide>\n\t\t\t\t\t\t<rs-slide style=\"position: absolute;\" data-key=\"rs-198\" data-title=\"Slide\" data-thumb=\"\/\/www.memoriaestadionacional.cl\/wp-content\/uploads\/2023\/12\/Copia-de-DSC09512-50x100.jpg\" data-in=\"o:0;\" data-out=\"a:false;\">\n\t\t\t\t\t\t\t<img decoding=\"async\" src=\"\/\/www.memoriaestadionacional.cl\/wp-content\/plugins\/revslider\/sr6\/assets\/assets\/dummy.png\" alt=\"\" title=\"Galer\u00eda\" class=\"rev-slidebg tp-rs-img rs-lazyload\" data-lazyload=\"\/\/www.memoriaestadionacional.cl\/wp-content\/uploads\/2023\/12\/Copia-de-DSC09512.jpg\" data-no-retina>\n<!---->\t\t\t\t\t<\/rs-slide>\n\t\t\t\t\t\t<rs-slide style=\"position: absolute;\" data-key=\"rs-199\" data-title=\"Slide\" data-thumb=\"\/\/www.memoriaestadionacional.cl\/wp-content\/uploads\/2023\/12\/Copia-de-DSC09529-50x100.jpg\" data-in=\"o:0;\" data-out=\"a:false;\">\n\t\t\t\t\t\t\t<img decoding=\"async\" src=\"\/\/www.memoriaestadionacional.cl\/wp-content\/plugins\/revslider\/sr6\/assets\/assets\/dummy.png\" alt=\"\" title=\"Galer\u00eda\" class=\"rev-slidebg tp-rs-img rs-lazyload\" data-lazyload=\"\/\/www.memoriaestadionacional.cl\/wp-content\/uploads\/2023\/12\/Copia-de-DSC09529.jpg\" data-no-retina>\n<!---->\t\t\t\t\t<\/rs-slide>\n\t\t\t\t\t\t<rs-slide style=\"position: absolute;\" data-key=\"rs-200\" data-title=\"Slide\" data-thumb=\"\/\/www.memoriaestadionacional.cl\/wp-content\/uploads\/2023\/12\/Copia-de-DSC09530-50x100.jpg\" data-in=\"o:0;\" data-out=\"a:false;\">\n\t\t\t\t\t\t\t<img decoding=\"async\" src=\"\/\/www.memoriaestadionacional.cl\/wp-content\/plugins\/revslider\/sr6\/assets\/assets\/dummy.png\" alt=\"\" title=\"Galer\u00eda\" class=\"rev-slidebg tp-rs-img rs-lazyload\" data-lazyload=\"\/\/www.memoriaestadionacional.cl\/wp-content\/uploads\/2023\/12\/Copia-de-DSC09530.jpg\" data-no-retina>\n<!---->\t\t\t\t\t<\/rs-slide>\n\t\t\t\t\t\t<rs-slide style=\"position: absolute;\" data-key=\"rs-201\" data-title=\"Slide\" data-thumb=\"\/\/www.memoriaestadionacional.cl\/wp-content\/uploads\/2023\/12\/Copia-de-DSC09616-50x100.jpg\" data-in=\"o:0;\" data-out=\"a:false;\">\n\t\t\t\t\t\t\t<img decoding=\"async\" src=\"\/\/www.memoriaestadionacional.cl\/wp-content\/plugins\/revslider\/sr6\/assets\/assets\/dummy.png\" alt=\"\" title=\"Galer\u00eda\" class=\"rev-slidebg tp-rs-img rs-lazyload\" data-lazyload=\"\/\/www.memoriaestadionacional.cl\/wp-content\/uploads\/2023\/12\/Copia-de-DSC09616.jpg\" data-no-retina>\n<!---->\t\t\t\t\t<\/rs-slide>\n\t\t\t\t\t\t<rs-slide style=\"position: absolute;\" data-key=\"rs-202\" data-title=\"Slide\" data-thumb=\"\/\/www.memoriaestadionacional.cl\/wp-content\/uploads\/2023\/12\/Copia-de-DSC09634-50x100.jpg\" data-in=\"o:0;\" data-out=\"a:false;\">\n\t\t\t\t\t\t\t<img decoding=\"async\" src=\"\/\/www.memoriaestadionacional.cl\/wp-content\/plugins\/revslider\/sr6\/assets\/assets\/dummy.png\" alt=\"\" title=\"Galer\u00eda\" class=\"rev-slidebg tp-rs-img rs-lazyload\" data-lazyload=\"\/\/www.memoriaestadionacional.cl\/wp-content\/uploads\/2023\/12\/Copia-de-DSC09634.jpg\" data-no-retina>\n<!---->\t\t\t\t\t<\/rs-slide>\n\t\t\t\t\t\t<rs-slide style=\"position: absolute;\" data-key=\"rs-203\" data-title=\"Slide\" data-thumb=\"\/\/www.memoriaestadionacional.cl\/wp-content\/uploads\/2023\/12\/Copia-de-DSC09732-50x100.jpg\" data-in=\"o:0;\" data-out=\"a:false;\">\n\t\t\t\t\t\t\t<img decoding=\"async\" src=\"\/\/www.memoriaestadionacional.cl\/wp-content\/plugins\/revslider\/sr6\/assets\/assets\/dummy.png\" alt=\"\" title=\"Galer\u00eda\" class=\"rev-slidebg tp-rs-img rs-lazyload\" data-lazyload=\"\/\/www.memoriaestadionacional.cl\/wp-content\/uploads\/2023\/12\/Copia-de-DSC09732.jpg\" data-no-retina>\n<!---->\t\t\t\t\t<\/rs-slide>\n\t\t\t\t\t\t<rs-slide style=\"position: absolute;\" data-key=\"rs-204\" data-title=\"Slide\" data-thumb=\"\/\/www.memoriaestadionacional.cl\/wp-content\/uploads\/2023\/12\/Copia-de-DSC09739-50x100.jpg\" data-in=\"o:0;\" data-out=\"a:false;\">\n\t\t\t\t\t\t\t<img decoding=\"async\" src=\"\/\/www.memoriaestadionacional.cl\/wp-content\/plugins\/revslider\/sr6\/assets\/assets\/dummy.png\" alt=\"\" title=\"Galer\u00eda\" class=\"rev-slidebg tp-rs-img rs-lazyload\" data-lazyload=\"\/\/www.memoriaestadionacional.cl\/wp-content\/uploads\/2023\/12\/Copia-de-DSC09739.jpg\" data-no-retina>\n<!---->\t\t\t\t\t<\/rs-slide>\n\t\t\t\t\t\t<rs-slide style=\"position: absolute;\" data-key=\"rs-205\" data-title=\"Slide\" data-thumb=\"\/\/www.memoriaestadionacional.cl\/wp-content\/uploads\/2023\/12\/Copia-de-DSC09798-50x100.jpg\" data-in=\"o:0;\" data-out=\"a:false;\">\n\t\t\t\t\t\t\t<img decoding=\"async\" src=\"\/\/www.memoriaestadionacional.cl\/wp-content\/plugins\/revslider\/sr6\/assets\/assets\/dummy.png\" alt=\"\" title=\"Galer\u00eda\" class=\"rev-slidebg tp-rs-img rs-lazyload\" data-lazyload=\"\/\/www.memoriaestadionacional.cl\/wp-content\/uploads\/2023\/12\/Copia-de-DSC09798.jpg\" data-no-retina>\n<!---->\t\t\t\t\t<\/rs-slide>\n\t\t\t\t\t\t<rs-slide style=\"position: absolute;\" data-key=\"rs-206\" data-title=\"Slide\" data-thumb=\"\/\/www.memoriaestadionacional.cl\/wp-content\/uploads\/2023\/12\/Copia-de-DSC09805-50x100.jpg\" data-in=\"o:0;\" data-out=\"a:false;\">\n\t\t\t\t\t\t\t<img decoding=\"async\" src=\"\/\/www.memoriaestadionacional.cl\/wp-content\/plugins\/revslider\/sr6\/assets\/assets\/dummy.png\" alt=\"\" title=\"Galer\u00eda\" class=\"rev-slidebg tp-rs-img rs-lazyload\" data-lazyload=\"\/\/www.memoriaestadionacional.cl\/wp-content\/uploads\/2023\/12\/Copia-de-DSC09805.jpg\" data-no-retina>\n<!---->\t\t\t\t\t<\/rs-slide>\n\t\t\t\t\t\t<rs-slide style=\"position: absolute;\" data-key=\"rs-207\" data-title=\"Slide\" data-thumb=\"\/\/www.memoriaestadionacional.cl\/wp-content\/uploads\/2023\/12\/Copia-de-DSC09811-50x100.jpg\" data-in=\"o:0;\" data-out=\"a:false;\">\n\t\t\t\t\t\t\t<img decoding=\"async\" src=\"\/\/www.memoriaestadionacional.cl\/wp-content\/plugins\/revslider\/sr6\/assets\/assets\/dummy.png\" alt=\"\" title=\"Galer\u00eda\" class=\"rev-slidebg tp-rs-img rs-lazyload\" data-lazyload=\"\/\/www.memoriaestadionacional.cl\/wp-content\/uploads\/2023\/12\/Copia-de-DSC09811.jpg\" data-no-retina>\n<!---->\t\t\t\t\t<\/rs-slide>\n\t\t\t\t\t\t<rs-slide style=\"position: absolute;\" data-key=\"rs-208\" data-title=\"Slide\" data-thumb=\"\/\/www.memoriaestadionacional.cl\/wp-content\/uploads\/2023\/12\/Copia-de-DSC09844-50x100.jpg\" data-in=\"o:0;\" data-out=\"a:false;\">\n\t\t\t\t\t\t\t<img decoding=\"async\" src=\"\/\/www.memoriaestadionacional.cl\/wp-content\/plugins\/revslider\/sr6\/assets\/assets\/dummy.png\" alt=\"\" title=\"Galer\u00eda\" class=\"rev-slidebg tp-rs-img rs-lazyload\" data-lazyload=\"\/\/www.memoriaestadionacional.cl\/wp-content\/uploads\/2023\/12\/Copia-de-DSC09844.jpg\" data-no-retina>\n<!---->\t\t\t\t\t<\/rs-slide>\n\t\t\t\t\t<\/rs-slides>\n\t\t\t\t<\/rs-module>\n\t\t\t\t<script>\n\t\t\t\t\tsetREVStartSize({c: 'rev_slider_29_35',rl:[1240,1024,778,480],el:[900],gw:[1240],gh:[900],type:'standard',justify:'',layout:'fullwidth',mh:\"0\"});if (window.RS_MODULES!==undefined && window.RS_MODULES.modules!==undefined && window.RS_MODULES.modules[\"revslider2935\"]!==undefined) {window.RS_MODULES.modules[\"revslider2935\"].once = false;window.revapi29 = undefined;if (window.RS_MODULES.checkMinimal!==undefined) window.RS_MODULES.checkMinimal()}\n\t\t\t\t<\/script>\n\t\t\t<\/rs-module-wrap>\n\t\t\t<!-- END REVOLUTION SLIDER -->\n\n\t<div class=\"wpb_text_column wpb_content_element\" >\n\t\t<div class=\"wpb_wrapper\">\n\t\t\t<p style=\"text-align: center;\">Cr\u00e9ditos: Alumnos y alumnas de la especialidad Construcciones Met\u00e1licas del Liceo Juan Dante Parraguez de San Antonio<\/p>\n\n\t\t<\/div>\n\t<\/div>\n<\/div><\/div><\/div><\/div><\/div><div class=\"vc-row-container row-stretch\"><div data-vc-full-width=\"true\"  data-vc-full-width-init=\"false\" class=\"vc_row wpb_row vc_row-fluid\"><div class=\"wpb_column vc_column_container vc_col-sm-12\"><div class=\"vc_column-inner\"><div class=\"wpb_wrapper\"><div class=\"vc_empty_space\"   style=\"height: 50px\"><span class=\"vc_empty_space_inner\"><\/span><\/div><\/div><\/div><\/div><\/div><\/div><div class=\"vc-row-container row-stretch\"><div data-vc-full-width=\"true\"  data-vc-full-width-init=\"false\" class=\"vc_row wpb_row vc_row-fluid\"><div class=\"wpb_column vc_column_container vc_col-sm-12\"><div class=\"vc_column-inner\"><div class=\"wpb_wrapper\">\n\t<div class=\"wpb_text_column wpb_content_element wpb_animate_when_almost_visible wpb_fadeIn fadeIn\" >\n\t\t<div class=\"wpb_wrapper\">\n\t\t\t<h5 style=\"text-align: center;\"><span style=\"color: #e79e47;\">[<\/span>GALER\u00cdA<span style=\"color: #e79e47;\">]<\/span><\/h5>\n\n\t\t<\/div>\n\t<\/div>\n<h1 style=\"text-align: center\" class=\"vc_custom_heading vc_do_custom_heading wpb_animate_when_almost_visible wpb_fadeIn fadeIn\" >Inauguraci\u00f3n Torre de la Memoria<\/h1><div class=\"vc_separator wpb_content_element vc_separator_align_center vc_sep_width_10 vc_sep_border_width_5 vc_sep_pos_align_center vc_separator_no_text wpb_content_element  wpb_content_element wpb_animate_when_almost_visible wpb_fadeIn fadeIn wpb_animate_when_almost_visible wpb_fadeIn fadeIn\" ><span class=\"vc_sep_holder vc_sep_holder_l\"><span style=\"border-color:#e79e47;\" class=\"vc_sep_line\"><\/span><\/span><span class=\"vc_sep_holder vc_sep_holder_r\"><span style=\"border-color:#e79e47;\" class=\"vc_sep_line\"><\/span><\/span>\n<\/div><div class=\"vc_empty_space\"   style=\"height: 32px\"><span class=\"vc_empty_space_inner\"><\/span><\/div>\n\t\t\t<!-- START Inauguraci\u00f3n Torre de la Memoria REVOLUTION SLIDER 6.7.41 --><p class=\"rs-p-wp-fix\"><\/p>\n\t\t\t<rs-module-wrap id=\"rev_slider_28_36_wrapper\" data-source=\"gallery\" style=\"visibility:hidden;background:transparent;padding:0;margin:0px auto;margin-top:0;margin-bottom:0;\">\n\t\t\t\t<rs-module id=\"rev_slider_28_36\" style=\"\" data-version=\"6.7.41\">\n\t\t\t\t\t<rs-slides style=\"overflow: hidden; position: absolute;\">\n\t\t\t\t\t\t<rs-slide style=\"position: absolute;\" data-key=\"rs-183\" data-title=\"Slide\" data-thumb=\"\/\/www.memoriaestadionacional.cl\/wp-content\/uploads\/2023\/12\/6fb6b6ce-3133-4f08-8c6e-f52374c1b299-1-50x100.jpg\" data-in=\"o:0;\" data-out=\"a:false;\">\n\t\t\t\t\t\t\t<img decoding=\"async\" src=\"\/\/www.memoriaestadionacional.cl\/wp-content\/plugins\/revslider\/sr6\/assets\/assets\/dummy.png\" alt=\"\" title=\"Galer\u00eda\" class=\"rev-slidebg tp-rs-img rs-lazyload\" data-lazyload=\"\/\/www.memoriaestadionacional.cl\/wp-content\/uploads\/2023\/12\/6fb6b6ce-3133-4f08-8c6e-f52374c1b299-1.jpg\" data-no-retina>\n<!---->\t\t\t\t\t<\/rs-slide>\n\t\t\t\t\t\t<rs-slide style=\"position: absolute;\" data-key=\"rs-184\" data-title=\"Slide\" data-thumb=\"\/\/www.memoriaestadionacional.cl\/wp-content\/uploads\/2023\/12\/928de9c8-0cb9-411a-80e4-2d3fa075b356-50x100.jpg\" data-in=\"o:0;\" data-out=\"a:false;\">\n\t\t\t\t\t\t\t<img decoding=\"async\" src=\"\/\/www.memoriaestadionacional.cl\/wp-content\/plugins\/revslider\/sr6\/assets\/assets\/dummy.png\" alt=\"\" title=\"Galer\u00eda\" class=\"rev-slidebg tp-rs-img rs-lazyload\" data-lazyload=\"\/\/www.memoriaestadionacional.cl\/wp-content\/uploads\/2023\/12\/928de9c8-0cb9-411a-80e4-2d3fa075b356.jpg\" data-no-retina>\n<!---->\t\t\t\t\t<\/rs-slide>\n\t\t\t\t\t\t<rs-slide style=\"position: absolute;\" data-key=\"rs-185\" data-title=\"Slide\" data-thumb=\"\/\/www.memoriaestadionacional.cl\/wp-content\/uploads\/2023\/12\/511305a3-6983-48ca-86bc-624014cc32bf-50x100.jpg\" data-in=\"o:0;\" data-out=\"a:false;\">\n\t\t\t\t\t\t\t<img decoding=\"async\" src=\"\/\/www.memoriaestadionacional.cl\/wp-content\/plugins\/revslider\/sr6\/assets\/assets\/dummy.png\" alt=\"\" title=\"Galer\u00eda\" class=\"rev-slidebg tp-rs-img rs-lazyload\" data-lazyload=\"\/\/www.memoriaestadionacional.cl\/wp-content\/uploads\/2023\/12\/511305a3-6983-48ca-86bc-624014cc32bf.jpg\" data-no-retina>\n<!---->\t\t\t\t\t<\/rs-slide>\n\t\t\t\t\t\t<rs-slide style=\"position: absolute;\" data-key=\"rs-186\" data-title=\"Slide\" data-thumb=\"\/\/www.memoriaestadionacional.cl\/wp-content\/uploads\/2023\/12\/be5afd04-dfaf-4c7f-8f98-64a429dd1fbf-50x100.jpg\" data-in=\"o:0;\" data-out=\"a:false;\">\n\t\t\t\t\t\t\t<img decoding=\"async\" src=\"\/\/www.memoriaestadionacional.cl\/wp-content\/plugins\/revslider\/sr6\/assets\/assets\/dummy.png\" alt=\"\" title=\"Galer\u00eda\" class=\"rev-slidebg tp-rs-img rs-lazyload\" data-lazyload=\"\/\/www.memoriaestadionacional.cl\/wp-content\/uploads\/2023\/12\/be5afd04-dfaf-4c7f-8f98-64a429dd1fbf.jpg\" data-no-retina>\n<!---->\t\t\t\t\t<\/rs-slide>\n\t\t\t\t\t\t<rs-slide style=\"position: absolute;\" data-key=\"rs-187\" data-title=\"Slide\" data-thumb=\"\/\/www.memoriaestadionacional.cl\/wp-content\/uploads\/2023\/12\/f6f11ce4-154c-4ca7-8b26-05306277238f-50x100.jpg\" data-in=\"o:0;\" data-out=\"a:false;\">\n\t\t\t\t\t\t\t<img decoding=\"async\" src=\"\/\/www.memoriaestadionacional.cl\/wp-content\/plugins\/revslider\/sr6\/assets\/assets\/dummy.png\" alt=\"\" title=\"Galer\u00eda\" class=\"rev-slidebg tp-rs-img rs-lazyload\" data-lazyload=\"\/\/www.memoriaestadionacional.cl\/wp-content\/uploads\/2023\/12\/f6f11ce4-154c-4ca7-8b26-05306277238f.jpg\" data-no-retina>\n<!---->\t\t\t\t\t<\/rs-slide>\n\t\t\t\t\t\t<rs-slide style=\"position: absolute;\" data-key=\"rs-188\" data-title=\"Slide\" data-thumb=\"\/\/www.memoriaestadionacional.cl\/wp-content\/uploads\/2023\/12\/IMG_8388-scaled-50x100.jpg\" data-in=\"o:0;\" data-out=\"a:false;\">\n\t\t\t\t\t\t\t<img decoding=\"async\" src=\"\/\/www.memoriaestadionacional.cl\/wp-content\/plugins\/revslider\/sr6\/assets\/assets\/dummy.png\" alt=\"\" title=\"Galer\u00eda\" class=\"rev-slidebg tp-rs-img rs-lazyload\" data-lazyload=\"\/\/www.memoriaestadionacional.cl\/wp-content\/uploads\/2023\/12\/IMG_8388-scaled.jpg\" data-no-retina>\n<!---->\t\t\t\t\t<\/rs-slide>\n\t\t\t\t\t\t<rs-slide style=\"position: absolute;\" data-key=\"rs-189\" data-title=\"Slide\" data-thumb=\"\/\/www.memoriaestadionacional.cl\/wp-content\/uploads\/2023\/12\/IMG_8389-scaled-50x100.jpg\" data-in=\"o:0;\" data-out=\"a:false;\">\n\t\t\t\t\t\t\t<img decoding=\"async\" src=\"\/\/www.memoriaestadionacional.cl\/wp-content\/plugins\/revslider\/sr6\/assets\/assets\/dummy.png\" alt=\"\" title=\"Galer\u00eda\" class=\"rev-slidebg tp-rs-img rs-lazyload\" data-lazyload=\"\/\/www.memoriaestadionacional.cl\/wp-content\/uploads\/2023\/12\/IMG_8389-scaled.jpg\" data-no-retina>\n<!---->\t\t\t\t\t<\/rs-slide>\n\t\t\t\t\t\t<rs-slide style=\"position: absolute;\" data-key=\"rs-190\" data-title=\"Slide\" data-thumb=\"\/\/www.memoriaestadionacional.cl\/wp-content\/uploads\/2023\/12\/IMG_8390-1-scaled-50x100.jpg\" data-in=\"o:0;\" data-out=\"a:false;\">\n\t\t\t\t\t\t\t<img decoding=\"async\" src=\"\/\/www.memoriaestadionacional.cl\/wp-content\/plugins\/revslider\/sr6\/assets\/assets\/dummy.png\" alt=\"\" title=\"Galer\u00eda\" class=\"rev-slidebg tp-rs-img rs-lazyload\" data-lazyload=\"\/\/www.memoriaestadionacional.cl\/wp-content\/uploads\/2023\/12\/IMG_8390-1-scaled.jpg\" data-no-retina>\n<!---->\t\t\t\t\t<\/rs-slide>\n\t\t\t\t\t\t<rs-slide style=\"position: absolute;\" data-key=\"rs-191\" data-title=\"Slide\" data-thumb=\"\/\/www.memoriaestadionacional.cl\/wp-content\/uploads\/2023\/12\/IMG_8391-scaled-50x100.jpg\" data-in=\"o:0;\" data-out=\"a:false;\">\n\t\t\t\t\t\t\t<img decoding=\"async\" src=\"\/\/www.memoriaestadionacional.cl\/wp-content\/plugins\/revslider\/sr6\/assets\/assets\/dummy.png\" alt=\"\" title=\"Galer\u00eda\" class=\"rev-slidebg tp-rs-img rs-lazyload\" data-lazyload=\"\/\/www.memoriaestadionacional.cl\/wp-content\/uploads\/2023\/12\/IMG_8391-scaled.jpg\" data-no-retina>\n<!---->\t\t\t\t\t<\/rs-slide>\n\t\t\t\t\t\t<rs-slide style=\"position: absolute;\" data-key=\"rs-192\" data-title=\"Slide\" data-thumb=\"\/\/www.memoriaestadionacional.cl\/wp-content\/uploads\/2023\/12\/IMG_8392-scaled-50x100.jpg\" data-in=\"o:0;\" data-out=\"a:false;\">\n\t\t\t\t\t\t\t<img decoding=\"async\" src=\"\/\/www.memoriaestadionacional.cl\/wp-content\/plugins\/revslider\/sr6\/assets\/assets\/dummy.png\" alt=\"\" title=\"Galer\u00eda\" class=\"rev-slidebg tp-rs-img rs-lazyload\" data-lazyload=\"\/\/www.memoriaestadionacional.cl\/wp-content\/uploads\/2023\/12\/IMG_8392-scaled.jpg\" data-no-retina>\n<!---->\t\t\t\t\t<\/rs-slide>\n\t\t\t\t\t\t<rs-slide style=\"position: absolute;\" data-key=\"rs-193\" data-title=\"Slide\" data-thumb=\"\/\/www.memoriaestadionacional.cl\/wp-content\/uploads\/2023\/12\/IMG_8393-scaled-50x100.jpg\" data-in=\"o:0;\" data-out=\"a:false;\">\n\t\t\t\t\t\t\t<img decoding=\"async\" src=\"\/\/www.memoriaestadionacional.cl\/wp-content\/plugins\/revslider\/sr6\/assets\/assets\/dummy.png\" alt=\"\" title=\"Galer\u00eda\" class=\"rev-slidebg tp-rs-img rs-lazyload\" data-lazyload=\"\/\/www.memoriaestadionacional.cl\/wp-content\/uploads\/2023\/12\/IMG_8393-scaled.jpg\" data-no-retina>\n<!---->\t\t\t\t\t<\/rs-slide>\n\t\t\t\t\t\t<rs-slide style=\"position: absolute;\" data-key=\"rs-194\" data-title=\"Slide\" data-thumb=\"\/\/www.memoriaestadionacional.cl\/wp-content\/uploads\/2023\/12\/IMG_8394-scaled-50x100.jpg\" data-in=\"o:0;\" data-out=\"a:false;\">\n\t\t\t\t\t\t\t<img decoding=\"async\" src=\"\/\/www.memoriaestadionacional.cl\/wp-content\/plugins\/revslider\/sr6\/assets\/assets\/dummy.png\" alt=\"\" title=\"Galer\u00eda\" class=\"rev-slidebg tp-rs-img rs-lazyload\" data-lazyload=\"\/\/www.memoriaestadionacional.cl\/wp-content\/uploads\/2023\/12\/IMG_8394-scaled.jpg\" data-no-retina>\n<!---->\t\t\t\t\t<\/rs-slide>\n\t\t\t\t\t<\/rs-slides>\n\t\t\t\t<\/rs-module>\n\t\t\t\t<script>\n\t\t\t\t\tsetREVStartSize({c: 'rev_slider_28_36',rl:[1240,1024,778,480],el:[900],gw:[1240],gh:[900],type:'standard',justify:'',layout:'fullwidth',mh:\"0\"});if (window.RS_MODULES!==undefined && window.RS_MODULES.modules!==undefined && window.RS_MODULES.modules[\"revslider2836\"]!==undefined) {window.RS_MODULES.modules[\"revslider2836\"].once = false;window.revapi28 = undefined;if (window.RS_MODULES.checkMinimal!==undefined) window.RS_MODULES.checkMinimal()}\n\t\t\t\t<\/script>\n\t\t\t<\/rs-module-wrap>\n\t\t\t<!-- END REVOLUTION SLIDER -->\n<\/div><\/div><\/div><\/div><\/div><div class=\"vc-row-container row-stretch\"><div data-vc-full-width=\"true\"  data-vc-full-width-init=\"false\" class=\"vc_row wpb_row vc_row-fluid\"><div class=\"wpb_column vc_column_container vc_col-sm-12\"><div class=\"vc_column-inner\"><div class=\"wpb_wrapper\"><div class=\"vc_empty_space\"   style=\"height: 50px\"><span class=\"vc_empty_space_inner\"><\/span><\/div><\/div><\/div><\/div><\/div><\/div><div class=\"vc-row-container row-stretch\"><div data-vc-full-width=\"true\"  data-vc-full-width-init=\"false\" class=\"vc_row wpb_row vc_row-fluid\"><div class=\"wpb_column vc_column_container vc_col-sm-12\"><div class=\"vc_column-inner\"><div class=\"wpb_wrapper\">\n\t<div class=\"wpb_text_column wpb_content_element wpb_animate_when_almost_visible wpb_fadeIn fadeIn\" >\n\t\t<div class=\"wpb_wrapper\">\n\t\t\t<h5 style=\"text-align: center;\"><span style=\"color: #e79e47;\">[<\/span>GALER\u00cdA<span style=\"color: #e79e47;\">]<\/span><\/h5>\n\n\t\t<\/div>\n\t<\/div>\n<h1 style=\"text-align: center\" class=\"vc_custom_heading vc_do_custom_heading wpb_animate_when_almost_visible wpb_fadeIn fadeIn\" >Antorcha Panamericana 2023 ingresa por Escotilla 8<\/h1><div class=\"vc_separator wpb_content_element vc_separator_align_center vc_sep_width_10 vc_sep_border_width_5 vc_sep_pos_align_center vc_separator_no_text wpb_content_element  wpb_content_element wpb_animate_when_almost_visible wpb_fadeIn fadeIn wpb_animate_when_almost_visible wpb_fadeIn fadeIn\" ><span class=\"vc_sep_holder vc_sep_holder_l\"><span style=\"border-color:#e79e47;\" class=\"vc_sep_line\"><\/span><\/span><span class=\"vc_sep_holder vc_sep_holder_r\"><span style=\"border-color:#e79e47;\" class=\"vc_sep_line\"><\/span><\/span>\n<\/div><div class=\"vc_empty_space\"   style=\"height: 32px\"><span class=\"vc_empty_space_inner\"><\/span><\/div>\n\t\t\t<!-- START Antorcha Panamericana 2023 ingresa por Escotilla 8 REVOLUTION SLIDER 6.7.41 --><p class=\"rs-p-wp-fix\"><\/p>\n\t\t\t<rs-module-wrap id=\"rev_slider_27_37_wrapper\" data-source=\"gallery\" style=\"visibility:hidden;background:transparent;padding:0;margin:0px auto;margin-top:0;margin-bottom:0;\">\n\t\t\t\t<rs-module id=\"rev_slider_27_37\" style=\"\" data-version=\"6.7.41\">\n\t\t\t\t\t<rs-slides style=\"overflow: hidden; position: absolute;\">\n\t\t\t\t\t\t<rs-slide style=\"position: absolute;\" data-key=\"rs-179\" data-title=\"Slide\" data-thumb=\"\/\/www.memoriaestadionacional.cl\/wp-content\/uploads\/2023\/12\/Copia-de-IMG_8501-50x100.jpg\" data-in=\"o:0;\" data-out=\"a:false;\">\n\t\t\t\t\t\t\t<img decoding=\"async\" src=\"\/\/www.memoriaestadionacional.cl\/wp-content\/plugins\/revslider\/sr6\/assets\/assets\/dummy.png\" alt=\"\" title=\"Galer\u00eda\" class=\"rev-slidebg tp-rs-img rs-lazyload\" data-lazyload=\"\/\/www.memoriaestadionacional.cl\/wp-content\/uploads\/2023\/12\/Copia-de-IMG_8501.jpg\" data-no-retina>\n<!---->\t\t\t\t\t<\/rs-slide>\n\t\t\t\t\t\t<rs-slide style=\"position: absolute;\" data-key=\"rs-180\" data-title=\"Slide\" data-thumb=\"\/\/www.memoriaestadionacional.cl\/wp-content\/uploads\/2023\/12\/Copia-de-Copia-de-IMG_8502-50x100.jpg\" data-in=\"o:0;\" data-out=\"a:false;\">\n\t\t\t\t\t\t\t<img decoding=\"async\" src=\"\/\/www.memoriaestadionacional.cl\/wp-content\/plugins\/revslider\/sr6\/assets\/assets\/dummy.png\" alt=\"\" title=\"Galer\u00eda\" class=\"rev-slidebg tp-rs-img rs-lazyload\" data-lazyload=\"\/\/www.memoriaestadionacional.cl\/wp-content\/uploads\/2023\/12\/Copia-de-Copia-de-IMG_8502.jpg\" data-no-retina>\n<!---->\t\t\t\t\t<\/rs-slide>\n\t\t\t\t\t\t<rs-slide style=\"position: absolute;\" data-key=\"rs-181\" data-title=\"Slide\" data-thumb=\"\/\/www.memoriaestadionacional.cl\/wp-content\/uploads\/2023\/12\/Copia-de-IMG_8502-50x100.jpg\" data-in=\"o:0;\" data-out=\"a:false;\">\n\t\t\t\t\t\t\t<img decoding=\"async\" src=\"\/\/www.memoriaestadionacional.cl\/wp-content\/plugins\/revslider\/sr6\/assets\/assets\/dummy.png\" alt=\"\" title=\"Galer\u00eda\" class=\"rev-slidebg tp-rs-img rs-lazyload\" data-lazyload=\"\/\/www.memoriaestadionacional.cl\/wp-content\/uploads\/2023\/12\/Copia-de-IMG_8502.jpg\" data-no-retina>\n<!---->\t\t\t\t\t<\/rs-slide>\n\t\t\t\t\t<\/rs-slides>\n\t\t\t\t<\/rs-module>\n\t\t\t\t<script>\n\t\t\t\t\tsetREVStartSize({c: 'rev_slider_27_37',rl:[1240,1024,778,480],el:[900],gw:[1240],gh:[900],type:'standard',justify:'',layout:'fullwidth',mh:\"0\"});if (window.RS_MODULES!==undefined && window.RS_MODULES.modules!==undefined && window.RS_MODULES.modules[\"revslider2737\"]!==undefined) {window.RS_MODULES.modules[\"revslider2737\"].once = false;window.revapi27 = undefined;if (window.RS_MODULES.checkMinimal!==undefined) window.RS_MODULES.checkMinimal()}\n\t\t\t\t<\/script>\n\t\t\t<\/rs-module-wrap>\n\t\t\t<!-- END REVOLUTION SLIDER -->\n\n\t<div class=\"wpb_text_column wpb_content_element\" >\n\t\t<div class=\"wpb_wrapper\">\n\t\t\t<p style=\"text-align: center;\">Cr\u00e9ditos: Agencia EFE<\/p>\n\n\t\t<\/div>\n\t<\/div>\n<\/div><\/div><\/div><\/div><\/div><div class=\"vc-row-container row-stretch\"><div data-vc-full-width=\"true\"  data-vc-full-width-init=\"false\" class=\"vc_row wpb_row vc_row-fluid\"><div class=\"wpb_column vc_column_container vc_col-sm-12\"><div class=\"vc_column-inner\"><div class=\"wpb_wrapper\"><div class=\"vc_empty_space\"   style=\"height: 50px\"><span class=\"vc_empty_space_inner\"><\/span><\/div><\/div><\/div><\/div><\/div><\/div><div class=\"vc-row-container row-stretch\"><div data-vc-full-width=\"true\"  data-vc-full-width-init=\"false\" class=\"vc_row wpb_row vc_row-fluid\"><div class=\"wpb_column vc_column_container vc_col-sm-12\"><div class=\"vc_column-inner\"><div class=\"wpb_wrapper\">\n\t<div class=\"wpb_text_column wpb_content_element wpb_animate_when_almost_visible wpb_fadeIn fadeIn\" >\n\t\t<div class=\"wpb_wrapper\">\n\t\t\t<h5 style=\"text-align: center;\"><span style=\"color: #e79e47;\">[<\/span>GALER\u00cdA<span style=\"color: #e79e47;\">]<\/span><\/h5>\n\n\t\t<\/div>\n\t<\/div>\n<h1 style=\"text-align: center\" class=\"vc_custom_heading vc_do_custom_heading wpb_animate_when_almost_visible wpb_fadeIn fadeIn\" >Presentaci\u00f3n \"Camino de la Memoria\"<\/h1><div class=\"vc_separator wpb_content_element vc_separator_align_center vc_sep_width_10 vc_sep_border_width_5 vc_sep_pos_align_center vc_separator_no_text wpb_content_element  wpb_content_element wpb_animate_when_almost_visible wpb_fadeIn fadeIn wpb_animate_when_almost_visible wpb_fadeIn fadeIn\" ><span class=\"vc_sep_holder vc_sep_holder_l\"><span style=\"border-color:#e79e47;\" class=\"vc_sep_line\"><\/span><\/span><span class=\"vc_sep_holder vc_sep_holder_r\"><span style=\"border-color:#e79e47;\" class=\"vc_sep_line\"><\/span><\/span>\n<\/div><div class=\"vc_empty_space\"   style=\"height: 32px\"><span class=\"vc_empty_space_inner\"><\/span><\/div>\n\t\t\t<!-- START Presentaci\u00f3n &quot;Camino de la Memoria&quot; REVOLUTION SLIDER 6.7.41 --><p class=\"rs-p-wp-fix\"><\/p>\n\t\t\t<rs-module-wrap id=\"rev_slider_26_38_wrapper\" data-source=\"gallery\" style=\"visibility:hidden;background:transparent;padding:0;margin:0px auto;margin-top:0;margin-bottom:0;\">\n\t\t\t\t<rs-module id=\"rev_slider_26_38\" style=\"\" data-version=\"6.7.41\">\n\t\t\t\t\t<rs-slides style=\"overflow: hidden; position: absolute;\">\n\t\t\t\t\t\t<rs-slide style=\"position: absolute;\" data-key=\"rs-172\" data-title=\"Slide\" data-thumb=\"\/\/www.memoriaestadionacional.cl\/wp-content\/uploads\/2023\/12\/DSC_0269-50x100.jpg\" data-in=\"o:0;\" data-out=\"a:false;\">\n\t\t\t\t\t\t\t<img decoding=\"async\" src=\"\/\/www.memoriaestadionacional.cl\/wp-content\/plugins\/revslider\/sr6\/assets\/assets\/dummy.png\" alt=\"\" title=\"Galer\u00eda\" class=\"rev-slidebg tp-rs-img rs-lazyload\" data-lazyload=\"\/\/www.memoriaestadionacional.cl\/wp-content\/uploads\/2023\/12\/DSC_0269.jpg\" data-no-retina>\n<!---->\t\t\t\t\t<\/rs-slide>\n\t\t\t\t\t\t<rs-slide style=\"position: absolute;\" data-key=\"rs-173\" data-title=\"Slide\" data-thumb=\"\/\/www.memoriaestadionacional.cl\/wp-content\/uploads\/2023\/12\/IMG_8569-50x100.jpg\" data-in=\"o:0;\" data-out=\"a:false;\">\n\t\t\t\t\t\t\t<img decoding=\"async\" src=\"\/\/www.memoriaestadionacional.cl\/wp-content\/plugins\/revslider\/sr6\/assets\/assets\/dummy.png\" alt=\"\" title=\"Galer\u00eda\" class=\"rev-slidebg tp-rs-img rs-lazyload\" data-lazyload=\"\/\/www.memoriaestadionacional.cl\/wp-content\/uploads\/2023\/12\/IMG_8569.jpg\" data-no-retina>\n<!---->\t\t\t\t\t<\/rs-slide>\n\t\t\t\t\t\t<rs-slide style=\"position: absolute;\" data-key=\"rs-174\" data-title=\"Slide\" data-thumb=\"\/\/www.memoriaestadionacional.cl\/wp-content\/uploads\/2023\/12\/IMG_8570-50x100.jpg\" data-in=\"o:0;\" data-out=\"a:false;\">\n\t\t\t\t\t\t\t<img decoding=\"async\" src=\"\/\/www.memoriaestadionacional.cl\/wp-content\/plugins\/revslider\/sr6\/assets\/assets\/dummy.png\" alt=\"\" title=\"Galer\u00eda\" class=\"rev-slidebg tp-rs-img rs-lazyload\" data-lazyload=\"\/\/www.memoriaestadionacional.cl\/wp-content\/uploads\/2023\/12\/IMG_8570.jpg\" data-no-retina>\n<!---->\t\t\t\t\t<\/rs-slide>\n\t\t\t\t\t\t<rs-slide style=\"position: absolute;\" data-key=\"rs-175\" data-title=\"Slide\" data-thumb=\"\/\/www.memoriaestadionacional.cl\/wp-content\/uploads\/2023\/12\/IMG_8571-50x100.jpg\" data-in=\"o:0;\" data-out=\"a:false;\">\n\t\t\t\t\t\t\t<img decoding=\"async\" src=\"\/\/www.memoriaestadionacional.cl\/wp-content\/plugins\/revslider\/sr6\/assets\/assets\/dummy.png\" alt=\"\" title=\"Galer\u00eda\" class=\"rev-slidebg tp-rs-img rs-lazyload\" data-lazyload=\"\/\/www.memoriaestadionacional.cl\/wp-content\/uploads\/2023\/12\/IMG_8571.jpg\" data-no-retina>\n<!---->\t\t\t\t\t<\/rs-slide>\n\t\t\t\t\t\t<rs-slide style=\"position: absolute;\" data-key=\"rs-176\" data-title=\"Slide\" data-thumb=\"\/\/www.memoriaestadionacional.cl\/wp-content\/uploads\/2023\/12\/IMG_8572-50x100.jpg\" data-in=\"o:0;\" data-out=\"a:false;\">\n\t\t\t\t\t\t\t<img decoding=\"async\" src=\"\/\/www.memoriaestadionacional.cl\/wp-content\/plugins\/revslider\/sr6\/assets\/assets\/dummy.png\" alt=\"\" title=\"Galer\u00eda\" class=\"rev-slidebg tp-rs-img rs-lazyload\" data-lazyload=\"\/\/www.memoriaestadionacional.cl\/wp-content\/uploads\/2023\/12\/IMG_8572.jpg\" data-no-retina>\n<!---->\t\t\t\t\t<\/rs-slide>\n\t\t\t\t\t\t<rs-slide style=\"position: absolute;\" data-key=\"rs-177\" data-title=\"Slide\" data-thumb=\"\/\/www.memoriaestadionacional.cl\/wp-content\/uploads\/2023\/12\/IMG_8573-50x100.jpg\" data-in=\"o:0;\" data-out=\"a:false;\">\n\t\t\t\t\t\t\t<img decoding=\"async\" src=\"\/\/www.memoriaestadionacional.cl\/wp-content\/plugins\/revslider\/sr6\/assets\/assets\/dummy.png\" alt=\"\" title=\"Galer\u00eda\" class=\"rev-slidebg tp-rs-img rs-lazyload\" data-lazyload=\"\/\/www.memoriaestadionacional.cl\/wp-content\/uploads\/2023\/12\/IMG_8573.jpg\" data-no-retina>\n<!---->\t\t\t\t\t<\/rs-slide>\n\t\t\t\t\t<\/rs-slides>\n\t\t\t\t<\/rs-module>\n\t\t\t\t<script>\n\t\t\t\t\tsetREVStartSize({c: 'rev_slider_26_38',rl:[1240,1024,778,480],el:[900],gw:[1240],gh:[900],type:'standard',justify:'',layout:'fullwidth',mh:\"0\"});if (window.RS_MODULES!==undefined && window.RS_MODULES.modules!==undefined && window.RS_MODULES.modules[\"revslider2638\"]!==undefined) {window.RS_MODULES.modules[\"revslider2638\"].once = false;window.revapi26 = undefined;if (window.RS_MODULES.checkMinimal!==undefined) window.RS_MODULES.checkMinimal()}\n\t\t\t\t<\/script>\n\t\t\t<\/rs-module-wrap>\n\t\t\t<!-- END REVOLUTION SLIDER -->\n\n\t<div class=\"wpb_text_column wpb_content_element\" >\n\t\t<div class=\"wpb_wrapper\">\n\t\t\t<p style=\"text-align: center;\">Cr\u00e9ditos: Ministerio del Deporte y 32 Cascos<\/p>\n\n\t\t<\/div>\n\t<\/div>\n<\/div><\/div><\/div><\/div><\/div><div class=\"vc-row-container row-stretch\"><div data-vc-full-width=\"true\"  data-vc-full-width-init=\"false\" class=\"vc_row wpb_row vc_row-fluid\"><div class=\"wpb_column vc_column_container vc_col-sm-12\"><div class=\"vc_column-inner\"><div class=\"wpb_wrapper\"><div class=\"vc_empty_space\"   style=\"height: 50px\"><span class=\"vc_empty_space_inner\"><\/span><\/div><\/div><\/div><\/div><\/div><\/div><div class=\"vc-row-container row-stretch\"><div data-vc-full-width=\"true\"  data-vc-full-width-init=\"false\" class=\"vc_row wpb_row vc_row-fluid\"><div class=\"wpb_column vc_column_container vc_col-sm-12\"><div class=\"vc_column-inner\"><div class=\"wpb_wrapper\">\n\t<div class=\"wpb_text_column wpb_content_element wpb_animate_when_almost_visible wpb_fadeIn fadeIn\" >\n\t\t<div class=\"wpb_wrapper\">\n\t\t\t<h5 style=\"text-align: center;\"><span style=\"color: #e79e47;\">[<\/span>GALER\u00cdA<span style=\"color: #e79e47;\">]<\/span><\/h5>\n\n\t\t<\/div>\n\t<\/div>\n<h1 style=\"text-align: center\" class=\"vc_custom_heading vc_do_custom_heading wpb_animate_when_almost_visible wpb_fadeIn fadeIn\" >D\u00eda de los Patrimonios 2023<\/h1><div class=\"vc_separator wpb_content_element vc_separator_align_center vc_sep_width_10 vc_sep_border_width_5 vc_sep_pos_align_center vc_separator_no_text wpb_content_element  wpb_content_element wpb_animate_when_almost_visible wpb_fadeIn fadeIn wpb_animate_when_almost_visible wpb_fadeIn fadeIn\" ><span class=\"vc_sep_holder vc_sep_holder_l\"><span style=\"border-color:#e79e47;\" class=\"vc_sep_line\"><\/span><\/span><span class=\"vc_sep_holder vc_sep_holder_r\"><span style=\"border-color:#e79e47;\" class=\"vc_sep_line\"><\/span><\/span>\n<\/div><div class=\"vc_empty_space\"   style=\"height: 32px\"><span class=\"vc_empty_space_inner\"><\/span><\/div>\n\t\t\t<!-- START D\u00eda de los Patrimonios 2023 REVOLUTION SLIDER 6.7.41 --><p class=\"rs-p-wp-fix\"><\/p>\n\t\t\t<rs-module-wrap id=\"rev_slider_32_39_wrapper\" data-source=\"gallery\" style=\"visibility:hidden;background:transparent;padding:0;margin:0px auto;margin-top:0;margin-bottom:0;\">\n\t\t\t\t<rs-module id=\"rev_slider_32_39\" style=\"\" data-version=\"6.7.41\">\n\t\t\t\t\t<rs-slides style=\"overflow: hidden; position: absolute;\">\n\t\t\t\t\t\t<rs-slide style=\"position: absolute;\" data-key=\"rs-232\" data-title=\"Slide\" data-thumb=\"\/\/www.memoriaestadionacional.cl\/wp-content\/uploads\/2023\/12\/Copia-de-DSC_0466-50x100.jpg\" data-in=\"o:0;\" data-out=\"a:false;\">\n\t\t\t\t\t\t\t<img decoding=\"async\" src=\"\/\/www.memoriaestadionacional.cl\/wp-content\/plugins\/revslider\/sr6\/assets\/assets\/dummy.png\" alt=\"\" title=\"Galer\u00eda\" class=\"rev-slidebg tp-rs-img rs-lazyload\" data-lazyload=\"\/\/www.memoriaestadionacional.cl\/wp-content\/uploads\/2023\/12\/Copia-de-DSC_0466.jpg\" data-no-retina>\n<!---->\t\t\t\t\t<\/rs-slide>\n\t\t\t\t\t\t<rs-slide style=\"position: absolute;\" data-key=\"rs-233\" data-title=\"Slide\" data-thumb=\"\/\/www.memoriaestadionacional.cl\/wp-content\/uploads\/2023\/12\/Copia-de-DSC_0512-50x100.jpg\" data-in=\"o:0;\" data-out=\"a:false;\">\n\t\t\t\t\t\t\t<img decoding=\"async\" src=\"\/\/www.memoriaestadionacional.cl\/wp-content\/plugins\/revslider\/sr6\/assets\/assets\/dummy.png\" alt=\"\" title=\"Galer\u00eda\" class=\"rev-slidebg tp-rs-img rs-lazyload\" data-lazyload=\"\/\/www.memoriaestadionacional.cl\/wp-content\/uploads\/2023\/12\/Copia-de-DSC_0512.jpg\" data-no-retina>\n<!---->\t\t\t\t\t<\/rs-slide>\n\t\t\t\t\t\t<rs-slide style=\"position: absolute;\" data-key=\"rs-234\" data-title=\"Slide\" data-thumb=\"\/\/www.memoriaestadionacional.cl\/wp-content\/uploads\/2023\/12\/Copia-de-DSC_0514-50x100.jpg\" data-in=\"o:0;\" data-out=\"a:false;\">\n\t\t\t\t\t\t\t<img decoding=\"async\" src=\"\/\/www.memoriaestadionacional.cl\/wp-content\/plugins\/revslider\/sr6\/assets\/assets\/dummy.png\" alt=\"\" title=\"Galer\u00eda\" class=\"rev-slidebg tp-rs-img rs-lazyload\" data-lazyload=\"\/\/www.memoriaestadionacional.cl\/wp-content\/uploads\/2023\/12\/Copia-de-DSC_0514.jpg\" data-no-retina>\n<!---->\t\t\t\t\t<\/rs-slide>\n\t\t\t\t\t\t<rs-slide style=\"position: absolute;\" data-key=\"rs-235\" data-title=\"Slide\" data-thumb=\"\/\/www.memoriaestadionacional.cl\/wp-content\/uploads\/2023\/12\/Copia-de-DSC_0523-50x100.jpg\" data-in=\"o:0;\" data-out=\"a:false;\">\n\t\t\t\t\t\t\t<img decoding=\"async\" src=\"\/\/www.memoriaestadionacional.cl\/wp-content\/plugins\/revslider\/sr6\/assets\/assets\/dummy.png\" alt=\"\" title=\"Galer\u00eda\" class=\"rev-slidebg tp-rs-img rs-lazyload\" data-lazyload=\"\/\/www.memoriaestadionacional.cl\/wp-content\/uploads\/2023\/12\/Copia-de-DSC_0523.jpg\" data-no-retina>\n<!---->\t\t\t\t\t<\/rs-slide>\n\t\t\t\t\t\t<rs-slide style=\"position: absolute;\" data-key=\"rs-236\" data-title=\"Slide\" data-thumb=\"\/\/www.memoriaestadionacional.cl\/wp-content\/uploads\/2023\/12\/Copia-de-DSC_0524-50x100.jpg\" data-in=\"o:0;\" data-out=\"a:false;\">\n\t\t\t\t\t\t\t<img decoding=\"async\" src=\"\/\/www.memoriaestadionacional.cl\/wp-content\/plugins\/revslider\/sr6\/assets\/assets\/dummy.png\" alt=\"\" title=\"Galer\u00eda\" class=\"rev-slidebg tp-rs-img rs-lazyload\" data-lazyload=\"\/\/www.memoriaestadionacional.cl\/wp-content\/uploads\/2023\/12\/Copia-de-DSC_0524.jpg\" data-no-retina>\n<!---->\t\t\t\t\t<\/rs-slide>\n\t\t\t\t\t\t<rs-slide style=\"position: absolute;\" data-key=\"rs-237\" data-title=\"Slide\" data-thumb=\"\/\/www.memoriaestadionacional.cl\/wp-content\/uploads\/2023\/12\/Copia-de-DSC_0588-50x100.jpg\" data-in=\"o:0;\" data-out=\"a:false;\">\n\t\t\t\t\t\t\t<img decoding=\"async\" src=\"\/\/www.memoriaestadionacional.cl\/wp-content\/plugins\/revslider\/sr6\/assets\/assets\/dummy.png\" alt=\"\" title=\"Galer\u00eda\" class=\"rev-slidebg tp-rs-img rs-lazyload\" data-lazyload=\"\/\/www.memoriaestadionacional.cl\/wp-content\/uploads\/2023\/12\/Copia-de-DSC_0588.jpg\" data-no-retina>\n<!---->\t\t\t\t\t<\/rs-slide>\n\t\t\t\t\t\t<rs-slide style=\"position: absolute;\" data-key=\"rs-238\" data-title=\"Slide\" data-thumb=\"\/\/www.memoriaestadionacional.cl\/wp-content\/uploads\/2023\/12\/Copia-de-DSC_0602-50x100.jpg\" data-in=\"o:0;\" data-out=\"a:false;\">\n\t\t\t\t\t\t\t<img decoding=\"async\" src=\"\/\/www.memoriaestadionacional.cl\/wp-content\/plugins\/revslider\/sr6\/assets\/assets\/dummy.png\" alt=\"\" title=\"Galer\u00eda\" class=\"rev-slidebg tp-rs-img rs-lazyload\" data-lazyload=\"\/\/www.memoriaestadionacional.cl\/wp-content\/uploads\/2023\/12\/Copia-de-DSC_0602.jpg\" data-no-retina>\n<!---->\t\t\t\t\t<\/rs-slide>\n\t\t\t\t\t\t<rs-slide style=\"position: absolute;\" data-key=\"rs-239\" data-title=\"Slide\" data-thumb=\"\/\/www.memoriaestadionacional.cl\/wp-content\/uploads\/2023\/12\/Copia-de-DSC_0615-50x100.jpg\" data-in=\"o:0;\" data-out=\"a:false;\">\n\t\t\t\t\t\t\t<img decoding=\"async\" src=\"\/\/www.memoriaestadionacional.cl\/wp-content\/plugins\/revslider\/sr6\/assets\/assets\/dummy.png\" alt=\"\" title=\"Galer\u00eda\" class=\"rev-slidebg tp-rs-img rs-lazyload\" data-lazyload=\"\/\/www.memoriaestadionacional.cl\/wp-content\/uploads\/2023\/12\/Copia-de-DSC_0615.jpg\" data-no-retina>\n<!---->\t\t\t\t\t<\/rs-slide>\n\t\t\t\t\t\t<rs-slide style=\"position: absolute;\" data-key=\"rs-240\" data-title=\"Slide\" data-thumb=\"\/\/www.memoriaestadionacional.cl\/wp-content\/uploads\/2023\/12\/Copia-de-DSC_0628-50x100.jpg\" data-in=\"o:0;\" data-out=\"a:false;\">\n\t\t\t\t\t\t\t<img decoding=\"async\" src=\"\/\/www.memoriaestadionacional.cl\/wp-content\/plugins\/revslider\/sr6\/assets\/assets\/dummy.png\" alt=\"\" title=\"Galer\u00eda\" class=\"rev-slidebg tp-rs-img rs-lazyload\" data-lazyload=\"\/\/www.memoriaestadionacional.cl\/wp-content\/uploads\/2023\/12\/Copia-de-DSC_0628.jpg\" data-no-retina>\n<!---->\t\t\t\t\t<\/rs-slide>\n\t\t\t\t\t<\/rs-slides>\n\t\t\t\t<\/rs-module>\n\t\t\t\t<script>\n\t\t\t\t\tsetREVStartSize({c: 'rev_slider_32_39',rl:[1240,1024,778,480],el:[900],gw:[1240],gh:[900],type:'standard',justify:'',layout:'fullwidth',mh:\"0\"});if (window.RS_MODULES!==undefined && window.RS_MODULES.modules!==undefined && window.RS_MODULES.modules[\"revslider3239\"]!==undefined) {window.RS_MODULES.modules[\"revslider3239\"].once = false;window.revapi32 = undefined;if (window.RS_MODULES.checkMinimal!==undefined) window.RS_MODULES.checkMinimal()}\n\t\t\t\t<\/script>\n\t\t\t<\/rs-module-wrap>\n\t\t\t<!-- END REVOLUTION SLIDER -->\n<\/div><\/div><\/div><\/div><\/div><div class=\"vc-row-container row-stretch\"><div data-vc-full-width=\"true\"  data-vc-full-width-init=\"false\" class=\"vc_row wpb_row vc_row-fluid\"><div class=\"wpb_column vc_column_container vc_col-sm-12\"><div class=\"vc_column-inner\"><div class=\"wpb_wrapper\"><div class=\"vc_empty_space\"   style=\"height: 50px\"><span class=\"vc_empty_space_inner\"><\/span><\/div><\/div><\/div><\/div><\/div><\/div><div class=\"vc-row-container row-stretch\"><div data-vc-full-width=\"true\"  data-vc-full-width-init=\"false\" class=\"vc_row wpb_row vc_row-fluid\"><div class=\"wpb_column vc_column_container vc_col-sm-12\"><div class=\"vc_column-inner\"><div class=\"wpb_wrapper\">\n\t<div class=\"wpb_text_column wpb_content_element wpb_animate_when_almost_visible wpb_fadeIn fadeIn\" >\n\t\t<div class=\"wpb_wrapper\">\n\t\t\t<h5 style=\"text-align: center;\"><span style=\"color: #e79e47;\">[<\/span>GALER\u00cdA<span style=\"color: #e79e47;\">]<\/span><\/h5>\n\n\t\t<\/div>\n\t<\/div>\n<h1 style=\"text-align: center\" class=\"vc_custom_heading vc_do_custom_heading wpb_animate_when_almost_visible wpb_fadeIn fadeIn\" >Visionado \"Las Locas del 73\" en Escotilla 8<\/h1><div class=\"vc_separator wpb_content_element vc_separator_align_center vc_sep_width_10 vc_sep_border_width_5 vc_sep_pos_align_center vc_separator_no_text wpb_content_element  wpb_content_element wpb_animate_when_almost_visible wpb_fadeIn fadeIn wpb_animate_when_almost_visible wpb_fadeIn fadeIn\" ><span class=\"vc_sep_holder vc_sep_holder_l\"><span style=\"border-color:#e79e47;\" class=\"vc_sep_line\"><\/span><\/span><span class=\"vc_sep_holder vc_sep_holder_r\"><span style=\"border-color:#e79e47;\" class=\"vc_sep_line\"><\/span><\/span>\n<\/div><div class=\"vc_empty_space\"   style=\"height: 32px\"><span class=\"vc_empty_space_inner\"><\/span><\/div>\n\t\t\t<!-- START Visionado &quot;Las Locas del 73&quot; en Escotilla 8 REVOLUTION SLIDER 6.7.41 --><p class=\"rs-p-wp-fix\"><\/p>\n\t\t\t<rs-module-wrap id=\"rev_slider_33_40_wrapper\" data-source=\"gallery\" style=\"visibility:hidden;background:transparent;padding:0;margin:0px auto;margin-top:0;margin-bottom:0;\">\n\t\t\t\t<rs-module id=\"rev_slider_33_40\" style=\"\" data-version=\"6.7.41\">\n\t\t\t\t\t<rs-slides style=\"overflow: hidden; position: absolute;\">\n\t\t\t\t\t\t<rs-slide style=\"position: absolute;\" data-key=\"rs-242\" data-title=\"Slide\" data-in=\"o:0;\" data-out=\"a:false;\">\n\t\t\t\t\t\t\t<img decoding=\"async\" src=\"\/\/www.memoriaestadionacional.cl\/wp-content\/plugins\/revslider\/sr6\/assets\/assets\/dummy.png\" alt=\"\" title=\"Galer\u00eda\" class=\"rev-slidebg tp-rs-img rs-lazyload\" data-lazyload=\"\/\/www.memoriaestadionacional.cl\/wp-content\/uploads\/2023\/12\/Copia-de-DSC_0002.jpg\" data-no-retina>\n<!---->\t\t\t\t\t<\/rs-slide>\n\t\t\t\t\t\t<rs-slide style=\"position: absolute;\" data-key=\"rs-243\" data-title=\"Slide\" data-in=\"o:0;\" data-out=\"a:false;\">\n\t\t\t\t\t\t\t<img decoding=\"async\" src=\"\/\/www.memoriaestadionacional.cl\/wp-content\/plugins\/revslider\/sr6\/assets\/assets\/dummy.png\" alt=\"\" title=\"Galer\u00eda\" class=\"rev-slidebg tp-rs-img rs-lazyload\" data-lazyload=\"\/\/www.memoriaestadionacional.cl\/wp-content\/uploads\/2023\/12\/Copia-de-DSC_0045.jpg\" data-no-retina>\n<!---->\t\t\t\t\t<\/rs-slide>\n\t\t\t\t\t\t<rs-slide style=\"position: absolute;\" data-key=\"rs-244\" data-title=\"Slide\" data-in=\"o:0;\" data-out=\"a:false;\">\n\t\t\t\t\t\t\t<img decoding=\"async\" src=\"\/\/www.memoriaestadionacional.cl\/wp-content\/plugins\/revslider\/sr6\/assets\/assets\/dummy.png\" alt=\"\" title=\"Galer\u00eda\" class=\"rev-slidebg tp-rs-img rs-lazyload\" data-lazyload=\"\/\/www.memoriaestadionacional.cl\/wp-content\/uploads\/2023\/12\/Copia-de-DSC_0048.jpg\" data-no-retina>\n<!---->\t\t\t\t\t<\/rs-slide>\n\t\t\t\t\t\t<rs-slide style=\"position: absolute;\" data-key=\"rs-245\" data-title=\"Slide\" data-in=\"o:0;\" data-out=\"a:false;\">\n\t\t\t\t\t\t\t<img decoding=\"async\" src=\"\/\/www.memoriaestadionacional.cl\/wp-content\/plugins\/revslider\/sr6\/assets\/assets\/dummy.png\" alt=\"\" title=\"Galer\u00eda\" class=\"rev-slidebg tp-rs-img rs-lazyload\" data-lazyload=\"\/\/www.memoriaestadionacional.cl\/wp-content\/uploads\/2023\/12\/Copia-de-DSC_0049.jpg\" data-no-retina>\n<!---->\t\t\t\t\t<\/rs-slide>\n\t\t\t\t\t\t<rs-slide style=\"position: absolute;\" data-key=\"rs-246\" data-title=\"Slide\" data-in=\"o:0;\" data-out=\"a:false;\">\n\t\t\t\t\t\t\t<img decoding=\"async\" src=\"\/\/www.memoriaestadionacional.cl\/wp-content\/plugins\/revslider\/sr6\/assets\/assets\/dummy.png\" alt=\"\" title=\"Galer\u00eda\" class=\"rev-slidebg tp-rs-img rs-lazyload\" data-lazyload=\"\/\/www.memoriaestadionacional.cl\/wp-content\/uploads\/2023\/12\/Copia-de-DSC_0050.jpg\" data-no-retina>\n<!---->\t\t\t\t\t<\/rs-slide>\n\t\t\t\t\t\t<rs-slide style=\"position: absolute;\" data-key=\"rs-247\" data-title=\"Slide\" data-in=\"o:0;\" data-out=\"a:false;\">\n\t\t\t\t\t\t\t<img decoding=\"async\" src=\"\/\/www.memoriaestadionacional.cl\/wp-content\/plugins\/revslider\/sr6\/assets\/assets\/dummy.png\" alt=\"\" title=\"Galer\u00eda\" class=\"rev-slidebg tp-rs-img rs-lazyload\" data-lazyload=\"\/\/www.memoriaestadionacional.cl\/wp-content\/uploads\/2023\/12\/Copia-de-DSC_0053.jpg\" data-no-retina>\n<!---->\t\t\t\t\t<\/rs-slide>\n\t\t\t\t\t\t<rs-slide style=\"position: absolute;\" data-key=\"rs-248\" data-title=\"Slide\" data-in=\"o:0;\" data-out=\"a:false;\">\n\t\t\t\t\t\t\t<img decoding=\"async\" src=\"\/\/www.memoriaestadionacional.cl\/wp-content\/plugins\/revslider\/sr6\/assets\/assets\/dummy.png\" alt=\"\" title=\"Galer\u00eda\" class=\"rev-slidebg tp-rs-img rs-lazyload\" data-lazyload=\"\/\/www.memoriaestadionacional.cl\/wp-content\/uploads\/2023\/12\/Copia-de-DSC_0054.jpg\" data-no-retina>\n<!---->\t\t\t\t\t<\/rs-slide>\n\t\t\t\t\t\t<rs-slide style=\"position: absolute;\" data-key=\"rs-249\" data-title=\"Slide\" data-in=\"o:0;\" data-out=\"a:false;\">\n\t\t\t\t\t\t\t<img decoding=\"async\" src=\"\/\/www.memoriaestadionacional.cl\/wp-content\/plugins\/revslider\/sr6\/assets\/assets\/dummy.png\" alt=\"\" title=\"Galer\u00eda\" class=\"rev-slidebg tp-rs-img rs-lazyload\" data-lazyload=\"\/\/www.memoriaestadionacional.cl\/wp-content\/uploads\/2023\/12\/Copia-de-DSC_0061.jpg\" data-no-retina>\n<!---->\t\t\t\t\t<\/rs-slide>\n\t\t\t\t\t\t<rs-slide style=\"position: absolute;\" data-key=\"rs-250\" data-title=\"Slide\" data-in=\"o:0;\" data-out=\"a:false;\">\n\t\t\t\t\t\t\t<img decoding=\"async\" src=\"\/\/www.memoriaestadionacional.cl\/wp-content\/plugins\/revslider\/sr6\/assets\/assets\/dummy.png\" alt=\"\" title=\"Galer\u00eda\" class=\"rev-slidebg tp-rs-img rs-lazyload\" data-lazyload=\"\/\/www.memoriaestadionacional.cl\/wp-content\/uploads\/2023\/12\/Copia-de-DSC_0062.jpg\" data-no-retina>\n<!---->\t\t\t\t\t<\/rs-slide>\n\t\t\t\t\t<\/rs-slides>\n\t\t\t\t<\/rs-module>\n\t\t\t\t<script>\n\t\t\t\t\tsetREVStartSize({c: 'rev_slider_33_40',rl:[1240,1024,778,480],el:[900],gw:[1240],gh:[900],type:'standard',justify:'',layout:'fullwidth',mh:\"0\"});if (window.RS_MODULES!==undefined && window.RS_MODULES.modules!==undefined && window.RS_MODULES.modules[\"revslider3340\"]!==undefined) {window.RS_MODULES.modules[\"revslider3340\"].once = false;window.revapi33 = undefined;if (window.RS_MODULES.checkMinimal!==undefined) window.RS_MODULES.checkMinimal()}\n\t\t\t\t<\/script>\n\t\t\t<\/rs-module-wrap>\n\t\t\t<!-- END REVOLUTION SLIDER -->\n<\/div><\/div><\/div><\/div><\/div><div class=\"vc-row-container row-stretch\"><div data-vc-full-width=\"true\"  data-vc-full-width-init=\"false\" class=\"vc_row wpb_row vc_row-fluid\"><div class=\"wpb_column vc_column_container vc_col-sm-12\"><div class=\"vc_column-inner\"><div class=\"wpb_wrapper\"><div class=\"vc_empty_space\"   style=\"height: 50px\"><span class=\"vc_empty_space_inner\"><\/span><\/div><\/div><\/div><\/div><\/div><\/div><div class=\"vc-row-container row-stretch\"><div data-vc-full-width=\"true\"  data-vc-full-width-init=\"false\" class=\"vc_row wpb_row vc_row-fluid\"><div class=\"wpb_column vc_column_container vc_col-sm-12\"><div class=\"vc_column-inner\"><div class=\"wpb_wrapper\">\n\t<div class=\"wpb_text_column wpb_content_element wpb_animate_when_almost_visible wpb_fadeIn fadeIn\" >\n\t\t<div class=\"wpb_wrapper\">\n\t\t\t<h5 style=\"text-align: center;\"><span style=\"color: #e79e47;\">[<\/span>GALER\u00cdA<span style=\"color: #e79e47;\">]<\/span><\/h5>\n\n\t\t<\/div>\n\t<\/div>\n<h1 style=\"text-align: center\" class=\"vc_custom_heading vc_do_custom_heading wpb_animate_when_almost_visible wpb_fadeIn fadeIn\" >Lanzamiento libro \"Terrorismo de Estadio\"<\/h1><div class=\"vc_separator wpb_content_element vc_separator_align_center vc_sep_width_10 vc_sep_border_width_5 vc_sep_pos_align_center vc_separator_no_text wpb_content_element  wpb_content_element wpb_animate_when_almost_visible wpb_fadeIn fadeIn wpb_animate_when_almost_visible wpb_fadeIn fadeIn\" ><span class=\"vc_sep_holder vc_sep_holder_l\"><span style=\"border-color:#e79e47;\" class=\"vc_sep_line\"><\/span><\/span><span class=\"vc_sep_holder vc_sep_holder_r\"><span style=\"border-color:#e79e47;\" class=\"vc_sep_line\"><\/span><\/span>\n<\/div><div class=\"vc_empty_space\"   style=\"height: 32px\"><span class=\"vc_empty_space_inner\"><\/span><\/div>\n\t\t\t<!-- START Lanzamiento libro &quot;Terrorismo de Estadio&quot; REVOLUTION SLIDER 6.7.41 --><p class=\"rs-p-wp-fix\"><\/p>\n\t\t\t<rs-module-wrap id=\"rev_slider_34_41_wrapper\" data-source=\"gallery\" style=\"visibility:hidden;background:transparent;padding:0;margin:0px auto;margin-top:0;margin-bottom:0;\">\n\t\t\t\t<rs-module id=\"rev_slider_34_41\" style=\"\" data-version=\"6.7.41\">\n\t\t\t\t\t<rs-slides style=\"overflow: hidden; position: absolute;\">\n\t\t\t\t\t\t<rs-slide style=\"position: absolute;\" data-key=\"rs-252\" data-title=\"Slide\" data-thumb=\"\/\/www.memoriaestadionacional.cl\/wp-content\/uploads\/2023\/12\/Copia-de-IMG_6315-50x100.jpg\" data-in=\"o:0;\" data-out=\"a:false;\">\n\t\t\t\t\t\t\t<img decoding=\"async\" src=\"\/\/www.memoriaestadionacional.cl\/wp-content\/plugins\/revslider\/sr6\/assets\/assets\/dummy.png\" alt=\"\" title=\"Galer\u00eda\" class=\"rev-slidebg tp-rs-img rs-lazyload\" data-lazyload=\"\/\/www.memoriaestadionacional.cl\/wp-content\/uploads\/2023\/12\/Copia-de-IMG_6315.jpg\" data-bg=\"f:contain;\" data-no-retina>\n<!---->\t\t\t\t\t<\/rs-slide>\n\t\t\t\t\t\t<rs-slide style=\"position: absolute;\" data-key=\"rs-253\" data-title=\"Slide\" data-thumb=\"\/\/www.memoriaestadionacional.cl\/wp-content\/uploads\/2023\/12\/Copia-de-IMG_6316-2-50x100.jpg\" data-in=\"o:0;\" data-out=\"a:false;\">\n\t\t\t\t\t\t\t<img decoding=\"async\" src=\"\/\/www.memoriaestadionacional.cl\/wp-content\/plugins\/revslider\/sr6\/assets\/assets\/dummy.png\" alt=\"\" title=\"Galer\u00eda\" class=\"rev-slidebg tp-rs-img rs-lazyload\" data-lazyload=\"\/\/www.memoriaestadionacional.cl\/wp-content\/uploads\/2023\/12\/Copia-de-IMG_6316-2.jpg\" data-bg=\"f:contain;\" data-no-retina>\n<!---->\t\t\t\t\t<\/rs-slide>\n\t\t\t\t\t\t<rs-slide style=\"position: absolute;\" data-key=\"rs-254\" data-title=\"Slide\" data-thumb=\"\/\/www.memoriaestadionacional.cl\/wp-content\/uploads\/2023\/12\/Copia-de-IMG_6320-2-50x100.jpg\" data-in=\"o:0;\" data-out=\"a:false;\">\n\t\t\t\t\t\t\t<img decoding=\"async\" src=\"\/\/www.memoriaestadionacional.cl\/wp-content\/plugins\/revslider\/sr6\/assets\/assets\/dummy.png\" alt=\"\" title=\"Galer\u00eda\" class=\"rev-slidebg tp-rs-img rs-lazyload\" data-lazyload=\"\/\/www.memoriaestadionacional.cl\/wp-content\/uploads\/2023\/12\/Copia-de-IMG_6320-2.jpg\" data-no-retina>\n<!---->\t\t\t\t\t<\/rs-slide>\n\t\t\t\t\t\t<rs-slide style=\"position: absolute;\" data-key=\"rs-255\" data-title=\"Slide\" data-thumb=\"\/\/www.memoriaestadionacional.cl\/wp-content\/uploads\/2023\/12\/Copia-de-IMG_6330-50x100.jpg\" data-in=\"o:0;\" data-out=\"a:false;\">\n\t\t\t\t\t\t\t<img decoding=\"async\" src=\"\/\/www.memoriaestadionacional.cl\/wp-content\/plugins\/revslider\/sr6\/assets\/assets\/dummy.png\" alt=\"\" title=\"Galer\u00eda\" class=\"rev-slidebg tp-rs-img rs-lazyload\" data-lazyload=\"\/\/www.memoriaestadionacional.cl\/wp-content\/uploads\/2023\/12\/Copia-de-IMG_6330.jpg\" data-bg=\"f:contain;\" data-no-retina>\n<!---->\t\t\t\t\t<\/rs-slide>\n\t\t\t\t\t\t<rs-slide style=\"position: absolute;\" data-key=\"rs-256\" data-title=\"Slide\" data-thumb=\"\/\/www.memoriaestadionacional.cl\/wp-content\/uploads\/2023\/12\/Copia-de-IMG_6331-50x100.jpg\" data-in=\"o:0;\" data-out=\"a:false;\">\n\t\t\t\t\t\t\t<img decoding=\"async\" src=\"\/\/www.memoriaestadionacional.cl\/wp-content\/plugins\/revslider\/sr6\/assets\/assets\/dummy.png\" alt=\"\" title=\"Galer\u00eda\" class=\"rev-slidebg tp-rs-img rs-lazyload\" data-lazyload=\"\/\/www.memoriaestadionacional.cl\/wp-content\/uploads\/2023\/12\/Copia-de-IMG_6331.jpg\" data-bg=\"f:contain;\" data-no-retina>\n<!---->\t\t\t\t\t<\/rs-slide>\n\t\t\t\t\t\t<rs-slide style=\"position: absolute;\" data-key=\"rs-257\" data-title=\"Slide\" data-thumb=\"\/\/www.memoriaestadionacional.cl\/wp-content\/uploads\/2023\/12\/Copia-de-IMG_6349-50x100.jpg\" data-in=\"o:0;\" data-out=\"a:false;\">\n\t\t\t\t\t\t\t<img decoding=\"async\" src=\"\/\/www.memoriaestadionacional.cl\/wp-content\/plugins\/revslider\/sr6\/assets\/assets\/dummy.png\" alt=\"\" title=\"Galer\u00eda\" class=\"rev-slidebg tp-rs-img rs-lazyload\" data-lazyload=\"\/\/www.memoriaestadionacional.cl\/wp-content\/uploads\/2023\/12\/Copia-de-IMG_6349.jpg\" data-bg=\"f:contain;\" data-no-retina>\n<!---->\t\t\t\t\t<\/rs-slide>\n\t\t\t\t\t<\/rs-slides>\n\t\t\t\t<\/rs-module>\n\t\t\t\t<script>\n\t\t\t\t\tsetREVStartSize({c: 'rev_slider_34_41',rl:[1240,1024,778,480],el:[900],gw:[1240],gh:[900],type:'standard',justify:'',layout:'fullwidth',mh:\"0\"});if (window.RS_MODULES!==undefined && window.RS_MODULES.modules!==undefined && window.RS_MODULES.modules[\"revslider3441\"]!==undefined) {window.RS_MODULES.modules[\"revslider3441\"].once = false;window.revapi34 = undefined;if (window.RS_MODULES.checkMinimal!==undefined) window.RS_MODULES.checkMinimal()}\n\t\t\t\t<\/script>\n\t\t\t<\/rs-module-wrap>\n\t\t\t<!-- END REVOLUTION SLIDER -->\n<\/div><\/div><\/div><\/div><\/div><div class=\"vc-row-container row-stretch\"><div data-vc-full-width=\"true\"  data-vc-full-width-init=\"false\" class=\"vc_row wpb_row vc_row-fluid\"><div class=\"wpb_column vc_column_container vc_col-sm-12\"><div class=\"vc_column-inner\"><div class=\"wpb_wrapper\"><div class=\"vc_empty_space\"   style=\"height: 50px\"><span class=\"vc_empty_space_inner\"><\/span><\/div><\/div><\/div><\/div><\/div><\/div><div class=\"vc-row-container row-stretch\"><div data-vc-full-width=\"true\"  data-vc-full-width-init=\"false\" class=\"vc_row wpb_row vc_row-fluid\"><div class=\"wpb_column vc_column_container vc_col-sm-12\"><div class=\"vc_column-inner\"><div class=\"wpb_wrapper\">\n\t<div class=\"wpb_text_column wpb_content_element wpb_animate_when_almost_visible wpb_fadeIn fadeIn\" >\n\t\t<div class=\"wpb_wrapper\">\n\t\t\t<h5 style=\"text-align: center;\"><span style=\"color: #e79e47;\">[<\/span>GALER\u00cdA<span style=\"color: #e79e47;\">]<\/span><\/h5>\n\n\t\t<\/div>\n\t<\/div>\n<h1 style=\"text-align: center\" class=\"vc_custom_heading vc_do_custom_heading wpb_animate_when_almost_visible wpb_fadeIn fadeIn\" >Encuentro Nacional de Ex Prisioneros y Prisioneras del Estadio Nacional<\/h1><div class=\"vc_separator wpb_content_element vc_separator_align_center vc_sep_width_10 vc_sep_border_width_5 vc_sep_pos_align_center vc_separator_no_text wpb_content_element  wpb_content_element wpb_animate_when_almost_visible wpb_fadeIn fadeIn wpb_animate_when_almost_visible wpb_fadeIn fadeIn\" ><span class=\"vc_sep_holder vc_sep_holder_l\"><span style=\"border-color:#e79e47;\" class=\"vc_sep_line\"><\/span><\/span><span class=\"vc_sep_holder vc_sep_holder_r\"><span style=\"border-color:#e79e47;\" class=\"vc_sep_line\"><\/span><\/span>\n<\/div><div class=\"vc_empty_space\"   style=\"height: 32px\"><span class=\"vc_empty_space_inner\"><\/span><\/div>\n\t\t\t<!-- START Encuentro Nacional de Ex Prisioneros y Prisioneras del Estadio Nacional REVOLUTION SLIDER 6.7.41 --><p class=\"rs-p-wp-fix\"><\/p>\n\t\t\t<rs-module-wrap id=\"rev_slider_35_42_wrapper\" data-source=\"gallery\" style=\"visibility:hidden;background:transparent;padding:0;margin:0px auto;margin-top:0;margin-bottom:0;\">\n\t\t\t\t<rs-module id=\"rev_slider_35_42\" style=\"\" data-version=\"6.7.41\">\n\t\t\t\t\t<rs-slides style=\"overflow: hidden; position: absolute;\">\n\t\t\t\t\t\t<rs-slide style=\"position: absolute;\" data-key=\"rs-259\" data-title=\"Slide\" data-thumb=\"\/\/www.memoriaestadionacional.cl\/wp-content\/uploads\/2023\/12\/Copia-de-_MG_5107-2-scaled-50x100.jpg\" data-in=\"o:0;\" data-out=\"a:false;\">\n\t\t\t\t\t\t\t<img decoding=\"async\" src=\"\/\/www.memoriaestadionacional.cl\/wp-content\/plugins\/revslider\/sr6\/assets\/assets\/dummy.png\" alt=\"\" title=\"Galer\u00eda\" class=\"rev-slidebg tp-rs-img rs-lazyload\" data-lazyload=\"\/\/www.memoriaestadionacional.cl\/wp-content\/uploads\/2023\/12\/Copia-de-_MG_5107-2-scaled.jpg\" data-no-retina>\n<!---->\t\t\t\t\t<\/rs-slide>\n\t\t\t\t\t\t<rs-slide style=\"position: absolute;\" data-key=\"rs-260\" data-title=\"Slide\" data-thumb=\"\/\/www.memoriaestadionacional.cl\/wp-content\/uploads\/2023\/12\/Copia-de-_MG_5110-2-scaled-50x100.jpg\" data-in=\"o:0;\" data-out=\"a:false;\">\n\t\t\t\t\t\t\t<img decoding=\"async\" src=\"\/\/www.memoriaestadionacional.cl\/wp-content\/plugins\/revslider\/sr6\/assets\/assets\/dummy.png\" alt=\"\" title=\"Galer\u00eda\" class=\"rev-slidebg tp-rs-img rs-lazyload\" data-lazyload=\"\/\/www.memoriaestadionacional.cl\/wp-content\/uploads\/2023\/12\/Copia-de-_MG_5110-2-scaled.jpg\" data-no-retina>\n<!---->\t\t\t\t\t<\/rs-slide>\n\t\t\t\t\t\t<rs-slide style=\"position: absolute;\" data-key=\"rs-261\" data-title=\"Slide\" data-thumb=\"\/\/www.memoriaestadionacional.cl\/wp-content\/uploads\/2023\/12\/Copia-de-_MG_5143-2-scaled-50x100.jpg\" data-in=\"o:0;\" data-out=\"a:false;\">\n\t\t\t\t\t\t\t<img decoding=\"async\" src=\"\/\/www.memoriaestadionacional.cl\/wp-content\/plugins\/revslider\/sr6\/assets\/assets\/dummy.png\" alt=\"\" title=\"Galer\u00eda\" class=\"rev-slidebg tp-rs-img rs-lazyload\" data-lazyload=\"\/\/www.memoriaestadionacional.cl\/wp-content\/uploads\/2023\/12\/Copia-de-_MG_5143-2-scaled.jpg\" data-no-retina>\n<!---->\t\t\t\t\t<\/rs-slide>\n\t\t\t\t\t\t<rs-slide style=\"position: absolute;\" data-key=\"rs-262\" data-title=\"Slide\" data-thumb=\"\/\/www.memoriaestadionacional.cl\/wp-content\/uploads\/2023\/12\/Copia-de-_MG_5153-2-scaled-50x100.jpg\" data-in=\"o:0;\" data-out=\"a:false;\">\n\t\t\t\t\t\t\t<img decoding=\"async\" src=\"\/\/www.memoriaestadionacional.cl\/wp-content\/plugins\/revslider\/sr6\/assets\/assets\/dummy.png\" alt=\"\" title=\"Galer\u00eda\" class=\"rev-slidebg tp-rs-img rs-lazyload\" data-lazyload=\"\/\/www.memoriaestadionacional.cl\/wp-content\/uploads\/2023\/12\/Copia-de-_MG_5153-2-scaled.jpg\" data-no-retina>\n<!---->\t\t\t\t\t<\/rs-slide>\n\t\t\t\t\t\t<rs-slide style=\"position: absolute;\" data-key=\"rs-263\" data-title=\"Slide\" data-thumb=\"\/\/www.memoriaestadionacional.cl\/wp-content\/uploads\/2023\/12\/Copia-de-WhatsApp-Image-2023-09-04-at-11.58.29-3-50x100.jpeg\" data-in=\"o:0;\" data-out=\"a:false;\">\n\t\t\t\t\t\t\t<img decoding=\"async\" src=\"\/\/www.memoriaestadionacional.cl\/wp-content\/plugins\/revslider\/sr6\/assets\/assets\/dummy.png\" alt=\"\" title=\"Galer\u00eda\" class=\"rev-slidebg tp-rs-img rs-lazyload\" data-lazyload=\"\/\/www.memoriaestadionacional.cl\/wp-content\/uploads\/2023\/12\/Copia-de-WhatsApp-Image-2023-09-04-at-11.58.29-3.jpeg\" data-no-retina>\n<!---->\t\t\t\t\t<\/rs-slide>\n\t\t\t\t\t\t<rs-slide style=\"position: absolute;\" data-key=\"rs-264\" data-title=\"Slide\" data-thumb=\"\/\/www.memoriaestadionacional.cl\/wp-content\/uploads\/2023\/12\/Copia-de-WhatsApp-Image-2023-09-04-at-11.58.29-4-50x100.jpeg\" data-in=\"o:0;\" data-out=\"a:false;\">\n\t\t\t\t\t\t\t<img decoding=\"async\" src=\"\/\/www.memoriaestadionacional.cl\/wp-content\/plugins\/revslider\/sr6\/assets\/assets\/dummy.png\" alt=\"\" title=\"Galer\u00eda\" class=\"rev-slidebg tp-rs-img rs-lazyload\" data-lazyload=\"\/\/www.memoriaestadionacional.cl\/wp-content\/uploads\/2023\/12\/Copia-de-WhatsApp-Image-2023-09-04-at-11.58.29-4.jpeg\" data-no-retina>\n<!---->\t\t\t\t\t<\/rs-slide>\n\t\t\t\t\t\t<rs-slide style=\"position: absolute;\" data-key=\"rs-265\" data-title=\"Slide\" data-thumb=\"\/\/www.memoriaestadionacional.cl\/wp-content\/uploads\/2023\/12\/Copia-de-WhatsApp-Image-2023-09-04-at-11.58.43-1-50x100.jpeg\" data-in=\"o:0;\" data-out=\"a:false;\">\n\t\t\t\t\t\t\t<img decoding=\"async\" src=\"\/\/www.memoriaestadionacional.cl\/wp-content\/plugins\/revslider\/sr6\/assets\/assets\/dummy.png\" alt=\"\" title=\"Galer\u00eda\" class=\"rev-slidebg tp-rs-img rs-lazyload\" data-lazyload=\"\/\/www.memoriaestadionacional.cl\/wp-content\/uploads\/2023\/12\/Copia-de-WhatsApp-Image-2023-09-04-at-11.58.43-1.jpeg\" data-no-retina>\n<!---->\t\t\t\t\t<\/rs-slide>\n\t\t\t\t\t\t<rs-slide style=\"position: absolute;\" data-key=\"rs-266\" data-title=\"Slide\" data-thumb=\"\/\/www.memoriaestadionacional.cl\/wp-content\/uploads\/2023\/12\/Copia-de-WhatsApp-Image-2023-09-04-at-11.58.43-2-50x100.jpeg\" data-in=\"o:0;\" data-out=\"a:false;\">\n\t\t\t\t\t\t\t<img decoding=\"async\" src=\"\/\/www.memoriaestadionacional.cl\/wp-content\/plugins\/revslider\/sr6\/assets\/assets\/dummy.png\" alt=\"\" title=\"Galer\u00eda\" class=\"rev-slidebg tp-rs-img rs-lazyload\" data-lazyload=\"\/\/www.memoriaestadionacional.cl\/wp-content\/uploads\/2023\/12\/Copia-de-WhatsApp-Image-2023-09-04-at-11.58.43-2.jpeg\" data-no-retina>\n<!---->\t\t\t\t\t<\/rs-slide>\n\t\t\t\t\t\t<rs-slide style=\"position: absolute;\" data-key=\"rs-267\" data-title=\"Slide\" data-thumb=\"\/\/www.memoriaestadionacional.cl\/wp-content\/uploads\/2023\/12\/Copia-de-WhatsApp-Image-2023-09-04-at-11.58.43-3-50x100.jpeg\" data-in=\"o:0;\" data-out=\"a:false;\">\n\t\t\t\t\t\t\t<img decoding=\"async\" src=\"\/\/www.memoriaestadionacional.cl\/wp-content\/plugins\/revslider\/sr6\/assets\/assets\/dummy.png\" alt=\"\" title=\"Galer\u00eda\" class=\"rev-slidebg tp-rs-img rs-lazyload\" data-lazyload=\"\/\/www.memoriaestadionacional.cl\/wp-content\/uploads\/2023\/12\/Copia-de-WhatsApp-Image-2023-09-04-at-11.58.43-3.jpeg\" data-no-retina>\n<!---->\t\t\t\t\t<\/rs-slide>\n\t\t\t\t\t\t<rs-slide style=\"position: absolute;\" data-key=\"rs-268\" data-title=\"Slide\" data-thumb=\"\/\/www.memoriaestadionacional.cl\/wp-content\/uploads\/2023\/12\/Copia-de-WhatsApp-Image-2023-09-04-at-11.58.43-4-50x100.jpeg\" data-in=\"o:0;\" data-out=\"a:false;\">\n\t\t\t\t\t\t\t<img decoding=\"async\" src=\"\/\/www.memoriaestadionacional.cl\/wp-content\/plugins\/revslider\/sr6\/assets\/assets\/dummy.png\" alt=\"\" title=\"Galer\u00eda\" class=\"rev-slidebg tp-rs-img rs-lazyload\" data-lazyload=\"\/\/www.memoriaestadionacional.cl\/wp-content\/uploads\/2023\/12\/Copia-de-WhatsApp-Image-2023-09-04-at-11.58.43-4.jpeg\" data-no-retina>\n<!---->\t\t\t\t\t<\/rs-slide>\n\t\t\t\t\t\t<rs-slide style=\"position: absolute;\" data-key=\"rs-269\" data-title=\"Slide\" data-thumb=\"\/\/www.memoriaestadionacional.cl\/wp-content\/uploads\/2023\/12\/Copia-de-WhatsApp-Image-2023-09-04-at-11.58.43-5-50x100.jpeg\" data-in=\"o:0;\" data-out=\"a:false;\">\n\t\t\t\t\t\t\t<img decoding=\"async\" src=\"\/\/www.memoriaestadionacional.cl\/wp-content\/plugins\/revslider\/sr6\/assets\/assets\/dummy.png\" alt=\"\" title=\"Galer\u00eda\" class=\"rev-slidebg tp-rs-img rs-lazyload\" data-lazyload=\"\/\/www.memoriaestadionacional.cl\/wp-content\/uploads\/2023\/12\/Copia-de-WhatsApp-Image-2023-09-04-at-11.58.43-5.jpeg\" data-no-retina>\n<!---->\t\t\t\t\t<\/rs-slide>\n\t\t\t\t\t\t<rs-slide style=\"position: absolute;\" data-key=\"rs-270\" data-title=\"Slide\" data-thumb=\"\/\/www.memoriaestadionacional.cl\/wp-content\/uploads\/2023\/12\/Copia-de-WhatsApp-Image-2023-09-04-at-11.58.43-50x100.jpeg\" data-in=\"o:0;\" data-out=\"a:false;\">\n\t\t\t\t\t\t\t<img decoding=\"async\" src=\"\/\/www.memoriaestadionacional.cl\/wp-content\/plugins\/revslider\/sr6\/assets\/assets\/dummy.png\" alt=\"\" title=\"Galer\u00eda\" class=\"rev-slidebg tp-rs-img rs-lazyload\" data-lazyload=\"\/\/www.memoriaestadionacional.cl\/wp-content\/uploads\/2023\/12\/Copia-de-WhatsApp-Image-2023-09-04-at-11.58.43.jpeg\" data-no-retina>\n<!---->\t\t\t\t\t<\/rs-slide>\n\t\t\t\t\t<\/rs-slides>\n\t\t\t\t<\/rs-module>\n\t\t\t\t<script>\n\t\t\t\t\tsetREVStartSize({c: 'rev_slider_35_42',rl:[1240,1024,778,480],el:[900],gw:[1240],gh:[900],type:'standard',justify:'',layout:'fullwidth',mh:\"0\"});if (window.RS_MODULES!==undefined && window.RS_MODULES.modules!==undefined && window.RS_MODULES.modules[\"revslider3542\"]!==undefined) {window.RS_MODULES.modules[\"revslider3542\"].once = false;window.revapi35 = undefined;if (window.RS_MODULES.checkMinimal!==undefined) window.RS_MODULES.checkMinimal()}\n\t\t\t\t<\/script>\n\t\t\t<\/rs-module-wrap>\n\t\t\t<!-- END REVOLUTION SLIDER -->\n<\/div><\/div><\/div><\/div><\/div><div class=\"vc-row-container row-stretch\"><div data-vc-full-width=\"true\"  data-vc-full-width-init=\"false\" class=\"vc_row wpb_row vc_row-fluid\"><div class=\"wpb_column vc_column_container vc_col-sm-12\"><div class=\"vc_column-inner\"><div class=\"wpb_wrapper\"><div class=\"vc_empty_space\"   style=\"height: 50px\"><span class=\"vc_empty_space_inner\"><\/span><\/div><\/div><\/div><\/div><\/div><\/div><div class=\"vc-row-container row-stretch\"><div data-vc-full-width=\"true\"  data-vc-full-width-init=\"false\" class=\"vc_row wpb_row vc_row-fluid\"><div class=\"wpb_column vc_column_container vc_col-sm-12\"><div class=\"vc_column-inner\"><div class=\"wpb_wrapper\">\n\t<div class=\"wpb_text_column wpb_content_element wpb_animate_when_almost_visible wpb_fadeIn fadeIn\" >\n\t\t<div class=\"wpb_wrapper\">\n\t\t\t<h5 style=\"text-align: center;\"><span style=\"color: #e79e47;\">[<\/span>GALER\u00cdA<span style=\"color: #e79e47;\">]<\/span><\/h5>\n\n\t\t<\/div>\n\t<\/div>\n<h1 style=\"text-align: center\" class=\"vc_custom_heading vc_do_custom_heading wpb_animate_when_almost_visible wpb_fadeIn fadeIn\" >Conmemoraci\u00f3n 11 de septiembre<\/h1><div class=\"vc_separator wpb_content_element vc_separator_align_center vc_sep_width_10 vc_sep_border_width_5 vc_sep_pos_align_center vc_separator_no_text wpb_content_element  wpb_content_element wpb_animate_when_almost_visible wpb_fadeIn fadeIn wpb_animate_when_almost_visible wpb_fadeIn fadeIn\" ><span class=\"vc_sep_holder vc_sep_holder_l\"><span style=\"border-color:#e79e47;\" class=\"vc_sep_line\"><\/span><\/span><span class=\"vc_sep_holder vc_sep_holder_r\"><span style=\"border-color:#e79e47;\" class=\"vc_sep_line\"><\/span><\/span>\n<\/div><div class=\"vc_empty_space\"   style=\"height: 32px\"><span class=\"vc_empty_space_inner\"><\/span><\/div>\n\t\t\t<!-- START Conmemoraci\u00f3n 11 de septiembre REVOLUTION SLIDER 6.7.41 --><p class=\"rs-p-wp-fix\"><\/p>\n\t\t\t<rs-module-wrap id=\"rev_slider_36_43_wrapper\" data-source=\"gallery\" style=\"visibility:hidden;background:transparent;padding:0;margin:0px auto;margin-top:0;margin-bottom:0;\">\n\t\t\t\t<rs-module id=\"rev_slider_36_43\" style=\"\" data-version=\"6.7.41\">\n\t\t\t\t\t<rs-slides style=\"overflow: hidden; position: absolute;\">\n\t\t\t\t\t\t<rs-slide style=\"position: absolute;\" data-key=\"rs-272\" data-title=\"Slide\" data-thumb=\"\/\/www.memoriaestadionacional.cl\/wp-content\/uploads\/2023\/12\/Copia-de-PNB_6510-50x100.jpg\" data-in=\"o:0;\" data-out=\"a:false;\">\n\t\t\t\t\t\t\t<img decoding=\"async\" src=\"\/\/www.memoriaestadionacional.cl\/wp-content\/plugins\/revslider\/sr6\/assets\/assets\/dummy.png\" alt=\"\" title=\"Galer\u00eda\" class=\"rev-slidebg tp-rs-img rs-lazyload\" data-lazyload=\"\/\/www.memoriaestadionacional.cl\/wp-content\/uploads\/2023\/12\/Copia-de-PNB_6510.jpg\" data-no-retina>\n<!---->\t\t\t\t\t<\/rs-slide>\n\t\t\t\t\t\t<rs-slide style=\"position: absolute;\" data-key=\"rs-273\" data-title=\"Slide\" data-thumb=\"\/\/www.memoriaestadionacional.cl\/wp-content\/uploads\/2023\/12\/Copia-de-PNB_6560-50x100.jpg\" data-in=\"o:0;\" data-out=\"a:false;\">\n\t\t\t\t\t\t\t<img decoding=\"async\" src=\"\/\/www.memoriaestadionacional.cl\/wp-content\/plugins\/revslider\/sr6\/assets\/assets\/dummy.png\" alt=\"\" title=\"Galer\u00eda\" class=\"rev-slidebg tp-rs-img rs-lazyload\" data-lazyload=\"\/\/www.memoriaestadionacional.cl\/wp-content\/uploads\/2023\/12\/Copia-de-PNB_6560.jpg\" data-no-retina>\n<!---->\t\t\t\t\t<\/rs-slide>\n\t\t\t\t\t\t<rs-slide style=\"position: absolute;\" data-key=\"rs-274\" data-title=\"Slide\" data-thumb=\"\/\/www.memoriaestadionacional.cl\/wp-content\/uploads\/2023\/12\/Copia-de-PNB_6612-50x100.jpg\" data-in=\"o:0;\" data-out=\"a:false;\">\n\t\t\t\t\t\t\t<img decoding=\"async\" src=\"\/\/www.memoriaestadionacional.cl\/wp-content\/plugins\/revslider\/sr6\/assets\/assets\/dummy.png\" alt=\"\" title=\"Galer\u00eda\" class=\"rev-slidebg tp-rs-img rs-lazyload\" data-lazyload=\"\/\/www.memoriaestadionacional.cl\/wp-content\/uploads\/2023\/12\/Copia-de-PNB_6612.jpg\" data-no-retina>\n<!---->\t\t\t\t\t<\/rs-slide>\n\t\t\t\t\t\t<rs-slide style=\"position: absolute;\" data-key=\"rs-275\" data-title=\"Slide\" data-thumb=\"\/\/www.memoriaestadionacional.cl\/wp-content\/uploads\/2023\/12\/Copia-de-PNB_6640-50x100.jpg\" data-in=\"o:0;\" data-out=\"a:false;\">\n\t\t\t\t\t\t\t<img decoding=\"async\" src=\"\/\/www.memoriaestadionacional.cl\/wp-content\/plugins\/revslider\/sr6\/assets\/assets\/dummy.png\" alt=\"\" title=\"Galer\u00eda\" class=\"rev-slidebg tp-rs-img rs-lazyload\" data-lazyload=\"\/\/www.memoriaestadionacional.cl\/wp-content\/uploads\/2023\/12\/Copia-de-PNB_6640.jpg\" data-no-retina>\n<!---->\t\t\t\t\t<\/rs-slide>\n\t\t\t\t\t\t<rs-slide style=\"position: absolute;\" data-key=\"rs-276\" data-title=\"Slide\" data-thumb=\"\/\/www.memoriaestadionacional.cl\/wp-content\/uploads\/2023\/12\/Copia-de-PNB_6643-50x100.jpg\" data-in=\"o:0;\" data-out=\"a:false;\">\n\t\t\t\t\t\t\t<img decoding=\"async\" src=\"\/\/www.memoriaestadionacional.cl\/wp-content\/plugins\/revslider\/sr6\/assets\/assets\/dummy.png\" alt=\"\" title=\"Galer\u00eda\" class=\"rev-slidebg tp-rs-img rs-lazyload\" data-lazyload=\"\/\/www.memoriaestadionacional.cl\/wp-content\/uploads\/2023\/12\/Copia-de-PNB_6643.jpg\" data-no-retina>\n<!---->\t\t\t\t\t<\/rs-slide>\n\t\t\t\t\t\t<rs-slide style=\"position: absolute;\" data-key=\"rs-277\" data-title=\"Slide\" data-thumb=\"\/\/www.memoriaestadionacional.cl\/wp-content\/uploads\/2023\/12\/Copia-de-PNB_6726-50x100.jpg\" data-in=\"o:0;\" data-out=\"a:false;\">\n\t\t\t\t\t\t\t<img decoding=\"async\" src=\"\/\/www.memoriaestadionacional.cl\/wp-content\/plugins\/revslider\/sr6\/assets\/assets\/dummy.png\" alt=\"\" title=\"Galer\u00eda\" class=\"rev-slidebg tp-rs-img rs-lazyload\" data-lazyload=\"\/\/www.memoriaestadionacional.cl\/wp-content\/uploads\/2023\/12\/Copia-de-PNB_6726.jpg\" data-no-retina>\n<!---->\t\t\t\t\t<\/rs-slide>\n\t\t\t\t\t\t<rs-slide style=\"position: absolute;\" data-key=\"rs-278\" data-title=\"Slide\" data-thumb=\"\/\/www.memoriaestadionacional.cl\/wp-content\/uploads\/2023\/12\/Copia-de-PNB_6746-50x100.jpg\" data-in=\"o:0;\" data-out=\"a:false;\">\n\t\t\t\t\t\t\t<img decoding=\"async\" src=\"\/\/www.memoriaestadionacional.cl\/wp-content\/plugins\/revslider\/sr6\/assets\/assets\/dummy.png\" alt=\"\" title=\"Galer\u00eda\" class=\"rev-slidebg tp-rs-img rs-lazyload\" data-lazyload=\"\/\/www.memoriaestadionacional.cl\/wp-content\/uploads\/2023\/12\/Copia-de-PNB_6746.jpg\" data-no-retina>\n<!---->\t\t\t\t\t<\/rs-slide>\n\t\t\t\t\t\t<rs-slide style=\"position: absolute;\" data-key=\"rs-279\" data-title=\"Slide\" data-thumb=\"\/\/www.memoriaestadionacional.cl\/wp-content\/uploads\/2023\/12\/Copia-de-PNB_6765-50x100.jpg\" data-in=\"o:0;\" data-out=\"a:false;\">\n\t\t\t\t\t\t\t<img decoding=\"async\" src=\"\/\/www.memoriaestadionacional.cl\/wp-content\/plugins\/revslider\/sr6\/assets\/assets\/dummy.png\" alt=\"\" title=\"Galer\u00eda\" class=\"rev-slidebg tp-rs-img rs-lazyload\" data-lazyload=\"\/\/www.memoriaestadionacional.cl\/wp-content\/uploads\/2023\/12\/Copia-de-PNB_6765.jpg\" data-no-retina>\n<!---->\t\t\t\t\t<\/rs-slide>\n\t\t\t\t\t\t<rs-slide style=\"position: absolute;\" data-key=\"rs-280\" data-title=\"Slide\" data-thumb=\"\/\/www.memoriaestadionacional.cl\/wp-content\/uploads\/2023\/12\/Copia-de-PNB_6835-50x100.jpg\" data-in=\"o:0;\" data-out=\"a:false;\">\n\t\t\t\t\t\t\t<img decoding=\"async\" src=\"\/\/www.memoriaestadionacional.cl\/wp-content\/plugins\/revslider\/sr6\/assets\/assets\/dummy.png\" alt=\"\" title=\"Galer\u00eda\" class=\"rev-slidebg tp-rs-img rs-lazyload\" data-lazyload=\"\/\/www.memoriaestadionacional.cl\/wp-content\/uploads\/2023\/12\/Copia-de-PNB_6835.jpg\" data-no-retina>\n<!---->\t\t\t\t\t<\/rs-slide>\n\t\t\t\t\t\t<rs-slide style=\"position: absolute;\" data-key=\"rs-281\" data-title=\"Slide\" data-thumb=\"\/\/www.memoriaestadionacional.cl\/wp-content\/uploads\/2023\/12\/Copia-de-PNB_6839-50x100.jpg\" data-in=\"o:0;\" data-out=\"a:false;\">\n\t\t\t\t\t\t\t<img decoding=\"async\" src=\"\/\/www.memoriaestadionacional.cl\/wp-content\/plugins\/revslider\/sr6\/assets\/assets\/dummy.png\" alt=\"\" title=\"Galer\u00eda\" class=\"rev-slidebg tp-rs-img rs-lazyload\" data-lazyload=\"\/\/www.memoriaestadionacional.cl\/wp-content\/uploads\/2023\/12\/Copia-de-PNB_6839.jpg\" data-no-retina>\n<!---->\t\t\t\t\t<\/rs-slide>\n\t\t\t\t\t\t<rs-slide style=\"position: absolute;\" data-key=\"rs-282\" data-title=\"Slide\" data-thumb=\"\/\/www.memoriaestadionacional.cl\/wp-content\/uploads\/2023\/12\/Copia-de-PNB_6843-50x100.jpg\" data-in=\"o:0;\" data-out=\"a:false;\">\n\t\t\t\t\t\t\t<img decoding=\"async\" src=\"\/\/www.memoriaestadionacional.cl\/wp-content\/plugins\/revslider\/sr6\/assets\/assets\/dummy.png\" alt=\"\" title=\"Galer\u00eda\" class=\"rev-slidebg tp-rs-img rs-lazyload\" data-lazyload=\"\/\/www.memoriaestadionacional.cl\/wp-content\/uploads\/2023\/12\/Copia-de-PNB_6843.jpg\" data-no-retina>\n<!---->\t\t\t\t\t<\/rs-slide>\n\t\t\t\t\t\t<rs-slide style=\"position: absolute;\" data-key=\"rs-283\" data-title=\"Slide\" data-thumb=\"\/\/www.memoriaestadionacional.cl\/wp-content\/uploads\/2023\/12\/Copia-de-PNB_6856-50x100.jpg\" data-in=\"o:0;\" data-out=\"a:false;\">\n\t\t\t\t\t\t\t<img decoding=\"async\" src=\"\/\/www.memoriaestadionacional.cl\/wp-content\/plugins\/revslider\/sr6\/assets\/assets\/dummy.png\" alt=\"\" title=\"Galer\u00eda\" class=\"rev-slidebg tp-rs-img rs-lazyload\" data-lazyload=\"\/\/www.memoriaestadionacional.cl\/wp-content\/uploads\/2023\/12\/Copia-de-PNB_6856.jpg\" data-no-retina>\n<!---->\t\t\t\t\t<\/rs-slide>\n\t\t\t\t\t<\/rs-slides>\n\t\t\t\t<\/rs-module>\n\t\t\t\t<script>\n\t\t\t\t\tsetREVStartSize({c: 'rev_slider_36_43',rl:[1240,1024,778,480],el:[900],gw:[1240],gh:[900],type:'standard',justify:'',layout:'fullwidth',mh:\"0\"});if (window.RS_MODULES!==undefined && window.RS_MODULES.modules!==undefined && window.RS_MODULES.modules[\"revslider3643\"]!==undefined) {window.RS_MODULES.modules[\"revslider3643\"].once = false;window.revapi36 = undefined;if (window.RS_MODULES.checkMinimal!==undefined) window.RS_MODULES.checkMinimal()}\n\t\t\t\t<\/script>\n\t\t\t<\/rs-module-wrap>\n\t\t\t<!-- END REVOLUTION SLIDER -->\n<\/div><\/div><\/div><\/div><\/div><div class=\"vc-row-container row-stretch\"><div data-vc-full-width=\"true\"  data-vc-full-width-init=\"false\" class=\"vc_row wpb_row vc_row-fluid\"><div class=\"wpb_column vc_column_container vc_col-sm-12\"><div class=\"vc_column-inner\"><div class=\"wpb_wrapper\"><div class=\"vc_empty_space\"   style=\"height: 50px\"><span class=\"vc_empty_space_inner\"><\/span><\/div><\/div><\/div><\/div><\/div><\/div><div class=\"vc-row-container row-stretch\"><div data-vc-full-width=\"true\"  data-vc-full-width-init=\"false\" class=\"vc_row wpb_row vc_row-fluid\"><div class=\"wpb_column vc_column_container vc_col-sm-12\"><div class=\"vc_column-inner\"><div class=\"wpb_wrapper\">\n\t<div class=\"wpb_text_column wpb_content_element wpb_animate_when_almost_visible wpb_fadeIn fadeIn\" >\n\t\t<div class=\"wpb_wrapper\">\n\t\t\t<h5 style=\"text-align: center;\"><span style=\"color: #e79e47;\">[<\/span>GALER\u00cdA<span style=\"color: #e79e47;\">]<\/span><\/h5>\n\n\t\t<\/div>\n\t<\/div>\n<h1 style=\"text-align: center\" class=\"vc_custom_heading vc_do_custom_heading wpb_animate_when_almost_visible wpb_fadeIn fadeIn\" >Bestia<\/h1><div class=\"vc_separator wpb_content_element vc_separator_align_center vc_sep_width_10 vc_sep_border_width_5 vc_sep_pos_align_center vc_separator_no_text wpb_content_element  wpb_content_element wpb_animate_when_almost_visible wpb_fadeIn fadeIn wpb_animate_when_almost_visible wpb_fadeIn fadeIn\" ><span class=\"vc_sep_holder vc_sep_holder_l\"><span style=\"border-color:#e79e47;\" class=\"vc_sep_line\"><\/span><\/span><span class=\"vc_sep_holder vc_sep_holder_r\"><span style=\"border-color:#e79e47;\" class=\"vc_sep_line\"><\/span><\/span>\n<\/div><div class=\"vc_empty_space\"   style=\"height: 32px\"><span class=\"vc_empty_space_inner\"><\/span><\/div>\n\t\t\t<!-- START Bestia REVOLUTION SLIDER 6.7.41 --><p class=\"rs-p-wp-fix\"><\/p>\n\t\t\t<rs-module-wrap id=\"rev_slider_12_44_wrapper\" data-source=\"gallery\" style=\"visibility:hidden;background:transparent;padding:0;margin:0px auto;margin-top:0;margin-bottom:0;\">\n\t\t\t\t<rs-module id=\"rev_slider_12_44\" style=\"\" data-version=\"6.7.41\">\n\t\t\t\t\t<rs-slides style=\"overflow: hidden; position: absolute;\">\n\t\t\t\t\t\t<rs-slide style=\"position: absolute;\" data-key=\"rs-32\" data-title=\"Slide\" data-thumb=\"\/\/www.memoriaestadionacional.cl\/wp-content\/uploads\/2022\/11\/IMG_7233-1-50x100.jpg\" data-in=\"o:0;\" data-out=\"a:false;\">\n\t\t\t\t\t\t\t<img decoding=\"async\" src=\"\/\/www.memoriaestadionacional.cl\/wp-content\/plugins\/revslider\/sr6\/assets\/assets\/dummy.png\" alt=\"\" title=\"Galer\u00eda\" class=\"rev-slidebg tp-rs-img rs-lazyload\" data-lazyload=\"\/\/www.memoriaestadionacional.cl\/wp-content\/uploads\/2022\/11\/IMG_7233-1.jpg\" data-bg=\"f:contain;\" data-no-retina>\n<!---->\t\t\t\t\t<\/rs-slide>\n\t\t\t\t\t\t<rs-slide style=\"position: absolute;\" data-key=\"rs-33\" data-title=\"Slide\" data-thumb=\"\/\/www.memoriaestadionacional.cl\/wp-content\/uploads\/2022\/11\/IMG_7234-1-50x100.jpg\" data-in=\"o:0;\" data-out=\"a:false;\">\n\t\t\t\t\t\t\t<img decoding=\"async\" src=\"\/\/www.memoriaestadionacional.cl\/wp-content\/plugins\/revslider\/sr6\/assets\/assets\/dummy.png\" alt=\"\" title=\"Galer\u00eda\" class=\"rev-slidebg tp-rs-img rs-lazyload\" data-lazyload=\"\/\/www.memoriaestadionacional.cl\/wp-content\/uploads\/2022\/11\/IMG_7234-1.jpg\" data-bg=\"f:contain;\" data-no-retina>\n<!---->\t\t\t\t\t<\/rs-slide>\n\t\t\t\t\t\t<rs-slide style=\"position: absolute;\" data-key=\"rs-34\" data-title=\"Slide\" data-thumb=\"\/\/www.memoriaestadionacional.cl\/wp-content\/uploads\/2022\/11\/IMG_7235-1-50x100.jpg\" data-in=\"o:0;\" data-out=\"a:false;\">\n\t\t\t\t\t\t\t<img decoding=\"async\" src=\"\/\/www.memoriaestadionacional.cl\/wp-content\/plugins\/revslider\/sr6\/assets\/assets\/dummy.png\" alt=\"\" title=\"Galer\u00eda\" class=\"rev-slidebg tp-rs-img rs-lazyload\" data-lazyload=\"\/\/www.memoriaestadionacional.cl\/wp-content\/uploads\/2022\/11\/IMG_7235-1.jpg\" data-bg=\"f:contain;\" data-no-retina>\n<!---->\t\t\t\t\t<\/rs-slide>\n\t\t\t\t\t\t<rs-slide style=\"position: absolute;\" data-key=\"rs-35\" data-title=\"Slide\" data-thumb=\"\/\/www.memoriaestadionacional.cl\/wp-content\/uploads\/2022\/11\/IMG_7236-1-50x100.jpg\" data-in=\"o:0;\" data-out=\"a:false;\">\n\t\t\t\t\t\t\t<img decoding=\"async\" src=\"\/\/www.memoriaestadionacional.cl\/wp-content\/plugins\/revslider\/sr6\/assets\/assets\/dummy.png\" alt=\"\" title=\"Galer\u00eda\" class=\"rev-slidebg tp-rs-img rs-lazyload\" data-lazyload=\"\/\/www.memoriaestadionacional.cl\/wp-content\/uploads\/2022\/11\/IMG_7236-1.jpg\" data-bg=\"f:contain;\" data-no-retina>\n<!---->\t\t\t\t\t<\/rs-slide>\n\t\t\t\t\t\t<rs-slide style=\"position: absolute;\" data-key=\"rs-36\" data-title=\"Slide\" data-thumb=\"\/\/www.memoriaestadionacional.cl\/wp-content\/uploads\/2022\/11\/IMG_7237-2-50x100.jpg\" data-in=\"o:0;\" data-out=\"a:false;\">\n\t\t\t\t\t\t\t<img decoding=\"async\" src=\"\/\/www.memoriaestadionacional.cl\/wp-content\/plugins\/revslider\/sr6\/assets\/assets\/dummy.png\" alt=\"\" title=\"Galer\u00eda\" class=\"rev-slidebg tp-rs-img rs-lazyload\" data-lazyload=\"\/\/www.memoriaestadionacional.cl\/wp-content\/uploads\/2022\/11\/IMG_7237-2.jpg\" data-bg=\"f:contain;\" data-no-retina>\n<!---->\t\t\t\t\t<\/rs-slide>\n\t\t\t\t\t\t<rs-slide style=\"position: absolute;\" data-key=\"rs-37\" data-title=\"Slide\" data-thumb=\"\/\/www.memoriaestadionacional.cl\/wp-content\/uploads\/2022\/11\/IMG_7238-1-50x100.jpg\" data-in=\"o:0;\" data-out=\"a:false;\">\n\t\t\t\t\t\t\t<img decoding=\"async\" src=\"\/\/www.memoriaestadionacional.cl\/wp-content\/plugins\/revslider\/sr6\/assets\/assets\/dummy.png\" alt=\"\" title=\"Galer\u00eda\" class=\"rev-slidebg tp-rs-img rs-lazyload\" data-lazyload=\"\/\/www.memoriaestadionacional.cl\/wp-content\/uploads\/2022\/11\/IMG_7238-1.jpg\" data-bg=\"f:contain;\" data-no-retina>\n<!---->\t\t\t\t\t<\/rs-slide>\n\t\t\t\t\t\t<rs-slide style=\"position: absolute;\" data-key=\"rs-38\" data-title=\"Slide\" data-thumb=\"\/\/www.memoriaestadionacional.cl\/wp-content\/uploads\/2022\/11\/IMG_7239-1-50x100.jpg\" data-in=\"o:0;\" data-out=\"a:false;\">\n\t\t\t\t\t\t\t<img decoding=\"async\" src=\"\/\/www.memoriaestadionacional.cl\/wp-content\/plugins\/revslider\/sr6\/assets\/assets\/dummy.png\" alt=\"\" title=\"Galer\u00eda\" class=\"rev-slidebg tp-rs-img rs-lazyload\" data-lazyload=\"\/\/www.memoriaestadionacional.cl\/wp-content\/uploads\/2022\/11\/IMG_7239-1.jpg\" data-no-retina>\n<!---->\t\t\t\t\t<\/rs-slide>\n\t\t\t\t\t\t<rs-slide style=\"position: absolute;\" data-key=\"rs-39\" data-title=\"Slide\" data-thumb=\"\/\/www.memoriaestadionacional.cl\/wp-content\/uploads\/2022\/11\/IMG_7241-1-50x100.jpg\" data-in=\"o:0;\" data-out=\"a:false;\">\n\t\t\t\t\t\t\t<img decoding=\"async\" src=\"\/\/www.memoriaestadionacional.cl\/wp-content\/plugins\/revslider\/sr6\/assets\/assets\/dummy.png\" alt=\"\" title=\"Galer\u00eda\" class=\"rev-slidebg tp-rs-img rs-lazyload\" data-lazyload=\"\/\/www.memoriaestadionacional.cl\/wp-content\/uploads\/2022\/11\/IMG_7241-1.jpg\" data-bg=\"f:contain;\" data-no-retina>\n<!---->\t\t\t\t\t<\/rs-slide>\n\t\t\t\t\t<\/rs-slides>\n\t\t\t\t<\/rs-module>\n\t\t\t\t<script>\n\t\t\t\t\tsetREVStartSize({c: 'rev_slider_12_44',rl:[1240,1024,778,480],el:[900],gw:[1240],gh:[900],type:'carousel',justify:'',layout:'fullwidth',mh:\"0\"});if (window.RS_MODULES!==undefined && window.RS_MODULES.modules!==undefined && window.RS_MODULES.modules[\"revslider1244\"]!==undefined) {window.RS_MODULES.modules[\"revslider1244\"].once = false;window.revapi12 = undefined;if (window.RS_MODULES.checkMinimal!==undefined) window.RS_MODULES.checkMinimal()}\n\t\t\t\t<\/script>\n\t\t\t<\/rs-module-wrap>\n\t\t\t<!-- END REVOLUTION SLIDER -->\n<\/div><\/div><\/div><\/div><\/div><div class=\"vc-row-container row-stretch\"><div data-vc-full-width=\"true\"  data-vc-full-width-init=\"false\" class=\"vc_row wpb_row vc_row-fluid\"><div class=\"wpb_column vc_column_container vc_col-sm-12\"><div class=\"vc_column-inner\"><div class=\"wpb_wrapper\"><div class=\"vc_empty_space\"   style=\"height: 50px\"><span class=\"vc_empty_space_inner\"><\/span><\/div><\/div><\/div><\/div><\/div><\/div><div class=\"vc-row-container row-stretch\"><div data-vc-full-width=\"true\"  data-vc-full-width-init=\"false\" class=\"vc_row wpb_row vc_row-fluid\"><div class=\"wpb_column vc_column_container vc_col-sm-12\"><div class=\"vc_column-inner\"><div class=\"wpb_wrapper\">\n\t<div class=\"wpb_text_column wpb_content_element wpb_animate_when_almost_visible wpb_fadeIn fadeIn\" >\n\t\t<div class=\"wpb_wrapper\">\n\t\t\t<h5 style=\"text-align: center;\"><span style=\"color: #e79e47;\">[<\/span>GALER\u00cdA<span style=\"color: #e79e47;\">]<\/span><\/h5>\n\n\t\t<\/div>\n\t<\/div>\n<h1 style=\"text-align: center\" class=\"vc_custom_heading vc_do_custom_heading wpb_animate_when_almost_visible wpb_fadeIn fadeIn\" >Conmemoraci\u00f3n d\u00eda de los DDHH<\/h1><div class=\"vc_separator wpb_content_element vc_separator_align_center vc_sep_width_10 vc_sep_border_width_5 vc_sep_pos_align_center vc_separator_no_text wpb_content_element  wpb_content_element wpb_animate_when_almost_visible wpb_fadeIn fadeIn wpb_animate_when_almost_visible wpb_fadeIn fadeIn\" ><span class=\"vc_sep_holder vc_sep_holder_l\"><span style=\"border-color:#e79e47;\" class=\"vc_sep_line\"><\/span><\/span><span class=\"vc_sep_holder vc_sep_holder_r\"><span style=\"border-color:#e79e47;\" class=\"vc_sep_line\"><\/span><\/span>\n<\/div><div class=\"vc_empty_space\"   style=\"height: 32px\"><span class=\"vc_empty_space_inner\"><\/span><\/div>\n\t\t\t<!-- START Conmemoraci\u00f3n d\u00eda de los DDHH REVOLUTION SLIDER 6.7.41 --><p class=\"rs-p-wp-fix\"><\/p>\n\t\t\t<rs-module-wrap id=\"rev_slider_13_45_wrapper\" data-source=\"gallery\" style=\"visibility:hidden;background:transparent;padding:0;margin:0px auto;margin-top:0;margin-bottom:0;\">\n\t\t\t\t<rs-module id=\"rev_slider_13_45\" style=\"\" data-version=\"6.7.41\">\n\t\t\t\t\t<rs-slides style=\"overflow: hidden; position: absolute;\">\n\t\t\t\t\t\t<rs-slide style=\"position: absolute;\" data-key=\"rs-48\" data-title=\"Slide\" data-thumb=\"\/\/www.memoriaestadionacional.cl\/wp-content\/uploads\/2022\/11\/0DB86947-9954-471B-B8B7-0FCCCDA0F21A-50x100.jpg\" data-in=\"o:0;\" data-out=\"a:false;\">\n\t\t\t\t\t\t\t<img decoding=\"async\" src=\"\/\/www.memoriaestadionacional.cl\/wp-content\/plugins\/revslider\/sr6\/assets\/assets\/dummy.png\" alt=\"\" title=\"Galer\u00eda\" class=\"rev-slidebg tp-rs-img rs-lazyload\" data-lazyload=\"\/\/www.memoriaestadionacional.cl\/wp-content\/uploads\/2022\/11\/0DB86947-9954-471B-B8B7-0FCCCDA0F21A.jpg\" data-no-retina>\n<!---->\t\t\t\t\t<\/rs-slide>\n\t\t\t\t\t\t<rs-slide style=\"position: absolute;\" data-key=\"rs-49\" data-title=\"Slide\" data-thumb=\"\/\/www.memoriaestadionacional.cl\/wp-content\/uploads\/2022\/11\/8EB0FB55-8CC6-42F4-9645-11614419D25F-50x100.jpg\" data-in=\"o:0;\" data-out=\"a:false;\">\n\t\t\t\t\t\t\t<img decoding=\"async\" src=\"\/\/www.memoriaestadionacional.cl\/wp-content\/plugins\/revslider\/sr6\/assets\/assets\/dummy.png\" alt=\"\" title=\"Galer\u00eda\" class=\"rev-slidebg tp-rs-img rs-lazyload\" data-lazyload=\"\/\/www.memoriaestadionacional.cl\/wp-content\/uploads\/2022\/11\/8EB0FB55-8CC6-42F4-9645-11614419D25F.jpg\" data-no-retina>\n<!---->\t\t\t\t\t<\/rs-slide>\n\t\t\t\t\t\t<rs-slide style=\"position: absolute;\" data-key=\"rs-50\" data-title=\"Slide\" data-thumb=\"\/\/www.memoriaestadionacional.cl\/wp-content\/uploads\/2022\/11\/9AC1E8E4-4101-4272-8E60-905A49A796AC-50x100.jpg\" data-in=\"o:0;\" data-out=\"a:false;\">\n\t\t\t\t\t\t\t<img decoding=\"async\" src=\"\/\/www.memoriaestadionacional.cl\/wp-content\/plugins\/revslider\/sr6\/assets\/assets\/dummy.png\" alt=\"\" title=\"Galer\u00eda\" class=\"rev-slidebg tp-rs-img rs-lazyload\" data-lazyload=\"\/\/www.memoriaestadionacional.cl\/wp-content\/uploads\/2022\/11\/9AC1E8E4-4101-4272-8E60-905A49A796AC.jpg\" data-no-retina>\n<!---->\t\t\t\t\t<\/rs-slide>\n\t\t\t\t\t\t<rs-slide style=\"position: absolute;\" data-key=\"rs-51\" data-title=\"Slide\" data-thumb=\"\/\/www.memoriaestadionacional.cl\/wp-content\/uploads\/2022\/11\/55CFCD3C-2B37-488C-A184-9D45F068DD2F-1-50x100.jpg\" data-in=\"o:0;\" data-out=\"a:false;\">\n\t\t\t\t\t\t\t<img decoding=\"async\" src=\"\/\/www.memoriaestadionacional.cl\/wp-content\/plugins\/revslider\/sr6\/assets\/assets\/dummy.png\" alt=\"\" title=\"Galer\u00eda\" class=\"rev-slidebg tp-rs-img rs-lazyload\" data-lazyload=\"\/\/www.memoriaestadionacional.cl\/wp-content\/uploads\/2022\/11\/55CFCD3C-2B37-488C-A184-9D45F068DD2F-1.jpg\" data-no-retina>\n<!---->\t\t\t\t\t<\/rs-slide>\n\t\t\t\t\t\t<rs-slide style=\"position: absolute;\" data-key=\"rs-52\" data-title=\"Slide\" data-thumb=\"\/\/www.memoriaestadionacional.cl\/wp-content\/uploads\/2022\/11\/78F8CEC8-F3AC-431A-B674-B9E39E9B5E29-50x100.jpg\" data-in=\"o:0;\" data-out=\"a:false;\">\n\t\t\t\t\t\t\t<img decoding=\"async\" src=\"\/\/www.memoriaestadionacional.cl\/wp-content\/plugins\/revslider\/sr6\/assets\/assets\/dummy.png\" alt=\"\" title=\"Galer\u00eda\" class=\"rev-slidebg tp-rs-img rs-lazyload\" data-lazyload=\"\/\/www.memoriaestadionacional.cl\/wp-content\/uploads\/2022\/11\/78F8CEC8-F3AC-431A-B674-B9E39E9B5E29.jpg\" data-no-retina>\n<!---->\t\t\t\t\t<\/rs-slide>\n\t\t\t\t\t\t<rs-slide style=\"position: absolute;\" data-key=\"rs-53\" data-title=\"Slide\" data-thumb=\"\/\/www.memoriaestadionacional.cl\/wp-content\/uploads\/2022\/11\/00422CFB-4D5A-4811-8FE2-C5404D8C6983-50x100.jpg\" data-in=\"o:0;\" data-out=\"a:false;\">\n\t\t\t\t\t\t\t<img decoding=\"async\" src=\"\/\/www.memoriaestadionacional.cl\/wp-content\/plugins\/revslider\/sr6\/assets\/assets\/dummy.png\" alt=\"\" title=\"Galer\u00eda\" class=\"rev-slidebg tp-rs-img rs-lazyload\" data-lazyload=\"\/\/www.memoriaestadionacional.cl\/wp-content\/uploads\/2022\/11\/00422CFB-4D5A-4811-8FE2-C5404D8C6983.jpg\" data-no-retina>\n<!---->\t\t\t\t\t<\/rs-slide>\n\t\t\t\t\t\t<rs-slide style=\"position: absolute;\" data-key=\"rs-54\" data-title=\"Slide\" data-thumb=\"\/\/www.memoriaestadionacional.cl\/wp-content\/uploads\/2022\/11\/834D9519-D4F1-43B3-947A-29F467AB00EF-50x100.jpg\" data-in=\"o:0;\" data-out=\"a:false;\">\n\t\t\t\t\t\t\t<img decoding=\"async\" src=\"\/\/www.memoriaestadionacional.cl\/wp-content\/plugins\/revslider\/sr6\/assets\/assets\/dummy.png\" alt=\"\" title=\"Galer\u00eda\" class=\"rev-slidebg tp-rs-img rs-lazyload\" data-lazyload=\"\/\/www.memoriaestadionacional.cl\/wp-content\/uploads\/2022\/11\/834D9519-D4F1-43B3-947A-29F467AB00EF.jpg\" data-no-retina>\n<!---->\t\t\t\t\t<\/rs-slide>\n\t\t\t\t\t\t<rs-slide style=\"position: absolute;\" data-key=\"rs-55\" data-title=\"Slide\" data-thumb=\"\/\/www.memoriaestadionacional.cl\/wp-content\/uploads\/2022\/11\/882B978C-1BDB-4C18-9D55-7E97C7B10F84-50x100.jpeg\" data-in=\"o:0;\" data-out=\"a:false;\">\n\t\t\t\t\t\t\t<img decoding=\"async\" src=\"\/\/www.memoriaestadionacional.cl\/wp-content\/plugins\/revslider\/sr6\/assets\/assets\/dummy.png\" alt=\"\" title=\"Galer\u00eda\" class=\"rev-slidebg tp-rs-img rs-lazyload\" data-lazyload=\"\/\/www.memoriaestadionacional.cl\/wp-content\/uploads\/2022\/11\/882B978C-1BDB-4C18-9D55-7E97C7B10F84.jpeg\" data-no-retina>\n<!---->\t\t\t\t\t<\/rs-slide>\n\t\t\t\t\t\t<rs-slide style=\"position: absolute;\" data-key=\"rs-56\" data-title=\"Slide\" data-thumb=\"\/\/www.memoriaestadionacional.cl\/wp-content\/uploads\/2022\/11\/B7CFFE2C-8C41-4048-B46C-14A34C1AC6F2-50x100.jpg\" data-in=\"o:0;\" data-out=\"a:false;\">\n\t\t\t\t\t\t\t<img decoding=\"async\" src=\"\/\/www.memoriaestadionacional.cl\/wp-content\/plugins\/revslider\/sr6\/assets\/assets\/dummy.png\" alt=\"\" title=\"Galer\u00eda\" class=\"rev-slidebg tp-rs-img rs-lazyload\" data-lazyload=\"\/\/www.memoriaestadionacional.cl\/wp-content\/uploads\/2022\/11\/B7CFFE2C-8C41-4048-B46C-14A34C1AC6F2.jpg\" data-no-retina>\n<!---->\t\t\t\t\t<\/rs-slide>\n\t\t\t\t\t\t<rs-slide style=\"position: absolute;\" data-key=\"rs-57\" data-title=\"Slide\" data-thumb=\"\/\/www.memoriaestadionacional.cl\/wp-content\/uploads\/2022\/11\/B64AA467-5106-4C9E-B26E-7F334AAAF706-50x100.jpg\" data-in=\"o:0;\" data-out=\"a:false;\">\n\t\t\t\t\t\t\t<img decoding=\"async\" src=\"\/\/www.memoriaestadionacional.cl\/wp-content\/plugins\/revslider\/sr6\/assets\/assets\/dummy.png\" alt=\"\" title=\"Galer\u00eda\" class=\"rev-slidebg tp-rs-img rs-lazyload\" data-lazyload=\"\/\/www.memoriaestadionacional.cl\/wp-content\/uploads\/2022\/11\/B64AA467-5106-4C9E-B26E-7F334AAAF706.jpg\" data-no-retina>\n<!---->\t\t\t\t\t<\/rs-slide>\n\t\t\t\t\t\t<rs-slide style=\"position: absolute;\" data-key=\"rs-58\" data-title=\"Slide\" data-thumb=\"\/\/www.memoriaestadionacional.cl\/wp-content\/uploads\/2022\/11\/B986A17A-FEDF-41C6-9CB6-E9A2D3F4A36B-1-50x100.jpg\" data-in=\"o:0;\" data-out=\"a:false;\">\n\t\t\t\t\t\t\t<img decoding=\"async\" src=\"\/\/www.memoriaestadionacional.cl\/wp-content\/plugins\/revslider\/sr6\/assets\/assets\/dummy.png\" alt=\"\" title=\"Galer\u00eda\" class=\"rev-slidebg tp-rs-img rs-lazyload\" data-lazyload=\"\/\/www.memoriaestadionacional.cl\/wp-content\/uploads\/2022\/11\/B986A17A-FEDF-41C6-9CB6-E9A2D3F4A36B-1.jpg\" data-no-retina>\n<!---->\t\t\t\t\t<\/rs-slide>\n\t\t\t\t\t\t<rs-slide style=\"position: absolute;\" data-key=\"rs-59\" data-title=\"Slide\" data-thumb=\"\/\/www.memoriaestadionacional.cl\/wp-content\/uploads\/2022\/11\/D2C32BBC-7058-4F81-88DE-258CB1B1C8F6-50x100.jpg\" data-in=\"o:0;\" data-out=\"a:false;\">\n\t\t\t\t\t\t\t<img decoding=\"async\" src=\"\/\/www.memoriaestadionacional.cl\/wp-content\/plugins\/revslider\/sr6\/assets\/assets\/dummy.png\" alt=\"\" title=\"Galer\u00eda\" class=\"rev-slidebg tp-rs-img rs-lazyload\" data-lazyload=\"\/\/www.memoriaestadionacional.cl\/wp-content\/uploads\/2022\/11\/D2C32BBC-7058-4F81-88DE-258CB1B1C8F6.jpg\" data-no-retina>\n<!---->\t\t\t\t\t<\/rs-slide>\n\t\t\t\t\t\t<rs-slide style=\"position: absolute;\" data-key=\"rs-60\" data-title=\"Slide\" data-thumb=\"\/\/www.memoriaestadionacional.cl\/wp-content\/uploads\/2022\/11\/D4DAE726-99B7-4C5A-9888-09F037FA4412-50x100.jpg\" data-in=\"o:0;\" data-out=\"a:false;\">\n\t\t\t\t\t\t\t<img decoding=\"async\" src=\"\/\/www.memoriaestadionacional.cl\/wp-content\/plugins\/revslider\/sr6\/assets\/assets\/dummy.png\" alt=\"\" title=\"Galer\u00eda\" class=\"rev-slidebg tp-rs-img rs-lazyload\" data-lazyload=\"\/\/www.memoriaestadionacional.cl\/wp-content\/uploads\/2022\/11\/D4DAE726-99B7-4C5A-9888-09F037FA4412.jpg\" data-no-retina>\n<!---->\t\t\t\t\t<\/rs-slide>\n\t\t\t\t\t\t<rs-slide style=\"position: absolute;\" data-key=\"rs-61\" data-title=\"Slide\" data-thumb=\"\/\/www.memoriaestadionacional.cl\/wp-content\/uploads\/2022\/11\/D606F33A-898A-491A-961C-993965467405-50x100.jpg\" data-in=\"o:0;\" data-out=\"a:false;\">\n\t\t\t\t\t\t\t<img decoding=\"async\" src=\"\/\/www.memoriaestadionacional.cl\/wp-content\/plugins\/revslider\/sr6\/assets\/assets\/dummy.png\" alt=\"\" title=\"Galer\u00eda\" class=\"rev-slidebg tp-rs-img rs-lazyload\" data-lazyload=\"\/\/www.memoriaestadionacional.cl\/wp-content\/uploads\/2022\/11\/D606F33A-898A-491A-961C-993965467405.jpg\" data-no-retina>\n<!---->\t\t\t\t\t<\/rs-slide>\n\t\t\t\t\t\t<rs-slide style=\"position: absolute;\" data-key=\"rs-62\" data-title=\"Slide\" data-thumb=\"\/\/www.memoriaestadionacional.cl\/wp-content\/uploads\/2022\/11\/E0CE6845-C7C9-438A-AAD9-08084FEC2646-50x100.jpg\" data-in=\"o:0;\" data-out=\"a:false;\">\n\t\t\t\t\t\t\t<img decoding=\"async\" src=\"\/\/www.memoriaestadionacional.cl\/wp-content\/plugins\/revslider\/sr6\/assets\/assets\/dummy.png\" alt=\"\" title=\"Galer\u00eda\" class=\"rev-slidebg tp-rs-img rs-lazyload\" data-lazyload=\"\/\/www.memoriaestadionacional.cl\/wp-content\/uploads\/2022\/11\/E0CE6845-C7C9-438A-AAD9-08084FEC2646.jpg\" data-no-retina>\n<!---->\t\t\t\t\t<\/rs-slide>\n\t\t\t\t\t<\/rs-slides>\n\t\t\t\t<\/rs-module>\n\t\t\t\t<script>\n\t\t\t\t\tsetREVStartSize({c: 'rev_slider_13_45',rl:[1240,1024,778,480],el:[900],gw:[1240],gh:[900],type:'carousel',justify:'',layout:'fullwidth',mh:\"0\"});if (window.RS_MODULES!==undefined && window.RS_MODULES.modules!==undefined && window.RS_MODULES.modules[\"revslider1345\"]!==undefined) {window.RS_MODULES.modules[\"revslider1345\"].once = false;window.revapi13 = undefined;if (window.RS_MODULES.checkMinimal!==undefined) window.RS_MODULES.checkMinimal()}\n\t\t\t\t<\/script>\n\t\t\t<\/rs-module-wrap>\n\t\t\t<!-- END REVOLUTION SLIDER -->\n<\/div><\/div><\/div><\/div><\/div><div class=\"vc-row-container row-stretch\"><div data-vc-full-width=\"true\"  data-vc-full-width-init=\"false\" class=\"vc_row wpb_row vc_row-fluid\"><div class=\"wpb_column vc_column_container vc_col-sm-12\"><div class=\"vc_column-inner\"><div class=\"wpb_wrapper\"><div class=\"vc_empty_space\"   style=\"height: 50px\"><span class=\"vc_empty_space_inner\"><\/span><\/div><\/div><\/div><\/div><\/div><\/div><div class=\"vc-row-container row-stretch\"><div data-vc-full-width=\"true\"  data-vc-full-width-init=\"false\" class=\"vc_row wpb_row vc_row-fluid\"><div class=\"wpb_column vc_column_container vc_col-sm-12\"><div class=\"vc_column-inner\"><div class=\"wpb_wrapper\">\n\t<div class=\"wpb_text_column wpb_content_element wpb_animate_when_almost_visible wpb_fadeIn fadeIn\" >\n\t\t<div class=\"wpb_wrapper\">\n\t\t\t<h5 style=\"text-align: center;\"><span style=\"color: #e79e47;\">[<\/span>GALER\u00cdA<span style=\"color: #e79e47;\">]<\/span><\/h5>\n\n\t\t<\/div>\n\t<\/div>\n<h1 style=\"text-align: center\" class=\"vc_custom_heading vc_do_custom_heading wpb_animate_when_almost_visible wpb_fadeIn fadeIn\" >Corporaci\u00f3n<\/h1><div class=\"vc_separator wpb_content_element vc_separator_align_center vc_sep_width_10 vc_sep_border_width_5 vc_sep_pos_align_center vc_separator_no_text wpb_content_element  wpb_content_element wpb_animate_when_almost_visible wpb_fadeIn fadeIn wpb_animate_when_almost_visible wpb_fadeIn fadeIn\" ><span class=\"vc_sep_holder vc_sep_holder_l\"><span style=\"border-color:#e79e47;\" class=\"vc_sep_line\"><\/span><\/span><span class=\"vc_sep_holder vc_sep_holder_r\"><span style=\"border-color:#e79e47;\" class=\"vc_sep_line\"><\/span><\/span>\n<\/div><div class=\"vc_empty_space\"   style=\"height: 32px\"><span class=\"vc_empty_space_inner\"><\/span><\/div>\n\t\t\t<!-- START Corporacion REVOLUTION SLIDER 6.7.41 --><p class=\"rs-p-wp-fix\"><\/p>\n\t\t\t<rs-module-wrap id=\"rev_slider_14_46_wrapper\" data-source=\"gallery\" style=\"visibility:hidden;background:transparent;padding:0;margin:0px auto;margin-top:0;margin-bottom:0;\">\n\t\t\t\t<rs-module id=\"rev_slider_14_46\" style=\"\" data-version=\"6.7.41\">\n\t\t\t\t\t<rs-slides style=\"overflow: hidden; position: absolute;\">\n\t\t\t\t\t\t<rs-slide style=\"position: absolute;\" data-key=\"rs-79\" data-title=\"Slide\" data-thumb=\"\/\/www.memoriaestadionacional.cl\/wp-content\/uploads\/2022\/11\/P1140346-1-scaled-1-50x100.jpg\" data-in=\"o:0;\" data-out=\"a:false;\">\n\t\t\t\t\t\t\t<img decoding=\"async\" src=\"\/\/www.memoriaestadionacional.cl\/wp-content\/plugins\/revslider\/sr6\/assets\/assets\/dummy.png\" alt=\"\" title=\"Galer\u00eda\" class=\"rev-slidebg tp-rs-img rs-lazyload\" data-lazyload=\"\/\/www.memoriaestadionacional.cl\/wp-content\/uploads\/2022\/11\/P1140346-1-scaled-1.jpg\" data-no-retina>\n<!---->\t\t\t\t\t<\/rs-slide>\n\t\t\t\t\t\t<rs-slide style=\"position: absolute;\" data-key=\"rs-80\" data-title=\"Slide\" data-thumb=\"\/\/www.memoriaestadionacional.cl\/wp-content\/uploads\/2022\/11\/P1140528-scaled-1-50x100.jpg\" data-in=\"o:0;\" data-out=\"a:false;\">\n\t\t\t\t\t\t\t<img decoding=\"async\" src=\"\/\/www.memoriaestadionacional.cl\/wp-content\/plugins\/revslider\/sr6\/assets\/assets\/dummy.png\" alt=\"\" title=\"Galer\u00eda\" class=\"rev-slidebg tp-rs-img rs-lazyload\" data-lazyload=\"\/\/www.memoriaestadionacional.cl\/wp-content\/uploads\/2022\/11\/P1140528-scaled-1.jpg\" data-no-retina>\n<!---->\t\t\t\t\t<\/rs-slide>\n\t\t\t\t\t\t<rs-slide style=\"position: absolute;\" data-key=\"rs-81\" data-title=\"Slide\" data-thumb=\"\/\/www.memoriaestadionacional.cl\/wp-content\/uploads\/2022\/11\/Punto-5_20200824_152950_00_merged-scaled-1-50x100.jpg\" data-in=\"o:0;\" data-out=\"a:false;\">\n\t\t\t\t\t\t\t<img decoding=\"async\" src=\"\/\/www.memoriaestadionacional.cl\/wp-content\/plugins\/revslider\/sr6\/assets\/assets\/dummy.png\" alt=\"\" title=\"Galer\u00eda\" class=\"rev-slidebg tp-rs-img rs-lazyload\" data-lazyload=\"\/\/www.memoriaestadionacional.cl\/wp-content\/uploads\/2022\/11\/Punto-5_20200824_152950_00_merged-scaled-1.jpg\" data-no-retina>\n<!---->\t\t\t\t\t<\/rs-slide>\n\t\t\t\t\t<\/rs-slides>\n\t\t\t\t<\/rs-module>\n\t\t\t\t<script>\n\t\t\t\t\tsetREVStartSize({c: 'rev_slider_14_46',rl:[1240,1024,778,480],el:[900],gw:[1240],gh:[900],type:'carousel',justify:'',layout:'fullwidth',mh:\"0\"});if (window.RS_MODULES!==undefined && window.RS_MODULES.modules!==undefined && window.RS_MODULES.modules[\"revslider1446\"]!==undefined) {window.RS_MODULES.modules[\"revslider1446\"].once = false;window.revapi14 = undefined;if (window.RS_MODULES.checkMinimal!==undefined) window.RS_MODULES.checkMinimal()}\n\t\t\t\t<\/script>\n\t\t\t<\/rs-module-wrap>\n\t\t\t<!-- END REVOLUTION SLIDER -->\n<\/div><\/div><\/div><\/div><\/div><div class=\"vc-row-container row-stretch\"><div data-vc-full-width=\"true\"  data-vc-full-width-init=\"false\" class=\"vc_row wpb_row vc_row-fluid\"><div class=\"wpb_column vc_column_container vc_col-sm-12\"><div class=\"vc_column-inner\"><div class=\"wpb_wrapper\"><div class=\"vc_empty_space\"   style=\"height: 50px\"><span class=\"vc_empty_space_inner\"><\/span><\/div><\/div><\/div><\/div><\/div><\/div><div class=\"vc-row-container row-stretch\"><div data-vc-full-width=\"true\"  data-vc-full-width-init=\"false\" class=\"vc_row wpb_row vc_row-fluid\"><div class=\"wpb_column vc_column_container vc_col-sm-12\"><div class=\"vc_column-inner\"><div class=\"wpb_wrapper\">\n\t<div class=\"wpb_text_column wpb_content_element wpb_animate_when_almost_visible wpb_fadeIn fadeIn\" >\n\t\t<div class=\"wpb_wrapper\">\n\t\t\t<h5 style=\"text-align: center;\"><span style=\"color: #e79e47;\">[<\/span>GALER\u00cdA<span style=\"color: #e79e47;\">]<\/span><\/h5>\n\n\t\t<\/div>\n\t<\/div>\n<h1 style=\"text-align: center\" class=\"vc_custom_heading vc_do_custom_heading wpb_animate_when_almost_visible wpb_fadeIn fadeIn\" >Mujeres en Resistencia<\/h1><div class=\"vc_separator wpb_content_element vc_separator_align_center vc_sep_width_10 vc_sep_border_width_5 vc_sep_pos_align_center vc_separator_no_text wpb_content_element  wpb_content_element wpb_animate_when_almost_visible wpb_fadeIn fadeIn wpb_animate_when_almost_visible wpb_fadeIn fadeIn\" ><span class=\"vc_sep_holder vc_sep_holder_l\"><span style=\"border-color:#e79e47;\" class=\"vc_sep_line\"><\/span><\/span><span class=\"vc_sep_holder vc_sep_holder_r\"><span style=\"border-color:#e79e47;\" class=\"vc_sep_line\"><\/span><\/span>\n<\/div><div class=\"vc_empty_space\"   style=\"height: 32px\"><span class=\"vc_empty_space_inner\"><\/span><\/div>\n\t\t\t<!-- START Mujeres en Resistencia REVOLUTION SLIDER 6.7.41 --><p class=\"rs-p-wp-fix\"><\/p>\n\t\t\t<rs-module-wrap id=\"rev_slider_15_47_wrapper\" data-source=\"gallery\" style=\"visibility:hidden;background:transparent;padding:0;margin:0px auto;margin-top:0;margin-bottom:0;\">\n\t\t\t\t<rs-module id=\"rev_slider_15_47\" style=\"\" data-version=\"6.7.41\">\n\t\t\t\t\t<rs-slides style=\"overflow: hidden; position: absolute;\">\n\t\t\t\t\t\t<rs-slide style=\"position: absolute;\" data-key=\"rs-86\" data-title=\"Slide\" data-thumb=\"\/\/www.memoriaestadionacional.cl\/wp-content\/uploads\/2022\/11\/IMG_7454_mujeresResist-scaled-1-50x100.jpg\" data-in=\"o:0;\" data-out=\"a:false;\">\n\t\t\t\t\t\t\t<img decoding=\"async\" src=\"\/\/www.memoriaestadionacional.cl\/wp-content\/plugins\/revslider\/sr6\/assets\/assets\/dummy.png\" alt=\"\" title=\"Galer\u00eda\" class=\"rev-slidebg tp-rs-img rs-lazyload\" data-lazyload=\"\/\/www.memoriaestadionacional.cl\/wp-content\/uploads\/2022\/11\/IMG_7454_mujeresResist-scaled-1.jpg\" data-no-retina>\n<!---->\t\t\t\t\t<\/rs-slide>\n\t\t\t\t\t\t<rs-slide style=\"position: absolute;\" data-key=\"rs-87\" data-title=\"Slide\" data-thumb=\"\/\/www.memoriaestadionacional.cl\/wp-content\/uploads\/2022\/11\/IMG_7455_mujeresResist-scaled-1-50x100.jpg\" data-in=\"o:0;\" data-out=\"a:false;\">\n\t\t\t\t\t\t\t<img decoding=\"async\" src=\"\/\/www.memoriaestadionacional.cl\/wp-content\/plugins\/revslider\/sr6\/assets\/assets\/dummy.png\" alt=\"\" title=\"Galer\u00eda\" class=\"rev-slidebg tp-rs-img rs-lazyload\" data-lazyload=\"\/\/www.memoriaestadionacional.cl\/wp-content\/uploads\/2022\/11\/IMG_7455_mujeresResist-scaled-1.jpg\" data-no-retina>\n<!---->\t\t\t\t\t<\/rs-slide>\n\t\t\t\t\t\t<rs-slide style=\"position: absolute;\" data-key=\"rs-88\" data-title=\"Slide\" data-thumb=\"\/\/www.memoriaestadionacional.cl\/wp-content\/uploads\/2022\/11\/IMG_7456_mujeresResist-scaled-1-50x100.jpg\" data-in=\"o:0;\" data-out=\"a:false;\">\n\t\t\t\t\t\t\t<img decoding=\"async\" src=\"\/\/www.memoriaestadionacional.cl\/wp-content\/plugins\/revslider\/sr6\/assets\/assets\/dummy.png\" alt=\"\" title=\"Galer\u00eda\" class=\"rev-slidebg tp-rs-img rs-lazyload\" data-lazyload=\"\/\/www.memoriaestadionacional.cl\/wp-content\/uploads\/2022\/11\/IMG_7456_mujeresResist-scaled-1.jpg\" data-no-retina>\n<!---->\t\t\t\t\t<\/rs-slide>\n\t\t\t\t\t\t<rs-slide style=\"position: absolute;\" data-key=\"rs-89\" data-title=\"Slide\" data-thumb=\"\/\/www.memoriaestadionacional.cl\/wp-content\/uploads\/2022\/11\/IMG_7457_mujeresResist-scaled-1-50x100.jpg\" data-in=\"o:0;\" data-out=\"a:false;\">\n\t\t\t\t\t\t\t<img decoding=\"async\" src=\"\/\/www.memoriaestadionacional.cl\/wp-content\/plugins\/revslider\/sr6\/assets\/assets\/dummy.png\" alt=\"\" title=\"Galer\u00eda\" class=\"rev-slidebg tp-rs-img rs-lazyload\" data-lazyload=\"\/\/www.memoriaestadionacional.cl\/wp-content\/uploads\/2022\/11\/IMG_7457_mujeresResist-scaled-1.jpg\" data-no-retina>\n<!---->\t\t\t\t\t<\/rs-slide>\n\t\t\t\t\t\t<rs-slide style=\"position: absolute;\" data-key=\"rs-90\" data-title=\"Slide\" data-thumb=\"\/\/www.memoriaestadionacional.cl\/wp-content\/uploads\/2022\/11\/IMG_7459_mujeresResist-scaled-1-50x100.jpg\" data-in=\"o:0;\" data-out=\"a:false;\">\n\t\t\t\t\t\t\t<img decoding=\"async\" src=\"\/\/www.memoriaestadionacional.cl\/wp-content\/plugins\/revslider\/sr6\/assets\/assets\/dummy.png\" alt=\"\" title=\"Galer\u00eda\" class=\"rev-slidebg tp-rs-img rs-lazyload\" data-lazyload=\"\/\/www.memoriaestadionacional.cl\/wp-content\/uploads\/2022\/11\/IMG_7459_mujeresResist-scaled-1.jpg\" data-no-retina>\n<!---->\t\t\t\t\t<\/rs-slide>\n\t\t\t\t\t\t<rs-slide style=\"position: absolute;\" data-key=\"rs-91\" data-title=\"Slide\" data-thumb=\"\/\/www.memoriaestadionacional.cl\/wp-content\/uploads\/2022\/11\/IMG_7460_mujeresResist-scaled-1-50x100.jpg\" data-in=\"o:0;\" data-out=\"a:false;\">\n\t\t\t\t\t\t\t<img decoding=\"async\" src=\"\/\/www.memoriaestadionacional.cl\/wp-content\/plugins\/revslider\/sr6\/assets\/assets\/dummy.png\" alt=\"\" title=\"Galer\u00eda\" class=\"rev-slidebg tp-rs-img rs-lazyload\" data-lazyload=\"\/\/www.memoriaestadionacional.cl\/wp-content\/uploads\/2022\/11\/IMG_7460_mujeresResist-scaled-1.jpg\" data-no-retina>\n<!---->\t\t\t\t\t<\/rs-slide>\n\t\t\t\t\t\t<rs-slide style=\"position: absolute;\" data-key=\"rs-92\" data-title=\"Slide\" data-thumb=\"\/\/www.memoriaestadionacional.cl\/wp-content\/uploads\/2022\/11\/IMG_7461_mujeresResist-scaled-50x100.jpg\" data-in=\"o:0;\" data-out=\"a:false;\">\n\t\t\t\t\t\t\t<img decoding=\"async\" src=\"\/\/www.memoriaestadionacional.cl\/wp-content\/plugins\/revslider\/sr6\/assets\/assets\/dummy.png\" alt=\"\" title=\"Galer\u00eda\" class=\"rev-slidebg tp-rs-img rs-lazyload\" data-lazyload=\"\/\/www.memoriaestadionacional.cl\/wp-content\/uploads\/2022\/11\/IMG_7461_mujeresResist-scaled.jpg\" data-no-retina>\n<!---->\t\t\t\t\t<\/rs-slide>\n\t\t\t\t\t<\/rs-slides>\n\t\t\t\t<\/rs-module>\n\t\t\t\t<script>\n\t\t\t\t\tsetREVStartSize({c: 'rev_slider_15_47',rl:[1240,1024,778,480],el:[900],gw:[1240],gh:[900],type:'carousel',justify:'',layout:'fullwidth',mh:\"0\"});if (window.RS_MODULES!==undefined && window.RS_MODULES.modules!==undefined && window.RS_MODULES.modules[\"revslider1547\"]!==undefined) {window.RS_MODULES.modules[\"revslider1547\"].once = false;window.revapi15 = undefined;if (window.RS_MODULES.checkMinimal!==undefined) window.RS_MODULES.checkMinimal()}\n\t\t\t\t<\/script>\n\t\t\t<\/rs-module-wrap>\n\t\t\t<!-- END REVOLUTION SLIDER -->\n<\/div><\/div><\/div><\/div><\/div><div class=\"vc-row-container row-stretch\"><div data-vc-full-width=\"true\"  data-vc-full-width-init=\"false\" class=\"vc_row wpb_row vc_row-fluid\"><div class=\"wpb_column vc_column_container vc_col-sm-12\"><div class=\"vc_column-inner\"><div class=\"wpb_wrapper\"><div class=\"vc_empty_space\"   style=\"height: 50px\"><span class=\"vc_empty_space_inner\"><\/span><\/div><\/div><\/div><\/div><\/div><\/div><div class=\"vc-row-container row-stretch\"><div data-vc-full-width=\"true\"  data-vc-full-width-init=\"false\" class=\"vc_row wpb_row vc_row-fluid\"><div class=\"wpb_column vc_column_container vc_col-sm-12\"><div class=\"vc_column-inner\"><div class=\"wpb_wrapper\">\n\t<div class=\"wpb_text_column wpb_content_element wpb_animate_when_almost_visible wpb_fadeIn fadeIn\" >\n\t\t<div class=\"wpb_wrapper\">\n\t\t\t<h5 style=\"text-align: center;\"><span style=\"color: #e79e47;\">[<\/span>GALER\u00cdA<span style=\"color: #e79e47;\">]<\/span><\/h5>\n\n\t\t<\/div>\n\t<\/div>\n<h1 style=\"text-align: center\" class=\"vc_custom_heading vc_do_custom_heading wpb_animate_when_almost_visible wpb_fadeIn fadeIn\" >Manifestaci\u00f3n contra la censura<\/h1><div class=\"vc_separator wpb_content_element vc_separator_align_center vc_sep_width_10 vc_sep_border_width_5 vc_sep_pos_align_center vc_separator_no_text wpb_content_element  wpb_content_element wpb_animate_when_almost_visible wpb_fadeIn fadeIn wpb_animate_when_almost_visible wpb_fadeIn fadeIn\" ><span class=\"vc_sep_holder vc_sep_holder_l\"><span style=\"border-color:#e79e47;\" class=\"vc_sep_line\"><\/span><\/span><span class=\"vc_sep_holder vc_sep_holder_r\"><span style=\"border-color:#e79e47;\" class=\"vc_sep_line\"><\/span><\/span>\n<\/div><div class=\"vc_empty_space\"   style=\"height: 32px\"><span class=\"vc_empty_space_inner\"><\/span><\/div>\n\t\t\t<!-- START Manifestaci\u00f3n contra la censura REVOLUTION SLIDER 6.7.41 --><p class=\"rs-p-wp-fix\"><\/p>\n\t\t\t<rs-module-wrap id=\"rev_slider_16_48_wrapper\" data-source=\"gallery\" style=\"visibility:hidden;background:transparent;padding:0;margin:0px auto;margin-top:0;margin-bottom:0;\">\n\t\t\t\t<rs-module id=\"rev_slider_16_48\" style=\"\" data-version=\"6.7.41\">\n\t\t\t\t\t<rs-slides style=\"overflow: hidden; position: absolute;\">\n\t\t\t\t\t\t<rs-slide style=\"position: absolute;\" data-key=\"rs-97\" data-title=\"Slide\" data-thumb=\"\/\/www.memoriaestadionacional.cl\/wp-content\/uploads\/2022\/11\/C6BE34F2-7BED-4B1A-8CF0-5B8C7EA1C16E_manif_censura-scaled-50x100.jpg\" data-in=\"o:0;\" data-out=\"a:false;\">\n\t\t\t\t\t\t\t<img decoding=\"async\" src=\"\/\/www.memoriaestadionacional.cl\/wp-content\/plugins\/revslider\/sr6\/assets\/assets\/dummy.png\" alt=\"\" title=\"Galer\u00eda\" class=\"rev-slidebg tp-rs-img rs-lazyload\" data-lazyload=\"\/\/www.memoriaestadionacional.cl\/wp-content\/uploads\/2022\/11\/C6BE34F2-7BED-4B1A-8CF0-5B8C7EA1C16E_manif_censura-scaled.jpg\" data-no-retina>\n<!---->\t\t\t\t\t<\/rs-slide>\n\t\t\t\t\t\t<rs-slide style=\"position: absolute;\" data-key=\"rs-98\" data-title=\"Slide\" data-thumb=\"\/\/www.memoriaestadionacional.cl\/wp-content\/uploads\/2022\/11\/IMG_4983_manif_censura-scaled-50x100.jpg\" data-in=\"o:0;\" data-out=\"a:false;\">\n\t\t\t\t\t\t\t<img decoding=\"async\" src=\"\/\/www.memoriaestadionacional.cl\/wp-content\/plugins\/revslider\/sr6\/assets\/assets\/dummy.png\" alt=\"\" title=\"Galer\u00eda\" class=\"rev-slidebg tp-rs-img rs-lazyload\" data-lazyload=\"\/\/www.memoriaestadionacional.cl\/wp-content\/uploads\/2022\/11\/IMG_4983_manif_censura-scaled.jpg\" data-no-retina>\n<!---->\t\t\t\t\t<\/rs-slide>\n\t\t\t\t\t\t<rs-slide style=\"position: absolute;\" data-key=\"rs-99\" data-title=\"Slide\" data-thumb=\"\/\/www.memoriaestadionacional.cl\/wp-content\/uploads\/2022\/11\/IMG_4985_manif_censura_1-scaled-50x100.jpg\" data-in=\"o:0;\" data-out=\"a:false;\">\n\t\t\t\t\t\t\t<img decoding=\"async\" src=\"\/\/www.memoriaestadionacional.cl\/wp-content\/plugins\/revslider\/sr6\/assets\/assets\/dummy.png\" alt=\"\" title=\"Galer\u00eda\" class=\"rev-slidebg tp-rs-img rs-lazyload\" data-lazyload=\"\/\/www.memoriaestadionacional.cl\/wp-content\/uploads\/2022\/11\/IMG_4985_manif_censura_1-scaled.jpg\" data-no-retina>\n<!---->\t\t\t\t\t<\/rs-slide>\n\t\t\t\t\t<\/rs-slides>\n\t\t\t\t<\/rs-module>\n\t\t\t\t<script>\n\t\t\t\t\tsetREVStartSize({c: 'rev_slider_16_48',rl:[1240,1024,778,480],el:[900],gw:[1240],gh:[900],type:'carousel',justify:'',layout:'fullwidth',mh:\"0\"});if (window.RS_MODULES!==undefined && window.RS_MODULES.modules!==undefined && window.RS_MODULES.modules[\"revslider1648\"]!==undefined) {window.RS_MODULES.modules[\"revslider1648\"].once = false;window.revapi16 = undefined;if (window.RS_MODULES.checkMinimal!==undefined) window.RS_MODULES.checkMinimal()}\n\t\t\t\t<\/script>\n\t\t\t<\/rs-module-wrap>\n\t\t\t<!-- END REVOLUTION SLIDER -->\n<\/div><\/div><\/div><\/div><\/div><div class=\"vc-row-container row-stretch\"><div data-vc-full-width=\"true\"  data-vc-full-width-init=\"false\" class=\"vc_row wpb_row vc_row-fluid\"><div class=\"wpb_column vc_column_container vc_col-sm-12\"><div class=\"vc_column-inner\"><div class=\"wpb_wrapper\"><div class=\"vc_empty_space\"   style=\"height: 50px\"><span class=\"vc_empty_space_inner\"><\/span><\/div><\/div><\/div><\/div><\/div><\/div><div class=\"vc-row-container row-stretch\"><div data-vc-full-width=\"true\"  data-vc-full-width-init=\"false\" class=\"vc_row wpb_row vc_row-fluid\"><div class=\"wpb_column vc_column_container vc_col-sm-12\"><div class=\"vc_column-inner\"><div class=\"wpb_wrapper\">\n\t<div class=\"wpb_text_column wpb_content_element wpb_animate_when_almost_visible wpb_fadeIn fadeIn\" >\n\t\t<div class=\"wpb_wrapper\">\n\t\t\t<h5 style=\"text-align: center;\"><span style=\"color: #e79e47;\">[<\/span>GALER\u00cdA<span style=\"color: #e79e47;\">]<\/span><\/h5>\n\n\t\t<\/div>\n\t<\/div>\n<h1 style=\"text-align: center\" class=\"vc_custom_heading vc_do_custom_heading wpb_animate_when_almost_visible wpb_fadeIn fadeIn\" >Estrella Roja<\/h1><div class=\"vc_separator wpb_content_element vc_separator_align_center vc_sep_width_10 vc_sep_border_width_5 vc_sep_pos_align_center vc_separator_no_text wpb_content_element  wpb_content_element wpb_animate_when_almost_visible wpb_fadeIn fadeIn wpb_animate_when_almost_visible wpb_fadeIn fadeIn\" ><span class=\"vc_sep_holder vc_sep_holder_l\"><span style=\"border-color:#e79e47;\" class=\"vc_sep_line\"><\/span><\/span><span class=\"vc_sep_holder vc_sep_holder_r\"><span style=\"border-color:#e79e47;\" class=\"vc_sep_line\"><\/span><\/span>\n<\/div><div class=\"vc_empty_space\"   style=\"height: 32px\"><span class=\"vc_empty_space_inner\"><\/span><\/div>\n\t\t\t<!-- START Estrella Roja REVOLUTION SLIDER 6.7.41 --><p class=\"rs-p-wp-fix\"><\/p>\n\t\t\t<rs-module-wrap id=\"rev_slider_17_49_wrapper\" data-source=\"gallery\" style=\"visibility:hidden;background:transparent;padding:0;margin:0px auto;margin-top:0;margin-bottom:0;\">\n\t\t\t\t<rs-module id=\"rev_slider_17_49\" style=\"\" data-version=\"6.7.41\">\n\t\t\t\t\t<rs-slides style=\"overflow: hidden; position: absolute;\">\n\t\t\t\t\t\t<rs-slide style=\"position: absolute;\" data-key=\"rs-104\" data-title=\"Slide\" data-thumb=\"\/\/www.memoriaestadionacional.cl\/wp-content\/uploads\/2022\/11\/estrellaRoja-scaled-2-50x100.jpg\" data-in=\"o:0;\" data-out=\"a:false;\">\n\t\t\t\t\t\t\t<img decoding=\"async\" src=\"\/\/www.memoriaestadionacional.cl\/wp-content\/plugins\/revslider\/sr6\/assets\/assets\/dummy.png\" alt=\"\" title=\"Galer\u00eda\" class=\"rev-slidebg tp-rs-img rs-lazyload\" data-lazyload=\"\/\/www.memoriaestadionacional.cl\/wp-content\/uploads\/2022\/11\/estrellaRoja-scaled-2.jpg\" data-no-retina>\n<!---->\t\t\t\t\t<\/rs-slide>\n\t\t\t\t\t\t<rs-slide style=\"position: absolute;\" data-key=\"rs-138\" data-title=\"Slide\" data-thumb=\"\/\/www.memoriaestadionacional.cl\/wp-content\/uploads\/2022\/11\/IMG_7728_estrella-roja-scaled-50x100.jpg\" data-in=\"o:0;\" data-out=\"a:false;\">\n\t\t\t\t\t\t\t<img decoding=\"async\" src=\"\/\/www.memoriaestadionacional.cl\/wp-content\/plugins\/revslider\/sr6\/assets\/assets\/dummy.png\" alt=\"\" title=\"IMG_7728_estrella-roja\" width=\"2560\" height=\"1920\" class=\"rev-slidebg tp-rs-img rs-lazyload\" data-lazyload=\"\/\/www.memoriaestadionacional.cl\/wp-content\/uploads\/2022\/11\/IMG_7728_estrella-roja-scaled.jpg\" data-no-retina>\n<!---->\t\t\t\t\t<\/rs-slide>\n\t\t\t\t\t<\/rs-slides>\n\t\t\t\t<\/rs-module>\n\t\t\t\t<script>\n\t\t\t\t\tsetREVStartSize({c: 'rev_slider_17_49',rl:[1240,1024,778,480],el:[900],gw:[1240],gh:[900],type:'carousel',justify:'',layout:'fullwidth',mh:\"0\"});if (window.RS_MODULES!==undefined && window.RS_MODULES.modules!==undefined && window.RS_MODULES.modules[\"revslider1749\"]!==undefined) {window.RS_MODULES.modules[\"revslider1749\"].once = false;window.revapi17 = undefined;if (window.RS_MODULES.checkMinimal!==undefined) window.RS_MODULES.checkMinimal()}\n\t\t\t\t<\/script>\n\t\t\t<\/rs-module-wrap>\n\t\t\t<!-- END REVOLUTION SLIDER -->\n<\/div><\/div><\/div><\/div><\/div><div class=\"vc-row-container row-stretch\"><div data-vc-full-width=\"true\"  data-vc-full-width-init=\"false\" class=\"vc_row wpb_row vc_row-fluid\"><div class=\"wpb_column vc_column_container vc_col-sm-12\"><div class=\"vc_column-inner\"><div class=\"wpb_wrapper\"><div class=\"vc_empty_space\"   style=\"height: 50px\"><span class=\"vc_empty_space_inner\"><\/span><\/div><\/div><\/div><\/div><\/div><\/div><div class=\"vc-row-container row-stretch\"><div data-vc-full-width=\"true\"  data-vc-full-width-init=\"false\" class=\"vc_row wpb_row vc_row-fluid\"><div class=\"wpb_column vc_column_container vc_col-sm-12\"><div class=\"vc_column-inner\"><div class=\"wpb_wrapper\">\n\t<div class=\"wpb_text_column wpb_content_element wpb_animate_when_almost_visible wpb_fadeIn fadeIn\" >\n\t\t<div class=\"wpb_wrapper\">\n\t\t\t<h5 style=\"text-align: center;\"><span style=\"color: #e79e47;\">[<\/span>GALER\u00cdA<span style=\"color: #e79e47;\">]<\/span><\/h5>\n\n\t\t<\/div>\n\t<\/div>\n<h1 style=\"text-align: center\" class=\"vc_custom_heading vc_do_custom_heading wpb_animate_when_almost_visible wpb_fadeIn fadeIn\" >Recorrido Oh! Santiago<\/h1><div class=\"vc_separator wpb_content_element vc_separator_align_center vc_sep_width_10 vc_sep_border_width_5 vc_sep_pos_align_center vc_separator_no_text wpb_content_element  wpb_content_element wpb_animate_when_almost_visible wpb_fadeIn fadeIn wpb_animate_when_almost_visible wpb_fadeIn fadeIn\" ><span class=\"vc_sep_holder vc_sep_holder_l\"><span style=\"border-color:#e79e47;\" class=\"vc_sep_line\"><\/span><\/span><span class=\"vc_sep_holder vc_sep_holder_r\"><span style=\"border-color:#e79e47;\" class=\"vc_sep_line\"><\/span><\/span>\n<\/div><div class=\"vc_empty_space\"   style=\"height: 32px\"><span class=\"vc_empty_space_inner\"><\/span><\/div>\n\t\t\t<!-- START Recorrido Oh! Santiago REVOLUTION SLIDER 6.7.41 --><p class=\"rs-p-wp-fix\"><\/p>\n\t\t\t<rs-module-wrap id=\"rev_slider_18_50_wrapper\" data-source=\"gallery\" style=\"visibility:hidden;background:transparent;padding:0;margin:0px auto;margin-top:0;margin-bottom:0;\">\n\t\t\t\t<rs-module id=\"rev_slider_18_50\" style=\"\" data-version=\"6.7.41\">\n\t\t\t\t\t<rs-slides style=\"overflow: hidden; position: absolute;\">\n\t\t\t\t\t\t<rs-slide style=\"position: absolute;\" data-key=\"rs-107\" data-title=\"Slide\" data-thumb=\"\/\/www.memoriaestadionacional.cl\/wp-content\/uploads\/2022\/11\/3C5BFCE4-6FEE-4AA9-9CCF-592305D44073_recorrid_oh_santiago-50x100.jpg\" data-in=\"o:0;\" data-out=\"a:false;\">\n\t\t\t\t\t\t\t<img decoding=\"async\" src=\"\/\/www.memoriaestadionacional.cl\/wp-content\/plugins\/revslider\/sr6\/assets\/assets\/dummy.png\" alt=\"\" title=\"Galer\u00eda\" class=\"rev-slidebg tp-rs-img rs-lazyload\" data-lazyload=\"\/\/www.memoriaestadionacional.cl\/wp-content\/uploads\/2022\/11\/3C5BFCE4-6FEE-4AA9-9CCF-592305D44073_recorrid_oh_santiago.jpg\" data-no-retina>\n<!---->\t\t\t\t\t<\/rs-slide>\n\t\t\t\t\t\t<rs-slide style=\"position: absolute;\" data-key=\"rs-108\" data-title=\"Slide\" data-thumb=\"\/\/www.memoriaestadionacional.cl\/wp-content\/uploads\/2022\/11\/08B10578-0E77-4FED-8A08-CCDD80059062_recorrid_oh_santiago-scaled-1-50x100.jpeg\" data-in=\"o:0;\" data-out=\"a:false;\">\n\t\t\t\t\t\t\t<img decoding=\"async\" src=\"\/\/www.memoriaestadionacional.cl\/wp-content\/plugins\/revslider\/sr6\/assets\/assets\/dummy.png\" alt=\"\" title=\"Galer\u00eda\" class=\"rev-slidebg tp-rs-img rs-lazyload\" data-lazyload=\"\/\/www.memoriaestadionacional.cl\/wp-content\/uploads\/2022\/11\/08B10578-0E77-4FED-8A08-CCDD80059062_recorrid_oh_santiago-scaled-1.jpeg\" data-no-retina>\n<!---->\t\t\t\t\t<\/rs-slide>\n\t\t\t\t\t\t<rs-slide style=\"position: absolute;\" data-key=\"rs-109\" data-title=\"Slide\" data-thumb=\"\/\/www.memoriaestadionacional.cl\/wp-content\/uploads\/2022\/11\/9BE0E267-403C-4BB1-BBA8-2A3CFE57E8AD_recorrid_oh_santiago-scaled-1-50x100.jpeg\" data-in=\"o:0;\" data-out=\"a:false;\">\n\t\t\t\t\t\t\t<img decoding=\"async\" src=\"\/\/www.memoriaestadionacional.cl\/wp-content\/plugins\/revslider\/sr6\/assets\/assets\/dummy.png\" alt=\"\" title=\"Galer\u00eda\" class=\"rev-slidebg tp-rs-img rs-lazyload\" data-lazyload=\"\/\/www.memoriaestadionacional.cl\/wp-content\/uploads\/2022\/11\/9BE0E267-403C-4BB1-BBA8-2A3CFE57E8AD_recorrid_oh_santiago-scaled-1.jpeg\" data-no-retina>\n<!---->\t\t\t\t\t<\/rs-slide>\n\t\t\t\t\t\t<rs-slide style=\"position: absolute;\" data-key=\"rs-110\" data-title=\"Slide\" data-thumb=\"\/\/www.memoriaestadionacional.cl\/wp-content\/uploads\/2022\/11\/42C1C8AB-3995-448B-BE25-9F0900B5016D_recorrid_oh_santiago-scaled-1-50x100.jpeg\" data-in=\"o:0;\" data-out=\"a:false;\">\n\t\t\t\t\t\t\t<img decoding=\"async\" src=\"\/\/www.memoriaestadionacional.cl\/wp-content\/plugins\/revslider\/sr6\/assets\/assets\/dummy.png\" alt=\"\" title=\"Galer\u00eda\" class=\"rev-slidebg tp-rs-img rs-lazyload\" data-lazyload=\"\/\/www.memoriaestadionacional.cl\/wp-content\/uploads\/2022\/11\/42C1C8AB-3995-448B-BE25-9F0900B5016D_recorrid_oh_santiago-scaled-1.jpeg\" data-no-retina>\n<!---->\t\t\t\t\t<\/rs-slide>\n\t\t\t\t\t\t<rs-slide style=\"position: absolute;\" data-key=\"rs-111\" data-title=\"Slide\" data-thumb=\"\/\/www.memoriaestadionacional.cl\/wp-content\/uploads\/2022\/11\/A951432A-8760-4F07-A712-EAFEDA825306_recorrid_oh_santiago-50x100.jpg\" data-in=\"o:0;\" data-out=\"a:false;\">\n\t\t\t\t\t\t\t<img decoding=\"async\" src=\"\/\/www.memoriaestadionacional.cl\/wp-content\/plugins\/revslider\/sr6\/assets\/assets\/dummy.png\" alt=\"\" title=\"Galer\u00eda\" class=\"rev-slidebg tp-rs-img rs-lazyload\" data-lazyload=\"\/\/www.memoriaestadionacional.cl\/wp-content\/uploads\/2022\/11\/A951432A-8760-4F07-A712-EAFEDA825306_recorrid_oh_santiago.jpg\" data-no-retina>\n<!---->\t\t\t\t\t<\/rs-slide>\n\t\t\t\t\t\t<rs-slide style=\"position: absolute;\" data-key=\"rs-112\" data-title=\"Slide\" data-thumb=\"\/\/www.memoriaestadionacional.cl\/wp-content\/uploads\/2022\/11\/AE5AD283-1EFF-4117-9CB5-449AE91A639C_recorrid_oh_santiago-50x100.jpg\" data-in=\"o:0;\" data-out=\"a:false;\">\n\t\t\t\t\t\t\t<img decoding=\"async\" src=\"\/\/www.memoriaestadionacional.cl\/wp-content\/plugins\/revslider\/sr6\/assets\/assets\/dummy.png\" alt=\"\" title=\"Galer\u00eda\" class=\"rev-slidebg tp-rs-img rs-lazyload\" data-lazyload=\"\/\/www.memoriaestadionacional.cl\/wp-content\/uploads\/2022\/11\/AE5AD283-1EFF-4117-9CB5-449AE91A639C_recorrid_oh_santiago.jpg\" data-no-retina>\n<!---->\t\t\t\t\t<\/rs-slide>\n\t\t\t\t\t\t<rs-slide style=\"position: absolute;\" data-key=\"rs-113\" data-title=\"Slide\" data-thumb=\"\/\/www.memoriaestadionacional.cl\/wp-content\/uploads\/2022\/11\/C3A30E9A-7281-4EED-8425-352D39937165_recorrid_oh_santiago-50x100.jpg\" data-in=\"o:0;\" data-out=\"a:false;\">\n\t\t\t\t\t\t\t<img decoding=\"async\" src=\"\/\/www.memoriaestadionacional.cl\/wp-content\/plugins\/revslider\/sr6\/assets\/assets\/dummy.png\" alt=\"\" title=\"Galer\u00eda\" class=\"rev-slidebg tp-rs-img rs-lazyload\" data-lazyload=\"\/\/www.memoriaestadionacional.cl\/wp-content\/uploads\/2022\/11\/C3A30E9A-7281-4EED-8425-352D39937165_recorrid_oh_santiago.jpg\" data-no-retina>\n<!---->\t\t\t\t\t<\/rs-slide>\n\t\t\t\t\t<\/rs-slides>\n\t\t\t\t<\/rs-module>\n\t\t\t\t<script>\n\t\t\t\t\tsetREVStartSize({c: 'rev_slider_18_50',rl:[1240,1024,778,480],el:[900],gw:[1240],gh:[900],type:'carousel',justify:'',layout:'fullwidth',mh:\"0\"});if (window.RS_MODULES!==undefined && window.RS_MODULES.modules!==undefined && window.RS_MODULES.modules[\"revslider1850\"]!==undefined) {window.RS_MODULES.modules[\"revslider1850\"].once = false;window.revapi18 = undefined;if (window.RS_MODULES.checkMinimal!==undefined) window.RS_MODULES.checkMinimal()}\n\t\t\t\t<\/script>\n\t\t\t<\/rs-module-wrap>\n\t\t\t<!-- END REVOLUTION SLIDER -->\n<\/div><\/div><\/div><\/div><\/div><div class=\"vc-row-container row-stretch\"><div data-vc-full-width=\"true\"  data-vc-full-width-init=\"false\" class=\"vc_row wpb_row vc_row-fluid\"><div class=\"wpb_column vc_column_container vc_col-sm-12\"><div class=\"vc_column-inner\"><div class=\"wpb_wrapper\"><div class=\"vc_empty_space\"   style=\"height: 50px\"><span class=\"vc_empty_space_inner\"><\/span><\/div><\/div><\/div><\/div><\/div><\/div><div class=\"vc-row-container row-stretch\"><div data-vc-full-width=\"true\"  data-vc-full-width-init=\"false\" class=\"vc_row wpb_row vc_row-fluid\"><div class=\"wpb_column vc_column_container vc_col-sm-12\"><div class=\"vc_column-inner\"><div class=\"wpb_wrapper\">\n\t<div class=\"wpb_text_column wpb_content_element wpb_animate_when_almost_visible wpb_fadeIn fadeIn\" >\n\t\t<div class=\"wpb_wrapper\">\n\t\t\t<h5 style=\"text-align: center;\"><span style=\"color: #e79e47;\">[<\/span>GALER\u00cdA<span style=\"color: #e79e47;\">]<\/span><\/h5>\n\n\t\t<\/div>\n\t<\/div>\n<h1 style=\"text-align: center\" class=\"vc_custom_heading vc_do_custom_heading wpb_animate_when_almost_visible wpb_fadeIn fadeIn\" >Inauguraci\u00f3n Ruta del Estallido<\/h1><div class=\"vc_separator wpb_content_element vc_separator_align_center vc_sep_width_10 vc_sep_border_width_5 vc_sep_pos_align_center vc_separator_no_text wpb_content_element  wpb_content_element wpb_animate_when_almost_visible wpb_fadeIn fadeIn wpb_animate_when_almost_visible wpb_fadeIn fadeIn\" ><span class=\"vc_sep_holder vc_sep_holder_l\"><span style=\"border-color:#e79e47;\" class=\"vc_sep_line\"><\/span><\/span><span class=\"vc_sep_holder vc_sep_holder_r\"><span style=\"border-color:#e79e47;\" class=\"vc_sep_line\"><\/span><\/span>\n<\/div><div class=\"vc_empty_space\"   style=\"height: 32px\"><span class=\"vc_empty_space_inner\"><\/span><\/div>\n\t\t\t<!-- START Inauguracio\u0301n Ruta del Estallido REVOLUTION SLIDER 6.7.41 --><p class=\"rs-p-wp-fix\"><\/p>\n\t\t\t<rs-module-wrap id=\"rev_slider_19_51_wrapper\" data-source=\"gallery\" style=\"visibility:hidden;background:transparent;padding:0;margin:0px auto;margin-top:0;margin-bottom:0;\">\n\t\t\t\t<rs-module id=\"rev_slider_19_51\" style=\"\" data-version=\"6.7.41\">\n\t\t\t\t\t<rs-slides style=\"overflow: hidden; position: absolute;\">\n\t\t\t\t\t\t<rs-slide style=\"position: absolute;\" data-key=\"rs-116\" data-title=\"Slide\" data-thumb=\"\/\/www.memoriaestadionacional.cl\/wp-content\/uploads\/2022\/11\/IMG_1142-50x100.jpg\" data-in=\"o:0;\" data-out=\"a:false;\">\n\t\t\t\t\t\t\t<img decoding=\"async\" src=\"\/\/www.memoriaestadionacional.cl\/wp-content\/plugins\/revslider\/sr6\/assets\/assets\/dummy.png\" alt=\"\" title=\"Galer\u00eda\" class=\"rev-slidebg tp-rs-img rs-lazyload\" data-lazyload=\"\/\/www.memoriaestadionacional.cl\/wp-content\/uploads\/2022\/11\/IMG_1142.jpg\" data-no-retina>\n<!---->\t\t\t\t\t<\/rs-slide>\n\t\t\t\t\t\t<rs-slide style=\"position: absolute;\" data-key=\"rs-117\" data-title=\"Slide\" data-thumb=\"\/\/www.memoriaestadionacional.cl\/wp-content\/uploads\/2022\/11\/IMG_1165-1-50x100.jpg\" data-in=\"o:0;\" data-out=\"a:false;\">\n\t\t\t\t\t\t\t<img decoding=\"async\" src=\"\/\/www.memoriaestadionacional.cl\/wp-content\/plugins\/revslider\/sr6\/assets\/assets\/dummy.png\" alt=\"\" title=\"Galer\u00eda\" class=\"rev-slidebg tp-rs-img rs-lazyload\" data-lazyload=\"\/\/www.memoriaestadionacional.cl\/wp-content\/uploads\/2022\/11\/IMG_1165-1.jpg\" data-no-retina>\n<!---->\t\t\t\t\t<\/rs-slide>\n\t\t\t\t\t\t<rs-slide style=\"position: absolute;\" data-key=\"rs-118\" data-title=\"Slide\" data-thumb=\"\/\/www.memoriaestadionacional.cl\/wp-content\/uploads\/2022\/11\/IMG_1182_inaug_ruta_estallido-50x100.jpg\" data-in=\"o:0;\" data-out=\"a:false;\">\n\t\t\t\t\t\t\t<img decoding=\"async\" src=\"\/\/www.memoriaestadionacional.cl\/wp-content\/plugins\/revslider\/sr6\/assets\/assets\/dummy.png\" alt=\"\" title=\"Galer\u00eda\" class=\"rev-slidebg tp-rs-img rs-lazyload\" data-lazyload=\"\/\/www.memoriaestadionacional.cl\/wp-content\/uploads\/2022\/11\/IMG_1182_inaug_ruta_estallido.jpg\" data-no-retina>\n<!---->\t\t\t\t\t<\/rs-slide>\n\t\t\t\t\t\t<rs-slide style=\"position: absolute;\" data-key=\"rs-119\" data-title=\"Slide\" data-thumb=\"\/\/www.memoriaestadionacional.cl\/wp-content\/uploads\/2022\/11\/IMG_1332_inaug_ruta_estallido-50x100.jpg\" data-in=\"o:0;\" data-out=\"a:false;\">\n\t\t\t\t\t\t\t<img decoding=\"async\" src=\"\/\/www.memoriaestadionacional.cl\/wp-content\/plugins\/revslider\/sr6\/assets\/assets\/dummy.png\" alt=\"\" title=\"Galer\u00eda\" class=\"rev-slidebg tp-rs-img rs-lazyload\" data-lazyload=\"\/\/www.memoriaestadionacional.cl\/wp-content\/uploads\/2022\/11\/IMG_1332_inaug_ruta_estallido.jpg\" data-no-retina>\n<!---->\t\t\t\t\t<\/rs-slide>\n\t\t\t\t\t\t<rs-slide style=\"position: absolute;\" data-key=\"rs-120\" data-title=\"Slide\" data-thumb=\"\/\/www.memoriaestadionacional.cl\/wp-content\/uploads\/2022\/11\/IMG_1382_inaug_ruta_estallido-50x100.jpg\" data-in=\"o:0;\" data-out=\"a:false;\">\n\t\t\t\t\t\t\t<img decoding=\"async\" src=\"\/\/www.memoriaestadionacional.cl\/wp-content\/plugins\/revslider\/sr6\/assets\/assets\/dummy.png\" alt=\"\" title=\"Galer\u00eda\" class=\"rev-slidebg tp-rs-img rs-lazyload\" data-lazyload=\"\/\/www.memoriaestadionacional.cl\/wp-content\/uploads\/2022\/11\/IMG_1382_inaug_ruta_estallido.jpg\" data-no-retina>\n<!---->\t\t\t\t\t<\/rs-slide>\n\t\t\t\t\t\t<rs-slide style=\"position: absolute;\" data-key=\"rs-121\" data-title=\"Slide\" data-thumb=\"\/\/www.memoriaestadionacional.cl\/wp-content\/uploads\/2022\/11\/IMG_1458-1-scaled-1-50x100.jpg\" data-in=\"o:0;\" data-out=\"a:false;\">\n\t\t\t\t\t\t\t<img decoding=\"async\" src=\"\/\/www.memoriaestadionacional.cl\/wp-content\/plugins\/revslider\/sr6\/assets\/assets\/dummy.png\" alt=\"\" title=\"Galer\u00eda\" class=\"rev-slidebg tp-rs-img rs-lazyload\" data-lazyload=\"\/\/www.memoriaestadionacional.cl\/wp-content\/uploads\/2022\/11\/IMG_1458-1-scaled-1.jpg\" data-no-retina>\n<!---->\t\t\t\t\t<\/rs-slide>\n\t\t\t\t\t\t<rs-slide style=\"position: absolute;\" data-key=\"rs-122\" data-title=\"Slide\" data-thumb=\"\/\/www.memoriaestadionacional.cl\/wp-content\/uploads\/2022\/11\/IMG_1471_inaug_ruta_estallido-scaled-1-50x100.jpg\" data-in=\"o:0;\" data-out=\"a:false;\">\n\t\t\t\t\t\t\t<img decoding=\"async\" src=\"\/\/www.memoriaestadionacional.cl\/wp-content\/plugins\/revslider\/sr6\/assets\/assets\/dummy.png\" alt=\"\" title=\"Galer\u00eda\" class=\"rev-slidebg tp-rs-img rs-lazyload\" data-lazyload=\"\/\/www.memoriaestadionacional.cl\/wp-content\/uploads\/2022\/11\/IMG_1471_inaug_ruta_estallido-scaled-1.jpg\" data-no-retina>\n<!---->\t\t\t\t\t<\/rs-slide>\n\t\t\t\t\t\t<rs-slide style=\"position: absolute;\" data-key=\"rs-123\" data-title=\"Slide\" data-thumb=\"\/\/www.memoriaestadionacional.cl\/wp-content\/uploads\/2022\/11\/IMG_1475_inaug_ruta_estallido-scaled-1-50x100.jpg\" data-in=\"o:0;\" data-out=\"a:false;\">\n\t\t\t\t\t\t\t<img decoding=\"async\" src=\"\/\/www.memoriaestadionacional.cl\/wp-content\/plugins\/revslider\/sr6\/assets\/assets\/dummy.png\" alt=\"\" title=\"Galer\u00eda\" class=\"rev-slidebg tp-rs-img rs-lazyload\" data-lazyload=\"\/\/www.memoriaestadionacional.cl\/wp-content\/uploads\/2022\/11\/IMG_1475_inaug_ruta_estallido-scaled-1.jpg\" data-no-retina>\n<!---->\t\t\t\t\t<\/rs-slide>\n\t\t\t\t\t\t<rs-slide style=\"position: absolute;\" data-key=\"rs-124\" data-title=\"Slide\" data-thumb=\"\/\/www.memoriaestadionacional.cl\/wp-content\/uploads\/2022\/11\/IMG_1478-scaled-1-50x100.jpg\" data-in=\"o:0;\" data-out=\"a:false;\">\n\t\t\t\t\t\t\t<img decoding=\"async\" src=\"\/\/www.memoriaestadionacional.cl\/wp-content\/plugins\/revslider\/sr6\/assets\/assets\/dummy.png\" alt=\"\" title=\"Galer\u00eda\" class=\"rev-slidebg tp-rs-img rs-lazyload\" data-lazyload=\"\/\/www.memoriaestadionacional.cl\/wp-content\/uploads\/2022\/11\/IMG_1478-scaled-1.jpg\" data-no-retina>\n<!---->\t\t\t\t\t<\/rs-slide>\n\t\t\t\t\t\t<rs-slide style=\"position: absolute;\" data-key=\"rs-125\" data-title=\"Slide\" data-thumb=\"\/\/www.memoriaestadionacional.cl\/wp-content\/uploads\/2022\/11\/IMG_1481-scaled-1-50x100.jpg\" data-in=\"o:0;\" data-out=\"a:false;\">\n\t\t\t\t\t\t\t<img decoding=\"async\" src=\"\/\/www.memoriaestadionacional.cl\/wp-content\/plugins\/revslider\/sr6\/assets\/assets\/dummy.png\" alt=\"\" title=\"Galer\u00eda\" class=\"rev-slidebg tp-rs-img rs-lazyload\" data-lazyload=\"\/\/www.memoriaestadionacional.cl\/wp-content\/uploads\/2022\/11\/IMG_1481-scaled-1.jpg\" data-no-retina>\n<!---->\t\t\t\t\t<\/rs-slide>\n\t\t\t\t\t\t<rs-slide style=\"position: absolute;\" data-key=\"rs-126\" data-title=\"Slide\" data-thumb=\"\/\/www.memoriaestadionacional.cl\/wp-content\/uploads\/2022\/11\/IMG_1486-scaled-1-50x100.jpg\" data-in=\"o:0;\" data-out=\"a:false;\">\n\t\t\t\t\t\t\t<img decoding=\"async\" src=\"\/\/www.memoriaestadionacional.cl\/wp-content\/plugins\/revslider\/sr6\/assets\/assets\/dummy.png\" alt=\"\" title=\"Galer\u00eda\" class=\"rev-slidebg tp-rs-img rs-lazyload\" data-lazyload=\"\/\/www.memoriaestadionacional.cl\/wp-content\/uploads\/2022\/11\/IMG_1486-scaled-1.jpg\" data-no-retina>\n<!---->\t\t\t\t\t<\/rs-slide>\n\t\t\t\t\t\t<rs-slide style=\"position: absolute;\" data-key=\"rs-127\" data-title=\"Slide\" data-thumb=\"\/\/www.memoriaestadionacional.cl\/wp-content\/uploads\/2022\/11\/IMG_1499-scaled-1-50x100.jpg\" data-in=\"o:0;\" data-out=\"a:false;\">\n\t\t\t\t\t\t\t<img decoding=\"async\" src=\"\/\/www.memoriaestadionacional.cl\/wp-content\/plugins\/revslider\/sr6\/assets\/assets\/dummy.png\" alt=\"\" title=\"Galer\u00eda\" class=\"rev-slidebg tp-rs-img rs-lazyload\" data-lazyload=\"\/\/www.memoriaestadionacional.cl\/wp-content\/uploads\/2022\/11\/IMG_1499-scaled-1.jpg\" data-no-retina>\n<!---->\t\t\t\t\t<\/rs-slide>\n\t\t\t\t\t\t<rs-slide style=\"position: absolute;\" data-key=\"rs-128\" data-title=\"Slide\" data-thumb=\"\/\/www.memoriaestadionacional.cl\/wp-content\/uploads\/2022\/11\/IMG_1503-scaled-1-50x100.jpg\" data-in=\"o:0;\" data-out=\"a:false;\">\n\t\t\t\t\t\t\t<img decoding=\"async\" src=\"\/\/www.memoriaestadionacional.cl\/wp-content\/plugins\/revslider\/sr6\/assets\/assets\/dummy.png\" alt=\"\" title=\"Galer\u00eda\" class=\"rev-slidebg tp-rs-img rs-lazyload\" data-lazyload=\"\/\/www.memoriaestadionacional.cl\/wp-content\/uploads\/2022\/11\/IMG_1503-scaled-1.jpg\" data-no-retina>\n<!---->\t\t\t\t\t<\/rs-slide>\n\t\t\t\t\t\t<rs-slide style=\"position: absolute;\" data-key=\"rs-129\" data-title=\"Slide\" data-thumb=\"\/\/www.memoriaestadionacional.cl\/wp-content\/uploads\/2022\/11\/IMG_1514-scaled-50x100.jpg\" data-in=\"o:0;\" data-out=\"a:false;\">\n\t\t\t\t\t\t\t<img decoding=\"async\" src=\"\/\/www.memoriaestadionacional.cl\/wp-content\/plugins\/revslider\/sr6\/assets\/assets\/dummy.png\" alt=\"\" title=\"Galer\u00eda\" class=\"rev-slidebg tp-rs-img rs-lazyload\" data-lazyload=\"\/\/www.memoriaestadionacional.cl\/wp-content\/uploads\/2022\/11\/IMG_1514-scaled.jpg\" data-no-retina>\n<!---->\t\t\t\t\t<\/rs-slide>\n\t\t\t\t\t\t<rs-slide style=\"position: absolute;\" data-key=\"rs-130\" data-title=\"Slide\" data-thumb=\"\/\/www.memoriaestadionacional.cl\/wp-content\/uploads\/2022\/11\/IMG_1516_inaug_ruta_estallido-scaled-1-50x100.jpg\" data-in=\"o:0;\" data-out=\"a:false;\">\n\t\t\t\t\t\t\t<img decoding=\"async\" src=\"\/\/www.memoriaestadionacional.cl\/wp-content\/plugins\/revslider\/sr6\/assets\/assets\/dummy.png\" alt=\"\" title=\"Galer\u00eda\" class=\"rev-slidebg tp-rs-img rs-lazyload\" data-lazyload=\"\/\/www.memoriaestadionacional.cl\/wp-content\/uploads\/2022\/11\/IMG_1516_inaug_ruta_estallido-scaled-1.jpg\" data-no-retina>\n<!---->\t\t\t\t\t<\/rs-slide>\n\t\t\t\t\t\t<rs-slide style=\"position: absolute;\" data-key=\"rs-131\" data-title=\"Slide\" data-thumb=\"\/\/www.memoriaestadionacional.cl\/wp-content\/uploads\/2022\/11\/IMG_1536_inaug_ruta_estallido-scaled-1-50x100.jpg\" data-in=\"o:0;\" data-out=\"a:false;\">\n\t\t\t\t\t\t\t<img decoding=\"async\" src=\"\/\/www.memoriaestadionacional.cl\/wp-content\/plugins\/revslider\/sr6\/assets\/assets\/dummy.png\" alt=\"\" title=\"Galer\u00eda\" class=\"rev-slidebg tp-rs-img rs-lazyload\" data-lazyload=\"\/\/www.memoriaestadionacional.cl\/wp-content\/uploads\/2022\/11\/IMG_1536_inaug_ruta_estallido-scaled-1.jpg\" data-no-retina>\n<!---->\t\t\t\t\t<\/rs-slide>\n\t\t\t\t\t\t<rs-slide style=\"position: absolute;\" data-key=\"rs-132\" data-title=\"Slide\" data-thumb=\"\/\/www.memoriaestadionacional.cl\/wp-content\/uploads\/2022\/11\/IMG_1542_inaug_ruta_estallido-scaled-1-50x100.jpg\" data-in=\"o:0;\" data-out=\"a:false;\">\n\t\t\t\t\t\t\t<img decoding=\"async\" src=\"\/\/www.memoriaestadionacional.cl\/wp-content\/plugins\/revslider\/sr6\/assets\/assets\/dummy.png\" alt=\"\" title=\"Galer\u00eda\" class=\"rev-slidebg tp-rs-img rs-lazyload\" data-lazyload=\"\/\/www.memoriaestadionacional.cl\/wp-content\/uploads\/2022\/11\/IMG_1542_inaug_ruta_estallido-scaled-1.jpg\" data-no-retina>\n<!---->\t\t\t\t\t<\/rs-slide>\n\t\t\t\t\t\t<rs-slide style=\"position: absolute;\" data-key=\"rs-133\" data-title=\"Slide\" data-thumb=\"\/\/www.memoriaestadionacional.cl\/wp-content\/uploads\/2022\/11\/IMG_1544_inaug_ruta_estallido-50x100.jpg\" data-in=\"o:0;\" data-out=\"a:false;\">\n\t\t\t\t\t\t\t<img decoding=\"async\" src=\"\/\/www.memoriaestadionacional.cl\/wp-content\/plugins\/revslider\/sr6\/assets\/assets\/dummy.png\" alt=\"\" title=\"Galer\u00eda\" class=\"rev-slidebg tp-rs-img rs-lazyload\" data-lazyload=\"\/\/www.memoriaestadionacional.cl\/wp-content\/uploads\/2022\/11\/IMG_1544_inaug_ruta_estallido.jpg\" data-no-retina>\n<!---->\t\t\t\t\t<\/rs-slide>\n\t\t\t\t\t\t<rs-slide style=\"position: absolute;\" data-key=\"rs-134\" data-title=\"Slide\" data-thumb=\"\/\/www.memoriaestadionacional.cl\/wp-content\/uploads\/2022\/11\/IMG_1548_inaug_ruta_estallido-scaled-1-50x100.jpg\" data-in=\"o:0;\" data-out=\"a:false;\">\n\t\t\t\t\t\t\t<img decoding=\"async\" src=\"\/\/www.memoriaestadionacional.cl\/wp-content\/plugins\/revslider\/sr6\/assets\/assets\/dummy.png\" alt=\"\" title=\"Galer\u00eda\" class=\"rev-slidebg tp-rs-img rs-lazyload\" data-lazyload=\"\/\/www.memoriaestadionacional.cl\/wp-content\/uploads\/2022\/11\/IMG_1548_inaug_ruta_estallido-scaled-1.jpg\" data-no-retina>\n<!---->\t\t\t\t\t<\/rs-slide>\n\t\t\t\t\t\t<rs-slide style=\"position: absolute;\" data-key=\"rs-135\" data-title=\"Slide\" data-thumb=\"\/\/www.memoriaestadionacional.cl\/wp-content\/uploads\/2022\/11\/IMG_1550_inaug_ruta_estallido-scaled-1-50x100.jpg\" data-in=\"o:0;\" data-out=\"a:false;\">\n\t\t\t\t\t\t\t<img decoding=\"async\" src=\"\/\/www.memoriaestadionacional.cl\/wp-content\/plugins\/revslider\/sr6\/assets\/assets\/dummy.png\" alt=\"\" title=\"Galer\u00eda\" class=\"rev-slidebg tp-rs-img rs-lazyload\" data-lazyload=\"\/\/www.memoriaestadionacional.cl\/wp-content\/uploads\/2022\/11\/IMG_1550_inaug_ruta_estallido-scaled-1.jpg\" data-no-retina>\n<!---->\t\t\t\t\t<\/rs-slide>\n\t\t\t\t\t\t<rs-slide style=\"position: absolute;\" data-key=\"rs-136\" data-title=\"Slide\" data-thumb=\"\/\/www.memoriaestadionacional.cl\/wp-content\/uploads\/2022\/11\/IMG_1552_inaug_ruta_estallido-scaled-1-50x100.jpg\" data-in=\"o:0;\" data-out=\"a:false;\">\n\t\t\t\t\t\t\t<img decoding=\"async\" src=\"\/\/www.memoriaestadionacional.cl\/wp-content\/plugins\/revslider\/sr6\/assets\/assets\/dummy.png\" alt=\"\" title=\"Galer\u00eda\" class=\"rev-slidebg tp-rs-img rs-lazyload\" data-lazyload=\"\/\/www.memoriaestadionacional.cl\/wp-content\/uploads\/2022\/11\/IMG_1552_inaug_ruta_estallido-scaled-1.jpg\" data-no-retina>\n<!---->\t\t\t\t\t<\/rs-slide>\n\t\t\t\t\t<\/rs-slides>\n\t\t\t\t<\/rs-module>\n\t\t\t\t<script>\n\t\t\t\t\tsetREVStartSize({c: 'rev_slider_19_51',rl:[1240,1024,778,480],el:[900],gw:[1240],gh:[900],type:'carousel',justify:'',layout:'fullwidth',mh:\"0\"});if (window.RS_MODULES!==undefined && window.RS_MODULES.modules!==undefined && window.RS_MODULES.modules[\"revslider1951\"]!==undefined) {window.RS_MODULES.modules[\"revslider1951\"].once = false;window.revapi19 = undefined;if (window.RS_MODULES.checkMinimal!==undefined) window.RS_MODULES.checkMinimal()}\n\t\t\t\t<\/script>\n\t\t\t<\/rs-module-wrap>\n\t\t\t<!-- END REVOLUTION SLIDER -->\n<\/div><\/div><\/div><\/div><\/div>\n<\/div>","protected":false},"excerpt":{"rendered":"[GALER\u00cdA] D\u00eda de los Patrimonios en verano 2026 [GALER\u00cdA] Luis Alberto Corval\u00e1n Castillo - A 50 a\u00f1os de su partida [GALER\u00cdA] Evento Placa conmemorativa - Amnist\u00eda Internacional [GALER\u00cdA] D\u00eda de los patrimonios 2025 [GALER\u00cdA] Acto de conmemoraci\u00f3n de la Nakba - Palestina Resiste [GALER\u00cdA] Taller \u201cMemorias en resistencia: taller de creaci\u00f3n colectiva de archivos visuales\u201d&hellip;","protected":false},"author":1,"featured_media":0,"parent":0,"menu_order":0,"comment_status":"open","ping_status":"open","template":"","meta":{"_acf_changed":false,"footnotes":""},"class_list":["post-5206","page","type-page","status-publish","hentry"],"acf":[],"aioseo_notices":[],"_links":{"self":[{"href":"https:\/\/www.memoriaestadionacional.cl\/en\/wp-json\/wp\/v2\/pages\/5206","targetHints":{"allow":["GET"]}}],"collection":[{"href":"https:\/\/www.memoriaestadionacional.cl\/en\/wp-json\/wp\/v2\/pages"}],"about":[{"href":"https:\/\/www.memoriaestadionacional.cl\/en\/wp-json\/wp\/v2\/types\/page"}],"author":[{"embeddable":true,"href":"https:\/\/www.memoriaestadionacional.cl\/en\/wp-json\/wp\/v2\/users\/1"}],"replies":[{"embeddable":true,"href":"https:\/\/www.memoriaestadionacional.cl\/en\/wp-json\/wp\/v2\/comments?post=5206"}],"version-history":[{"count":10,"href":"https:\/\/www.memoriaestadionacional.cl\/en\/wp-json\/wp\/v2\/pages\/5206\/revisions"}],"predecessor-version":[{"id":16258,"href":"https:\/\/www.memoriaestadionacional.cl\/en\/wp-json\/wp\/v2\/pages\/5206\/revisions\/16258"}],"wp:attachment":[{"href":"https:\/\/www.memoriaestadionacional.cl\/en\/wp-json\/wp\/v2\/media?parent=5206"}],"curies":[{"name":"wp","href":"https:\/\/api.w.org\/{rel}","templated":true}]}}